{"id":2292,"date":"2024-02-21T15:19:15","date_gmt":"2024-02-21T14:19:15","guid":{"rendered":"https:\/\/dfvcg-events.de\/zdae\/?post_type=portfolio&#038;p=2292"},"modified":"2024-03-27T09:05:14","modified_gmt":"2024-03-27T08:05:14","slug":"dr-juergen-metzner","status":"publish","type":"portfolio","link":"https:\/\/dfvcg-events.de\/zdae\/vortragend\/dr-juergen-metzner\/","title":{"rendered":"Dr. J\u00fcrgen Metzner"},"content":{"rendered":"<div id='av_section_1'  class='avia-section av-k7yuhjt1-676f3ed4420f2c40c202d201fc1a3016 main_color avia-section-default avia-no-border-styling  avia-builder-el-0  el_before_av_one_third  avia-builder-el-first  header-farbe avia-bg-style-scroll container_wrap fullsize'  ><div class='container av-section-cont-open' ><main  role=\"main\" itemprop=\"mainContentOfPage\"  class='template-page content  av-content-full alpha units'><div class='post-entry post-entry-type-page post-entry-2292'><div class='entry-content-wrapper clearfix'>\n\n<style type=\"text\/css\" data-created_by=\"avia_inline_auto\" id=\"style-css-av-kav2vwa8-da1c84a653ab8c92c93e06cd4a2fa890\">\n#top .av-special-heading.av-kav2vwa8-da1c84a653ab8c92c93e06cd4a2fa890{\npadding-bottom:0;\ncolor:#ffffff;\n}\nbody .av-special-heading.av-kav2vwa8-da1c84a653ab8c92c93e06cd4a2fa890 .av-special-heading-tag .heading-char{\nfont-size:25px;\n}\n.av-special-heading.av-kav2vwa8-da1c84a653ab8c92c93e06cd4a2fa890 .special-heading-inner-border{\nborder-color:#ffffff;\n}\n.av-special-heading.av-kav2vwa8-da1c84a653ab8c92c93e06cd4a2fa890 .av-subheading{\nfont-size:19px;\n}\n<\/style>\n<div  class='av-special-heading av-kav2vwa8-da1c84a653ab8c92c93e06cd4a2fa890 av-special-heading-h1 custom-color-heading blockquote modern-quote  avia-builder-el-1  avia-builder-el-no-sibling '><div class='av_custom_color av-subheading av-subheading_above'><p>Zukunftsdialog Agrar &amp; Ern\u00e4hrung<\/p>\n<\/div><h1 class='av-special-heading-tag '  itemprop=\"headline\"  >Vortragende<\/h1><div class=\"special-heading-border\"><div class=\"special-heading-inner-border\"><\/div><\/div><\/div>\n<\/div><\/div><\/main><!-- close content main element --><\/div><\/div><div id='after_section_1'  class='main_color av_default_container_wrap container_wrap fullsize'  ><div class='container av-section-cont-open' ><div class='template-page content  av-content-full alpha units'><div class='post-entry post-entry-type-page post-entry-2292'><div class='entry-content-wrapper clearfix'>\n\n<style type=\"text\/css\" data-created_by=\"avia_inline_auto\" id=\"style-css-av-1hpil-9666fe4db9abbb55e16afcaa46b74565\">\n.flex_column.av-1hpil-9666fe4db9abbb55e16afcaa46b74565{\nborder-radius:0px 0px 0px 0px;\npadding:0px 0px 0px 0px;\n}\n<\/style>\n<div  class='flex_column av-1hpil-9666fe4db9abbb55e16afcaa46b74565 av_one_third  avia-builder-el-2  el_after_av_section  el_before_av_two_third  avia-builder-el-first  first flex_column_div av-zero-column-padding  '     ><style type=\"text\/css\" data-created_by=\"avia_inline_auto\" id=\"style-css-av-k7z57foz-f9fd298c3f01fcbd975eb22f52b524de\">\n.avia-image-container.av-k7z57foz-f9fd298c3f01fcbd975eb22f52b524de img.avia_image{\nbox-shadow:none;\n}\n.avia-image-container.av-k7z57foz-f9fd298c3f01fcbd975eb22f52b524de .av-image-caption-overlay-center{\ncolor:#ffffff;\n}\n<\/style>\n<div  class='avia-image-container av-k7z57foz-f9fd298c3f01fcbd975eb22f52b524de av-styling-no-styling avia-align-center  avia-builder-el-3  avia-builder-el-no-sibling '   itemprop=\"image\" itemscope=\"itemscope\" itemtype=\"https:\/\/schema.org\/ImageObject\" ><div class=\"avia-image-container-inner\"><div class=\"avia-image-overlay-wrap\"><img decoding=\"async\" fetchpriority=\"high\" class='wp-image-2293 avia-img-lazy-loading-not-2293 avia_image ' src=\"https:\/\/dfvcg-events.de\/zdae\/wp-content\/uploads\/sites\/42\/2024\/02\/Metzner-Dr.-Juergen-.jpg\" alt='Metzner-Dr. J\u00fcrgen' title='Metzner-Dr. J\u00fcrgen'  height=\"800\" width=\"600\"  itemprop=\"thumbnailUrl\" srcset=\"https:\/\/dfvcg-events.de\/zdae\/wp-content\/uploads\/sites\/42\/2024\/02\/Metzner-Dr.-Juergen-.jpg 600w, https:\/\/dfvcg-events.de\/zdae\/wp-content\/uploads\/sites\/42\/2024\/02\/Metzner-Dr.-Juergen--529x705.jpg 529w\" sizes=\"(max-width: 600px) 100vw, 600px\" \/><\/div><\/div><\/div><\/div>\n<style type=\"text\/css\" data-created_by=\"avia_inline_auto\" id=\"style-css-av-q939-36bd9e2970eba44b209398e6adaba9f5\">\n.flex_column.av-q939-36bd9e2970eba44b209398e6adaba9f5{\nborder-radius:0px 0px 0px 0px;\npadding:0px 0px 0px 0px;\n}\n<\/style>\n<div  class='flex_column av-q939-36bd9e2970eba44b209398e6adaba9f5 av_two_third  avia-builder-el-4  el_after_av_one_third  avia-builder-el-last  flex_column_div av-zero-column-padding  '     ><p>\n<style type=\"text\/css\" data-created_by=\"avia_inline_auto\" id=\"style-css-av-kaux4tv8-89c8f98fad15a169f9bd070307c727e5\">\n#top .av-special-heading.av-kaux4tv8-89c8f98fad15a169f9bd070307c727e5{\npadding-bottom:10px;\n}\nbody .av-special-heading.av-kaux4tv8-89c8f98fad15a169f9bd070307c727e5 .av-special-heading-tag .heading-char{\nfont-size:25px;\n}\n.av-special-heading.av-kaux4tv8-89c8f98fad15a169f9bd070307c727e5 .av-subheading{\nfont-size:19px;\n}\n<\/style>\n<div  class='av-special-heading av-kaux4tv8-89c8f98fad15a169f9bd070307c727e5 av-special-heading-h2 blockquote modern-quote  avia-builder-el-5  el_before_av_textblock  avia-builder-el-first '><h2 class='av-special-heading-tag '  itemprop=\"headline\"  >Dr. J\u00fcrgen Metzner<\/h2><div class='av-subheading av-subheading_below'><p>Deutscher Verband f\u00fcr Landschaftspflege e.V. (DVL)<br \/>\nGesch\u00e4ftsf\u00fchrer<\/p>\n<\/div><div class=\"special-heading-border\"><div class=\"special-heading-inner-border\"><\/div><\/div><\/div><br \/>\n<section  class='av_textblock_section av-k7yuci90-cc8f536f476c354fb273c6b3e8aa0dbd '   itemscope=\"itemscope\" itemtype=\"https:\/\/schema.org\/CreativeWork\" ><div class='avia_textblock'  itemprop=\"text\" ><p>Der DVL bearbeitet Themen in der Schnittstelle zwischen Landwirtschaft, Naturschutz und Kommunen.<\/p>\n<ul>\n<li>J\u00fcrgen Metzner ist Diplom Biologe (Tier\u00f6kologie), hat an der Universit\u00e4t Bayreuth studiert und promoviert.<\/li>\n<li>Seit dem Jahr 2002 ist er bei Deutschen Verband f\u00fcr Landschaftspflege t\u00e4tig. Bis zum Jahr 2009 war er Koordinator der Landschaftspflegeverb\u00e4nde in Bayern.<\/li>\n<li>Seit 2009 ist er Bundesgesch\u00e4ftsf\u00fchrer des DVL. Schwerpunktaufgaben sind die Weiterentwicklung der Landschaftspflegeorganisationen in Deutschland, die Begleitung der Reformprozesse der Gemeinsamen Agrarpolitik (GAP) sowie die Entwicklung von Projekten Europa-, Bundes- und L\u00e4nderebene<\/li>\n<\/ul>\n<p>Augenblickliche thematische Schwerpunkte:<\/p>\n<p>Nat\u00fcrlicher Klimaschutz und Klimaanpassung, Umsetzung der GAP-Reform, GAP ab 2027<\/p>\n<\/div><\/section><\/p><\/div><\/p>\n","protected":false},"excerpt":{"rendered":"<p>Deutscher Verband f\u00fcr Landschaftspflege e.V. (DVL)<\/p>\n","protected":false},"author":25,"featured_media":2293,"comment_status":"closed","ping_status":"closed","template":"","meta":{"footnotes":""},"tags":[],"portfolio_entries":[53],"class_list":["post-2292","portfolio","type-portfolio","status-publish","has-post-thumbnail","hentry","portfolio_entries-referent-2024"],"yoast_head":"<!-- This site is optimized with the Yoast SEO plugin v27.4 - https:\/\/yoast.com\/product\/yoast-seo-wordpress\/ -->\n<title>Referent: Dr. J\u00fcrgen Metzner - Zukunftsdialog Agrar &amp; Ern\u00e4hrung<\/title>\n<meta name=\"description\" content=\"Seien Sie dabei, h\u00f6ren Sie spannende Vortr\u00e4ge und nutzten Sie die Chance vor Ort zum Networking. Wir freuen uns auf Ihre Teilnahme!\" \/>\n<meta name=\"robots\" content=\"index, follow, max-snippet:-1, max-image-preview:large, max-video-preview:-1\" \/>\n<link rel=\"canonical\" href=\"https:\/\/dfvcg-events.de\/zdae\/vortragend\/dr-juergen-metzner\/\" \/>\n<meta property=\"og:locale\" content=\"de_DE\" \/>\n<meta property=\"og:type\" content=\"article\" \/>\n<meta property=\"og:title\" content=\"Referent: Dr. J\u00fcrgen Metzner - Zukunftsdialog Agrar &amp; Ern\u00e4hrung\" \/>\n<meta property=\"og:description\" content=\"Seien Sie dabei, h\u00f6ren Sie spannende Vortr\u00e4ge und nutzten Sie die Chance vor Ort zum Networking. Wir freuen uns auf Ihre Teilnahme!\" \/>\n<meta property=\"og:url\" content=\"https:\/\/dfvcg-events.de\/zdae\/vortragend\/dr-juergen-metzner\/\" \/>\n<meta property=\"og:site_name\" content=\"Zukunftsdialog Agrar &amp; Ern\u00e4hrung\" \/>\n<meta property=\"article:modified_time\" content=\"2024-03-27T08:05:14+00:00\" \/>\n<meta property=\"og:image\" content=\"https:\/\/dfvcg-events.de\/zdae\/wp-content\/uploads\/sites\/42\/2024\/02\/Metzner-Dr.-Juergen-.jpg\" \/>\n\t<meta property=\"og:image:width\" content=\"600\" \/>\n\t<meta property=\"og:image:height\" content=\"800\" \/>\n\t<meta property=\"og:image:type\" content=\"image\/jpeg\" \/>\n<meta name=\"twitter:card\" content=\"summary_large_image\" \/>\n<meta name=\"twitter:label1\" content=\"Gesch\u00e4tzte Lesezeit\" \/>\n\t<meta name=\"twitter:data1\" content=\"1\u00a0Minute\" \/>\n<script type=\"application\/ld+json\" class=\"yoast-schema-graph\">{\"@context\":\"https:\\\/\\\/schema.org\",\"@graph\":[{\"@type\":\"WebPage\",\"@id\":\"https:\\\/\\\/dfvcg-events.de\\\/zdae\\\/vortragend\\\/dr-juergen-metzner\\\/\",\"url\":\"https:\\\/\\\/dfvcg-events.de\\\/zdae\\\/vortragend\\\/dr-juergen-metzner\\\/\",\"name\":\"Referent: Dr. J\u00fcrgen Metzner - Zukunftsdialog Agrar & Ern\u00e4hrung\",\"isPartOf\":{\"@id\":\"https:\\\/\\\/dfvcg-events.de\\\/zdae\\\/#website\"},\"primaryImageOfPage\":{\"@id\":\"https:\\\/\\\/dfvcg-events.de\\\/zdae\\\/vortragend\\\/dr-juergen-metzner\\\/#primaryimage\"},\"image\":{\"@id\":\"https:\\\/\\\/dfvcg-events.de\\\/zdae\\\/vortragend\\\/dr-juergen-metzner\\\/#primaryimage\"},\"thumbnailUrl\":\"https:\\\/\\\/dfvcg-events.de\\\/zdae\\\/wp-content\\\/uploads\\\/sites\\\/42\\\/2024\\\/02\\\/Metzner-Dr.-Juergen-.jpg\",\"datePublished\":\"2024-02-21T14:19:15+00:00\",\"dateModified\":\"2024-03-27T08:05:14+00:00\",\"description\":\"Seien Sie dabei, h\u00f6ren Sie spannende Vortr\u00e4ge und nutzten Sie die Chance vor Ort zum Networking. Wir freuen uns auf Ihre Teilnahme!\",\"breadcrumb\":{\"@id\":\"https:\\\/\\\/dfvcg-events.de\\\/zdae\\\/vortragend\\\/dr-juergen-metzner\\\/#breadcrumb\"},\"inLanguage\":\"de\",\"potentialAction\":[{\"@type\":\"ReadAction\",\"target\":[\"https:\\\/\\\/dfvcg-events.de\\\/zdae\\\/vortragend\\\/dr-juergen-metzner\\\/\"]}]},{\"@type\":\"ImageObject\",\"inLanguage\":\"de\",\"@id\":\"https:\\\/\\\/dfvcg-events.de\\\/zdae\\\/vortragend\\\/dr-juergen-metzner\\\/#primaryimage\",\"url\":\"https:\\\/\\\/dfvcg-events.de\\\/zdae\\\/wp-content\\\/uploads\\\/sites\\\/42\\\/2024\\\/02\\\/Metzner-Dr.-Juergen-.jpg\",\"contentUrl\":\"https:\\\/\\\/dfvcg-events.de\\\/zdae\\\/wp-content\\\/uploads\\\/sites\\\/42\\\/2024\\\/02\\\/Metzner-Dr.-Juergen-.jpg\",\"width\":600,\"height\":800,\"caption\":\"Metzner-Dr. J\u00fcrgen\"},{\"@type\":\"BreadcrumbList\",\"@id\":\"https:\\\/\\\/dfvcg-events.de\\\/zdae\\\/vortragend\\\/dr-juergen-metzner\\\/#breadcrumb\",\"itemListElement\":[{\"@type\":\"ListItem\",\"position\":1,\"name\":\"Startseite\",\"item\":\"https:\\\/\\\/dfvcg-events.de\\\/zdae\\\/\"},{\"@type\":\"ListItem\",\"position\":2,\"name\":\"Dr. J\u00fcrgen Metzner\"}]},{\"@type\":\"WebSite\",\"@id\":\"https:\\\/\\\/dfvcg-events.de\\\/zdae\\\/#website\",\"url\":\"https:\\\/\\\/dfvcg-events.de\\\/zdae\\\/\",\"name\":\"Zukunftsdialog Agrar & Ern\u00e4hrung\",\"description\":\"dfv Conference Group\",\"potentialAction\":[{\"@type\":\"SearchAction\",\"target\":{\"@type\":\"EntryPoint\",\"urlTemplate\":\"https:\\\/\\\/dfvcg-events.de\\\/zdae\\\/?s={search_term_string}\"},\"query-input\":{\"@type\":\"PropertyValueSpecification\",\"valueRequired\":true,\"valueName\":\"search_term_string\"}}],\"inLanguage\":\"de\"}]}<\/script>\n<!-- \/ Yoast SEO plugin. -->","yoast_head_json":{"title":"Referent: Dr. J\u00fcrgen Metzner - Zukunftsdialog Agrar & Ern\u00e4hrung","description":"Seien Sie dabei, h\u00f6ren Sie spannende Vortr\u00e4ge und nutzten Sie die Chance vor Ort zum Networking. Wir freuen uns auf Ihre Teilnahme!","robots":{"index":"index","follow":"follow","max-snippet":"max-snippet:-1","max-image-preview":"max-image-preview:large","max-video-preview":"max-video-preview:-1"},"canonical":"https:\/\/dfvcg-events.de\/zdae\/vortragend\/dr-juergen-metzner\/","og_locale":"de_DE","og_type":"article","og_title":"Referent: Dr. J\u00fcrgen Metzner - Zukunftsdialog Agrar & Ern\u00e4hrung","og_description":"Seien Sie dabei, h\u00f6ren Sie spannende Vortr\u00e4ge und nutzten Sie die Chance vor Ort zum Networking. Wir freuen uns auf Ihre Teilnahme!","og_url":"https:\/\/dfvcg-events.de\/zdae\/vortragend\/dr-juergen-metzner\/","og_site_name":"Zukunftsdialog Agrar & Ern\u00e4hrung","article_modified_time":"2024-03-27T08:05:14+00:00","og_image":[{"width":600,"height":800,"url":"https:\/\/dfvcg-events.de\/zdae\/wp-content\/uploads\/sites\/42\/2024\/02\/Metzner-Dr.-Juergen-.jpg","type":"image\/jpeg"}],"twitter_card":"summary_large_image","twitter_misc":{"Gesch\u00e4tzte Lesezeit":"1\u00a0Minute"},"schema":{"@context":"https:\/\/schema.org","@graph":[{"@type":"WebPage","@id":"https:\/\/dfvcg-events.de\/zdae\/vortragend\/dr-juergen-metzner\/","url":"https:\/\/dfvcg-events.de\/zdae\/vortragend\/dr-juergen-metzner\/","name":"Referent: Dr. J\u00fcrgen Metzner - Zukunftsdialog Agrar & Ern\u00e4hrung","isPartOf":{"@id":"https:\/\/dfvcg-events.de\/zdae\/#website"},"primaryImageOfPage":{"@id":"https:\/\/dfvcg-events.de\/zdae\/vortragend\/dr-juergen-metzner\/#primaryimage"},"image":{"@id":"https:\/\/dfvcg-events.de\/zdae\/vortragend\/dr-juergen-metzner\/#primaryimage"},"thumbnailUrl":"https:\/\/dfvcg-events.de\/zdae\/wp-content\/uploads\/sites\/42\/2024\/02\/Metzner-Dr.-Juergen-.jpg","datePublished":"2024-02-21T14:19:15+00:00","dateModified":"2024-03-27T08:05:14+00:00","description":"Seien Sie dabei, h\u00f6ren Sie spannende Vortr\u00e4ge und nutzten Sie die Chance vor Ort zum Networking. Wir freuen uns auf Ihre Teilnahme!","breadcrumb":{"@id":"https:\/\/dfvcg-events.de\/zdae\/vortragend\/dr-juergen-metzner\/#breadcrumb"},"inLanguage":"de","potentialAction":[{"@type":"ReadAction","target":["https:\/\/dfvcg-events.de\/zdae\/vortragend\/dr-juergen-metzner\/"]}]},{"@type":"ImageObject","inLanguage":"de","@id":"https:\/\/dfvcg-events.de\/zdae\/vortragend\/dr-juergen-metzner\/#primaryimage","url":"https:\/\/dfvcg-events.de\/zdae\/wp-content\/uploads\/sites\/42\/2024\/02\/Metzner-Dr.-Juergen-.jpg","contentUrl":"https:\/\/dfvcg-events.de\/zdae\/wp-content\/uploads\/sites\/42\/2024\/02\/Metzner-Dr.-Juergen-.jpg","width":600,"height":800,"caption":"Metzner-Dr. J\u00fcrgen"},{"@type":"BreadcrumbList","@id":"https:\/\/dfvcg-events.de\/zdae\/vortragend\/dr-juergen-metzner\/#breadcrumb","itemListElement":[{"@type":"ListItem","position":1,"name":"Startseite","item":"https:\/\/dfvcg-events.de\/zdae\/"},{"@type":"ListItem","position":2,"name":"Dr. J\u00fcrgen Metzner"}]},{"@type":"WebSite","@id":"https:\/\/dfvcg-events.de\/zdae\/#website","url":"https:\/\/dfvcg-events.de\/zdae\/","name":"Zukunftsdialog Agrar & Ern\u00e4hrung","description":"dfv Conference Group","potentialAction":[{"@type":"SearchAction","target":{"@type":"EntryPoint","urlTemplate":"https:\/\/dfvcg-events.de\/zdae\/?s={search_term_string}"},"query-input":{"@type":"PropertyValueSpecification","valueRequired":true,"valueName":"search_term_string"}}],"inLanguage":"de"}]}},"_links":{"self":[{"href":"https:\/\/dfvcg-events.de\/zdae\/wp-json\/wp\/v2\/portfolio\/2292","targetHints":{"allow":["GET"]}}],"collection":[{"href":"https:\/\/dfvcg-events.de\/zdae\/wp-json\/wp\/v2\/portfolio"}],"about":[{"href":"https:\/\/dfvcg-events.de\/zdae\/wp-json\/wp\/v2\/types\/portfolio"}],"author":[{"embeddable":true,"href":"https:\/\/dfvcg-events.de\/zdae\/wp-json\/wp\/v2\/users\/25"}],"replies":[{"embeddable":true,"href":"https:\/\/dfvcg-events.de\/zdae\/wp-json\/wp\/v2\/comments?post=2292"}],"version-history":[{"count":0,"href":"https:\/\/dfvcg-events.de\/zdae\/wp-json\/wp\/v2\/portfolio\/2292\/revisions"}],"wp:featuredmedia":[{"embeddable":true,"href":"https:\/\/dfvcg-events.de\/zdae\/wp-json\/wp\/v2\/media\/2293"}],"wp:attachment":[{"href":"https:\/\/dfvcg-events.de\/zdae\/wp-json\/wp\/v2\/media?parent=2292"}],"wp:term":[{"taxonomy":"post_tag","embeddable":true,"href":"https:\/\/dfvcg-events.de\/zdae\/wp-json\/wp\/v2\/tags?post=2292"},{"taxonomy":"portfolio_entries","embeddable":true,"href":"https:\/\/dfvcg-events.de\/zdae\/wp-json\/wp\/v2\/portfolio_entries?post=2292"}],"curies":[{"name":"wp","href":"https:\/\/api.w.org\/{rel}","templated":true}]}}