{"id":1435,"date":"2023-01-12T13:44:20","date_gmt":"2023-01-12T12:44:20","guid":{"rendered":"https:\/\/dfvcg-events.de\/zdae\/?post_type=portfolio&#038;p=1435"},"modified":"2023-03-29T08:46:37","modified_gmt":"2023-03-29T06:46:37","slug":"juerg-knoll","status":"publish","type":"portfolio","link":"https:\/\/dfvcg-events.de\/zdae\/vortragend\/juerg-knoll\/","title":{"rendered":"J\u00fcrg Knoll"},"content":{"rendered":"<div id='av_section_1'  class='avia-section av-k7yuhjt1-676f3ed4420f2c40c202d201fc1a3016 main_color avia-section-default avia-no-border-styling  avia-builder-el-0  el_before_av_one_third  avia-builder-el-first  header-farbe avia-bg-style-scroll container_wrap fullsize'  ><div class='container av-section-cont-open' ><main  role=\"main\" itemprop=\"mainContentOfPage\"  class='template-page content  av-content-full alpha units'><div class='post-entry post-entry-type-page post-entry-1435'><div class='entry-content-wrapper clearfix'>\n\n<style type=\"text\/css\" data-created_by=\"avia_inline_auto\" id=\"style-css-av-kav2vwa8-ebc24ceb07c8dd631da81f036238d6e6\">\n#top .av-special-heading.av-kav2vwa8-ebc24ceb07c8dd631da81f036238d6e6{\npadding-bottom:0;\ncolor:#ffffff;\n}\nbody .av-special-heading.av-kav2vwa8-ebc24ceb07c8dd631da81f036238d6e6 .av-special-heading-tag .heading-char{\nfont-size:25px;\n}\n.av-special-heading.av-kav2vwa8-ebc24ceb07c8dd631da81f036238d6e6 .special-heading-inner-border{\nborder-color:#ffffff;\n}\n.av-special-heading.av-kav2vwa8-ebc24ceb07c8dd631da81f036238d6e6 .av-subheading{\nfont-size:19px;\n}\n<\/style>\n<div  class='av-special-heading av-kav2vwa8-ebc24ceb07c8dd631da81f036238d6e6 av-special-heading-h1 custom-color-heading blockquote modern-quote  avia-builder-el-1  avia-builder-el-no-sibling '><div class='av_custom_color av-subheading av-subheading_above'><p>Zukunftsdialog Agrar &amp; Ern\u00e4hrung 2023<\/p>\n<\/div><h1 class='av-special-heading-tag '  itemprop=\"headline\"  >Vortragende<\/h1><div class=\"special-heading-border\"><div class=\"special-heading-inner-border\"><\/div><\/div><\/div>\n<\/div><\/div><\/main><!-- close content main element --><\/div><\/div><div id='after_section_1'  class='main_color av_default_container_wrap container_wrap fullsize'  ><div class='container av-section-cont-open' ><div class='template-page content  av-content-full alpha units'><div class='post-entry post-entry-type-page post-entry-1435'><div class='entry-content-wrapper clearfix'>\n\n<style type=\"text\/css\" data-created_by=\"avia_inline_auto\" id=\"style-css-av-1hpil-9666fe4db9abbb55e16afcaa46b74565\">\n.flex_column.av-1hpil-9666fe4db9abbb55e16afcaa46b74565{\nborder-radius:0px 0px 0px 0px;\npadding:0px 0px 0px 0px;\n}\n<\/style>\n<div  class='flex_column av-1hpil-9666fe4db9abbb55e16afcaa46b74565 av_one_third  avia-builder-el-2  el_after_av_section  el_before_av_two_third  avia-builder-el-first  first flex_column_div av-zero-column-padding  '     ><style type=\"text\/css\" data-created_by=\"avia_inline_auto\" id=\"style-css-av-k7z57foz-a8ce7e0eb34d3775ff66222de58a682c\">\n.avia-image-container.av-k7z57foz-a8ce7e0eb34d3775ff66222de58a682c img.avia_image{\nbox-shadow:none;\n}\n.avia-image-container.av-k7z57foz-a8ce7e0eb34d3775ff66222de58a682c .av-image-caption-overlay-center{\ncolor:#ffffff;\n}\n<\/style>\n<div  class='avia-image-container av-k7z57foz-a8ce7e0eb34d3775ff66222de58a682c av-styling-no-styling avia-align-center  avia-builder-el-3  avia-builder-el-no-sibling '   itemprop=\"image\" itemscope=\"itemscope\" itemtype=\"https:\/\/schema.org\/ImageObject\" ><div class=\"avia-image-container-inner\"><div class=\"avia-image-overlay-wrap\"><img decoding=\"async\" fetchpriority=\"high\" class='wp-image-1436 avia-img-lazy-loading-not-1436 avia_image ' src=\"https:\/\/dfvcg-events.de\/zdae\/wp-content\/uploads\/sites\/42\/2023\/01\/Knoll_Juerg_followfood_2_web.jpg\" alt='' title='Knoll_J\u00fcrg_followfood_2_web'  height=\"800\" width=\"600\"  itemprop=\"thumbnailUrl\"  \/><\/div><\/div><\/div><\/div>\n\n<style type=\"text\/css\" data-created_by=\"avia_inline_auto\" id=\"style-css-av-q939-36bd9e2970eba44b209398e6adaba9f5\">\n.flex_column.av-q939-36bd9e2970eba44b209398e6adaba9f5{\nborder-radius:0px 0px 0px 0px;\npadding:0px 0px 0px 0px;\n}\n<\/style>\n<div  class='flex_column av-q939-36bd9e2970eba44b209398e6adaba9f5 av_two_third  avia-builder-el-4  el_after_av_one_third  avia-builder-el-last  flex_column_div av-zero-column-padding  '     ><p>\n<style type=\"text\/css\" data-created_by=\"avia_inline_auto\" id=\"style-css-av-kaux4tv8-635e835a3f2d50b1ffd9688127cb55fc\">\n#top .av-special-heading.av-kaux4tv8-635e835a3f2d50b1ffd9688127cb55fc{\npadding-bottom:10px;\n}\nbody .av-special-heading.av-kaux4tv8-635e835a3f2d50b1ffd9688127cb55fc .av-special-heading-tag .heading-char{\nfont-size:25px;\n}\n.av-special-heading.av-kaux4tv8-635e835a3f2d50b1ffd9688127cb55fc .av-subheading{\nfont-size:19px;\n}\n<\/style>\n<div  class='av-special-heading av-kaux4tv8-635e835a3f2d50b1ffd9688127cb55fc av-special-heading-h2 blockquote modern-quote  avia-builder-el-5  el_before_av_textblock  avia-builder-el-first '><h2 class='av-special-heading-tag '  itemprop=\"headline\"  >J\u00fcrg Knoll<\/h2><div class='av-subheading av-subheading_below'><p>followfood<br \/>\nMit-Gr\u00fcnder und Gesch\u00e4ftsf\u00fchrer<\/p>\n<\/div><div class=\"special-heading-border\"><div class=\"special-heading-inner-border\"><\/div><\/div><\/div><br \/>\n<section  class='av_textblock_section av-k7yuci90-f8534781240039b49d63e38b610912bf '   itemscope=\"itemscope\" itemtype=\"https:\/\/schema.org\/CreativeWork\" ><div class='avia_textblock'  itemprop=\"text\" ><p>Um sein BWL-Studium zu finanzieren, wurde J\u00fcrg Knoll 2000 zu vielleicht Deutschlands erstem studentischen Fischh\u00e4ndler. 2007 kam die gro\u00dfe Sinnfrage und alles was bis dahin aufgebaut wurde, wurde \u00fcber Bord geworfen. Die Erkenntnis, dass Fischerei global neu gedacht werden muss, dass Nachhaltigkeit gerade beim Fisch \u00fcber allem stehen muss, fasziniert und fesselt ihn seither. Zusammen mit Harri Butsch gr\u00fcndete er die Marke followfish. Die erste Fischmarke, die 100 % nachhaltig ist. Transparenz wurde zum wichtigsten Markentool und followfish erfand den weltweit ersten Trackingcode f\u00fcr Fisch, der mittlerweile Standard im Fisch TK-Bereich ist. 2015 adoptierte man die Idee von followfish auf Non Fisch-Produkte und treibt seitdem auch die Entwicklung 100 % nachhaltiger Food-Produkte unter der Marke \u201efollowfood\u201c voran. Daf\u00fcr wurde 2019 auch der sogenannte Bodenretter-Fond ins Leben gerufen. Von jedem verkauften followfood Produkt flie\u00dfen je 5 Cents in den Fond, um regenerative Landwirtschaft zu f\u00f6rdern. 2021 wurden hierdurch 200 000 Euro investiert. Mit 69 Mio. EUR Umsatz und \u00fcber 90 Produkten ist followfood Marktf\u00fchrer im Bereich nachhaltiger Fisch und Bio TK Pizzen in Deutschland und plant derzeit die Expansion ins europ\u00e4ische Ausland. 2022 legte followfood den ersten Gemeinwohl\u00f6konomie-Bericht vor.<\/p>\n<\/div><\/section><\/p><\/div>\n","protected":false},"excerpt":{"rendered":"<p>followfood<\/p>\n","protected":false},"author":29,"featured_media":1436,"comment_status":"closed","ping_status":"closed","template":"","meta":{"footnotes":""},"tags":[],"portfolio_entries":[3,4],"class_list":["post-1435","portfolio","type-portfolio","status-publish","has-post-thumbnail","hentry","portfolio_entries-referent","portfolio_entries-referent-feature"],"yoast_head":"<!-- This site is optimized with the Yoast SEO plugin v27.4 - https:\/\/yoast.com\/product\/yoast-seo-wordpress\/ -->\n<title>Referent: J\u00fcrg Knoll - Zukunftsdialog Agrar &amp; Ern\u00e4hrung<\/title>\n<meta name=\"description\" content=\"Zukunftsdialog Agrar &amp; Ern\u00e4hrung | Begr\u00fc\u00dfen Sie auf der B\u00fchne: J\u00fcrg Knoll\" \/>\n<meta name=\"robots\" content=\"index, follow, max-snippet:-1, max-image-preview:large, max-video-preview:-1\" \/>\n<link rel=\"canonical\" href=\"https:\/\/dfvcg-events.de\/zdae\/vortragend\/juerg-knoll\/\" \/>\n<meta property=\"og:locale\" content=\"de_DE\" \/>\n<meta property=\"og:type\" content=\"article\" \/>\n<meta property=\"og:title\" content=\"Referent: J\u00fcrg Knoll - Zukunftsdialog Agrar &amp; Ern\u00e4hrung\" \/>\n<meta property=\"og:description\" content=\"Zukunftsdialog Agrar &amp; Ern\u00e4hrung | Begr\u00fc\u00dfen Sie auf der B\u00fchne: J\u00fcrg Knoll\" \/>\n<meta property=\"og:url\" content=\"https:\/\/dfvcg-events.de\/zdae\/vortragend\/juerg-knoll\/\" \/>\n<meta property=\"og:site_name\" content=\"Zukunftsdialog Agrar &amp; Ern\u00e4hrung\" \/>\n<meta property=\"article:modified_time\" content=\"2023-03-29T06:46:37+00:00\" \/>\n<meta property=\"og:image\" content=\"https:\/\/dfvcg-events.de\/zdae\/wp-content\/uploads\/sites\/42\/2023\/01\/Knoll_Juerg_followfood_2_web.jpg\" \/>\n\t<meta property=\"og:image:width\" content=\"600\" \/>\n\t<meta property=\"og:image:height\" content=\"800\" \/>\n\t<meta property=\"og:image:type\" content=\"image\/jpeg\" \/>\n<meta name=\"twitter:card\" content=\"summary_large_image\" \/>\n<meta name=\"twitter:label1\" content=\"Gesch\u00e4tzte Lesezeit\" \/>\n\t<meta name=\"twitter:data1\" content=\"3\u00a0Minuten\" \/>\n<script type=\"application\/ld+json\" class=\"yoast-schema-graph\">{\"@context\":\"https:\\\/\\\/schema.org\",\"@graph\":[{\"@type\":\"WebPage\",\"@id\":\"https:\\\/\\\/dfvcg-events.de\\\/zdae\\\/vortragend\\\/juerg-knoll\\\/\",\"url\":\"https:\\\/\\\/dfvcg-events.de\\\/zdae\\\/vortragend\\\/juerg-knoll\\\/\",\"name\":\"Referent: J\u00fcrg Knoll - Zukunftsdialog Agrar & Ern\u00e4hrung\",\"isPartOf\":{\"@id\":\"https:\\\/\\\/dfvcg-events.de\\\/zdae\\\/#website\"},\"primaryImageOfPage\":{\"@id\":\"https:\\\/\\\/dfvcg-events.de\\\/zdae\\\/vortragend\\\/juerg-knoll\\\/#primaryimage\"},\"image\":{\"@id\":\"https:\\\/\\\/dfvcg-events.de\\\/zdae\\\/vortragend\\\/juerg-knoll\\\/#primaryimage\"},\"thumbnailUrl\":\"https:\\\/\\\/dfvcg-events.de\\\/zdae\\\/wp-content\\\/uploads\\\/sites\\\/42\\\/2023\\\/01\\\/Knoll_Juerg_followfood_2_web.jpg\",\"datePublished\":\"2023-01-12T12:44:20+00:00\",\"dateModified\":\"2023-03-29T06:46:37+00:00\",\"description\":\"Zukunftsdialog Agrar & Ern\u00e4hrung | Begr\u00fc\u00dfen Sie auf der B\u00fchne: J\u00fcrg Knoll\",\"breadcrumb\":{\"@id\":\"https:\\\/\\\/dfvcg-events.de\\\/zdae\\\/vortragend\\\/juerg-knoll\\\/#breadcrumb\"},\"inLanguage\":\"de\",\"potentialAction\":[{\"@type\":\"ReadAction\",\"target\":[\"https:\\\/\\\/dfvcg-events.de\\\/zdae\\\/vortragend\\\/juerg-knoll\\\/\"]}]},{\"@type\":\"ImageObject\",\"inLanguage\":\"de\",\"@id\":\"https:\\\/\\\/dfvcg-events.de\\\/zdae\\\/vortragend\\\/juerg-knoll\\\/#primaryimage\",\"url\":\"https:\\\/\\\/dfvcg-events.de\\\/zdae\\\/wp-content\\\/uploads\\\/sites\\\/42\\\/2023\\\/01\\\/Knoll_Juerg_followfood_2_web.jpg\",\"contentUrl\":\"https:\\\/\\\/dfvcg-events.de\\\/zdae\\\/wp-content\\\/uploads\\\/sites\\\/42\\\/2023\\\/01\\\/Knoll_Juerg_followfood_2_web.jpg\",\"width\":600,\"height\":800},{\"@type\":\"BreadcrumbList\",\"@id\":\"https:\\\/\\\/dfvcg-events.de\\\/zdae\\\/vortragend\\\/juerg-knoll\\\/#breadcrumb\",\"itemListElement\":[{\"@type\":\"ListItem\",\"position\":1,\"name\":\"Startseite\",\"item\":\"https:\\\/\\\/dfvcg-events.de\\\/zdae\\\/\"},{\"@type\":\"ListItem\",\"position\":2,\"name\":\"J\u00fcrg Knoll\"}]},{\"@type\":\"WebSite\",\"@id\":\"https:\\\/\\\/dfvcg-events.de\\\/zdae\\\/#website\",\"url\":\"https:\\\/\\\/dfvcg-events.de\\\/zdae\\\/\",\"name\":\"Zukunftsdialog Agrar & Ern\u00e4hrung\",\"description\":\"dfv Conference Group\",\"potentialAction\":[{\"@type\":\"SearchAction\",\"target\":{\"@type\":\"EntryPoint\",\"urlTemplate\":\"https:\\\/\\\/dfvcg-events.de\\\/zdae\\\/?s={search_term_string}\"},\"query-input\":{\"@type\":\"PropertyValueSpecification\",\"valueRequired\":true,\"valueName\":\"search_term_string\"}}],\"inLanguage\":\"de\"}]}<\/script>\n<!-- \/ Yoast SEO plugin. -->","yoast_head_json":{"title":"Referent: J\u00fcrg Knoll - Zukunftsdialog Agrar & Ern\u00e4hrung","description":"Zukunftsdialog Agrar & Ern\u00e4hrung | Begr\u00fc\u00dfen Sie auf der B\u00fchne: J\u00fcrg Knoll","robots":{"index":"index","follow":"follow","max-snippet":"max-snippet:-1","max-image-preview":"max-image-preview:large","max-video-preview":"max-video-preview:-1"},"canonical":"https:\/\/dfvcg-events.de\/zdae\/vortragend\/juerg-knoll\/","og_locale":"de_DE","og_type":"article","og_title":"Referent: J\u00fcrg Knoll - Zukunftsdialog Agrar & Ern\u00e4hrung","og_description":"Zukunftsdialog Agrar & Ern\u00e4hrung | Begr\u00fc\u00dfen Sie auf der B\u00fchne: J\u00fcrg Knoll","og_url":"https:\/\/dfvcg-events.de\/zdae\/vortragend\/juerg-knoll\/","og_site_name":"Zukunftsdialog Agrar & Ern\u00e4hrung","article_modified_time":"2023-03-29T06:46:37+00:00","og_image":[{"width":600,"height":800,"url":"https:\/\/dfvcg-events.de\/zdae\/wp-content\/uploads\/sites\/42\/2023\/01\/Knoll_Juerg_followfood_2_web.jpg","type":"image\/jpeg"}],"twitter_card":"summary_large_image","twitter_misc":{"Gesch\u00e4tzte Lesezeit":"3\u00a0Minuten"},"schema":{"@context":"https:\/\/schema.org","@graph":[{"@type":"WebPage","@id":"https:\/\/dfvcg-events.de\/zdae\/vortragend\/juerg-knoll\/","url":"https:\/\/dfvcg-events.de\/zdae\/vortragend\/juerg-knoll\/","name":"Referent: J\u00fcrg Knoll - Zukunftsdialog Agrar & Ern\u00e4hrung","isPartOf":{"@id":"https:\/\/dfvcg-events.de\/zdae\/#website"},"primaryImageOfPage":{"@id":"https:\/\/dfvcg-events.de\/zdae\/vortragend\/juerg-knoll\/#primaryimage"},"image":{"@id":"https:\/\/dfvcg-events.de\/zdae\/vortragend\/juerg-knoll\/#primaryimage"},"thumbnailUrl":"https:\/\/dfvcg-events.de\/zdae\/wp-content\/uploads\/sites\/42\/2023\/01\/Knoll_Juerg_followfood_2_web.jpg","datePublished":"2023-01-12T12:44:20+00:00","dateModified":"2023-03-29T06:46:37+00:00","description":"Zukunftsdialog Agrar & Ern\u00e4hrung | Begr\u00fc\u00dfen Sie auf der B\u00fchne: J\u00fcrg Knoll","breadcrumb":{"@id":"https:\/\/dfvcg-events.de\/zdae\/vortragend\/juerg-knoll\/#breadcrumb"},"inLanguage":"de","potentialAction":[{"@type":"ReadAction","target":["https:\/\/dfvcg-events.de\/zdae\/vortragend\/juerg-knoll\/"]}]},{"@type":"ImageObject","inLanguage":"de","@id":"https:\/\/dfvcg-events.de\/zdae\/vortragend\/juerg-knoll\/#primaryimage","url":"https:\/\/dfvcg-events.de\/zdae\/wp-content\/uploads\/sites\/42\/2023\/01\/Knoll_Juerg_followfood_2_web.jpg","contentUrl":"https:\/\/dfvcg-events.de\/zdae\/wp-content\/uploads\/sites\/42\/2023\/01\/Knoll_Juerg_followfood_2_web.jpg","width":600,"height":800},{"@type":"BreadcrumbList","@id":"https:\/\/dfvcg-events.de\/zdae\/vortragend\/juerg-knoll\/#breadcrumb","itemListElement":[{"@type":"ListItem","position":1,"name":"Startseite","item":"https:\/\/dfvcg-events.de\/zdae\/"},{"@type":"ListItem","position":2,"name":"J\u00fcrg Knoll"}]},{"@type":"WebSite","@id":"https:\/\/dfvcg-events.de\/zdae\/#website","url":"https:\/\/dfvcg-events.de\/zdae\/","name":"Zukunftsdialog Agrar & Ern\u00e4hrung","description":"dfv Conference Group","potentialAction":[{"@type":"SearchAction","target":{"@type":"EntryPoint","urlTemplate":"https:\/\/dfvcg-events.de\/zdae\/?s={search_term_string}"},"query-input":{"@type":"PropertyValueSpecification","valueRequired":true,"valueName":"search_term_string"}}],"inLanguage":"de"}]}},"_links":{"self":[{"href":"https:\/\/dfvcg-events.de\/zdae\/wp-json\/wp\/v2\/portfolio\/1435","targetHints":{"allow":["GET"]}}],"collection":[{"href":"https:\/\/dfvcg-events.de\/zdae\/wp-json\/wp\/v2\/portfolio"}],"about":[{"href":"https:\/\/dfvcg-events.de\/zdae\/wp-json\/wp\/v2\/types\/portfolio"}],"author":[{"embeddable":true,"href":"https:\/\/dfvcg-events.de\/zdae\/wp-json\/wp\/v2\/users\/29"}],"replies":[{"embeddable":true,"href":"https:\/\/dfvcg-events.de\/zdae\/wp-json\/wp\/v2\/comments?post=1435"}],"version-history":[{"count":0,"href":"https:\/\/dfvcg-events.de\/zdae\/wp-json\/wp\/v2\/portfolio\/1435\/revisions"}],"wp:featuredmedia":[{"embeddable":true,"href":"https:\/\/dfvcg-events.de\/zdae\/wp-json\/wp\/v2\/media\/1436"}],"wp:attachment":[{"href":"https:\/\/dfvcg-events.de\/zdae\/wp-json\/wp\/v2\/media?parent=1435"}],"wp:term":[{"taxonomy":"post_tag","embeddable":true,"href":"https:\/\/dfvcg-events.de\/zdae\/wp-json\/wp\/v2\/tags?post=1435"},{"taxonomy":"portfolio_entries","embeddable":true,"href":"https:\/\/dfvcg-events.de\/zdae\/wp-json\/wp\/v2\/portfolio_entries?post=1435"}],"curies":[{"name":"wp","href":"https:\/\/api.w.org\/{rel}","templated":true}]}}