{"id":1423,"date":"2022-12-15T15:48:06","date_gmt":"2022-12-15T14:48:06","guid":{"rendered":"https:\/\/dfvcg-events.de\/zdae\/?post_type=portfolio&#038;p=1423"},"modified":"2022-12-15T15:48:06","modified_gmt":"2022-12-15T14:48:06","slug":"dr-hanns-christoph-eiden","status":"publish","type":"portfolio","link":"https:\/\/dfvcg-events.de\/zdae\/vortragend\/dr-hanns-christoph-eiden\/","title":{"rendered":"Dr. Hanns-Christoph Eiden"},"content":{"rendered":"<div id='av_section_1'  class='avia-section av-k7yuhjt1-676f3ed4420f2c40c202d201fc1a3016 main_color avia-section-default avia-no-border-styling  avia-builder-el-0  el_before_av_one_third  avia-builder-el-first  header-farbe avia-bg-style-scroll container_wrap fullsize'  ><div class='container av-section-cont-open' ><main  role=\"main\" itemprop=\"mainContentOfPage\"  class='template-page content  av-content-full alpha units'><div class='post-entry post-entry-type-page post-entry-1423'><div class='entry-content-wrapper clearfix'>\n\n<style type=\"text\/css\" data-created_by=\"avia_inline_auto\" id=\"style-css-av-kav2vwa8-ebc24ceb07c8dd631da81f036238d6e6\">\n#top .av-special-heading.av-kav2vwa8-ebc24ceb07c8dd631da81f036238d6e6{\npadding-bottom:0;\ncolor:#ffffff;\n}\nbody .av-special-heading.av-kav2vwa8-ebc24ceb07c8dd631da81f036238d6e6 .av-special-heading-tag .heading-char{\nfont-size:25px;\n}\n.av-special-heading.av-kav2vwa8-ebc24ceb07c8dd631da81f036238d6e6 .special-heading-inner-border{\nborder-color:#ffffff;\n}\n.av-special-heading.av-kav2vwa8-ebc24ceb07c8dd631da81f036238d6e6 .av-subheading{\nfont-size:19px;\n}\n<\/style>\n<div  class='av-special-heading av-kav2vwa8-ebc24ceb07c8dd631da81f036238d6e6 av-special-heading-h1 custom-color-heading blockquote modern-quote  avia-builder-el-1  avia-builder-el-no-sibling '><div class='av_custom_color av-subheading av-subheading_above'><p>Zukunftsdialog Agrar &amp; Ern\u00e4hrung 2023<\/p>\n<\/div><h1 class='av-special-heading-tag '  itemprop=\"headline\"  >Vortragende<\/h1><div class=\"special-heading-border\"><div class=\"special-heading-inner-border\"><\/div><\/div><\/div>\n<\/div><\/div><\/main><!-- close content main element --><\/div><\/div><div id='after_section_1'  class='main_color av_default_container_wrap container_wrap fullsize'  ><div class='container av-section-cont-open' ><div class='template-page content  av-content-full alpha units'><div class='post-entry post-entry-type-page post-entry-1423'><div class='entry-content-wrapper clearfix'>\n\n<style type=\"text\/css\" data-created_by=\"avia_inline_auto\" id=\"style-css-av-1hpil-9666fe4db9abbb55e16afcaa46b74565\">\n.flex_column.av-1hpil-9666fe4db9abbb55e16afcaa46b74565{\nborder-radius:0px 0px 0px 0px;\npadding:0px 0px 0px 0px;\n}\n<\/style>\n<div  class='flex_column av-1hpil-9666fe4db9abbb55e16afcaa46b74565 av_one_third  avia-builder-el-2  el_after_av_section  el_before_av_two_third  avia-builder-el-first  first flex_column_div av-zero-column-padding  '     ><style type=\"text\/css\" data-created_by=\"avia_inline_auto\" id=\"style-css-av-k7z57foz-822a45da9dff5f688cab3619bfb77b2f\">\n.avia-image-container.av-k7z57foz-822a45da9dff5f688cab3619bfb77b2f img.avia_image{\nbox-shadow:none;\n}\n.avia-image-container.av-k7z57foz-822a45da9dff5f688cab3619bfb77b2f .av-image-caption-overlay-center{\ncolor:#ffffff;\n}\n<\/style>\n<div  class='avia-image-container av-k7z57foz-822a45da9dff5f688cab3619bfb77b2f av-styling-no-styling avia-align-center  avia-builder-el-3  avia-builder-el-no-sibling '   itemprop=\"image\" itemscope=\"itemscope\" itemtype=\"https:\/\/schema.org\/ImageObject\" ><div class=\"avia-image-container-inner\"><div class=\"avia-image-overlay-wrap\"><img decoding=\"async\" fetchpriority=\"high\" class='wp-image-1424 avia-img-lazy-loading-not-1424 avia_image ' src=\"https:\/\/dfvcg-events.de\/zdae\/wp-content\/uploads\/sites\/42\/2022\/12\/Eiden_Hanns-Christoph_BLE_web.jpg\" alt='' title='Eiden_Hanns-Christoph_BLE_web'  height=\"800\" width=\"600\"  itemprop=\"thumbnailUrl\"  \/><\/div><\/div><\/div><\/div>\n<style type=\"text\/css\" data-created_by=\"avia_inline_auto\" id=\"style-css-av-q939-36bd9e2970eba44b209398e6adaba9f5\">\n.flex_column.av-q939-36bd9e2970eba44b209398e6adaba9f5{\nborder-radius:0px 0px 0px 0px;\npadding:0px 0px 0px 0px;\n}\n<\/style>\n<div  class='flex_column av-q939-36bd9e2970eba44b209398e6adaba9f5 av_two_third  avia-builder-el-4  el_after_av_one_third  avia-builder-el-last  flex_column_div av-zero-column-padding  '     ><p>\n<style type=\"text\/css\" data-created_by=\"avia_inline_auto\" id=\"style-css-av-kaux4tv8-16c799b9bd6ee3633bef5721a7c55eb0\">\n#top .av-special-heading.av-kaux4tv8-16c799b9bd6ee3633bef5721a7c55eb0{\npadding-bottom:10px;\n}\nbody .av-special-heading.av-kaux4tv8-16c799b9bd6ee3633bef5721a7c55eb0 .av-special-heading-tag .heading-char{\nfont-size:25px;\n}\n.av-special-heading.av-kaux4tv8-16c799b9bd6ee3633bef5721a7c55eb0 .av-subheading{\nfont-size:19px;\n}\n<\/style>\n<div  class='av-special-heading av-kaux4tv8-16c799b9bd6ee3633bef5721a7c55eb0 av-special-heading-h2 blockquote modern-quote  avia-builder-el-5  el_before_av_textblock  avia-builder-el-first '><h2 class='av-special-heading-tag '  itemprop=\"headline\"  >Dr. Hanns-Christoph Eiden<\/h2><div class='av-subheading av-subheading_below'><p>Bundesanstalt f\u00fcr Landwirtschaft und Ern\u00e4hrung<br \/>\nPr\u00e4sident<\/p>\n<\/div><div class=\"special-heading-border\"><div class=\"special-heading-inner-border\"><\/div><\/div><\/div><br \/>\n<section  class='av_textblock_section av-k7yuci90-a0c3d3186c8617336a3c3e947585f947 '   itemscope=\"itemscope\" itemtype=\"https:\/\/schema.org\/CreativeWork\" ><div class='avia_textblock'  itemprop=\"text\" ><p>Dr. Hanns-Christoph Eiden ist promovierter Jurist und seit 2010 Pr\u00e4sident der Bundesanstalt f\u00fcr Landwirtschaft und Ern\u00e4hrung (BLE). Die BLE setzt vielf\u00e4ltige Kontroll-, Vernetzungs- und Kommunikationsma\u00dfnahmen im Bereich von Landwirtschaft und Ern\u00e4hrung um. Als Projekttr\u00e4ger ist die Beh\u00f6rde zudem im Auftrag des Bundesministeriums f\u00fcr Ern\u00e4hrung und Landwirtschaft (BMEL) f\u00fcr Forschungsvorhaben, auch EU-weit, zust\u00e4ndig.<\/p>\n<p>Seit Februar 2017 sind das Bundeszentrum f\u00fcr Ern\u00e4hrung und das Bundesinformationszentrum f\u00fcr Landwirtschaft ebenfalls in der BLE angesiedelt.<\/p>\n<p>Bevor er seine derzeitige Aufgabe in der BLE \u00fcbernahm, hatte Dr. Hanns-Christoph Eiden vielf\u00e4ltige Funktionen im BMEL inne und war zuletzt in leitender Position zust\u00e4ndig f\u00fcr europ\u00e4ische und internationale Angelegenheiten sowie der deutsche Sprecher im Sonderausschuss Landwirtschaft der EU.<\/p>\n<\/div><\/section><\/p><\/div><\/p>\n","protected":false},"excerpt":{"rendered":"<p>Bundesanstalt f\u00fcr Landwirtschaft und Ern\u00e4hrung<\/p>\n","protected":false},"author":29,"featured_media":1424,"comment_status":"closed","ping_status":"closed","template":"","meta":{"footnotes":""},"tags":[],"portfolio_entries":[3,4],"class_list":["post-1423","portfolio","type-portfolio","status-publish","has-post-thumbnail","hentry","portfolio_entries-referent","portfolio_entries-referent-feature"],"yoast_head":"<!-- This site is optimized with the Yoast SEO plugin v27.4 - https:\/\/yoast.com\/product\/yoast-seo-wordpress\/ -->\n<title>Referent: Dr. Hanns-Christoph Eiden - Zukunftsdialog Agrar &amp; Ern\u00e4hrung<\/title>\n<meta name=\"description\" content=\"Zukunftsdialog Agrar &amp; Ern\u00e4hrung | Begr\u00fc\u00dfen Sie auf der B\u00fchne: Dr. Hanns-Christoph Eiden\" \/>\n<meta name=\"robots\" content=\"index, follow, max-snippet:-1, max-image-preview:large, max-video-preview:-1\" \/>\n<link rel=\"canonical\" href=\"https:\/\/dfvcg-events.de\/zdae\/vortragend\/dr-hanns-christoph-eiden\/\" \/>\n<meta property=\"og:locale\" content=\"de_DE\" \/>\n<meta property=\"og:type\" content=\"article\" \/>\n<meta property=\"og:title\" content=\"Referent: Dr. Hanns-Christoph Eiden - Zukunftsdialog Agrar &amp; Ern\u00e4hrung\" \/>\n<meta property=\"og:description\" content=\"Zukunftsdialog Agrar &amp; Ern\u00e4hrung | Begr\u00fc\u00dfen Sie auf der B\u00fchne: Dr. Hanns-Christoph Eiden\" \/>\n<meta property=\"og:url\" content=\"https:\/\/dfvcg-events.de\/zdae\/vortragend\/dr-hanns-christoph-eiden\/\" \/>\n<meta property=\"og:site_name\" content=\"Zukunftsdialog Agrar &amp; Ern\u00e4hrung\" \/>\n<meta property=\"og:image\" content=\"https:\/\/dfvcg-events.de\/zdae\/wp-content\/uploads\/sites\/42\/2022\/12\/Eiden_Hanns-Christoph_BLE_web.jpg\" \/>\n\t<meta property=\"og:image:width\" content=\"600\" \/>\n\t<meta property=\"og:image:height\" content=\"800\" \/>\n\t<meta property=\"og:image:type\" content=\"image\/jpeg\" \/>\n<meta name=\"twitter:card\" content=\"summary_large_image\" \/>\n<meta name=\"twitter:label1\" content=\"Gesch\u00e4tzte Lesezeit\" \/>\n\t<meta name=\"twitter:data1\" content=\"3\u00a0Minuten\" \/>\n<script type=\"application\/ld+json\" class=\"yoast-schema-graph\">{\"@context\":\"https:\\\/\\\/schema.org\",\"@graph\":[{\"@type\":\"WebPage\",\"@id\":\"https:\\\/\\\/dfvcg-events.de\\\/zdae\\\/vortragend\\\/dr-hanns-christoph-eiden\\\/\",\"url\":\"https:\\\/\\\/dfvcg-events.de\\\/zdae\\\/vortragend\\\/dr-hanns-christoph-eiden\\\/\",\"name\":\"Referent: Dr. Hanns-Christoph Eiden - Zukunftsdialog Agrar & Ern\u00e4hrung\",\"isPartOf\":{\"@id\":\"https:\\\/\\\/dfvcg-events.de\\\/zdae\\\/#website\"},\"primaryImageOfPage\":{\"@id\":\"https:\\\/\\\/dfvcg-events.de\\\/zdae\\\/vortragend\\\/dr-hanns-christoph-eiden\\\/#primaryimage\"},\"image\":{\"@id\":\"https:\\\/\\\/dfvcg-events.de\\\/zdae\\\/vortragend\\\/dr-hanns-christoph-eiden\\\/#primaryimage\"},\"thumbnailUrl\":\"https:\\\/\\\/dfvcg-events.de\\\/zdae\\\/wp-content\\\/uploads\\\/sites\\\/42\\\/2022\\\/12\\\/Eiden_Hanns-Christoph_BLE_web.jpg\",\"datePublished\":\"2022-12-15T14:48:06+00:00\",\"description\":\"Zukunftsdialog Agrar & Ern\u00e4hrung | Begr\u00fc\u00dfen Sie auf der B\u00fchne: Dr. Hanns-Christoph Eiden\",\"breadcrumb\":{\"@id\":\"https:\\\/\\\/dfvcg-events.de\\\/zdae\\\/vortragend\\\/dr-hanns-christoph-eiden\\\/#breadcrumb\"},\"inLanguage\":\"de\",\"potentialAction\":[{\"@type\":\"ReadAction\",\"target\":[\"https:\\\/\\\/dfvcg-events.de\\\/zdae\\\/vortragend\\\/dr-hanns-christoph-eiden\\\/\"]}]},{\"@type\":\"ImageObject\",\"inLanguage\":\"de\",\"@id\":\"https:\\\/\\\/dfvcg-events.de\\\/zdae\\\/vortragend\\\/dr-hanns-christoph-eiden\\\/#primaryimage\",\"url\":\"https:\\\/\\\/dfvcg-events.de\\\/zdae\\\/wp-content\\\/uploads\\\/sites\\\/42\\\/2022\\\/12\\\/Eiden_Hanns-Christoph_BLE_web.jpg\",\"contentUrl\":\"https:\\\/\\\/dfvcg-events.de\\\/zdae\\\/wp-content\\\/uploads\\\/sites\\\/42\\\/2022\\\/12\\\/Eiden_Hanns-Christoph_BLE_web.jpg\",\"width\":600,\"height\":800},{\"@type\":\"BreadcrumbList\",\"@id\":\"https:\\\/\\\/dfvcg-events.de\\\/zdae\\\/vortragend\\\/dr-hanns-christoph-eiden\\\/#breadcrumb\",\"itemListElement\":[{\"@type\":\"ListItem\",\"position\":1,\"name\":\"Startseite\",\"item\":\"https:\\\/\\\/dfvcg-events.de\\\/zdae\\\/\"},{\"@type\":\"ListItem\",\"position\":2,\"name\":\"Dr. Hanns-Christoph Eiden\"}]},{\"@type\":\"WebSite\",\"@id\":\"https:\\\/\\\/dfvcg-events.de\\\/zdae\\\/#website\",\"url\":\"https:\\\/\\\/dfvcg-events.de\\\/zdae\\\/\",\"name\":\"Zukunftsdialog Agrar & Ern\u00e4hrung\",\"description\":\"dfv Conference Group\",\"potentialAction\":[{\"@type\":\"SearchAction\",\"target\":{\"@type\":\"EntryPoint\",\"urlTemplate\":\"https:\\\/\\\/dfvcg-events.de\\\/zdae\\\/?s={search_term_string}\"},\"query-input\":{\"@type\":\"PropertyValueSpecification\",\"valueRequired\":true,\"valueName\":\"search_term_string\"}}],\"inLanguage\":\"de\"}]}<\/script>\n<!-- \/ Yoast SEO plugin. -->","yoast_head_json":{"title":"Referent: Dr. Hanns-Christoph Eiden - Zukunftsdialog Agrar & Ern\u00e4hrung","description":"Zukunftsdialog Agrar & Ern\u00e4hrung | Begr\u00fc\u00dfen Sie auf der B\u00fchne: Dr. Hanns-Christoph Eiden","robots":{"index":"index","follow":"follow","max-snippet":"max-snippet:-1","max-image-preview":"max-image-preview:large","max-video-preview":"max-video-preview:-1"},"canonical":"https:\/\/dfvcg-events.de\/zdae\/vortragend\/dr-hanns-christoph-eiden\/","og_locale":"de_DE","og_type":"article","og_title":"Referent: Dr. Hanns-Christoph Eiden - Zukunftsdialog Agrar & Ern\u00e4hrung","og_description":"Zukunftsdialog Agrar & Ern\u00e4hrung | Begr\u00fc\u00dfen Sie auf der B\u00fchne: Dr. Hanns-Christoph Eiden","og_url":"https:\/\/dfvcg-events.de\/zdae\/vortragend\/dr-hanns-christoph-eiden\/","og_site_name":"Zukunftsdialog Agrar & Ern\u00e4hrung","og_image":[{"width":600,"height":800,"url":"https:\/\/dfvcg-events.de\/zdae\/wp-content\/uploads\/sites\/42\/2022\/12\/Eiden_Hanns-Christoph_BLE_web.jpg","type":"image\/jpeg"}],"twitter_card":"summary_large_image","twitter_misc":{"Gesch\u00e4tzte Lesezeit":"3\u00a0Minuten"},"schema":{"@context":"https:\/\/schema.org","@graph":[{"@type":"WebPage","@id":"https:\/\/dfvcg-events.de\/zdae\/vortragend\/dr-hanns-christoph-eiden\/","url":"https:\/\/dfvcg-events.de\/zdae\/vortragend\/dr-hanns-christoph-eiden\/","name":"Referent: Dr. Hanns-Christoph Eiden - Zukunftsdialog Agrar & Ern\u00e4hrung","isPartOf":{"@id":"https:\/\/dfvcg-events.de\/zdae\/#website"},"primaryImageOfPage":{"@id":"https:\/\/dfvcg-events.de\/zdae\/vortragend\/dr-hanns-christoph-eiden\/#primaryimage"},"image":{"@id":"https:\/\/dfvcg-events.de\/zdae\/vortragend\/dr-hanns-christoph-eiden\/#primaryimage"},"thumbnailUrl":"https:\/\/dfvcg-events.de\/zdae\/wp-content\/uploads\/sites\/42\/2022\/12\/Eiden_Hanns-Christoph_BLE_web.jpg","datePublished":"2022-12-15T14:48:06+00:00","description":"Zukunftsdialog Agrar & Ern\u00e4hrung | Begr\u00fc\u00dfen Sie auf der B\u00fchne: Dr. Hanns-Christoph Eiden","breadcrumb":{"@id":"https:\/\/dfvcg-events.de\/zdae\/vortragend\/dr-hanns-christoph-eiden\/#breadcrumb"},"inLanguage":"de","potentialAction":[{"@type":"ReadAction","target":["https:\/\/dfvcg-events.de\/zdae\/vortragend\/dr-hanns-christoph-eiden\/"]}]},{"@type":"ImageObject","inLanguage":"de","@id":"https:\/\/dfvcg-events.de\/zdae\/vortragend\/dr-hanns-christoph-eiden\/#primaryimage","url":"https:\/\/dfvcg-events.de\/zdae\/wp-content\/uploads\/sites\/42\/2022\/12\/Eiden_Hanns-Christoph_BLE_web.jpg","contentUrl":"https:\/\/dfvcg-events.de\/zdae\/wp-content\/uploads\/sites\/42\/2022\/12\/Eiden_Hanns-Christoph_BLE_web.jpg","width":600,"height":800},{"@type":"BreadcrumbList","@id":"https:\/\/dfvcg-events.de\/zdae\/vortragend\/dr-hanns-christoph-eiden\/#breadcrumb","itemListElement":[{"@type":"ListItem","position":1,"name":"Startseite","item":"https:\/\/dfvcg-events.de\/zdae\/"},{"@type":"ListItem","position":2,"name":"Dr. Hanns-Christoph Eiden"}]},{"@type":"WebSite","@id":"https:\/\/dfvcg-events.de\/zdae\/#website","url":"https:\/\/dfvcg-events.de\/zdae\/","name":"Zukunftsdialog Agrar & Ern\u00e4hrung","description":"dfv Conference Group","potentialAction":[{"@type":"SearchAction","target":{"@type":"EntryPoint","urlTemplate":"https:\/\/dfvcg-events.de\/zdae\/?s={search_term_string}"},"query-input":{"@type":"PropertyValueSpecification","valueRequired":true,"valueName":"search_term_string"}}],"inLanguage":"de"}]}},"_links":{"self":[{"href":"https:\/\/dfvcg-events.de\/zdae\/wp-json\/wp\/v2\/portfolio\/1423","targetHints":{"allow":["GET"]}}],"collection":[{"href":"https:\/\/dfvcg-events.de\/zdae\/wp-json\/wp\/v2\/portfolio"}],"about":[{"href":"https:\/\/dfvcg-events.de\/zdae\/wp-json\/wp\/v2\/types\/portfolio"}],"author":[{"embeddable":true,"href":"https:\/\/dfvcg-events.de\/zdae\/wp-json\/wp\/v2\/users\/29"}],"replies":[{"embeddable":true,"href":"https:\/\/dfvcg-events.de\/zdae\/wp-json\/wp\/v2\/comments?post=1423"}],"version-history":[{"count":0,"href":"https:\/\/dfvcg-events.de\/zdae\/wp-json\/wp\/v2\/portfolio\/1423\/revisions"}],"wp:featuredmedia":[{"embeddable":true,"href":"https:\/\/dfvcg-events.de\/zdae\/wp-json\/wp\/v2\/media\/1424"}],"wp:attachment":[{"href":"https:\/\/dfvcg-events.de\/zdae\/wp-json\/wp\/v2\/media?parent=1423"}],"wp:term":[{"taxonomy":"post_tag","embeddable":true,"href":"https:\/\/dfvcg-events.de\/zdae\/wp-json\/wp\/v2\/tags?post=1423"},{"taxonomy":"portfolio_entries","embeddable":true,"href":"https:\/\/dfvcg-events.de\/zdae\/wp-json\/wp\/v2\/portfolio_entries?post=1423"}],"curies":[{"name":"wp","href":"https:\/\/api.w.org\/{rel}","templated":true}]}}