{"id":234,"date":"2020-03-20T00:08:07","date_gmt":"2020-03-19T23:08:07","guid":{"rendered":"https:\/\/dfvcg-events.de\/zdae\/?page_id=234"},"modified":"2024-02-20T10:51:21","modified_gmt":"2024-02-20T09:51:21","slug":"kontakt","status":"publish","type":"page","link":"https:\/\/dfvcg-events.de\/zdae\/kontakt\/","title":{"rendered":"Kontakt"},"content":{"rendered":"<div id='av_section_1'  class='avia-section av-k7yuhjt1-676f3ed4420f2c40c202d201fc1a3016 main_color avia-section-default avia-no-border-styling  avia-builder-el-0  el_before_av_section  avia-builder-el-first  header-farbe avia-bg-style-scroll container_wrap fullsize'  ><div class='container av-section-cont-open' ><main  role=\"main\" itemprop=\"mainContentOfPage\"  class='template-page content  av-content-full alpha units'><div class='post-entry post-entry-type-page post-entry-234'><div class='entry-content-wrapper clearfix'>\n\n<style type=\"text\/css\" data-created_by=\"avia_inline_auto\" id=\"style-css-av-kki41nfk-d1d985d25d7775e80ac30905d78c2796\">\n#top .av-special-heading.av-kki41nfk-d1d985d25d7775e80ac30905d78c2796{\npadding-bottom:0;\ncolor:#ffffff;\n}\nbody .av-special-heading.av-kki41nfk-d1d985d25d7775e80ac30905d78c2796 .av-special-heading-tag .heading-char{\nfont-size:25px;\n}\n.av-special-heading.av-kki41nfk-d1d985d25d7775e80ac30905d78c2796 .special-heading-inner-border{\nborder-color:#ffffff;\n}\n.av-special-heading.av-kki41nfk-d1d985d25d7775e80ac30905d78c2796 .av-subheading{\nfont-size:15px;\ncolor:#ffffff;\n}\n<\/style>\n<div  class='av-special-heading av-kki41nfk-d1d985d25d7775e80ac30905d78c2796 av-special-heading-h1 custom-color-heading blockquote modern-quote  avia-builder-el-1  avia-builder-el-no-sibling '><div class='av_custom_color av-subheading av-subheading_above'><p>Zukunftsdialog Agrar und Ern\u00e4hrung<\/p>\n<\/div><h1 class='av-special-heading-tag '  itemprop=\"headline\"  >Kontakt<\/h1><div class=\"special-heading-border\"><div class=\"special-heading-inner-border\"><\/div><\/div><\/div>\n\n<\/div><\/div><\/main><!-- close content main element --><\/div><\/div><div id='av_section_2'  class='avia-section av-k7z9vjbr-f03eed16e0b5a73415541a971347cd58 main_color avia-section-default avia-no-shadow  avia-builder-el-2  el_after_av_section  el_before_av_section  avia-bg-style-scroll container_wrap fullsize'  ><div class='container av-section-cont-open' ><div class='template-page content  av-content-full alpha units'><div class='post-entry post-entry-type-page post-entry-234'><div class='entry-content-wrapper clearfix'>\n\n<style type=\"text\/css\" data-created_by=\"avia_inline_auto\" id=\"style-css-av-jahq2-8948d59642fe924b749cb15624d1d5e2\">\n#top .av-special-heading.av-jahq2-8948d59642fe924b749cb15624d1d5e2{\npadding-bottom:35px;\n}\nbody .av-special-heading.av-jahq2-8948d59642fe924b749cb15624d1d5e2 .av-special-heading-tag .heading-char{\nfont-size:25px;\n}\n.av-special-heading.av-jahq2-8948d59642fe924b749cb15624d1d5e2 .av-subheading{\nfont-size:19px;\n}\n<\/style>\n<div  class='av-special-heading av-jahq2-8948d59642fe924b749cb15624d1d5e2 av-special-heading-h2 blockquote modern-quote  avia-builder-el-3  el_before_av_one_third  avia-builder-el-first '><h2 class='av-special-heading-tag '  itemprop=\"headline\"  >Ihre Ansprechpartner:innen<\/h2><div class=\"special-heading-border\"><div class=\"special-heading-inner-border\"><\/div><\/div><\/div>\n\n<style type=\"text\/css\" data-created_by=\"avia_inline_auto\" id=\"style-css-av-b98wy-1c613d46812ba27be81c2d083b55c7f0\">\n.flex_column.av-b98wy-1c613d46812ba27be81c2d083b55c7f0{\nborder-radius:0px 0px 0px 0px;\npadding:0px 0px 0px 0px;\n}\n<\/style>\n<div  class='flex_column av-b98wy-1c613d46812ba27be81c2d083b55c7f0 av_one_third  avia-builder-el-4  el_after_av_heading  el_before_av_one_third  first flex_column_div av-zero-column-padding  '     ><section  class='av_textblock_section av-lei7mn10-a0c826f2f56f48ade47be6be129042fd '   itemscope=\"itemscope\" itemtype=\"https:\/\/schema.org\/CreativeWork\" ><div class='avia_textblock'  itemprop=\"text\" ><p><strong>Projektleitung<br \/>\n<\/strong>dfv Agrar-, Back- &amp; Fleischmedien<\/p>\n<p>Sonja Timmer<br \/>\nTelefon: +49 69 7595-1855<br \/>\n<a href=\"&#109;&#x61;&#x69;&#108;&#x74;&#x6f;:&#x53;&#x6f;n&#106;&#x61;&#46;&#84;&#x69;m&#109;&#x65;r&#64;&#x64;f&#118;&#x2e;&#x64;&#101;\">&#83;o&#110;j&#97;&#46;&#x54;i&#x6d;m&#x65;r&#x40;d&#x66;v&#x2e;d&#x65;<\/a><\/p>\n<\/div><\/section><\/div>\n<style type=\"text\/css\" data-created_by=\"avia_inline_auto\" id=\"style-css-av-d0l0a-68a2cd7300a41922a8b7c3559f1ba089\">\n.flex_column.av-d0l0a-68a2cd7300a41922a8b7c3559f1ba089{\nborder-radius:0px 0px 0px 0px;\npadding:0px 0px 0px 0px;\n}\n<\/style>\n<div  class='flex_column av-d0l0a-68a2cd7300a41922a8b7c3559f1ba089 av_one_third  avia-builder-el-6  el_after_av_one_third  el_before_av_one_third  flex_column_div av-zero-column-padding  '     ><section  class='av_textblock_section av-l9zri7g9-75f7436efff09af91639435c46ad5c6c '   itemscope=\"itemscope\" itemtype=\"https:\/\/schema.org\/CreativeWork\" ><div class='avia_textblock'  itemprop=\"text\" ><p><strong>Sales | Aussteller &amp; Sponsoren<\/strong><\/p>\n<p>Thorsten Soff<br \/>\nTelefon: +49 69 7595 2253<br \/>\n<a class=\"linkified\" href=\"&#x6d;&#x61;&#x69;&#x6c;&#x74;&#x6f;&#x3a;&#x54;&#x68;&#x6f;&#x72;&#x73;&#x74;&#x65;&#110;&#46;&#83;&#111;&#102;&#102;&#64;&#100;&#102;&#118;&#46;de\" target=\"_blank\" rel=\"noopener\">&#x54;&#104;o&#x72;&#115;&#116;&#x65;&#x6e;&#46;S&#x6f;&#102;f&#x40;&#x64;&#102;v&#x2e;&#100;e<\/a><\/p>\n<\/div><\/section><\/div>\n<style type=\"text\/css\" data-created_by=\"avia_inline_auto\" id=\"style-css-av-d7cry-5-d215c1d6e238b8eb008bc83bccbbb353\">\n.flex_column.av-d7cry-5-d215c1d6e238b8eb008bc83bccbbb353{\nborder-radius:0px 0px 0px 0px;\npadding:0px 0px 0px 0px;\n}\n<\/style>\n<div  class='flex_column av-d7cry-5-d215c1d6e238b8eb008bc83bccbbb353 av_one_third  avia-builder-el-8  el_after_av_one_third  el_before_av_one_third  flex_column_div av-zero-column-padding  '     ><\/div>\n<style type=\"text\/css\" data-created_by=\"avia_inline_auto\" id=\"style-css-av-d7cry-88e0a4aa789826ef784fbd294c5b1011\">\n.flex_column.av-d7cry-88e0a4aa789826ef784fbd294c5b1011{\nborder-radius:0px 0px 0px 0px;\npadding:0px 0px 0px 0px;\n}\n<\/style>\n<div  class='flex_column av-d7cry-88e0a4aa789826ef784fbd294c5b1011 av_one_third  avia-builder-el-9  el_after_av_one_third  el_before_av_one_third  first flex_column_div av-zero-column-padding  column-top-margin'     ><section  class='av_textblock_section av-k7z3il24-52b62e98193e907c2d75cd56a1ac2de2 '   itemscope=\"itemscope\" itemtype=\"https:\/\/schema.org\/CreativeWork\" ><div class='avia_textblock'  itemprop=\"text\" ><p><strong>Projektleitung | Programm<\/strong><\/p>\n<p>Arne L\u00f6ffel<br \/>\nTelefon: +49 69 7595-1591<br \/>\n<a href=\"&#x6d;&#x61;&#105;&#108;to&#x3a;&#x61;&#x72;&#110;e&#46;&#x6c;&#x6f;&#x65;&#102;&#102;e&#x40;&#x64;&#x66;&#118;&#46;d&#x65;\">a&#114;&#x6e;&#x65;&#46;&#108;&#x6f;&#x65;f&#102;&#101;&#x40;&#x64;f&#118;&#x2e;&#x64;e<\/a><\/p>\n<\/div><\/section><\/div>\n<style type=\"text\/css\" data-created_by=\"avia_inline_auto\" id=\"style-css-av-25xqi-b22e3266029fa9b652c7122918eb0b76\">\n.flex_column.av-25xqi-b22e3266029fa9b652c7122918eb0b76{\nborder-radius:0px 0px 0px 0px;\npadding:0px 0px 0px 0px;\n}\n<\/style>\n<div  class='flex_column av-25xqi-b22e3266029fa9b652c7122918eb0b76 av_one_third  avia-builder-el-11  el_after_av_one_third  el_before_av_one_third  flex_column_div av-zero-column-padding  column-top-margin'     ><section  class='av_textblock_section av-dyd22-425116eee2ace68f844e45f2578860c9 '   itemscope=\"itemscope\" itemtype=\"https:\/\/schema.org\/CreativeWork\" ><div class='avia_textblock'  itemprop=\"text\" ><p><strong>Organisation<\/strong><\/p>\n<p>Sabrina Teichmann<br \/>\nTelefon: +49 69 7595-3019<br \/>\n<a href=\"&#x6d;a&#x69;&#108;&#x74;&#111;:&#x53;&#97;&#x62;&#114;i&#x6e;&#97;&#x2e;&#84;e&#x69;c&#x68;&#109;&#x61;&#x6e;n&#x40;&#100;&#x66;&#118;c&#x67;&#46;&#x64;&#101;\">Sa&#98;&#114;&#105;&#x6e;&#x61;&#x2e;&#x54;ei&#99;&#104;&#109;&#x61;&#x6e;&#x6e;&#x40;df&#118;&#99;&#103;&#x2e;&#x64;&#x65;<\/a><\/p>\n<\/div><\/section><\/div>\n<style type=\"text\/css\" data-created_by=\"avia_inline_auto\" id=\"style-css-av-88wga-24775998c5b8147785bf7e9166dd3e98\">\n.flex_column.av-88wga-24775998c5b8147785bf7e9166dd3e98{\nborder-radius:0px 0px 0px 0px;\npadding:0px 0px 0px 0px;\n}\n<\/style>\n<div  class='flex_column av-88wga-24775998c5b8147785bf7e9166dd3e98 av_one_third  avia-builder-el-13  el_after_av_one_third  avia-builder-el-last  flex_column_div av-zero-column-padding  column-top-margin'     ><section  class='av_textblock_section av-lmkjgt6z-258b05408a8f52f50d4e385ef75d60ef '   itemscope=\"itemscope\" itemtype=\"https:\/\/schema.org\/CreativeWork\" ><div class='avia_textblock'  itemprop=\"text\" ><p><strong>Marketing &amp; Social Media<\/strong><\/p>\n<p>Elisa Grimm<br \/>\nTelefon: +49 69 7595-3038<br \/>\n<a href=\"&#x6d;&#x61;&#105;l&#x74;&#x6f;&#58;&#69;l&#x69;&#x73;&#97;&#46;G&#x72;&#x69;&#109;m&#64;&#x64;&#x66;&#118;c&#x67;&#x2e;&#100;&#101;\">&#x45;&#108;&#x69;&#x73;a&#x2e;&#71;r&#x69;&#109;m&#x40;&#100;&#x66;&#x76;c&#x67;&#46;d&#x65;<\/a><\/p>\n<\/div><\/section><\/div><\/div><\/div><\/div><!-- close content main div --><\/div><\/div><div id='av_section_3'  class='avia-section av-k7z9vjbr-6-14207df9e07696132eda77a25d970b6f main_color avia-section-default avia-no-shadow  avia-builder-el-15  el_after_av_section  avia-builder-el-last  avia-bg-style-scroll container_wrap fullsize'  ><div class='container av-section-cont-open' ><div class='template-page content  av-content-full alpha units'><div class='post-entry post-entry-type-page post-entry-234'><div class='entry-content-wrapper clearfix'>\n\n<style type=\"text\/css\" data-created_by=\"avia_inline_auto\" id=\"style-css-av-kauxqpb0-884cf0bce2f4d4aa0d553b54605b9b89\">\n#top .av-special-heading.av-kauxqpb0-884cf0bce2f4d4aa0d553b54605b9b89{\npadding-bottom:35px;\n}\nbody .av-special-heading.av-kauxqpb0-884cf0bce2f4d4aa0d553b54605b9b89 .av-special-heading-tag .heading-char{\nfont-size:25px;\n}\n.av-special-heading.av-kauxqpb0-884cf0bce2f4d4aa0d553b54605b9b89 .av-subheading{\nfont-size:19px;\n}\n<\/style>\n<div  class='av-special-heading av-kauxqpb0-884cf0bce2f4d4aa0d553b54605b9b89 av-special-heading-h2 blockquote modern-quote  avia-builder-el-16  el_before_av_one_third  avia-builder-el-first '><h2 class='av-special-heading-tag '  itemprop=\"headline\"  >Veranstalter<\/h2><div class=\"special-heading-border\"><div class=\"special-heading-inner-border\"><\/div><\/div><\/div>\n\n<style type=\"text\/css\" data-created_by=\"avia_inline_auto\" id=\"style-css-av-g76s2-68f7f38f6142e5d914990734f3c740de\">\n.flex_column.av-g76s2-68f7f38f6142e5d914990734f3c740de{\nborder-radius:0px 0px 0px 0px;\npadding:0px 0px 0px 0px;\n}\n<\/style>\n<div  class='flex_column av-g76s2-68f7f38f6142e5d914990734f3c740de av_one_third  avia-builder-el-17  el_after_av_heading  avia-builder-el-last  first flex_column_div av-zero-column-padding  '     ><section  class='av_textblock_section av-k7z3il24-3-24aa2db6f3b6cc247103a6d7266856eb '   itemscope=\"itemscope\" itemtype=\"https:\/\/schema.org\/CreativeWork\" ><div class='avia_textblock'  itemprop=\"text\" ><div class=\"description\">\n<p><strong>dfv Conference Group GmbH<\/strong><br \/>\nEin Unternehmen der dfv Mediengruppe<\/p>\n<p>Mainzer Landstra\u00dfe 251<br \/>\n60326 Frankfurt<\/p>\n<\/div>\n<\/div><\/section><\/div>\n<\/p>\n","protected":false},"excerpt":{"rendered":"","protected":false},"author":1,"featured_media":0,"parent":0,"menu_order":0,"comment_status":"closed","ping_status":"closed","template":"","meta":{"footnotes":""},"class_list":["post-234","page","type-page","status-publish","hentry"],"yoast_head":"<!-- This site is optimized with the Yoast SEO plugin v27.4 - https:\/\/yoast.com\/product\/yoast-seo-wordpress\/ -->\n<title>Kontakt - Zukunftsdialog Agrar &amp; Ern\u00e4hrung 23. April 2024 - Berlin<\/title>\n<meta name=\"description\" content=\"Bei Fragen rund um den Zukunftsdialog Agrar und Ern\u00e4hrung stehen wir Ihnen mit unserem Veranstaltungsteam sehr gerne zur Verf\u00fcgung.\" \/>\n<meta name=\"robots\" content=\"index, follow, max-snippet:-1, max-image-preview:large, max-video-preview:-1\" \/>\n<link rel=\"canonical\" href=\"https:\/\/dfvcg-events.de\/zdae\/kontakt\/\" \/>\n<meta property=\"og:locale\" content=\"de_DE\" \/>\n<meta property=\"og:type\" content=\"article\" \/>\n<meta property=\"og:title\" content=\"Kontakt - Zukunftsdialog Agrar &amp; Ern\u00e4hrung 23. April 2024 - Berlin\" \/>\n<meta property=\"og:description\" content=\"Bei Fragen rund um den Zukunftsdialog Agrar und Ern\u00e4hrung stehen wir Ihnen mit unserem Veranstaltungsteam sehr gerne zur Verf\u00fcgung.\" \/>\n<meta property=\"og:url\" content=\"https:\/\/dfvcg-events.de\/zdae\/kontakt\/\" \/>\n<meta property=\"og:site_name\" content=\"Zukunftsdialog Agrar &amp; Ern\u00e4hrung\" \/>\n<meta property=\"article:modified_time\" content=\"2024-02-20T09:51:21+00:00\" \/>\n<meta name=\"twitter:card\" content=\"summary_large_image\" \/>\n<meta name=\"twitter:label1\" content=\"Gesch\u00e4tzte Lesezeit\" \/>\n\t<meta name=\"twitter:data1\" content=\"1\u00a0Minute\" \/>\n<script type=\"application\/ld+json\" class=\"yoast-schema-graph\">{\"@context\":\"https:\\\/\\\/schema.org\",\"@graph\":[{\"@type\":\"WebPage\",\"@id\":\"https:\\\/\\\/dfvcg-events.de\\\/zdae\\\/kontakt\\\/\",\"url\":\"https:\\\/\\\/dfvcg-events.de\\\/zdae\\\/kontakt\\\/\",\"name\":\"Kontakt - Zukunftsdialog Agrar & Ern\u00e4hrung 23. April 2024 - Berlin\",\"isPartOf\":{\"@id\":\"https:\\\/\\\/dfvcg-events.de\\\/zdae\\\/#website\"},\"datePublished\":\"2020-03-19T23:08:07+00:00\",\"dateModified\":\"2024-02-20T09:51:21+00:00\",\"description\":\"Bei Fragen rund um den Zukunftsdialog Agrar und Ern\u00e4hrung stehen wir Ihnen mit unserem Veranstaltungsteam sehr gerne zur Verf\u00fcgung.\",\"breadcrumb\":{\"@id\":\"https:\\\/\\\/dfvcg-events.de\\\/zdae\\\/kontakt\\\/#breadcrumb\"},\"inLanguage\":\"de\",\"potentialAction\":[{\"@type\":\"ReadAction\",\"target\":[\"https:\\\/\\\/dfvcg-events.de\\\/zdae\\\/kontakt\\\/\"]}]},{\"@type\":\"BreadcrumbList\",\"@id\":\"https:\\\/\\\/dfvcg-events.de\\\/zdae\\\/kontakt\\\/#breadcrumb\",\"itemListElement\":[{\"@type\":\"ListItem\",\"position\":1,\"name\":\"Startseite\",\"item\":\"https:\\\/\\\/dfvcg-events.de\\\/zdae\\\/\"},{\"@type\":\"ListItem\",\"position\":2,\"name\":\"Kontakt\"}]},{\"@type\":\"WebSite\",\"@id\":\"https:\\\/\\\/dfvcg-events.de\\\/zdae\\\/#website\",\"url\":\"https:\\\/\\\/dfvcg-events.de\\\/zdae\\\/\",\"name\":\"Zukunftsdialog Agrar & Ern\u00e4hrung\",\"description\":\"dfv Conference Group\",\"potentialAction\":[{\"@type\":\"SearchAction\",\"target\":{\"@type\":\"EntryPoint\",\"urlTemplate\":\"https:\\\/\\\/dfvcg-events.de\\\/zdae\\\/?s={search_term_string}\"},\"query-input\":{\"@type\":\"PropertyValueSpecification\",\"valueRequired\":true,\"valueName\":\"search_term_string\"}}],\"inLanguage\":\"de\"}]}<\/script>\n<!-- \/ Yoast SEO plugin. -->","yoast_head_json":{"title":"Kontakt - Zukunftsdialog Agrar & Ern\u00e4hrung 23. April 2024 - Berlin","description":"Bei Fragen rund um den Zukunftsdialog Agrar und Ern\u00e4hrung stehen wir Ihnen mit unserem Veranstaltungsteam sehr gerne zur Verf\u00fcgung.","robots":{"index":"index","follow":"follow","max-snippet":"max-snippet:-1","max-image-preview":"max-image-preview:large","max-video-preview":"max-video-preview:-1"},"canonical":"https:\/\/dfvcg-events.de\/zdae\/kontakt\/","og_locale":"de_DE","og_type":"article","og_title":"Kontakt - Zukunftsdialog Agrar & Ern\u00e4hrung 23. April 2024 - Berlin","og_description":"Bei Fragen rund um den Zukunftsdialog Agrar und Ern\u00e4hrung stehen wir Ihnen mit unserem Veranstaltungsteam sehr gerne zur Verf\u00fcgung.","og_url":"https:\/\/dfvcg-events.de\/zdae\/kontakt\/","og_site_name":"Zukunftsdialog Agrar & Ern\u00e4hrung","article_modified_time":"2024-02-20T09:51:21+00:00","twitter_card":"summary_large_image","twitter_misc":{"Gesch\u00e4tzte Lesezeit":"1\u00a0Minute"},"schema":{"@context":"https:\/\/schema.org","@graph":[{"@type":"WebPage","@id":"https:\/\/dfvcg-events.de\/zdae\/kontakt\/","url":"https:\/\/dfvcg-events.de\/zdae\/kontakt\/","name":"Kontakt - Zukunftsdialog Agrar & Ern\u00e4hrung 23. April 2024 - Berlin","isPartOf":{"@id":"https:\/\/dfvcg-events.de\/zdae\/#website"},"datePublished":"2020-03-19T23:08:07+00:00","dateModified":"2024-02-20T09:51:21+00:00","description":"Bei Fragen rund um den Zukunftsdialog Agrar und Ern\u00e4hrung stehen wir Ihnen mit unserem Veranstaltungsteam sehr gerne zur Verf\u00fcgung.","breadcrumb":{"@id":"https:\/\/dfvcg-events.de\/zdae\/kontakt\/#breadcrumb"},"inLanguage":"de","potentialAction":[{"@type":"ReadAction","target":["https:\/\/dfvcg-events.de\/zdae\/kontakt\/"]}]},{"@type":"BreadcrumbList","@id":"https:\/\/dfvcg-events.de\/zdae\/kontakt\/#breadcrumb","itemListElement":[{"@type":"ListItem","position":1,"name":"Startseite","item":"https:\/\/dfvcg-events.de\/zdae\/"},{"@type":"ListItem","position":2,"name":"Kontakt"}]},{"@type":"WebSite","@id":"https:\/\/dfvcg-events.de\/zdae\/#website","url":"https:\/\/dfvcg-events.de\/zdae\/","name":"Zukunftsdialog Agrar & Ern\u00e4hrung","description":"dfv Conference Group","potentialAction":[{"@type":"SearchAction","target":{"@type":"EntryPoint","urlTemplate":"https:\/\/dfvcg-events.de\/zdae\/?s={search_term_string}"},"query-input":{"@type":"PropertyValueSpecification","valueRequired":true,"valueName":"search_term_string"}}],"inLanguage":"de"}]}},"_links":{"self":[{"href":"https:\/\/dfvcg-events.de\/zdae\/wp-json\/wp\/v2\/pages\/234","targetHints":{"allow":["GET"]}}],"collection":[{"href":"https:\/\/dfvcg-events.de\/zdae\/wp-json\/wp\/v2\/pages"}],"about":[{"href":"https:\/\/dfvcg-events.de\/zdae\/wp-json\/wp\/v2\/types\/page"}],"author":[{"embeddable":true,"href":"https:\/\/dfvcg-events.de\/zdae\/wp-json\/wp\/v2\/users\/1"}],"replies":[{"embeddable":true,"href":"https:\/\/dfvcg-events.de\/zdae\/wp-json\/wp\/v2\/comments?post=234"}],"version-history":[{"count":0,"href":"https:\/\/dfvcg-events.de\/zdae\/wp-json\/wp\/v2\/pages\/234\/revisions"}],"wp:attachment":[{"href":"https:\/\/dfvcg-events.de\/zdae\/wp-json\/wp\/v2\/media?parent=234"}],"curies":[{"name":"wp","href":"https:\/\/api.w.org\/{rel}","templated":true}]}}