{"id":2474,"date":"2023-10-04T14:39:14","date_gmt":"2023-10-04T12:39:14","guid":{"rendered":"https:\/\/dfvcg-events.de\/wirtschaftsforum-agrarzeitung\/?post_type=portfolio&#038;p=2474"},"modified":"2023-10-04T14:39:14","modified_gmt":"2023-10-04T12:39:14","slug":"christian-pohl","status":"publish","type":"portfolio","link":"https:\/\/dfvcg-events.de\/wirtschaftsforum-agrarzeitung\/vortragend\/christian-pohl\/","title":{"rendered":"Christian Pohl"},"content":{"rendered":"\n<style type=\"text\/css\" data-created_by=\"avia_inline_auto\" id=\"style-css-av-1hpil-9666fe4db9abbb55e16afcaa46b74565\">\n.flex_column.av-1hpil-9666fe4db9abbb55e16afcaa46b74565{\nborder-radius:0px 0px 0px 0px;\npadding:0px 0px 0px 0px;\n}\n<\/style>\n<div  class='flex_column av-1hpil-9666fe4db9abbb55e16afcaa46b74565 av_one_third  avia-builder-el-0  el_before_av_two_third  avia-builder-el-first  first flex_column_div av-zero-column-padding  '     ><style type=\"text\/css\" data-created_by=\"avia_inline_auto\" id=\"style-css-av-k7z57foz-a5d2d6c15cf026d786f07eaed900306c\">\n.avia-image-container.av-k7z57foz-a5d2d6c15cf026d786f07eaed900306c img.avia_image{\nbox-shadow:none;\n}\n.avia-image-container.av-k7z57foz-a5d2d6c15cf026d786f07eaed900306c .av-image-caption-overlay-center{\ncolor:#ffffff;\n}\n<\/style>\n<div  class='avia-image-container av-k7z57foz-a5d2d6c15cf026d786f07eaed900306c av-styling-no-styling avia-align-center  avia-builder-el-1  avia-builder-el-no-sibling '   itemprop=\"image\" itemscope=\"itemscope\" itemtype=\"https:\/\/schema.org\/ImageObject\" ><div class=\"avia-image-container-inner\"><div class=\"avia-image-overlay-wrap\"><img decoding=\"async\" fetchpriority=\"high\" class='wp-image-2475 avia-img-lazy-loading-not-2475 avia_image ' src=\"https:\/\/dfvcg-events.de\/wirtschaftsforum-agrarzeitung\/wp-content\/uploads\/sites\/40\/2023\/10\/Christian-Pohl-Rentenbank.jpg\" alt='' title='Christian Pohl-Rentenbank'  height=\"800\" width=\"600\"  itemprop=\"thumbnailUrl\"  \/><\/div><\/div><\/div><\/div>\n<style type=\"text\/css\" data-created_by=\"avia_inline_auto\" id=\"style-css-av-q939-36bd9e2970eba44b209398e6adaba9f5\">\n.flex_column.av-q939-36bd9e2970eba44b209398e6adaba9f5{\nborder-radius:0px 0px 0px 0px;\npadding:0px 0px 0px 0px;\n}\n<\/style>\n<div  class='flex_column av-q939-36bd9e2970eba44b209398e6adaba9f5 av_two_third  avia-builder-el-2  el_after_av_one_third  avia-builder-el-last  flex_column_div av-zero-column-padding  '     ><p>\n<style type=\"text\/css\" data-created_by=\"avia_inline_auto\" id=\"style-css-av-kaux4tv8-26cc75c2e92b67ef379e99d5899c2198\">\n#top .av-special-heading.av-kaux4tv8-26cc75c2e92b67ef379e99d5899c2198{\npadding-bottom:10px;\n}\nbody .av-special-heading.av-kaux4tv8-26cc75c2e92b67ef379e99d5899c2198 .av-special-heading-tag .heading-char{\nfont-size:25px;\n}\n.av-special-heading.av-kaux4tv8-26cc75c2e92b67ef379e99d5899c2198 .av-subheading{\nfont-size:19px;\n}\n<\/style>\n<div  class='av-special-heading av-kaux4tv8-26cc75c2e92b67ef379e99d5899c2198 av-special-heading-h2 blockquote modern-quote  avia-builder-el-3  el_before_av_textblock  avia-builder-el-first '><h2 class='av-special-heading-tag '  itemprop=\"headline\"  >Christian Pohl<\/h2><div class='av-subheading av-subheading_below'><p>Presse &amp; Kommunikation<br \/>\nRentenbank<\/p>\n<\/div><div class=\"special-heading-border\"><div class=\"special-heading-inner-border\"><\/div><\/div><\/div><br \/>\n<section  class='av_textblock_section av-k7yuci90-cc8f536f476c354fb273c6b3e8aa0dbd '   itemscope=\"itemscope\" itemtype=\"https:\/\/schema.org\/CreativeWork\" ><div class='avia_textblock'  itemprop=\"text\" ><p>Christian Pohl hat Agrarwissenschaften an den Universit\u00e4ten Bonn und Berlin studiert. Nach beruflichen Stationen u.a. beim Bund \u00d6kologische Lebensmittelwirtschaft e.V. und dem Johann-Heinrich-von-Th\u00fcnen-Institut in Braunschweig ist er seit 2008 bei der Landwirtschaftlichen Rentenbank in Frankfurt am Main t\u00e4tig. Seit Oktober 2021 ist er dort Pressesprecher und leitet die Abteilung Presse und Kommunikation. Zudem ist er seit 2008 Gesch\u00e4ftsf\u00fchrer der Edmund Rehwinkel-Stiftung der Rentenbank.<\/p>\n<\/div><\/section><\/p><\/div><\/p>\n","protected":false},"excerpt":{"rendered":"<p>Rentenbank <\/p>\n","protected":false},"author":25,"featured_media":2475,"comment_status":"closed","ping_status":"closed","template":"","meta":{"footnotes":""},"tags":[],"portfolio_entries":[39],"class_list":["post-2474","portfolio","type-portfolio","status-publish","has-post-thumbnail","hentry","portfolio_entries-jury2023"],"yoast_head":"<!-- This site is optimized with the Yoast SEO plugin v27.4 - https:\/\/yoast.com\/product\/yoast-seo-wordpress\/ -->\n<title>Referent: Christian Pohl | Wirtschaftsforum der agrarzeitung<\/title>\n<meta name=\"description\" content=\"Wirtschaftsforum der agrarzeitung | Interessante Referenten warten auf Sie. Unter anderem stehtChristian Pohl auf der B\u00fchne.\" \/>\n<meta name=\"robots\" content=\"index, follow, max-snippet:-1, max-image-preview:large, max-video-preview:-1\" \/>\n<link rel=\"canonical\" href=\"https:\/\/dfvcg-events.de\/wirtschaftsforum-agrarzeitung\/vortragend\/christian-pohl\/\" \/>\n<meta property=\"og:locale\" content=\"de_DE\" \/>\n<meta property=\"og:type\" content=\"article\" \/>\n<meta property=\"og:title\" content=\"Referent: Christian Pohl | Wirtschaftsforum der agrarzeitung\" \/>\n<meta property=\"og:description\" content=\"Wirtschaftsforum der agrarzeitung | Interessante Referenten warten auf Sie. Unter anderem stehtChristian Pohl auf der B\u00fchne.\" \/>\n<meta property=\"og:url\" content=\"https:\/\/dfvcg-events.de\/wirtschaftsforum-agrarzeitung\/vortragend\/christian-pohl\/\" \/>\n<meta property=\"og:site_name\" content=\"Wirtschaftsforum der agrarzeitung\" \/>\n<meta property=\"og:image\" content=\"https:\/\/dfvcg-events.de\/wirtschaftsforum-agrarzeitung\/wp-content\/uploads\/sites\/40\/2023\/10\/Christian-Pohl-Rentenbank.jpg\" \/>\n\t<meta property=\"og:image:width\" content=\"600\" \/>\n\t<meta property=\"og:image:height\" content=\"800\" \/>\n\t<meta property=\"og:image:type\" content=\"image\/jpeg\" \/>\n<meta name=\"twitter:card\" content=\"summary_large_image\" \/>\n<meta name=\"twitter:label1\" content=\"Gesch\u00e4tzte Lesezeit\" \/>\n\t<meta name=\"twitter:data1\" content=\"2\u00a0Minuten\" \/>\n<script type=\"application\/ld+json\" class=\"yoast-schema-graph\">{\"@context\":\"https:\\\/\\\/schema.org\",\"@graph\":[{\"@type\":\"WebPage\",\"@id\":\"https:\\\/\\\/dfvcg-events.de\\\/wirtschaftsforum-agrarzeitung\\\/vortragend\\\/christian-pohl\\\/\",\"url\":\"https:\\\/\\\/dfvcg-events.de\\\/wirtschaftsforum-agrarzeitung\\\/vortragend\\\/christian-pohl\\\/\",\"name\":\"Referent: Christian Pohl | Wirtschaftsforum der agrarzeitung\",\"isPartOf\":{\"@id\":\"https:\\\/\\\/dfvcg-events.de\\\/wirtschaftsforum-agrarzeitung\\\/#website\"},\"primaryImageOfPage\":{\"@id\":\"https:\\\/\\\/dfvcg-events.de\\\/wirtschaftsforum-agrarzeitung\\\/vortragend\\\/christian-pohl\\\/#primaryimage\"},\"image\":{\"@id\":\"https:\\\/\\\/dfvcg-events.de\\\/wirtschaftsforum-agrarzeitung\\\/vortragend\\\/christian-pohl\\\/#primaryimage\"},\"thumbnailUrl\":\"https:\\\/\\\/dfvcg-events.de\\\/wirtschaftsforum-agrarzeitung\\\/wp-content\\\/uploads\\\/sites\\\/40\\\/2023\\\/10\\\/Christian-Pohl-Rentenbank.jpg\",\"datePublished\":\"2023-10-04T12:39:14+00:00\",\"description\":\"Wirtschaftsforum der agrarzeitung | Interessante Referenten warten auf Sie. Unter anderem stehtChristian Pohl auf der B\u00fchne.\",\"breadcrumb\":{\"@id\":\"https:\\\/\\\/dfvcg-events.de\\\/wirtschaftsforum-agrarzeitung\\\/vortragend\\\/christian-pohl\\\/#breadcrumb\"},\"inLanguage\":\"de\",\"potentialAction\":[{\"@type\":\"ReadAction\",\"target\":[\"https:\\\/\\\/dfvcg-events.de\\\/wirtschaftsforum-agrarzeitung\\\/vortragend\\\/christian-pohl\\\/\"]}]},{\"@type\":\"ImageObject\",\"inLanguage\":\"de\",\"@id\":\"https:\\\/\\\/dfvcg-events.de\\\/wirtschaftsforum-agrarzeitung\\\/vortragend\\\/christian-pohl\\\/#primaryimage\",\"url\":\"https:\\\/\\\/dfvcg-events.de\\\/wirtschaftsforum-agrarzeitung\\\/wp-content\\\/uploads\\\/sites\\\/40\\\/2023\\\/10\\\/Christian-Pohl-Rentenbank.jpg\",\"contentUrl\":\"https:\\\/\\\/dfvcg-events.de\\\/wirtschaftsforum-agrarzeitung\\\/wp-content\\\/uploads\\\/sites\\\/40\\\/2023\\\/10\\\/Christian-Pohl-Rentenbank.jpg\",\"width\":600,\"height\":800},{\"@type\":\"BreadcrumbList\",\"@id\":\"https:\\\/\\\/dfvcg-events.de\\\/wirtschaftsforum-agrarzeitung\\\/vortragend\\\/christian-pohl\\\/#breadcrumb\",\"itemListElement\":[{\"@type\":\"ListItem\",\"position\":1,\"name\":\"Startseite\",\"item\":\"https:\\\/\\\/dfvcg-events.de\\\/wirtschaftsforum-agrarzeitung\\\/\"},{\"@type\":\"ListItem\",\"position\":2,\"name\":\"Christian Pohl\"}]},{\"@type\":\"WebSite\",\"@id\":\"https:\\\/\\\/dfvcg-events.de\\\/wirtschaftsforum-agrarzeitung\\\/#website\",\"url\":\"https:\\\/\\\/dfvcg-events.de\\\/wirtschaftsforum-agrarzeitung\\\/\",\"name\":\"Wirtschaftsforum der agrarzeitung\",\"description\":\"dfv Conference Group\",\"publisher\":{\"@id\":\"https:\\\/\\\/dfvcg-events.de\\\/wirtschaftsforum-agrarzeitung\\\/#organization\"},\"alternateName\":\"dfv Conference Group\",\"potentialAction\":[{\"@type\":\"SearchAction\",\"target\":{\"@type\":\"EntryPoint\",\"urlTemplate\":\"https:\\\/\\\/dfvcg-events.de\\\/wirtschaftsforum-agrarzeitung\\\/?s={search_term_string}\"},\"query-input\":{\"@type\":\"PropertyValueSpecification\",\"valueRequired\":true,\"valueName\":\"search_term_string\"}}],\"inLanguage\":\"de\"},{\"@type\":\"Organization\",\"@id\":\"https:\\\/\\\/dfvcg-events.de\\\/wirtschaftsforum-agrarzeitung\\\/#organization\",\"name\":\"Wirtschaftsforum der agrarzeitung\",\"alternateName\":\"dfv Conference Group\",\"url\":\"https:\\\/\\\/dfvcg-events.de\\\/wirtschaftsforum-agrarzeitung\\\/\",\"logo\":{\"@type\":\"ImageObject\",\"inLanguage\":\"de\",\"@id\":\"https:\\\/\\\/dfvcg-events.de\\\/wirtschaftsforum-agrarzeitung\\\/#\\\/schema\\\/logo\\\/image\\\/\",\"url\":\"https:\\\/\\\/dfvcg-events.de\\\/wirtschaftsforum-agrarzeitung\\\/wp-content\\\/uploads\\\/sites\\\/40\\\/2023\\\/04\\\/wirtschaftsforum-agrarzeitung-key-visual-2023.jpg\",\"contentUrl\":\"https:\\\/\\\/dfvcg-events.de\\\/wirtschaftsforum-agrarzeitung\\\/wp-content\\\/uploads\\\/sites\\\/40\\\/2023\\\/04\\\/wirtschaftsforum-agrarzeitung-key-visual-2023.jpg\",\"width\":800,\"height\":800,\"caption\":\"Wirtschaftsforum der agrarzeitung\"},\"image\":{\"@id\":\"https:\\\/\\\/dfvcg-events.de\\\/wirtschaftsforum-agrarzeitung\\\/#\\\/schema\\\/logo\\\/image\\\/\"}}]}<\/script>\n<!-- \/ Yoast SEO plugin. -->","yoast_head_json":{"title":"Referent: Christian Pohl | Wirtschaftsforum der agrarzeitung","description":"Wirtschaftsforum der agrarzeitung | Interessante Referenten warten auf Sie. Unter anderem stehtChristian Pohl auf der B\u00fchne.","robots":{"index":"index","follow":"follow","max-snippet":"max-snippet:-1","max-image-preview":"max-image-preview:large","max-video-preview":"max-video-preview:-1"},"canonical":"https:\/\/dfvcg-events.de\/wirtschaftsforum-agrarzeitung\/vortragend\/christian-pohl\/","og_locale":"de_DE","og_type":"article","og_title":"Referent: Christian Pohl | Wirtschaftsforum der agrarzeitung","og_description":"Wirtschaftsforum der agrarzeitung | Interessante Referenten warten auf Sie. Unter anderem stehtChristian Pohl auf der B\u00fchne.","og_url":"https:\/\/dfvcg-events.de\/wirtschaftsforum-agrarzeitung\/vortragend\/christian-pohl\/","og_site_name":"Wirtschaftsforum der agrarzeitung","og_image":[{"width":600,"height":800,"url":"https:\/\/dfvcg-events.de\/wirtschaftsforum-agrarzeitung\/wp-content\/uploads\/sites\/40\/2023\/10\/Christian-Pohl-Rentenbank.jpg","type":"image\/jpeg"}],"twitter_card":"summary_large_image","twitter_misc":{"Gesch\u00e4tzte Lesezeit":"2\u00a0Minuten"},"schema":{"@context":"https:\/\/schema.org","@graph":[{"@type":"WebPage","@id":"https:\/\/dfvcg-events.de\/wirtschaftsforum-agrarzeitung\/vortragend\/christian-pohl\/","url":"https:\/\/dfvcg-events.de\/wirtschaftsforum-agrarzeitung\/vortragend\/christian-pohl\/","name":"Referent: Christian Pohl | Wirtschaftsforum der agrarzeitung","isPartOf":{"@id":"https:\/\/dfvcg-events.de\/wirtschaftsforum-agrarzeitung\/#website"},"primaryImageOfPage":{"@id":"https:\/\/dfvcg-events.de\/wirtschaftsforum-agrarzeitung\/vortragend\/christian-pohl\/#primaryimage"},"image":{"@id":"https:\/\/dfvcg-events.de\/wirtschaftsforum-agrarzeitung\/vortragend\/christian-pohl\/#primaryimage"},"thumbnailUrl":"https:\/\/dfvcg-events.de\/wirtschaftsforum-agrarzeitung\/wp-content\/uploads\/sites\/40\/2023\/10\/Christian-Pohl-Rentenbank.jpg","datePublished":"2023-10-04T12:39:14+00:00","description":"Wirtschaftsforum der agrarzeitung | Interessante Referenten warten auf Sie. Unter anderem stehtChristian Pohl auf der B\u00fchne.","breadcrumb":{"@id":"https:\/\/dfvcg-events.de\/wirtschaftsforum-agrarzeitung\/vortragend\/christian-pohl\/#breadcrumb"},"inLanguage":"de","potentialAction":[{"@type":"ReadAction","target":["https:\/\/dfvcg-events.de\/wirtschaftsforum-agrarzeitung\/vortragend\/christian-pohl\/"]}]},{"@type":"ImageObject","inLanguage":"de","@id":"https:\/\/dfvcg-events.de\/wirtschaftsforum-agrarzeitung\/vortragend\/christian-pohl\/#primaryimage","url":"https:\/\/dfvcg-events.de\/wirtschaftsforum-agrarzeitung\/wp-content\/uploads\/sites\/40\/2023\/10\/Christian-Pohl-Rentenbank.jpg","contentUrl":"https:\/\/dfvcg-events.de\/wirtschaftsforum-agrarzeitung\/wp-content\/uploads\/sites\/40\/2023\/10\/Christian-Pohl-Rentenbank.jpg","width":600,"height":800},{"@type":"BreadcrumbList","@id":"https:\/\/dfvcg-events.de\/wirtschaftsforum-agrarzeitung\/vortragend\/christian-pohl\/#breadcrumb","itemListElement":[{"@type":"ListItem","position":1,"name":"Startseite","item":"https:\/\/dfvcg-events.de\/wirtschaftsforum-agrarzeitung\/"},{"@type":"ListItem","position":2,"name":"Christian Pohl"}]},{"@type":"WebSite","@id":"https:\/\/dfvcg-events.de\/wirtschaftsforum-agrarzeitung\/#website","url":"https:\/\/dfvcg-events.de\/wirtschaftsforum-agrarzeitung\/","name":"Wirtschaftsforum der agrarzeitung","description":"dfv Conference Group","publisher":{"@id":"https:\/\/dfvcg-events.de\/wirtschaftsforum-agrarzeitung\/#organization"},"alternateName":"dfv Conference Group","potentialAction":[{"@type":"SearchAction","target":{"@type":"EntryPoint","urlTemplate":"https:\/\/dfvcg-events.de\/wirtschaftsforum-agrarzeitung\/?s={search_term_string}"},"query-input":{"@type":"PropertyValueSpecification","valueRequired":true,"valueName":"search_term_string"}}],"inLanguage":"de"},{"@type":"Organization","@id":"https:\/\/dfvcg-events.de\/wirtschaftsforum-agrarzeitung\/#organization","name":"Wirtschaftsforum der agrarzeitung","alternateName":"dfv Conference Group","url":"https:\/\/dfvcg-events.de\/wirtschaftsforum-agrarzeitung\/","logo":{"@type":"ImageObject","inLanguage":"de","@id":"https:\/\/dfvcg-events.de\/wirtschaftsforum-agrarzeitung\/#\/schema\/logo\/image\/","url":"https:\/\/dfvcg-events.de\/wirtschaftsforum-agrarzeitung\/wp-content\/uploads\/sites\/40\/2023\/04\/wirtschaftsforum-agrarzeitung-key-visual-2023.jpg","contentUrl":"https:\/\/dfvcg-events.de\/wirtschaftsforum-agrarzeitung\/wp-content\/uploads\/sites\/40\/2023\/04\/wirtschaftsforum-agrarzeitung-key-visual-2023.jpg","width":800,"height":800,"caption":"Wirtschaftsforum der agrarzeitung"},"image":{"@id":"https:\/\/dfvcg-events.de\/wirtschaftsforum-agrarzeitung\/#\/schema\/logo\/image\/"}}]}},"_links":{"self":[{"href":"https:\/\/dfvcg-events.de\/wirtschaftsforum-agrarzeitung\/wp-json\/wp\/v2\/portfolio\/2474","targetHints":{"allow":["GET"]}}],"collection":[{"href":"https:\/\/dfvcg-events.de\/wirtschaftsforum-agrarzeitung\/wp-json\/wp\/v2\/portfolio"}],"about":[{"href":"https:\/\/dfvcg-events.de\/wirtschaftsforum-agrarzeitung\/wp-json\/wp\/v2\/types\/portfolio"}],"author":[{"embeddable":true,"href":"https:\/\/dfvcg-events.de\/wirtschaftsforum-agrarzeitung\/wp-json\/wp\/v2\/users\/25"}],"replies":[{"embeddable":true,"href":"https:\/\/dfvcg-events.de\/wirtschaftsforum-agrarzeitung\/wp-json\/wp\/v2\/comments?post=2474"}],"version-history":[{"count":0,"href":"https:\/\/dfvcg-events.de\/wirtschaftsforum-agrarzeitung\/wp-json\/wp\/v2\/portfolio\/2474\/revisions"}],"wp:featuredmedia":[{"embeddable":true,"href":"https:\/\/dfvcg-events.de\/wirtschaftsforum-agrarzeitung\/wp-json\/wp\/v2\/media\/2475"}],"wp:attachment":[{"href":"https:\/\/dfvcg-events.de\/wirtschaftsforum-agrarzeitung\/wp-json\/wp\/v2\/media?parent=2474"}],"wp:term":[{"taxonomy":"post_tag","embeddable":true,"href":"https:\/\/dfvcg-events.de\/wirtschaftsforum-agrarzeitung\/wp-json\/wp\/v2\/tags?post=2474"},{"taxonomy":"portfolio_entries","embeddable":true,"href":"https:\/\/dfvcg-events.de\/wirtschaftsforum-agrarzeitung\/wp-json\/wp\/v2\/portfolio_entries?post=2474"}],"curies":[{"name":"wp","href":"https:\/\/api.w.org\/{rel}","templated":true}]}}