{"id":1411,"date":"2022-04-19T11:20:42","date_gmt":"2022-04-19T09:20:42","guid":{"rendered":"https:\/\/dfvcg-events.de\/agrar-wirtschaftsforum\/?post_type=portfolio&#038;p=1411"},"modified":"2023-04-21T11:00:13","modified_gmt":"2023-04-21T09:00:13","slug":"saskia-strutzke","status":"publish","type":"portfolio","link":"https:\/\/dfvcg-events.de\/wirtschaftsforum-agrarzeitung\/vortragend\/saskia-strutzke\/","title":{"rendered":"Saskia Strutzke"},"content":{"rendered":"\n<style type=\"text\/css\" data-created_by=\"avia_inline_auto\" id=\"style-css-av-1hpil-9666fe4db9abbb55e16afcaa46b74565\">\n.flex_column.av-1hpil-9666fe4db9abbb55e16afcaa46b74565{\nborder-radius:0px 0px 0px 0px;\npadding:0px 0px 0px 0px;\n}\n<\/style>\n<div  class='flex_column av-1hpil-9666fe4db9abbb55e16afcaa46b74565 av_one_third  avia-builder-el-0  el_before_av_two_third  avia-builder-el-first  first flex_column_div av-zero-column-padding  '     ><style type=\"text\/css\" data-created_by=\"avia_inline_auto\" id=\"style-css-av-k7z57foz-a14d245a024b374de5a2e480cc077e19\">\n.avia-image-container.av-k7z57foz-a14d245a024b374de5a2e480cc077e19 img.avia_image{\nbox-shadow:none;\n}\n.avia-image-container.av-k7z57foz-a14d245a024b374de5a2e480cc077e19 .av-image-caption-overlay-center{\ncolor:#ffffff;\n}\n<\/style>\n<div  class='avia-image-container av-k7z57foz-a14d245a024b374de5a2e480cc077e19 av-styling-no-styling avia-align-center  avia-builder-el-1  avia-builder-el-no-sibling '   itemprop=\"image\" itemscope=\"itemscope\" itemtype=\"https:\/\/schema.org\/ImageObject\" ><div class=\"avia-image-container-inner\"><div class=\"avia-image-overlay-wrap\"><img decoding=\"async\" fetchpriority=\"high\" class='wp-image-1428 avia-img-lazy-loading-not-1428 avia_image ' src=\"https:\/\/dfvcg-events.de\/wirtschaftsforum-agrarzeitung\/wp-content\/uploads\/sites\/40\/2022\/04\/Saskia-Strutzke_web.jpg\" alt='' title='Saskia Strutzke_web'  height=\"800\" width=\"600\"  itemprop=\"thumbnailUrl\"  \/><\/div><\/div><\/div><\/div>\n\n<style type=\"text\/css\" data-created_by=\"avia_inline_auto\" id=\"style-css-av-q939-36bd9e2970eba44b209398e6adaba9f5\">\n.flex_column.av-q939-36bd9e2970eba44b209398e6adaba9f5{\nborder-radius:0px 0px 0px 0px;\npadding:0px 0px 0px 0px;\n}\n<\/style>\n<div  class='flex_column av-q939-36bd9e2970eba44b209398e6adaba9f5 av_two_third  avia-builder-el-2  el_after_av_one_third  avia-builder-el-last  flex_column_div av-zero-column-padding  '     ><p>\n<style type=\"text\/css\" data-created_by=\"avia_inline_auto\" id=\"style-css-av-kaux4tv8-f2b4cc62e54e645da682560f3a469c9b\">\n#top .av-special-heading.av-kaux4tv8-f2b4cc62e54e645da682560f3a469c9b{\npadding-bottom:10px;\n}\nbody .av-special-heading.av-kaux4tv8-f2b4cc62e54e645da682560f3a469c9b .av-special-heading-tag .heading-char{\nfont-size:25px;\n}\n.av-special-heading.av-kaux4tv8-f2b4cc62e54e645da682560f3a469c9b .av-subheading{\nfont-size:19px;\n}\n<\/style>\n<div  class='av-special-heading av-kaux4tv8-f2b4cc62e54e645da682560f3a469c9b av-special-heading-h2 blockquote modern-quote  avia-builder-el-3  el_before_av_textblock  avia-builder-el-first '><h2 class='av-special-heading-tag '  itemprop=\"headline\"  >Saskia Strutzke<\/h2><div class='av-subheading av-subheading_below'><p>F\u00f6rderpreistr\u00e4gerin 2018<\/p>\n<\/div><div class=\"special-heading-border\"><div class=\"special-heading-inner-border\"><\/div><\/div><\/div><br \/>\n<section  class='av_textblock_section av-k7yuci90-f8534781240039b49d63e38b610912bf '   itemscope=\"itemscope\" itemtype=\"https:\/\/schema.org\/CreativeWork\" ><div class='avia_textblock'  itemprop=\"text\" ><p>\u201eMein Kollege hat mir so leidgetan\u201c, erz\u00e4hlt die 30-j\u00e4hrige Agrarwissenschaftlerin augenzwinkernd. Als Saskia Strutzke erfuhr, wie dieser jeden Atemzug der Kuh per Augenma\u00df z\u00e4hlen musste, um die Atemfrequenz des Tieres zu bestimmen, weckte das ihren Erfindergeist. Mittlerweile hat die ungezwungen wirkende junge Frau gemeinsam mit ihrem Partner und dem Leibniz-Institut f\u00fcr Agrartechnik und Bio\u00f6konomie (ATB) ein Patent f\u00fcr ihr Atemfrequenzger\u00e4t angemeldet, das sie liebevoll \u201eStalldetektiv\u201c nennt.<\/p>\n<p>Ihr System ist deutlich intelligenter als handels\u00fcbliche. Um gestresste Tiere fr\u00fchzeitig f\u00fcr Landwirte sichtbar zu machen, misst das Ger\u00e4t neben der Atemfrequenz auch deren Atemverhalten. \u201eWenn das Atemverhalten stark abweicht, stimmt etwas nicht\u201c, wei\u00df die ehemalige Mitarbeiterin des ATB, die sich nun voll und ganz auf ihr Projekt konzentrieren will. Dar\u00fcber hinaus nimmt der Stalldetektiv Wiederkau-Raten und Laut\u00e4u\u00dferungen auf. Aus diesen Daten, erkl\u00e4rt die Erfinderin, lassen sich R\u00fcckschl\u00fcsse auf akute Stresssituationen ableiten.<\/p>\n<p>Das wird mit gro\u00dfer Wahrscheinlichkeit sowohl die Wissenschaft voranbringen als auch Praktikern im Stall die Arbeit erleichtern. Die k\u00f6nnten die Gesundheit ihrer K\u00fche k\u00fcnftig per App aus dem Badeurlaub \u00fcberwachen, so Strutzke. Die Idee f\u00fcr den Stalldetektiv hat Strutzke quasi im Wohnzimmer gemeinsam mit ihrem Partner, dem Softwareentwickler Daniel Fiske, ausget\u00fcftelt. Mit R\u00fcckendeckung ihres damaligen Arbeitgebers ATB hat sie bereits ein Gr\u00fcnderstipendium beantragt, um schon bald gemeinsam mit einer ehemaligen Arbeitskollegin ihre eigene Firma zu leiten.<\/p>\n<p>Vor ihrem Masterstudium mit Schwerpunkt Nutztierwissenschaften an der Universit\u00e4t G\u00f6ttingen lie\u00df sich Strutzke zur veterin\u00e4rmedizinischen Fachangestellten ausbilden. Ihre \u201eLiebe zu Tieren\u201c ist ihr Antrieb, schlie\u00dflich soll ihr System nicht nur Leistungseinbr\u00fcche verhindern, sondern Herdenmanagern Informationen an die Hand geben, um sowohl Husten zu lindern als auch Stoffwechselerkrankungen oder Entz\u00fcndungen m\u00f6glichst fr\u00fch zu detektieren.<\/p>\n<\/div><\/section><\/p><\/div>\n","protected":false},"excerpt":{"rendered":"<p>F\u00f6rderpreistr\u00e4gerin 2018<\/p>\n","protected":false},"author":25,"featured_media":1428,"comment_status":"closed","ping_status":"closed","template":"","meta":{"footnotes":""},"tags":[],"portfolio_entries":[36,38],"class_list":["post-1411","portfolio","type-portfolio","status-publish","has-post-thumbnail","hentry","portfolio_entries-preistraeaeger","portfolio_entries-preistraeger"],"yoast_head":"<!-- This site is optimized with the Yoast SEO plugin v27.4 - https:\/\/yoast.com\/product\/yoast-seo-wordpress\/ -->\n<title>Referent: Saskia Strutzke | Wirtschaftsforum der agrarzeitung<\/title>\n<meta name=\"description\" content=\"Wirtschaftsforum der agrarzeitung | Begr\u00fc\u00dfen Sie auf der B\u00fchne: Saskia Strutzke\" \/>\n<meta name=\"robots\" content=\"index, follow, max-snippet:-1, max-image-preview:large, max-video-preview:-1\" \/>\n<link rel=\"canonical\" href=\"https:\/\/dfvcg-events.de\/wirtschaftsforum-agrarzeitung\/vortragend\/saskia-strutzke\/\" \/>\n<meta property=\"og:locale\" content=\"de_DE\" \/>\n<meta property=\"og:type\" content=\"article\" \/>\n<meta property=\"og:title\" content=\"Referent: Saskia Strutzke | Wirtschaftsforum der agrarzeitung\" \/>\n<meta property=\"og:description\" content=\"Wirtschaftsforum der agrarzeitung | Begr\u00fc\u00dfen Sie auf der B\u00fchne: Saskia Strutzke\" \/>\n<meta property=\"og:url\" content=\"https:\/\/dfvcg-events.de\/wirtschaftsforum-agrarzeitung\/vortragend\/saskia-strutzke\/\" \/>\n<meta property=\"og:site_name\" content=\"Wirtschaftsforum der agrarzeitung\" \/>\n<meta property=\"article:modified_time\" content=\"2023-04-21T09:00:13+00:00\" \/>\n<meta property=\"og:image\" content=\"https:\/\/dfvcg-events.de\/wirtschaftsforum-agrarzeitung\/wp-content\/uploads\/sites\/40\/2022\/04\/Saskia-Strutzke_web.jpg\" \/>\n\t<meta property=\"og:image:width\" content=\"600\" \/>\n\t<meta property=\"og:image:height\" content=\"800\" \/>\n\t<meta property=\"og:image:type\" content=\"image\/jpeg\" \/>\n<meta name=\"twitter:card\" content=\"summary_large_image\" \/>\n<meta name=\"twitter:label1\" content=\"Gesch\u00e4tzte Lesezeit\" \/>\n\t<meta name=\"twitter:data1\" content=\"3\u00a0Minuten\" \/>\n<script type=\"application\/ld+json\" class=\"yoast-schema-graph\">{\"@context\":\"https:\\\/\\\/schema.org\",\"@graph\":[{\"@type\":\"WebPage\",\"@id\":\"https:\\\/\\\/dfvcg-events.de\\\/wirtschaftsforum-agrarzeitung\\\/vortragend\\\/saskia-strutzke\\\/\",\"url\":\"https:\\\/\\\/dfvcg-events.de\\\/wirtschaftsforum-agrarzeitung\\\/vortragend\\\/saskia-strutzke\\\/\",\"name\":\"Referent: Saskia Strutzke | Wirtschaftsforum der agrarzeitung\",\"isPartOf\":{\"@id\":\"https:\\\/\\\/dfvcg-events.de\\\/wirtschaftsforum-agrarzeitung\\\/#website\"},\"primaryImageOfPage\":{\"@id\":\"https:\\\/\\\/dfvcg-events.de\\\/wirtschaftsforum-agrarzeitung\\\/vortragend\\\/saskia-strutzke\\\/#primaryimage\"},\"image\":{\"@id\":\"https:\\\/\\\/dfvcg-events.de\\\/wirtschaftsforum-agrarzeitung\\\/vortragend\\\/saskia-strutzke\\\/#primaryimage\"},\"thumbnailUrl\":\"https:\\\/\\\/dfvcg-events.de\\\/wirtschaftsforum-agrarzeitung\\\/wp-content\\\/uploads\\\/sites\\\/40\\\/2022\\\/04\\\/Saskia-Strutzke_web.jpg\",\"datePublished\":\"2022-04-19T09:20:42+00:00\",\"dateModified\":\"2023-04-21T09:00:13+00:00\",\"description\":\"Wirtschaftsforum der agrarzeitung | Begr\u00fc\u00dfen Sie auf der B\u00fchne: Saskia Strutzke\",\"breadcrumb\":{\"@id\":\"https:\\\/\\\/dfvcg-events.de\\\/wirtschaftsforum-agrarzeitung\\\/vortragend\\\/saskia-strutzke\\\/#breadcrumb\"},\"inLanguage\":\"de\",\"potentialAction\":[{\"@type\":\"ReadAction\",\"target\":[\"https:\\\/\\\/dfvcg-events.de\\\/wirtschaftsforum-agrarzeitung\\\/vortragend\\\/saskia-strutzke\\\/\"]}]},{\"@type\":\"ImageObject\",\"inLanguage\":\"de\",\"@id\":\"https:\\\/\\\/dfvcg-events.de\\\/wirtschaftsforum-agrarzeitung\\\/vortragend\\\/saskia-strutzke\\\/#primaryimage\",\"url\":\"https:\\\/\\\/dfvcg-events.de\\\/wirtschaftsforum-agrarzeitung\\\/wp-content\\\/uploads\\\/sites\\\/40\\\/2022\\\/04\\\/Saskia-Strutzke_web.jpg\",\"contentUrl\":\"https:\\\/\\\/dfvcg-events.de\\\/wirtschaftsforum-agrarzeitung\\\/wp-content\\\/uploads\\\/sites\\\/40\\\/2022\\\/04\\\/Saskia-Strutzke_web.jpg\",\"width\":600,\"height\":800},{\"@type\":\"BreadcrumbList\",\"@id\":\"https:\\\/\\\/dfvcg-events.de\\\/wirtschaftsforum-agrarzeitung\\\/vortragend\\\/saskia-strutzke\\\/#breadcrumb\",\"itemListElement\":[{\"@type\":\"ListItem\",\"position\":1,\"name\":\"Startseite\",\"item\":\"https:\\\/\\\/dfvcg-events.de\\\/wirtschaftsforum-agrarzeitung\\\/\"},{\"@type\":\"ListItem\",\"position\":2,\"name\":\"Saskia Strutzke\"}]},{\"@type\":\"WebSite\",\"@id\":\"https:\\\/\\\/dfvcg-events.de\\\/wirtschaftsforum-agrarzeitung\\\/#website\",\"url\":\"https:\\\/\\\/dfvcg-events.de\\\/wirtschaftsforum-agrarzeitung\\\/\",\"name\":\"Wirtschaftsforum der agrarzeitung\",\"description\":\"dfv Conference Group\",\"publisher\":{\"@id\":\"https:\\\/\\\/dfvcg-events.de\\\/wirtschaftsforum-agrarzeitung\\\/#organization\"},\"alternateName\":\"dfv Conference Group\",\"potentialAction\":[{\"@type\":\"SearchAction\",\"target\":{\"@type\":\"EntryPoint\",\"urlTemplate\":\"https:\\\/\\\/dfvcg-events.de\\\/wirtschaftsforum-agrarzeitung\\\/?s={search_term_string}\"},\"query-input\":{\"@type\":\"PropertyValueSpecification\",\"valueRequired\":true,\"valueName\":\"search_term_string\"}}],\"inLanguage\":\"de\"},{\"@type\":\"Organization\",\"@id\":\"https:\\\/\\\/dfvcg-events.de\\\/wirtschaftsforum-agrarzeitung\\\/#organization\",\"name\":\"Wirtschaftsforum der agrarzeitung\",\"alternateName\":\"dfv Conference Group\",\"url\":\"https:\\\/\\\/dfvcg-events.de\\\/wirtschaftsforum-agrarzeitung\\\/\",\"logo\":{\"@type\":\"ImageObject\",\"inLanguage\":\"de\",\"@id\":\"https:\\\/\\\/dfvcg-events.de\\\/wirtschaftsforum-agrarzeitung\\\/#\\\/schema\\\/logo\\\/image\\\/\",\"url\":\"https:\\\/\\\/dfvcg-events.de\\\/wirtschaftsforum-agrarzeitung\\\/wp-content\\\/uploads\\\/sites\\\/40\\\/2023\\\/04\\\/wirtschaftsforum-agrarzeitung-key-visual-2023.jpg\",\"contentUrl\":\"https:\\\/\\\/dfvcg-events.de\\\/wirtschaftsforum-agrarzeitung\\\/wp-content\\\/uploads\\\/sites\\\/40\\\/2023\\\/04\\\/wirtschaftsforum-agrarzeitung-key-visual-2023.jpg\",\"width\":800,\"height\":800,\"caption\":\"Wirtschaftsforum der agrarzeitung\"},\"image\":{\"@id\":\"https:\\\/\\\/dfvcg-events.de\\\/wirtschaftsforum-agrarzeitung\\\/#\\\/schema\\\/logo\\\/image\\\/\"}}]}<\/script>\n<!-- \/ Yoast SEO plugin. -->","yoast_head_json":{"title":"Referent: Saskia Strutzke | Wirtschaftsforum der agrarzeitung","description":"Wirtschaftsforum der agrarzeitung | Begr\u00fc\u00dfen Sie auf der B\u00fchne: Saskia Strutzke","robots":{"index":"index","follow":"follow","max-snippet":"max-snippet:-1","max-image-preview":"max-image-preview:large","max-video-preview":"max-video-preview:-1"},"canonical":"https:\/\/dfvcg-events.de\/wirtschaftsforum-agrarzeitung\/vortragend\/saskia-strutzke\/","og_locale":"de_DE","og_type":"article","og_title":"Referent: Saskia Strutzke | Wirtschaftsforum der agrarzeitung","og_description":"Wirtschaftsforum der agrarzeitung | Begr\u00fc\u00dfen Sie auf der B\u00fchne: Saskia Strutzke","og_url":"https:\/\/dfvcg-events.de\/wirtschaftsforum-agrarzeitung\/vortragend\/saskia-strutzke\/","og_site_name":"Wirtschaftsforum der agrarzeitung","article_modified_time":"2023-04-21T09:00:13+00:00","og_image":[{"width":600,"height":800,"url":"https:\/\/dfvcg-events.de\/wirtschaftsforum-agrarzeitung\/wp-content\/uploads\/sites\/40\/2022\/04\/Saskia-Strutzke_web.jpg","type":"image\/jpeg"}],"twitter_card":"summary_large_image","twitter_misc":{"Gesch\u00e4tzte Lesezeit":"3\u00a0Minuten"},"schema":{"@context":"https:\/\/schema.org","@graph":[{"@type":"WebPage","@id":"https:\/\/dfvcg-events.de\/wirtschaftsforum-agrarzeitung\/vortragend\/saskia-strutzke\/","url":"https:\/\/dfvcg-events.de\/wirtschaftsforum-agrarzeitung\/vortragend\/saskia-strutzke\/","name":"Referent: Saskia Strutzke | Wirtschaftsforum der agrarzeitung","isPartOf":{"@id":"https:\/\/dfvcg-events.de\/wirtschaftsforum-agrarzeitung\/#website"},"primaryImageOfPage":{"@id":"https:\/\/dfvcg-events.de\/wirtschaftsforum-agrarzeitung\/vortragend\/saskia-strutzke\/#primaryimage"},"image":{"@id":"https:\/\/dfvcg-events.de\/wirtschaftsforum-agrarzeitung\/vortragend\/saskia-strutzke\/#primaryimage"},"thumbnailUrl":"https:\/\/dfvcg-events.de\/wirtschaftsforum-agrarzeitung\/wp-content\/uploads\/sites\/40\/2022\/04\/Saskia-Strutzke_web.jpg","datePublished":"2022-04-19T09:20:42+00:00","dateModified":"2023-04-21T09:00:13+00:00","description":"Wirtschaftsforum der agrarzeitung | Begr\u00fc\u00dfen Sie auf der B\u00fchne: Saskia Strutzke","breadcrumb":{"@id":"https:\/\/dfvcg-events.de\/wirtschaftsforum-agrarzeitung\/vortragend\/saskia-strutzke\/#breadcrumb"},"inLanguage":"de","potentialAction":[{"@type":"ReadAction","target":["https:\/\/dfvcg-events.de\/wirtschaftsforum-agrarzeitung\/vortragend\/saskia-strutzke\/"]}]},{"@type":"ImageObject","inLanguage":"de","@id":"https:\/\/dfvcg-events.de\/wirtschaftsforum-agrarzeitung\/vortragend\/saskia-strutzke\/#primaryimage","url":"https:\/\/dfvcg-events.de\/wirtschaftsforum-agrarzeitung\/wp-content\/uploads\/sites\/40\/2022\/04\/Saskia-Strutzke_web.jpg","contentUrl":"https:\/\/dfvcg-events.de\/wirtschaftsforum-agrarzeitung\/wp-content\/uploads\/sites\/40\/2022\/04\/Saskia-Strutzke_web.jpg","width":600,"height":800},{"@type":"BreadcrumbList","@id":"https:\/\/dfvcg-events.de\/wirtschaftsforum-agrarzeitung\/vortragend\/saskia-strutzke\/#breadcrumb","itemListElement":[{"@type":"ListItem","position":1,"name":"Startseite","item":"https:\/\/dfvcg-events.de\/wirtschaftsforum-agrarzeitung\/"},{"@type":"ListItem","position":2,"name":"Saskia Strutzke"}]},{"@type":"WebSite","@id":"https:\/\/dfvcg-events.de\/wirtschaftsforum-agrarzeitung\/#website","url":"https:\/\/dfvcg-events.de\/wirtschaftsforum-agrarzeitung\/","name":"Wirtschaftsforum der agrarzeitung","description":"dfv Conference Group","publisher":{"@id":"https:\/\/dfvcg-events.de\/wirtschaftsforum-agrarzeitung\/#organization"},"alternateName":"dfv Conference Group","potentialAction":[{"@type":"SearchAction","target":{"@type":"EntryPoint","urlTemplate":"https:\/\/dfvcg-events.de\/wirtschaftsforum-agrarzeitung\/?s={search_term_string}"},"query-input":{"@type":"PropertyValueSpecification","valueRequired":true,"valueName":"search_term_string"}}],"inLanguage":"de"},{"@type":"Organization","@id":"https:\/\/dfvcg-events.de\/wirtschaftsforum-agrarzeitung\/#organization","name":"Wirtschaftsforum der agrarzeitung","alternateName":"dfv Conference Group","url":"https:\/\/dfvcg-events.de\/wirtschaftsforum-agrarzeitung\/","logo":{"@type":"ImageObject","inLanguage":"de","@id":"https:\/\/dfvcg-events.de\/wirtschaftsforum-agrarzeitung\/#\/schema\/logo\/image\/","url":"https:\/\/dfvcg-events.de\/wirtschaftsforum-agrarzeitung\/wp-content\/uploads\/sites\/40\/2023\/04\/wirtschaftsforum-agrarzeitung-key-visual-2023.jpg","contentUrl":"https:\/\/dfvcg-events.de\/wirtschaftsforum-agrarzeitung\/wp-content\/uploads\/sites\/40\/2023\/04\/wirtschaftsforum-agrarzeitung-key-visual-2023.jpg","width":800,"height":800,"caption":"Wirtschaftsforum der agrarzeitung"},"image":{"@id":"https:\/\/dfvcg-events.de\/wirtschaftsforum-agrarzeitung\/#\/schema\/logo\/image\/"}}]}},"_links":{"self":[{"href":"https:\/\/dfvcg-events.de\/wirtschaftsforum-agrarzeitung\/wp-json\/wp\/v2\/portfolio\/1411","targetHints":{"allow":["GET"]}}],"collection":[{"href":"https:\/\/dfvcg-events.de\/wirtschaftsforum-agrarzeitung\/wp-json\/wp\/v2\/portfolio"}],"about":[{"href":"https:\/\/dfvcg-events.de\/wirtschaftsforum-agrarzeitung\/wp-json\/wp\/v2\/types\/portfolio"}],"author":[{"embeddable":true,"href":"https:\/\/dfvcg-events.de\/wirtschaftsforum-agrarzeitung\/wp-json\/wp\/v2\/users\/25"}],"replies":[{"embeddable":true,"href":"https:\/\/dfvcg-events.de\/wirtschaftsforum-agrarzeitung\/wp-json\/wp\/v2\/comments?post=1411"}],"version-history":[{"count":0,"href":"https:\/\/dfvcg-events.de\/wirtschaftsforum-agrarzeitung\/wp-json\/wp\/v2\/portfolio\/1411\/revisions"}],"wp:featuredmedia":[{"embeddable":true,"href":"https:\/\/dfvcg-events.de\/wirtschaftsforum-agrarzeitung\/wp-json\/wp\/v2\/media\/1428"}],"wp:attachment":[{"href":"https:\/\/dfvcg-events.de\/wirtschaftsforum-agrarzeitung\/wp-json\/wp\/v2\/media?parent=1411"}],"wp:term":[{"taxonomy":"post_tag","embeddable":true,"href":"https:\/\/dfvcg-events.de\/wirtschaftsforum-agrarzeitung\/wp-json\/wp\/v2\/tags?post=1411"},{"taxonomy":"portfolio_entries","embeddable":true,"href":"https:\/\/dfvcg-events.de\/wirtschaftsforum-agrarzeitung\/wp-json\/wp\/v2\/portfolio_entries?post=1411"}],"curies":[{"name":"wp","href":"https:\/\/api.w.org\/{rel}","templated":true}]}}