{"id":1406,"date":"2022-04-22T10:51:48","date_gmt":"2022-04-22T08:51:48","guid":{"rendered":"https:\/\/dfvcg-events.de\/agrar-wirtschaftsforum\/?post_type=portfolio&#038;p=1406"},"modified":"2023-04-21T11:00:09","modified_gmt":"2023-04-21T09:00:09","slug":"julia-nissen","status":"publish","type":"portfolio","link":"https:\/\/dfvcg-events.de\/wirtschaftsforum-agrarzeitung\/vortragend\/julia-nissen\/","title":{"rendered":"Julia Nissen"},"content":{"rendered":"<\/div><\/div><\/div><!-- close content main div --><\/div><\/div><div id='av_section_1'  class='avia-section av-k7yuhjt1-676f3ed4420f2c40c202d201fc1a3016 main_color avia-section-default avia-no-border-styling  header-farbe avia-bg-style-scroll container_wrap fullsize'  ><div class='container av-section-cont-open' ><div class='template-page content  av-content-full alpha units'><div class='post-entry post-entry-type-page post-entry-1406'><div class='entry-content-wrapper clearfix'>\n\n<style type=\"text\/css\" data-created_by=\"avia_inline_auto\" id=\"style-css-av-kav2vwa8-1f75cd8d95ce01f4d9c3cafa40ee15b2\">\n#top .av-special-heading.av-kav2vwa8-1f75cd8d95ce01f4d9c3cafa40ee15b2{\npadding-bottom:0;\n}\nbody .av-special-heading.av-kav2vwa8-1f75cd8d95ce01f4d9c3cafa40ee15b2 .av-special-heading-tag .heading-char{\nfont-size:25px;\n}\n.av-special-heading.av-kav2vwa8-1f75cd8d95ce01f4d9c3cafa40ee15b2 .av-subheading{\nfont-size:19px;\n}\n<\/style>\n<div  class='av-special-heading av-kav2vwa8-1f75cd8d95ce01f4d9c3cafa40ee15b2 av-special-heading-h1 blockquote modern-quote'><div class='av-subheading av-subheading_above'><p>agrar Wirtschaftsforum<\/p>\n<\/div><h1 class='av-special-heading-tag '  itemprop=\"headline\"  >Preistr\u00e4ger:innen der vergangenen Jahre<\/h1><div class=\"special-heading-border\"><div class=\"special-heading-inner-border\"><\/div><\/div><\/div>\n\n\n<style type=\"text\/css\" data-created_by=\"avia_inline_auto\" id=\"style-css-av-1hpil-9666fe4db9abbb55e16afcaa46b74565\">\n.flex_column.av-1hpil-9666fe4db9abbb55e16afcaa46b74565{\nborder-radius:0px 0px 0px 0px;\npadding:0px 0px 0px 0px;\n}\n<\/style>\n<div  class='flex_column av-1hpil-9666fe4db9abbb55e16afcaa46b74565 av_one_third  avia-builder-el-0  el_before_av_two_third  avia-builder-el-first  first flex_column_div av-zero-column-padding  '     ><style type=\"text\/css\" data-created_by=\"avia_inline_auto\" id=\"style-css-av-k7z57foz-aebfa6b34732e351789192da4472c20e\">\n.avia-image-container.av-k7z57foz-aebfa6b34732e351789192da4472c20e img.avia_image{\nbox-shadow:none;\n}\n.avia-image-container.av-k7z57foz-aebfa6b34732e351789192da4472c20e .av-image-caption-overlay-center{\ncolor:#ffffff;\n}\n<\/style>\n<div  class='avia-image-container av-k7z57foz-aebfa6b34732e351789192da4472c20e av-styling-no-styling avia-align-center  avia-builder-el-1  avia-builder-el-no-sibling '   itemprop=\"image\" itemscope=\"itemscope\" itemtype=\"https:\/\/schema.org\/ImageObject\" ><div class=\"avia-image-container-inner\"><div class=\"avia-image-overlay-wrap\"><img decoding=\"async\" fetchpriority=\"high\" class='wp-image-1407 avia-img-lazy-loading-not-1407 avia_image ' src=\"https:\/\/dfvcg-events.de\/wirtschaftsforum-agrarzeitung\/wp-content\/uploads\/sites\/40\/2022\/04\/Julia-Nissen_web.jpg\" alt='' title='Julia Nissen_web'  height=\"800\" width=\"600\"  itemprop=\"thumbnailUrl\"  \/><\/div><\/div><\/div><\/div>\n\n<style type=\"text\/css\" data-created_by=\"avia_inline_auto\" id=\"style-css-av-q939-36bd9e2970eba44b209398e6adaba9f5\">\n.flex_column.av-q939-36bd9e2970eba44b209398e6adaba9f5{\nborder-radius:0px 0px 0px 0px;\npadding:0px 0px 0px 0px;\n}\n<\/style>\n<div  class='flex_column av-q939-36bd9e2970eba44b209398e6adaba9f5 av_two_third  avia-builder-el-2  el_after_av_one_third  avia-builder-el-last  flex_column_div av-zero-column-padding  '     ><p>\n<style type=\"text\/css\" data-created_by=\"avia_inline_auto\" id=\"style-css-av-kaux4tv8-99692690504e9beadca6f7eee986fb7f\">\n#top .av-special-heading.av-kaux4tv8-99692690504e9beadca6f7eee986fb7f{\npadding-bottom:10px;\n}\nbody .av-special-heading.av-kaux4tv8-99692690504e9beadca6f7eee986fb7f .av-special-heading-tag .heading-char{\nfont-size:25px;\n}\n.av-special-heading.av-kaux4tv8-99692690504e9beadca6f7eee986fb7f .av-subheading{\nfont-size:19px;\n}\n<\/style>\n<div  class='av-special-heading av-kaux4tv8-99692690504e9beadca6f7eee986fb7f av-special-heading-h2 blockquote modern-quote  avia-builder-el-3  el_before_av_textblock  avia-builder-el-first '><h2 class='av-special-heading-tag '  itemprop=\"headline\"  >Julia Nissen<\/h2><div class='av-subheading av-subheading_below'><p>F\u00f6rderpreistr\u00e4gerin 2019<\/p>\n<\/div><div class=\"special-heading-border\"><div class=\"special-heading-inner-border\"><\/div><\/div><\/div><br \/>\n<section  class='av_textblock_section av-k7yuci90-f8534781240039b49d63e38b610912bf '   itemscope=\"itemscope\" itemtype=\"https:\/\/schema.org\/CreativeWork\" ><div class='avia_textblock'  itemprop=\"text\" ><p>Die 32-J\u00e4hrige hat sowohl Jury als auch Publikum mit ihrem privaten Engagement, die Kluft zwischen Stadt und Land zu schlie\u00dfen, \u00fcberzeugt.Julia Nissen hat den F\u00f6rderpreis der Agrarwirtschaft 2019, der mit 9.000 \u20ac dotiert ist, erhalten. Die agarzeitung (dfv Mediengruppe) vergibt diese Auszeichnung j\u00e4hrlich an besonders engagierte und erfolgreiche junge Talente im Agribusiness. Die Preisverleihung fand am 10. November im Rahmen des Gala-Abends der agrarzeitung im Vorfeld der Messe Agritechnica in Hannover statt.<\/p>\n<p>\u201eIch will die Landwirtschaft wieder in die Mitte der Gesellschaft bringen\u201c, bekennt Nissen. Die Agrarwissenschaftlerin, die hauptberuflich f\u00fcr das Forum Moderne Landwirtschaft arbeitet, lebt mit ihrer Familie im Herzen Nordfrieslands.<\/p>\n<p>Ihr Ziel hat sie klar vor Augen: \u201eWie toll w\u00e4re es, wenn es eine App oder eine Homepage g\u00e4be, in der ich einen Landwirt direkt kontaktieren kann, wenn ich eine Frage habe\u201c, erl\u00e4utert Nissen ihre Vision, \u201eund wie toll w\u00e4re es, wenn ich den Landwirt sogar pers\u00f6nlich besuchen kann?\u201d Per Klick zum Landerlebnis \u2013 daf\u00fcr m\u00f6chte die junge Frau nun in eine Anwendungssoftware, kurz App, investieren, die quasi als direkter Draht zwischen Stadt und Land funktioniert.<\/p>\n<h3>Mitfahrzentrale f\u00fcr Trecker<\/h3>\n<p>Dass die Nachfrage nach so einem Angebot existiert, das wei\u00df Nissen aus erster Hand. Immerhin hat sie viel Erfahrung in der Vermittlung der beiden Parteien, die sich durch r\u00e4umliche Entfernung und unterschiedliche Lebensstile leider sehr fremd geworden sind. Nissen gr\u00fcndete kurzentschlossen eine Mitfahrzentrale f\u00fcr Treckerfahrten unter dem Hashtag #BlablaTrecker, in der sich gro\u00dfe und kleine Trecker-Mitfahrer melden k\u00f6nnen und Landwirte, die eine Mitfahrt anbieten.<\/p>\n<h3>Preisgeld wird in \u201eApp aufs Land\u201c investiert<\/h3>\n<p>Das Preisgeld will sie in die Entwicklung ihrer \u201eApp aufs Land\u201c investieren. \u201eIch m\u00f6chte eine Plattform schaffen, in der sich Stadt- und Landmenschen wieder begegnen, nicht nur f\u00fcr Treckerfahrten, sondern f\u00fcr Angebote im l\u00e4ndlichen Raum im Allgemeinen. Jagd, Hauswirtschaft, Handwerk und nat\u00fcrlich Landwirtschaft sollen die gro\u00dfen Rubriken werden.\u201d, freut sich die junge Frau.<\/p>\n<p>\u201eFrau Nissen mit dem Preisgeld f\u00fcr ihre gro\u00dfen Pl\u00e4ne auszuzeichnen, ist mir eine besondere Freude\u201c, sagt Peter R. M\u00fcller, Bayer Crop Science, einer der drei Sponsoren des F\u00f6rderpreis. \u201eJunge Leute, die den Blick \u00fcber den Tellerrand wagen und alte Pfade verlassen, unterst\u00fctzen wir gerne\u201c, freuen sich Antje Bittner und Dr. Maximilian Severin, SKW Stickstoffwerke Piesteritz, gemeinsam mit der Preistr\u00e4gerin. \u201eInnovative Ideen sind die Basis f\u00fcr die nachhaltige Entwicklung unserer Landwirtschaft. Wir gratulieren\u201c, sagt Frank Gemmer, Adama.<\/p>\n<p>Nissen konnte sich bei den G\u00e4sten des Gala-Abends, die \u00fcber den Preistr\u00e4ger abstimmen durften, gegen Torben Junker und Katharina Menger durchsetzen. Die drei Favoriten, die zuvor von einer hochkar\u00e4tig besetzten Jury aus den Bewerbungen f\u00fcr den F\u00f6rderpreis der Agrarwirtschaft ausgew\u00e4hlt wurden, haben sich und ihr Projekt in einem \u201eElevator Pitch\u201c pr\u00e4sentiert.<\/p>\n<\/div><\/section><\/p><\/div>\n","protected":false},"excerpt":{"rendered":"<p>F\u00f6rderpreistr\u00e4gerin 2019<\/p>\n","protected":false},"author":25,"featured_media":1407,"comment_status":"closed","ping_status":"closed","template":"","meta":{"footnotes":""},"tags":[],"portfolio_entries":[36,38],"class_list":["post-1406","portfolio","type-portfolio","status-publish","has-post-thumbnail","hentry","portfolio_entries-preistraeaeger","portfolio_entries-preistraeger"],"yoast_head":"<!-- This site is optimized with the Yoast SEO plugin v27.4 - https:\/\/yoast.com\/product\/yoast-seo-wordpress\/ -->\n<title>Referent: Julia Nissen | Wirtschaftsforum der agrarzeitung<\/title>\n<meta name=\"description\" content=\"Wirtschaftsforum der agrarzeitung | Begr\u00fc\u00dfen Sie auf der B\u00fchne: Julia Nissen\" \/>\n<meta name=\"robots\" content=\"index, follow, max-snippet:-1, max-image-preview:large, max-video-preview:-1\" \/>\n<link rel=\"canonical\" href=\"https:\/\/dfvcg-events.de\/wirtschaftsforum-agrarzeitung\/vortragend\/julia-nissen\/\" \/>\n<meta property=\"og:locale\" content=\"de_DE\" \/>\n<meta property=\"og:type\" content=\"article\" \/>\n<meta property=\"og:title\" content=\"Referent: Julia Nissen | Wirtschaftsforum der agrarzeitung\" \/>\n<meta property=\"og:description\" content=\"Wirtschaftsforum der agrarzeitung | Begr\u00fc\u00dfen Sie auf der B\u00fchne: Julia Nissen\" \/>\n<meta property=\"og:url\" content=\"https:\/\/dfvcg-events.de\/wirtschaftsforum-agrarzeitung\/vortragend\/julia-nissen\/\" \/>\n<meta property=\"og:site_name\" content=\"Wirtschaftsforum der agrarzeitung\" \/>\n<meta property=\"article:modified_time\" content=\"2023-04-21T09:00:09+00:00\" \/>\n<meta property=\"og:image\" content=\"https:\/\/dfvcg-events.de\/wirtschaftsforum-agrarzeitung\/wp-content\/uploads\/sites\/40\/2022\/04\/Julia-Nissen_web.jpg\" \/>\n\t<meta property=\"og:image:width\" content=\"600\" \/>\n\t<meta property=\"og:image:height\" content=\"800\" \/>\n\t<meta property=\"og:image:type\" content=\"image\/jpeg\" \/>\n<meta name=\"twitter:card\" content=\"summary_large_image\" \/>\n<meta name=\"twitter:label1\" content=\"Gesch\u00e4tzte Lesezeit\" \/>\n\t<meta name=\"twitter:data1\" content=\"4\u00a0Minuten\" \/>\n<script type=\"application\/ld+json\" class=\"yoast-schema-graph\">{\"@context\":\"https:\\\/\\\/schema.org\",\"@graph\":[{\"@type\":\"WebPage\",\"@id\":\"https:\\\/\\\/dfvcg-events.de\\\/wirtschaftsforum-agrarzeitung\\\/vortragend\\\/julia-nissen\\\/\",\"url\":\"https:\\\/\\\/dfvcg-events.de\\\/wirtschaftsforum-agrarzeitung\\\/vortragend\\\/julia-nissen\\\/\",\"name\":\"Referent: Julia Nissen | Wirtschaftsforum der agrarzeitung\",\"isPartOf\":{\"@id\":\"https:\\\/\\\/dfvcg-events.de\\\/wirtschaftsforum-agrarzeitung\\\/#website\"},\"primaryImageOfPage\":{\"@id\":\"https:\\\/\\\/dfvcg-events.de\\\/wirtschaftsforum-agrarzeitung\\\/vortragend\\\/julia-nissen\\\/#primaryimage\"},\"image\":{\"@id\":\"https:\\\/\\\/dfvcg-events.de\\\/wirtschaftsforum-agrarzeitung\\\/vortragend\\\/julia-nissen\\\/#primaryimage\"},\"thumbnailUrl\":\"https:\\\/\\\/dfvcg-events.de\\\/wirtschaftsforum-agrarzeitung\\\/wp-content\\\/uploads\\\/sites\\\/40\\\/2022\\\/04\\\/Julia-Nissen_web.jpg\",\"datePublished\":\"2022-04-22T08:51:48+00:00\",\"dateModified\":\"2023-04-21T09:00:09+00:00\",\"description\":\"Wirtschaftsforum der agrarzeitung | Begr\u00fc\u00dfen Sie auf der B\u00fchne: Julia Nissen\",\"breadcrumb\":{\"@id\":\"https:\\\/\\\/dfvcg-events.de\\\/wirtschaftsforum-agrarzeitung\\\/vortragend\\\/julia-nissen\\\/#breadcrumb\"},\"inLanguage\":\"de\",\"potentialAction\":[{\"@type\":\"ReadAction\",\"target\":[\"https:\\\/\\\/dfvcg-events.de\\\/wirtschaftsforum-agrarzeitung\\\/vortragend\\\/julia-nissen\\\/\"]}]},{\"@type\":\"ImageObject\",\"inLanguage\":\"de\",\"@id\":\"https:\\\/\\\/dfvcg-events.de\\\/wirtschaftsforum-agrarzeitung\\\/vortragend\\\/julia-nissen\\\/#primaryimage\",\"url\":\"https:\\\/\\\/dfvcg-events.de\\\/wirtschaftsforum-agrarzeitung\\\/wp-content\\\/uploads\\\/sites\\\/40\\\/2022\\\/04\\\/Julia-Nissen_web.jpg\",\"contentUrl\":\"https:\\\/\\\/dfvcg-events.de\\\/wirtschaftsforum-agrarzeitung\\\/wp-content\\\/uploads\\\/sites\\\/40\\\/2022\\\/04\\\/Julia-Nissen_web.jpg\",\"width\":600,\"height\":800},{\"@type\":\"BreadcrumbList\",\"@id\":\"https:\\\/\\\/dfvcg-events.de\\\/wirtschaftsforum-agrarzeitung\\\/vortragend\\\/julia-nissen\\\/#breadcrumb\",\"itemListElement\":[{\"@type\":\"ListItem\",\"position\":1,\"name\":\"Startseite\",\"item\":\"https:\\\/\\\/dfvcg-events.de\\\/wirtschaftsforum-agrarzeitung\\\/\"},{\"@type\":\"ListItem\",\"position\":2,\"name\":\"Julia Nissen\"}]},{\"@type\":\"WebSite\",\"@id\":\"https:\\\/\\\/dfvcg-events.de\\\/wirtschaftsforum-agrarzeitung\\\/#website\",\"url\":\"https:\\\/\\\/dfvcg-events.de\\\/wirtschaftsforum-agrarzeitung\\\/\",\"name\":\"Wirtschaftsforum der agrarzeitung\",\"description\":\"dfv Conference Group\",\"publisher\":{\"@id\":\"https:\\\/\\\/dfvcg-events.de\\\/wirtschaftsforum-agrarzeitung\\\/#organization\"},\"alternateName\":\"dfv Conference Group\",\"potentialAction\":[{\"@type\":\"SearchAction\",\"target\":{\"@type\":\"EntryPoint\",\"urlTemplate\":\"https:\\\/\\\/dfvcg-events.de\\\/wirtschaftsforum-agrarzeitung\\\/?s={search_term_string}\"},\"query-input\":{\"@type\":\"PropertyValueSpecification\",\"valueRequired\":true,\"valueName\":\"search_term_string\"}}],\"inLanguage\":\"de\"},{\"@type\":\"Organization\",\"@id\":\"https:\\\/\\\/dfvcg-events.de\\\/wirtschaftsforum-agrarzeitung\\\/#organization\",\"name\":\"Wirtschaftsforum der agrarzeitung\",\"alternateName\":\"dfv Conference Group\",\"url\":\"https:\\\/\\\/dfvcg-events.de\\\/wirtschaftsforum-agrarzeitung\\\/\",\"logo\":{\"@type\":\"ImageObject\",\"inLanguage\":\"de\",\"@id\":\"https:\\\/\\\/dfvcg-events.de\\\/wirtschaftsforum-agrarzeitung\\\/#\\\/schema\\\/logo\\\/image\\\/\",\"url\":\"https:\\\/\\\/dfvcg-events.de\\\/wirtschaftsforum-agrarzeitung\\\/wp-content\\\/uploads\\\/sites\\\/40\\\/2023\\\/04\\\/wirtschaftsforum-agrarzeitung-key-visual-2023.jpg\",\"contentUrl\":\"https:\\\/\\\/dfvcg-events.de\\\/wirtschaftsforum-agrarzeitung\\\/wp-content\\\/uploads\\\/sites\\\/40\\\/2023\\\/04\\\/wirtschaftsforum-agrarzeitung-key-visual-2023.jpg\",\"width\":800,\"height\":800,\"caption\":\"Wirtschaftsforum der agrarzeitung\"},\"image\":{\"@id\":\"https:\\\/\\\/dfvcg-events.de\\\/wirtschaftsforum-agrarzeitung\\\/#\\\/schema\\\/logo\\\/image\\\/\"}}]}<\/script>\n<!-- \/ Yoast SEO plugin. -->","yoast_head_json":{"title":"Referent: Julia Nissen | Wirtschaftsforum der agrarzeitung","description":"Wirtschaftsforum der agrarzeitung | Begr\u00fc\u00dfen Sie auf der B\u00fchne: Julia Nissen","robots":{"index":"index","follow":"follow","max-snippet":"max-snippet:-1","max-image-preview":"max-image-preview:large","max-video-preview":"max-video-preview:-1"},"canonical":"https:\/\/dfvcg-events.de\/wirtschaftsforum-agrarzeitung\/vortragend\/julia-nissen\/","og_locale":"de_DE","og_type":"article","og_title":"Referent: Julia Nissen | Wirtschaftsforum der agrarzeitung","og_description":"Wirtschaftsforum der agrarzeitung | Begr\u00fc\u00dfen Sie auf der B\u00fchne: Julia Nissen","og_url":"https:\/\/dfvcg-events.de\/wirtschaftsforum-agrarzeitung\/vortragend\/julia-nissen\/","og_site_name":"Wirtschaftsforum der agrarzeitung","article_modified_time":"2023-04-21T09:00:09+00:00","og_image":[{"width":600,"height":800,"url":"https:\/\/dfvcg-events.de\/wirtschaftsforum-agrarzeitung\/wp-content\/uploads\/sites\/40\/2022\/04\/Julia-Nissen_web.jpg","type":"image\/jpeg"}],"twitter_card":"summary_large_image","twitter_misc":{"Gesch\u00e4tzte Lesezeit":"4\u00a0Minuten"},"schema":{"@context":"https:\/\/schema.org","@graph":[{"@type":"WebPage","@id":"https:\/\/dfvcg-events.de\/wirtschaftsforum-agrarzeitung\/vortragend\/julia-nissen\/","url":"https:\/\/dfvcg-events.de\/wirtschaftsforum-agrarzeitung\/vortragend\/julia-nissen\/","name":"Referent: Julia Nissen | Wirtschaftsforum der agrarzeitung","isPartOf":{"@id":"https:\/\/dfvcg-events.de\/wirtschaftsforum-agrarzeitung\/#website"},"primaryImageOfPage":{"@id":"https:\/\/dfvcg-events.de\/wirtschaftsforum-agrarzeitung\/vortragend\/julia-nissen\/#primaryimage"},"image":{"@id":"https:\/\/dfvcg-events.de\/wirtschaftsforum-agrarzeitung\/vortragend\/julia-nissen\/#primaryimage"},"thumbnailUrl":"https:\/\/dfvcg-events.de\/wirtschaftsforum-agrarzeitung\/wp-content\/uploads\/sites\/40\/2022\/04\/Julia-Nissen_web.jpg","datePublished":"2022-04-22T08:51:48+00:00","dateModified":"2023-04-21T09:00:09+00:00","description":"Wirtschaftsforum der agrarzeitung | Begr\u00fc\u00dfen Sie auf der B\u00fchne: Julia Nissen","breadcrumb":{"@id":"https:\/\/dfvcg-events.de\/wirtschaftsforum-agrarzeitung\/vortragend\/julia-nissen\/#breadcrumb"},"inLanguage":"de","potentialAction":[{"@type":"ReadAction","target":["https:\/\/dfvcg-events.de\/wirtschaftsforum-agrarzeitung\/vortragend\/julia-nissen\/"]}]},{"@type":"ImageObject","inLanguage":"de","@id":"https:\/\/dfvcg-events.de\/wirtschaftsforum-agrarzeitung\/vortragend\/julia-nissen\/#primaryimage","url":"https:\/\/dfvcg-events.de\/wirtschaftsforum-agrarzeitung\/wp-content\/uploads\/sites\/40\/2022\/04\/Julia-Nissen_web.jpg","contentUrl":"https:\/\/dfvcg-events.de\/wirtschaftsforum-agrarzeitung\/wp-content\/uploads\/sites\/40\/2022\/04\/Julia-Nissen_web.jpg","width":600,"height":800},{"@type":"BreadcrumbList","@id":"https:\/\/dfvcg-events.de\/wirtschaftsforum-agrarzeitung\/vortragend\/julia-nissen\/#breadcrumb","itemListElement":[{"@type":"ListItem","position":1,"name":"Startseite","item":"https:\/\/dfvcg-events.de\/wirtschaftsforum-agrarzeitung\/"},{"@type":"ListItem","position":2,"name":"Julia Nissen"}]},{"@type":"WebSite","@id":"https:\/\/dfvcg-events.de\/wirtschaftsforum-agrarzeitung\/#website","url":"https:\/\/dfvcg-events.de\/wirtschaftsforum-agrarzeitung\/","name":"Wirtschaftsforum der agrarzeitung","description":"dfv Conference Group","publisher":{"@id":"https:\/\/dfvcg-events.de\/wirtschaftsforum-agrarzeitung\/#organization"},"alternateName":"dfv Conference Group","potentialAction":[{"@type":"SearchAction","target":{"@type":"EntryPoint","urlTemplate":"https:\/\/dfvcg-events.de\/wirtschaftsforum-agrarzeitung\/?s={search_term_string}"},"query-input":{"@type":"PropertyValueSpecification","valueRequired":true,"valueName":"search_term_string"}}],"inLanguage":"de"},{"@type":"Organization","@id":"https:\/\/dfvcg-events.de\/wirtschaftsforum-agrarzeitung\/#organization","name":"Wirtschaftsforum der agrarzeitung","alternateName":"dfv Conference Group","url":"https:\/\/dfvcg-events.de\/wirtschaftsforum-agrarzeitung\/","logo":{"@type":"ImageObject","inLanguage":"de","@id":"https:\/\/dfvcg-events.de\/wirtschaftsforum-agrarzeitung\/#\/schema\/logo\/image\/","url":"https:\/\/dfvcg-events.de\/wirtschaftsforum-agrarzeitung\/wp-content\/uploads\/sites\/40\/2023\/04\/wirtschaftsforum-agrarzeitung-key-visual-2023.jpg","contentUrl":"https:\/\/dfvcg-events.de\/wirtschaftsforum-agrarzeitung\/wp-content\/uploads\/sites\/40\/2023\/04\/wirtschaftsforum-agrarzeitung-key-visual-2023.jpg","width":800,"height":800,"caption":"Wirtschaftsforum der agrarzeitung"},"image":{"@id":"https:\/\/dfvcg-events.de\/wirtschaftsforum-agrarzeitung\/#\/schema\/logo\/image\/"}}]}},"_links":{"self":[{"href":"https:\/\/dfvcg-events.de\/wirtschaftsforum-agrarzeitung\/wp-json\/wp\/v2\/portfolio\/1406","targetHints":{"allow":["GET"]}}],"collection":[{"href":"https:\/\/dfvcg-events.de\/wirtschaftsforum-agrarzeitung\/wp-json\/wp\/v2\/portfolio"}],"about":[{"href":"https:\/\/dfvcg-events.de\/wirtschaftsforum-agrarzeitung\/wp-json\/wp\/v2\/types\/portfolio"}],"author":[{"embeddable":true,"href":"https:\/\/dfvcg-events.de\/wirtschaftsforum-agrarzeitung\/wp-json\/wp\/v2\/users\/25"}],"replies":[{"embeddable":true,"href":"https:\/\/dfvcg-events.de\/wirtschaftsforum-agrarzeitung\/wp-json\/wp\/v2\/comments?post=1406"}],"version-history":[{"count":0,"href":"https:\/\/dfvcg-events.de\/wirtschaftsforum-agrarzeitung\/wp-json\/wp\/v2\/portfolio\/1406\/revisions"}],"wp:featuredmedia":[{"embeddable":true,"href":"https:\/\/dfvcg-events.de\/wirtschaftsforum-agrarzeitung\/wp-json\/wp\/v2\/media\/1407"}],"wp:attachment":[{"href":"https:\/\/dfvcg-events.de\/wirtschaftsforum-agrarzeitung\/wp-json\/wp\/v2\/media?parent=1406"}],"wp:term":[{"taxonomy":"post_tag","embeddable":true,"href":"https:\/\/dfvcg-events.de\/wirtschaftsforum-agrarzeitung\/wp-json\/wp\/v2\/tags?post=1406"},{"taxonomy":"portfolio_entries","embeddable":true,"href":"https:\/\/dfvcg-events.de\/wirtschaftsforum-agrarzeitung\/wp-json\/wp\/v2\/portfolio_entries?post=1406"}],"curies":[{"name":"wp","href":"https:\/\/api.w.org\/{rel}","templated":true}]}}