{"id":2136,"date":"2023-04-11T14:17:22","date_gmt":"2023-04-11T12:17:22","guid":{"rendered":"https:\/\/dfvcg-events.de\/agrar-wirtschaftsforum\/?page_id=2136"},"modified":"2023-10-18T16:34:42","modified_gmt":"2023-10-18T14:34:42","slug":"agrarunternehmer-des-jahres","status":"publish","type":"page","link":"https:\/\/dfvcg-events.de\/wirtschaftsforum-agrarzeitung\/agrarunternehmer-des-jahres\/","title":{"rendered":"agrarunternehmer des Jahres"},"content":{"rendered":"<div id='av_section_1'  class='avia-section av-k7yuhjt1-676f3ed4420f2c40c202d201fc1a3016 main_color avia-section-default avia-no-border-styling  avia-builder-el-0  el_before_av_section  avia-builder-el-first  header-farbe avia-bg-style-scroll container_wrap fullsize'  ><div class='container av-section-cont-open' ><main  role=\"main\" itemprop=\"mainContentOfPage\"  class='template-page content  av-content-full alpha units'><div class='post-entry post-entry-type-page post-entry-2136'><div class='entry-content-wrapper clearfix'>\n\n<style type=\"text\/css\" data-created_by=\"avia_inline_auto\" id=\"style-css-av-kki429qg-5d89fda9013f20ce55e829f880188e39\">\n#top .av-special-heading.av-kki429qg-5d89fda9013f20ce55e829f880188e39{\npadding-bottom:0;\ncolor:#ffffff;\n}\nbody .av-special-heading.av-kki429qg-5d89fda9013f20ce55e829f880188e39 .av-special-heading-tag .heading-char{\nfont-size:25px;\n}\n.av-special-heading.av-kki429qg-5d89fda9013f20ce55e829f880188e39 .special-heading-inner-border{\nborder-color:#ffffff;\n}\n.av-special-heading.av-kki429qg-5d89fda9013f20ce55e829f880188e39 .av-subheading{\nfont-size:15px;\ncolor:#ffffff;\n}\n<\/style>\n<div  class='av-special-heading av-kki429qg-5d89fda9013f20ce55e829f880188e39 av-special-heading-h1 custom-color-heading blockquote modern-quote  avia-builder-el-1  avia-builder-el-no-sibling '><div class='av_custom_color av-subheading av-subheading_above'><p>Wirtschaftsforum agrarzeitung<\/p>\n<\/div><h1 class='av-special-heading-tag '  itemprop=\"headline\"  >agrarunternehmer des Jahres<\/h1><div class=\"special-heading-border\"><div class=\"special-heading-inner-border\"><\/div><\/div><\/div>\n<\/div><\/div><\/main><!-- close content main element --><\/div><\/div><div id='av_section_2'  class='avia-section av-ayqu0-84b7572f6d3b0071cf482686825a5661 main_color avia-section-default avia-no-border-styling  avia-builder-el-2  el_after_av_section  el_before_av_section  avia-bg-style-scroll av-minimum-height av-minimum-height-50 av-height-50  container_wrap fullsize'   data-av_minimum_height_pc='50' data-av_min_height_opt='50'><div class='container av-section-cont-open' ><div class='template-page content  av-content-full alpha units'><div class='post-entry post-entry-type-page post-entry-2136'><div class='entry-content-wrapper clearfix'>\n<section  class='av_textblock_section av-l25u9eai-22ae7de17829053338060c0816213872 '   itemscope=\"itemscope\" itemtype=\"https:\/\/schema.org\/CreativeWork\" ><div class='avia_textblock'  itemprop=\"text\" ><p>Die Agrarwirtschaft ist einer der tragenden Wirtschaftszweige Deutschlands. Ohne sie w\u00e4re die Produktion qualitativ hochwertiger Lebensmittel ebenso wenig m\u00f6glich wie der Erhalt der Kulturlandschaft und die Weiterentwicklung des l\u00e4ndlichen Raumes. Dies wird zunehmend auch in der Bev\u00f6lkerung wahrgenommen. Zu dieser wachsenden Bedeutung haben herausragende Pers\u00f6nlichkeiten der Agrarbranche mit ihrer Kreativit\u00e4t, ihrem unternehmerischen K\u00f6nnen und ihrer Weitsicht sowie ihrem Engagement f\u00fcr die Landwirtschaft ma\u00dfgeblich beigetragen.<\/p>\n<p>Diese au\u00dfergew\u00f6hnlichen Leistungen m\u00f6chte die &#8218;agrarzeitung&#8216; (az) mit dem Preis \u201eAgrarunternehmer des Jahres\u201c w\u00fcrdigen. Ausgezeichnet werden j\u00e4hrlich unternehmerisch t\u00e4tige Pers\u00f6nlichkeiten, die mit ihrem innovativen, vorausschauenden und richtungweisenden Handeln ihr Unternehmen sowie die Agrarbranche \u00fcber lange Jahre gepr\u00e4gt und wichtige Impulse gesetzt haben. \u00dcber die Vergabe der Auszeichnung entscheidet eine unabh\u00e4ngige Jury, die sich aus namhaften Vertretern der Branche zusammensetzt.<\/p>\n<p>Die Verleihung dieses Ehrenpreises f\u00fcr herausragende unternehmerische Leistungen und Verdienste um die Agrarwirtschaft erfolgt im festlichen Rahmen des Wirtschaftsforum der agrarzeitung, das im Vorfeld der Agritechnica in Hannover am 11. November 2023 stattfindet.<\/p>\n<p><strong>Weitere Informationen folgen in K\u00fcrze.<\/strong><\/p>\n<\/div><\/section>\n<\/div><\/div><\/div><!-- close content main div --><\/div><\/div><div id='av_section_3'  class='avia-section av-izdsnk-9703af48b135bcadc62adcfbc7053cfb main_color avia-section-default avia-no-border-styling  avia-builder-el-4  el_after_av_section  el_before_av_section  av-desktop-hide av-medium-hide av-small-hide av-mini-hide avia-bg-style-scroll av-minimum-height av-minimum-height-50 av-height-50  container_wrap fullsize'   data-av_minimum_height_pc='50' data-av_min_height_opt='50'><div class='container av-section-cont-open' ><div class='template-page content  av-content-full alpha units'><div class='post-entry post-entry-type-page post-entry-2136'><div class='entry-content-wrapper clearfix'>\n<div  class='flex_column av-hqhxcw-f753b972f8a611e5335a71d41693d426 av_one_half  avia-builder-el-5  el_before_av_one_half  avia-builder-el-first  first flex_column_div  '     ><p>\n<style type=\"text\/css\" data-created_by=\"avia_inline_auto\" id=\"style-css-av-f1t4ps-ee95968555d538d1f9f81f82f1ab8181\">\n#top .av-special-heading.av-f1t4ps-ee95968555d538d1f9f81f82f1ab8181{\npadding-bottom:10px;\ncolor:#203350;\n}\nbody .av-special-heading.av-f1t4ps-ee95968555d538d1f9f81f82f1ab8181 .av-special-heading-tag .heading-char{\nfont-size:25px;\n}\n.av-special-heading.av-f1t4ps-ee95968555d538d1f9f81f82f1ab8181 .special-heading-inner-border{\nborder-color:#203350;\n}\n.av-special-heading.av-f1t4ps-ee95968555d538d1f9f81f82f1ab8181 .av-subheading{\nfont-size:15px;\n}\n<\/style>\n<div  class='av-special-heading av-f1t4ps-ee95968555d538d1f9f81f82f1ab8181 av-special-heading-h2 custom-color-heading blockquote modern-quote  avia-builder-el-6  el_before_av_textblock  avia-builder-el-first '><h2 class='av-special-heading-tag '  itemprop=\"headline\"  >Wer kann sich bewerben?<\/h2><div class=\"special-heading-border\"><div class=\"special-heading-inner-border\"><\/div><\/div><\/div><br \/>\n<section  class='av_textblock_section av-drgbk0-036feaa03b50c5f117dc1f6e95ae74d7 '   itemscope=\"itemscope\" itemtype=\"https:\/\/schema.org\/CreativeWork\" ><div class='avia_textblock'  itemprop=\"text\" ><ul>\n<li>Alle mit einer <span class=\"TextRun SCXP76663536 BCX9\" lang=\"DE-DE\" xml:lang=\"DE-DE\" data-scheme-color=\"@000000,1,\" data-usefontface=\"true\" data-contrast=\"none\"><span class=\"NormalTextRun SCXP76663536 BCX9\">T\u00e4tigkeit im\u00a0<\/span><\/span><span class=\"TextRun SCXP76663536 BCX9\" lang=\"DE-DE\" xml:lang=\"DE-DE\" data-scheme-color=\"@000000,1,\" data-usefontface=\"true\" data-contrast=\"none\"><span class=\"SpellingError SCXP76663536 BCX9\">Agrifoodbereich. Ganz gleich, ob <\/span><\/span><span class=\"TextRun SCXP76663536 BCX9\" lang=\"DE-DE\" xml:lang=\"DE-DE\" data-scheme-color=\"@000000,,\" data-usefontface=\"true\" data-contrast=\"none\"><span class=\"SpellingError SCXP76663536 BCX9\">Landwirt:innen<\/span><\/span><span class=\"TextRun SCXP76663536 BCX9\" lang=\"DE-DE\" xml:lang=\"DE-DE\" data-scheme-color=\"@000000,,\" data-usefontface=\"true\" data-contrast=\"none\"><span class=\"NormalTextRun SCXP76663536 BCX9\">,\u00a0<\/span><\/span><span class=\"TextRun SCXP76663536 BCX9\" lang=\"DE-DE\" xml:lang=\"DE-DE\" data-scheme-color=\"@000000,,\" data-usefontface=\"true\" data-contrast=\"none\"><span class=\"SpellingError SCXP76663536 BCX9\">Student:innen<\/span><\/span><span class=\"TextRun SCXP76663536 BCX9\" lang=\"DE-DE\" xml:lang=\"DE-DE\" data-scheme-color=\"@000000,,\" data-usefontface=\"true\" data-contrast=\"none\"><span class=\"NormalTextRun SCXP76663536 BCX9\">,\u00a0<\/span><\/span><span class=\"TextRun SCXP76663536 BCX9\" lang=\"DE-DE\" xml:lang=\"DE-DE\" data-scheme-color=\"@000000,,\" data-usefontface=\"true\" data-contrast=\"none\"><span class=\"SpellingError SCXP76663536 BCX9\">Wissenschaftler:innen<\/span><\/span><span class=\"TextRun SCXP76663536 BCX9\" lang=\"DE-DE\" xml:lang=\"DE-DE\" data-scheme-color=\"@000000,,\" data-usefontface=\"true\" data-contrast=\"none\"><span class=\"NormalTextRun SCXP76663536 BCX9\">, Berufst\u00e4tige,\u00a0<\/span><\/span><span class=\"TextRun SCXP76663536 BCX9\" lang=\"DE-DE\" xml:lang=\"DE-DE\" data-scheme-color=\"@000000,,\" data-usefontface=\"true\" data-contrast=\"none\"><span class=\"NormalTextRun SCXP76663536 BCX9\">Startups, Mitarbeiter im Agrarhandel, aus der Betriebsmittel-Industrie (Futtermittel, D\u00fcngemittel, PSM, <\/span><\/span><span class=\"TextRun SCXP76663536 BCX9\" lang=\"DE-DE\" xml:lang=\"DE-DE\" data-scheme-color=\"@000000,,\" data-usefontface=\"true\" data-contrast=\"none\"><span class=\"NormalTextRun SCXP76663536 BCX9\">Saatgut etc.) oder aus der <\/span><\/span><span class=\"TextRun SCXP76663536 BCX9\" lang=\"DE-DE\" xml:lang=\"DE-DE\" data-scheme-color=\"@000000,,\" data-usefontface=\"true\" data-contrast=\"none\"><span class=\"NormalTextRun SCXP76663536 BCX9\">Landtechnik.<\/span><\/span><\/li>\n<li><span id=\"page1R_mcid35\" class=\"markedContent\"><span dir=\"ltr\" role=\"presentation\">Sie sind nicht \u00e4lter als 35 Jahre<\/span><\/span><\/li>\n<\/ul>\n<\/div><\/section><\/p><\/div><div  class='flex_column av-ce8ez4-3550d34f433512aed5a490b25d0ef9e9 av_one_half  avia-builder-el-8  el_after_av_one_half  avia-builder-el-last  flex_column_div  '     ><p>\n<style type=\"text\/css\" data-created_by=\"avia_inline_auto\" id=\"style-css-av-10nh2o-632e217a48db36c4de34527d73ccc81f\">\n#top .av-special-heading.av-10nh2o-632e217a48db36c4de34527d73ccc81f{\npadding-bottom:10px;\ncolor:#203350;\n}\nbody .av-special-heading.av-10nh2o-632e217a48db36c4de34527d73ccc81f .av-special-heading-tag .heading-char{\nfont-size:25px;\n}\n.av-special-heading.av-10nh2o-632e217a48db36c4de34527d73ccc81f .special-heading-inner-border{\nborder-color:#203350;\n}\n.av-special-heading.av-10nh2o-632e217a48db36c4de34527d73ccc81f .av-subheading{\nfont-size:15px;\n}\n<\/style>\n<div  class='av-special-heading av-10nh2o-632e217a48db36c4de34527d73ccc81f av-special-heading-h2 custom-color-heading blockquote modern-quote  avia-builder-el-9  el_before_av_textblock  avia-builder-el-first '><h2 class='av-special-heading-tag '  itemprop=\"headline\"  >Was muss eingereicht werden?<\/h2><div class=\"special-heading-border\"><div class=\"special-heading-inner-border\"><\/div><\/div><\/div><br \/>\n<section  class='av_textblock_section av-9hop5c-28d62d8d725b480cb90a959261cca5df '   itemscope=\"itemscope\" itemtype=\"https:\/\/schema.org\/CreativeWork\" ><div class='avia_textblock av_inherit_color'  itemprop=\"text\" ><ol style=\"font-weight: 400\">\n<li data-charcodes=\"65533,0,46\" data-buautonum=\"8\" data-margin=\"540\" data-aria-posinset=\"1\" data-aria-level=\"1\"><strong>Beschreibung der Innovationen, Idee oder des Konzeptes als\u00a0One<\/strong><span data-scheme-color=\"@000000,,\" data-usefontface=\"true\" data-contrast=\"none\"><strong>-Pager in diesem\u00a0Raster:<\/strong>\u00a0<\/span>\u200b<br \/>\n<span data-scheme-color=\"@000000,,\" data-usefontface=\"true\" data-contrast=\"none\">Worum geht es?<\/span>\u200b<br \/>\n<span data-scheme-color=\"@000000,,\" data-usefontface=\"true\" data-contrast=\"none\">Welches Problem soll das Projekt l\u00f6sen?<\/span>\u200b<br \/>\n<span data-scheme-color=\"@000000,,\" data-usefontface=\"true\" data-contrast=\"none\">Was ist das Alleinstellungsmerkmal?<\/span>\u200b<br \/>\n<span data-scheme-color=\"@000000,,\" data-usefontface=\"true\" data-contrast=\"none\">Wie weit ist das Projekt? <\/span>\u200b<br \/>\n<span data-scheme-color=\"@000000,,\" data-usefontface=\"true\" data-contrast=\"none\">Wie soll es weitergehen?<\/span>\u200b<br \/>\n<span data-scheme-color=\"@000000,,\" data-usefontface=\"true\" data-contrast=\"none\">Welche Partner sind im Boot?<\/span>\u200b<br \/>\n<span data-scheme-color=\"@000000,,\" data-usefontface=\"true\" data-contrast=\"none\">Wof\u00fcr soll das Preisgeld verwendet werden? <\/span>\u200b<br \/>\n<span data-scheme-color=\"@000000,,\" data-usefontface=\"true\" data-contrast=\"none\">2. <strong>Tabellarischer Lebenslauf (1 Seite)<\/strong><\/span>\u200b<span data-scheme-color=\"@000000,,\" data-usefontface=\"true\" data-contrast=\"none\">3.<strong> Zeugnisse (optional)<\/strong><\/span>\u200b<\/li>\n<\/ol>\n<\/div><\/section><\/p><\/div>\n<\/p>\n<\/div><\/div><\/div><!-- close content main div --><\/div><\/div><div id='jury'  class='avia-section av-lfqgya6d-80994a3c49f8fc13e5539732169618b7 main_color avia-section-default avia-no-border-styling  avia-builder-el-11  el_after_av_section  avia-builder-el-last  avia-bg-style-scroll container_wrap fullsize'  ><div class='container av-section-cont-open' ><div class='template-page content  av-content-full alpha units'><div class='post-entry post-entry-type-page post-entry-2136'><div class='entry-content-wrapper clearfix'>\n\n<style type=\"text\/css\" data-created_by=\"avia_inline_auto\" id=\"style-css-av-3qjs2o-6a68066299492989df2f82f1c6a7a367\">\n#top .av-special-heading.av-3qjs2o-6a68066299492989df2f82f1c6a7a367{\npadding-bottom:10px;\ncolor:#203350;\n}\nbody .av-special-heading.av-3qjs2o-6a68066299492989df2f82f1c6a7a367 .av-special-heading-tag .heading-char{\nfont-size:25px;\n}\n.av-special-heading.av-3qjs2o-6a68066299492989df2f82f1c6a7a367 .special-heading-inner-border{\nborder-color:#203350;\n}\n.av-special-heading.av-3qjs2o-6a68066299492989df2f82f1c6a7a367 .av-subheading{\nfont-size:15px;\n}\n<\/style>\n<div  class='av-special-heading av-3qjs2o-6a68066299492989df2f82f1c6a7a367 av-special-heading-h2 custom-color-heading blockquote modern-quote  avia-builder-el-12  el_before_av_masonry_entries  avia-builder-el-no-sibling '><h2 class='av-special-heading-tag '  itemprop=\"headline\"  >Die Jury<\/h2><div class=\"special-heading-border\"><div class=\"special-heading-inner-border\"><\/div><\/div><\/div>\n<div id='av-masonry-1' class='av-masonry av-35v6io-54cee084aa7485822b993d5e4ee00ec4 noHover av-fixed-size av-large-gap av-hover-overlay- av-masonry-animation-active av-masonry-col-4 av-caption-always av-caption-style- av-masonry-entries av-orientation-portrait-large ' data-post_id=\"2136\"><div class=\"av-masonry-container isotope av-js-disabled\"><div class='av-masonry-entry isotope-item av-masonry-item-no-image '><\/div><a href=\"https:\/\/dfvcg-events.de\/wirtschaftsforum-agrarzeitung\/vortragend\/andreas-boeske\/\"  id='av-masonry-1-item-2449' data-av-masonry-item='2449' class='av-masonry-entry isotope-item post-2449 portfolio type-portfolio status-publish has-post-thumbnail hentry portfolio_entries-jury2023  av-masonry-item-with-image' title=\"B\u00f6ske-Andreas\"   itemscope=\"itemscope\" itemtype=\"https:\/\/schema.org\/CreativeWork\" ><div class='av-inner-masonry-sizer'><\/div><figure class='av-inner-masonry main_color'><div class=\"av-masonry-outerimage-container\"><div class='av-masonry-image-container' style=\"background-image: url(https:\/\/dfvcg-events.de\/wirtschaftsforum-agrarzeitung\/wp-content\/uploads\/sites\/40\/2023\/09\/Boeske-Andreas.jpg);\"  title=\"B\u00f6ske-Andreas\" ><\/div><\/div><figcaption class='av-inner-masonry-content site-background'><div class='av-inner-masonry-content-pos'><div class='av-inner-masonry-content-pos-content'><div class='avia-arrow'><\/div><h3 class='av-masonry-entry-title entry-title '  itemprop=\"headline\" >Andreas B\u00f6ske<\/h3><div class='av-masonry-entry-content entry-content'  itemprop=\"text\" >Big Dutchman International GmbH<\/div><\/div><\/div><\/figcaption><\/figure><\/a><!--end av-masonry entry--><a href=\"https:\/\/dfvcg-events.de\/wirtschaftsforum-agrarzeitung\/vortragend\/lars-fliege\/\"  id='av-masonry-1-item-2461' data-av-masonry-item='2461' class='av-masonry-entry isotope-item post-2461 portfolio type-portfolio status-publish has-post-thumbnail hentry portfolio_entries-jury2023  av-masonry-item-with-image' title=\"Fliege-Lars\"   itemscope=\"itemscope\" itemtype=\"https:\/\/schema.org\/CreativeWork\" ><div class='av-inner-masonry-sizer'><\/div><figure class='av-inner-masonry main_color'><div class=\"av-masonry-outerimage-container\"><div class='av-masonry-image-container' style=\"background-image: url(https:\/\/dfvcg-events.de\/wirtschaftsforum-agrarzeitung\/wp-content\/uploads\/sites\/40\/2023\/09\/Fliege-Lars.jpg);\"  title=\"Fliege-Lars\" ><\/div><\/div><figcaption class='av-inner-masonry-content site-background'><div class='av-inner-masonry-content-pos'><div class='av-inner-masonry-content-pos-content'><div class='avia-arrow'><\/div><h3 class='av-masonry-entry-title entry-title '  itemprop=\"headline\" >Lars Fliege<\/h3><div class='av-masonry-entry-content entry-content'  itemprop=\"text\" >Agrargesellschaft Pfiffelbach mbH<\/div><\/div><\/div><\/figcaption><\/figure><\/a><!--end av-masonry entry--><a href=\"https:\/\/dfvcg-events.de\/wirtschaftsforum-agrarzeitung\/vortragend\/jana-gaebert\/\"  id='av-masonry-1-item-1762' data-av-masonry-item='1762' class='av-masonry-entry isotope-item post-1762 portfolio type-portfolio status-publish has-post-thumbnail hentry portfolio_entries-jury portfolio_entries-jury2023  av-masonry-item-with-image' title=\"G\u00e4bert_Jana_web\"   itemscope=\"itemscope\" itemtype=\"https:\/\/schema.org\/CreativeWork\" ><div class='av-inner-masonry-sizer'><\/div><figure class='av-inner-masonry main_color'><div class=\"av-masonry-outerimage-container\"><div class='av-masonry-image-container' style=\"background-image: url(https:\/\/dfvcg-events.de\/wirtschaftsforum-agrarzeitung\/wp-content\/uploads\/sites\/40\/2022\/08\/Gaebert_Jana_web.jpg);\"  title=\"G\u00e4bert_Jana_web\" ><\/div><\/div><figcaption class='av-inner-masonry-content site-background'><div class='av-inner-masonry-content-pos'><div class='av-inner-masonry-content-pos-content'><div class='avia-arrow'><\/div><h3 class='av-masonry-entry-title entry-title '  itemprop=\"headline\" >Jana G\u00e4bert<\/h3><div class='av-masonry-entry-content entry-content'  itemprop=\"text\" >agt Agrar GmbH<\/div><\/div><\/div><\/figcaption><\/figure><\/a><!--end av-masonry entry--><a href=\"https:\/\/dfvcg-events.de\/wirtschaftsforum-agrarzeitung\/vortragend\/karin-guendel-gonzalez\/\"  id='av-masonry-1-item-2483' data-av-masonry-item='2483' class='av-masonry-entry isotope-item post-2483 portfolio type-portfolio status-publish has-post-thumbnail hentry portfolio_entries-jury2023 portfolio_entries-speaker-2023  av-masonry-item-with-image' title=\"Guendel Gonzalez\"   itemscope=\"itemscope\" itemtype=\"https:\/\/schema.org\/CreativeWork\" ><div class='av-inner-masonry-sizer'><\/div><figure class='av-inner-masonry main_color'><div class=\"av-masonry-outerimage-container\"><div class='av-masonry-image-container' style=\"background-image: url(https:\/\/dfvcg-events.de\/wirtschaftsforum-agrarzeitung\/wp-content\/uploads\/sites\/40\/2023\/10\/Guendel-Gonzalez.jpg);\"  title=\"Guendel Gonzalez\" ><\/div><\/div><figcaption class='av-inner-masonry-content site-background'><div class='av-inner-masonry-content-pos'><div class='av-inner-masonry-content-pos-content'><div class='avia-arrow'><\/div><h3 class='av-masonry-entry-title entry-title '  itemprop=\"headline\" >Karin Guendel Gonzalez<\/h3><div class='av-masonry-entry-content entry-content'  itemprop=\"text\" >Bayer CropScience Deutschland<\/div><\/div><\/div><\/figcaption><\/figure><\/a><!--end av-masonry entry--><a href=\"https:\/\/dfvcg-events.de\/wirtschaftsforum-agrarzeitung\/vortragend\/dr-lothar-hoevelmann\/\"  id='av-masonry-1-item-2470' data-av-masonry-item='2470' class='av-masonry-entry isotope-item post-2470 portfolio type-portfolio status-publish has-post-thumbnail hentry portfolio_entries-jury2023  av-masonry-item-with-image' title=\"Dr.H\u00f6velmann\"   itemscope=\"itemscope\" itemtype=\"https:\/\/schema.org\/CreativeWork\" ><div class='av-inner-masonry-sizer'><\/div><figure class='av-inner-masonry main_color'><div class=\"av-masonry-outerimage-container\"><div class='av-masonry-image-container' style=\"background-image: url(https:\/\/dfvcg-events.de\/wirtschaftsforum-agrarzeitung\/wp-content\/uploads\/sites\/40\/2023\/10\/Dr.Hoevelmann.jpg);\"  title=\"Dr.H\u00f6velmann\" ><\/div><\/div><figcaption class='av-inner-masonry-content site-background'><div class='av-inner-masonry-content-pos'><div class='av-inner-masonry-content-pos-content'><div class='avia-arrow'><\/div><h3 class='av-masonry-entry-title entry-title '  itemprop=\"headline\" >Dr. Lothar H\u00f6velmann<\/h3><div class='av-masonry-entry-content entry-content'  itemprop=\"text\" >DLG e.V.<\/div><\/div><\/div><\/figcaption><\/figure><\/a><!--end av-masonry entry--><a href=\"https:\/\/dfvcg-events.de\/wirtschaftsforum-agrarzeitung\/vortragend\/christian-pohl\/\"  id='av-masonry-1-item-2474' data-av-masonry-item='2474' class='av-masonry-entry isotope-item post-2474 portfolio type-portfolio status-publish has-post-thumbnail hentry portfolio_entries-jury2023  av-masonry-item-with-image' title=\"Christian Pohl-Rentenbank\"   itemscope=\"itemscope\" itemtype=\"https:\/\/schema.org\/CreativeWork\" ><div class='av-inner-masonry-sizer'><\/div><figure class='av-inner-masonry main_color'><div class=\"av-masonry-outerimage-container\"><div class='av-masonry-image-container' style=\"background-image: url(https:\/\/dfvcg-events.de\/wirtschaftsforum-agrarzeitung\/wp-content\/uploads\/sites\/40\/2023\/10\/Christian-Pohl-Rentenbank.jpg);\"  title=\"Christian Pohl-Rentenbank\" ><\/div><\/div><figcaption class='av-inner-masonry-content site-background'><div class='av-inner-masonry-content-pos'><div class='av-inner-masonry-content-pos-content'><div class='avia-arrow'><\/div><h3 class='av-masonry-entry-title entry-title '  itemprop=\"headline\" >Christian Pohl<\/h3><div class='av-masonry-entry-content entry-content'  itemprop=\"text\" >Rentenbank<\/div><\/div><\/div><\/figcaption><\/figure><\/a><!--end av-masonry entry--><a href=\"https:\/\/dfvcg-events.de\/wirtschaftsforum-agrarzeitung\/vortragend\/christian-schnuecke\/\"  id='av-masonry-1-item-1802' data-av-masonry-item='1802' class='av-masonry-entry isotope-item post-1802 portfolio type-portfolio status-publish has-post-thumbnail hentry portfolio_entries-jury portfolio_entries-jury2023  av-masonry-item-with-image' title=\"Schn\u00fccke_Christian_web\"   itemscope=\"itemscope\" itemtype=\"https:\/\/schema.org\/CreativeWork\" ><div class='av-inner-masonry-sizer'><\/div><figure class='av-inner-masonry main_color'><div class=\"av-masonry-outerimage-container\"><div class='av-masonry-image-container' style=\"background-image: url(https:\/\/dfvcg-events.de\/wirtschaftsforum-agrarzeitung\/wp-content\/uploads\/sites\/40\/2022\/08\/Schnuecke_Christian_web.jpg);\"  title=\"Schn\u00fccke_Christian_web\" ><\/div><\/div><figcaption class='av-inner-masonry-content site-background'><div class='av-inner-masonry-content-pos'><div class='av-inner-masonry-content-pos-content'><div class='avia-arrow'><\/div><h3 class='av-masonry-entry-title entry-title '  itemprop=\"headline\" >Christian Schn\u00fccke<\/h3><div class='av-masonry-entry-content entry-content'  itemprop=\"text\" >dfv Mediengruppe<\/div><\/div><\/div><\/figcaption><\/figure><\/a><!--end av-masonry entry--><a href=\"https:\/\/dfvcg-events.de\/wirtschaftsforum-agrarzeitung\/vortragend\/sonja-timmer\/\"  id='av-masonry-1-item-2488' data-av-masonry-item='2488' class='av-masonry-entry isotope-item post-2488 portfolio type-portfolio status-publish has-post-thumbnail hentry portfolio_entries-jury2023  av-masonry-item-with-image' title=\"Sonja Timmer-AgroBrain\"   itemscope=\"itemscope\" itemtype=\"https:\/\/schema.org\/CreativeWork\" ><div class='av-inner-masonry-sizer'><\/div><figure class='av-inner-masonry main_color'><div class=\"av-masonry-outerimage-container\"><div class='av-masonry-image-container' style=\"background-image: url(https:\/\/dfvcg-events.de\/wirtschaftsforum-agrarzeitung\/wp-content\/uploads\/sites\/40\/2023\/10\/Sonja-Timmer-AgroBrain.jpg);\"  title=\"Sonja Timmer-AgroBrain\" ><\/div><\/div><figcaption class='av-inner-masonry-content site-background'><div class='av-inner-masonry-content-pos'><div class='av-inner-masonry-content-pos-content'><div class='avia-arrow'><\/div><h3 class='av-masonry-entry-title entry-title '  itemprop=\"headline\" >Sonja Timmer<\/h3><div class='av-masonry-entry-content entry-content'  itemprop=\"text\" >AgroBrain S.\u00e0 r.l.<\/div><\/div><\/div><\/figcaption><\/figure><\/a><!--end av-masonry entry--><a href=\"https:\/\/dfvcg-events.de\/wirtschaftsforum-agrarzeitung\/vortragend\/olaf-deininger\/\"  id='av-masonry-1-item-1617' data-av-masonry-item='1617' class='av-masonry-entry isotope-item post-1617 portfolio type-portfolio status-publish has-post-thumbnail hentry portfolio_entries-jury2023 portfolio_entries-referent  av-masonry-item-with-image' title=\"Olaf_Deininger_Web\"   itemscope=\"itemscope\" itemtype=\"https:\/\/schema.org\/CreativeWork\" ><div class='av-inner-masonry-sizer'><\/div><figure class='av-inner-masonry main_color'><div class=\"av-masonry-outerimage-container\"><div class='av-masonry-image-container' style=\"background-image: url(https:\/\/dfvcg-events.de\/wirtschaftsforum-agrarzeitung\/wp-content\/uploads\/sites\/40\/2020\/05\/Olaf_Deininger_Web.jpg);\"  title=\"Olaf_Deininger_Web\" ><\/div><\/div><figcaption class='av-inner-masonry-content site-background'><div class='av-inner-masonry-content-pos'><div class='av-inner-masonry-content-pos-content'><div class='avia-arrow'><\/div><h3 class='av-masonry-entry-title entry-title '  itemprop=\"headline\" >Olaf Deininger<\/h3><div class='av-masonry-entry-content entry-content'  itemprop=\"text\" >dfv Mediengruppe<\/div><\/div><\/div><\/figcaption><\/figure><\/a><!--end av-masonry entry--><\/div><\/div>\n\n","protected":false},"excerpt":{"rendered":"","protected":false},"author":25,"featured_media":0,"parent":0,"menu_order":0,"comment_status":"closed","ping_status":"closed","template":"","meta":{"footnotes":""},"class_list":["post-2136","page","type-page","status-publish","hentry"],"yoast_head":"<!-- This site is optimized with the Yoast SEO plugin v27.4 - https:\/\/yoast.com\/product\/yoast-seo-wordpress\/ -->\n<title>agrarunternehmer des Jahres | Wirtschaftsforum der agrarzeitung<\/title>\n<meta name=\"description\" content=\"Im Rahmen des Wirtschaftsforum der agrarzeitung wird auch der Agrarunternehmer des Jahres ausgezeichnet. Seien Sie dabei!\" \/>\n<meta name=\"robots\" content=\"index, follow, max-snippet:-1, max-image-preview:large, max-video-preview:-1\" \/>\n<link rel=\"canonical\" href=\"https:\/\/dfvcg-events.de\/wirtschaftsforum-agrarzeitung\/agrarunternehmer-des-jahres\/\" \/>\n<meta property=\"og:locale\" content=\"de_DE\" \/>\n<meta property=\"og:type\" content=\"article\" \/>\n<meta property=\"og:title\" content=\"agrarunternehmer des Jahres | Wirtschaftsforum der agrarzeitung\" \/>\n<meta property=\"og:description\" content=\"Im Rahmen des Wirtschaftsforum der agrarzeitung wird auch der Agrarunternehmer des Jahres ausgezeichnet. Seien Sie dabei!\" \/>\n<meta property=\"og:url\" content=\"https:\/\/dfvcg-events.de\/wirtschaftsforum-agrarzeitung\/agrarunternehmer-des-jahres\/\" \/>\n<meta property=\"og:site_name\" content=\"Wirtschaftsforum der agrarzeitung\" \/>\n<meta property=\"article:modified_time\" content=\"2023-10-18T14:34:42+00:00\" \/>\n<meta property=\"og:image\" content=\"https:\/\/dfvcg-events.de\/wirtschaftsforum-agrarzeitung\/wp-content\/uploads\/sites\/40\/2023\/04\/dfvcg-wirtschaftsforum-agrarzeitung-titel-1200x675-1.jpg\" \/>\n\t<meta property=\"og:image:width\" content=\"1200\" \/>\n\t<meta property=\"og:image:height\" content=\"675\" \/>\n\t<meta property=\"og:image:type\" content=\"image\/jpeg\" \/>\n<meta name=\"twitter:card\" content=\"summary_large_image\" \/>\n<meta name=\"twitter:label1\" content=\"Gesch\u00e4tzte Lesezeit\" \/>\n\t<meta name=\"twitter:data1\" content=\"6\u00a0Minuten\" \/>\n<script type=\"application\/ld+json\" class=\"yoast-schema-graph\">{\"@context\":\"https:\\\/\\\/schema.org\",\"@graph\":[{\"@type\":\"WebPage\",\"@id\":\"https:\\\/\\\/dfvcg-events.de\\\/wirtschaftsforum-agrarzeitung\\\/agrarunternehmer-des-jahres\\\/\",\"url\":\"https:\\\/\\\/dfvcg-events.de\\\/wirtschaftsforum-agrarzeitung\\\/agrarunternehmer-des-jahres\\\/\",\"name\":\"agrarunternehmer des Jahres | Wirtschaftsforum der agrarzeitung\",\"isPartOf\":{\"@id\":\"https:\\\/\\\/dfvcg-events.de\\\/wirtschaftsforum-agrarzeitung\\\/#website\"},\"datePublished\":\"2023-04-11T12:17:22+00:00\",\"dateModified\":\"2023-10-18T14:34:42+00:00\",\"description\":\"Im Rahmen des Wirtschaftsforum der agrarzeitung wird auch der Agrarunternehmer des Jahres ausgezeichnet. Seien Sie dabei!\",\"breadcrumb\":{\"@id\":\"https:\\\/\\\/dfvcg-events.de\\\/wirtschaftsforum-agrarzeitung\\\/agrarunternehmer-des-jahres\\\/#breadcrumb\"},\"inLanguage\":\"de\",\"potentialAction\":[{\"@type\":\"ReadAction\",\"target\":[\"https:\\\/\\\/dfvcg-events.de\\\/wirtschaftsforum-agrarzeitung\\\/agrarunternehmer-des-jahres\\\/\"]}]},{\"@type\":\"BreadcrumbList\",\"@id\":\"https:\\\/\\\/dfvcg-events.de\\\/wirtschaftsforum-agrarzeitung\\\/agrarunternehmer-des-jahres\\\/#breadcrumb\",\"itemListElement\":[{\"@type\":\"ListItem\",\"position\":1,\"name\":\"Startseite\",\"item\":\"https:\\\/\\\/dfvcg-events.de\\\/wirtschaftsforum-agrarzeitung\\\/\"},{\"@type\":\"ListItem\",\"position\":2,\"name\":\"agrarunternehmer des Jahres\"}]},{\"@type\":\"WebSite\",\"@id\":\"https:\\\/\\\/dfvcg-events.de\\\/wirtschaftsforum-agrarzeitung\\\/#website\",\"url\":\"https:\\\/\\\/dfvcg-events.de\\\/wirtschaftsforum-agrarzeitung\\\/\",\"name\":\"Wirtschaftsforum der agrarzeitung\",\"description\":\"dfv Conference Group\",\"publisher\":{\"@id\":\"https:\\\/\\\/dfvcg-events.de\\\/wirtschaftsforum-agrarzeitung\\\/#organization\"},\"alternateName\":\"dfv Conference Group\",\"potentialAction\":[{\"@type\":\"SearchAction\",\"target\":{\"@type\":\"EntryPoint\",\"urlTemplate\":\"https:\\\/\\\/dfvcg-events.de\\\/wirtschaftsforum-agrarzeitung\\\/?s={search_term_string}\"},\"query-input\":{\"@type\":\"PropertyValueSpecification\",\"valueRequired\":true,\"valueName\":\"search_term_string\"}}],\"inLanguage\":\"de\"},{\"@type\":\"Organization\",\"@id\":\"https:\\\/\\\/dfvcg-events.de\\\/wirtschaftsforum-agrarzeitung\\\/#organization\",\"name\":\"Wirtschaftsforum der agrarzeitung\",\"alternateName\":\"dfv Conference Group\",\"url\":\"https:\\\/\\\/dfvcg-events.de\\\/wirtschaftsforum-agrarzeitung\\\/\",\"logo\":{\"@type\":\"ImageObject\",\"inLanguage\":\"de\",\"@id\":\"https:\\\/\\\/dfvcg-events.de\\\/wirtschaftsforum-agrarzeitung\\\/#\\\/schema\\\/logo\\\/image\\\/\",\"url\":\"https:\\\/\\\/dfvcg-events.de\\\/wirtschaftsforum-agrarzeitung\\\/wp-content\\\/uploads\\\/sites\\\/40\\\/2023\\\/04\\\/wirtschaftsforum-agrarzeitung-key-visual-2023.jpg\",\"contentUrl\":\"https:\\\/\\\/dfvcg-events.de\\\/wirtschaftsforum-agrarzeitung\\\/wp-content\\\/uploads\\\/sites\\\/40\\\/2023\\\/04\\\/wirtschaftsforum-agrarzeitung-key-visual-2023.jpg\",\"width\":800,\"height\":800,\"caption\":\"Wirtschaftsforum der agrarzeitung\"},\"image\":{\"@id\":\"https:\\\/\\\/dfvcg-events.de\\\/wirtschaftsforum-agrarzeitung\\\/#\\\/schema\\\/logo\\\/image\\\/\"}}]}<\/script>\n<!-- \/ Yoast SEO plugin. -->","yoast_head_json":{"title":"agrarunternehmer des Jahres | Wirtschaftsforum der agrarzeitung","description":"Im Rahmen des Wirtschaftsforum der agrarzeitung wird auch der Agrarunternehmer des Jahres ausgezeichnet. Seien Sie dabei!","robots":{"index":"index","follow":"follow","max-snippet":"max-snippet:-1","max-image-preview":"max-image-preview:large","max-video-preview":"max-video-preview:-1"},"canonical":"https:\/\/dfvcg-events.de\/wirtschaftsforum-agrarzeitung\/agrarunternehmer-des-jahres\/","og_locale":"de_DE","og_type":"article","og_title":"agrarunternehmer des Jahres | Wirtschaftsforum der agrarzeitung","og_description":"Im Rahmen des Wirtschaftsforum der agrarzeitung wird auch der Agrarunternehmer des Jahres ausgezeichnet. Seien Sie dabei!","og_url":"https:\/\/dfvcg-events.de\/wirtschaftsforum-agrarzeitung\/agrarunternehmer-des-jahres\/","og_site_name":"Wirtschaftsforum der agrarzeitung","article_modified_time":"2023-10-18T14:34:42+00:00","og_image":[{"width":1200,"height":675,"url":"https:\/\/dfvcg-events.de\/wirtschaftsforum-agrarzeitung\/wp-content\/uploads\/sites\/40\/2023\/04\/dfvcg-wirtschaftsforum-agrarzeitung-titel-1200x675-1.jpg","type":"image\/jpeg"}],"twitter_card":"summary_large_image","twitter_misc":{"Gesch\u00e4tzte Lesezeit":"6\u00a0Minuten"},"schema":{"@context":"https:\/\/schema.org","@graph":[{"@type":"WebPage","@id":"https:\/\/dfvcg-events.de\/wirtschaftsforum-agrarzeitung\/agrarunternehmer-des-jahres\/","url":"https:\/\/dfvcg-events.de\/wirtschaftsforum-agrarzeitung\/agrarunternehmer-des-jahres\/","name":"agrarunternehmer des Jahres | Wirtschaftsforum der agrarzeitung","isPartOf":{"@id":"https:\/\/dfvcg-events.de\/wirtschaftsforum-agrarzeitung\/#website"},"datePublished":"2023-04-11T12:17:22+00:00","dateModified":"2023-10-18T14:34:42+00:00","description":"Im Rahmen des Wirtschaftsforum der agrarzeitung wird auch der Agrarunternehmer des Jahres ausgezeichnet. Seien Sie dabei!","breadcrumb":{"@id":"https:\/\/dfvcg-events.de\/wirtschaftsforum-agrarzeitung\/agrarunternehmer-des-jahres\/#breadcrumb"},"inLanguage":"de","potentialAction":[{"@type":"ReadAction","target":["https:\/\/dfvcg-events.de\/wirtschaftsforum-agrarzeitung\/agrarunternehmer-des-jahres\/"]}]},{"@type":"BreadcrumbList","@id":"https:\/\/dfvcg-events.de\/wirtschaftsforum-agrarzeitung\/agrarunternehmer-des-jahres\/#breadcrumb","itemListElement":[{"@type":"ListItem","position":1,"name":"Startseite","item":"https:\/\/dfvcg-events.de\/wirtschaftsforum-agrarzeitung\/"},{"@type":"ListItem","position":2,"name":"agrarunternehmer des Jahres"}]},{"@type":"WebSite","@id":"https:\/\/dfvcg-events.de\/wirtschaftsforum-agrarzeitung\/#website","url":"https:\/\/dfvcg-events.de\/wirtschaftsforum-agrarzeitung\/","name":"Wirtschaftsforum der agrarzeitung","description":"dfv Conference Group","publisher":{"@id":"https:\/\/dfvcg-events.de\/wirtschaftsforum-agrarzeitung\/#organization"},"alternateName":"dfv Conference Group","potentialAction":[{"@type":"SearchAction","target":{"@type":"EntryPoint","urlTemplate":"https:\/\/dfvcg-events.de\/wirtschaftsforum-agrarzeitung\/?s={search_term_string}"},"query-input":{"@type":"PropertyValueSpecification","valueRequired":true,"valueName":"search_term_string"}}],"inLanguage":"de"},{"@type":"Organization","@id":"https:\/\/dfvcg-events.de\/wirtschaftsforum-agrarzeitung\/#organization","name":"Wirtschaftsforum der agrarzeitung","alternateName":"dfv Conference Group","url":"https:\/\/dfvcg-events.de\/wirtschaftsforum-agrarzeitung\/","logo":{"@type":"ImageObject","inLanguage":"de","@id":"https:\/\/dfvcg-events.de\/wirtschaftsforum-agrarzeitung\/#\/schema\/logo\/image\/","url":"https:\/\/dfvcg-events.de\/wirtschaftsforum-agrarzeitung\/wp-content\/uploads\/sites\/40\/2023\/04\/wirtschaftsforum-agrarzeitung-key-visual-2023.jpg","contentUrl":"https:\/\/dfvcg-events.de\/wirtschaftsforum-agrarzeitung\/wp-content\/uploads\/sites\/40\/2023\/04\/wirtschaftsforum-agrarzeitung-key-visual-2023.jpg","width":800,"height":800,"caption":"Wirtschaftsforum der agrarzeitung"},"image":{"@id":"https:\/\/dfvcg-events.de\/wirtschaftsforum-agrarzeitung\/#\/schema\/logo\/image\/"}}]}},"_links":{"self":[{"href":"https:\/\/dfvcg-events.de\/wirtschaftsforum-agrarzeitung\/wp-json\/wp\/v2\/pages\/2136","targetHints":{"allow":["GET"]}}],"collection":[{"href":"https:\/\/dfvcg-events.de\/wirtschaftsforum-agrarzeitung\/wp-json\/wp\/v2\/pages"}],"about":[{"href":"https:\/\/dfvcg-events.de\/wirtschaftsforum-agrarzeitung\/wp-json\/wp\/v2\/types\/page"}],"author":[{"embeddable":true,"href":"https:\/\/dfvcg-events.de\/wirtschaftsforum-agrarzeitung\/wp-json\/wp\/v2\/users\/25"}],"replies":[{"embeddable":true,"href":"https:\/\/dfvcg-events.de\/wirtschaftsforum-agrarzeitung\/wp-json\/wp\/v2\/comments?post=2136"}],"version-history":[{"count":0,"href":"https:\/\/dfvcg-events.de\/wirtschaftsforum-agrarzeitung\/wp-json\/wp\/v2\/pages\/2136\/revisions"}],"wp:attachment":[{"href":"https:\/\/dfvcg-events.de\/wirtschaftsforum-agrarzeitung\/wp-json\/wp\/v2\/media?parent=2136"}],"curies":[{"name":"wp","href":"https:\/\/api.w.org\/{rel}","templated":true}]}}