{"id":1392,"date":"2022-04-21T09:09:46","date_gmt":"2022-04-21T07:09:46","guid":{"rendered":"https:\/\/dfvcg-events.de\/agrar-wirtschaftsforum\/?page_id=1392"},"modified":"2023-09-13T09:43:33","modified_gmt":"2023-09-13T07:43:33","slug":"foerderpreis-der-agrarwirtschaft","status":"publish","type":"page","link":"https:\/\/dfvcg-events.de\/wirtschaftsforum-agrarzeitung\/foerderpreis-der-agrarwirtschaft\/","title":{"rendered":"F\u00f6rderpreis der Agrarwirtschaft"},"content":{"rendered":"\n<style type=\"text\/css\" data-created_by=\"avia_inline_auto\" id=\"style-css-av-k7yuhjt1-ec26444cd24d5a571472207f636a50e2\">\n.avia-section.av-k7yuhjt1-ec26444cd24d5a571472207f636a50e2{\nbackground-color:#008032;\nbackground:linear-gradient( to right, #008032, #006555, #004875 );\n}\n<\/style>\n<div id='av_section_1'  class='avia-section av-k7yuhjt1-ec26444cd24d5a571472207f636a50e2 main_color avia-section-default avia-no-border-styling  avia-builder-el-0  el_before_av_section  avia-builder-el-first  avia-bg-style-scroll container_wrap fullsize'  ><div class='container av-section-cont-open' ><main  role=\"main\" itemprop=\"mainContentOfPage\"  class='template-page content  av-content-full alpha units'><div class='post-entry post-entry-type-page post-entry-1392'><div class='entry-content-wrapper clearfix'>\n\n<style type=\"text\/css\" data-created_by=\"avia_inline_auto\" id=\"style-css-av-kki429qg-01a9b832102fa0ed19cdf970e3dce514\">\n#top .av-special-heading.av-kki429qg-01a9b832102fa0ed19cdf970e3dce514{\npadding-bottom:0;\ncolor:#ffffff;\n}\nbody .av-special-heading.av-kki429qg-01a9b832102fa0ed19cdf970e3dce514 .av-special-heading-tag .heading-char{\nfont-size:25px;\n}\n.av-special-heading.av-kki429qg-01a9b832102fa0ed19cdf970e3dce514 .special-heading-inner-border{\nborder-color:#ffffff;\n}\n.av-special-heading.av-kki429qg-01a9b832102fa0ed19cdf970e3dce514 .av-subheading{\nfont-size:15px;\ncolor:#ffffff;\n}\nbody .av-special-heading.av-kki429qg-01a9b832102fa0ed19cdf970e3dce514 .av-special-heading-tag .heading-wrap:before{\nborder-color:#ffffff;\n}\nbody .av-special-heading.av-kki429qg-01a9b832102fa0ed19cdf970e3dce514 .av-special-heading-tag .heading-wrap:after{\nborder-color:#ffffff;\n}\n<\/style>\n<div  class='av-special-heading av-kki429qg-01a9b832102fa0ed19cdf970e3dce514 av-special-heading-h1 custom-color-heading blockquote modern-quote  avia-builder-el-1  avia-builder-el-no-sibling '><div class='av_custom_color av-subheading av-subheading_above'><p>Wirtschaftsforum agrarzeitung<\/p>\n<\/div><h1 class='av-special-heading-tag '  itemprop=\"headline\"  >F\u00f6rderpreis der Agrarwirtschaft<\/h1><div class=\"special-heading-border\"><div class=\"special-heading-inner-border\"><\/div><\/div><\/div>\n\n<\/div><\/div><\/main><!-- close content main element --><\/div><\/div><div id='av_section_2'  class='avia-section av-ayqu0-8e26c1f77e0cfcf353230004beee21e4 main_color avia-section-default avia-no-shadow  avia-builder-el-2  el_after_av_section  el_before_av_section  avia-bg-style-scroll container_wrap fullsize'  ><div class='container av-section-cont-open' ><div class='template-page content  av-content-full alpha units'><div class='post-entry post-entry-type-page post-entry-1392'><div class='entry-content-wrapper clearfix'>\n\n<style type=\"text\/css\" data-created_by=\"avia_inline_auto\" id=\"style-css-av-lgqah1ew-6c083c474d7dc79ef573b280b9536c19\">\n#top .av-special-heading.av-lgqah1ew-6c083c474d7dc79ef573b280b9536c19{\npadding-bottom:35px;\n}\nbody .av-special-heading.av-lgqah1ew-6c083c474d7dc79ef573b280b9536c19 .av-special-heading-tag .heading-char{\nfont-size:25px;\n}\n.av-special-heading.av-lgqah1ew-6c083c474d7dc79ef573b280b9536c19 .av-subheading{\nfont-size:15px;\n}\n<\/style>\n<div  class='av-special-heading av-lgqah1ew-6c083c474d7dc79ef573b280b9536c19 av-special-heading-h2 blockquote modern-quote  avia-builder-el-3  el_before_av_one_half  avia-builder-el-first '><h2 class='av-special-heading-tag '  itemprop=\"headline\"  >Wir suchen Nachwuchstalente bis 35 Jahre mit Ideen und Blick in die Zukunft. <\/h2><div class='av-subheading av-subheading_below'><p>Sei dabei und sicher Dir 9.000\u20ac Preisgeld.<\/p>\n<\/div><div class=\"special-heading-border\"><div class=\"special-heading-inner-border\"><\/div><\/div><\/div>\n<div class='flex_column_table av-2d20k0-ddd4a9140e837f1104526abc02843b2c sc-av_one_half av-equal-height-column-flextable'><div  class='flex_column av-2d20k0-ddd4a9140e837f1104526abc02843b2c av_one_half  avia-builder-el-4  el_after_av_heading  el_before_av_one_half  first flex_column_table_cell av-equal-height-column av-align-middle  '     ><style type=\"text\/css\" data-created_by=\"avia_inline_auto\" id=\"style-css-av-l2t4moco-7695d2acbf3d946a1fd6fff06d7a4bac\">\n.avia-image-container.av-l2t4moco-7695d2acbf3d946a1fd6fff06d7a4bac img.avia_image{\nbox-shadow:none;\n}\n.avia-image-container.av-l2t4moco-7695d2acbf3d946a1fd6fff06d7a4bac .av-image-caption-overlay-center{\ncolor:#ffffff;\n}\n<\/style>\n<div  class='avia-image-container av-l2t4moco-7695d2acbf3d946a1fd6fff06d7a4bac av-styling- avia-align-center  avia-builder-el-5  avia-builder-el-no-sibling '   itemprop=\"image\" itemscope=\"itemscope\" itemtype=\"https:\/\/schema.org\/ImageObject\" ><div class=\"avia-image-container-inner\"><div class=\"avia-image-overlay-wrap\"><img decoding=\"async\" fetchpriority=\"high\" class='wp-image-1455 avia-img-lazy-loading-not-1455 avia_image ' src=\"https:\/\/dfvcg-events.de\/wirtschaftsforum-agrarzeitung\/wp-content\/uploads\/sites\/40\/2022\/05\/Fo\u2560erderpreis-Agrarwirtschaft-Logo.png\" alt='' title='Fo\u2560\u00earderpreis Agrarwirtschaft Logo'  height=\"492\" width=\"1191\"  itemprop=\"thumbnailUrl\"  \/><\/div><\/div><\/div><\/div><div class='av-flex-placeholder'><\/div><div  class='flex_column av-3mblog-7f79eb37a9c67550c70aa30b4c630923 av_one_half  avia-builder-el-6  el_after_av_one_half  avia-builder-el-last  flex_column_table_cell av-equal-height-column av-align-middle  '     ><section  class='av_textblock_section av-lgqaklho-1b35f94fe2b6b989048a5b7f5fa307a7 '   itemscope=\"itemscope\" itemtype=\"https:\/\/schema.org\/CreativeWork\" ><div class='avia_textblock'  itemprop=\"text\" ><ul>\n<li>Du m\u00f6chtest die Zukunft im Agrifoodbereich weiter entwickeln und neu erfinden?<\/li>\n<li>Du verfolgst eine Mission oder hast bereits ein konkretes Projekt?<\/li>\n<li>Du bist 35 Jahre oder j\u00fcnger?<\/li>\n<\/ul>\n<\/div><\/section><\/div><\/div><!--close column table wrapper. Autoclose: 1 -->\n\n<\/div><\/div><\/div><!-- close content main div --><\/div><\/div><div id='av_section_3'  class='avia-section av-izdsnk-e5f67b7e254ec01326a4c73b13845197 main_color avia-section-default avia-no-shadow  avia-builder-el-8  el_after_av_section  el_before_av_one_half  avia-bg-style-scroll av-minimum-height av-minimum-height-50 av-height-50  container_wrap fullsize'   data-av_minimum_height_pc='50' data-av_min_height_opt='50'><div class='container av-section-cont-open' ><div class='template-page content  av-content-full alpha units'><div class='post-entry post-entry-type-page post-entry-1392'><div class='entry-content-wrapper clearfix'>\n<div  class='flex_column av-hqhxcw-f753b972f8a611e5335a71d41693d426 av_one_half  avia-builder-el-9  el_before_av_one_half  avia-builder-el-first  first flex_column_div  '     ><p>\n<style type=\"text\/css\" data-created_by=\"avia_inline_auto\" id=\"style-css-av-f1t4ps-33df58aa1ef506f09d650e475c6ac73d\">\n#top .av-special-heading.av-f1t4ps-33df58aa1ef506f09d650e475c6ac73d{\npadding-bottom:35px;\ncolor:#203350;\n}\nbody .av-special-heading.av-f1t4ps-33df58aa1ef506f09d650e475c6ac73d .av-special-heading-tag .heading-char{\nfont-size:25px;\n}\n.av-special-heading.av-f1t4ps-33df58aa1ef506f09d650e475c6ac73d .special-heading-inner-border{\nborder-color:#203350;\n}\n.av-special-heading.av-f1t4ps-33df58aa1ef506f09d650e475c6ac73d .av-subheading{\nfont-size:15px;\n}\n<\/style>\n<div  class='av-special-heading av-f1t4ps-33df58aa1ef506f09d650e475c6ac73d av-special-heading-h2 custom-color-heading blockquote modern-quote  avia-builder-el-10  el_before_av_textblock  avia-builder-el-first '><h2 class='av-special-heading-tag '  itemprop=\"headline\"  >Wer kann sich bewerben?<\/h2><div class=\"special-heading-border\"><div class=\"special-heading-inner-border\"><\/div><\/div><\/div><br \/>\n<section  class='av_textblock_section av-drgbk0-036feaa03b50c5f117dc1f6e95ae74d7 '   itemscope=\"itemscope\" itemtype=\"https:\/\/schema.org\/CreativeWork\" ><div class='avia_textblock'  itemprop=\"text\" ><ul>\n<li>Alle mit einer T\u00e4tigkeit im\u00a0Agrifoodbereich. Ganz gleich, ob Landwirt:innen,\u00a0Student:innen,\u00a0Wissenschaftler:innen, Berufst\u00e4tige,\u00a0Startups, Mitarbeiter im Agrarhandel, aus der Betriebsmittel-Industrie (Futtermittel, D\u00fcngemittel, PSM, Saatgut etc.) oder aus der Landtechnik.<\/li>\n<li>Du bist nicht \u00e4lter als 35 Jahre<\/li>\n<\/ul>\n<\/div><\/section><\/p><\/div><div  class='flex_column av-ce8ez4-3550d34f433512aed5a490b25d0ef9e9 av_one_half  avia-builder-el-12  el_after_av_one_half  el_before_av_one_half  flex_column_div  '     ><p>\n<style type=\"text\/css\" data-created_by=\"avia_inline_auto\" id=\"style-css-av-10nh2o-8474b0ed91e8bcc501fc254910f7414c\">\n#top .av-special-heading.av-10nh2o-8474b0ed91e8bcc501fc254910f7414c{\npadding-bottom:35px;\ncolor:#203350;\n}\nbody .av-special-heading.av-10nh2o-8474b0ed91e8bcc501fc254910f7414c .av-special-heading-tag .heading-char{\nfont-size:25px;\n}\n.av-special-heading.av-10nh2o-8474b0ed91e8bcc501fc254910f7414c .special-heading-inner-border{\nborder-color:#203350;\n}\n.av-special-heading.av-10nh2o-8474b0ed91e8bcc501fc254910f7414c .av-subheading{\nfont-size:15px;\n}\n<\/style>\n<div  class='av-special-heading av-10nh2o-8474b0ed91e8bcc501fc254910f7414c av-special-heading-h2 custom-color-heading blockquote modern-quote  avia-builder-el-13  el_before_av_textblock  avia-builder-el-first '><h2 class='av-special-heading-tag '  itemprop=\"headline\"  >Was muss eingereicht werden?<\/h2><div class=\"special-heading-border\"><div class=\"special-heading-inner-border\"><\/div><\/div><\/div><br \/>\n<section  class='av_textblock_section av-9hop5c-28d62d8d725b480cb90a959261cca5df '   itemscope=\"itemscope\" itemtype=\"https:\/\/schema.org\/CreativeWork\" ><div class='avia_textblock av_inherit_color'  itemprop=\"text\" ><ol>\n<li><strong>Beschreibung der Innovationen, Idee oder des Konzeptes als\u00a0One-Pager in diesem\u00a0Raster:\u00a0<\/strong>\u200b<br \/>\nWorum geht es?\u200b<br \/>\nWelches Problem soll das Projekt l\u00f6sen?\u200b<br \/>\nWas ist das Alleinstellungsmerkmal?\u200b<br \/>\nWie weit ist das Projekt? \u200b<br \/>\nWie soll es weitergehen?\u200b<br \/>\nWelche Partner sind im Boot?\u200b<br \/>\nWof\u00fcr soll das Preisgeld verwendet werden? \u200b<\/li>\n<li><strong>Tabellarischer Lebenslauf (1 Seite)\u200b<\/strong><\/li>\n<li><strong>Zeugnisse (optional)<\/strong>\u200b<\/li>\n<\/ol>\n<\/div><\/section><\/p><\/div><div class='flex_column_table av-75i7xc-b61804bf9e5a7a31584fd8491636afea sc-av_one_half av-equal-height-column-flextable'><div  class='flex_column av-75i7xc-b61804bf9e5a7a31584fd8491636afea av_one_half  avia-builder-el-15  el_after_av_one_half  el_before_av_one_fourth  first flex_column_table_cell av-equal-height-column av-align-middle  column-top-margin'     ><style type=\"text\/css\" data-created_by=\"avia_inline_auto\" id=\"style-css-av-lgqas5md-b87c6b3474b4cc45e7994aa81b1e0bb8\">\n#top .av-special-heading.av-lgqas5md-b87c6b3474b4cc45e7994aa81b1e0bb8{\npadding-bottom:35px;\n}\nbody .av-special-heading.av-lgqas5md-b87c6b3474b4cc45e7994aa81b1e0bb8 .av-special-heading-tag .heading-char{\nfont-size:25px;\n}\n.av-special-heading.av-lgqas5md-b87c6b3474b4cc45e7994aa81b1e0bb8 .av-subheading{\nfont-size:15px;\n}\n<\/style>\n<div  class='av-special-heading av-lgqas5md-b87c6b3474b4cc45e7994aa81b1e0bb8 av-special-heading-h3 blockquote modern-quote  avia-builder-el-16  avia-builder-el-no-sibling '><h3 class='av-special-heading-tag '  itemprop=\"headline\"  >Bewirb Dich jetzt!<\/h3><div class='av-subheading av-subheading_below'><p>Einsendeschluss: Mittwoch, 04. Oktober 2023<\/p>\n<\/div><div class=\"special-heading-border\"><div class=\"special-heading-inner-border\"><\/div><\/div><\/div><\/div><div class='av-flex-placeholder'><\/div><div  class='flex_column av-78vj7k-5230597c54f62d68c26b7e087f7a776b av_one_fourth  avia-builder-el-17  el_after_av_one_half  el_before_av_one_fourth  flex_column_table_cell av-equal-height-column av-align-middle  column-top-margin'     ><div  class='avia-button-wrap av-6a6ti8-6fcdbd02d33d1051c58a32bbd8f759fd-wrap avia-button-left  avia-builder-el-18  avia-builder-el-no-sibling '>\n<style type=\"text\/css\" data-created_by=\"avia_inline_auto\" id=\"style-css-av-6a6ti8-6fcdbd02d33d1051c58a32bbd8f759fd\">\n#top #wrap_all .avia-button.av-6a6ti8-6fcdbd02d33d1051c58a32bbd8f759fd{\nbackground-color:#b4cd29;\nborder-color:#b4cd29;\ncolor:#ffffff;\ntransition:all 0.4s ease-in-out;\n}\n#top #wrap_all .avia-button.av-6a6ti8-6fcdbd02d33d1051c58a32bbd8f759fd .avia-svg-icon svg:first-child{\nfill:#ffffff;\nstroke:#ffffff;\n}\n<\/style>\n<a href='&#x6d;&#x61;&#105;l&#x74;&#x6f;&#58;sa&#x62;&#x72;&#105;n&#x61;&#x2e;&#116;&#101;i&#x63;&#x68;&#109;a&#x6e;&#x6e;&#64;&#100;f&#x76;&#x63;&#103;&#46;&#x64;&#x65;'  class='avia-button av-6a6ti8-6fcdbd02d33d1051c58a32bbd8f759fd av-link-btn avia-icon_select-yes-left-icon avia-size-large avia-position-left'   aria-label=\"Jetzt bewerben\"><span class='avia_button_icon avia_button_icon_left avia-iconfont avia-font-entypo-fontello' data-av_icon='\ue805' data-av_iconfont='entypo-fontello' ><\/span><span class='avia_iconbox_title' >Jetzt bewerben<\/span><\/a><\/div><\/div><div class='av-flex-placeholder'><\/div><div  class='flex_column av-3mbdyo-d66d63a132ecae8bd312069e92ef7274 av_one_fourth  avia-builder-el-19  el_after_av_one_fourth  avia-builder-el-last  flex_column_table_cell av-equal-height-column av-align-middle  column-top-margin'     ><div  class='avia-button-wrap av-1yom0g-7be7c9c961b1fc1911c298f58c536528-wrap avia-button-left  avia-builder-el-20  avia-builder-el-no-sibling '>\n<style type=\"text\/css\" data-created_by=\"avia_inline_auto\" id=\"style-css-av-1yom0g-7be7c9c961b1fc1911c298f58c536528\">\n#top #wrap_all .avia-button.av-1yom0g-7be7c9c961b1fc1911c298f58c536528{\nbackground-color:#b4cd29;\nborder-color:#b4cd29;\ncolor:#ffffff;\ntransition:all 0.4s ease-in-out;\n}\n#top #wrap_all .avia-button.av-1yom0g-7be7c9c961b1fc1911c298f58c536528 .avia-svg-icon svg:first-child{\nfill:#ffffff;\nstroke:#ffffff;\n}\n<\/style>\n<a href='&#x6d;&#x61;&#105;l&#x74;&#x6f;&#58;&#115;a&#x62;&#x72;&#105;&#110;a&#x2e;&#x74;&#101;ic&#x68;&#x6d;&#97;n&#x6e;&#x40;&#100;&#102;v&#x63;&#x67;&#46;&#100;e'  class='avia-button av-1yom0g-7be7c9c961b1fc1911c298f58c536528 av-link-btn avia-icon_select-yes-left-icon avia-size-large avia-position-left'   aria-label=\"Bewerber vorschlagen\"><span class='avia_button_icon avia_button_icon_left avia-iconfont avia-font-entypo-fontello' data-av_icon='\ue805' data-av_iconfont='entypo-fontello' ><\/span><span class='avia_iconbox_title' >Bewerber vorschlagen<\/span><\/a><\/div><\/div><\/div><!--close column table wrapper. Autoclose: 1 -->\n<\/div><\/div><\/div><!-- close content main div --><\/div><\/div><div id='after_section_3'  class='main_color av_default_container_wrap container_wrap fullsize'  ><div class='container av-section-cont-open' ><div class='template-page content  av-content-full alpha units'><div class='post-entry post-entry-type-page post-entry-1392'><div class='entry-content-wrapper clearfix'>\n<div  class='flex_column av-4njepc-8e1e9a8fb8ab540c516ee5343d59ae22 av_one_half  avia-builder-el-21  el_after_av_section  el_before_av_one_half  avia-builder-el-first  first flex_column_div  '     ><section  class='av_textblock_section av-l2t54eiq-813367b436881784c470525c5c11ddb3 '   itemscope=\"itemscope\" itemtype=\"https:\/\/schema.org\/CreativeWork\" ><div class='avia_textblock'  itemprop=\"text\" ><p><strong>Eine erfolgreiche und sichere Zukunft der Landwirtschaft ist abh\u00e4ngig von den Ideen und Impulsen junger Nachwuchstalente.<\/strong><\/p>\n<p>Deshalb unterst\u00fctzt die agrarzeitung seit fast 20 Jahren kluge K\u00f6pfe der Agrarbranche mit dem &#8222;F\u00f6rderpreis der Agrarwirtschaft&#8220; und bietet ihnen ein Sprungbrett f\u00fcr Ihre Karriere.<\/p>\n<p>Der mit 9.000 Euro dotierte F\u00f6rderpreis der Agrarwirtschaft richtet sich gleicherma\u00dfen an Wissenschaftler:innen, Landwirt:innen oder Berufst\u00e4tige in Agrarunternehmen aus Industrie, Handel und Verarbeitung.<\/p>\n<\/div><\/section><\/div>\n<div  class='flex_column av-1u82ow-a44fbb0fddc12d5a5c67f5fa627f8bba av_one_half  avia-builder-el-23  el_after_av_one_half  el_before_av_section  avia-builder-el-last  flex_column_div  '     ><section  class='av_textblock_section av-l25u9eai-2c39e4c32fef88e002e33f546aebaa46 '   itemscope=\"itemscope\" itemtype=\"https:\/\/schema.org\/CreativeWork\" ><div class='avia_textblock'  itemprop=\"text\" ><p>Gefragt sind Ideen, die die Agrarbranche voranbringen. Die Gr\u00f6\u00dfe des Projektes ist dabei nicht ausschlaggebend, sondern die kreative Umsetzung und das gezeigte Engagement. Entscheidend sind Eigeninitiative, Relevanz f\u00fcr die Agrarbranche, Praxisn\u00e4he und Umsetzungsreife. Eine unabh\u00e4ngige Jury k\u00fcrt drei Favoriten.<\/p>\n<\/div><\/section><\/div>\n<\/div><\/div><\/div><!-- close content main div --><\/div><\/div><div id='jury'  class='avia-section av-lfqgya6d-80994a3c49f8fc13e5539732169618b7 main_color avia-section-default avia-no-border-styling  avia-builder-el-25  el_after_av_one_half  el_before_av_section  avia-bg-style-scroll container_wrap fullsize'  ><div class='container av-section-cont-open' ><div class='template-page content  av-content-full alpha units'><div class='post-entry post-entry-type-page post-entry-1392'><div class='entry-content-wrapper clearfix'>\n\n<style type=\"text\/css\" data-created_by=\"avia_inline_auto\" id=\"style-css-av-3qjs2o-6a68066299492989df2f82f1c6a7a367\">\n#top .av-special-heading.av-3qjs2o-6a68066299492989df2f82f1c6a7a367{\npadding-bottom:10px;\ncolor:#203350;\n}\nbody .av-special-heading.av-3qjs2o-6a68066299492989df2f82f1c6a7a367 .av-special-heading-tag .heading-char{\nfont-size:25px;\n}\n.av-special-heading.av-3qjs2o-6a68066299492989df2f82f1c6a7a367 .special-heading-inner-border{\nborder-color:#203350;\n}\n.av-special-heading.av-3qjs2o-6a68066299492989df2f82f1c6a7a367 .av-subheading{\nfont-size:15px;\n}\n<\/style>\n<div  class='av-special-heading av-3qjs2o-6a68066299492989df2f82f1c6a7a367 av-special-heading-h2 custom-color-heading blockquote modern-quote  avia-builder-el-26  el_before_av_masonry_entries  avia-builder-el-no-sibling '><h2 class='av-special-heading-tag '  itemprop=\"headline\"  >Die Jury<\/h2><div class=\"special-heading-border\"><div class=\"special-heading-inner-border\"><\/div><\/div><\/div>\n<div id='av-masonry-1' class='av-masonry av-35v6io-54cee084aa7485822b993d5e4ee00ec4 noHover av-fixed-size av-large-gap av-hover-overlay- av-masonry-animation-active av-masonry-col-4 av-caption-always av-caption-style- av-masonry-entries av-orientation-portrait-large ' data-post_id=\"1392\"><div class=\"av-masonry-container isotope av-js-disabled\"><div class='av-masonry-entry isotope-item av-masonry-item-no-image '><\/div><a href=\"https:\/\/dfvcg-events.de\/wirtschaftsforum-agrarzeitung\/vortragend\/andreas-boeske\/\"  id='av-masonry-1-item-2449' data-av-masonry-item='2449' class='av-masonry-entry isotope-item post-2449 portfolio type-portfolio status-publish has-post-thumbnail hentry portfolio_entries-jury2023  av-masonry-item-with-image' title=\"B\u00f6ske-Andreas\"   itemscope=\"itemscope\" itemtype=\"https:\/\/schema.org\/CreativeWork\" ><div class='av-inner-masonry-sizer'><\/div><figure class='av-inner-masonry main_color'><div class=\"av-masonry-outerimage-container\"><div class='av-masonry-image-container' style=\"background-image: url(https:\/\/dfvcg-events.de\/wirtschaftsforum-agrarzeitung\/wp-content\/uploads\/sites\/40\/2023\/09\/Boeske-Andreas.jpg);\"  title=\"B\u00f6ske-Andreas\" ><\/div><\/div><figcaption class='av-inner-masonry-content site-background'><div class='av-inner-masonry-content-pos'><div class='av-inner-masonry-content-pos-content'><div class='avia-arrow'><\/div><h3 class='av-masonry-entry-title entry-title '  itemprop=\"headline\" >Andreas B\u00f6ske<\/h3><div class='av-masonry-entry-content entry-content'  itemprop=\"text\" >Big Dutchman International GmbH<\/div><\/div><\/div><\/figcaption><\/figure><\/a><!--end av-masonry entry--><a href=\"https:\/\/dfvcg-events.de\/wirtschaftsforum-agrarzeitung\/vortragend\/lars-fliege\/\"  id='av-masonry-1-item-2461' data-av-masonry-item='2461' class='av-masonry-entry isotope-item post-2461 portfolio type-portfolio status-publish has-post-thumbnail hentry portfolio_entries-jury2023  av-masonry-item-with-image' title=\"Fliege-Lars\"   itemscope=\"itemscope\" itemtype=\"https:\/\/schema.org\/CreativeWork\" ><div class='av-inner-masonry-sizer'><\/div><figure class='av-inner-masonry main_color'><div class=\"av-masonry-outerimage-container\"><div class='av-masonry-image-container' style=\"background-image: url(https:\/\/dfvcg-events.de\/wirtschaftsforum-agrarzeitung\/wp-content\/uploads\/sites\/40\/2023\/09\/Fliege-Lars.jpg);\"  title=\"Fliege-Lars\" ><\/div><\/div><figcaption class='av-inner-masonry-content site-background'><div class='av-inner-masonry-content-pos'><div class='av-inner-masonry-content-pos-content'><div class='avia-arrow'><\/div><h3 class='av-masonry-entry-title entry-title '  itemprop=\"headline\" >Lars Fliege<\/h3><div class='av-masonry-entry-content entry-content'  itemprop=\"text\" >Agrargesellschaft Pfiffelbach mbH<\/div><\/div><\/div><\/figcaption><\/figure><\/a><!--end av-masonry entry--><a href=\"https:\/\/dfvcg-events.de\/wirtschaftsforum-agrarzeitung\/vortragend\/jana-gaebert\/\"  id='av-masonry-1-item-1762' data-av-masonry-item='1762' class='av-masonry-entry isotope-item post-1762 portfolio type-portfolio status-publish has-post-thumbnail hentry portfolio_entries-jury portfolio_entries-jury2023  av-masonry-item-with-image' title=\"G\u00e4bert_Jana_web\"   itemscope=\"itemscope\" itemtype=\"https:\/\/schema.org\/CreativeWork\" ><div class='av-inner-masonry-sizer'><\/div><figure class='av-inner-masonry main_color'><div class=\"av-masonry-outerimage-container\"><div class='av-masonry-image-container' style=\"background-image: url(https:\/\/dfvcg-events.de\/wirtschaftsforum-agrarzeitung\/wp-content\/uploads\/sites\/40\/2022\/08\/Gaebert_Jana_web.jpg);\"  title=\"G\u00e4bert_Jana_web\" ><\/div><\/div><figcaption class='av-inner-masonry-content site-background'><div class='av-inner-masonry-content-pos'><div class='av-inner-masonry-content-pos-content'><div class='avia-arrow'><\/div><h3 class='av-masonry-entry-title entry-title '  itemprop=\"headline\" >Jana G\u00e4bert<\/h3><div class='av-masonry-entry-content entry-content'  itemprop=\"text\" >agt Agrar GmbH<\/div><\/div><\/div><\/figcaption><\/figure><\/a><!--end av-masonry entry--><a href=\"https:\/\/dfvcg-events.de\/wirtschaftsforum-agrarzeitung\/vortragend\/karin-guendel-gonzalez\/\"  id='av-masonry-1-item-2483' data-av-masonry-item='2483' class='av-masonry-entry isotope-item post-2483 portfolio type-portfolio status-publish has-post-thumbnail hentry portfolio_entries-jury2023 portfolio_entries-speaker-2023  av-masonry-item-with-image' title=\"Guendel Gonzalez\"   itemscope=\"itemscope\" itemtype=\"https:\/\/schema.org\/CreativeWork\" ><div class='av-inner-masonry-sizer'><\/div><figure class='av-inner-masonry main_color'><div class=\"av-masonry-outerimage-container\"><div class='av-masonry-image-container' style=\"background-image: url(https:\/\/dfvcg-events.de\/wirtschaftsforum-agrarzeitung\/wp-content\/uploads\/sites\/40\/2023\/10\/Guendel-Gonzalez.jpg);\"  title=\"Guendel Gonzalez\" ><\/div><\/div><figcaption class='av-inner-masonry-content site-background'><div class='av-inner-masonry-content-pos'><div class='av-inner-masonry-content-pos-content'><div class='avia-arrow'><\/div><h3 class='av-masonry-entry-title entry-title '  itemprop=\"headline\" >Karin Guendel Gonzalez<\/h3><div class='av-masonry-entry-content entry-content'  itemprop=\"text\" >Bayer CropScience Deutschland<\/div><\/div><\/div><\/figcaption><\/figure><\/a><!--end av-masonry entry--><a href=\"https:\/\/dfvcg-events.de\/wirtschaftsforum-agrarzeitung\/vortragend\/dr-lothar-hoevelmann\/\"  id='av-masonry-1-item-2470' data-av-masonry-item='2470' class='av-masonry-entry isotope-item post-2470 portfolio type-portfolio status-publish has-post-thumbnail hentry portfolio_entries-jury2023  av-masonry-item-with-image' title=\"Dr.H\u00f6velmann\"   itemscope=\"itemscope\" itemtype=\"https:\/\/schema.org\/CreativeWork\" ><div class='av-inner-masonry-sizer'><\/div><figure class='av-inner-masonry main_color'><div class=\"av-masonry-outerimage-container\"><div class='av-masonry-image-container' style=\"background-image: url(https:\/\/dfvcg-events.de\/wirtschaftsforum-agrarzeitung\/wp-content\/uploads\/sites\/40\/2023\/10\/Dr.Hoevelmann.jpg);\"  title=\"Dr.H\u00f6velmann\" ><\/div><\/div><figcaption class='av-inner-masonry-content site-background'><div class='av-inner-masonry-content-pos'><div class='av-inner-masonry-content-pos-content'><div class='avia-arrow'><\/div><h3 class='av-masonry-entry-title entry-title '  itemprop=\"headline\" >Dr. Lothar H\u00f6velmann<\/h3><div class='av-masonry-entry-content entry-content'  itemprop=\"text\" >DLG e.V.<\/div><\/div><\/div><\/figcaption><\/figure><\/a><!--end av-masonry entry--><a href=\"https:\/\/dfvcg-events.de\/wirtschaftsforum-agrarzeitung\/vortragend\/christian-pohl\/\"  id='av-masonry-1-item-2474' data-av-masonry-item='2474' class='av-masonry-entry isotope-item post-2474 portfolio type-portfolio status-publish has-post-thumbnail hentry portfolio_entries-jury2023  av-masonry-item-with-image' title=\"Christian Pohl-Rentenbank\"   itemscope=\"itemscope\" itemtype=\"https:\/\/schema.org\/CreativeWork\" ><div class='av-inner-masonry-sizer'><\/div><figure class='av-inner-masonry main_color'><div class=\"av-masonry-outerimage-container\"><div class='av-masonry-image-container' style=\"background-image: url(https:\/\/dfvcg-events.de\/wirtschaftsforum-agrarzeitung\/wp-content\/uploads\/sites\/40\/2023\/10\/Christian-Pohl-Rentenbank.jpg);\"  title=\"Christian Pohl-Rentenbank\" ><\/div><\/div><figcaption class='av-inner-masonry-content site-background'><div class='av-inner-masonry-content-pos'><div class='av-inner-masonry-content-pos-content'><div class='avia-arrow'><\/div><h3 class='av-masonry-entry-title entry-title '  itemprop=\"headline\" >Christian Pohl<\/h3><div class='av-masonry-entry-content entry-content'  itemprop=\"text\" >Rentenbank<\/div><\/div><\/div><\/figcaption><\/figure><\/a><!--end av-masonry entry--><a href=\"https:\/\/dfvcg-events.de\/wirtschaftsforum-agrarzeitung\/vortragend\/christian-schnuecke\/\"  id='av-masonry-1-item-1802' data-av-masonry-item='1802' class='av-masonry-entry isotope-item post-1802 portfolio type-portfolio status-publish has-post-thumbnail hentry portfolio_entries-jury portfolio_entries-jury2023  av-masonry-item-with-image' title=\"Schn\u00fccke_Christian_web\"   itemscope=\"itemscope\" itemtype=\"https:\/\/schema.org\/CreativeWork\" ><div class='av-inner-masonry-sizer'><\/div><figure class='av-inner-masonry main_color'><div class=\"av-masonry-outerimage-container\"><div class='av-masonry-image-container' style=\"background-image: url(https:\/\/dfvcg-events.de\/wirtschaftsforum-agrarzeitung\/wp-content\/uploads\/sites\/40\/2022\/08\/Schnuecke_Christian_web.jpg);\"  title=\"Schn\u00fccke_Christian_web\" ><\/div><\/div><figcaption class='av-inner-masonry-content site-background'><div class='av-inner-masonry-content-pos'><div class='av-inner-masonry-content-pos-content'><div class='avia-arrow'><\/div><h3 class='av-masonry-entry-title entry-title '  itemprop=\"headline\" >Christian Schn\u00fccke<\/h3><div class='av-masonry-entry-content entry-content'  itemprop=\"text\" >dfv Mediengruppe<\/div><\/div><\/div><\/figcaption><\/figure><\/a><!--end av-masonry entry--><a href=\"https:\/\/dfvcg-events.de\/wirtschaftsforum-agrarzeitung\/vortragend\/sonja-timmer\/\"  id='av-masonry-1-item-2488' data-av-masonry-item='2488' class='av-masonry-entry isotope-item post-2488 portfolio type-portfolio status-publish has-post-thumbnail hentry portfolio_entries-jury2023  av-masonry-item-with-image' title=\"Sonja Timmer-AgroBrain\"   itemscope=\"itemscope\" itemtype=\"https:\/\/schema.org\/CreativeWork\" ><div class='av-inner-masonry-sizer'><\/div><figure class='av-inner-masonry main_color'><div class=\"av-masonry-outerimage-container\"><div class='av-masonry-image-container' style=\"background-image: url(https:\/\/dfvcg-events.de\/wirtschaftsforum-agrarzeitung\/wp-content\/uploads\/sites\/40\/2023\/10\/Sonja-Timmer-AgroBrain.jpg);\"  title=\"Sonja Timmer-AgroBrain\" ><\/div><\/div><figcaption class='av-inner-masonry-content site-background'><div class='av-inner-masonry-content-pos'><div class='av-inner-masonry-content-pos-content'><div class='avia-arrow'><\/div><h3 class='av-masonry-entry-title entry-title '  itemprop=\"headline\" >Sonja Timmer<\/h3><div class='av-masonry-entry-content entry-content'  itemprop=\"text\" >AgroBrain S.\u00e0 r.l.<\/div><\/div><\/div><\/figcaption><\/figure><\/a><!--end av-masonry entry--><a href=\"https:\/\/dfvcg-events.de\/wirtschaftsforum-agrarzeitung\/vortragend\/olaf-deininger\/\"  id='av-masonry-1-item-1617' data-av-masonry-item='1617' class='av-masonry-entry isotope-item post-1617 portfolio type-portfolio status-publish has-post-thumbnail hentry portfolio_entries-jury2023 portfolio_entries-referent  av-masonry-item-with-image' title=\"Olaf_Deininger_Web\"   itemscope=\"itemscope\" itemtype=\"https:\/\/schema.org\/CreativeWork\" ><div class='av-inner-masonry-sizer'><\/div><figure class='av-inner-masonry main_color'><div class=\"av-masonry-outerimage-container\"><div class='av-masonry-image-container' style=\"background-image: url(https:\/\/dfvcg-events.de\/wirtschaftsforum-agrarzeitung\/wp-content\/uploads\/sites\/40\/2020\/05\/Olaf_Deininger_Web.jpg);\"  title=\"Olaf_Deininger_Web\" ><\/div><\/div><figcaption class='av-inner-masonry-content site-background'><div class='av-inner-masonry-content-pos'><div class='av-inner-masonry-content-pos-content'><div class='avia-arrow'><\/div><h3 class='av-masonry-entry-title entry-title '  itemprop=\"headline\" >Olaf Deininger<\/h3><div class='av-masonry-entry-content entry-content'  itemprop=\"text\" >dfv Mediengruppe<\/div><\/div><\/div><\/figcaption><\/figure><\/a><!--end av-masonry entry--><\/div><\/div>\n<\/div><\/div><\/div><!-- close content main div --><\/div><\/div><div id='av_section_5'  class='avia-section av-6e0mxc-184f42276320116f27c777f651114d4c main_color avia-section-default avia-no-border-styling  avia-builder-el-28  el_after_av_section  avia-builder-el-last  avia-bg-style-scroll container_wrap fullsize'  ><div class='container av-section-cont-open' ><div class='template-page content  av-content-full alpha units'><div class='post-entry post-entry-type-page post-entry-1392'><div class='entry-content-wrapper clearfix'>\n\n<style type=\"text\/css\" data-created_by=\"avia_inline_auto\" id=\"style-css-av-45ltyo-5249fcb3e39daacc83e06e98adb5acb2\">\n#top .av-special-heading.av-45ltyo-5249fcb3e39daacc83e06e98adb5acb2{\npadding-bottom:10px;\ncolor:#203350;\n}\nbody .av-special-heading.av-45ltyo-5249fcb3e39daacc83e06e98adb5acb2 .av-special-heading-tag .heading-char{\nfont-size:25px;\n}\n.av-special-heading.av-45ltyo-5249fcb3e39daacc83e06e98adb5acb2 .special-heading-inner-border{\nborder-color:#203350;\n}\n.av-special-heading.av-45ltyo-5249fcb3e39daacc83e06e98adb5acb2 .av-subheading{\nfont-size:15px;\n}\n<\/style>\n<div  class='av-special-heading av-45ltyo-5249fcb3e39daacc83e06e98adb5acb2 av-special-heading-h2 custom-color-heading blockquote modern-quote  avia-builder-el-29  el_before_av_masonry_entries  avia-builder-el-no-sibling '><h2 class='av-special-heading-tag '  itemprop=\"headline\"  >Preistr\u00e4ger:innen der vergangenen Jahre<\/h2><div class=\"special-heading-border\"><div class=\"special-heading-inner-border\"><\/div><\/div><\/div>\n<div id='av-masonry-2' class='av-masonry av-365gw0-c3ee14574f011c07deb9ca3b50c0a937 noHover av-fixed-size av-large-gap av-hover-overlay- av-masonry-animation-active av-masonry-col-4 av-caption-always av-caption-style- av-masonry-entries av-orientation-portrait-large ' data-post_id=\"1392\"><div class=\"av-masonry-container isotope av-js-disabled\"><div class='av-masonry-entry isotope-item av-masonry-item-no-image '><\/div><a href=\"https:\/\/dfvcg-events.de\/wirtschaftsforum-agrarzeitung\/vortragend\/felix-schulze-varnholt\/\"  id='av-masonry-2-item-2326' data-av-masonry-item='2326' class='av-masonry-entry isotope-item post-2326 portfolio type-portfolio status-publish has-post-thumbnail hentry portfolio_entries-preistraeaeger portfolio_entries-preistraeger  av-masonry-item-with-image' title=\"Felix Schulze-Varnholt-web\"   itemscope=\"itemscope\" itemtype=\"https:\/\/schema.org\/CreativeWork\" ><div class='av-inner-masonry-sizer'><\/div><figure class='av-inner-masonry main_color'><div class=\"av-masonry-outerimage-container\"><div class='av-masonry-image-container' style=\"background-image: url(https:\/\/dfvcg-events.de\/wirtschaftsforum-agrarzeitung\/wp-content\/uploads\/sites\/40\/2023\/05\/Felix-Schulze-Varnholt-web.jpeg);\"  title=\"Felix Schulze-Varnholt-web\" ><\/div><\/div><figcaption class='av-inner-masonry-content site-background'><div class='av-inner-masonry-content-pos'><div class='av-inner-masonry-content-pos-content'><div class='avia-arrow'><\/div><h3 class='av-masonry-entry-title entry-title '  itemprop=\"headline\" >Felix Schulze-Varnholt<\/h3><div class='av-masonry-entry-content entry-content'  itemprop=\"text\" >F\u00f6rderpreistr\u00e4ger 2022<\/div><\/div><\/div><\/figcaption><\/figure><\/a><!--end av-masonry entry--><a href=\"https:\/\/dfvcg-events.de\/wirtschaftsforum-agrarzeitung\/vortragend\/christoph-pahmeyer\/\"  id='av-masonry-2-item-1477' data-av-masonry-item='1477' class='av-masonry-entry isotope-item post-1477 portfolio type-portfolio status-publish has-post-thumbnail hentry portfolio_entries-preistraeaeger portfolio_entries-preistraeger  av-masonry-item-with-image' title=\"Pahmeyer_web\"   itemscope=\"itemscope\" itemtype=\"https:\/\/schema.org\/CreativeWork\" ><div class='av-inner-masonry-sizer'><\/div><figure class='av-inner-masonry main_color'><div class=\"av-masonry-outerimage-container\"><div class='av-masonry-image-container' style=\"background-image: url(https:\/\/dfvcg-events.de\/wirtschaftsforum-agrarzeitung\/wp-content\/uploads\/sites\/40\/2022\/05\/Pahmeyer_web.jpg);\"  title=\"Pahmeyer_web\" ><\/div><\/div><figcaption class='av-inner-masonry-content site-background'><div class='av-inner-masonry-content-pos'><div class='av-inner-masonry-content-pos-content'><div class='avia-arrow'><\/div><h3 class='av-masonry-entry-title entry-title '  itemprop=\"headline\" >Christoph Pahmeyer<\/h3><div class='av-masonry-entry-content entry-content'  itemprop=\"text\" >F\u00f6rderpreistr\u00e4ger 2021<\/div><\/div><\/div><\/figcaption><\/figure><\/a><!--end av-masonry entry--><a href=\"https:\/\/dfvcg-events.de\/wirtschaftsforum-agrarzeitung\/vortragend\/dominic-roth\/\"  id='av-masonry-2-item-1398' data-av-masonry-item='1398' class='av-masonry-entry isotope-item post-1398 portfolio type-portfolio status-publish has-post-thumbnail hentry portfolio_entries-preistraeaeger portfolio_entries-preistraeger  av-masonry-item-with-image' title=\"Roth_web\"   itemscope=\"itemscope\" itemtype=\"https:\/\/schema.org\/CreativeWork\" ><div class='av-inner-masonry-sizer'><\/div><figure class='av-inner-masonry main_color'><div class=\"av-masonry-outerimage-container\"><div class='av-masonry-image-container' style=\"background-image: url(https:\/\/dfvcg-events.de\/wirtschaftsforum-agrarzeitung\/wp-content\/uploads\/sites\/40\/2022\/04\/Roth_web.jpg);\"  title=\"Roth_web\" ><\/div><\/div><figcaption class='av-inner-masonry-content site-background'><div class='av-inner-masonry-content-pos'><div class='av-inner-masonry-content-pos-content'><div class='avia-arrow'><\/div><h3 class='av-masonry-entry-title entry-title '  itemprop=\"headline\" >Dominic Roth<\/h3><div class='av-masonry-entry-content entry-content'  itemprop=\"text\" >F\u00f6rderpreistr\u00e4ger 2020<\/div><\/div><\/div><\/figcaption><\/figure><\/a><!--end av-masonry entry--><a href=\"https:\/\/dfvcg-events.de\/wirtschaftsforum-agrarzeitung\/vortragend\/julia-nissen\/\"  id='av-masonry-2-item-1406' data-av-masonry-item='1406' class='av-masonry-entry isotope-item post-1406 portfolio type-portfolio status-publish has-post-thumbnail hentry portfolio_entries-preistraeaeger portfolio_entries-preistraeger  av-masonry-item-with-image' title=\"Julia Nissen_web\"   itemscope=\"itemscope\" itemtype=\"https:\/\/schema.org\/CreativeWork\" ><div class='av-inner-masonry-sizer'><\/div><figure class='av-inner-masonry main_color'><div class=\"av-masonry-outerimage-container\"><div class='av-masonry-image-container' style=\"background-image: url(https:\/\/dfvcg-events.de\/wirtschaftsforum-agrarzeitung\/wp-content\/uploads\/sites\/40\/2022\/04\/Julia-Nissen_web.jpg);\"  title=\"Julia Nissen_web\" ><\/div><\/div><figcaption class='av-inner-masonry-content site-background'><div class='av-inner-masonry-content-pos'><div class='av-inner-masonry-content-pos-content'><div class='avia-arrow'><\/div><h3 class='av-masonry-entry-title entry-title '  itemprop=\"headline\" >Julia Nissen<\/h3><div class='av-masonry-entry-content entry-content'  itemprop=\"text\" >F\u00f6rderpreistr\u00e4gerin 2019<\/div><\/div><\/div><\/figcaption><\/figure><\/a><!--end av-masonry entry--><a href=\"https:\/\/dfvcg-events.de\/wirtschaftsforum-agrarzeitung\/vortragend\/saskia-strutzke\/\"  id='av-masonry-2-item-1411' data-av-masonry-item='1411' class='av-masonry-entry isotope-item post-1411 portfolio type-portfolio status-publish has-post-thumbnail hentry portfolio_entries-preistraeaeger portfolio_entries-preistraeger  av-masonry-item-with-image' title=\"Saskia Strutzke_web\"   itemscope=\"itemscope\" itemtype=\"https:\/\/schema.org\/CreativeWork\" ><div class='av-inner-masonry-sizer'><\/div><figure class='av-inner-masonry main_color'><div class=\"av-masonry-outerimage-container\"><div class='av-masonry-image-container' style=\"background-image: url(https:\/\/dfvcg-events.de\/wirtschaftsforum-agrarzeitung\/wp-content\/uploads\/sites\/40\/2022\/04\/Saskia-Strutzke_web.jpg);\"  title=\"Saskia Strutzke_web\" ><\/div><\/div><figcaption class='av-inner-masonry-content site-background'><div class='av-inner-masonry-content-pos'><div class='av-inner-masonry-content-pos-content'><div class='avia-arrow'><\/div><h3 class='av-masonry-entry-title entry-title '  itemprop=\"headline\" >Saskia Strutzke<\/h3><div class='av-masonry-entry-content entry-content'  itemprop=\"text\" >F\u00f6rderpreistr\u00e4gerin 2018<\/div><\/div><\/div><\/figcaption><\/figure><\/a><!--end av-masonry entry--><\/div><\/div>\n<\/p>\n","protected":false},"excerpt":{"rendered":"","protected":false},"author":25,"featured_media":0,"parent":0,"menu_order":0,"comment_status":"closed","ping_status":"closed","template":"","meta":{"footnotes":""},"class_list":["post-1392","page","type-page","status-publish","hentry"],"yoast_head":"<!-- This site is optimized with the Yoast SEO plugin v27.4 - https:\/\/yoast.com\/product\/yoast-seo-wordpress\/ -->\n<title>F\u00f6rderpreis der Agrarwirtschaft | Wirtschaftsforum der agrarzeitung<\/title>\n<meta name=\"description\" content=\"Im Rahmen des Wirtschaftsforum der agrarzeitung in Hannover wird der F\u00f6rderpreis der Agrarwirtschaft verliehen.\" \/>\n<meta name=\"robots\" content=\"index, follow, max-snippet:-1, max-image-preview:large, max-video-preview:-1\" \/>\n<link rel=\"canonical\" href=\"https:\/\/dfvcg-events.de\/wirtschaftsforum-agrarzeitung\/foerderpreis-der-agrarwirtschaft\/\" \/>\n<meta property=\"og:locale\" content=\"de_DE\" \/>\n<meta property=\"og:type\" content=\"article\" \/>\n<meta property=\"og:title\" content=\"F\u00f6rderpreis der Agrarwirtschaft | Wirtschaftsforum der agrarzeitung\" \/>\n<meta property=\"og:description\" content=\"Im Rahmen des Wirtschaftsforum der agrarzeitung in Hannover wird der F\u00f6rderpreis der Agrarwirtschaft verliehen.\" \/>\n<meta property=\"og:url\" content=\"https:\/\/dfvcg-events.de\/wirtschaftsforum-agrarzeitung\/foerderpreis-der-agrarwirtschaft\/\" \/>\n<meta property=\"og:site_name\" content=\"Wirtschaftsforum der agrarzeitung\" \/>\n<meta property=\"article:modified_time\" content=\"2023-09-13T07:43:33+00:00\" \/>\n<meta property=\"og:image\" content=\"https:\/\/dfvcg-events.de\/wirtschaftsforum-agrarzeitung\/wp-content\/uploads\/sites\/40\/2023\/04\/dfvcg-wirtschaftsforum-agrarzeitung-titel-1200x675-1.jpg\" \/>\n\t<meta property=\"og:image:width\" content=\"1200\" \/>\n\t<meta property=\"og:image:height\" content=\"675\" \/>\n\t<meta property=\"og:image:type\" content=\"image\/jpeg\" \/>\n<meta name=\"twitter:card\" content=\"summary_large_image\" \/>\n<meta name=\"twitter:label1\" content=\"Gesch\u00e4tzte Lesezeit\" \/>\n\t<meta name=\"twitter:data1\" content=\"13\u00a0Minuten\" \/>\n<script type=\"application\/ld+json\" class=\"yoast-schema-graph\">{\"@context\":\"https:\\\/\\\/schema.org\",\"@graph\":[{\"@type\":\"WebPage\",\"@id\":\"https:\\\/\\\/dfvcg-events.de\\\/wirtschaftsforum-agrarzeitung\\\/foerderpreis-der-agrarwirtschaft\\\/\",\"url\":\"https:\\\/\\\/dfvcg-events.de\\\/wirtschaftsforum-agrarzeitung\\\/foerderpreis-der-agrarwirtschaft\\\/\",\"name\":\"F\u00f6rderpreis der Agrarwirtschaft | Wirtschaftsforum der agrarzeitung\",\"isPartOf\":{\"@id\":\"https:\\\/\\\/dfvcg-events.de\\\/wirtschaftsforum-agrarzeitung\\\/#website\"},\"datePublished\":\"2022-04-21T07:09:46+00:00\",\"dateModified\":\"2023-09-13T07:43:33+00:00\",\"description\":\"Im Rahmen des Wirtschaftsforum der agrarzeitung in Hannover wird der F\u00f6rderpreis der Agrarwirtschaft verliehen.\",\"breadcrumb\":{\"@id\":\"https:\\\/\\\/dfvcg-events.de\\\/wirtschaftsforum-agrarzeitung\\\/foerderpreis-der-agrarwirtschaft\\\/#breadcrumb\"},\"inLanguage\":\"de\",\"potentialAction\":[{\"@type\":\"ReadAction\",\"target\":[\"https:\\\/\\\/dfvcg-events.de\\\/wirtschaftsforum-agrarzeitung\\\/foerderpreis-der-agrarwirtschaft\\\/\"]}]},{\"@type\":\"BreadcrumbList\",\"@id\":\"https:\\\/\\\/dfvcg-events.de\\\/wirtschaftsforum-agrarzeitung\\\/foerderpreis-der-agrarwirtschaft\\\/#breadcrumb\",\"itemListElement\":[{\"@type\":\"ListItem\",\"position\":1,\"name\":\"Startseite\",\"item\":\"https:\\\/\\\/dfvcg-events.de\\\/wirtschaftsforum-agrarzeitung\\\/\"},{\"@type\":\"ListItem\",\"position\":2,\"name\":\"F\u00f6rderpreis der Agrarwirtschaft\"}]},{\"@type\":\"WebSite\",\"@id\":\"https:\\\/\\\/dfvcg-events.de\\\/wirtschaftsforum-agrarzeitung\\\/#website\",\"url\":\"https:\\\/\\\/dfvcg-events.de\\\/wirtschaftsforum-agrarzeitung\\\/\",\"name\":\"Wirtschaftsforum der agrarzeitung\",\"description\":\"dfv Conference Group\",\"publisher\":{\"@id\":\"https:\\\/\\\/dfvcg-events.de\\\/wirtschaftsforum-agrarzeitung\\\/#organization\"},\"alternateName\":\"dfv Conference Group\",\"potentialAction\":[{\"@type\":\"SearchAction\",\"target\":{\"@type\":\"EntryPoint\",\"urlTemplate\":\"https:\\\/\\\/dfvcg-events.de\\\/wirtschaftsforum-agrarzeitung\\\/?s={search_term_string}\"},\"query-input\":{\"@type\":\"PropertyValueSpecification\",\"valueRequired\":true,\"valueName\":\"search_term_string\"}}],\"inLanguage\":\"de\"},{\"@type\":\"Organization\",\"@id\":\"https:\\\/\\\/dfvcg-events.de\\\/wirtschaftsforum-agrarzeitung\\\/#organization\",\"name\":\"Wirtschaftsforum der agrarzeitung\",\"alternateName\":\"dfv Conference Group\",\"url\":\"https:\\\/\\\/dfvcg-events.de\\\/wirtschaftsforum-agrarzeitung\\\/\",\"logo\":{\"@type\":\"ImageObject\",\"inLanguage\":\"de\",\"@id\":\"https:\\\/\\\/dfvcg-events.de\\\/wirtschaftsforum-agrarzeitung\\\/#\\\/schema\\\/logo\\\/image\\\/\",\"url\":\"https:\\\/\\\/dfvcg-events.de\\\/wirtschaftsforum-agrarzeitung\\\/wp-content\\\/uploads\\\/sites\\\/40\\\/2023\\\/04\\\/wirtschaftsforum-agrarzeitung-key-visual-2023.jpg\",\"contentUrl\":\"https:\\\/\\\/dfvcg-events.de\\\/wirtschaftsforum-agrarzeitung\\\/wp-content\\\/uploads\\\/sites\\\/40\\\/2023\\\/04\\\/wirtschaftsforum-agrarzeitung-key-visual-2023.jpg\",\"width\":800,\"height\":800,\"caption\":\"Wirtschaftsforum der agrarzeitung\"},\"image\":{\"@id\":\"https:\\\/\\\/dfvcg-events.de\\\/wirtschaftsforum-agrarzeitung\\\/#\\\/schema\\\/logo\\\/image\\\/\"}}]}<\/script>\n<!-- \/ Yoast SEO plugin. -->","yoast_head_json":{"title":"F\u00f6rderpreis der Agrarwirtschaft | Wirtschaftsforum der agrarzeitung","description":"Im Rahmen des Wirtschaftsforum der agrarzeitung in Hannover wird der F\u00f6rderpreis der Agrarwirtschaft verliehen.","robots":{"index":"index","follow":"follow","max-snippet":"max-snippet:-1","max-image-preview":"max-image-preview:large","max-video-preview":"max-video-preview:-1"},"canonical":"https:\/\/dfvcg-events.de\/wirtschaftsforum-agrarzeitung\/foerderpreis-der-agrarwirtschaft\/","og_locale":"de_DE","og_type":"article","og_title":"F\u00f6rderpreis der Agrarwirtschaft | Wirtschaftsforum der agrarzeitung","og_description":"Im Rahmen des Wirtschaftsforum der agrarzeitung in Hannover wird der F\u00f6rderpreis der Agrarwirtschaft verliehen.","og_url":"https:\/\/dfvcg-events.de\/wirtschaftsforum-agrarzeitung\/foerderpreis-der-agrarwirtschaft\/","og_site_name":"Wirtschaftsforum der agrarzeitung","article_modified_time":"2023-09-13T07:43:33+00:00","og_image":[{"width":1200,"height":675,"url":"https:\/\/dfvcg-events.de\/wirtschaftsforum-agrarzeitung\/wp-content\/uploads\/sites\/40\/2023\/04\/dfvcg-wirtschaftsforum-agrarzeitung-titel-1200x675-1.jpg","type":"image\/jpeg"}],"twitter_card":"summary_large_image","twitter_misc":{"Gesch\u00e4tzte Lesezeit":"13\u00a0Minuten"},"schema":{"@context":"https:\/\/schema.org","@graph":[{"@type":"WebPage","@id":"https:\/\/dfvcg-events.de\/wirtschaftsforum-agrarzeitung\/foerderpreis-der-agrarwirtschaft\/","url":"https:\/\/dfvcg-events.de\/wirtschaftsforum-agrarzeitung\/foerderpreis-der-agrarwirtschaft\/","name":"F\u00f6rderpreis der Agrarwirtschaft | Wirtschaftsforum der agrarzeitung","isPartOf":{"@id":"https:\/\/dfvcg-events.de\/wirtschaftsforum-agrarzeitung\/#website"},"datePublished":"2022-04-21T07:09:46+00:00","dateModified":"2023-09-13T07:43:33+00:00","description":"Im Rahmen des Wirtschaftsforum der agrarzeitung in Hannover wird der F\u00f6rderpreis der Agrarwirtschaft verliehen.","breadcrumb":{"@id":"https:\/\/dfvcg-events.de\/wirtschaftsforum-agrarzeitung\/foerderpreis-der-agrarwirtschaft\/#breadcrumb"},"inLanguage":"de","potentialAction":[{"@type":"ReadAction","target":["https:\/\/dfvcg-events.de\/wirtschaftsforum-agrarzeitung\/foerderpreis-der-agrarwirtschaft\/"]}]},{"@type":"BreadcrumbList","@id":"https:\/\/dfvcg-events.de\/wirtschaftsforum-agrarzeitung\/foerderpreis-der-agrarwirtschaft\/#breadcrumb","itemListElement":[{"@type":"ListItem","position":1,"name":"Startseite","item":"https:\/\/dfvcg-events.de\/wirtschaftsforum-agrarzeitung\/"},{"@type":"ListItem","position":2,"name":"F\u00f6rderpreis der Agrarwirtschaft"}]},{"@type":"WebSite","@id":"https:\/\/dfvcg-events.de\/wirtschaftsforum-agrarzeitung\/#website","url":"https:\/\/dfvcg-events.de\/wirtschaftsforum-agrarzeitung\/","name":"Wirtschaftsforum der agrarzeitung","description":"dfv Conference Group","publisher":{"@id":"https:\/\/dfvcg-events.de\/wirtschaftsforum-agrarzeitung\/#organization"},"alternateName":"dfv Conference Group","potentialAction":[{"@type":"SearchAction","target":{"@type":"EntryPoint","urlTemplate":"https:\/\/dfvcg-events.de\/wirtschaftsforum-agrarzeitung\/?s={search_term_string}"},"query-input":{"@type":"PropertyValueSpecification","valueRequired":true,"valueName":"search_term_string"}}],"inLanguage":"de"},{"@type":"Organization","@id":"https:\/\/dfvcg-events.de\/wirtschaftsforum-agrarzeitung\/#organization","name":"Wirtschaftsforum der agrarzeitung","alternateName":"dfv Conference Group","url":"https:\/\/dfvcg-events.de\/wirtschaftsforum-agrarzeitung\/","logo":{"@type":"ImageObject","inLanguage":"de","@id":"https:\/\/dfvcg-events.de\/wirtschaftsforum-agrarzeitung\/#\/schema\/logo\/image\/","url":"https:\/\/dfvcg-events.de\/wirtschaftsforum-agrarzeitung\/wp-content\/uploads\/sites\/40\/2023\/04\/wirtschaftsforum-agrarzeitung-key-visual-2023.jpg","contentUrl":"https:\/\/dfvcg-events.de\/wirtschaftsforum-agrarzeitung\/wp-content\/uploads\/sites\/40\/2023\/04\/wirtschaftsforum-agrarzeitung-key-visual-2023.jpg","width":800,"height":800,"caption":"Wirtschaftsforum der agrarzeitung"},"image":{"@id":"https:\/\/dfvcg-events.de\/wirtschaftsforum-agrarzeitung\/#\/schema\/logo\/image\/"}}]}},"_links":{"self":[{"href":"https:\/\/dfvcg-events.de\/wirtschaftsforum-agrarzeitung\/wp-json\/wp\/v2\/pages\/1392","targetHints":{"allow":["GET"]}}],"collection":[{"href":"https:\/\/dfvcg-events.de\/wirtschaftsforum-agrarzeitung\/wp-json\/wp\/v2\/pages"}],"about":[{"href":"https:\/\/dfvcg-events.de\/wirtschaftsforum-agrarzeitung\/wp-json\/wp\/v2\/types\/page"}],"author":[{"embeddable":true,"href":"https:\/\/dfvcg-events.de\/wirtschaftsforum-agrarzeitung\/wp-json\/wp\/v2\/users\/25"}],"replies":[{"embeddable":true,"href":"https:\/\/dfvcg-events.de\/wirtschaftsforum-agrarzeitung\/wp-json\/wp\/v2\/comments?post=1392"}],"version-history":[{"count":0,"href":"https:\/\/dfvcg-events.de\/wirtschaftsforum-agrarzeitung\/wp-json\/wp\/v2\/pages\/1392\/revisions"}],"wp:attachment":[{"href":"https:\/\/dfvcg-events.de\/wirtschaftsforum-agrarzeitung\/wp-json\/wp\/v2\/media?parent=1392"}],"curies":[{"name":"wp","href":"https:\/\/api.w.org\/{rel}","templated":true}]}}