{"id":5290,"date":"2024-07-31T12:06:43","date_gmt":"2024-07-31T10:06:43","guid":{"rendered":"https:\/\/dfvcg-events.de\/tw-summit\/?post_type=portfolio&#038;p=5290"},"modified":"2024-09-06T11:17:28","modified_gmt":"2024-09-06T09:17:28","slug":"simon-engelhorn","status":"publish","type":"portfolio","link":"https:\/\/dfvcg-events.de\/tw-strategy-summit\/vortragend\/simon-engelhorn\/","title":{"rendered":"Simon Engelhorn"},"content":{"rendered":"<div id='av_section_1'  class='avia-section av-k7yuhjt1-676f3ed4420f2c40c202d201fc1a3016 main_color avia-section-default avia-no-border-styling  avia-builder-el-0  el_before_av_one_third  avia-builder-el-first  header-farbe avia-bg-style-scroll container_wrap fullsize'  ><div class='container av-section-cont-open' ><main  role=\"main\" itemprop=\"mainContentOfPage\"  class='template-page content  av-content-full alpha units'><div class='post-entry post-entry-type-page post-entry-5290'><div class='entry-content-wrapper clearfix'>\n\n<style type=\"text\/css\" data-created_by=\"avia_inline_auto\" id=\"style-css-av-kaw8fp3w-96427a79261a4193a7d7561d80de7eef\">\n#top .av-special-heading.av-kaw8fp3w-96427a79261a4193a7d7561d80de7eef{\npadding-bottom:0;\n}\nbody .av-special-heading.av-kaw8fp3w-96427a79261a4193a7d7561d80de7eef .av-special-heading-tag .heading-char{\nfont-size:25px;\n}\n.av-special-heading.av-kaw8fp3w-96427a79261a4193a7d7561d80de7eef .av-subheading{\nfont-size:19px;\n}\n<\/style>\n<div  class='av-special-heading av-kaw8fp3w-96427a79261a4193a7d7561d80de7eef av-special-heading-h1 blockquote modern-quote  avia-builder-el-1  avia-builder-el-no-sibling '><div class='av-subheading av-subheading_above'><p>TW SUMMIT<\/p>\n<\/div><h1 class='av-special-heading-tag '  itemprop=\"headline\"  >Vortragende 2024<\/h1><div class=\"special-heading-border\"><div class=\"special-heading-inner-border\"><\/div><\/div><\/div>\n<\/div><\/div><\/main><!-- close content main element --><\/div><\/div><div id='after_section_1'  class='main_color av_default_container_wrap container_wrap fullsize'  ><div class='container av-section-cont-open' ><div class='template-page content  av-content-full alpha units'><div class='post-entry post-entry-type-page post-entry-5290'><div class='entry-content-wrapper clearfix'>\n\n<style type=\"text\/css\" data-created_by=\"avia_inline_auto\" id=\"style-css-av-1hpil-9666fe4db9abbb55e16afcaa46b74565\">\n.flex_column.av-1hpil-9666fe4db9abbb55e16afcaa46b74565{\nborder-radius:0px 0px 0px 0px;\npadding:0px 0px 0px 0px;\n}\n<\/style>\n<div  class='flex_column av-1hpil-9666fe4db9abbb55e16afcaa46b74565 av_one_third  avia-builder-el-2  el_after_av_section  el_before_av_two_third  avia-builder-el-first  first flex_column_div av-zero-column-padding  '     ><style type=\"text\/css\" data-created_by=\"avia_inline_auto\" id=\"style-css-av-k7z57foz-4c11e11eac26b67e9ea795c53ca0ed95\">\n.avia-image-container.av-k7z57foz-4c11e11eac26b67e9ea795c53ca0ed95 img.avia_image{\nbox-shadow:none;\n}\n.avia-image-container.av-k7z57foz-4c11e11eac26b67e9ea795c53ca0ed95 .av-image-caption-overlay-center{\ncolor:#ffffff;\n}\n<\/style>\n<div  class='avia-image-container av-k7z57foz-4c11e11eac26b67e9ea795c53ca0ed95 av-styling-no-styling avia-align-center  avia-builder-el-3  avia-builder-el-no-sibling '   itemprop=\"image\" itemscope=\"itemscope\" itemtype=\"https:\/\/schema.org\/ImageObject\" ><div class=\"avia-image-container-inner\"><div class=\"avia-image-overlay-wrap\"><img decoding=\"async\" fetchpriority=\"high\" class='wp-image-5298 avia-img-lazy-loading-not-5298 avia_image ' src=\"https:\/\/dfvcg-events.de\/tw-strategy-summit\/wp-content\/uploads\/sites\/12\/2024\/07\/Engelhorn-Simon-Engelhorn_WEB-1.jpg\" alt='' title='Insage'  height=\"800\" width=\"601\"  itemprop=\"thumbnailUrl\" srcset=\"https:\/\/dfvcg-events.de\/tw-strategy-summit\/wp-content\/uploads\/sites\/12\/2024\/07\/Engelhorn-Simon-Engelhorn_WEB-1.jpg 601w, https:\/\/dfvcg-events.de\/tw-strategy-summit\/wp-content\/uploads\/sites\/12\/2024\/07\/Engelhorn-Simon-Engelhorn_WEB-1-530x705.jpg 530w\" sizes=\"(max-width: 601px) 100vw, 601px\" \/><\/div><\/div><\/div><\/div>\n\n<style type=\"text\/css\" data-created_by=\"avia_inline_auto\" id=\"style-css-av-q939-36bd9e2970eba44b209398e6adaba9f5\">\n.flex_column.av-q939-36bd9e2970eba44b209398e6adaba9f5{\nborder-radius:0px 0px 0px 0px;\npadding:0px 0px 0px 0px;\n}\n<\/style>\n<div  class='flex_column av-q939-36bd9e2970eba44b209398e6adaba9f5 av_two_third  avia-builder-el-4  el_after_av_one_third  avia-builder-el-last  flex_column_div av-zero-column-padding  '     ><p>\n<style type=\"text\/css\" data-created_by=\"avia_inline_auto\" id=\"style-css-av-2g299l-f6880b76843890cb6e037dc54c800937\">\n#top .av-special-heading.av-2g299l-f6880b76843890cb6e037dc54c800937{\npadding-bottom:10px;\n}\nbody .av-special-heading.av-2g299l-f6880b76843890cb6e037dc54c800937 .av-special-heading-tag .heading-char{\nfont-size:25px;\n}\n.av-special-heading.av-2g299l-f6880b76843890cb6e037dc54c800937 .av-subheading{\nfont-size:19px;\n}\n<\/style>\n<div  class='av-special-heading av-2g299l-f6880b76843890cb6e037dc54c800937 av-special-heading-h2 blockquote modern-quote  avia-builder-el-5  el_before_av_textblock  avia-builder-el-first '><h2 class='av-special-heading-tag '  itemprop=\"headline\"  >Simon Engelhorn <\/h2><div class='av-subheading av-subheading_below'><p>Co-Founder &amp; CEO<br \/>\nInsage.io<\/p>\n<\/div><div class=\"special-heading-border\"><div class=\"special-heading-inner-border\"><\/div><\/div><\/div><br \/>\n<section  class='av_textblock_section av-k7yuci90-cc8f536f476c354fb273c6b3e8aa0dbd '   itemscope=\"itemscope\" itemtype=\"https:\/\/schema.org\/CreativeWork\" ><div class='avia_textblock'  itemprop=\"text\" ><p>Simon Engelhorn begann seine berufliche Laufbahn nach dem Abitur mit einer Ausbildung zum Handelsfachwirt bei der Firma Konen in M\u00fcnchen. Im Anschluss an ein BWL-Studium wurde er Projektmanager bei Otto Group in Hamburg. 2012 trat er in die Unternehmensleitung des Familienunternehmens Engelhorn GmbH &amp; Co KGaA in Mannheim als COO ein. Im M\u00e4rz 2024 wechselte er bei Engelhorn in den Aufsichtsrat und gr\u00fcndete mit insage.io ein Software Startup im Bereich Data Analytics und AI. Simon Engelhorn ist verheiratet und hat zwei Kinder.<\/p>\n<\/div><\/section><\/p><\/div>\n","protected":false},"excerpt":{"rendered":"<p>Insage.io<\/p>\n","protected":false},"author":19,"featured_media":5298,"comment_status":"closed","ping_status":"closed","template":"","meta":{"footnotes":""},"tags":[],"portfolio_entries":[65,66],"class_list":["post-5290","portfolio","type-portfolio","status-publish","has-post-thumbnail","hentry","portfolio_entries-vortragend-2024","portfolio_entries-vortragend-feature-2024"],"yoast_head":"<!-- This site is optimized with the Yoast SEO plugin v27.4 - https:\/\/yoast.com\/product\/yoast-seo-wordpress\/ -->\n<title>Referent: Simon Engelhorn | TW Strategy Summit<\/title>\n<meta name=\"description\" content=\"TW Strategy Summit | Begr\u00fc\u00dfen Sie auf der B\u00fchne: Simon Engelhorn\" \/>\n<meta name=\"robots\" content=\"index, follow, max-snippet:-1, max-image-preview:large, max-video-preview:-1\" \/>\n<link rel=\"canonical\" href=\"https:\/\/dfvcg-events.de\/tw-strategy-summit\/vortragend\/simon-engelhorn\/\" \/>\n<meta property=\"og:locale\" content=\"de_DE\" \/>\n<meta property=\"og:type\" content=\"article\" \/>\n<meta property=\"og:title\" content=\"Referent: Simon Engelhorn | TW Strategy Summit\" \/>\n<meta property=\"og:description\" content=\"TW Strategy Summit | Begr\u00fc\u00dfen Sie auf der B\u00fchne: Simon Engelhorn\" \/>\n<meta property=\"og:url\" content=\"https:\/\/dfvcg-events.de\/tw-strategy-summit\/vortragend\/simon-engelhorn\/\" \/>\n<meta property=\"og:site_name\" content=\"TW Strategy Summit\" \/>\n<meta property=\"article:modified_time\" content=\"2024-09-06T09:17:28+00:00\" \/>\n<meta property=\"og:image\" content=\"https:\/\/dfvcg-events.de\/tw-strategy-summit\/wp-content\/uploads\/sites\/12\/2024\/07\/Engelhorn-Simon-Engelhorn_WEB-1.jpg\" \/>\n\t<meta property=\"og:image:width\" content=\"601\" \/>\n\t<meta property=\"og:image:height\" content=\"800\" \/>\n\t<meta property=\"og:image:type\" content=\"image\/jpeg\" \/>\n<meta name=\"twitter:card\" content=\"summary_large_image\" \/>\n<meta name=\"twitter:label1\" content=\"Gesch\u00e4tzte Lesezeit\" \/>\n\t<meta name=\"twitter:data1\" content=\"1\u00a0Minute\" \/>\n<script type=\"application\/ld+json\" class=\"yoast-schema-graph\">{\"@context\":\"https:\\\/\\\/schema.org\",\"@graph\":[{\"@type\":\"WebPage\",\"@id\":\"https:\\\/\\\/dfvcg-events.de\\\/tw-strategy-summit\\\/vortragend\\\/simon-engelhorn\\\/\",\"url\":\"https:\\\/\\\/dfvcg-events.de\\\/tw-strategy-summit\\\/vortragend\\\/simon-engelhorn\\\/\",\"name\":\"Referent: Simon Engelhorn | TW Strategy Summit\",\"isPartOf\":{\"@id\":\"https:\\\/\\\/dfvcg-events.de\\\/tw-strategy-summit\\\/#website\"},\"primaryImageOfPage\":{\"@id\":\"https:\\\/\\\/dfvcg-events.de\\\/tw-strategy-summit\\\/vortragend\\\/simon-engelhorn\\\/#primaryimage\"},\"image\":{\"@id\":\"https:\\\/\\\/dfvcg-events.de\\\/tw-strategy-summit\\\/vortragend\\\/simon-engelhorn\\\/#primaryimage\"},\"thumbnailUrl\":\"https:\\\/\\\/dfvcg-events.de\\\/tw-strategy-summit\\\/wp-content\\\/uploads\\\/sites\\\/12\\\/2024\\\/07\\\/Engelhorn-Simon-Engelhorn_WEB-1.jpg\",\"datePublished\":\"2024-07-31T10:06:43+00:00\",\"dateModified\":\"2024-09-06T09:17:28+00:00\",\"description\":\"TW Strategy Summit | Begr\u00fc\u00dfen Sie auf der B\u00fchne: Simon Engelhorn\",\"breadcrumb\":{\"@id\":\"https:\\\/\\\/dfvcg-events.de\\\/tw-strategy-summit\\\/vortragend\\\/simon-engelhorn\\\/#breadcrumb\"},\"inLanguage\":\"de\",\"potentialAction\":[{\"@type\":\"ReadAction\",\"target\":[\"https:\\\/\\\/dfvcg-events.de\\\/tw-strategy-summit\\\/vortragend\\\/simon-engelhorn\\\/\"]}]},{\"@type\":\"ImageObject\",\"inLanguage\":\"de\",\"@id\":\"https:\\\/\\\/dfvcg-events.de\\\/tw-strategy-summit\\\/vortragend\\\/simon-engelhorn\\\/#primaryimage\",\"url\":\"https:\\\/\\\/dfvcg-events.de\\\/tw-strategy-summit\\\/wp-content\\\/uploads\\\/sites\\\/12\\\/2024\\\/07\\\/Engelhorn-Simon-Engelhorn_WEB-1.jpg\",\"contentUrl\":\"https:\\\/\\\/dfvcg-events.de\\\/tw-strategy-summit\\\/wp-content\\\/uploads\\\/sites\\\/12\\\/2024\\\/07\\\/Engelhorn-Simon-Engelhorn_WEB-1.jpg\",\"width\":601,\"height\":800},{\"@type\":\"BreadcrumbList\",\"@id\":\"https:\\\/\\\/dfvcg-events.de\\\/tw-strategy-summit\\\/vortragend\\\/simon-engelhorn\\\/#breadcrumb\",\"itemListElement\":[{\"@type\":\"ListItem\",\"position\":1,\"name\":\"Startseite\",\"item\":\"https:\\\/\\\/dfvcg-events.de\\\/tw-strategy-summit\\\/\"},{\"@type\":\"ListItem\",\"position\":2,\"name\":\"Simon Engelhorn\"}]},{\"@type\":\"WebSite\",\"@id\":\"https:\\\/\\\/dfvcg-events.de\\\/tw-strategy-summit\\\/#website\",\"url\":\"https:\\\/\\\/dfvcg-events.de\\\/tw-strategy-summit\\\/\",\"name\":\"TW SUMMIT\",\"description\":\"dfv Conference Group\",\"publisher\":{\"@id\":\"https:\\\/\\\/dfvcg-events.de\\\/tw-strategy-summit\\\/#organization\"},\"alternateName\":\"Der Strategie-Kongress der Fashion-Branche\",\"potentialAction\":[{\"@type\":\"SearchAction\",\"target\":{\"@type\":\"EntryPoint\",\"urlTemplate\":\"https:\\\/\\\/dfvcg-events.de\\\/tw-strategy-summit\\\/?s={search_term_string}\"},\"query-input\":{\"@type\":\"PropertyValueSpecification\",\"valueRequired\":true,\"valueName\":\"search_term_string\"}}],\"inLanguage\":\"de\"},{\"@type\":\"Organization\",\"@id\":\"https:\\\/\\\/dfvcg-events.de\\\/tw-strategy-summit\\\/#organization\",\"name\":\"TW SUMMIT\",\"alternateName\":\"Der Strategie-Kongress der Fashion-Branche\",\"url\":\"https:\\\/\\\/dfvcg-events.de\\\/tw-strategy-summit\\\/\",\"logo\":{\"@type\":\"ImageObject\",\"inLanguage\":\"de\",\"@id\":\"https:\\\/\\\/dfvcg-events.de\\\/tw-strategy-summit\\\/#\\\/schema\\\/logo\\\/image\\\/\",\"url\":\"https:\\\/\\\/dfvcg-events.de\\\/tw-summit\\\/wp-content\\\/uploads\\\/sites\\\/12\\\/2023\\\/03\\\/dfvcg_TWSummit23_Teaser_800x800.jpg\",\"contentUrl\":\"https:\\\/\\\/dfvcg-events.de\\\/tw-summit\\\/wp-content\\\/uploads\\\/sites\\\/12\\\/2023\\\/03\\\/dfvcg_TWSummit23_Teaser_800x800.jpg\",\"width\":800,\"height\":800,\"caption\":\"TW SUMMIT\"},\"image\":{\"@id\":\"https:\\\/\\\/dfvcg-events.de\\\/tw-strategy-summit\\\/#\\\/schema\\\/logo\\\/image\\\/\"}}]}<\/script>\n<!-- \/ Yoast SEO plugin. -->","yoast_head_json":{"title":"Referent: Simon Engelhorn | TW Strategy Summit","description":"TW Strategy Summit | Begr\u00fc\u00dfen Sie auf der B\u00fchne: Simon Engelhorn","robots":{"index":"index","follow":"follow","max-snippet":"max-snippet:-1","max-image-preview":"max-image-preview:large","max-video-preview":"max-video-preview:-1"},"canonical":"https:\/\/dfvcg-events.de\/tw-strategy-summit\/vortragend\/simon-engelhorn\/","og_locale":"de_DE","og_type":"article","og_title":"Referent: Simon Engelhorn | TW Strategy Summit","og_description":"TW Strategy Summit | Begr\u00fc\u00dfen Sie auf der B\u00fchne: Simon Engelhorn","og_url":"https:\/\/dfvcg-events.de\/tw-strategy-summit\/vortragend\/simon-engelhorn\/","og_site_name":"TW Strategy Summit","article_modified_time":"2024-09-06T09:17:28+00:00","og_image":[{"width":601,"height":800,"url":"https:\/\/dfvcg-events.de\/tw-strategy-summit\/wp-content\/uploads\/sites\/12\/2024\/07\/Engelhorn-Simon-Engelhorn_WEB-1.jpg","type":"image\/jpeg"}],"twitter_card":"summary_large_image","twitter_misc":{"Gesch\u00e4tzte Lesezeit":"1\u00a0Minute"},"schema":{"@context":"https:\/\/schema.org","@graph":[{"@type":"WebPage","@id":"https:\/\/dfvcg-events.de\/tw-strategy-summit\/vortragend\/simon-engelhorn\/","url":"https:\/\/dfvcg-events.de\/tw-strategy-summit\/vortragend\/simon-engelhorn\/","name":"Referent: Simon Engelhorn | TW Strategy Summit","isPartOf":{"@id":"https:\/\/dfvcg-events.de\/tw-strategy-summit\/#website"},"primaryImageOfPage":{"@id":"https:\/\/dfvcg-events.de\/tw-strategy-summit\/vortragend\/simon-engelhorn\/#primaryimage"},"image":{"@id":"https:\/\/dfvcg-events.de\/tw-strategy-summit\/vortragend\/simon-engelhorn\/#primaryimage"},"thumbnailUrl":"https:\/\/dfvcg-events.de\/tw-strategy-summit\/wp-content\/uploads\/sites\/12\/2024\/07\/Engelhorn-Simon-Engelhorn_WEB-1.jpg","datePublished":"2024-07-31T10:06:43+00:00","dateModified":"2024-09-06T09:17:28+00:00","description":"TW Strategy Summit | Begr\u00fc\u00dfen Sie auf der B\u00fchne: Simon Engelhorn","breadcrumb":{"@id":"https:\/\/dfvcg-events.de\/tw-strategy-summit\/vortragend\/simon-engelhorn\/#breadcrumb"},"inLanguage":"de","potentialAction":[{"@type":"ReadAction","target":["https:\/\/dfvcg-events.de\/tw-strategy-summit\/vortragend\/simon-engelhorn\/"]}]},{"@type":"ImageObject","inLanguage":"de","@id":"https:\/\/dfvcg-events.de\/tw-strategy-summit\/vortragend\/simon-engelhorn\/#primaryimage","url":"https:\/\/dfvcg-events.de\/tw-strategy-summit\/wp-content\/uploads\/sites\/12\/2024\/07\/Engelhorn-Simon-Engelhorn_WEB-1.jpg","contentUrl":"https:\/\/dfvcg-events.de\/tw-strategy-summit\/wp-content\/uploads\/sites\/12\/2024\/07\/Engelhorn-Simon-Engelhorn_WEB-1.jpg","width":601,"height":800},{"@type":"BreadcrumbList","@id":"https:\/\/dfvcg-events.de\/tw-strategy-summit\/vortragend\/simon-engelhorn\/#breadcrumb","itemListElement":[{"@type":"ListItem","position":1,"name":"Startseite","item":"https:\/\/dfvcg-events.de\/tw-strategy-summit\/"},{"@type":"ListItem","position":2,"name":"Simon Engelhorn"}]},{"@type":"WebSite","@id":"https:\/\/dfvcg-events.de\/tw-strategy-summit\/#website","url":"https:\/\/dfvcg-events.de\/tw-strategy-summit\/","name":"TW SUMMIT","description":"dfv Conference Group","publisher":{"@id":"https:\/\/dfvcg-events.de\/tw-strategy-summit\/#organization"},"alternateName":"Der Strategie-Kongress der Fashion-Branche","potentialAction":[{"@type":"SearchAction","target":{"@type":"EntryPoint","urlTemplate":"https:\/\/dfvcg-events.de\/tw-strategy-summit\/?s={search_term_string}"},"query-input":{"@type":"PropertyValueSpecification","valueRequired":true,"valueName":"search_term_string"}}],"inLanguage":"de"},{"@type":"Organization","@id":"https:\/\/dfvcg-events.de\/tw-strategy-summit\/#organization","name":"TW SUMMIT","alternateName":"Der Strategie-Kongress der Fashion-Branche","url":"https:\/\/dfvcg-events.de\/tw-strategy-summit\/","logo":{"@type":"ImageObject","inLanguage":"de","@id":"https:\/\/dfvcg-events.de\/tw-strategy-summit\/#\/schema\/logo\/image\/","url":"https:\/\/dfvcg-events.de\/tw-summit\/wp-content\/uploads\/sites\/12\/2023\/03\/dfvcg_TWSummit23_Teaser_800x800.jpg","contentUrl":"https:\/\/dfvcg-events.de\/tw-summit\/wp-content\/uploads\/sites\/12\/2023\/03\/dfvcg_TWSummit23_Teaser_800x800.jpg","width":800,"height":800,"caption":"TW SUMMIT"},"image":{"@id":"https:\/\/dfvcg-events.de\/tw-strategy-summit\/#\/schema\/logo\/image\/"}}]}},"_links":{"self":[{"href":"https:\/\/dfvcg-events.de\/tw-strategy-summit\/wp-json\/wp\/v2\/portfolio\/5290","targetHints":{"allow":["GET"]}}],"collection":[{"href":"https:\/\/dfvcg-events.de\/tw-strategy-summit\/wp-json\/wp\/v2\/portfolio"}],"about":[{"href":"https:\/\/dfvcg-events.de\/tw-strategy-summit\/wp-json\/wp\/v2\/types\/portfolio"}],"author":[{"embeddable":true,"href":"https:\/\/dfvcg-events.de\/tw-strategy-summit\/wp-json\/wp\/v2\/users\/19"}],"replies":[{"embeddable":true,"href":"https:\/\/dfvcg-events.de\/tw-strategy-summit\/wp-json\/wp\/v2\/comments?post=5290"}],"version-history":[{"count":3,"href":"https:\/\/dfvcg-events.de\/tw-strategy-summit\/wp-json\/wp\/v2\/portfolio\/5290\/revisions"}],"predecessor-version":[{"id":5411,"href":"https:\/\/dfvcg-events.de\/tw-strategy-summit\/wp-json\/wp\/v2\/portfolio\/5290\/revisions\/5411"}],"wp:featuredmedia":[{"embeddable":true,"href":"https:\/\/dfvcg-events.de\/tw-strategy-summit\/wp-json\/wp\/v2\/media\/5298"}],"wp:attachment":[{"href":"https:\/\/dfvcg-events.de\/tw-strategy-summit\/wp-json\/wp\/v2\/media?parent=5290"}],"wp:term":[{"taxonomy":"post_tag","embeddable":true,"href":"https:\/\/dfvcg-events.de\/tw-strategy-summit\/wp-json\/wp\/v2\/tags?post=5290"},{"taxonomy":"portfolio_entries","embeddable":true,"href":"https:\/\/dfvcg-events.de\/tw-strategy-summit\/wp-json\/wp\/v2\/portfolio_entries?post=5290"}],"curies":[{"name":"wp","href":"https:\/\/api.w.org\/{rel}","templated":true}]}}