{"id":4220,"date":"2023-09-06T09:01:04","date_gmt":"2023-09-06T07:01:04","guid":{"rendered":"https:\/\/dfvcg-events.de\/tw-summit\/?post_type=portfolio&#038;p=4220"},"modified":"2023-10-09T15:41:06","modified_gmt":"2023-10-09T13:41:06","slug":"roxana-lichtenstein","status":"publish","type":"portfolio","link":"https:\/\/dfvcg-events.de\/tw-strategy-summit\/vortragend\/roxana-lichtenstein\/","title":{"rendered":"Roxana Lichtenstein"},"content":{"rendered":"<div id='av_section_1'  class='avia-section av-k7yuhjt1-676f3ed4420f2c40c202d201fc1a3016 main_color avia-section-default avia-no-border-styling  avia-builder-el-0  el_before_av_one_third  avia-builder-el-first  header-farbe avia-bg-style-scroll container_wrap fullsize'  ><div class='container av-section-cont-open' ><main  role=\"main\" itemprop=\"mainContentOfPage\"  class='template-page content  av-content-full alpha units'><div class='post-entry post-entry-type-page post-entry-4220'><div class='entry-content-wrapper clearfix'>\n\n<style type=\"text\/css\" data-created_by=\"avia_inline_auto\" id=\"style-css-av-kaw8fp3w-f3e76f3da1d6b67d3e10ea920d0044dd\">\n#top .av-special-heading.av-kaw8fp3w-f3e76f3da1d6b67d3e10ea920d0044dd{\npadding-bottom:0;\n}\nbody .av-special-heading.av-kaw8fp3w-f3e76f3da1d6b67d3e10ea920d0044dd .av-special-heading-tag .heading-char{\nfont-size:25px;\n}\n.av-special-heading.av-kaw8fp3w-f3e76f3da1d6b67d3e10ea920d0044dd .av-subheading{\nfont-size:19px;\n}\n<\/style>\n<div  class='av-special-heading av-kaw8fp3w-f3e76f3da1d6b67d3e10ea920d0044dd av-special-heading-h1 blockquote modern-quote  avia-builder-el-1  avia-builder-el-no-sibling '><div class='av-subheading av-subheading_above'><p>TW SUMMIT 2023<\/p>\n<\/div><h1 class='av-special-heading-tag '  itemprop=\"headline\"  >Vortragende<\/h1><div class=\"special-heading-border\"><div class=\"special-heading-inner-border\"><\/div><\/div><\/div>\n<\/div><\/div><\/main><!-- close content main element --><\/div><\/div><div id='after_section_1'  class='main_color av_default_container_wrap container_wrap fullsize'  ><div class='container av-section-cont-open' ><div class='template-page content  av-content-full alpha units'><div class='post-entry post-entry-type-page post-entry-4220'><div class='entry-content-wrapper clearfix'>\n\n<style type=\"text\/css\" data-created_by=\"avia_inline_auto\" id=\"style-css-av-1hpil-9666fe4db9abbb55e16afcaa46b74565\">\n.flex_column.av-1hpil-9666fe4db9abbb55e16afcaa46b74565{\nborder-radius:0px 0px 0px 0px;\npadding:0px 0px 0px 0px;\n}\n<\/style>\n<div  class='flex_column av-1hpil-9666fe4db9abbb55e16afcaa46b74565 av_one_third  avia-builder-el-2  el_after_av_section  el_before_av_two_third  avia-builder-el-first  first flex_column_div av-zero-column-padding  '     ><style type=\"text\/css\" data-created_by=\"avia_inline_auto\" id=\"style-css-av-k7z57foz-4a95301a1ad345c711c7f1f9e7c72a6e\">\n.avia-image-container.av-k7z57foz-4a95301a1ad345c711c7f1f9e7c72a6e img.avia_image{\nbox-shadow:none;\n}\n.avia-image-container.av-k7z57foz-4a95301a1ad345c711c7f1f9e7c72a6e .av-image-caption-overlay-center{\ncolor:#ffffff;\n}\n<\/style>\n<div  class='avia-image-container av-k7z57foz-4a95301a1ad345c711c7f1f9e7c72a6e av-styling-no-styling avia-align-center  avia-builder-el-3  avia-builder-el-no-sibling '   itemprop=\"image\" itemscope=\"itemscope\" itemtype=\"https:\/\/schema.org\/ImageObject\" ><div class=\"avia-image-container-inner\"><div class=\"avia-image-overlay-wrap\"><img decoding=\"async\" fetchpriority=\"high\" class='wp-image-4219 avia-img-lazy-loading-not-4219 avia_image ' src=\"https:\/\/dfvcg-events.de\/tw-strategy-summit\/wp-content\/uploads\/sites\/12\/2023\/09\/Lichtenstein-Roxana_WEB.jpg\" alt='' title='Lichtenstein-Roxana_WEB'  height=\"496\" width=\"373\"  itemprop=\"thumbnailUrl\"  \/><\/div><\/div><\/div><\/div>\n\n<style type=\"text\/css\" data-created_by=\"avia_inline_auto\" id=\"style-css-av-q939-36bd9e2970eba44b209398e6adaba9f5\">\n.flex_column.av-q939-36bd9e2970eba44b209398e6adaba9f5{\nborder-radius:0px 0px 0px 0px;\npadding:0px 0px 0px 0px;\n}\n<\/style>\n<div  class='flex_column av-q939-36bd9e2970eba44b209398e6adaba9f5 av_two_third  avia-builder-el-4  el_after_av_one_third  avia-builder-el-last  flex_column_div av-zero-column-padding  '     ><p>\n<style type=\"text\/css\" data-created_by=\"avia_inline_auto\" id=\"style-css-av-2g299l-5f7a2718ffcfdf50d191b004d3dccf70\">\n#top .av-special-heading.av-2g299l-5f7a2718ffcfdf50d191b004d3dccf70{\npadding-bottom:10px;\n}\nbody .av-special-heading.av-2g299l-5f7a2718ffcfdf50d191b004d3dccf70 .av-special-heading-tag .heading-char{\nfont-size:25px;\n}\n.av-special-heading.av-2g299l-5f7a2718ffcfdf50d191b004d3dccf70 .av-subheading{\nfont-size:19px;\n}\n<\/style>\n<div  class='av-special-heading av-2g299l-5f7a2718ffcfdf50d191b004d3dccf70 av-special-heading-h2 blockquote modern-quote  avia-builder-el-5  el_before_av_textblock  avia-builder-el-first '><h2 class='av-special-heading-tag '  itemprop=\"headline\"  >Roxana Lichtenstein<\/h2><div class='av-subheading av-subheading_below'><p>Co-Founder<br \/>\nSassyClassy<\/p>\n<\/div><div class=\"special-heading-border\"><div class=\"special-heading-inner-border\"><\/div><\/div><\/div><br \/>\n<section  class='av_textblock_section av-k7yuci90-cc8f536f476c354fb273c6b3e8aa0dbd '   itemscope=\"itemscope\" itemtype=\"https:\/\/schema.org\/CreativeWork\" ><div class='avia_textblock'  itemprop=\"text\" ><p style=\"margin: 0cm\"><span style=\"font-family: 'Arial',sans-serif\">Roxana war gerade in ihrem Gap-Year nach dem Abitur, als Sie mit ihren beiden Br\u00fcdern SassyClassy gr\u00fcndete, und absolvierte anschlie\u00dfend ihren Bachelor an der Universit\u00e4t von Nottingham. Danach arbeitete sie f\u00fcr vier Jahre bei LinkedIn im Bereich Marketing Solutions, wo sie erste wertvolle Erfahrungen im Bereich des digitalen Marketings sammeln konnte. Im Jahr 2021 wechselte Roxana dann in Vollzeit zur\u00fcck zu SassyClassy. Bei SassyClassy hat sie ihren Fokus auf das Produkt sowie das Influencer-Marketing gelegt und konnte so die Markenbekanntheit deutlich steigern. Ihre Kombination aus akademischem Wissen und praktischer Erfahrung macht sie zu einer Schl\u00fcsselfigur im Team. Roxana ist besonders f\u00fcr ihre innovativen Ans\u00e4tze und ihre F\u00e4higkeit, Markenbotschafter effektiv zu managen, bekannt.<\/span><\/p>\n<\/div><\/section><\/p><\/div>\n","protected":false},"excerpt":{"rendered":"<p>SassyClassy<\/p>\n","protected":false},"author":19,"featured_media":4219,"comment_status":"closed","ping_status":"closed","template":"","meta":{"footnotes":""},"tags":[],"portfolio_entries":[59],"class_list":["post-4220","portfolio","type-portfolio","status-publish","has-post-thumbnail","hentry","portfolio_entries-referent-2023"],"yoast_head":"<!-- This site is optimized with the Yoast SEO plugin v27.4 - https:\/\/yoast.com\/product\/yoast-seo-wordpress\/ -->\n<title>Referent: Roxana Lichtenstein | TW Strategy Summit<\/title>\n<meta name=\"description\" content=\"TW Strategy Summit | Begr\u00fc\u00dfen Sie auf der B\u00fchne: Roxana Lichtenstein\" \/>\n<meta name=\"robots\" content=\"index, follow, max-snippet:-1, max-image-preview:large, max-video-preview:-1\" \/>\n<link rel=\"canonical\" href=\"https:\/\/dfvcg-events.de\/tw-strategy-summit\/vortragend\/roxana-lichtenstein\/\" \/>\n<meta property=\"og:locale\" content=\"de_DE\" \/>\n<meta property=\"og:type\" content=\"article\" \/>\n<meta property=\"og:title\" content=\"Referent: Roxana Lichtenstein | TW Strategy Summit\" \/>\n<meta property=\"og:description\" content=\"TW Strategy Summit | Begr\u00fc\u00dfen Sie auf der B\u00fchne: Roxana Lichtenstein\" \/>\n<meta property=\"og:url\" content=\"https:\/\/dfvcg-events.de\/tw-strategy-summit\/vortragend\/roxana-lichtenstein\/\" \/>\n<meta property=\"og:site_name\" content=\"TW Strategy Summit\" \/>\n<meta property=\"article:modified_time\" content=\"2023-10-09T13:41:06+00:00\" \/>\n<meta property=\"og:image\" content=\"https:\/\/dfvcg-events.de\/tw-strategy-summit\/wp-content\/uploads\/sites\/12\/2023\/09\/Lichtenstein-Roxana_WEB.jpg\" \/>\n\t<meta property=\"og:image:width\" content=\"373\" \/>\n\t<meta property=\"og:image:height\" content=\"496\" \/>\n\t<meta property=\"og:image:type\" content=\"image\/jpeg\" \/>\n<meta name=\"twitter:card\" content=\"summary_large_image\" \/>\n<meta name=\"twitter:label1\" content=\"Gesch\u00e4tzte Lesezeit\" \/>\n\t<meta name=\"twitter:data1\" content=\"4\u00a0Minuten\" \/>\n<script type=\"application\/ld+json\" class=\"yoast-schema-graph\">{\"@context\":\"https:\\\/\\\/schema.org\",\"@graph\":[{\"@type\":\"WebPage\",\"@id\":\"https:\\\/\\\/dfvcg-events.de\\\/tw-strategy-summit\\\/vortragend\\\/roxana-lichtenstein\\\/\",\"url\":\"https:\\\/\\\/dfvcg-events.de\\\/tw-strategy-summit\\\/vortragend\\\/roxana-lichtenstein\\\/\",\"name\":\"Referent: Roxana Lichtenstein | TW Strategy Summit\",\"isPartOf\":{\"@id\":\"https:\\\/\\\/dfvcg-events.de\\\/tw-strategy-summit\\\/#website\"},\"primaryImageOfPage\":{\"@id\":\"https:\\\/\\\/dfvcg-events.de\\\/tw-strategy-summit\\\/vortragend\\\/roxana-lichtenstein\\\/#primaryimage\"},\"image\":{\"@id\":\"https:\\\/\\\/dfvcg-events.de\\\/tw-strategy-summit\\\/vortragend\\\/roxana-lichtenstein\\\/#primaryimage\"},\"thumbnailUrl\":\"https:\\\/\\\/dfvcg-events.de\\\/tw-strategy-summit\\\/wp-content\\\/uploads\\\/sites\\\/12\\\/2023\\\/09\\\/Lichtenstein-Roxana_WEB.jpg\",\"datePublished\":\"2023-09-06T07:01:04+00:00\",\"dateModified\":\"2023-10-09T13:41:06+00:00\",\"description\":\"TW Strategy Summit | Begr\u00fc\u00dfen Sie auf der B\u00fchne: Roxana Lichtenstein\",\"breadcrumb\":{\"@id\":\"https:\\\/\\\/dfvcg-events.de\\\/tw-strategy-summit\\\/vortragend\\\/roxana-lichtenstein\\\/#breadcrumb\"},\"inLanguage\":\"de\",\"potentialAction\":[{\"@type\":\"ReadAction\",\"target\":[\"https:\\\/\\\/dfvcg-events.de\\\/tw-strategy-summit\\\/vortragend\\\/roxana-lichtenstein\\\/\"]}]},{\"@type\":\"ImageObject\",\"inLanguage\":\"de\",\"@id\":\"https:\\\/\\\/dfvcg-events.de\\\/tw-strategy-summit\\\/vortragend\\\/roxana-lichtenstein\\\/#primaryimage\",\"url\":\"https:\\\/\\\/dfvcg-events.de\\\/tw-strategy-summit\\\/wp-content\\\/uploads\\\/sites\\\/12\\\/2023\\\/09\\\/Lichtenstein-Roxana_WEB.jpg\",\"contentUrl\":\"https:\\\/\\\/dfvcg-events.de\\\/tw-strategy-summit\\\/wp-content\\\/uploads\\\/sites\\\/12\\\/2023\\\/09\\\/Lichtenstein-Roxana_WEB.jpg\",\"width\":373,\"height\":496},{\"@type\":\"BreadcrumbList\",\"@id\":\"https:\\\/\\\/dfvcg-events.de\\\/tw-strategy-summit\\\/vortragend\\\/roxana-lichtenstein\\\/#breadcrumb\",\"itemListElement\":[{\"@type\":\"ListItem\",\"position\":1,\"name\":\"Startseite\",\"item\":\"https:\\\/\\\/dfvcg-events.de\\\/tw-strategy-summit\\\/\"},{\"@type\":\"ListItem\",\"position\":2,\"name\":\"Roxana Lichtenstein\"}]},{\"@type\":\"WebSite\",\"@id\":\"https:\\\/\\\/dfvcg-events.de\\\/tw-strategy-summit\\\/#website\",\"url\":\"https:\\\/\\\/dfvcg-events.de\\\/tw-strategy-summit\\\/\",\"name\":\"TW SUMMIT\",\"description\":\"dfv Conference Group\",\"publisher\":{\"@id\":\"https:\\\/\\\/dfvcg-events.de\\\/tw-strategy-summit\\\/#organization\"},\"alternateName\":\"Der Strategie-Kongress der Fashion-Branche\",\"potentialAction\":[{\"@type\":\"SearchAction\",\"target\":{\"@type\":\"EntryPoint\",\"urlTemplate\":\"https:\\\/\\\/dfvcg-events.de\\\/tw-strategy-summit\\\/?s={search_term_string}\"},\"query-input\":{\"@type\":\"PropertyValueSpecification\",\"valueRequired\":true,\"valueName\":\"search_term_string\"}}],\"inLanguage\":\"de\"},{\"@type\":\"Organization\",\"@id\":\"https:\\\/\\\/dfvcg-events.de\\\/tw-strategy-summit\\\/#organization\",\"name\":\"TW SUMMIT\",\"alternateName\":\"Der Strategie-Kongress der Fashion-Branche\",\"url\":\"https:\\\/\\\/dfvcg-events.de\\\/tw-strategy-summit\\\/\",\"logo\":{\"@type\":\"ImageObject\",\"inLanguage\":\"de\",\"@id\":\"https:\\\/\\\/dfvcg-events.de\\\/tw-strategy-summit\\\/#\\\/schema\\\/logo\\\/image\\\/\",\"url\":\"https:\\\/\\\/dfvcg-events.de\\\/tw-summit\\\/wp-content\\\/uploads\\\/sites\\\/12\\\/2023\\\/03\\\/dfvcg_TWSummit23_Teaser_800x800.jpg\",\"contentUrl\":\"https:\\\/\\\/dfvcg-events.de\\\/tw-summit\\\/wp-content\\\/uploads\\\/sites\\\/12\\\/2023\\\/03\\\/dfvcg_TWSummit23_Teaser_800x800.jpg\",\"width\":800,\"height\":800,\"caption\":\"TW SUMMIT\"},\"image\":{\"@id\":\"https:\\\/\\\/dfvcg-events.de\\\/tw-strategy-summit\\\/#\\\/schema\\\/logo\\\/image\\\/\"}}]}<\/script>\n<!-- \/ Yoast SEO plugin. -->","yoast_head_json":{"title":"Referent: Roxana Lichtenstein | TW Strategy Summit","description":"TW Strategy Summit | Begr\u00fc\u00dfen Sie auf der B\u00fchne: Roxana Lichtenstein","robots":{"index":"index","follow":"follow","max-snippet":"max-snippet:-1","max-image-preview":"max-image-preview:large","max-video-preview":"max-video-preview:-1"},"canonical":"https:\/\/dfvcg-events.de\/tw-strategy-summit\/vortragend\/roxana-lichtenstein\/","og_locale":"de_DE","og_type":"article","og_title":"Referent: Roxana Lichtenstein | TW Strategy Summit","og_description":"TW Strategy Summit | Begr\u00fc\u00dfen Sie auf der B\u00fchne: Roxana Lichtenstein","og_url":"https:\/\/dfvcg-events.de\/tw-strategy-summit\/vortragend\/roxana-lichtenstein\/","og_site_name":"TW Strategy Summit","article_modified_time":"2023-10-09T13:41:06+00:00","og_image":[{"width":373,"height":496,"url":"https:\/\/dfvcg-events.de\/tw-strategy-summit\/wp-content\/uploads\/sites\/12\/2023\/09\/Lichtenstein-Roxana_WEB.jpg","type":"image\/jpeg"}],"twitter_card":"summary_large_image","twitter_misc":{"Gesch\u00e4tzte Lesezeit":"4\u00a0Minuten"},"schema":{"@context":"https:\/\/schema.org","@graph":[{"@type":"WebPage","@id":"https:\/\/dfvcg-events.de\/tw-strategy-summit\/vortragend\/roxana-lichtenstein\/","url":"https:\/\/dfvcg-events.de\/tw-strategy-summit\/vortragend\/roxana-lichtenstein\/","name":"Referent: Roxana Lichtenstein | TW Strategy Summit","isPartOf":{"@id":"https:\/\/dfvcg-events.de\/tw-strategy-summit\/#website"},"primaryImageOfPage":{"@id":"https:\/\/dfvcg-events.de\/tw-strategy-summit\/vortragend\/roxana-lichtenstein\/#primaryimage"},"image":{"@id":"https:\/\/dfvcg-events.de\/tw-strategy-summit\/vortragend\/roxana-lichtenstein\/#primaryimage"},"thumbnailUrl":"https:\/\/dfvcg-events.de\/tw-strategy-summit\/wp-content\/uploads\/sites\/12\/2023\/09\/Lichtenstein-Roxana_WEB.jpg","datePublished":"2023-09-06T07:01:04+00:00","dateModified":"2023-10-09T13:41:06+00:00","description":"TW Strategy Summit | Begr\u00fc\u00dfen Sie auf der B\u00fchne: Roxana Lichtenstein","breadcrumb":{"@id":"https:\/\/dfvcg-events.de\/tw-strategy-summit\/vortragend\/roxana-lichtenstein\/#breadcrumb"},"inLanguage":"de","potentialAction":[{"@type":"ReadAction","target":["https:\/\/dfvcg-events.de\/tw-strategy-summit\/vortragend\/roxana-lichtenstein\/"]}]},{"@type":"ImageObject","inLanguage":"de","@id":"https:\/\/dfvcg-events.de\/tw-strategy-summit\/vortragend\/roxana-lichtenstein\/#primaryimage","url":"https:\/\/dfvcg-events.de\/tw-strategy-summit\/wp-content\/uploads\/sites\/12\/2023\/09\/Lichtenstein-Roxana_WEB.jpg","contentUrl":"https:\/\/dfvcg-events.de\/tw-strategy-summit\/wp-content\/uploads\/sites\/12\/2023\/09\/Lichtenstein-Roxana_WEB.jpg","width":373,"height":496},{"@type":"BreadcrumbList","@id":"https:\/\/dfvcg-events.de\/tw-strategy-summit\/vortragend\/roxana-lichtenstein\/#breadcrumb","itemListElement":[{"@type":"ListItem","position":1,"name":"Startseite","item":"https:\/\/dfvcg-events.de\/tw-strategy-summit\/"},{"@type":"ListItem","position":2,"name":"Roxana Lichtenstein"}]},{"@type":"WebSite","@id":"https:\/\/dfvcg-events.de\/tw-strategy-summit\/#website","url":"https:\/\/dfvcg-events.de\/tw-strategy-summit\/","name":"TW SUMMIT","description":"dfv Conference Group","publisher":{"@id":"https:\/\/dfvcg-events.de\/tw-strategy-summit\/#organization"},"alternateName":"Der Strategie-Kongress der Fashion-Branche","potentialAction":[{"@type":"SearchAction","target":{"@type":"EntryPoint","urlTemplate":"https:\/\/dfvcg-events.de\/tw-strategy-summit\/?s={search_term_string}"},"query-input":{"@type":"PropertyValueSpecification","valueRequired":true,"valueName":"search_term_string"}}],"inLanguage":"de"},{"@type":"Organization","@id":"https:\/\/dfvcg-events.de\/tw-strategy-summit\/#organization","name":"TW SUMMIT","alternateName":"Der Strategie-Kongress der Fashion-Branche","url":"https:\/\/dfvcg-events.de\/tw-strategy-summit\/","logo":{"@type":"ImageObject","inLanguage":"de","@id":"https:\/\/dfvcg-events.de\/tw-strategy-summit\/#\/schema\/logo\/image\/","url":"https:\/\/dfvcg-events.de\/tw-summit\/wp-content\/uploads\/sites\/12\/2023\/03\/dfvcg_TWSummit23_Teaser_800x800.jpg","contentUrl":"https:\/\/dfvcg-events.de\/tw-summit\/wp-content\/uploads\/sites\/12\/2023\/03\/dfvcg_TWSummit23_Teaser_800x800.jpg","width":800,"height":800,"caption":"TW SUMMIT"},"image":{"@id":"https:\/\/dfvcg-events.de\/tw-strategy-summit\/#\/schema\/logo\/image\/"}}]}},"_links":{"self":[{"href":"https:\/\/dfvcg-events.de\/tw-strategy-summit\/wp-json\/wp\/v2\/portfolio\/4220","targetHints":{"allow":["GET"]}}],"collection":[{"href":"https:\/\/dfvcg-events.de\/tw-strategy-summit\/wp-json\/wp\/v2\/portfolio"}],"about":[{"href":"https:\/\/dfvcg-events.de\/tw-strategy-summit\/wp-json\/wp\/v2\/types\/portfolio"}],"author":[{"embeddable":true,"href":"https:\/\/dfvcg-events.de\/tw-strategy-summit\/wp-json\/wp\/v2\/users\/19"}],"replies":[{"embeddable":true,"href":"https:\/\/dfvcg-events.de\/tw-strategy-summit\/wp-json\/wp\/v2\/comments?post=4220"}],"version-history":[{"count":0,"href":"https:\/\/dfvcg-events.de\/tw-strategy-summit\/wp-json\/wp\/v2\/portfolio\/4220\/revisions"}],"wp:featuredmedia":[{"embeddable":true,"href":"https:\/\/dfvcg-events.de\/tw-strategy-summit\/wp-json\/wp\/v2\/media\/4219"}],"wp:attachment":[{"href":"https:\/\/dfvcg-events.de\/tw-strategy-summit\/wp-json\/wp\/v2\/media?parent=4220"}],"wp:term":[{"taxonomy":"post_tag","embeddable":true,"href":"https:\/\/dfvcg-events.de\/tw-strategy-summit\/wp-json\/wp\/v2\/tags?post=4220"},{"taxonomy":"portfolio_entries","embeddable":true,"href":"https:\/\/dfvcg-events.de\/tw-strategy-summit\/wp-json\/wp\/v2\/portfolio_entries?post=4220"}],"curies":[{"name":"wp","href":"https:\/\/api.w.org\/{rel}","templated":true}]}}