{"id":6173,"date":"2026-07-21T16:02:49","date_gmt":"2026-07-21T14:02:49","guid":{"rendered":"https:\/\/dfvcg-events.de\/tw-strategy-summit\/?page_id=6173"},"modified":"2026-08-29T11:33:17","modified_gmt":"2026-08-29T09:33:17","slug":"programm","status":"publish","type":"page","link":"https:\/\/dfvcg-events.de\/tw-strategy-summit\/programm\/","title":{"rendered":"Programm"},"content":{"rendered":"\n<style type=\"text\/css\" data-created_by=\"avia_inline_auto\" id=\"style-css-av-35f7i5-943b5c49f2c565e9ca2c385d88d5bb16\">\n.avia-section.av-35f7i5-943b5c49f2c565e9ca2c385d88d5bb16{\nbackground-repeat:no-repeat;\nbackground-image:url(https:\/\/dfvcg-events.de\/tw-strategy-summit\/wp-content\/uploads\/sites\/12\/2026\/04\/dfvcg-TW-Strategy-Summit-2026-Grafik.png);\nbackground-position:100% 0%;\nbackground-attachment:scroll;\n}\n<\/style>\n<div id='av_section_1'  class='avia-section av-35f7i5-943b5c49f2c565e9ca2c385d88d5bb16 main_color avia-section-default avia-no-border-styling  avia-builder-el-0  el_before_av_submenu  avia-builder-el-first  header-farbe avia-full-contain avia-bg-style-scroll container_wrap fullsize'  data-section-bg-repeat='contain'><div class='container av-section-cont-open' ><main  role=\"main\" itemprop=\"mainContentOfPage\"  class='template-page content  av-content-full alpha units'><div class='post-entry post-entry-type-page post-entry-6173'><div class='entry-content-wrapper clearfix'>\n\n<style type=\"text\/css\" data-created_by=\"avia_inline_auto\" id=\"style-css-av-mrxz2rgm-37da6f7f2d160da6dbd74dcf55280b65\">\n#top .av-special-heading.av-mrxz2rgm-37da6f7f2d160da6dbd74dcf55280b65{\npadding-bottom:0;\ncolor:#ffffff;\n}\nbody .av-special-heading.av-mrxz2rgm-37da6f7f2d160da6dbd74dcf55280b65 .av-special-heading-tag .heading-char{\nfont-size:25px;\n}\n.av-special-heading.av-mrxz2rgm-37da6f7f2d160da6dbd74dcf55280b65 .special-heading-inner-border{\nborder-color:#ffffff;\n}\n.av-special-heading.av-mrxz2rgm-37da6f7f2d160da6dbd74dcf55280b65 .av-subheading{\nfont-size:19px;\ncolor:#ffffff;\n}\n<\/style>\n<div  class='av-special-heading av-mrxz2rgm-37da6f7f2d160da6dbd74dcf55280b65 av-special-heading-h1 custom-color-heading blockquote modern-quote  avia-builder-el-1  avia-builder-el-no-sibling '><div class='av_custom_color av-subheading av-subheading_above'><p>TW Strategy Summit<\/p>\n<\/div><h1 class='av-special-heading-tag '  itemprop=\"headline\"  >Programm<\/h1><div class=\"special-heading-border\"><div class=\"special-heading-inner-border\"><\/div><\/div><\/div>\n\n<\/div><\/div><\/main><!-- close content main element --><\/div><\/div><div class='clear'><\/div><div id='sub_menu1'  class='av-submenu-container av-4rkygxt-0df74b4d06eb3c074629359c4bfc8694 header_color av-switch-768  avia-builder-el-2  el_after_av_section  el_before_av_heading  av-sticky-submenu submenu-not-first container_wrap fullsize' style='z-index:301' ><div class='container av-menu-mobile-active av-submenu-pos-center'><a href=\"#\" class=\"mobile_menu_toggle\"><span class='avia-svg-icon avia-font-svg_entypo-fontello' data-av_svg_icon='list' data-av_iconset='svg_entypo-fontello'><svg version=\"1.1\" xmlns=\"http:\/\/www.w3.org\/2000\/svg\" width=\"22\" height=\"32\" viewBox=\"0 0 22 32\" preserveAspectRatio=\"xMidYMid meet\" aria-labelledby='av-svg-title-1' aria-describedby='av-svg-desc-1' role=\"graphics-symbol\" aria-hidden=\"true\">\n<title id='av-svg-title-1'>List<\/title>\n<desc id='av-svg-desc-1'>List<\/desc>\n<path d=\"M3.2 20.8q0.64 0 1.12 0.48t0.48 1.12-0.48 1.12-1.12 0.48h-1.6q-0.64 0-1.12-0.48t-0.48-1.12 0.448-1.12 1.152-0.48h1.6zM3.2 14.4q0.64 0 1.12 0.48t0.48 1.12-0.48 1.12-1.12 0.48h-1.6q-0.64 0-1.12-0.48t-0.48-1.12 0.448-1.12 1.152-0.48h1.6zM3.2 8q0.64 0 1.12 0.48t0.48 1.12-0.48 1.12-1.12 0.48h-1.6q-0.64 0-1.12-0.48t-0.48-1.12 0.448-1.12 1.152-0.48h1.6zM9.6 11.2q-0.64 0-1.12-0.48t-0.48-1.12 0.48-1.12 1.12-0.48h11.2q0.704 0 1.152 0.48t0.448 1.12-0.48 1.12-1.12 0.48h-11.2zM20.8 14.4q0.704 0 1.152 0.48t0.448 1.12-0.48 1.12-1.12 0.48h-11.2q-0.64 0-1.12-0.48t-0.48-1.12 0.48-1.12 1.12-0.48h11.2zM20.8 20.8q0.704 0 1.152 0.48t0.448 1.12-0.48 1.12-1.12 0.48h-11.2q-0.64 0-1.12-0.48t-0.48-1.12 0.48-1.12 1.12-0.48h11.2z\"><\/path>\n<\/svg><\/span><span class=\"av-current-placeholder\">Men\u00fc<\/span><\/a><ul id=\"menu-programm-merken\" class=\"av-subnav-menu\" role=\"menu\"><li role=\"menuitem\" id=\"menu-item-6206\" class=\"menu-item menu-item-type-custom menu-item-object-custom menu-item-top-level menu-item-top-level-1\"><a href=\"#tag1\" itemprop=\"url\" tabindex=\"0\"><span class=\"avia-bullet\"><\/span><span class=\"avia-menu-text\">Tag 1<\/span><span class=\"avia-menu-fx\"><span class=\"avia-arrow-wrap\"><span class=\"avia-arrow\"><\/span><\/span><\/span><\/a><\/li>\n<li role=\"menuitem\" id=\"menu-item-6207\" class=\"menu-item menu-item-type-custom menu-item-object-custom menu-item-top-level menu-item-top-level-2\"><a href=\"#tag2\" itemprop=\"url\" tabindex=\"0\"><span class=\"avia-bullet\"><\/span><span class=\"avia-menu-text\">Tag 2<\/span><span class=\"avia-menu-fx\"><span class=\"avia-arrow-wrap\"><span class=\"avia-arrow\"><\/span><\/span><\/span><\/a><\/li>\n<li role=\"menuitem\" id=\"menu-item-6178\" class=\"pm-filter menu-item menu-item-type-custom menu-item-object-custom av-menu-button av-menu-button-colored menu-item-top-level menu-item-top-level-3\"><a href=\"#\" itemprop=\"url\" tabindex=\"0\"><span class=\"avia-bullet\"><\/span><span class=\"avia-menu-text\">Mein Programm<\/span><span class=\"avia-menu-fx\"><span class=\"avia-arrow-wrap\"><span class=\"avia-arrow\"><\/span><\/span><\/span><\/a><\/li>\n<li role=\"menuitem\" id=\"menu-item-6179\" class=\"pm-print menu-item menu-item-type-custom menu-item-object-custom av-menu-button av-menu-button-colored menu-item-top-level menu-item-top-level-4\"><a href=\"#\" itemprop=\"url\" tabindex=\"0\"><span class=\"avia-bullet\"><\/span><span class=\"avia-menu-text\">Mein Programm drucken<\/span><span class=\"avia-menu-fx\"><span class=\"avia-arrow-wrap\"><span class=\"avia-arrow\"><\/span><\/span><\/span><\/a><\/li>\n<li role=\"menuitem\" id=\"menu-item-6180\" class=\"pm-reset menu-item menu-item-type-custom menu-item-object-custom av-menu-button av-menu-button-bordered menu-item-top-level menu-item-top-level-5\"><a href=\"#\" itemprop=\"url\" tabindex=\"0\"><span class=\"avia-bullet\"><\/span><span class=\"avia-menu-text\">Auswahl aufheben<\/span><span class=\"avia-menu-fx\"><span class=\"avia-arrow-wrap\"><span class=\"avia-arrow\"><\/span><\/span><\/span><\/a><\/li>\n<\/ul><\/div><\/div><div class='sticky_placeholder'><\/div><div id='after_submenu_1'  class='main_color av_default_container_wrap container_wrap fullsize'  ><div class='container av-section-cont-open' ><div class='template-page content  av-content-full alpha units'><div class='post-entry post-entry-type-page post-entry-6173'><div class='entry-content-wrapper clearfix'>\n\n<style type=\"text\/css\" data-created_by=\"avia_inline_auto\" id=\"style-css-av-mrwf9q79-5bc802b0acac552ad91282df22efdd3f\">\n#top .av-special-heading.av-mrwf9q79-5bc802b0acac552ad91282df22efdd3f{\npadding-bottom:10px;\n}\nbody .av-special-heading.av-mrwf9q79-5bc802b0acac552ad91282df22efdd3f .av-special-heading-tag .heading-char{\nfont-size:25px;\n}\n.av-special-heading.av-mrwf9q79-5bc802b0acac552ad91282df22efdd3f .av-subheading{\nfont-size:15px;\n}\n<\/style>\n<div  id=\"tag1\"  class='av-special-heading av-mrwf9q79-5bc802b0acac552ad91282df22efdd3f av-special-heading-h2 blockquote modern-quote  avia-builder-el-3  el_after_av_submenu  el_before_av_hr  avia-builder-el-first '><div class='av-subheading av-subheading_above'><p>Tag 1<\/p>\n<\/div><h2 class='av-special-heading-tag '  itemprop=\"headline\"  >04. November 2026<\/h2><div class=\"special-heading-border\"><div class=\"special-heading-inner-border\"><\/div><\/div><\/div>\n\n<style type=\"text\/css\" data-created_by=\"avia_inline_auto\" id=\"style-css-av-2xpuxp-125255c77e6ca6b1b0e81cb15122d08c\">\n#top .hr.hr-invisible.av-2xpuxp-125255c77e6ca6b1b0e81cb15122d08c{\nheight:40px;\n}\n<\/style>\n<div  class='hr av-2xpuxp-125255c77e6ca6b1b0e81cb15122d08c hr-invisible  avia-builder-el-4  el_after_av_heading  el_before_av_three_fourth '><span class='hr-inner '><span class=\"hr-inner-style\"><\/span><\/span><\/div>\n<div  class='flex_column av-cwmt99-0d42581c86a25d43505ae3c07a222bce av_three_fourth  avia-builder-el-5  el_after_av_hr  el_before_av_one_fourth  first flex_column_div  '     ><style type=\"text\/css\" data-created_by=\"avia_inline_auto\" id=\"style-css-av-mt8j26cd-3abddcaf9efb4a1b00e07e0478c8c566\">\n#top .av-special-heading.av-mt8j26cd-3abddcaf9efb4a1b00e07e0478c8c566{\npadding-bottom:10px;\n}\nbody .av-special-heading.av-mt8j26cd-3abddcaf9efb4a1b00e07e0478c8c566 .av-special-heading-tag .heading-char{\nfont-size:25px;\n}\n.av-special-heading.av-mt8j26cd-3abddcaf9efb4a1b00e07e0478c8c566 .av-subheading{\nfont-size:15px;\n}\n<\/style>\n<div  class='av-special-heading av-mt8j26cd-3abddcaf9efb4a1b00e07e0478c8c566 av-special-heading-h2 blockquote modern-quote  avia-builder-el-6  avia-builder-el-no-sibling '><h2 class='av-special-heading-tag '  itemprop=\"headline\"  >TW Strategy Night x powered by engelhorn<\/h2><div class='av-subheading av-subheading_below'><p>@engelhorn Mode im Quadrat | O5, 68161 Mannheim, (Dachgarten, 6. OG)<\/p>\n<\/div><div class=\"special-heading-border\"><div class=\"special-heading-inner-border\"><\/div><\/div><\/div><\/div>\n<div  class='flex_column av-b29eql-802d5d1401c324455991452a8144dacf av_one_fourth  avia-builder-el-7  el_after_av_three_fourth  el_before_av_section  avia-builder-el-last  flex_column_div  '     ><style type=\"text\/css\" data-created_by=\"avia_inline_auto\" id=\"style-css-av-mta2fiz7-c9848162c9fe4a643723e56102b70190\">\n.avia-image-container.av-mta2fiz7-c9848162c9fe4a643723e56102b70190 img.avia_image{\nbox-shadow:none;\n}\n.avia-image-container.av-mta2fiz7-c9848162c9fe4a643723e56102b70190 .av-image-caption-overlay-center{\ncolor:#ffffff;\n}\n<\/style>\n<div  class='avia-image-container av-mta2fiz7-c9848162c9fe4a643723e56102b70190 av-styling- av-img-linked avia-align-center  avia-builder-el-8  avia-builder-el-no-sibling '   itemprop=\"image\" itemscope=\"itemscope\" itemtype=\"https:\/\/schema.org\/ImageObject\" ><div class=\"avia-image-container-inner\"><div class=\"avia-image-overlay-wrap\"><a href=\"https:\/\/info.engelhorn.com\/haeuser\/mode-im-quadrat\/\" class='avia_image '  target=\"_blank\"  rel=\"noopener noreferrer\" aria-label='Mode im Quadrat_P_Black_CMYK-webFALSCH'><img decoding=\"async\" fetchpriority=\"high\" class='wp-image-6352 avia-img-lazy-loading-not-6352 avia_image ' src=\"https:\/\/dfvcg-events.de\/tw-strategy-summit\/wp-content\/uploads\/sites\/12\/2026\/08\/Mode-im-Quadrat_P_Black_CMYK-webFALSCH.jpg\" alt='' title='Mode im Quadrat_P_Black_CMYK-webFALSCH'  height=\"350\" width=\"800\"  itemprop=\"thumbnailUrl\" srcset=\"https:\/\/dfvcg-events.de\/tw-strategy-summit\/wp-content\/uploads\/sites\/12\/2026\/08\/Mode-im-Quadrat_P_Black_CMYK-webFALSCH.jpg 800w, https:\/\/dfvcg-events.de\/tw-strategy-summit\/wp-content\/uploads\/sites\/12\/2026\/08\/Mode-im-Quadrat_P_Black_CMYK-webFALSCH-705x308.jpg 705w\" sizes=\"(max-width: 800px) 100vw, 800px\" \/><\/a><\/div><\/div><\/div><\/div>\n<\/div><\/div><\/div><!-- close content main div --><\/div><\/div><div id='av_section_2' aria-label='2-Spaltig' class='avia-section av-8yvael-a047297ac808342bedabb7b54afa2cc4 main_color avia-section-small avia-no-shadow  avia-builder-el-9  el_after_av_one_fourth  el_before_av_section  programm-row avia-bg-style-scroll container_wrap fullsize'  ><div class='container av-section-cont-open' ><div class='template-page content  av-content-full alpha units'><div class='post-entry post-entry-type-page post-entry-6173'><div class='entry-content-wrapper clearfix'>\n<div  class='flex_column av-7po9vh-d5bca381230b55b149131d60b2d8fed7 av_one_fifth  avia-builder-el-10  el_before_av_four_fifth  avia-builder-el-first  programmzeit first first flex_column_div  '     aria-label='Uhrzeit'  ><section  class='av_textblock_section av-58ebpp-78fb9c6295fd944dc5b00da552c7286f '   itemscope=\"itemscope\" itemtype=\"https:\/\/schema.org\/CreativeWork\" ><div class='avia_textblock'  itemprop=\"text\" ><p>19:00<\/p>\n<\/div><\/section><\/div><div  class='flex_column av-3njuvh-1c3bea25250c0a8c53de412d84d38f97 av_four_fifth  avia-builder-el-12  el_after_av_one_fifth  avia-builder-el-last  programmzeit flex_column_div  '     aria-label='Content'  ><section  class='av_textblock_section av-2nlpd9-1cd00f3ea40acb4a3935b8e2bc88beed '   itemscope=\"itemscope\" itemtype=\"https:\/\/schema.org\/CreativeWork\" ><div class='avia_textblock'  itemprop=\"text\" ><p><strong>WELCOME<\/strong><br \/>\nEngelhorn Mode im Quadrat begr\u00fc\u00dft gemeinsam mit der TextilWirtschaft alle Teilnehmende, Partner und Vortragende des TW Strategy Summit im Dachgarten zu einem stimmungsvollen Get-together. Lassen Sie sich au\u00dferdem durch ersten Content des Kongressprogramms inspirieren und stimmen Sie sich auf die Veranstaltung ein.<\/p>\n<\/div><\/section><\/div>\n\n<\/div><\/div><\/div><!-- close content main div --><\/div><\/div><div id='av_section_3' aria-label='2-Spaltig' class='avia-section av-10vik0d-6b7af931d1abd7a000ec6f652fcdfff8 main_color avia-section-small avia-no-shadow  avia-builder-el-14  el_after_av_section  el_before_av_section  programm-row avia-bg-style-scroll container_wrap fullsize'  ><div class='container av-section-cont-open' ><div class='template-page content  av-content-full alpha units'><div class='post-entry post-entry-type-page post-entry-6173'><div class='entry-content-wrapper clearfix'>\n<div  class='flex_column av-zflrrx-317356beeefc156f539885e2c9dcfea8 av_one_fifth  avia-builder-el-15  el_before_av_four_fifth  avia-builder-el-first  programmzeit first first flex_column_div  '     aria-label='Uhrzeit'  ><section  class='av_textblock_section av-ybyqbh-e1deee676a53e9752e02f06cbabdc309 '   itemscope=\"itemscope\" itemtype=\"https:\/\/schema.org\/CreativeWork\" ><div class='avia_textblock'  itemprop=\"text\" ><p>19:30<\/p>\n<\/div><\/section><\/div><div  class='flex_column av-w98m6l-683ecc981c776e1b8cbb8b6e90e2b313 av_four_fifth  avia-builder-el-17  el_after_av_one_fifth  avia-builder-el-last  programmzeit flex_column_div  '     aria-label='Content'  ><section  class='av_textblock_section av-v2z1y5-1b9410979d99f596b1899ebe6755e3d3 '   itemscope=\"itemscope\" itemtype=\"https:\/\/schema.org\/CreativeWork\" ><div class='avia_textblock'  itemprop=\"text\" ><p><strong>KEYNOTE<\/strong><br \/>\n<b>Vom Geheimtipp zur globalen Love Brand: Wie woom Wachstum erfolgreich skaliert.<\/b><\/p>\n<p><a href=\"https:\/\/dfvcg-events.de\/tw-strategy-summit\/vortragend\/bernd-hake\/\">Bernd Hake<\/a>, CEO, woom<\/p>\n<\/div><\/section><\/div>\n\n<\/div><\/div><\/div><!-- close content main div --><\/div><\/div><div id='av_section_4' aria-label='2-Spaltig' class='avia-section av-6j77kt-b8e21fa49d82fe3df0fff43593336c0c main_color avia-section-small avia-no-shadow  avia-builder-el-19  el_after_av_section  el_before_av_heading  programm-row avia-bg-style-scroll container_wrap fullsize'  ><div class='container av-section-cont-open' ><div class='template-page content  av-content-full alpha units'><div class='post-entry post-entry-type-page post-entry-6173'><div class='entry-content-wrapper clearfix'>\n<div  class='flex_column av-ehe71-83da84b7d5682450bc99542101bf861c av_one_fifth  avia-builder-el-20  el_before_av_four_fifth  avia-builder-el-first  programmzeit first first flex_column_div  '     aria-label='Uhrzeit'  ><section  class='av_textblock_section av-mrwfhdip-98a6632449165ee48e95e653714ba69b '   itemscope=\"itemscope\" itemtype=\"https:\/\/schema.org\/CreativeWork\" ><div class='avia_textblock'  itemprop=\"text\" ><p>ab 20:00<\/p>\n<\/div><\/section><\/div><div  class='flex_column av-2002y5-373c5b49c17477aa10d03b8d0f496ee5 av_four_fifth  avia-builder-el-22  el_after_av_one_fifth  avia-builder-el-last  programmzeit flex_column_div  '     aria-label='Content'  ><section  class='av_textblock_section av-mrwfjdx0-c95cbfd4ecb9c89fc54049eee4561b8a '   itemscope=\"itemscope\" itemtype=\"https:\/\/schema.org\/CreativeWork\" ><div class='avia_textblock'  itemprop=\"text\" ><p><strong>NETWORKING, FINGER FOOD &amp; DRINKS<\/strong><br \/>\nGenie\u00dfen Sie den Abend im Ambiente des Dachgartens bei guter Stimmung, Drinks und Finger Food. Nutzen Sie die Gelegenheit zum Austausch mit bereits bestehenden Kontakten und mit neuen Gespr\u00e4chspartnern. Wir freuen uns auf Sie!<\/p>\n<\/div><\/section><\/div>\n<\/div><\/div><\/div><!-- close content main div --><\/div><\/div><div id='after_section_4'  class='main_color av_default_container_wrap container_wrap fullsize'  ><div class='container av-section-cont-open' ><div class='template-page content  av-content-full alpha units'><div class='post-entry post-entry-type-page post-entry-6173'><div class='entry-content-wrapper clearfix'>\n\n<style type=\"text\/css\" data-created_by=\"avia_inline_auto\" id=\"style-css-av-mrwfjxan-cf4445f9be83fefbaab099d11b475152\">\n#top .av-special-heading.av-mrwfjxan-cf4445f9be83fefbaab099d11b475152{\npadding-bottom:10px;\n}\nbody .av-special-heading.av-mrwfjxan-cf4445f9be83fefbaab099d11b475152 .av-special-heading-tag .heading-char{\nfont-size:25px;\n}\n.av-special-heading.av-mrwfjxan-cf4445f9be83fefbaab099d11b475152 .av-subheading{\nfont-size:15px;\n}\n<\/style>\n<div  id=\"tag2\"  class='av-special-heading av-mrwfjxan-cf4445f9be83fefbaab099d11b475152 av-special-heading-h2 blockquote modern-quote  avia-builder-el-24  el_after_av_section  el_before_av_hr  avia-builder-el-first '><div class='av-subheading av-subheading_above'><p>Tag 2<\/p>\n<\/div><h2 class='av-special-heading-tag '  itemprop=\"headline\"  >05. November 2026<\/h2><div class=\"special-heading-border\"><div class=\"special-heading-inner-border\"><\/div><\/div><\/div>\n\n<style type=\"text\/css\" data-created_by=\"avia_inline_auto\" id=\"style-css-av-mta2haej-2b59a7b2bf09226855232d6c1c63b78a\">\n#top .hr.hr-invisible.av-mta2haej-2b59a7b2bf09226855232d6c1c63b78a{\nheight:40px;\n}\n<\/style>\n<div  class='hr av-mta2haej-2b59a7b2bf09226855232d6c1c63b78a hr-invisible  avia-builder-el-25  el_after_av_heading  el_before_av_one_full '><span class='hr-inner '><span class=\"hr-inner-style\"><\/span><\/span><\/div>\n<div  class='flex_column av-2vq9rx-e09b5bdff2cd111f83308d5d82946429 av_one_full  avia-builder-el-26  el_after_av_hr  el_before_av_section  avia-builder-el-last  first flex_column_div  '     ><style type=\"text\/css\" data-created_by=\"avia_inline_auto\" id=\"style-css-av-mta2jpw2-443d4e0d5637b5430ac5e995b1351c71\">\n#top .av-special-heading.av-mta2jpw2-443d4e0d5637b5430ac5e995b1351c71{\npadding-bottom:10px;\n}\nbody .av-special-heading.av-mta2jpw2-443d4e0d5637b5430ac5e995b1351c71 .av-special-heading-tag .heading-char{\nfont-size:25px;\n}\n.av-special-heading.av-mta2jpw2-443d4e0d5637b5430ac5e995b1351c71 .av-subheading{\nfont-size:15px;\n}\n<\/style>\n<div  class='av-special-heading av-mta2jpw2-443d4e0d5637b5430ac5e995b1351c71 av-special-heading-h2 blockquote modern-quote  avia-builder-el-27  avia-builder-el-no-sibling '><h2 class='av-special-heading-tag '  itemprop=\"headline\"  >TW Strategy Summit<\/h2><div class='av-subheading av-subheading_below'><p>@Conference Center, Dr. Rainer Wild Holding GmbH | Mittelgewannweg 10, 69123 Heidelberg<\/p>\n<\/div><div class=\"special-heading-border\"><div class=\"special-heading-inner-border\"><\/div><\/div><\/div><\/div>\n<\/div><\/div><\/div><!-- close content main div --><\/div><\/div><div id='av_section_5' aria-label='2-Spaltig' class='avia-section av-t99fwt-fd580b74938ecb9cb720f23077fa3193 main_color avia-section-small avia-no-shadow  avia-builder-el-28  el_after_av_one_full  el_before_av_section  programm-row avia-bg-style-scroll container_wrap fullsize'  ><div class='container av-section-cont-open' ><div class='template-page content  av-content-full alpha units'><div class='post-entry post-entry-type-page post-entry-6173'><div class='entry-content-wrapper clearfix'>\n<div  class='flex_column av-r4dya5-012cf2a98a8293f12a873d5d0b47e80d av_one_fifth  avia-builder-el-29  el_before_av_four_fifth  avia-builder-el-first  programmzeit first first flex_column_div  '     aria-label='Uhrzeit'  ><section  class='av_textblock_section av-mrwfom54-8326cfd1024ba05fbab7456ced5f8f72 '   itemscope=\"itemscope\" itemtype=\"https:\/\/schema.org\/CreativeWork\" ><div class='avia_textblock'  itemprop=\"text\" ><p>08:45<\/p>\n<\/div><\/section><\/div><div  class='flex_column av-q8iejx-4d0af17258abcfa43a18450a5b022575 av_four_fifth  avia-builder-el-31  el_after_av_one_fifth  avia-builder-el-last  programmzeit flex_column_div  '     aria-label='Content'  ><section  class='av_textblock_section av-ncgh5p-f43ac7dec5cd17b71847103f5727539b '   itemscope=\"itemscope\" itemtype=\"https:\/\/schema.org\/CreativeWork\" ><div class='avia_textblock'  itemprop=\"text\" ><p><strong>WELCOME &amp; NETWORKING<\/strong><\/p>\n<\/div><\/section><\/div>\n\n<\/div><\/div><\/div><!-- close content main div --><\/div><\/div><div id='av_section_6' aria-label='2-Spaltig' class='avia-section av-m5w74d-73b3c6721429ae72c3414c4658b0d2d9 main_color avia-section-small avia-no-shadow  avia-builder-el-33  el_after_av_section  el_before_av_section  programm-row avia-bg-style-scroll container_wrap fullsize'  ><div class='container av-section-cont-open' ><div class='template-page content  av-content-full alpha units'><div class='post-entry post-entry-type-page post-entry-6173'><div class='entry-content-wrapper clearfix'>\n<div  class='flex_column av-212vjx-523ff93289359f74f3cd64a471064b19 av_one_fifth  avia-builder-el-34  el_before_av_four_fifth  avia-builder-el-first  programmzeit first first flex_column_div  '     aria-label='Uhrzeit'  ><section  class='av_textblock_section av-mrwfp3qy-628bc3edfbecb3693c995fc25b99b2f6 '   itemscope=\"itemscope\" itemtype=\"https:\/\/schema.org\/CreativeWork\" ><div class='avia_textblock'  itemprop=\"text\" ><p>09:30<\/p>\n<\/div><\/section><\/div><div  class='flex_column av-jnu65p-205ab461f2d4f0191a73544ebb26691e av_four_fifth  avia-builder-el-36  el_after_av_one_fifth  avia-builder-el-last  programmzeit flex_column_div  '     aria-label='Content'  ><section  class='av_textblock_section av-mrwfqvfq-58266ec2f9c4ac966711c224918e5ddf '   itemscope=\"itemscope\" itemtype=\"https:\/\/schema.org\/CreativeWork\" ><div class='avia_textblock'  itemprop=\"text\" ><p><strong>OPENING<\/strong><\/p>\n<p><a href=\"https:\/\/dfvcg-events.de\/tw-strategy-summit\/vortragend\/bettina-billerbeck\/\">Bettina Billerbeck<\/a>, Chefredakteurin, TextilWirtschaft<\/p>\n<p>\ud83c\udfac Jetzt reinschauen: <a href=\"https:\/\/youtube.com\/shorts\/MiNe2A2kK68?si=vUfods-zC1-N3DQ3\" target=\"_blank\" rel=\"noopener\">Die Videobotschaft von Bettina Billerbeck<\/a><\/p>\n<\/div><\/section><\/div>\n\n<\/div><\/div><\/div><!-- close content main div --><\/div><\/div><div id='av_section_7' aria-label='2-Spaltig' class='avia-section av-aonful-bad084b3804af6aaf669a858a84fc682 main_color avia-section-small avia-no-shadow  avia-builder-el-38  el_after_av_section  el_before_av_section  programm-row avia-bg-style-scroll container_wrap fullsize'  ><div class='container av-section-cont-open' ><div class='template-page content  av-content-full alpha units'><div class='post-entry post-entry-type-page post-entry-6173'><div class='entry-content-wrapper clearfix'>\n<div  class='flex_column av-y4hfx-7c8dd272f15fad51abe05183a0d4c82d av_one_fifth  avia-builder-el-39  el_before_av_four_fifth  avia-builder-el-first  programmzeit first first flex_column_div  '     aria-label='Uhrzeit'  ><section  class='av_textblock_section av-mrwfeiea-7be1cf1e89d69098cb1e65bf0ae83f12 '   itemscope=\"itemscope\" itemtype=\"https:\/\/schema.org\/CreativeWork\" ><div class='avia_textblock'  itemprop=\"text\" ><p>09:35<\/p>\n<\/div><\/section><\/div><div  class='flex_column av-76e1l9-a735f80f7b55b75e4037ae6aa5538670 av_four_fifth  avia-builder-el-41  el_after_av_one_fifth  avia-builder-el-last  programmzeit flex_column_div  '     aria-label='Content'  ><section  class='av_textblock_section av-mrwfgtzu-6784b800e7f884342a349834eb106b05 '   itemscope=\"itemscope\" itemtype=\"https:\/\/schema.org\/CreativeWork\" ><div class='avia_textblock'  itemprop=\"text\" ><p><strong>OPENING KEYNOTE<\/strong><br \/>\n<b>The Energy of Win Win: 25 Years of Building People and Partnerships with a Multibrand Strategy.<\/b><br \/>\n<em>Vortrag auf Englisch<\/em><\/p>\n<p><a href=\"https:\/\/dfvcg-events.de\/tw-strategy-summit\/vortragend\/jens-poulsen\/\">Jens Poulsen<\/a>, CEO, DK Company<\/p>\n<\/div><\/section><\/div>\n\n<\/div><\/div><\/div><!-- close content main div --><\/div><\/div>\n<style type=\"text\/css\" data-created_by=\"avia_inline_auto\" id=\"style-css-av-4orcmz-5ad3f252d649efb379c60a36a6c32016\">\n.avia-section.av-4orcmz-5ad3f252d649efb379c60a36a6c32016{\nbackground-color:#da653b;\nbackground-image:unset;\n}\n<\/style>\n<div id='ausblenden'  class='avia-section av-4orcmz-5ad3f252d649efb379c60a36a6c32016 main_color avia-section-small avia-no-shadow  avia-builder-el-43  el_after_av_section  el_before_av_section  avia-bg-style-scroll container_wrap fullsize'  ><div class='container av-section-cont-open' ><div class='template-page content  av-content-full alpha units'><div class='post-entry post-entry-type-page post-entry-6173'><div class='entry-content-wrapper clearfix'>\n\n<style type=\"text\/css\" data-created_by=\"avia_inline_auto\" id=\"style-css-av-2rn50r-96a6665e162eb534f7a54149f01ed661\">\n#top .av-special-heading.av-2rn50r-96a6665e162eb534f7a54149f01ed661{\npadding-bottom:0;\ncolor:#ffffff;\n}\nbody .av-special-heading.av-2rn50r-96a6665e162eb534f7a54149f01ed661 .av-special-heading-tag .heading-char{\nfont-size:25px;\n}\n.av-special-heading.av-2rn50r-96a6665e162eb534f7a54149f01ed661 .special-heading-inner-border{\nborder-color:#ffffff;\n}\n.av-special-heading.av-2rn50r-96a6665e162eb534f7a54149f01ed661 .av-subheading{\nfont-size:15px;\n}\n<\/style>\n<div  class='av-special-heading av-2rn50r-96a6665e162eb534f7a54149f01ed661 av-special-heading-h3 custom-color-heading blockquote modern-quote modern-centered  avia-builder-el-44  avia-builder-el-no-sibling '><h3 class='av-special-heading-tag '  itemprop=\"headline\"  >MARKE<\/h3><div class=\"special-heading-border\"><div class=\"special-heading-inner-border\"><\/div><\/div><\/div>\n\n<\/div><\/div><\/div><!-- close content main div --><\/div><\/div><div id='av_section_9' aria-label='2-Spaltig' class='avia-section av-ho381p-d349d7fdc0d45e8026c38b8422c8d2be main_color avia-section-small avia-no-shadow  avia-builder-el-45  el_after_av_section  el_before_av_section  programm-row avia-bg-style-scroll container_wrap fullsize'  ><div class='container av-section-cont-open' ><div class='template-page content  av-content-full alpha units'><div class='post-entry post-entry-type-page post-entry-6173'><div class='entry-content-wrapper clearfix'>\n<div  class='flex_column av-g29thp-b3ad56a51f94cf754ea7cad96ca63e8a av_one_fifth  avia-builder-el-46  el_before_av_four_fifth  avia-builder-el-first  programmzeit first first flex_column_div  '     aria-label='Uhrzeit'  ><section  class='av_textblock_section av-mrwfw8dv-a0823534ebde7cd9938a4923e3431239 '   itemscope=\"itemscope\" itemtype=\"https:\/\/schema.org\/CreativeWork\" ><div class='avia_textblock'  itemprop=\"text\" ><p>10:00<\/p>\n<\/div><\/section><\/div><div  class='flex_column av-dh9p31-16ee97db16441dabbdfff8d1ccd1ffd0 av_four_fifth  avia-builder-el-48  el_after_av_one_fifth  avia-builder-el-last  programmzeit flex_column_div  '     aria-label='Content'  ><section  class='av_textblock_section av-mrwfxqf4-8de5a0818e67cb6f816c38305df29486 '   itemscope=\"itemscope\" itemtype=\"https:\/\/schema.org\/CreativeWork\" ><div class='avia_textblock'  itemprop=\"text\" ><p><strong>IMPULS + TALK<\/strong><br \/>\n<b>Freuen Sie sich auf Insights aus der Modebranche.<\/b><\/p>\n<\/div><\/section><\/div>\n\n<\/div><\/div><\/div><!-- close content main div --><\/div><\/div><div id='av_section_10' aria-label='2-Spaltig' class='avia-section av-c7cj71-14d6946b003bf3a94dabc7ebbc0cfbf2 main_color avia-section-small avia-no-shadow  avia-builder-el-50  el_after_av_section  el_before_av_section  programm-row avia-bg-style-scroll container_wrap fullsize'  ><div class='container av-section-cont-open' ><div class='template-page content  av-content-full alpha units'><div class='post-entry post-entry-type-page post-entry-6173'><div class='entry-content-wrapper clearfix'>\n<div  class='flex_column av-arqoh9-75ab25401af9883b388e20c318bf92da av_one_fifth  avia-builder-el-51  el_before_av_four_fifth  avia-builder-el-first  programmzeit first first flex_column_div  '     aria-label='Uhrzeit'  ><section  class='av_textblock_section av-mrwfyqdg-8e5f8a79eb55a4f947a93b5ffe7f91ca '   itemscope=\"itemscope\" itemtype=\"https:\/\/schema.org\/CreativeWork\" ><div class='avia_textblock'  itemprop=\"text\" ><p>10:20<\/p>\n<\/div><\/section><\/div><div  class='flex_column av-8gopl9-bf3b04dd9d28c2509d68e6ce8fb8c590 av_four_fifth  avia-builder-el-53  el_after_av_one_fifth  avia-builder-el-last  programmzeit flex_column_div  '     aria-label='Content'  ><section  class='av_textblock_section av-mrwg0m8s-0d09215c67347ecf25ad55e8bd47851f '   itemscope=\"itemscope\" itemtype=\"https:\/\/schema.org\/CreativeWork\" ><div class='avia_textblock'  itemprop=\"text\" ><p><strong>IMPULS<\/strong><br \/>\n<b>Ist das Fortschritt oder kann das weg?<\/b><\/p>\n<p><a href=\"https:\/\/dfvcg-events.de\/tw-strategy-summit\/vortragend\/kristina-meyer\/\">Kristina Meyer<\/a>, Chief People, Organisation &amp; Strategy Officer, Simplicity<\/p>\n<\/div><\/section><\/div>\n\n<\/div><\/div><\/div><!-- close content main div --><\/div><\/div><div id='av_section_11' aria-label='2-Spaltig' class='avia-section av-7mhti5-d2170c41c70e6289997ede5fccc29356 main_color avia-section-small avia-no-shadow  avia-builder-el-55  el_after_av_section  el_before_av_section  programm-row avia-bg-style-scroll container_wrap fullsize'  ><div class='container av-section-cont-open' ><div class='template-page content  av-content-full alpha units'><div class='post-entry post-entry-type-page post-entry-6173'><div class='entry-content-wrapper clearfix'>\n<div  class='flex_column av-6kj7z1-f6e2c2708c17241fc01f02b5a166750f av_one_fifth  avia-builder-el-56  el_before_av_four_fifth  avia-builder-el-first  programmzeit first first flex_column_div  '     aria-label='Uhrzeit'  ><section  class='av_textblock_section av-mrwfy1mt-1012265db2d3ff342b004254224087ce '   itemscope=\"itemscope\" itemtype=\"https:\/\/schema.org\/CreativeWork\" ><div class='avia_textblock'  itemprop=\"text\" ><p>10:40<\/p>\n<\/div><\/section><\/div><div  class='flex_column av-3tdh65-353100a2645cd8b8068b88f451f3eafb av_four_fifth  avia-builder-el-58  el_after_av_one_fifth  avia-builder-el-last  programmzeit flex_column_div  '     aria-label='Content'  ><section  class='av_textblock_section av-mrwfyal4-1320490525721f951555fd76e77bdfa4 '   itemscope=\"itemscope\" itemtype=\"https:\/\/schema.org\/CreativeWork\" ><div class='avia_textblock'  itemprop=\"text\" ><p><strong>IMPULS<\/strong><br \/>\n<b>Freuen Sie sich auf Insights aus der Modebranche.<\/b><\/p>\n<\/div><\/section><\/div>\n\n<\/div><\/div><\/div><!-- close content main div --><\/div><\/div>\n<style type=\"text\/css\" data-created_by=\"avia_inline_auto\" id=\"style-css-av-2gx7yl-f2467945f7a6688404a05d2fde8af24d\">\n.avia-section.av-2gx7yl-f2467945f7a6688404a05d2fde8af24d{\nbackground-color:#da653b;\nbackground-image:unset;\n}\n<\/style>\n<div id='ausblenden'  class='avia-section av-2gx7yl-f2467945f7a6688404a05d2fde8af24d main_color avia-section-small avia-no-shadow  avia-builder-el-60  el_after_av_section  el_before_av_section  avia-bg-style-scroll container_wrap fullsize'  ><div class='container av-section-cont-open' ><div class='template-page content  av-content-full alpha units'><div class='post-entry post-entry-type-page post-entry-6173'><div class='entry-content-wrapper clearfix'>\n\n<style type=\"text\/css\" data-created_by=\"avia_inline_auto\" id=\"style-css-av-mrwg151d-6f33abbe6b5a5487edf917c6a1790d15\">\n#top .av-special-heading.av-mrwg151d-6f33abbe6b5a5487edf917c6a1790d15{\npadding-bottom:0;\ncolor:#ffffff;\n}\nbody .av-special-heading.av-mrwg151d-6f33abbe6b5a5487edf917c6a1790d15 .av-special-heading-tag .heading-char{\nfont-size:25px;\n}\n.av-special-heading.av-mrwg151d-6f33abbe6b5a5487edf917c6a1790d15 .special-heading-inner-border{\nborder-color:#ffffff;\n}\n.av-special-heading.av-mrwg151d-6f33abbe6b5a5487edf917c6a1790d15 .av-subheading{\nfont-size:15px;\n}\n<\/style>\n<div  class='av-special-heading av-mrwg151d-6f33abbe6b5a5487edf917c6a1790d15 av-special-heading-h3 custom-color-heading blockquote modern-quote modern-centered  avia-builder-el-61  avia-builder-el-no-sibling '><h3 class='av-special-heading-tag '  itemprop=\"headline\"  >EINKAUF<\/h3><div class=\"special-heading-border\"><div class=\"special-heading-inner-border\"><\/div><\/div><\/div>\n\n<\/div><\/div><\/div><!-- close content main div --><\/div><\/div><div id='av_section_13' aria-label='2-Spaltig' class='avia-section av-29mjdt9-458893f08125b4ae446eefad1651d161 main_color avia-section-small avia-no-shadow  avia-builder-el-62  el_after_av_section  el_before_av_section  programm-row avia-bg-style-scroll container_wrap fullsize'  ><div class='container av-section-cont-open' ><div class='template-page content  av-content-full alpha units'><div class='post-entry post-entry-type-page post-entry-6173'><div class='entry-content-wrapper clearfix'>\n<div  class='flex_column av-281ux0t-7f727758bbb97e9296d4a433cc9a3929 av_one_fifth  avia-builder-el-63  el_before_av_four_fifth  avia-builder-el-first  programmzeit first first flex_column_div  '     aria-label='Uhrzeit'  ><section  class='av_textblock_section av-26bp9gt-9f37ef769f0bf00cb09e7f660e2c06ff '   itemscope=\"itemscope\" itemtype=\"https:\/\/schema.org\/CreativeWork\" ><div class='avia_textblock'  itemprop=\"text\" ><p>11:00<\/p>\n<\/div><\/section><\/div><div  class='flex_column av-24g5f65-d66e0fbc384d2718e89afb6540488290 av_four_fifth  avia-builder-el-65  el_after_av_one_fifth  avia-builder-el-last  programmzeit flex_column_div  '     aria-label='Content'  ><section  class='av_textblock_section av-2307kct-467ba354204ea54a39d424920b5e6581 '   itemscope=\"itemscope\" itemtype=\"https:\/\/schema.org\/CreativeWork\" ><div class='avia_textblock'  itemprop=\"text\" ><p><strong>EINK\u00c4UFER-PANEL<\/strong><br \/>\n<b>Bauchgef\u00fchl vs. Data? Die Erfolgsfaktoren im Einkauf.<\/b><\/p>\n<p><a href=\"https:\/\/dfvcg-events.de\/tw-strategy-summit\/vortragend\/anna-graf\/\">Anna Graf<\/a>, Gesch\u00e4ftsf\u00fchrerin, KBS Kleider-Bauer<br \/>\n<a href=\"https:\/\/dfvcg-events.de\/tw-strategy-summit\/vortragend\/niels-becker\/\">Niels Becker<\/a>, Leitung Merchandise Controlling, Modehaus Stackmann<br \/>\n<a href=\"https:\/\/dfvcg-events.de\/tw-strategy-summit\/vortragend\/miriam-anlauf\/\">Miriam Anlauf<\/a>, International Commercial Executive (Premium Retail &amp; Fashion)<\/p>\n<p>MODERATION: <a href=\"https:\/\/dfvcg-events.de\/tw-strategy-summit\/vortragend\/silke-emig\/\">Silke Emig<\/a>, Stellvertretende Chefredakteurin, TextilWirtschaft<\/p>\n<\/div><\/section><\/div>\n\n<\/div><\/div><\/div><!-- close content main div --><\/div><\/div>\n<style type=\"text\/css\" data-created_by=\"avia_inline_auto\" id=\"style-css-av-2121ufh-d70136c161cd14d7ce768b9db9a65d5b\">\n.avia-section.av-2121ufh-d70136c161cd14d7ce768b9db9a65d5b{\nbackground-color:#da653b;\nbackground-image:unset;\n}\n<\/style>\n<div id='ausblenden'  class='avia-section av-2121ufh-d70136c161cd14d7ce768b9db9a65d5b main_color avia-section-small avia-no-shadow  avia-builder-el-67  el_after_av_section  el_before_av_section  avia-bg-style-scroll container_wrap fullsize'  ><div class='container av-section-cont-open' ><div class='template-page content  av-content-full alpha units'><div class='post-entry post-entry-type-page post-entry-6173'><div class='entry-content-wrapper clearfix'>\n\n<style type=\"text\/css\" data-created_by=\"avia_inline_auto\" id=\"style-css-av-1zdchl9-84d47ab4abfcf8d8be0f737a13d00872\">\n#top .av-special-heading.av-1zdchl9-84d47ab4abfcf8d8be0f737a13d00872{\npadding-bottom:0;\ncolor:#ffffff;\n}\nbody .av-special-heading.av-1zdchl9-84d47ab4abfcf8d8be0f737a13d00872 .av-special-heading-tag .heading-char{\nfont-size:25px;\n}\n.av-special-heading.av-1zdchl9-84d47ab4abfcf8d8be0f737a13d00872 .special-heading-inner-border{\nborder-color:#ffffff;\n}\n.av-special-heading.av-1zdchl9-84d47ab4abfcf8d8be0f737a13d00872 .av-subheading{\nfont-size:15px;\n}\n<\/style>\n<div  class='av-special-heading av-1zdchl9-84d47ab4abfcf8d8be0f737a13d00872 av-special-heading-h3 custom-color-heading blockquote modern-quote modern-centered  avia-builder-el-68  avia-builder-el-no-sibling '><h3 class='av-special-heading-tag '  itemprop=\"headline\"  >HANDEL<\/h3><div class=\"special-heading-border\"><div class=\"special-heading-inner-border\"><\/div><\/div><\/div>\n\n<\/div><\/div><\/div><!-- close content main div --><\/div><\/div><div id='av_section_15' aria-label='2-Spaltig' class='avia-section av-70j4zx-efa5a8af03b3b97a04dc12ae3db9dde3 main_color avia-section-small avia-no-shadow  avia-builder-el-69  el_after_av_section  el_before_av_section  programm-row avia-bg-style-scroll container_wrap fullsize'  ><div class='container av-section-cont-open' ><div class='template-page content  av-content-full alpha units'><div class='post-entry post-entry-type-page post-entry-6173'><div class='entry-content-wrapper clearfix'>\n<div  class='flex_column av-1wuwyil-44c47dcec50caaf96859805eb1144595 av_one_fifth  avia-builder-el-70  el_before_av_four_fifth  avia-builder-el-first  programmzeit first first flex_column_div  '     aria-label='Uhrzeit'  ><section  class='av_textblock_section av-mrwgrb1z-6b21d7e4f458087eb9f024433eb04d51 '   itemscope=\"itemscope\" itemtype=\"https:\/\/schema.org\/CreativeWork\" ><div class='avia_textblock'  itemprop=\"text\" ><p>11:35<\/p>\n<\/div><\/section><\/div><div  class='flex_column av-1v4fikt-aecb40e16c734767a6e6b13f0aa9472e av_four_fifth  avia-builder-el-72  el_after_av_one_fifth  avia-builder-el-last  programmzeit flex_column_div  '     aria-label='Content'  ><section  class='av_textblock_section av-mrwgtzjd-daf2be8367ad2cde6ec1b418509972e0 '   itemscope=\"itemscope\" itemtype=\"https:\/\/schema.org\/CreativeWork\" ><div class='avia_textblock'  itemprop=\"text\" ><p><strong>IMPULS<\/strong><br \/>\n<b>Better together: Die Chancen im Plattform-Business.<\/b><\/p>\n<p><a href=\"https:\/\/dfvcg-events.de\/tw-strategy-summit\/vortragend\/stefanie-nover\/\">Stefanie Nover<\/a>, Director Marketplace, Breuninger<\/p>\n<\/div><\/section><\/div>\n\n<\/div><\/div><\/div><!-- close content main div --><\/div><\/div><div id='av_section_16' aria-label='2-Spaltig' class='avia-section av-1swchzx-9bcdc27b2780a851cede4ccfc1555904 main_color avia-section-small avia-no-shadow  avia-builder-el-74  el_after_av_section  el_before_av_section  programm-row avia-bg-style-scroll container_wrap fullsize'  ><div class='container av-section-cont-open' ><div class='template-page content  av-content-full alpha units'><div class='post-entry post-entry-type-page post-entry-6173'><div class='entry-content-wrapper clearfix'>\n<div  class='flex_column av-1r855b1-546f143805be056f13f156867e166e30 av_one_fifth  avia-builder-el-75  el_before_av_four_fifth  avia-builder-el-first  programmzeit first first flex_column_div  '     aria-label='Uhrzeit'  ><section  class='av_textblock_section av-mrwgum8m-16de1c705a0de68a2dc2408b96a9da60 '   itemscope=\"itemscope\" itemtype=\"https:\/\/schema.org\/CreativeWork\" ><div class='avia_textblock'  itemprop=\"text\" ><p>12:00 &#8211; 13:45<\/p>\n<\/div><\/section><\/div><div  class='flex_column av-1qo1c7h-76d1e1018a42a76e8ccc68b2f77fcfdb av_four_fifth  avia-builder-el-77  el_after_av_one_fifth  avia-builder-el-last  programmzeit flex_column_div  '     aria-label='Content'  ><section  class='av_textblock_section av-mrwgvcl1-b3fca2846d1a0cf224c4984dd246afe6 '   itemscope=\"itemscope\" itemtype=\"https:\/\/schema.org\/CreativeWork\" ><div class='avia_textblock'  itemprop=\"text\" ><p><b>NETWORKING-LUNCH-BREAK<\/b><\/p>\n<\/div><\/section><\/div>\n\n<\/div><\/div><\/div><!-- close content main div --><\/div><\/div><div id='av_section_17' aria-label='2-Spaltig' class='avia-section av-1nw3y19-3e7173e5cbaa07fe60d6c9bda1a3b949 main_color avia-section-small avia-no-shadow  avia-builder-el-79  el_after_av_section  el_before_av_section  programm-row avia-bg-style-scroll container_wrap fullsize'  ><div class='container av-section-cont-open' ><div class='template-page content  av-content-full alpha units'><div class='post-entry post-entry-type-page post-entry-6173'><div class='entry-content-wrapper clearfix'>\n<div  class='flex_column av-1mgkvml-cb9c69cbfaf3b14290e48302443415ec av_one_fifth  avia-builder-el-80  el_before_av_four_fifth  avia-builder-el-first  programmzeit first first flex_column_div  '     aria-label='Uhrzeit'  ><section  class='av_textblock_section av-mrwg7027-0cf8db007c95266441c213f132590f3b '   itemscope=\"itemscope\" itemtype=\"https:\/\/schema.org\/CreativeWork\" ><div class='avia_textblock'  itemprop=\"text\" ><p>13:45<\/p>\n<\/div><\/section><\/div><div  class='flex_column av-1l547a5-cbb9814c83ff6ba39c3c7226db956d19 av_four_fifth  avia-builder-el-82  el_after_av_one_fifth  avia-builder-el-last  programmzeit flex_column_div  '     aria-label='Content'  ><section  class='av_textblock_section av-mrwgi06w-cf9226e88e46f2bf392fd0145b7dac9d '   itemscope=\"itemscope\" itemtype=\"https:\/\/schema.org\/CreativeWork\" ><div class='avia_textblock'  itemprop=\"text\" ><p><strong>10 FRAGEN AN&#8230;<\/strong><br \/>\n<b>Wie D2C das Wholesale-Business erg\u00e4nzt.<\/b><\/p>\n<p><a href=\"https:\/\/dfvcg-events.de\/tw-strategy-summit\/vortragend\/marino-edelmann\/\">Marino Edelmann<\/a>, Co-CEO, Drykorn<\/p>\n<p>MODERATION: <a href=\"https:\/\/dfvcg-events.de\/tw-strategy-summit\/vortragend\/jelena-faber\/\">Jelena Faber<\/a>, Stellvertretende Chefredakteurin, TextilWirtschaft<\/p>\n<\/div><\/section><\/div>\n\n<\/div><\/div><\/div><!-- close content main div --><\/div><\/div><div id='av_section_18' aria-label='2-Spaltig' class='avia-section av-1ju2j25-c90397c5bee5555efb13e1106b1ffed7 main_color avia-section-small avia-no-shadow  avia-builder-el-84  el_after_av_section  el_before_av_section  programm-row avia-bg-style-scroll container_wrap fullsize'  ><div class='container av-section-cont-open' ><div class='template-page content  av-content-full alpha units'><div class='post-entry post-entry-type-page post-entry-6173'><div class='entry-content-wrapper clearfix'>\n<div  class='flex_column av-1hzxwwd-2753034a35dea0a5ffafdce5b2122b91 av_one_fifth  avia-builder-el-85  el_before_av_four_fifth  avia-builder-el-first  programmzeit first first flex_column_div  '     aria-label='Uhrzeit'  ><section  class='av_textblock_section av-mrwh8fuk-557bd30f840bf59fbd32fe1490d418eb '   itemscope=\"itemscope\" itemtype=\"https:\/\/schema.org\/CreativeWork\" ><div class='avia_textblock'  itemprop=\"text\" ><p>14:05<\/p>\n<\/div><\/section><\/div><div  class='flex_column av-55d0j1-5b3900dca97583b6f8201e5c5b910512 av_four_fifth  avia-builder-el-87  el_after_av_one_fifth  avia-builder-el-last  programmzeit flex_column_div  '     aria-label='Content'  ><section  class='av_textblock_section av-mrwhazaa-16b433b76cc2936370466565f4add8a3 '   itemscope=\"itemscope\" itemtype=\"https:\/\/schema.org\/CreativeWork\" ><div class='avia_textblock'  itemprop=\"text\" ><p><strong>H\u00c4NDLER-PANEL<\/strong><br \/>\n<b>Begegnung und Begeisterung: Wie man Frequenz schafft &#8211; und wie sie konvertiert.<\/b><\/p>\n<p><a href=\"https:\/\/dfvcg-events.de\/tw-strategy-summit\/vortragend\/andreas-weitkamp\/\">Andreas Weitkamp<\/a>, Inhaber, Modehaus Schnitzler<\/p>\n<p>MODERATION: <a href=\"https:\/\/dfvcg-events.de\/tw-strategy-summit\/vortragend\/bettina-billerbeck\/\">Bettina Billerbeck<\/a>, Chefredakteurin, TextilWirtschaft<\/p>\n<\/div><\/section><\/div>\n\n<\/div><\/div><\/div><!-- close content main div --><\/div><\/div>\n<style type=\"text\/css\" data-created_by=\"avia_inline_auto\" id=\"style-css-av-4ol8f1-798e0f83944308de611c4fca2dea456e\">\n.avia-section.av-4ol8f1-798e0f83944308de611c4fca2dea456e{\nbackground-color:#da653b;\nbackground-image:unset;\n}\n<\/style>\n<div id='ausblenden'  class='avia-section av-4ol8f1-798e0f83944308de611c4fca2dea456e main_color avia-section-small avia-no-shadow  avia-builder-el-89  el_after_av_section  el_before_av_section  avia-bg-style-scroll container_wrap fullsize'  ><div class='container av-section-cont-open' ><div class='template-page content  av-content-full alpha units'><div class='post-entry post-entry-type-page post-entry-6173'><div class='entry-content-wrapper clearfix'>\n\n<style type=\"text\/css\" data-created_by=\"avia_inline_auto\" id=\"style-css-av-34rugd-0176f5e8bca373ce214a7a3ebdc475c2\">\n#top .av-special-heading.av-34rugd-0176f5e8bca373ce214a7a3ebdc475c2{\npadding-bottom:0;\ncolor:#ffffff;\n}\nbody .av-special-heading.av-34rugd-0176f5e8bca373ce214a7a3ebdc475c2 .av-special-heading-tag .heading-char{\nfont-size:25px;\n}\n.av-special-heading.av-34rugd-0176f5e8bca373ce214a7a3ebdc475c2 .special-heading-inner-border{\nborder-color:#ffffff;\n}\n.av-special-heading.av-34rugd-0176f5e8bca373ce214a7a3ebdc475c2 .av-subheading{\nfont-size:15px;\n}\n<\/style>\n<div  class='av-special-heading av-34rugd-0176f5e8bca373ce214a7a3ebdc475c2 av-special-heading-h3 custom-color-heading blockquote modern-quote modern-centered  avia-builder-el-90  avia-builder-el-no-sibling '><h3 class='av-special-heading-tag '  itemprop=\"headline\"  >WERTE<\/h3><div class=\"special-heading-border\"><div class=\"special-heading-inner-border\"><\/div><\/div><\/div>\n\n<\/div><\/div><\/div><!-- close content main div --><\/div><\/div><div id='av_section_20' aria-label='2-Spaltig' class='avia-section av-1cm2bgt-4760fa7b00646227fb1df52da5f2e4a9 main_color avia-section-small avia-no-shadow  avia-builder-el-91  el_after_av_section  el_before_av_section  programm-row avia-bg-style-scroll container_wrap fullsize'  ><div class='container av-section-cont-open' ><div class='template-page content  av-content-full alpha units'><div class='post-entry post-entry-type-page post-entry-6173'><div class='entry-content-wrapper clearfix'>\n<div  class='flex_column av-1ahuu19-40a7eb58dc8b5b4e333c558cfeff501c av_one_fifth  avia-builder-el-92  el_before_av_four_fifth  avia-builder-el-first  programmzeit first first flex_column_div  '     aria-label='Uhrzeit'  ><section  class='av_textblock_section av-mrwhd53h-77f771ab4b51f75e72dc8e2020ccba29 '   itemscope=\"itemscope\" itemtype=\"https:\/\/schema.org\/CreativeWork\" ><div class='avia_textblock'  itemprop=\"text\" ><p>14:35<\/p>\n<\/div><\/section><\/div><div  class='flex_column av-191ebx9-2c4d2b15e9ed5f616f079f2c080a88a8 av_four_fifth  avia-builder-el-94  el_after_av_one_fifth  avia-builder-el-last  programmzeit flex_column_div  '     aria-label='Content'  ><section  class='av_textblock_section av-mrwhghk8-b9166e212af26ed3746cd81d17245ac0 '   itemscope=\"itemscope\" itemtype=\"https:\/\/schema.org\/CreativeWork\" ><div class='avia_textblock'  itemprop=\"text\" ><p><strong>TALK<\/strong><br \/>\n<b>Haltung und warum sie f\u00fcr Wachstum unerl\u00e4sslich ist.<\/b><\/p>\n<p><a href=\"https:\/\/dfvcg-events.de\/tw-strategy-summit\/vortragend\/matthias-mey\/\">Matthias Mey<\/a>, Gesch\u00e4ftsf\u00fchrender Gesellschafter der mey Unternehmensgruppe<\/p>\n<p>MODERATION: <a href=\"https:\/\/dfvcg-events.de\/tw-strategy-summit\/vortragend\/bettina-billerbeck\/\">Bettina Billerbeck<\/a>, Chefredakteurin, TextilWirtschaft<\/p>\n<\/div><\/section><\/div>\n\n<\/div><\/div><\/div><!-- close content main div --><\/div><\/div><div id='av_section_21' aria-label='2-Spaltig' class='avia-section av-17ixt7x-33b054b37fb3f76011b9fd9c736bb7da main_color avia-section-small avia-no-shadow  avia-builder-el-96  el_after_av_section  el_before_av_section  programm-row avia-bg-style-scroll container_wrap fullsize'  ><div class='container av-section-cont-open' ><div class='template-page content  av-content-full alpha units'><div class='post-entry post-entry-type-page post-entry-6173'><div class='entry-content-wrapper clearfix'>\n<div  class='flex_column av-15qzuul-805bbb885d27bf427f1d3a28a3f44613 av_one_fifth  avia-builder-el-97  el_before_av_four_fifth  avia-builder-el-first  programmzeit first first flex_column_div  '     aria-label='Uhrzeit'  ><section  class='av_textblock_section av-mrwhgy5p-ec27d57a9fa6b9d6f1e7fc766ffa07d9 '   itemscope=\"itemscope\" itemtype=\"https:\/\/schema.org\/CreativeWork\" ><div class='avia_textblock'  itemprop=\"text\" ><p>14:50<\/p>\n<\/div><\/section><\/div><div  class='flex_column av-14thsn1-63cab7e7b873c4630a982ed07181a69e av_four_fifth  avia-builder-el-99  el_after_av_one_fifth  avia-builder-el-last  programmzeit flex_column_div  '     aria-label='Content'  ><section  class='av_textblock_section av-mrwhj6r7-7d771fd3a53aa69a9ec5bf42f679899e '   itemscope=\"itemscope\" itemtype=\"https:\/\/schema.org\/CreativeWork\" ><div class='avia_textblock'  itemprop=\"text\" ><p><strong>IMPULS<\/strong><br \/>\n<b>Wie die EmpCo vom Stolperstein zum Motor f\u00fcr erfolgreiche Kommunikation wird.<\/b><\/p>\n<p><a href=\"https:\/\/dfvcg-events.de\/tw-strategy-summit\/vortragend\/dr-meike-gebhard\/\">Dr. Meike Gebhard<\/a>, Gesch\u00e4ftsf\u00fchrerin, Utopia &amp; SAIM<\/p>\n<\/div><\/section><\/div>\n\n<\/div><\/div><\/div><!-- close content main div --><\/div><\/div><div id='av_section_22' aria-label='2-Spaltig' class='avia-section av-130hh3h-b9ec556c7b6f13515d5ab3c3fd9e3c70 main_color avia-section-small avia-no-shadow  avia-builder-el-101  el_after_av_section  el_before_av_section  programm-row avia-bg-style-scroll container_wrap fullsize'  ><div class='container av-section-cont-open' ><div class='template-page content  av-content-full alpha units'><div class='post-entry post-entry-type-page post-entry-6173'><div class='entry-content-wrapper clearfix'>\n<div  class='flex_column av-11ai90t-b85ceabdb148d7cf0ee9e993957e22a3 av_one_fifth  avia-builder-el-102  el_before_av_four_fifth  avia-builder-el-first  programmzeit first first flex_column_div  '     aria-label='Uhrzeit'  ><section  class='av_textblock_section av-mrwho34u-75151de5131ec9ff99287bc86e5888ed '   itemscope=\"itemscope\" itemtype=\"https:\/\/schema.org\/CreativeWork\" ><div class='avia_textblock'  itemprop=\"text\" ><p>15:05<\/p>\n<\/div><\/section><\/div><div  class='flex_column av-zgzhwd-e03ebf56cfa96c55047936198943a24d av_four_fifth  avia-builder-el-104  el_after_av_one_fifth  avia-builder-el-last  programmzeit flex_column_div  '     aria-label='Content'  ><section  class='av_textblock_section av-mrwhnkdm-11a47f9d95c48884f03bbba3d04a1381 '   itemscope=\"itemscope\" itemtype=\"https:\/\/schema.org\/CreativeWork\" ><div class='avia_textblock'  itemprop=\"text\" ><p><strong>SUSTAINABILITY-PANEL<\/strong><br \/>\n<b>Wie Nachhaltigkeit, Transparenz, Digitalisierung und Kreislaufwirtschaft auf messbares Wachstum einzahlt.<\/b><\/p>\n<p><a href=\"https:\/\/dfvcg-events.de\/tw-strategy-summit\/vortragend\/dr-meike-gebhard\/\">Dr. Meike Gebhard<\/a>, Gesch\u00e4ftsf\u00fchrerin, Utopia &amp; SAIM<br \/>\n<a href=\"#\">Thomas L. R\u00f6dding<\/a>, CEO,\u00a0Narravero\u00a0|\u00a0Co-Chair,\u00a0CEN-CENELEC JTC 24 (Digitaler Produktpass)<\/p>\n<\/div><\/section><\/div>\n\n<\/div><\/div><\/div><!-- close content main div --><\/div><\/div><div id='av_section_23' aria-label='2-Spaltig' class='avia-section av-ygyrst-4e26081439effaf23e6f3805e6c5f8bd main_color avia-section-small avia-no-shadow  avia-builder-el-106  el_after_av_section  el_before_av_section  programm-row avia-bg-style-scroll container_wrap fullsize'  ><div class='container av-section-cont-open' ><div class='template-page content  av-content-full alpha units'><div class='post-entry post-entry-type-page post-entry-6173'><div class='entry-content-wrapper clearfix'>\n<div  class='flex_column av-vm3pm5-832aa523ce7b5e96f94ad0d7dbeb3ad0 av_one_fifth  avia-builder-el-107  el_before_av_four_fifth  avia-builder-el-first  programmzeit first first flex_column_div  '     aria-label='Uhrzeit'  ><section  class='av_textblock_section av-v7cdj1-93efe4b0d5933b0051d6c13837e48780 '   itemscope=\"itemscope\" itemtype=\"https:\/\/schema.org\/CreativeWork\" ><div class='avia_textblock'  itemprop=\"text\" ><p>15:25 &#8211; 15:40<\/p>\n<\/div><\/section><\/div><div  class='flex_column av-2w526l-7b14820299e8051031c1896cb91317fa av_four_fifth  avia-builder-el-109  el_after_av_one_fifth  avia-builder-el-last  programmzeit flex_column_div  '     aria-label='Content'  ><section  class='av_textblock_section av-rjh2r1-5d8c5ec8951e58003543908663dc5a35 '   itemscope=\"itemscope\" itemtype=\"https:\/\/schema.org\/CreativeWork\" ><div class='avia_textblock'  itemprop=\"text\" ><p><b>NETWORKING-COFFEE-BREAK<\/b><\/p>\n<\/div><\/section><\/div>\n\n<\/div><\/div><\/div><!-- close content main div --><\/div><\/div>\n<style type=\"text\/css\" data-created_by=\"avia_inline_auto\" id=\"style-css-av-1ezyycd-c7a2fc36ed14937b770d172d117540f9\">\n.avia-section.av-1ezyycd-c7a2fc36ed14937b770d172d117540f9{\nbackground-color:#da653b;\nbackground-image:unset;\n}\n<\/style>\n<div id='ausblenden'  class='avia-section av-1ezyycd-c7a2fc36ed14937b770d172d117540f9 main_color avia-section-small avia-no-shadow  avia-builder-el-111  el_after_av_section  el_before_av_section  avia-bg-style-scroll container_wrap fullsize'  ><div class='container av-section-cont-open' ><div class='template-page content  av-content-full alpha units'><div class='post-entry post-entry-type-page post-entry-6173'><div class='entry-content-wrapper clearfix'>\n\n<style type=\"text\/css\" data-created_by=\"avia_inline_auto\" id=\"style-css-av-mrwgjxak-806ca256d06c5f8b27913750b1b47df4\">\n#top .av-special-heading.av-mrwgjxak-806ca256d06c5f8b27913750b1b47df4{\npadding-bottom:0;\ncolor:#ffffff;\n}\nbody .av-special-heading.av-mrwgjxak-806ca256d06c5f8b27913750b1b47df4 .av-special-heading-tag .heading-char{\nfont-size:25px;\n}\n.av-special-heading.av-mrwgjxak-806ca256d06c5f8b27913750b1b47df4 .special-heading-inner-border{\nborder-color:#ffffff;\n}\n.av-special-heading.av-mrwgjxak-806ca256d06c5f8b27913750b1b47df4 .av-subheading{\nfont-size:15px;\n}\n<\/style>\n<div  class='av-special-heading av-mrwgjxak-806ca256d06c5f8b27913750b1b47df4 av-special-heading-h3 custom-color-heading blockquote modern-quote modern-centered  avia-builder-el-112  avia-builder-el-no-sibling '><h3 class='av-special-heading-tag '  itemprop=\"headline\"  >KI<\/h3><div class=\"special-heading-border\"><div class=\"special-heading-inner-border\"><\/div><\/div><\/div>\n\n<\/div><\/div><\/div><!-- close content main div --><\/div><\/div><div id='av_section_25' aria-label='2-Spaltig' class='avia-section av-pa6jt9-300ad8e38390e9d06298781cef7aea8b main_color avia-section-small avia-no-shadow  avia-builder-el-113  el_after_av_section  el_before_av_section  programm-row avia-bg-style-scroll container_wrap fullsize'  ><div class='container av-section-cont-open' ><div class='template-page content  av-content-full alpha units'><div class='post-entry post-entry-type-page post-entry-6173'><div class='entry-content-wrapper clearfix'>\n<div  class='flex_column av-nxx5il-4ad9424592e427daf6f7280641fe1a50 av_one_fifth  avia-builder-el-114  el_before_av_four_fifth  avia-builder-el-first  programmzeit first first flex_column_div  '     aria-label='Uhrzeit'  ><section  class='av_textblock_section av-mrwhqarv-85d19333f53d977c1b1c73c9d9ffec38 '   itemscope=\"itemscope\" itemtype=\"https:\/\/schema.org\/CreativeWork\" ><div class='avia_textblock'  itemprop=\"text\" ><p>15:40<\/p>\n<\/div><\/section><\/div><div  class='flex_column av-ma3inh-ac64ae6a6fd5997acfe112b9e4d62b2a av_four_fifth  avia-builder-el-116  el_after_av_one_fifth  avia-builder-el-last  programmzeit flex_column_div  '     aria-label='Content'  ><section  class='av_textblock_section av-mrwhue2s-b92b4b5c4121f233c284d000b952c6f6 '   itemscope=\"itemscope\" itemtype=\"https:\/\/schema.org\/CreativeWork\" ><div class='avia_textblock'  itemprop=\"text\" ><p><strong>BEST CASE<\/strong><br \/>\n<b>Content-Produktion durch KI &#8211; wie Prozesse optimiert und verschlankt werden k\u00f6nnen.<\/b><\/p>\n<p><a href=\"https:\/\/dfvcg-events.de\/tw-strategy-summit\/vortragend\/christine-kaufmann\/\">Christine Kaufmann<\/a>, Bereichsleitung\u00a0Media Production &amp; E-Commerce, Mitglied der Gesch\u00e4ftsleitung, Walbusch Gruppe<\/p>\n<\/div><\/section><\/div><\/div><\/div><\/div><!-- close content main div --><\/div><\/div><div id='av_section_26' aria-label='2-Spaltig' class='avia-section av-l8da1p-933011accd07d2bd6ad7182d9f9b4253 main_color avia-section-small avia-no-shadow  avia-builder-el-118  el_after_av_section  el_before_av_section  programm-row avia-bg-style-scroll container_wrap fullsize'  ><div class='container av-section-cont-open' ><div class='template-page content  av-content-full alpha units'><div class='post-entry post-entry-type-page post-entry-6173'><div class='entry-content-wrapper clearfix'>\n<div  class='flex_column av-j34pql-d5a80e353dcf3443291c122518d2749b av_one_fifth  avia-builder-el-119  el_before_av_four_fifth  avia-builder-el-first  programmzeit first first flex_column_div  '     aria-label='Uhrzeit'  ><section  class='av_textblock_section av-mrwhuo90-1e8213c6fece30d010810d5452b9124c '   itemscope=\"itemscope\" itemtype=\"https:\/\/schema.org\/CreativeWork\" ><div class='avia_textblock'  itemprop=\"text\" ><p>16:00<\/p>\n<\/div><\/section><\/div><div  class='flex_column av-hs2m31-96ba53367d19e6755269f7197ddc4eff av_four_fifth  avia-builder-el-121  el_after_av_one_fifth  avia-builder-el-last  programmzeit flex_column_div  '     aria-label='Content'  ><section  class='av_textblock_section av-mrwhz0pl-5c9a6407c1503503d627d89606c4f1d0 '   itemscope=\"itemscope\" itemtype=\"https:\/\/schema.org\/CreativeWork\" ><div class='avia_textblock'  itemprop=\"text\" ><p><strong>BEST CASE<\/strong><br \/>\n<b>GEO statt SEO? Wie Marken im KI-Zeitalter sichtbar bleiben.<\/b><\/p>\n<p><a href=\"https:\/\/dfvcg-events.de\/tw-strategy-summit\/vortragend\/jan-woelk\/\">Jan W\u00f6lk<\/a>, Senior SEO Manager, OTTO<\/p>\n<\/div><\/section><\/div>\n<\/p>\n<\/div><\/div><\/div><!-- close content main div --><\/div><\/div><div id='av_section_27' aria-label='2-Spaltig' class='avia-section av-fhcfkt-d08a46343b3ffb2c2be2304b7bbda200 main_color avia-section-small avia-no-shadow  avia-builder-el-123  el_after_av_section  el_before_av_section  programm-row avia-bg-style-scroll container_wrap fullsize'  ><div class='container av-section-cont-open' ><div class='template-page content  av-content-full alpha units'><div class='post-entry post-entry-type-page post-entry-6173'><div class='entry-content-wrapper clearfix'>\n<div  class='flex_column av-decvxp-2d20d8b66d47c995e085a4725cc2cdaf av_one_fifth  avia-builder-el-124  el_before_av_four_fifth  avia-builder-el-first  programmzeit first first flex_column_div  '     aria-label='Uhrzeit'  ><section  class='av_textblock_section av-mrwhzqy4-b41bad2971b8e558447c1680cc257c4d '   itemscope=\"itemscope\" itemtype=\"https:\/\/schema.org\/CreativeWork\" ><div class='avia_textblock'  itemprop=\"text\" ><p>16:20<\/p>\n<\/div><\/section><\/div><div  class='flex_column av-ctpse5-eb4b04c7beecc46a2eff8e900602ef7b av_four_fifth  avia-builder-el-126  el_after_av_one_fifth  avia-builder-el-last  programmzeit flex_column_div  '     aria-label='Content'  ><section  class='av_textblock_section av-mrwi20ha-ee1a5119e5fe6727bbcf78b5fe2589a2 '   itemscope=\"itemscope\" itemtype=\"https:\/\/schema.org\/CreativeWork\" ><div class='avia_textblock'  itemprop=\"text\" ><p><strong>10 FRAGEN AN&#8230;<\/strong><br \/>\n<b>KI im Retail: Wie Technologien bei Pier 14 zum Booster werden.<\/b><\/p>\n<p><a href=\"https:\/\/dfvcg-events.de\/tw-strategy-summit\/vortragend\/stefan-richter\/\">Stefan Richter<\/a>, Gesch\u00e4ftsf\u00fchrer, Pier 14<\/p>\n<p>MODERATION: <a href=\"#\">Ulrike Wollenschl\u00e4ger<\/a>, Managing Editor, TextilWirtschaft<\/p>\n<\/div><\/section><\/div>\n\n<\/div><\/div><\/div><!-- close content main div --><\/div><\/div><div id='av_section_28' aria-label='2-Spaltig' class='avia-section av-bg20tp-ca17a76737482d8c9498aa1520767461 main_color avia-section-small avia-no-shadow  avia-builder-el-128  el_after_av_section  el_before_av_section  programm-row avia-bg-style-scroll container_wrap fullsize'  ><div class='container av-section-cont-open' ><div class='template-page content  av-content-full alpha units'><div class='post-entry post-entry-type-page post-entry-6173'><div class='entry-content-wrapper clearfix'>\n<div  class='flex_column av-94gc25-566edad016792dfb509c86b4a9388fdd av_one_fifth  avia-builder-el-129  el_before_av_four_fifth  avia-builder-el-first  programmzeit first first flex_column_div  '     aria-label='Uhrzeit'  ><section  class='av_textblock_section av-mrwi4x52-bbe75e3e3c725cfb3b900717367df713 '   itemscope=\"itemscope\" itemtype=\"https:\/\/schema.org\/CreativeWork\" ><div class='avia_textblock'  itemprop=\"text\" ><p>16:40<\/p>\n<\/div><\/section><\/div><div  class='flex_column av-pzhlp-0ac3227383da0bb2bb5e511ec20bf8b2 av_four_fifth  avia-builder-el-131  el_after_av_one_fifth  avia-builder-el-last  programmzeit flex_column_div  '     aria-label='Content'  ><section  class='av_textblock_section av-mrwi4i8b-e8e573d40de508b73bc4c47a1c63dc9d '   itemscope=\"itemscope\" itemtype=\"https:\/\/schema.org\/CreativeWork\" ><div class='avia_textblock'  itemprop=\"text\" ><p><strong>RECAP &amp; CLOSING<\/strong><\/p>\n<p><a href=\"https:\/\/dfvcg-events.de\/tw-strategy-summit\/vortragend\/bettina-billerbeck\/\">Bettina Billerbeck<\/a>, Chefredakteurin, TextilWirtschaft<\/p>\n<\/div><\/section><\/div>\n\n<\/div><\/div><\/div><!-- close content main div --><\/div><\/div><div id='av_section_29' aria-label='2-Spaltig' class='avia-section av-5lo2sd-030ceb45a5e8376092f4fab929c4515f main_color avia-section-small avia-no-shadow  avia-builder-el-133  el_after_av_section  avia-builder-el-last  programm-row avia-bg-style-scroll container_wrap fullsize'  ><div class='container av-section-cont-open' ><div class='template-page content  av-content-full alpha units'><div class='post-entry post-entry-type-page post-entry-6173'><div class='entry-content-wrapper clearfix'>\n<div  class='flex_column av-gsk0t-f596475961d826f59f6762f7b0c22300 av_one_fifth  avia-builder-el-134  el_before_av_four_fifth  avia-builder-el-first  programmzeit first first flex_column_div  '     aria-label='Uhrzeit'  ><section  class='av_textblock_section av-mrwhoyg7-4be60b033f8dc07e05ec6369ff2d1e84 '   itemscope=\"itemscope\" itemtype=\"https:\/\/schema.org\/CreativeWork\" ><div class='avia_textblock'  itemprop=\"text\" ><p>16:45<\/p>\n<\/div><\/section><\/div><div  class='flex_column av-1xvclp-56a4d14d1f1d25e5aba2bbebea7e577b av_four_fifth  avia-builder-el-136  el_after_av_one_fifth  avia-builder-el-last  programmzeit flex_column_div  '     aria-label='Content'  ><section  class='av_textblock_section av-mrwhp8m0-9e48e65eaaeea926dcd60940451ede2e '   itemscope=\"itemscope\" itemtype=\"https:\/\/schema.org\/CreativeWork\" ><div class='avia_textblock'  itemprop=\"text\" ><p><b>ENDE DES TW STRATEGY SUMMIT<\/b><\/p>\n<\/div><\/section><\/div>\n\n","protected":false},"excerpt":{"rendered":"","protected":false},"author":1,"featured_media":0,"parent":0,"menu_order":0,"comment_status":"closed","ping_status":"closed","template":"","meta":{"footnotes":""},"class_list":["post-6173","page","type-page","status-publish","hentry"],"yoast_head":"<!-- This site is optimized with the Yoast SEO plugin v28.3 - https:\/\/yoast.com\/product\/yoast-seo-wordpress\/ -->\n<title>Programm | TW Strategy Summit | 04.\/05. November 2026 | Heidelberg<\/title>\n<meta name=\"description\" content=\"Als Teilnehmer:in erwarten Sie die wichtigsten Themen, Innovationen und Highlights der Branche. Hier geht es zum Programm!\" \/>\n<meta name=\"robots\" content=\"index, follow, max-snippet:-1, max-image-preview:large, max-video-preview:-1\" \/>\n<link rel=\"canonical\" href=\"https:\/\/dfvcg-events.de\/tw-strategy-summit\/programm\/\" \/>\n<meta property=\"og:locale\" content=\"de_DE\" \/>\n<meta property=\"og:type\" content=\"article\" \/>\n<meta property=\"og:title\" content=\"Programm | TW Strategy Summit | 04.\/05. November 2026 | Heidelberg\" \/>\n<meta property=\"og:description\" content=\"Als Teilnehmer:in erwarten Sie die wichtigsten Themen, Innovationen und Highlights der Branche. Hier geht es zum Programm!\" \/>\n<meta property=\"og:url\" content=\"https:\/\/dfvcg-events.de\/tw-strategy-summit\/programm\/\" \/>\n<meta property=\"og:site_name\" content=\"TW Strategy Summit\" \/>\n<meta property=\"article:modified_time\" content=\"2026-08-29T09:33:17+00:00\" \/>\n<meta property=\"og:image\" content=\"https:\/\/dfvcg-events.de\/tw-strategy-summit\/wp-content\/uploads\/sites\/12\/2026\/04\/dfvcg-TW-Strategy-Summit-2026-key-visual-800px.png\" \/>\n\t<meta property=\"og:image:width\" content=\"800\" \/>\n\t<meta property=\"og:image:height\" content=\"800\" \/>\n\t<meta property=\"og:image:type\" content=\"image\/png\" \/>\n<meta name=\"twitter:card\" content=\"summary_large_image\" \/>\n<meta name=\"twitter:label1\" content=\"Gesch\u00e4tzte Lesezeit\" \/>\n\t<meta name=\"twitter:data1\" content=\"3\u00a0Minuten\" \/>\n<script type=\"application\/ld+json\" class=\"yoast-schema-graph\">{\"@context\":\"https:\\\/\\\/schema.org\",\"@graph\":[{\"@type\":\"WebPage\",\"@id\":\"https:\\\/\\\/dfvcg-events.de\\\/tw-strategy-summit\\\/programm\\\/\",\"url\":\"https:\\\/\\\/dfvcg-events.de\\\/tw-strategy-summit\\\/programm\\\/\",\"name\":\"Programm | TW Strategy Summit | 04.\\\/05. November 2026 | Heidelberg\",\"isPartOf\":{\"@id\":\"https:\\\/\\\/dfvcg-events.de\\\/tw-strategy-summit\\\/#website\"},\"datePublished\":\"2026-07-21T14:02:49+00:00\",\"dateModified\":\"2026-08-29T09:33:17+00:00\",\"description\":\"Als Teilnehmer:in erwarten Sie die wichtigsten Themen, Innovationen und Highlights der Branche. Hier geht es zum Programm!\",\"breadcrumb\":{\"@id\":\"https:\\\/\\\/dfvcg-events.de\\\/tw-strategy-summit\\\/programm\\\/#breadcrumb\"},\"inLanguage\":\"de\",\"potentialAction\":[{\"@type\":\"ReadAction\",\"target\":[\"https:\\\/\\\/dfvcg-events.de\\\/tw-strategy-summit\\\/programm\\\/\"]}]},{\"@type\":\"BreadcrumbList\",\"@id\":\"https:\\\/\\\/dfvcg-events.de\\\/tw-strategy-summit\\\/programm\\\/#breadcrumb\",\"itemListElement\":[{\"@type\":\"ListItem\",\"position\":1,\"name\":\"Startseite\",\"item\":\"https:\\\/\\\/dfvcg-events.de\\\/tw-strategy-summit\\\/\"},{\"@type\":\"ListItem\",\"position\":2,\"name\":\"Programm\"}]},{\"@type\":\"WebSite\",\"@id\":\"https:\\\/\\\/dfvcg-events.de\\\/tw-strategy-summit\\\/#website\",\"url\":\"https:\\\/\\\/dfvcg-events.de\\\/tw-strategy-summit\\\/\",\"name\":\"TW Strategy Summit\",\"description\":\"Der Strategie-Kongress f\u00fcr H\u00e4ndler, Eink\u00e4ufer und Industrie der Modebranche.\",\"publisher\":{\"@id\":\"https:\\\/\\\/dfvcg-events.de\\\/tw-strategy-summit\\\/#organization\"},\"alternateName\":\"TextilWirtschaft Strategy Summit\",\"potentialAction\":[{\"@type\":\"SearchAction\",\"target\":{\"@type\":\"EntryPoint\",\"urlTemplate\":\"https:\\\/\\\/dfvcg-events.de\\\/tw-strategy-summit\\\/?s={search_term_string}\"},\"query-input\":{\"@type\":\"PropertyValueSpecification\",\"valueRequired\":true,\"valueName\":\"search_term_string\"}}],\"inLanguage\":\"de\"},{\"@type\":\"Organization\",\"@id\":\"https:\\\/\\\/dfvcg-events.de\\\/tw-strategy-summit\\\/#organization\",\"name\":\"TW Strategy Summit\",\"alternateName\":\"TextilWirtscahft Strategy Summit\",\"url\":\"https:\\\/\\\/dfvcg-events.de\\\/tw-strategy-summit\\\/\",\"logo\":{\"@type\":\"ImageObject\",\"inLanguage\":\"de\",\"@id\":\"https:\\\/\\\/dfvcg-events.de\\\/tw-strategy-summit\\\/#\\\/schema\\\/logo\\\/image\\\/\",\"url\":\"https:\\\/\\\/dfvcg-events.de\\\/tw-strategy-summit\\\/wp-content\\\/uploads\\\/sites\\\/12\\\/2026\\\/04\\\/dfvcg-TW-Strategy-Summit-2026-key-visual-800px.png\",\"contentUrl\":\"https:\\\/\\\/dfvcg-events.de\\\/tw-strategy-summit\\\/wp-content\\\/uploads\\\/sites\\\/12\\\/2026\\\/04\\\/dfvcg-TW-Strategy-Summit-2026-key-visual-800px.png\",\"width\":800,\"height\":800,\"caption\":\"TW Strategy Summit\"},\"image\":{\"@id\":\"https:\\\/\\\/dfvcg-events.de\\\/tw-strategy-summit\\\/#\\\/schema\\\/logo\\\/image\\\/\"}}]}<\/script>\n<!-- \/ Yoast SEO plugin. -->","yoast_head_json":{"title":"Programm | TW Strategy Summit | 04.\/05. November 2026 | Heidelberg","description":"Als Teilnehmer:in erwarten Sie die wichtigsten Themen, Innovationen und Highlights der Branche. Hier geht es zum Programm!","robots":{"index":"index","follow":"follow","max-snippet":"max-snippet:-1","max-image-preview":"max-image-preview:large","max-video-preview":"max-video-preview:-1"},"canonical":"https:\/\/dfvcg-events.de\/tw-strategy-summit\/programm\/","og_locale":"de_DE","og_type":"article","og_title":"Programm | TW Strategy Summit | 04.\/05. November 2026 | Heidelberg","og_description":"Als Teilnehmer:in erwarten Sie die wichtigsten Themen, Innovationen und Highlights der Branche. Hier geht es zum Programm!","og_url":"https:\/\/dfvcg-events.de\/tw-strategy-summit\/programm\/","og_site_name":"TW Strategy Summit","article_modified_time":"2026-08-29T09:33:17+00:00","og_image":[{"width":800,"height":800,"url":"https:\/\/dfvcg-events.de\/tw-strategy-summit\/wp-content\/uploads\/sites\/12\/2026\/04\/dfvcg-TW-Strategy-Summit-2026-key-visual-800px.png","type":"image\/png"}],"twitter_card":"summary_large_image","twitter_misc":{"Gesch\u00e4tzte Lesezeit":"3\u00a0Minuten"},"schema":{"@context":"https:\/\/schema.org","@graph":[{"@type":"WebPage","@id":"https:\/\/dfvcg-events.de\/tw-strategy-summit\/programm\/","url":"https:\/\/dfvcg-events.de\/tw-strategy-summit\/programm\/","name":"Programm | TW Strategy Summit | 04.\/05. November 2026 | Heidelberg","isPartOf":{"@id":"https:\/\/dfvcg-events.de\/tw-strategy-summit\/#website"},"datePublished":"2026-07-21T14:02:49+00:00","dateModified":"2026-08-29T09:33:17+00:00","description":"Als Teilnehmer:in erwarten Sie die wichtigsten Themen, Innovationen und Highlights der Branche. Hier geht es zum Programm!","breadcrumb":{"@id":"https:\/\/dfvcg-events.de\/tw-strategy-summit\/programm\/#breadcrumb"},"inLanguage":"de","potentialAction":[{"@type":"ReadAction","target":["https:\/\/dfvcg-events.de\/tw-strategy-summit\/programm\/"]}]},{"@type":"BreadcrumbList","@id":"https:\/\/dfvcg-events.de\/tw-strategy-summit\/programm\/#breadcrumb","itemListElement":[{"@type":"ListItem","position":1,"name":"Startseite","item":"https:\/\/dfvcg-events.de\/tw-strategy-summit\/"},{"@type":"ListItem","position":2,"name":"Programm"}]},{"@type":"WebSite","@id":"https:\/\/dfvcg-events.de\/tw-strategy-summit\/#website","url":"https:\/\/dfvcg-events.de\/tw-strategy-summit\/","name":"TW Strategy Summit","description":"Der Strategie-Kongress f\u00fcr H\u00e4ndler, Eink\u00e4ufer und Industrie der Modebranche.","publisher":{"@id":"https:\/\/dfvcg-events.de\/tw-strategy-summit\/#organization"},"alternateName":"TextilWirtschaft Strategy Summit","potentialAction":[{"@type":"SearchAction","target":{"@type":"EntryPoint","urlTemplate":"https:\/\/dfvcg-events.de\/tw-strategy-summit\/?s={search_term_string}"},"query-input":{"@type":"PropertyValueSpecification","valueRequired":true,"valueName":"search_term_string"}}],"inLanguage":"de"},{"@type":"Organization","@id":"https:\/\/dfvcg-events.de\/tw-strategy-summit\/#organization","name":"TW Strategy Summit","alternateName":"TextilWirtscahft Strategy Summit","url":"https:\/\/dfvcg-events.de\/tw-strategy-summit\/","logo":{"@type":"ImageObject","inLanguage":"de","@id":"https:\/\/dfvcg-events.de\/tw-strategy-summit\/#\/schema\/logo\/image\/","url":"https:\/\/dfvcg-events.de\/tw-strategy-summit\/wp-content\/uploads\/sites\/12\/2026\/04\/dfvcg-TW-Strategy-Summit-2026-key-visual-800px.png","contentUrl":"https:\/\/dfvcg-events.de\/tw-strategy-summit\/wp-content\/uploads\/sites\/12\/2026\/04\/dfvcg-TW-Strategy-Summit-2026-key-visual-800px.png","width":800,"height":800,"caption":"TW Strategy Summit"},"image":{"@id":"https:\/\/dfvcg-events.de\/tw-strategy-summit\/#\/schema\/logo\/image\/"}}]}},"_links":{"self":[{"href":"https:\/\/dfvcg-events.de\/tw-strategy-summit\/wp-json\/wp\/v2\/pages\/6173","targetHints":{"allow":["GET"]}}],"collection":[{"href":"https:\/\/dfvcg-events.de\/tw-strategy-summit\/wp-json\/wp\/v2\/pages"}],"about":[{"href":"https:\/\/dfvcg-events.de\/tw-strategy-summit\/wp-json\/wp\/v2\/types\/page"}],"author":[{"embeddable":true,"href":"https:\/\/dfvcg-events.de\/tw-strategy-summit\/wp-json\/wp\/v2\/users\/1"}],"replies":[{"embeddable":true,"href":"https:\/\/dfvcg-events.de\/tw-strategy-summit\/wp-json\/wp\/v2\/comments?post=6173"}],"version-history":[{"count":6,"href":"https:\/\/dfvcg-events.de\/tw-strategy-summit\/wp-json\/wp\/v2\/pages\/6173\/revisions"}],"predecessor-version":[{"id":6382,"href":"https:\/\/dfvcg-events.de\/tw-strategy-summit\/wp-json\/wp\/v2\/pages\/6173\/revisions\/6382"}],"wp:attachment":[{"href":"https:\/\/dfvcg-events.de\/tw-strategy-summit\/wp-json\/wp\/v2\/media?parent=6173"}],"curies":[{"name":"wp","href":"https:\/\/api.w.org\/{rel}","templated":true}]}}