{"id":3573,"date":"2023-03-29T17:44:22","date_gmt":"2023-03-29T15:44:22","guid":{"rendered":"https:\/\/dfvcg-events.de\/tw-summit\/?page_id=3573"},"modified":"2026-04-20T12:49:18","modified_gmt":"2026-04-20T10:49:18","slug":"programm","status":"publish","type":"page","link":"https:\/\/dfvcg-events.de\/tw-strategy-summit\/programm\/","title":{"rendered":"Programm 2026"},"content":{"rendered":"<div id='av_section_1'  class='avia-section av-49e71x-bae00c83844141131b1264f9f3f50b12 main_color avia-section-default avia-no-border-styling  avia-builder-el-0  el_before_av_section  avia-builder-el-first  header-verlauf avia-bg-style-scroll container_wrap fullsize'  ><div class='container av-section-cont-open' ><main  role=\"main\" itemprop=\"mainContentOfPage\"  class='template-page content  av-content-full alpha units'><div class='post-entry post-entry-type-page post-entry-3573'><div class='entry-content-wrapper clearfix'>\n\n<style type=\"text\/css\" data-created_by=\"avia_inline_auto\" id=\"style-css-av-1yzsxh-042b54e2be84756997b73a51acf2fd86\">\n#top .av-special-heading.av-1yzsxh-042b54e2be84756997b73a51acf2fd86{\ncolor:#ffffff;\n}\nbody .av-special-heading.av-1yzsxh-042b54e2be84756997b73a51acf2fd86 .av-special-heading-tag .heading-char{\nfont-size:25px;\n}\n.av-special-heading.av-1yzsxh-042b54e2be84756997b73a51acf2fd86 .special-heading-inner-border{\nborder-color:#ffffff;\n}\n.av-special-heading.av-1yzsxh-042b54e2be84756997b73a51acf2fd86 .av-subheading{\nfont-size:19px;\n}\n<\/style>\n<div  class='av-special-heading av-1yzsxh-042b54e2be84756997b73a51acf2fd86 av-special-heading-h1 custom-color-heading blockquote modern-quote  avia-builder-el-1  avia-builder-el-no-sibling '><div class='av_custom_color av-subheading av-subheading_above'><p>TW Strategy Summit<\/p>\n<\/div><h1 class='av-special-heading-tag '  itemprop=\"headline\"  >Programm<\/h1><div class=\"special-heading-border\"><div class=\"special-heading-inner-border\"><\/div><\/div><\/div>\n\n<\/div><\/div><\/main><!-- close content main element --><\/div><\/div><div id='av_section_2'  class='avia-section av-5tefxh-57922de607bf499ba22dd4f9d5bf07ca main_color avia-section-default avia-no-border-styling  avia-builder-el-2  el_after_av_section  el_before_av_section  avia-bg-style-scroll container_wrap fullsize'  ><div class='container av-section-cont-open' ><div class='template-page content  av-content-full alpha units'><div class='post-entry post-entry-type-page post-entry-3573'><div class='entry-content-wrapper clearfix'>\n\n<style type=\"text\/css\" data-created_by=\"avia_inline_auto\" id=\"style-css-av-mnzvwlh2-051741819e51faca6b94cc7fbb6f21a3\">\n#top .av-special-heading.av-mnzvwlh2-051741819e51faca6b94cc7fbb6f21a3{\npadding-bottom:10px;\n}\nbody .av-special-heading.av-mnzvwlh2-051741819e51faca6b94cc7fbb6f21a3 .av-special-heading-tag .heading-char{\nfont-size:25px;\n}\n.av-special-heading.av-mnzvwlh2-051741819e51faca6b94cc7fbb6f21a3 .av-subheading{\nfont-size:15px;\n}\n<\/style>\n<div  class='av-special-heading av-mnzvwlh2-051741819e51faca6b94cc7fbb6f21a3 av-special-heading-h2 blockquote modern-quote  avia-builder-el-3  el_before_av_heading  avia-builder-el-first '><h2 class='av-special-heading-tag '  itemprop=\"headline\"  >TW Strategy Summit<\/h2><div class='av-subheading av-subheading_below'><p>4.+5. November 2026 |\u202fHeidelberg<\/p>\n<\/div><div class=\"special-heading-border\"><div class=\"special-heading-inner-border\"><\/div><\/div><\/div>\n\n<style type=\"text\/css\" data-created_by=\"avia_inline_auto\" id=\"style-css-av-mnzvyokc-1b5d70668fa9afea2f17c1cff59a694a\">\n#top .av-special-heading.av-mnzvyokc-1b5d70668fa9afea2f17c1cff59a694a{\npadding-bottom:10px;\n}\nbody .av-special-heading.av-mnzvyokc-1b5d70668fa9afea2f17c1cff59a694a .av-special-heading-tag .heading-char{\nfont-size:25px;\n}\n.av-special-heading.av-mnzvyokc-1b5d70668fa9afea2f17c1cff59a694a .av-subheading{\nfont-size:15px;\n}\n<\/style>\n<div  class='av-special-heading av-mnzvyokc-1b5d70668fa9afea2f17c1cff59a694a av-special-heading-h3 blockquote modern-quote  avia-builder-el-4  el_after_av_heading  el_before_av_textblock '><h3 class='av-special-heading-tag '  itemprop=\"headline\"  >Leidenschaft + Technologie = Wachstum <\/h3><div class='av-subheading av-subheading_below'><p>Wie mit Leidenschaft und Technologie Wachstum in der Modebranche gelingt<\/p>\n<\/div><div class=\"special-heading-border\"><div class=\"special-heading-inner-border\"><\/div><\/div><\/div>\n<section  class='av_textblock_section av-mnzvqvde-410db5835b7257bb61cce76918402701 '   itemscope=\"itemscope\" itemtype=\"https:\/\/schema.org\/CreativeWork\" ><div class='avia_textblock'  itemprop=\"text\" ><p><span data-contrast=\"auto\">Beim TW\u00a0Strategy\u00a0Summit erhalten sie Antworten. Es erwarten Sie Vortr\u00e4ge, Talk-Runden, Deep Dive Sessions, Wissensaustausch und Networking-Gelegenheiten mit Akteuren der Branche: H\u00e4ndler, Eink\u00e4ufer, Industrie.\u00a0Die Themen:\u00a0Wachstum durch\u00a0Einkauf, KI, Marke, Werte\u2026.<\/span><span data-ccp-props=\"{}\">\u00a0<\/span><\/p>\n<p><span data-contrast=\"auto\">On top erwartet Sie am Vorabend des Summits\u00a0bei der TW\u00a0Strategy\u00a0Night\u00a0ein Get-together der besonderen Art.\u00a0Stay\u00a0tuned!<\/span><span data-ccp-props=\"{}\">\u00a0<\/span><\/p>\n<\/div><\/section>\n\n<\/div><\/div><\/div><!-- close content main div --><\/div><\/div><div id='av_section_3'  class='avia-section av-4ecy8l-19b3e7f69290feb19c859c34a4ac1e09 main_color avia-section-default avia-no-border-styling  avia-builder-el-6  el_after_av_section  avia-builder-el-last  avia-bg-style-scroll container_wrap fullsize'  ><div class='container av-section-cont-open' ><div class='template-page content  av-content-full alpha units'><div class='post-entry post-entry-type-page post-entry-3573'><div class='entry-content-wrapper clearfix'>\n\n<style type=\"text\/css\" data-created_by=\"avia_inline_auto\" id=\"style-css-av-mnzvrrgw-dc65ad296774569748456496d8f8314f\">\n#top .av-special-heading.av-mnzvrrgw-dc65ad296774569748456496d8f8314f{\npadding-bottom:10px;\n}\nbody .av-special-heading.av-mnzvrrgw-dc65ad296774569748456496d8f8314f .av-special-heading-tag .heading-char{\nfont-size:25px;\n}\n.av-special-heading.av-mnzvrrgw-dc65ad296774569748456496d8f8314f .av-subheading{\nfont-size:15px;\n}\n<\/style>\n<div  class='av-special-heading av-mnzvrrgw-dc65ad296774569748456496d8f8314f av-special-heading-h2 blockquote modern-quote  avia-builder-el-7  el_before_av_hr  avia-builder-el-first '><div class='av-subheading av-subheading_above'><p>4. November 2026<\/p>\n<\/div><h2 class='av-special-heading-tag '  itemprop=\"headline\"  >TW Strategy Night<\/h2><div class=\"special-heading-border\"><div class=\"special-heading-inner-border\"><\/div><\/div><\/div>\n\n<style type=\"text\/css\" data-created_by=\"avia_inline_auto\" id=\"style-css-av-mo72jxbx-24b75b37472d5f319ec6ea120fef0699\">\n#top .hr.hr-invisible.av-mo72jxbx-24b75b37472d5f319ec6ea120fef0699{\nheight:50px;\n}\n<\/style>\n<div  class='hr av-mo72jxbx-24b75b37472d5f319ec6ea120fef0699 hr-invisible  avia-builder-el-8  el_after_av_heading  el_before_av_one_half '><span class='hr-inner '><span class=\"hr-inner-style\"><\/span><\/span><\/div>\n<div  class='flex_column av-bizujp-47e114b3365e2072313f066a134306e0 av_one_half  avia-builder-el-9  el_after_av_hr  el_before_av_one_half  first flex_column_div  '     ><style type=\"text\/css\" data-created_by=\"avia_inline_auto\" id=\"style-css-av-mo72dxzy-8175fb1353a3667be10084f7cd0a011c\">\n.avia-image-container.av-mo72dxzy-8175fb1353a3667be10084f7cd0a011c img.avia_image{\nbox-shadow:none;\n}\n.avia-image-container.av-mo72dxzy-8175fb1353a3667be10084f7cd0a011c .av-image-caption-overlay-center{\ncolor:#ffffff;\n}\n<\/style>\n<div  class='avia-image-container av-mo72dxzy-8175fb1353a3667be10084f7cd0a011c av-styling- avia-align-center  avia-builder-el-10  avia-builder-el-no-sibling '   itemprop=\"image\" itemscope=\"itemscope\" itemtype=\"https:\/\/schema.org\/ImageObject\" ><div class=\"avia-image-container-inner\"><div class=\"avia-image-overlay-wrap\"><img decoding=\"async\" fetchpriority=\"high\" class='wp-image-4921 avia-img-lazy-loading-not-4921 avia_image ' src=\"https:\/\/dfvcg-events.de\/tw-strategy-summit\/wp-content\/uploads\/sites\/12\/2024\/01\/DSC5861.jpg\" alt='' title='_DSC5861'  height=\"1266\" width=\"1600\"  itemprop=\"thumbnailUrl\" srcset=\"https:\/\/dfvcg-events.de\/tw-strategy-summit\/wp-content\/uploads\/sites\/12\/2024\/01\/DSC5861.jpg 1600w, https:\/\/dfvcg-events.de\/tw-strategy-summit\/wp-content\/uploads\/sites\/12\/2024\/01\/DSC5861-705x558.jpg 705w\" sizes=\"(max-width: 1600px) 100vw, 1600px\" \/><\/div><\/div><\/div><\/div><div  class='flex_column av-9eakol-9d92f576e3541d7bef455caf983068e6 av_one_half  avia-builder-el-11  el_after_av_one_half  el_before_av_hr  flex_column_div  '     ><section  class='av_textblock_section av-mnzvs4uz-6d19e418d1878af96ee15be278085356 '   itemscope=\"itemscope\" itemtype=\"https:\/\/schema.org\/CreativeWork\" ><div class='avia_textblock'  itemprop=\"text\" ><p><span data-contrast=\"auto\">Lassen Sie sich bereits am Vorabend inspirieren und treffen Sie wertvolle Kontakte aus der Branche. Stay tuned! Beginn ab 18:00 Uhr.<\/span><\/p>\n<\/div><\/section><\/div>\n<style type=\"text\/css\" data-created_by=\"avia_inline_auto\" id=\"style-css-av-7kdoat-69f2a874400aa103a98b30cf0ed6c4e0\">\n#top .hr.hr-invisible.av-7kdoat-69f2a874400aa103a98b30cf0ed6c4e0{\nheight:50px;\n}\n<\/style>\n<div  class='hr av-7kdoat-69f2a874400aa103a98b30cf0ed6c4e0 hr-invisible  avia-builder-el-13  el_after_av_one_half  el_before_av_heading '><span class='hr-inner '><span class=\"hr-inner-style\"><\/span><\/span><\/div>\n\n<style type=\"text\/css\" data-created_by=\"avia_inline_auto\" id=\"style-css-av-mnzvso5x-1145ca6e1ff7a3d7ef1651ff97a5398d\">\n#top .av-special-heading.av-mnzvso5x-1145ca6e1ff7a3d7ef1651ff97a5398d{\npadding-bottom:10px;\n}\nbody .av-special-heading.av-mnzvso5x-1145ca6e1ff7a3d7ef1651ff97a5398d .av-special-heading-tag .heading-char{\nfont-size:25px;\n}\n.av-special-heading.av-mnzvso5x-1145ca6e1ff7a3d7ef1651ff97a5398d .av-subheading{\nfont-size:15px;\n}\n<\/style>\n<div  class='av-special-heading av-mnzvso5x-1145ca6e1ff7a3d7ef1651ff97a5398d av-special-heading-h2 blockquote modern-quote  avia-builder-el-14  el_after_av_hr  el_before_av_hr '><div class='av-subheading av-subheading_above'><p>5. November 2026<\/p>\n<\/div><h2 class='av-special-heading-tag '  itemprop=\"headline\"  >TW Strategy Summit<\/h2><div class=\"special-heading-border\"><div class=\"special-heading-inner-border\"><\/div><\/div><\/div>\n\n<style type=\"text\/css\" data-created_by=\"avia_inline_auto\" id=\"style-css-av-5e4145-6a6992287e9618151c5e550cc763b152\">\n#top .hr.hr-invisible.av-5e4145-6a6992287e9618151c5e550cc763b152{\nheight:50px;\n}\n<\/style>\n<div  class='hr av-5e4145-6a6992287e9618151c5e550cc763b152 hr-invisible  avia-builder-el-15  el_after_av_heading  el_before_av_one_half '><span class='hr-inner '><span class=\"hr-inner-style\"><\/span><\/span><\/div>\n<div  class='flex_column av-3j4jud-33360f2b6ff02662ef522e31a688c997 av_one_half  avia-builder-el-16  el_after_av_hr  el_before_av_one_half  first flex_column_div  '     ><style type=\"text\/css\" data-created_by=\"avia_inline_auto\" id=\"style-css-av-mo72f15h-4b28c251c55f205f59eeb272c81412b7\">\n.avia-image-container.av-mo72f15h-4b28c251c55f205f59eeb272c81412b7 img.avia_image{\nbox-shadow:none;\n}\n.avia-image-container.av-mo72f15h-4b28c251c55f205f59eeb272c81412b7 .av-image-caption-overlay-center{\ncolor:#ffffff;\n}\n<\/style>\n<div  class='avia-image-container av-mo72f15h-4b28c251c55f205f59eeb272c81412b7 av-styling- avia-align-center  avia-builder-el-17  avia-builder-el-no-sibling '   itemprop=\"image\" itemscope=\"itemscope\" itemtype=\"https:\/\/schema.org\/ImageObject\" ><div class=\"avia-image-container-inner\"><div class=\"avia-image-overlay-wrap\"><img decoding=\"async\" fetchpriority=\"high\" class='wp-image-4912 avia-img-lazy-loading-not-4912 avia_image ' src=\"https:\/\/dfvcg-events.de\/tw-strategy-summit\/wp-content\/uploads\/sites\/12\/2024\/01\/DSC5390.jpg\" alt='' title='_DSC5390'  height=\"1067\" width=\"1600\"  itemprop=\"thumbnailUrl\" srcset=\"https:\/\/dfvcg-events.de\/tw-strategy-summit\/wp-content\/uploads\/sites\/12\/2024\/01\/DSC5390.jpg 1600w, https:\/\/dfvcg-events.de\/tw-strategy-summit\/wp-content\/uploads\/sites\/12\/2024\/01\/DSC5390-705x470.jpg 705w\" sizes=\"(max-width: 1600px) 100vw, 1600px\" \/><\/div><\/div><\/div><\/div><div  class='flex_column av-1xgah1-598e432882ded6b312018a78a03cecee av_one_half  avia-builder-el-18  el_after_av_one_half  avia-builder-el-last  flex_column_div  '     ><section  class='av_textblock_section av-mnzvt6o1-dc93e61e41faa1601222857cd28bf92d '   itemscope=\"itemscope\" itemtype=\"https:\/\/schema.org\/CreativeWork\" ><div class='avia_textblock'  itemprop=\"text\" ><p><span data-contrast=\"auto\">Das gesamte Programm finden Sie hier ab Juni 2026.<\/span><\/p>\n<p><span data-contrast=\"auto\">Der Kongress findet am 5. November von ca. 09:30 bis 16:30 Uhr statt.<\/span><\/p>\n<\/div><\/section><\/div>\n","protected":false},"excerpt":{"rendered":"","protected":false},"author":1,"featured_media":0,"parent":0,"menu_order":0,"comment_status":"closed","ping_status":"closed","template":"","meta":{"footnotes":""},"class_list":["post-3573","page","type-page","status-publish","hentry"],"yoast_head":"<!-- This site is optimized with the Yoast SEO plugin v27.4 - https:\/\/yoast.com\/product\/yoast-seo-wordpress\/ -->\n<title>Programm 2026 | TW Strategy Summit | 28.\/29. November 2023<\/title>\n<meta name=\"description\" content=\"Zum TW SUMMIT begr\u00fc\u00dfen wir Top-Referenten aus der Branche. Freuen Sie sich auf spannende Vortr\u00e4ge zu wichtigen Themen und Innovationen.\" \/>\n<meta name=\"robots\" content=\"index, follow, max-snippet:-1, max-image-preview:large, max-video-preview:-1\" \/>\n<link rel=\"canonical\" href=\"https:\/\/dfvcg-events.de\/tw-strategy-summit\/programm\/\" \/>\n<meta property=\"og:locale\" content=\"de_DE\" \/>\n<meta property=\"og:type\" content=\"article\" \/>\n<meta property=\"og:title\" content=\"Programm 2026 | TW Strategy Summit | 28.\/29. November 2023\" \/>\n<meta property=\"og:description\" content=\"Zum TW SUMMIT begr\u00fc\u00dfen wir Top-Referenten aus der Branche. Freuen Sie sich auf spannende Vortr\u00e4ge zu wichtigen Themen und Innovationen.\" \/>\n<meta property=\"og:url\" content=\"https:\/\/dfvcg-events.de\/tw-strategy-summit\/programm\/\" \/>\n<meta property=\"og:site_name\" content=\"TW Strategy Summit\" \/>\n<meta property=\"article:modified_time\" content=\"2026-04-20T10:49:18+00:00\" \/>\n<meta property=\"og:image\" content=\"https:\/\/dfvcg-events.de\/tw-strategy-summit\/wp-content\/uploads\/sites\/12\/2023\/04\/dfvcg-TW-Summit-2023-1200x675px.jpg\" \/>\n\t<meta property=\"og:image:width\" content=\"1200\" \/>\n\t<meta property=\"og:image:height\" content=\"675\" \/>\n\t<meta property=\"og:image:type\" content=\"image\/jpeg\" \/>\n<meta name=\"twitter:card\" content=\"summary_large_image\" \/>\n<meta name=\"twitter:label1\" content=\"Gesch\u00e4tzte Lesezeit\" \/>\n\t<meta name=\"twitter:data1\" content=\"2\u00a0Minuten\" \/>\n<script type=\"application\/ld+json\" class=\"yoast-schema-graph\">{\"@context\":\"https:\\\/\\\/schema.org\",\"@graph\":[{\"@type\":\"WebPage\",\"@id\":\"https:\\\/\\\/dfvcg-events.de\\\/tw-strategy-summit\\\/programm\\\/\",\"url\":\"https:\\\/\\\/dfvcg-events.de\\\/tw-strategy-summit\\\/programm\\\/\",\"name\":\"Programm 2026 | TW Strategy Summit | 28.\\\/29. November 2023\",\"isPartOf\":{\"@id\":\"https:\\\/\\\/dfvcg-events.de\\\/tw-strategy-summit\\\/#website\"},\"datePublished\":\"2023-03-29T15:44:22+00:00\",\"dateModified\":\"2026-04-20T10:49:18+00:00\",\"description\":\"Zum TW SUMMIT begr\u00fc\u00dfen wir Top-Referenten aus der Branche. Freuen Sie sich auf spannende Vortr\u00e4ge zu wichtigen Themen und Innovationen.\",\"breadcrumb\":{\"@id\":\"https:\\\/\\\/dfvcg-events.de\\\/tw-strategy-summit\\\/programm\\\/#breadcrumb\"},\"inLanguage\":\"de\",\"potentialAction\":[{\"@type\":\"ReadAction\",\"target\":[\"https:\\\/\\\/dfvcg-events.de\\\/tw-strategy-summit\\\/programm\\\/\"]}]},{\"@type\":\"BreadcrumbList\",\"@id\":\"https:\\\/\\\/dfvcg-events.de\\\/tw-strategy-summit\\\/programm\\\/#breadcrumb\",\"itemListElement\":[{\"@type\":\"ListItem\",\"position\":1,\"name\":\"Startseite\",\"item\":\"https:\\\/\\\/dfvcg-events.de\\\/tw-strategy-summit\\\/\"},{\"@type\":\"ListItem\",\"position\":2,\"name\":\"Programm 2026\"}]},{\"@type\":\"WebSite\",\"@id\":\"https:\\\/\\\/dfvcg-events.de\\\/tw-strategy-summit\\\/#website\",\"url\":\"https:\\\/\\\/dfvcg-events.de\\\/tw-strategy-summit\\\/\",\"name\":\"TW SUMMIT\",\"description\":\"dfv Conference Group\",\"publisher\":{\"@id\":\"https:\\\/\\\/dfvcg-events.de\\\/tw-strategy-summit\\\/#organization\"},\"alternateName\":\"Der Strategie-Kongress der Fashion-Branche\",\"potentialAction\":[{\"@type\":\"SearchAction\",\"target\":{\"@type\":\"EntryPoint\",\"urlTemplate\":\"https:\\\/\\\/dfvcg-events.de\\\/tw-strategy-summit\\\/?s={search_term_string}\"},\"query-input\":{\"@type\":\"PropertyValueSpecification\",\"valueRequired\":true,\"valueName\":\"search_term_string\"}}],\"inLanguage\":\"de\"},{\"@type\":\"Organization\",\"@id\":\"https:\\\/\\\/dfvcg-events.de\\\/tw-strategy-summit\\\/#organization\",\"name\":\"TW SUMMIT\",\"alternateName\":\"Der Strategie-Kongress der Fashion-Branche\",\"url\":\"https:\\\/\\\/dfvcg-events.de\\\/tw-strategy-summit\\\/\",\"logo\":{\"@type\":\"ImageObject\",\"inLanguage\":\"de\",\"@id\":\"https:\\\/\\\/dfvcg-events.de\\\/tw-strategy-summit\\\/#\\\/schema\\\/logo\\\/image\\\/\",\"url\":\"https:\\\/\\\/dfvcg-events.de\\\/tw-summit\\\/wp-content\\\/uploads\\\/sites\\\/12\\\/2023\\\/03\\\/dfvcg_TWSummit23_Teaser_800x800.jpg\",\"contentUrl\":\"https:\\\/\\\/dfvcg-events.de\\\/tw-summit\\\/wp-content\\\/uploads\\\/sites\\\/12\\\/2023\\\/03\\\/dfvcg_TWSummit23_Teaser_800x800.jpg\",\"width\":800,\"height\":800,\"caption\":\"TW SUMMIT\"},\"image\":{\"@id\":\"https:\\\/\\\/dfvcg-events.de\\\/tw-strategy-summit\\\/#\\\/schema\\\/logo\\\/image\\\/\"}}]}<\/script>\n<!-- \/ Yoast SEO plugin. -->","yoast_head_json":{"title":"Programm 2026 | TW Strategy Summit | 28.\/29. November 2023","description":"Zum TW SUMMIT begr\u00fc\u00dfen wir Top-Referenten aus der Branche. Freuen Sie sich auf spannende Vortr\u00e4ge zu wichtigen Themen und Innovationen.","robots":{"index":"index","follow":"follow","max-snippet":"max-snippet:-1","max-image-preview":"max-image-preview:large","max-video-preview":"max-video-preview:-1"},"canonical":"https:\/\/dfvcg-events.de\/tw-strategy-summit\/programm\/","og_locale":"de_DE","og_type":"article","og_title":"Programm 2026 | TW Strategy Summit | 28.\/29. November 2023","og_description":"Zum TW SUMMIT begr\u00fc\u00dfen wir Top-Referenten aus der Branche. Freuen Sie sich auf spannende Vortr\u00e4ge zu wichtigen Themen und Innovationen.","og_url":"https:\/\/dfvcg-events.de\/tw-strategy-summit\/programm\/","og_site_name":"TW Strategy Summit","article_modified_time":"2026-04-20T10:49:18+00:00","og_image":[{"width":1200,"height":675,"url":"https:\/\/dfvcg-events.de\/tw-strategy-summit\/wp-content\/uploads\/sites\/12\/2023\/04\/dfvcg-TW-Summit-2023-1200x675px.jpg","type":"image\/jpeg"}],"twitter_card":"summary_large_image","twitter_misc":{"Gesch\u00e4tzte Lesezeit":"2\u00a0Minuten"},"schema":{"@context":"https:\/\/schema.org","@graph":[{"@type":"WebPage","@id":"https:\/\/dfvcg-events.de\/tw-strategy-summit\/programm\/","url":"https:\/\/dfvcg-events.de\/tw-strategy-summit\/programm\/","name":"Programm 2026 | TW Strategy Summit | 28.\/29. November 2023","isPartOf":{"@id":"https:\/\/dfvcg-events.de\/tw-strategy-summit\/#website"},"datePublished":"2023-03-29T15:44:22+00:00","dateModified":"2026-04-20T10:49:18+00:00","description":"Zum TW SUMMIT begr\u00fc\u00dfen wir Top-Referenten aus der Branche. Freuen Sie sich auf spannende Vortr\u00e4ge zu wichtigen Themen und Innovationen.","breadcrumb":{"@id":"https:\/\/dfvcg-events.de\/tw-strategy-summit\/programm\/#breadcrumb"},"inLanguage":"de","potentialAction":[{"@type":"ReadAction","target":["https:\/\/dfvcg-events.de\/tw-strategy-summit\/programm\/"]}]},{"@type":"BreadcrumbList","@id":"https:\/\/dfvcg-events.de\/tw-strategy-summit\/programm\/#breadcrumb","itemListElement":[{"@type":"ListItem","position":1,"name":"Startseite","item":"https:\/\/dfvcg-events.de\/tw-strategy-summit\/"},{"@type":"ListItem","position":2,"name":"Programm 2026"}]},{"@type":"WebSite","@id":"https:\/\/dfvcg-events.de\/tw-strategy-summit\/#website","url":"https:\/\/dfvcg-events.de\/tw-strategy-summit\/","name":"TW SUMMIT","description":"dfv Conference Group","publisher":{"@id":"https:\/\/dfvcg-events.de\/tw-strategy-summit\/#organization"},"alternateName":"Der Strategie-Kongress der Fashion-Branche","potentialAction":[{"@type":"SearchAction","target":{"@type":"EntryPoint","urlTemplate":"https:\/\/dfvcg-events.de\/tw-strategy-summit\/?s={search_term_string}"},"query-input":{"@type":"PropertyValueSpecification","valueRequired":true,"valueName":"search_term_string"}}],"inLanguage":"de"},{"@type":"Organization","@id":"https:\/\/dfvcg-events.de\/tw-strategy-summit\/#organization","name":"TW SUMMIT","alternateName":"Der Strategie-Kongress der Fashion-Branche","url":"https:\/\/dfvcg-events.de\/tw-strategy-summit\/","logo":{"@type":"ImageObject","inLanguage":"de","@id":"https:\/\/dfvcg-events.de\/tw-strategy-summit\/#\/schema\/logo\/image\/","url":"https:\/\/dfvcg-events.de\/tw-summit\/wp-content\/uploads\/sites\/12\/2023\/03\/dfvcg_TWSummit23_Teaser_800x800.jpg","contentUrl":"https:\/\/dfvcg-events.de\/tw-summit\/wp-content\/uploads\/sites\/12\/2023\/03\/dfvcg_TWSummit23_Teaser_800x800.jpg","width":800,"height":800,"caption":"TW SUMMIT"},"image":{"@id":"https:\/\/dfvcg-events.de\/tw-strategy-summit\/#\/schema\/logo\/image\/"}}]}},"_links":{"self":[{"href":"https:\/\/dfvcg-events.de\/tw-strategy-summit\/wp-json\/wp\/v2\/pages\/3573","targetHints":{"allow":["GET"]}}],"collection":[{"href":"https:\/\/dfvcg-events.de\/tw-strategy-summit\/wp-json\/wp\/v2\/pages"}],"about":[{"href":"https:\/\/dfvcg-events.de\/tw-strategy-summit\/wp-json\/wp\/v2\/types\/page"}],"author":[{"embeddable":true,"href":"https:\/\/dfvcg-events.de\/tw-strategy-summit\/wp-json\/wp\/v2\/users\/1"}],"replies":[{"embeddable":true,"href":"https:\/\/dfvcg-events.de\/tw-strategy-summit\/wp-json\/wp\/v2\/comments?post=3573"}],"version-history":[{"count":53,"href":"https:\/\/dfvcg-events.de\/tw-strategy-summit\/wp-json\/wp\/v2\/pages\/3573\/revisions"}],"predecessor-version":[{"id":5872,"href":"https:\/\/dfvcg-events.de\/tw-strategy-summit\/wp-json\/wp\/v2\/pages\/3573\/revisions\/5872"}],"wp:attachment":[{"href":"https:\/\/dfvcg-events.de\/tw-strategy-summit\/wp-json\/wp\/v2\/media?parent=3573"}],"curies":[{"name":"wp","href":"https:\/\/api.w.org\/{rel}","templated":true}]}}