{"id":4955,"date":"2025-07-14T10:32:02","date_gmt":"2025-07-14T08:32:02","guid":{"rendered":"https:\/\/dfvcg-events.de\/sustainability-summit\/?post_type=portfolio&#038;p=4955"},"modified":"2025-08-25T14:21:15","modified_gmt":"2025-08-25T12:21:15","slug":"thimo-schwenzfeier","status":"publish","type":"portfolio","link":"https:\/\/dfvcg-events.de\/sustainability-day\/vortragend\/thimo-schwenzfeier\/","title":{"rendered":"Thimo Schwenzfeier"},"content":{"rendered":"\n<style type=\"text\/css\" data-created_by=\"avia_inline_auto\" id=\"style-css-av-1hpil-9666fe4db9abbb55e16afcaa46b74565\">\n.flex_column.av-1hpil-9666fe4db9abbb55e16afcaa46b74565{\nborder-radius:0px 0px 0px 0px;\npadding:0px 0px 0px 0px;\n}\n<\/style>\n<div  class='flex_column av-1hpil-9666fe4db9abbb55e16afcaa46b74565 av_one_third  avia-builder-el-0  el_before_av_two_third  avia-builder-el-first  first flex_column_div av-zero-column-padding  '     ><style type=\"text\/css\" data-created_by=\"avia_inline_auto\" id=\"style-css-av-k7z57foz-d4bfd8248ebfbb9cfc057dd2136b726e\">\n.avia-image-container.av-k7z57foz-d4bfd8248ebfbb9cfc057dd2136b726e img.avia_image{\nbox-shadow:none;\n}\n.avia-image-container.av-k7z57foz-d4bfd8248ebfbb9cfc057dd2136b726e .av-image-caption-overlay-center{\ncolor:#ffffff;\n}\n<\/style>\n<div  class='avia-image-container av-k7z57foz-d4bfd8248ebfbb9cfc057dd2136b726e av-styling-no-styling avia-align-center  avia-builder-el-1  avia-builder-el-no-sibling '   itemprop=\"image\" itemscope=\"itemscope\" itemtype=\"https:\/\/schema.org\/ImageObject\" ><div class=\"avia-image-container-inner\"><div class=\"avia-image-overlay-wrap\"><img class='avia_image ' src='https:\/\/dfvcg-events.de\/sustainability-day\/wp-content\/uploads\/sites\/33\/2025\/07\/Schwenzfeier-Thimo_WEB.png' alt='' title='Schwenzfeier-Thimo_WEB'  height=\"800\" width=\"600\"  itemprop=\"thumbnailUrl\"  \/><\/div><\/div><\/div><\/div>\n<style type=\"text\/css\" data-created_by=\"avia_inline_auto\" id=\"style-css-av-q939-36bd9e2970eba44b209398e6adaba9f5\">\n.flex_column.av-q939-36bd9e2970eba44b209398e6adaba9f5{\nborder-radius:0px 0px 0px 0px;\npadding:0px 0px 0px 0px;\n}\n<\/style>\n<div  class='flex_column av-q939-36bd9e2970eba44b209398e6adaba9f5 av_two_third  avia-builder-el-2  el_after_av_one_third  avia-builder-el-last  flex_column_div av-zero-column-padding  '     ><p>\n<style type=\"text\/css\" data-created_by=\"avia_inline_auto\" id=\"style-css-av-kocvr0ug-1594b21f086102a78e4a70026bc7f714\">\n#top .av-special-heading.av-kocvr0ug-1594b21f086102a78e4a70026bc7f714{\npadding-bottom:10px;\n}\nbody .av-special-heading.av-kocvr0ug-1594b21f086102a78e4a70026bc7f714 .av-special-heading-tag .heading-char{\nfont-size:25px;\n}\n.av-special-heading.av-kocvr0ug-1594b21f086102a78e4a70026bc7f714 .av-subheading{\nfont-size:19px;\n}\n<\/style>\n<div  class='av-special-heading av-kocvr0ug-1594b21f086102a78e4a70026bc7f714 av-special-heading-h2 blockquote modern-quote  avia-builder-el-3  el_before_av_textblock  avia-builder-el-first '><h2 class='av-special-heading-tag '  itemprop=\"headline\"  >Thimo Schwenzfeier<\/h2><div class='av-subheading av-subheading_below'><p>Strategieberater, Speaker und Branchenexperte mit Fokus auf nachhaltige Mode<\/p>\n<\/div><div class=\"special-heading-border\"><div class=\"special-heading-inner-border\"><\/div><\/div><\/div><br \/>\n<section  class='av_textblock_section av-k7yuci90-cc8f536f476c354fb273c6b3e8aa0dbd '   itemscope=\"itemscope\" itemtype=\"https:\/\/schema.org\/CreativeWork\" ><div class='avia_textblock'  itemprop=\"text\" ><p>Als fr\u00fcherer Show Director der NEONYT Messe und der FASHIONSUSTAIN Konferenz und heutiger Gesch\u00e4ftsf\u00fchrer eines interdisziplin\u00e4ren Kongressformats im Bereich Immobilien kennt er die Herausforderungen zwischen Nachhaltigkeit, Skalierung und Marktrealit\u00e4t. Zuletzt verantwortete er den Conscious Fashion Store von Peek &amp; Cloppenburg in Berlin am Potsdamer Platz &#8211; ein Leuchtturmprojekt f\u00fcr nachhaltigere Sortimente im konventionellen Handel. Mit seiner Beratung begleitet er Marken und Organisationen an der Schnittstelle von Konzept, Wandel und Wirkung.<\/p>\n<p><a href=\"https:\/\/www.linkedin.com\/in\/thimoschwenzfeier\/\">https:\/\/www.linkedin.com\/in\/thimoschwenzfeier\/<\/a><\/p>\n<\/div><\/section><\/p><\/div><\/p>\n","protected":false},"excerpt":{"rendered":"<p>Sustainable Fashion Consultant<\/p>\n","protected":false},"author":19,"featured_media":4954,"comment_status":"closed","ping_status":"closed","template":"","meta":{"footnotes":""},"tags":[],"portfolio_entries":[56,57],"class_list":["post-4955","portfolio","type-portfolio","status-publish","has-post-thumbnail","hentry","portfolio_entries-vortragend-2025","portfolio_entries-vortragend-feature-2025"],"yoast_head":"<!-- This site is optimized with the Yoast SEO plugin v27.4 - https:\/\/yoast.com\/product\/yoast-seo-wordpress\/ -->\n<title>Referent: Thimo Schwenzfeier | TextilWirtschaft Sustainability Day<\/title>\n<meta name=\"description\" content=\"TextilWirtschaft Sustainability Day | Begr\u00fc\u00dfen Sie auf der B\u00fchne: Thimo Schwenzfeier\" \/>\n<meta name=\"robots\" content=\"index, follow, max-snippet:-1, max-image-preview:large, max-video-preview:-1\" \/>\n<link rel=\"canonical\" href=\"https:\/\/dfvcg-events.de\/sustainability-day\/vortragend\/thimo-schwenzfeier\/\" \/>\n<meta property=\"og:locale\" content=\"de_DE\" \/>\n<meta property=\"og:type\" content=\"article\" \/>\n<meta property=\"og:title\" content=\"Referent: Thimo Schwenzfeier | TextilWirtschaft Sustainability Day\" \/>\n<meta property=\"og:description\" content=\"TextilWirtschaft Sustainability Day | Begr\u00fc\u00dfen Sie auf der B\u00fchne: Thimo Schwenzfeier\" \/>\n<meta property=\"og:url\" content=\"https:\/\/dfvcg-events.de\/sustainability-day\/vortragend\/thimo-schwenzfeier\/\" \/>\n<meta property=\"og:site_name\" content=\"TextilWirtschaft Sustainability Day\" \/>\n<meta property=\"article:modified_time\" content=\"2025-08-25T12:21:15+00:00\" \/>\n<meta property=\"og:image\" content=\"https:\/\/dfvcg-events.de\/sustainability-day\/wp-content\/uploads\/sites\/33\/2025\/07\/Schwenzfeier-Thimo_WEB.png\" \/>\n\t<meta property=\"og:image:width\" content=\"600\" \/>\n\t<meta property=\"og:image:height\" content=\"800\" \/>\n\t<meta property=\"og:image:type\" content=\"image\/png\" \/>\n<meta name=\"twitter:card\" content=\"summary_large_image\" \/>\n<meta name=\"twitter:label1\" content=\"Gesch\u00e4tzte Lesezeit\" \/>\n\t<meta name=\"twitter:data1\" content=\"1\u00a0Minute\" \/>\n<script type=\"application\/ld+json\" class=\"yoast-schema-graph\">{\"@context\":\"https:\\\/\\\/schema.org\",\"@graph\":[{\"@type\":\"WebPage\",\"@id\":\"https:\\\/\\\/dfvcg-events.de\\\/sustainability-day\\\/vortragend\\\/thimo-schwenzfeier\\\/\",\"url\":\"https:\\\/\\\/dfvcg-events.de\\\/sustainability-day\\\/vortragend\\\/thimo-schwenzfeier\\\/\",\"name\":\"Referent: Thimo Schwenzfeier | TextilWirtschaft Sustainability Day\",\"isPartOf\":{\"@id\":\"https:\\\/\\\/dfvcg-events.de\\\/sustainability-day\\\/#website\"},\"primaryImageOfPage\":{\"@id\":\"https:\\\/\\\/dfvcg-events.de\\\/sustainability-day\\\/vortragend\\\/thimo-schwenzfeier\\\/#primaryimage\"},\"image\":{\"@id\":\"https:\\\/\\\/dfvcg-events.de\\\/sustainability-day\\\/vortragend\\\/thimo-schwenzfeier\\\/#primaryimage\"},\"thumbnailUrl\":\"https:\\\/\\\/dfvcg-events.de\\\/sustainability-day\\\/wp-content\\\/uploads\\\/sites\\\/33\\\/2025\\\/07\\\/Schwenzfeier-Thimo_WEB.png\",\"datePublished\":\"2025-07-14T08:32:02+00:00\",\"dateModified\":\"2025-08-25T12:21:15+00:00\",\"description\":\"TextilWirtschaft Sustainability Day | Begr\u00fc\u00dfen Sie auf der B\u00fchne: Thimo Schwenzfeier\",\"breadcrumb\":{\"@id\":\"https:\\\/\\\/dfvcg-events.de\\\/sustainability-day\\\/vortragend\\\/thimo-schwenzfeier\\\/#breadcrumb\"},\"inLanguage\":\"de\",\"potentialAction\":[{\"@type\":\"ReadAction\",\"target\":[\"https:\\\/\\\/dfvcg-events.de\\\/sustainability-day\\\/vortragend\\\/thimo-schwenzfeier\\\/\"]}]},{\"@type\":\"ImageObject\",\"inLanguage\":\"de\",\"@id\":\"https:\\\/\\\/dfvcg-events.de\\\/sustainability-day\\\/vortragend\\\/thimo-schwenzfeier\\\/#primaryimage\",\"url\":\"https:\\\/\\\/dfvcg-events.de\\\/sustainability-day\\\/wp-content\\\/uploads\\\/sites\\\/33\\\/2025\\\/07\\\/Schwenzfeier-Thimo_WEB.png\",\"contentUrl\":\"https:\\\/\\\/dfvcg-events.de\\\/sustainability-day\\\/wp-content\\\/uploads\\\/sites\\\/33\\\/2025\\\/07\\\/Schwenzfeier-Thimo_WEB.png\",\"width\":600,\"height\":800},{\"@type\":\"BreadcrumbList\",\"@id\":\"https:\\\/\\\/dfvcg-events.de\\\/sustainability-day\\\/vortragend\\\/thimo-schwenzfeier\\\/#breadcrumb\",\"itemListElement\":[{\"@type\":\"ListItem\",\"position\":1,\"name\":\"Startseite\",\"item\":\"https:\\\/\\\/dfvcg-events.de\\\/sustainability-day\\\/\"},{\"@type\":\"ListItem\",\"position\":2,\"name\":\"Thimo Schwenzfeier\"}]},{\"@type\":\"WebSite\",\"@id\":\"https:\\\/\\\/dfvcg-events.de\\\/sustainability-day\\\/#website\",\"url\":\"https:\\\/\\\/dfvcg-events.de\\\/sustainability-day\\\/\",\"name\":\"TW Sustainability Summit 2025\",\"description\":\"Der Nachhaltigkeitskongress f\u00fcr die Fashion-Branche\",\"publisher\":{\"@id\":\"https:\\\/\\\/dfvcg-events.de\\\/sustainability-day\\\/#organization\"},\"alternateName\":\"dfv Conference Group | TextilWirtschaft\",\"potentialAction\":[{\"@type\":\"SearchAction\",\"target\":{\"@type\":\"EntryPoint\",\"urlTemplate\":\"https:\\\/\\\/dfvcg-events.de\\\/sustainability-day\\\/?s={search_term_string}\"},\"query-input\":{\"@type\":\"PropertyValueSpecification\",\"valueRequired\":true,\"valueName\":\"search_term_string\"}}],\"inLanguage\":\"de\"},{\"@type\":\"Organization\",\"@id\":\"https:\\\/\\\/dfvcg-events.de\\\/sustainability-day\\\/#organization\",\"name\":\"TW Sustainability Summit 2025\",\"alternateName\":\"dfv Conference Group | TextilWirtschaft\",\"url\":\"https:\\\/\\\/dfvcg-events.de\\\/sustainability-day\\\/\",\"logo\":{\"@type\":\"ImageObject\",\"inLanguage\":\"de\",\"@id\":\"https:\\\/\\\/dfvcg-events.de\\\/sustainability-day\\\/#\\\/schema\\\/logo\\\/image\\\/\",\"url\":\"https:\\\/\\\/dfvcg-events.de\\\/sustainability-summit\\\/wp-content\\\/uploads\\\/sites\\\/33\\\/2025\\\/06\\\/dfvcg-TW-SS25-Teaser-800x800-1.png\",\"contentUrl\":\"https:\\\/\\\/dfvcg-events.de\\\/sustainability-summit\\\/wp-content\\\/uploads\\\/sites\\\/33\\\/2025\\\/06\\\/dfvcg-TW-SS25-Teaser-800x800-1.png\",\"width\":800,\"height\":800,\"caption\":\"TW Sustainability Summit 2025\"},\"image\":{\"@id\":\"https:\\\/\\\/dfvcg-events.de\\\/sustainability-day\\\/#\\\/schema\\\/logo\\\/image\\\/\"}}]}<\/script>\n<!-- \/ Yoast SEO plugin. -->","yoast_head_json":{"title":"Referent: Thimo Schwenzfeier | TextilWirtschaft Sustainability Day","description":"TextilWirtschaft Sustainability Day | Begr\u00fc\u00dfen Sie auf der B\u00fchne: Thimo Schwenzfeier","robots":{"index":"index","follow":"follow","max-snippet":"max-snippet:-1","max-image-preview":"max-image-preview:large","max-video-preview":"max-video-preview:-1"},"canonical":"https:\/\/dfvcg-events.de\/sustainability-day\/vortragend\/thimo-schwenzfeier\/","og_locale":"de_DE","og_type":"article","og_title":"Referent: Thimo Schwenzfeier | TextilWirtschaft Sustainability Day","og_description":"TextilWirtschaft Sustainability Day | Begr\u00fc\u00dfen Sie auf der B\u00fchne: Thimo Schwenzfeier","og_url":"https:\/\/dfvcg-events.de\/sustainability-day\/vortragend\/thimo-schwenzfeier\/","og_site_name":"TextilWirtschaft Sustainability Day","article_modified_time":"2025-08-25T12:21:15+00:00","og_image":[{"width":600,"height":800,"url":"https:\/\/dfvcg-events.de\/sustainability-day\/wp-content\/uploads\/sites\/33\/2025\/07\/Schwenzfeier-Thimo_WEB.png","type":"image\/png"}],"twitter_card":"summary_large_image","twitter_misc":{"Gesch\u00e4tzte Lesezeit":"1\u00a0Minute"},"schema":{"@context":"https:\/\/schema.org","@graph":[{"@type":"WebPage","@id":"https:\/\/dfvcg-events.de\/sustainability-day\/vortragend\/thimo-schwenzfeier\/","url":"https:\/\/dfvcg-events.de\/sustainability-day\/vortragend\/thimo-schwenzfeier\/","name":"Referent: Thimo Schwenzfeier | TextilWirtschaft Sustainability Day","isPartOf":{"@id":"https:\/\/dfvcg-events.de\/sustainability-day\/#website"},"primaryImageOfPage":{"@id":"https:\/\/dfvcg-events.de\/sustainability-day\/vortragend\/thimo-schwenzfeier\/#primaryimage"},"image":{"@id":"https:\/\/dfvcg-events.de\/sustainability-day\/vortragend\/thimo-schwenzfeier\/#primaryimage"},"thumbnailUrl":"https:\/\/dfvcg-events.de\/sustainability-day\/wp-content\/uploads\/sites\/33\/2025\/07\/Schwenzfeier-Thimo_WEB.png","datePublished":"2025-07-14T08:32:02+00:00","dateModified":"2025-08-25T12:21:15+00:00","description":"TextilWirtschaft Sustainability Day | Begr\u00fc\u00dfen Sie auf der B\u00fchne: Thimo Schwenzfeier","breadcrumb":{"@id":"https:\/\/dfvcg-events.de\/sustainability-day\/vortragend\/thimo-schwenzfeier\/#breadcrumb"},"inLanguage":"de","potentialAction":[{"@type":"ReadAction","target":["https:\/\/dfvcg-events.de\/sustainability-day\/vortragend\/thimo-schwenzfeier\/"]}]},{"@type":"ImageObject","inLanguage":"de","@id":"https:\/\/dfvcg-events.de\/sustainability-day\/vortragend\/thimo-schwenzfeier\/#primaryimage","url":"https:\/\/dfvcg-events.de\/sustainability-day\/wp-content\/uploads\/sites\/33\/2025\/07\/Schwenzfeier-Thimo_WEB.png","contentUrl":"https:\/\/dfvcg-events.de\/sustainability-day\/wp-content\/uploads\/sites\/33\/2025\/07\/Schwenzfeier-Thimo_WEB.png","width":600,"height":800},{"@type":"BreadcrumbList","@id":"https:\/\/dfvcg-events.de\/sustainability-day\/vortragend\/thimo-schwenzfeier\/#breadcrumb","itemListElement":[{"@type":"ListItem","position":1,"name":"Startseite","item":"https:\/\/dfvcg-events.de\/sustainability-day\/"},{"@type":"ListItem","position":2,"name":"Thimo Schwenzfeier"}]},{"@type":"WebSite","@id":"https:\/\/dfvcg-events.de\/sustainability-day\/#website","url":"https:\/\/dfvcg-events.de\/sustainability-day\/","name":"TW Sustainability Summit 2025","description":"Der Nachhaltigkeitskongress f\u00fcr die Fashion-Branche","publisher":{"@id":"https:\/\/dfvcg-events.de\/sustainability-day\/#organization"},"alternateName":"dfv Conference Group | TextilWirtschaft","potentialAction":[{"@type":"SearchAction","target":{"@type":"EntryPoint","urlTemplate":"https:\/\/dfvcg-events.de\/sustainability-day\/?s={search_term_string}"},"query-input":{"@type":"PropertyValueSpecification","valueRequired":true,"valueName":"search_term_string"}}],"inLanguage":"de"},{"@type":"Organization","@id":"https:\/\/dfvcg-events.de\/sustainability-day\/#organization","name":"TW Sustainability Summit 2025","alternateName":"dfv Conference Group | TextilWirtschaft","url":"https:\/\/dfvcg-events.de\/sustainability-day\/","logo":{"@type":"ImageObject","inLanguage":"de","@id":"https:\/\/dfvcg-events.de\/sustainability-day\/#\/schema\/logo\/image\/","url":"https:\/\/dfvcg-events.de\/sustainability-summit\/wp-content\/uploads\/sites\/33\/2025\/06\/dfvcg-TW-SS25-Teaser-800x800-1.png","contentUrl":"https:\/\/dfvcg-events.de\/sustainability-summit\/wp-content\/uploads\/sites\/33\/2025\/06\/dfvcg-TW-SS25-Teaser-800x800-1.png","width":800,"height":800,"caption":"TW Sustainability Summit 2025"},"image":{"@id":"https:\/\/dfvcg-events.de\/sustainability-day\/#\/schema\/logo\/image\/"}}]}},"_links":{"self":[{"href":"https:\/\/dfvcg-events.de\/sustainability-day\/wp-json\/wp\/v2\/portfolio\/4955","targetHints":{"allow":["GET"]}}],"collection":[{"href":"https:\/\/dfvcg-events.de\/sustainability-day\/wp-json\/wp\/v2\/portfolio"}],"about":[{"href":"https:\/\/dfvcg-events.de\/sustainability-day\/wp-json\/wp\/v2\/types\/portfolio"}],"author":[{"embeddable":true,"href":"https:\/\/dfvcg-events.de\/sustainability-day\/wp-json\/wp\/v2\/users\/19"}],"replies":[{"embeddable":true,"href":"https:\/\/dfvcg-events.de\/sustainability-day\/wp-json\/wp\/v2\/comments?post=4955"}],"version-history":[{"count":3,"href":"https:\/\/dfvcg-events.de\/sustainability-day\/wp-json\/wp\/v2\/portfolio\/4955\/revisions"}],"predecessor-version":[{"id":5152,"href":"https:\/\/dfvcg-events.de\/sustainability-day\/wp-json\/wp\/v2\/portfolio\/4955\/revisions\/5152"}],"wp:featuredmedia":[{"embeddable":true,"href":"https:\/\/dfvcg-events.de\/sustainability-day\/wp-json\/wp\/v2\/media\/4954"}],"wp:attachment":[{"href":"https:\/\/dfvcg-events.de\/sustainability-day\/wp-json\/wp\/v2\/media?parent=4955"}],"wp:term":[{"taxonomy":"post_tag","embeddable":true,"href":"https:\/\/dfvcg-events.de\/sustainability-day\/wp-json\/wp\/v2\/tags?post=4955"},{"taxonomy":"portfolio_entries","embeddable":true,"href":"https:\/\/dfvcg-events.de\/sustainability-day\/wp-json\/wp\/v2\/portfolio_entries?post=4955"}],"curies":[{"name":"wp","href":"https:\/\/api.w.org\/{rel}","templated":true}]}}