{"id":3798,"date":"2024-04-22T14:40:26","date_gmt":"2024-04-22T12:40:26","guid":{"rendered":"https:\/\/dfvcg-events.de\/sustainability-summit\/?post_type=portfolio&#038;p=3798"},"modified":"2024-04-22T14:57:09","modified_gmt":"2024-04-22T12:57:09","slug":"maike-rabe","status":"publish","type":"portfolio","link":"https:\/\/dfvcg-events.de\/sustainability-day\/vortragend\/maike-rabe\/","title":{"rendered":"Prof. Dr. Maike Rabe"},"content":{"rendered":"\n<style type=\"text\/css\" data-created_by=\"avia_inline_auto\" id=\"style-css-av-1hpil-9666fe4db9abbb55e16afcaa46b74565\">\n.flex_column.av-1hpil-9666fe4db9abbb55e16afcaa46b74565{\nborder-radius:0px 0px 0px 0px;\npadding:0px 0px 0px 0px;\n}\n<\/style>\n<div  class='flex_column av-1hpil-9666fe4db9abbb55e16afcaa46b74565 av_one_third  avia-builder-el-0  el_before_av_two_third  avia-builder-el-first  first flex_column_div av-zero-column-padding  '     ><style type=\"text\/css\" data-created_by=\"avia_inline_auto\" id=\"style-css-av-k7z57foz-1d54f24c79768e5ac5a434ae7653a509\">\n.avia-image-container.av-k7z57foz-1d54f24c79768e5ac5a434ae7653a509 img.avia_image{\nbox-shadow:none;\n}\n.avia-image-container.av-k7z57foz-1d54f24c79768e5ac5a434ae7653a509 .av-image-caption-overlay-center{\ncolor:#ffffff;\n}\n<\/style>\n<div  class='avia-image-container av-k7z57foz-1d54f24c79768e5ac5a434ae7653a509 av-styling-no-styling avia-align-center  avia-builder-el-1  avia-builder-el-no-sibling '   itemprop=\"image\" itemscope=\"itemscope\" itemtype=\"https:\/\/schema.org\/ImageObject\" ><div class=\"avia-image-container-inner\"><div class=\"avia-image-overlay-wrap\"><img class='avia_image ' src='https:\/\/dfvcg-events.de\/sustainability-summit\/wp-content\/uploads\/sites\/33\/2024\/04\/Rabe-Maike-Hochschule-Niederrhein_WEB.jpg' alt='' title=''   itemprop=\"thumbnailUrl\"  \/><\/div><\/div><\/div><\/div>\n<style type=\"text\/css\" data-created_by=\"avia_inline_auto\" id=\"style-css-av-q939-36bd9e2970eba44b209398e6adaba9f5\">\n.flex_column.av-q939-36bd9e2970eba44b209398e6adaba9f5{\nborder-radius:0px 0px 0px 0px;\npadding:0px 0px 0px 0px;\n}\n<\/style>\n<div  class='flex_column av-q939-36bd9e2970eba44b209398e6adaba9f5 av_two_third  avia-builder-el-2  el_after_av_one_third  avia-builder-el-last  flex_column_div av-zero-column-padding  '     ><p>\n<style type=\"text\/css\" data-created_by=\"avia_inline_auto\" id=\"style-css-av-kocwcing-9f6d5189705d1f25c7c389d22e1516a5\">\n#top .av-special-heading.av-kocwcing-9f6d5189705d1f25c7c389d22e1516a5{\npadding-bottom:10px;\n}\nbody .av-special-heading.av-kocwcing-9f6d5189705d1f25c7c389d22e1516a5 .av-special-heading-tag .heading-char{\nfont-size:25px;\n}\n.av-special-heading.av-kocwcing-9f6d5189705d1f25c7c389d22e1516a5 .av-subheading{\nfont-size:19px;\n}\n<\/style>\n<div  class='av-special-heading av-kocwcing-9f6d5189705d1f25c7c389d22e1516a5 av-special-heading-h2 blockquote modern-quote  avia-builder-el-3  el_before_av_textblock  avia-builder-el-first '><h2 class='av-special-heading-tag '  itemprop=\"headline\"  >Prof. Dr. Maike Rabe<\/h2><div class='av-subheading av-subheading_below'><p>Professorin f\u00fcr Textilveredlung und \u00d6kologie und Leiterin des Forschungsinstituts f\u00fcr Textil und Bekleidung<br \/>\nHochschule Niederrhein<\/p>\n<\/div><div class=\"special-heading-border\"><div class=\"special-heading-inner-border\"><\/div><\/div><\/div><br \/>\n<section  class='av_textblock_section av-k7yuci90-cc8f536f476c354fb273c6b3e8aa0dbd '   itemscope=\"itemscope\" itemtype=\"https:\/\/schema.org\/CreativeWork\" ><div class='avia_textblock'  itemprop=\"text\" ><p>Prof. Dr.-Ing. habil. Maike Rabe ist Professorin f\u00fcr Textilveredlung und \u00d6kologie an der Hochschule Niederrhein, Fachbereich Textil- und Bekleidungstechnik und Leiterin des Forschungsinstituts f\u00fcr Textil und Bekleidung. In Lehre und Forschung befasst sie sich mit innovativen Verfahren der Textilveredlung wie dem Einsatz von Ultraschall, Plasmatechnik oder Minimalauftrag. Ein besonderes Highlight ihrer aktuellen Forschung ist das Vorhaben WasserSTOFF, in dem zusammen mit verschiedenen Partnern aus Wirtschaft und Wissenschaft der erste mit Wasserstoff betriebene Industriespannrahmen entwickelt wird. Einen weiteren Schwerpunkt ihrer Arbeit bilden Themen der Nachhaltigkeit. Hierzu z\u00e4hlen die Entwicklung von Kriterien f\u00fcr nachhaltige Textilien f\u00fcr die EU-\u00d6kodesignverordnung oder das mechanische und chemische Recycling von Textilien und Bekleidung. Prof. Rabe ist neben ihrer T\u00e4tigkeit in der Hochschule in verschiedenen Gremien aktiv, die Wilhelm-Lorch-Stiftung, deren Stiftungsratsvorsitzende sie ist, liegt ihr besonders am Herzen.<\/p>\n<\/div><\/section><\/p><\/div><\/p>\n","protected":false},"excerpt":{"rendered":"<p>Hochschule Niederrhein<\/p>\n","protected":false},"author":19,"featured_media":0,"comment_status":"closed","ping_status":"closed","template":"","meta":{"footnotes":""},"tags":[],"portfolio_entries":[49],"class_list":["post-3798","portfolio","type-portfolio","status-publish","hentry","portfolio_entries-vortragend-2024"],"yoast_head":"<!-- This site is optimized with the Yoast SEO plugin v27.4 - https:\/\/yoast.com\/product\/yoast-seo-wordpress\/ -->\n<title>Referent: Prof. Dr. Maike Rabe | TextilWirtschaft Sustainability Day<\/title>\n<meta name=\"description\" content=\"TextilWirtschaft Sustainability Day | Begr\u00fc\u00dfen Sie auf der B\u00fchne: Prof. Dr. Maike Rabe\" \/>\n<meta name=\"robots\" content=\"index, follow, max-snippet:-1, max-image-preview:large, max-video-preview:-1\" \/>\n<link rel=\"canonical\" href=\"https:\/\/dfvcg-events.de\/sustainability-day\/vortragend\/maike-rabe\/\" \/>\n<meta property=\"og:locale\" content=\"de_DE\" \/>\n<meta property=\"og:type\" content=\"article\" \/>\n<meta property=\"og:title\" content=\"Referent: Prof. Dr. Maike Rabe | TextilWirtschaft Sustainability Day\" \/>\n<meta property=\"og:description\" content=\"TextilWirtschaft Sustainability Day | Begr\u00fc\u00dfen Sie auf der B\u00fchne: Prof. Dr. Maike Rabe\" \/>\n<meta property=\"og:url\" content=\"https:\/\/dfvcg-events.de\/sustainability-day\/vortragend\/maike-rabe\/\" \/>\n<meta property=\"og:site_name\" content=\"TextilWirtschaft Sustainability Day\" \/>\n<meta property=\"article:modified_time\" content=\"2024-04-22T12:57:09+00:00\" \/>\n<meta property=\"og:image\" content=\"https:\/\/dfvcg-events.de\/sustainability-day\/wp-content\/uploads\/sites\/33\/2025\/06\/dfvcg-TW-SS25-Teaser-800x400-1.png\" \/>\n\t<meta property=\"og:image:width\" content=\"800\" \/>\n\t<meta property=\"og:image:height\" content=\"400\" \/>\n\t<meta property=\"og:image:type\" content=\"image\/png\" \/>\n<meta name=\"twitter:card\" content=\"summary_large_image\" \/>\n<meta name=\"twitter:label1\" content=\"Gesch\u00e4tzte Lesezeit\" \/>\n\t<meta name=\"twitter:data1\" content=\"2\u00a0Minuten\" \/>\n<script type=\"application\/ld+json\" class=\"yoast-schema-graph\">{\"@context\":\"https:\\\/\\\/schema.org\",\"@graph\":[{\"@type\":\"WebPage\",\"@id\":\"https:\\\/\\\/dfvcg-events.de\\\/sustainability-day\\\/vortragend\\\/maike-rabe\\\/\",\"url\":\"https:\\\/\\\/dfvcg-events.de\\\/sustainability-day\\\/vortragend\\\/maike-rabe\\\/\",\"name\":\"Referent: Prof. Dr. Maike Rabe | TextilWirtschaft Sustainability Day\",\"isPartOf\":{\"@id\":\"https:\\\/\\\/dfvcg-events.de\\\/sustainability-day\\\/#website\"},\"datePublished\":\"2024-04-22T12:40:26+00:00\",\"dateModified\":\"2024-04-22T12:57:09+00:00\",\"description\":\"TextilWirtschaft Sustainability Day | Begr\u00fc\u00dfen Sie auf der B\u00fchne: Prof. Dr. Maike Rabe\",\"breadcrumb\":{\"@id\":\"https:\\\/\\\/dfvcg-events.de\\\/sustainability-day\\\/vortragend\\\/maike-rabe\\\/#breadcrumb\"},\"inLanguage\":\"de\",\"potentialAction\":[{\"@type\":\"ReadAction\",\"target\":[\"https:\\\/\\\/dfvcg-events.de\\\/sustainability-day\\\/vortragend\\\/maike-rabe\\\/\"]}]},{\"@type\":\"BreadcrumbList\",\"@id\":\"https:\\\/\\\/dfvcg-events.de\\\/sustainability-day\\\/vortragend\\\/maike-rabe\\\/#breadcrumb\",\"itemListElement\":[{\"@type\":\"ListItem\",\"position\":1,\"name\":\"Startseite\",\"item\":\"https:\\\/\\\/dfvcg-events.de\\\/sustainability-day\\\/\"},{\"@type\":\"ListItem\",\"position\":2,\"name\":\"Prof. Dr. Maike Rabe\"}]},{\"@type\":\"WebSite\",\"@id\":\"https:\\\/\\\/dfvcg-events.de\\\/sustainability-day\\\/#website\",\"url\":\"https:\\\/\\\/dfvcg-events.de\\\/sustainability-day\\\/\",\"name\":\"TW Sustainability Summit 2025\",\"description\":\"Der Nachhaltigkeitskongress f\u00fcr die Fashion-Branche\",\"publisher\":{\"@id\":\"https:\\\/\\\/dfvcg-events.de\\\/sustainability-day\\\/#organization\"},\"alternateName\":\"dfv Conference Group | TextilWirtschaft\",\"potentialAction\":[{\"@type\":\"SearchAction\",\"target\":{\"@type\":\"EntryPoint\",\"urlTemplate\":\"https:\\\/\\\/dfvcg-events.de\\\/sustainability-day\\\/?s={search_term_string}\"},\"query-input\":{\"@type\":\"PropertyValueSpecification\",\"valueRequired\":true,\"valueName\":\"search_term_string\"}}],\"inLanguage\":\"de\"},{\"@type\":\"Organization\",\"@id\":\"https:\\\/\\\/dfvcg-events.de\\\/sustainability-day\\\/#organization\",\"name\":\"TW Sustainability Summit 2025\",\"alternateName\":\"dfv Conference Group | TextilWirtschaft\",\"url\":\"https:\\\/\\\/dfvcg-events.de\\\/sustainability-day\\\/\",\"logo\":{\"@type\":\"ImageObject\",\"inLanguage\":\"de\",\"@id\":\"https:\\\/\\\/dfvcg-events.de\\\/sustainability-day\\\/#\\\/schema\\\/logo\\\/image\\\/\",\"url\":\"https:\\\/\\\/dfvcg-events.de\\\/sustainability-summit\\\/wp-content\\\/uploads\\\/sites\\\/33\\\/2025\\\/06\\\/dfvcg-TW-SS25-Teaser-800x800-1.png\",\"contentUrl\":\"https:\\\/\\\/dfvcg-events.de\\\/sustainability-summit\\\/wp-content\\\/uploads\\\/sites\\\/33\\\/2025\\\/06\\\/dfvcg-TW-SS25-Teaser-800x800-1.png\",\"width\":800,\"height\":800,\"caption\":\"TW Sustainability Summit 2025\"},\"image\":{\"@id\":\"https:\\\/\\\/dfvcg-events.de\\\/sustainability-day\\\/#\\\/schema\\\/logo\\\/image\\\/\"}}]}<\/script>\n<!-- \/ Yoast SEO plugin. -->","yoast_head_json":{"title":"Referent: Prof. Dr. Maike Rabe | TextilWirtschaft Sustainability Day","description":"TextilWirtschaft Sustainability Day | Begr\u00fc\u00dfen Sie auf der B\u00fchne: Prof. Dr. Maike Rabe","robots":{"index":"index","follow":"follow","max-snippet":"max-snippet:-1","max-image-preview":"max-image-preview:large","max-video-preview":"max-video-preview:-1"},"canonical":"https:\/\/dfvcg-events.de\/sustainability-day\/vortragend\/maike-rabe\/","og_locale":"de_DE","og_type":"article","og_title":"Referent: Prof. Dr. Maike Rabe | TextilWirtschaft Sustainability Day","og_description":"TextilWirtschaft Sustainability Day | Begr\u00fc\u00dfen Sie auf der B\u00fchne: Prof. Dr. Maike Rabe","og_url":"https:\/\/dfvcg-events.de\/sustainability-day\/vortragend\/maike-rabe\/","og_site_name":"TextilWirtschaft Sustainability Day","article_modified_time":"2024-04-22T12:57:09+00:00","og_image":[{"width":800,"height":400,"url":"https:\/\/dfvcg-events.de\/sustainability-day\/wp-content\/uploads\/sites\/33\/2025\/06\/dfvcg-TW-SS25-Teaser-800x400-1.png","type":"image\/png"}],"twitter_card":"summary_large_image","twitter_misc":{"Gesch\u00e4tzte Lesezeit":"2\u00a0Minuten"},"schema":{"@context":"https:\/\/schema.org","@graph":[{"@type":"WebPage","@id":"https:\/\/dfvcg-events.de\/sustainability-day\/vortragend\/maike-rabe\/","url":"https:\/\/dfvcg-events.de\/sustainability-day\/vortragend\/maike-rabe\/","name":"Referent: Prof. Dr. Maike Rabe | TextilWirtschaft Sustainability Day","isPartOf":{"@id":"https:\/\/dfvcg-events.de\/sustainability-day\/#website"},"datePublished":"2024-04-22T12:40:26+00:00","dateModified":"2024-04-22T12:57:09+00:00","description":"TextilWirtschaft Sustainability Day | Begr\u00fc\u00dfen Sie auf der B\u00fchne: Prof. Dr. Maike Rabe","breadcrumb":{"@id":"https:\/\/dfvcg-events.de\/sustainability-day\/vortragend\/maike-rabe\/#breadcrumb"},"inLanguage":"de","potentialAction":[{"@type":"ReadAction","target":["https:\/\/dfvcg-events.de\/sustainability-day\/vortragend\/maike-rabe\/"]}]},{"@type":"BreadcrumbList","@id":"https:\/\/dfvcg-events.de\/sustainability-day\/vortragend\/maike-rabe\/#breadcrumb","itemListElement":[{"@type":"ListItem","position":1,"name":"Startseite","item":"https:\/\/dfvcg-events.de\/sustainability-day\/"},{"@type":"ListItem","position":2,"name":"Prof. Dr. Maike Rabe"}]},{"@type":"WebSite","@id":"https:\/\/dfvcg-events.de\/sustainability-day\/#website","url":"https:\/\/dfvcg-events.de\/sustainability-day\/","name":"TW Sustainability Summit 2025","description":"Der Nachhaltigkeitskongress f\u00fcr die Fashion-Branche","publisher":{"@id":"https:\/\/dfvcg-events.de\/sustainability-day\/#organization"},"alternateName":"dfv Conference Group | TextilWirtschaft","potentialAction":[{"@type":"SearchAction","target":{"@type":"EntryPoint","urlTemplate":"https:\/\/dfvcg-events.de\/sustainability-day\/?s={search_term_string}"},"query-input":{"@type":"PropertyValueSpecification","valueRequired":true,"valueName":"search_term_string"}}],"inLanguage":"de"},{"@type":"Organization","@id":"https:\/\/dfvcg-events.de\/sustainability-day\/#organization","name":"TW Sustainability Summit 2025","alternateName":"dfv Conference Group | TextilWirtschaft","url":"https:\/\/dfvcg-events.de\/sustainability-day\/","logo":{"@type":"ImageObject","inLanguage":"de","@id":"https:\/\/dfvcg-events.de\/sustainability-day\/#\/schema\/logo\/image\/","url":"https:\/\/dfvcg-events.de\/sustainability-summit\/wp-content\/uploads\/sites\/33\/2025\/06\/dfvcg-TW-SS25-Teaser-800x800-1.png","contentUrl":"https:\/\/dfvcg-events.de\/sustainability-summit\/wp-content\/uploads\/sites\/33\/2025\/06\/dfvcg-TW-SS25-Teaser-800x800-1.png","width":800,"height":800,"caption":"TW Sustainability Summit 2025"},"image":{"@id":"https:\/\/dfvcg-events.de\/sustainability-day\/#\/schema\/logo\/image\/"}}]}},"_links":{"self":[{"href":"https:\/\/dfvcg-events.de\/sustainability-day\/wp-json\/wp\/v2\/portfolio\/3798","targetHints":{"allow":["GET"]}}],"collection":[{"href":"https:\/\/dfvcg-events.de\/sustainability-day\/wp-json\/wp\/v2\/portfolio"}],"about":[{"href":"https:\/\/dfvcg-events.de\/sustainability-day\/wp-json\/wp\/v2\/types\/portfolio"}],"author":[{"embeddable":true,"href":"https:\/\/dfvcg-events.de\/sustainability-day\/wp-json\/wp\/v2\/users\/19"}],"replies":[{"embeddable":true,"href":"https:\/\/dfvcg-events.de\/sustainability-day\/wp-json\/wp\/v2\/comments?post=3798"}],"version-history":[{"count":0,"href":"https:\/\/dfvcg-events.de\/sustainability-day\/wp-json\/wp\/v2\/portfolio\/3798\/revisions"}],"wp:attachment":[{"href":"https:\/\/dfvcg-events.de\/sustainability-day\/wp-json\/wp\/v2\/media?parent=3798"}],"wp:term":[{"taxonomy":"post_tag","embeddable":true,"href":"https:\/\/dfvcg-events.de\/sustainability-day\/wp-json\/wp\/v2\/tags?post=3798"},{"taxonomy":"portfolio_entries","embeddable":true,"href":"https:\/\/dfvcg-events.de\/sustainability-day\/wp-json\/wp\/v2\/portfolio_entries?post=3798"}],"curies":[{"name":"wp","href":"https:\/\/api.w.org\/{rel}","templated":true}]}}