{"id":3092,"date":"2023-02-17T10:53:22","date_gmt":"2023-02-17T09:53:22","guid":{"rendered":"https:\/\/dfvcg-events.de\/sustainability-summit\/?post_type=portfolio&#038;p=3092"},"modified":"2023-02-27T15:08:15","modified_gmt":"2023-02-27T14:08:15","slug":"kristina-kohler","status":"publish","type":"portfolio","link":"https:\/\/dfvcg-events.de\/sustainability-day\/vortragend\/kristina-kohler\/","title":{"rendered":"Kristina Kohler"},"content":{"rendered":"\n<style type=\"text\/css\" data-created_by=\"avia_inline_auto\" id=\"style-css-av-1hpil-9666fe4db9abbb55e16afcaa46b74565\">\n.flex_column.av-1hpil-9666fe4db9abbb55e16afcaa46b74565{\nborder-radius:0px 0px 0px 0px;\npadding:0px 0px 0px 0px;\n}\n<\/style>\n<div  class='flex_column av-1hpil-9666fe4db9abbb55e16afcaa46b74565 av_one_third  avia-builder-el-0  el_before_av_two_third  avia-builder-el-first  first flex_column_div av-zero-column-padding  '     ><style type=\"text\/css\" data-created_by=\"avia_inline_auto\" id=\"style-css-av-k7z57foz-ace051c2f2bd4259a0e312a8dec27742\">\n.avia-image-container.av-k7z57foz-ace051c2f2bd4259a0e312a8dec27742 img.avia_image{\nbox-shadow:none;\n}\n.avia-image-container.av-k7z57foz-ace051c2f2bd4259a0e312a8dec27742 .av-image-caption-overlay-center{\ncolor:#ffffff;\n}\n<\/style>\n<div  class='avia-image-container av-k7z57foz-ace051c2f2bd4259a0e312a8dec27742 av-styling-no-styling avia-align-center  avia-builder-el-1  avia-builder-el-no-sibling '   itemprop=\"image\" itemscope=\"itemscope\" itemtype=\"https:\/\/schema.org\/ImageObject\" ><div class=\"avia-image-container-inner\"><div class=\"avia-image-overlay-wrap\"><img class='avia_image ' src='https:\/\/dfvcg-events.de\/sustainability-summit\/wp-content\/uploads\/sites\/33\/2023\/02\/Kohler_Kristina_WEB.jpg' alt='' title=''   itemprop=\"thumbnailUrl\"  \/><\/div><\/div><\/div><\/div>\n\n<style type=\"text\/css\" data-created_by=\"avia_inline_auto\" id=\"style-css-av-q939-36bd9e2970eba44b209398e6adaba9f5\">\n.flex_column.av-q939-36bd9e2970eba44b209398e6adaba9f5{\nborder-radius:0px 0px 0px 0px;\npadding:0px 0px 0px 0px;\n}\n<\/style>\n<div  class='flex_column av-q939-36bd9e2970eba44b209398e6adaba9f5 av_two_third  avia-builder-el-2  el_after_av_one_third  avia-builder-el-last  flex_column_div av-zero-column-padding  '     ><p>\n<style type=\"text\/css\" data-created_by=\"avia_inline_auto\" id=\"style-css-av-kocwcing-fa4a30e272eaa86b64701389eb70da70\">\n#top .av-special-heading.av-kocwcing-fa4a30e272eaa86b64701389eb70da70{\npadding-bottom:10px;\n}\nbody .av-special-heading.av-kocwcing-fa4a30e272eaa86b64701389eb70da70 .av-special-heading-tag .heading-char{\nfont-size:25px;\n}\n.av-special-heading.av-kocwcing-fa4a30e272eaa86b64701389eb70da70 .av-subheading{\nfont-size:19px;\n}\n<\/style>\n<div  class='av-special-heading av-kocwcing-fa4a30e272eaa86b64701389eb70da70 av-special-heading-h2 blockquote modern-quote  avia-builder-el-3  el_before_av_textblock  avia-builder-el-first '><h2 class='av-special-heading-tag '  itemprop=\"headline\"  >Kristina Kohler<\/h2><div class='av-subheading av-subheading_below'><p>MBA, Principal Consultant Sustainability Engagement &amp; Communications<br \/>\nQuantis<\/p>\n<\/div><div class=\"special-heading-border\"><div class=\"special-heading-inner-border\"><\/div><\/div><\/div><br \/>\n<section  class='av_textblock_section av-k7yuci90-f8534781240039b49d63e38b610912bf '   itemscope=\"itemscope\" itemtype=\"https:\/\/schema.org\/CreativeWork\" ><div class='avia_textblock'  itemprop=\"text\" ><p>Kristina verf\u00fcgt \u00fcber 25 Jahre umfassende Expertise im Marketing, Innovation und Strategieentwicklung f\u00fcr B2C- und B2B-Marken aus unterschiedlichen Sektoren. Seit \u00fcber 10 Jahren verfolgt sie ihre Leidenschaft, unsere Umwelt zu sch\u00fctzen und hat im Wasser-, sowohl als auch Klimabereich, verschiedenste Multistakeholder-Plattformen und -Projekte f\u00fcr f\u00fchrende US- und EU-Innovationsinitiative geleitet. Bei Quantis konzentriert sie sich seit 2021 auf die Beratung von Kunden in der Konsumg\u00fcterbranche, darunter internationale Brands und Hersteller in der Textilwirtschaft, und leitet das Team Stakeholder Engagement &amp; Sustainability Communications in Deutschland.<\/p>\n<\/div><\/section><\/p><\/div>\n","protected":false},"excerpt":{"rendered":"<p>Quantis <\/p>\n","protected":false},"author":21,"featured_media":0,"comment_status":"closed","ping_status":"closed","template":"","meta":{"footnotes":""},"tags":[],"portfolio_entries":[44],"class_list":["post-3092","portfolio","type-portfolio","status-publish","hentry","portfolio_entries-vortragend-2023"],"yoast_head":"<!-- This site is optimized with the Yoast SEO plugin v27.4 - https:\/\/yoast.com\/product\/yoast-seo-wordpress\/ -->\n<title>Referent: Kristina Kohler | TextilWirtschaft Sustainability Day<\/title>\n<meta name=\"description\" content=\"TextilWirtschaft Sustainability Day | Begr\u00fc\u00dfen Sie auf der B\u00fchne: Kristina Kohler\" \/>\n<meta name=\"robots\" content=\"index, follow, max-snippet:-1, max-image-preview:large, max-video-preview:-1\" \/>\n<link rel=\"canonical\" href=\"https:\/\/dfvcg-events.de\/sustainability-day\/vortragend\/kristina-kohler\/\" \/>\n<meta property=\"og:locale\" content=\"de_DE\" \/>\n<meta property=\"og:type\" content=\"article\" \/>\n<meta property=\"og:title\" content=\"Referent: Kristina Kohler | TextilWirtschaft Sustainability Day\" \/>\n<meta property=\"og:description\" content=\"TextilWirtschaft Sustainability Day | Begr\u00fc\u00dfen Sie auf der B\u00fchne: Kristina Kohler\" \/>\n<meta property=\"og:url\" content=\"https:\/\/dfvcg-events.de\/sustainability-day\/vortragend\/kristina-kohler\/\" \/>\n<meta property=\"og:site_name\" content=\"TextilWirtschaft Sustainability Day\" \/>\n<meta property=\"article:modified_time\" content=\"2023-02-27T14:08:15+00:00\" \/>\n<meta property=\"og:image\" content=\"https:\/\/dfvcg-events.de\/sustainability-day\/wp-content\/uploads\/sites\/33\/2025\/06\/dfvcg-TW-SS25-Teaser-800x400-1.png\" \/>\n\t<meta property=\"og:image:width\" content=\"800\" \/>\n\t<meta property=\"og:image:height\" content=\"400\" \/>\n\t<meta property=\"og:image:type\" content=\"image\/png\" \/>\n<meta name=\"twitter:card\" content=\"summary_large_image\" \/>\n<meta name=\"twitter:label1\" content=\"Gesch\u00e4tzte Lesezeit\" \/>\n\t<meta name=\"twitter:data1\" content=\"2\u00a0Minuten\" \/>\n<script type=\"application\/ld+json\" class=\"yoast-schema-graph\">{\"@context\":\"https:\\\/\\\/schema.org\",\"@graph\":[{\"@type\":\"WebPage\",\"@id\":\"https:\\\/\\\/dfvcg-events.de\\\/sustainability-day\\\/vortragend\\\/kristina-kohler\\\/\",\"url\":\"https:\\\/\\\/dfvcg-events.de\\\/sustainability-day\\\/vortragend\\\/kristina-kohler\\\/\",\"name\":\"Referent: Kristina Kohler | TextilWirtschaft Sustainability Day\",\"isPartOf\":{\"@id\":\"https:\\\/\\\/dfvcg-events.de\\\/sustainability-day\\\/#website\"},\"datePublished\":\"2023-02-17T09:53:22+00:00\",\"dateModified\":\"2023-02-27T14:08:15+00:00\",\"description\":\"TextilWirtschaft Sustainability Day | Begr\u00fc\u00dfen Sie auf der B\u00fchne: Kristina Kohler\",\"breadcrumb\":{\"@id\":\"https:\\\/\\\/dfvcg-events.de\\\/sustainability-day\\\/vortragend\\\/kristina-kohler\\\/#breadcrumb\"},\"inLanguage\":\"de\",\"potentialAction\":[{\"@type\":\"ReadAction\",\"target\":[\"https:\\\/\\\/dfvcg-events.de\\\/sustainability-day\\\/vortragend\\\/kristina-kohler\\\/\"]}]},{\"@type\":\"BreadcrumbList\",\"@id\":\"https:\\\/\\\/dfvcg-events.de\\\/sustainability-day\\\/vortragend\\\/kristina-kohler\\\/#breadcrumb\",\"itemListElement\":[{\"@type\":\"ListItem\",\"position\":1,\"name\":\"Startseite\",\"item\":\"https:\\\/\\\/dfvcg-events.de\\\/sustainability-day\\\/\"},{\"@type\":\"ListItem\",\"position\":2,\"name\":\"Kristina Kohler\"}]},{\"@type\":\"WebSite\",\"@id\":\"https:\\\/\\\/dfvcg-events.de\\\/sustainability-day\\\/#website\",\"url\":\"https:\\\/\\\/dfvcg-events.de\\\/sustainability-day\\\/\",\"name\":\"TW Sustainability Summit 2025\",\"description\":\"Der Nachhaltigkeitskongress f\u00fcr die Fashion-Branche\",\"publisher\":{\"@id\":\"https:\\\/\\\/dfvcg-events.de\\\/sustainability-day\\\/#organization\"},\"alternateName\":\"dfv Conference Group | TextilWirtschaft\",\"potentialAction\":[{\"@type\":\"SearchAction\",\"target\":{\"@type\":\"EntryPoint\",\"urlTemplate\":\"https:\\\/\\\/dfvcg-events.de\\\/sustainability-day\\\/?s={search_term_string}\"},\"query-input\":{\"@type\":\"PropertyValueSpecification\",\"valueRequired\":true,\"valueName\":\"search_term_string\"}}],\"inLanguage\":\"de\"},{\"@type\":\"Organization\",\"@id\":\"https:\\\/\\\/dfvcg-events.de\\\/sustainability-day\\\/#organization\",\"name\":\"TW Sustainability Summit 2025\",\"alternateName\":\"dfv Conference Group | TextilWirtschaft\",\"url\":\"https:\\\/\\\/dfvcg-events.de\\\/sustainability-day\\\/\",\"logo\":{\"@type\":\"ImageObject\",\"inLanguage\":\"de\",\"@id\":\"https:\\\/\\\/dfvcg-events.de\\\/sustainability-day\\\/#\\\/schema\\\/logo\\\/image\\\/\",\"url\":\"https:\\\/\\\/dfvcg-events.de\\\/sustainability-summit\\\/wp-content\\\/uploads\\\/sites\\\/33\\\/2025\\\/06\\\/dfvcg-TW-SS25-Teaser-800x800-1.png\",\"contentUrl\":\"https:\\\/\\\/dfvcg-events.de\\\/sustainability-summit\\\/wp-content\\\/uploads\\\/sites\\\/33\\\/2025\\\/06\\\/dfvcg-TW-SS25-Teaser-800x800-1.png\",\"width\":800,\"height\":800,\"caption\":\"TW Sustainability Summit 2025\"},\"image\":{\"@id\":\"https:\\\/\\\/dfvcg-events.de\\\/sustainability-day\\\/#\\\/schema\\\/logo\\\/image\\\/\"}}]}<\/script>\n<!-- \/ Yoast SEO plugin. -->","yoast_head_json":{"title":"Referent: Kristina Kohler | TextilWirtschaft Sustainability Day","description":"TextilWirtschaft Sustainability Day | Begr\u00fc\u00dfen Sie auf der B\u00fchne: Kristina Kohler","robots":{"index":"index","follow":"follow","max-snippet":"max-snippet:-1","max-image-preview":"max-image-preview:large","max-video-preview":"max-video-preview:-1"},"canonical":"https:\/\/dfvcg-events.de\/sustainability-day\/vortragend\/kristina-kohler\/","og_locale":"de_DE","og_type":"article","og_title":"Referent: Kristina Kohler | TextilWirtschaft Sustainability Day","og_description":"TextilWirtschaft Sustainability Day | Begr\u00fc\u00dfen Sie auf der B\u00fchne: Kristina Kohler","og_url":"https:\/\/dfvcg-events.de\/sustainability-day\/vortragend\/kristina-kohler\/","og_site_name":"TextilWirtschaft Sustainability Day","article_modified_time":"2023-02-27T14:08:15+00:00","og_image":[{"width":800,"height":400,"url":"https:\/\/dfvcg-events.de\/sustainability-day\/wp-content\/uploads\/sites\/33\/2025\/06\/dfvcg-TW-SS25-Teaser-800x400-1.png","type":"image\/png"}],"twitter_card":"summary_large_image","twitter_misc":{"Gesch\u00e4tzte Lesezeit":"2\u00a0Minuten"},"schema":{"@context":"https:\/\/schema.org","@graph":[{"@type":"WebPage","@id":"https:\/\/dfvcg-events.de\/sustainability-day\/vortragend\/kristina-kohler\/","url":"https:\/\/dfvcg-events.de\/sustainability-day\/vortragend\/kristina-kohler\/","name":"Referent: Kristina Kohler | TextilWirtschaft Sustainability Day","isPartOf":{"@id":"https:\/\/dfvcg-events.de\/sustainability-day\/#website"},"datePublished":"2023-02-17T09:53:22+00:00","dateModified":"2023-02-27T14:08:15+00:00","description":"TextilWirtschaft Sustainability Day | Begr\u00fc\u00dfen Sie auf der B\u00fchne: Kristina Kohler","breadcrumb":{"@id":"https:\/\/dfvcg-events.de\/sustainability-day\/vortragend\/kristina-kohler\/#breadcrumb"},"inLanguage":"de","potentialAction":[{"@type":"ReadAction","target":["https:\/\/dfvcg-events.de\/sustainability-day\/vortragend\/kristina-kohler\/"]}]},{"@type":"BreadcrumbList","@id":"https:\/\/dfvcg-events.de\/sustainability-day\/vortragend\/kristina-kohler\/#breadcrumb","itemListElement":[{"@type":"ListItem","position":1,"name":"Startseite","item":"https:\/\/dfvcg-events.de\/sustainability-day\/"},{"@type":"ListItem","position":2,"name":"Kristina Kohler"}]},{"@type":"WebSite","@id":"https:\/\/dfvcg-events.de\/sustainability-day\/#website","url":"https:\/\/dfvcg-events.de\/sustainability-day\/","name":"TW Sustainability Summit 2025","description":"Der Nachhaltigkeitskongress f\u00fcr die Fashion-Branche","publisher":{"@id":"https:\/\/dfvcg-events.de\/sustainability-day\/#organization"},"alternateName":"dfv Conference Group | TextilWirtschaft","potentialAction":[{"@type":"SearchAction","target":{"@type":"EntryPoint","urlTemplate":"https:\/\/dfvcg-events.de\/sustainability-day\/?s={search_term_string}"},"query-input":{"@type":"PropertyValueSpecification","valueRequired":true,"valueName":"search_term_string"}}],"inLanguage":"de"},{"@type":"Organization","@id":"https:\/\/dfvcg-events.de\/sustainability-day\/#organization","name":"TW Sustainability Summit 2025","alternateName":"dfv Conference Group | TextilWirtschaft","url":"https:\/\/dfvcg-events.de\/sustainability-day\/","logo":{"@type":"ImageObject","inLanguage":"de","@id":"https:\/\/dfvcg-events.de\/sustainability-day\/#\/schema\/logo\/image\/","url":"https:\/\/dfvcg-events.de\/sustainability-summit\/wp-content\/uploads\/sites\/33\/2025\/06\/dfvcg-TW-SS25-Teaser-800x800-1.png","contentUrl":"https:\/\/dfvcg-events.de\/sustainability-summit\/wp-content\/uploads\/sites\/33\/2025\/06\/dfvcg-TW-SS25-Teaser-800x800-1.png","width":800,"height":800,"caption":"TW Sustainability Summit 2025"},"image":{"@id":"https:\/\/dfvcg-events.de\/sustainability-day\/#\/schema\/logo\/image\/"}}]}},"_links":{"self":[{"href":"https:\/\/dfvcg-events.de\/sustainability-day\/wp-json\/wp\/v2\/portfolio\/3092","targetHints":{"allow":["GET"]}}],"collection":[{"href":"https:\/\/dfvcg-events.de\/sustainability-day\/wp-json\/wp\/v2\/portfolio"}],"about":[{"href":"https:\/\/dfvcg-events.de\/sustainability-day\/wp-json\/wp\/v2\/types\/portfolio"}],"author":[{"embeddable":true,"href":"https:\/\/dfvcg-events.de\/sustainability-day\/wp-json\/wp\/v2\/users\/21"}],"replies":[{"embeddable":true,"href":"https:\/\/dfvcg-events.de\/sustainability-day\/wp-json\/wp\/v2\/comments?post=3092"}],"version-history":[{"count":0,"href":"https:\/\/dfvcg-events.de\/sustainability-day\/wp-json\/wp\/v2\/portfolio\/3092\/revisions"}],"wp:attachment":[{"href":"https:\/\/dfvcg-events.de\/sustainability-day\/wp-json\/wp\/v2\/media?parent=3092"}],"wp:term":[{"taxonomy":"post_tag","embeddable":true,"href":"https:\/\/dfvcg-events.de\/sustainability-day\/wp-json\/wp\/v2\/tags?post=3092"},{"taxonomy":"portfolio_entries","embeddable":true,"href":"https:\/\/dfvcg-events.de\/sustainability-day\/wp-json\/wp\/v2\/portfolio_entries?post=3092"}],"curies":[{"name":"wp","href":"https:\/\/api.w.org\/{rel}","templated":true}]}}