{"id":2259,"date":"2022-05-03T16:52:42","date_gmt":"2022-05-03T14:52:42","guid":{"rendered":"https:\/\/dfvcg-events.de\/sustainability-summit\/?post_type=portfolio&#038;p=2259"},"modified":"2022-05-03T16:52:42","modified_gmt":"2022-05-03T14:52:42","slug":"juliane-nowakowski","status":"publish","type":"portfolio","link":"https:\/\/dfvcg-events.de\/sustainability-day\/vortragend\/juliane-nowakowski\/","title":{"rendered":"Juliane Nowakowski"},"content":{"rendered":"\n<style type=\"text\/css\" data-created_by=\"avia_inline_auto\" id=\"style-css-av-1hpil-9666fe4db9abbb55e16afcaa46b74565\">\n.flex_column.av-1hpil-9666fe4db9abbb55e16afcaa46b74565{\nborder-radius:0px 0px 0px 0px;\npadding:0px 0px 0px 0px;\n}\n<\/style>\n<div  class='flex_column av-1hpil-9666fe4db9abbb55e16afcaa46b74565 av_one_third  avia-builder-el-0  el_before_av_two_third  avia-builder-el-first  first flex_column_div av-zero-column-padding  '     ><style type=\"text\/css\" data-created_by=\"avia_inline_auto\" id=\"style-css-av-k7z57foz-bd2ac821c512ded135f3b56eca71dcbd\">\n.avia-image-container.av-k7z57foz-bd2ac821c512ded135f3b56eca71dcbd img.avia_image{\nbox-shadow:none;\n}\n.avia-image-container.av-k7z57foz-bd2ac821c512ded135f3b56eca71dcbd .av-image-caption-overlay-center{\ncolor:#ffffff;\n}\n<\/style>\n<div  class='avia-image-container av-k7z57foz-bd2ac821c512ded135f3b56eca71dcbd av-styling-no-styling avia-align-center  avia-builder-el-1  avia-builder-el-no-sibling '   itemprop=\"image\" itemscope=\"itemscope\" itemtype=\"https:\/\/schema.org\/ImageObject\" ><div class=\"avia-image-container-inner\"><div class=\"avia-image-overlay-wrap\"><img class='avia_image ' src='https:\/\/dfvcg-events.de\/sustainability-day\/wp-content\/uploads\/sites\/33\/2022\/05\/Nowakowski_Juliane_Sustainability_Summit_Mainz_2022.jpg' alt='' title='Nowakowski_Juliane_Sustainability_Summit_Mainz_2022'  height=\"2662\" width=\"1998\"  itemprop=\"thumbnailUrl\"  \/><\/div><\/div><\/div><\/div>\n\n<style type=\"text\/css\" data-created_by=\"avia_inline_auto\" id=\"style-css-av-q939-36bd9e2970eba44b209398e6adaba9f5\">\n.flex_column.av-q939-36bd9e2970eba44b209398e6adaba9f5{\nborder-radius:0px 0px 0px 0px;\npadding:0px 0px 0px 0px;\n}\n<\/style>\n<div  class='flex_column av-q939-36bd9e2970eba44b209398e6adaba9f5 av_two_third  avia-builder-el-2  el_after_av_one_third  avia-builder-el-last  flex_column_div av-zero-column-padding  '     ><p>\n<style type=\"text\/css\" data-created_by=\"avia_inline_auto\" id=\"style-css-av-kocwcing-b28b184d68227fc3a76418eda356c0d4\">\n#top .av-special-heading.av-kocwcing-b28b184d68227fc3a76418eda356c0d4{\npadding-bottom:10px;\n}\nbody .av-special-heading.av-kocwcing-b28b184d68227fc3a76418eda356c0d4 .av-special-heading-tag .heading-char{\nfont-size:25px;\n}\n.av-special-heading.av-kocwcing-b28b184d68227fc3a76418eda356c0d4 .av-subheading{\nfont-size:19px;\n}\n<\/style>\n<div  class='av-special-heading av-kocwcing-b28b184d68227fc3a76418eda356c0d4 av-special-heading-h2 blockquote modern-quote  avia-builder-el-3  el_before_av_textblock  avia-builder-el-first '><h2 class='av-special-heading-tag '  itemprop=\"headline\"  >Juliane Nowakowski<\/h2><div class='av-subheading av-subheading_below'><p>Head of Sustainability &amp; Corporate Responsibility<br \/>\nTOM TAILOR<\/p>\n<\/div><div class=\"special-heading-border\"><div class=\"special-heading-inner-border\"><\/div><\/div><\/div><br \/>\n<section  class='av_textblock_section av-k7yuci90-f8534781240039b49d63e38b610912bf '   itemscope=\"itemscope\" itemtype=\"https:\/\/schema.org\/CreativeWork\" ><div class='avia_textblock'  itemprop=\"text\" ><p>Juliane Nowakowski setzt sich f\u00fcr Wandel und Umdenken ein. Als studierte Wirtschaftspsychologin &amp; erfahrene Projektmanagerin, geht sie die Dinge strategisch &#8211; vor allem aber nachhaltig &#8211; an. Bei der Definition von BE PART, Tom Tailors Vision einer bewussteren Modewelt, brachte sie strategisches Denken &amp; nachhaltiges Mindset zusammen und tr\u00e4gt seither ma\u00dfgeblich zu der erfolgreichen Umsetzung bei. Seit April 2022 ist Juliane Head of Sustainability &amp; Corporate Responsibility des Hamburger Unternehmens.<\/p>\n<p>Bevor Juliane im Februar 2019 bei Tom Tailor beginnt, ist sie neun Jahre lang f\u00fcr den Young Fashion Retailer NEW YORKER t\u00e4tig. Nach ihrem dualen Studium in dem Unternehmen durchl\u00e4uft sie die Bereiche Assistenz der Gesch\u00e4ftsf\u00fchrung sowie das Corporate Development &amp; New Business.<\/p>\n<\/div><\/section><\/p><\/div>\n","protected":false},"excerpt":{"rendered":"<p>TOM TAILOR<\/p>\n","protected":false},"author":19,"featured_media":2257,"comment_status":"closed","ping_status":"closed","template":"","meta":{"footnotes":""},"tags":[],"portfolio_entries":[40,39],"class_list":["post-2259","portfolio","type-portfolio","status-publish","has-post-thumbnail","hentry","portfolio_entries-referent-2022","portfolio_entries-referent-2022-feature"],"yoast_head":"<!-- This site is optimized with the Yoast SEO plugin v27.4 - https:\/\/yoast.com\/product\/yoast-seo-wordpress\/ -->\n<title>Referent: Juliane Nowakowski | TextilWirtschaft Sustainability Day<\/title>\n<meta name=\"description\" content=\"TextilWirtschaft Sustainability Day | Begr\u00fc\u00dfen Sie auf der B\u00fchne: Juliane Nowakowski\" \/>\n<meta name=\"robots\" content=\"index, follow, max-snippet:-1, max-image-preview:large, max-video-preview:-1\" \/>\n<link rel=\"canonical\" href=\"https:\/\/dfvcg-events.de\/sustainability-day\/vortragend\/juliane-nowakowski\/\" \/>\n<meta property=\"og:locale\" content=\"de_DE\" \/>\n<meta property=\"og:type\" content=\"article\" \/>\n<meta property=\"og:title\" content=\"Referent: Juliane Nowakowski | TextilWirtschaft Sustainability Day\" \/>\n<meta property=\"og:description\" content=\"TextilWirtschaft Sustainability Day | Begr\u00fc\u00dfen Sie auf der B\u00fchne: Juliane Nowakowski\" \/>\n<meta property=\"og:url\" content=\"https:\/\/dfvcg-events.de\/sustainability-day\/vortragend\/juliane-nowakowski\/\" \/>\n<meta property=\"og:site_name\" content=\"TextilWirtschaft Sustainability Day\" \/>\n<meta property=\"og:image\" content=\"https:\/\/dfvcg-events.de\/sustainability-day\/wp-content\/uploads\/sites\/33\/2022\/05\/Nowakowski_Juliane_Sustainability_Summit_Mainz_2022.jpg\" \/>\n\t<meta property=\"og:image:width\" content=\"1998\" \/>\n\t<meta property=\"og:image:height\" content=\"2662\" \/>\n\t<meta property=\"og:image:type\" content=\"image\/jpeg\" \/>\n<meta name=\"twitter:card\" content=\"summary_large_image\" \/>\n<meta name=\"twitter:label1\" content=\"Gesch\u00e4tzte Lesezeit\" \/>\n\t<meta name=\"twitter:data1\" content=\"3\u00a0Minuten\" \/>\n<script type=\"application\/ld+json\" class=\"yoast-schema-graph\">{\"@context\":\"https:\\\/\\\/schema.org\",\"@graph\":[{\"@type\":\"WebPage\",\"@id\":\"https:\\\/\\\/dfvcg-events.de\\\/sustainability-day\\\/vortragend\\\/juliane-nowakowski\\\/\",\"url\":\"https:\\\/\\\/dfvcg-events.de\\\/sustainability-day\\\/vortragend\\\/juliane-nowakowski\\\/\",\"name\":\"Referent: Juliane Nowakowski | TextilWirtschaft Sustainability Day\",\"isPartOf\":{\"@id\":\"https:\\\/\\\/dfvcg-events.de\\\/sustainability-day\\\/#website\"},\"primaryImageOfPage\":{\"@id\":\"https:\\\/\\\/dfvcg-events.de\\\/sustainability-day\\\/vortragend\\\/juliane-nowakowski\\\/#primaryimage\"},\"image\":{\"@id\":\"https:\\\/\\\/dfvcg-events.de\\\/sustainability-day\\\/vortragend\\\/juliane-nowakowski\\\/#primaryimage\"},\"thumbnailUrl\":\"https:\\\/\\\/dfvcg-events.de\\\/sustainability-day\\\/wp-content\\\/uploads\\\/sites\\\/33\\\/2022\\\/05\\\/Nowakowski_Juliane_Sustainability_Summit_Mainz_2022.jpg\",\"datePublished\":\"2022-05-03T14:52:42+00:00\",\"description\":\"TextilWirtschaft Sustainability Day | Begr\u00fc\u00dfen Sie auf der B\u00fchne: Juliane Nowakowski\",\"breadcrumb\":{\"@id\":\"https:\\\/\\\/dfvcg-events.de\\\/sustainability-day\\\/vortragend\\\/juliane-nowakowski\\\/#breadcrumb\"},\"inLanguage\":\"de\",\"potentialAction\":[{\"@type\":\"ReadAction\",\"target\":[\"https:\\\/\\\/dfvcg-events.de\\\/sustainability-day\\\/vortragend\\\/juliane-nowakowski\\\/\"]}]},{\"@type\":\"ImageObject\",\"inLanguage\":\"de\",\"@id\":\"https:\\\/\\\/dfvcg-events.de\\\/sustainability-day\\\/vortragend\\\/juliane-nowakowski\\\/#primaryimage\",\"url\":\"https:\\\/\\\/dfvcg-events.de\\\/sustainability-day\\\/wp-content\\\/uploads\\\/sites\\\/33\\\/2022\\\/05\\\/Nowakowski_Juliane_Sustainability_Summit_Mainz_2022.jpg\",\"contentUrl\":\"https:\\\/\\\/dfvcg-events.de\\\/sustainability-day\\\/wp-content\\\/uploads\\\/sites\\\/33\\\/2022\\\/05\\\/Nowakowski_Juliane_Sustainability_Summit_Mainz_2022.jpg\",\"width\":1998,\"height\":2662},{\"@type\":\"BreadcrumbList\",\"@id\":\"https:\\\/\\\/dfvcg-events.de\\\/sustainability-day\\\/vortragend\\\/juliane-nowakowski\\\/#breadcrumb\",\"itemListElement\":[{\"@type\":\"ListItem\",\"position\":1,\"name\":\"Startseite\",\"item\":\"https:\\\/\\\/dfvcg-events.de\\\/sustainability-day\\\/\"},{\"@type\":\"ListItem\",\"position\":2,\"name\":\"Juliane Nowakowski\"}]},{\"@type\":\"WebSite\",\"@id\":\"https:\\\/\\\/dfvcg-events.de\\\/sustainability-day\\\/#website\",\"url\":\"https:\\\/\\\/dfvcg-events.de\\\/sustainability-day\\\/\",\"name\":\"TW Sustainability Summit 2025\",\"description\":\"Der Nachhaltigkeitskongress f\u00fcr die Fashion-Branche\",\"publisher\":{\"@id\":\"https:\\\/\\\/dfvcg-events.de\\\/sustainability-day\\\/#organization\"},\"alternateName\":\"dfv Conference Group | TextilWirtschaft\",\"potentialAction\":[{\"@type\":\"SearchAction\",\"target\":{\"@type\":\"EntryPoint\",\"urlTemplate\":\"https:\\\/\\\/dfvcg-events.de\\\/sustainability-day\\\/?s={search_term_string}\"},\"query-input\":{\"@type\":\"PropertyValueSpecification\",\"valueRequired\":true,\"valueName\":\"search_term_string\"}}],\"inLanguage\":\"de\"},{\"@type\":\"Organization\",\"@id\":\"https:\\\/\\\/dfvcg-events.de\\\/sustainability-day\\\/#organization\",\"name\":\"TW Sustainability Summit 2025\",\"alternateName\":\"dfv Conference Group | TextilWirtschaft\",\"url\":\"https:\\\/\\\/dfvcg-events.de\\\/sustainability-day\\\/\",\"logo\":{\"@type\":\"ImageObject\",\"inLanguage\":\"de\",\"@id\":\"https:\\\/\\\/dfvcg-events.de\\\/sustainability-day\\\/#\\\/schema\\\/logo\\\/image\\\/\",\"url\":\"https:\\\/\\\/dfvcg-events.de\\\/sustainability-summit\\\/wp-content\\\/uploads\\\/sites\\\/33\\\/2025\\\/06\\\/dfvcg-TW-SS25-Teaser-800x800-1.png\",\"contentUrl\":\"https:\\\/\\\/dfvcg-events.de\\\/sustainability-summit\\\/wp-content\\\/uploads\\\/sites\\\/33\\\/2025\\\/06\\\/dfvcg-TW-SS25-Teaser-800x800-1.png\",\"width\":800,\"height\":800,\"caption\":\"TW Sustainability Summit 2025\"},\"image\":{\"@id\":\"https:\\\/\\\/dfvcg-events.de\\\/sustainability-day\\\/#\\\/schema\\\/logo\\\/image\\\/\"}}]}<\/script>\n<!-- \/ Yoast SEO plugin. -->","yoast_head_json":{"title":"Referent: Juliane Nowakowski | TextilWirtschaft Sustainability Day","description":"TextilWirtschaft Sustainability Day | Begr\u00fc\u00dfen Sie auf der B\u00fchne: Juliane Nowakowski","robots":{"index":"index","follow":"follow","max-snippet":"max-snippet:-1","max-image-preview":"max-image-preview:large","max-video-preview":"max-video-preview:-1"},"canonical":"https:\/\/dfvcg-events.de\/sustainability-day\/vortragend\/juliane-nowakowski\/","og_locale":"de_DE","og_type":"article","og_title":"Referent: Juliane Nowakowski | TextilWirtschaft Sustainability Day","og_description":"TextilWirtschaft Sustainability Day | Begr\u00fc\u00dfen Sie auf der B\u00fchne: Juliane Nowakowski","og_url":"https:\/\/dfvcg-events.de\/sustainability-day\/vortragend\/juliane-nowakowski\/","og_site_name":"TextilWirtschaft Sustainability Day","og_image":[{"width":1998,"height":2662,"url":"https:\/\/dfvcg-events.de\/sustainability-day\/wp-content\/uploads\/sites\/33\/2022\/05\/Nowakowski_Juliane_Sustainability_Summit_Mainz_2022.jpg","type":"image\/jpeg"}],"twitter_card":"summary_large_image","twitter_misc":{"Gesch\u00e4tzte Lesezeit":"3\u00a0Minuten"},"schema":{"@context":"https:\/\/schema.org","@graph":[{"@type":"WebPage","@id":"https:\/\/dfvcg-events.de\/sustainability-day\/vortragend\/juliane-nowakowski\/","url":"https:\/\/dfvcg-events.de\/sustainability-day\/vortragend\/juliane-nowakowski\/","name":"Referent: Juliane Nowakowski | TextilWirtschaft Sustainability Day","isPartOf":{"@id":"https:\/\/dfvcg-events.de\/sustainability-day\/#website"},"primaryImageOfPage":{"@id":"https:\/\/dfvcg-events.de\/sustainability-day\/vortragend\/juliane-nowakowski\/#primaryimage"},"image":{"@id":"https:\/\/dfvcg-events.de\/sustainability-day\/vortragend\/juliane-nowakowski\/#primaryimage"},"thumbnailUrl":"https:\/\/dfvcg-events.de\/sustainability-day\/wp-content\/uploads\/sites\/33\/2022\/05\/Nowakowski_Juliane_Sustainability_Summit_Mainz_2022.jpg","datePublished":"2022-05-03T14:52:42+00:00","description":"TextilWirtschaft Sustainability Day | Begr\u00fc\u00dfen Sie auf der B\u00fchne: Juliane Nowakowski","breadcrumb":{"@id":"https:\/\/dfvcg-events.de\/sustainability-day\/vortragend\/juliane-nowakowski\/#breadcrumb"},"inLanguage":"de","potentialAction":[{"@type":"ReadAction","target":["https:\/\/dfvcg-events.de\/sustainability-day\/vortragend\/juliane-nowakowski\/"]}]},{"@type":"ImageObject","inLanguage":"de","@id":"https:\/\/dfvcg-events.de\/sustainability-day\/vortragend\/juliane-nowakowski\/#primaryimage","url":"https:\/\/dfvcg-events.de\/sustainability-day\/wp-content\/uploads\/sites\/33\/2022\/05\/Nowakowski_Juliane_Sustainability_Summit_Mainz_2022.jpg","contentUrl":"https:\/\/dfvcg-events.de\/sustainability-day\/wp-content\/uploads\/sites\/33\/2022\/05\/Nowakowski_Juliane_Sustainability_Summit_Mainz_2022.jpg","width":1998,"height":2662},{"@type":"BreadcrumbList","@id":"https:\/\/dfvcg-events.de\/sustainability-day\/vortragend\/juliane-nowakowski\/#breadcrumb","itemListElement":[{"@type":"ListItem","position":1,"name":"Startseite","item":"https:\/\/dfvcg-events.de\/sustainability-day\/"},{"@type":"ListItem","position":2,"name":"Juliane Nowakowski"}]},{"@type":"WebSite","@id":"https:\/\/dfvcg-events.de\/sustainability-day\/#website","url":"https:\/\/dfvcg-events.de\/sustainability-day\/","name":"TW Sustainability Summit 2025","description":"Der Nachhaltigkeitskongress f\u00fcr die Fashion-Branche","publisher":{"@id":"https:\/\/dfvcg-events.de\/sustainability-day\/#organization"},"alternateName":"dfv Conference Group | TextilWirtschaft","potentialAction":[{"@type":"SearchAction","target":{"@type":"EntryPoint","urlTemplate":"https:\/\/dfvcg-events.de\/sustainability-day\/?s={search_term_string}"},"query-input":{"@type":"PropertyValueSpecification","valueRequired":true,"valueName":"search_term_string"}}],"inLanguage":"de"},{"@type":"Organization","@id":"https:\/\/dfvcg-events.de\/sustainability-day\/#organization","name":"TW Sustainability Summit 2025","alternateName":"dfv Conference Group | TextilWirtschaft","url":"https:\/\/dfvcg-events.de\/sustainability-day\/","logo":{"@type":"ImageObject","inLanguage":"de","@id":"https:\/\/dfvcg-events.de\/sustainability-day\/#\/schema\/logo\/image\/","url":"https:\/\/dfvcg-events.de\/sustainability-summit\/wp-content\/uploads\/sites\/33\/2025\/06\/dfvcg-TW-SS25-Teaser-800x800-1.png","contentUrl":"https:\/\/dfvcg-events.de\/sustainability-summit\/wp-content\/uploads\/sites\/33\/2025\/06\/dfvcg-TW-SS25-Teaser-800x800-1.png","width":800,"height":800,"caption":"TW Sustainability Summit 2025"},"image":{"@id":"https:\/\/dfvcg-events.de\/sustainability-day\/#\/schema\/logo\/image\/"}}]}},"_links":{"self":[{"href":"https:\/\/dfvcg-events.de\/sustainability-day\/wp-json\/wp\/v2\/portfolio\/2259","targetHints":{"allow":["GET"]}}],"collection":[{"href":"https:\/\/dfvcg-events.de\/sustainability-day\/wp-json\/wp\/v2\/portfolio"}],"about":[{"href":"https:\/\/dfvcg-events.de\/sustainability-day\/wp-json\/wp\/v2\/types\/portfolio"}],"author":[{"embeddable":true,"href":"https:\/\/dfvcg-events.de\/sustainability-day\/wp-json\/wp\/v2\/users\/19"}],"replies":[{"embeddable":true,"href":"https:\/\/dfvcg-events.de\/sustainability-day\/wp-json\/wp\/v2\/comments?post=2259"}],"version-history":[{"count":0,"href":"https:\/\/dfvcg-events.de\/sustainability-day\/wp-json\/wp\/v2\/portfolio\/2259\/revisions"}],"wp:featuredmedia":[{"embeddable":true,"href":"https:\/\/dfvcg-events.de\/sustainability-day\/wp-json\/wp\/v2\/media\/2257"}],"wp:attachment":[{"href":"https:\/\/dfvcg-events.de\/sustainability-day\/wp-json\/wp\/v2\/media?parent=2259"}],"wp:term":[{"taxonomy":"post_tag","embeddable":true,"href":"https:\/\/dfvcg-events.de\/sustainability-day\/wp-json\/wp\/v2\/tags?post=2259"},{"taxonomy":"portfolio_entries","embeddable":true,"href":"https:\/\/dfvcg-events.de\/sustainability-day\/wp-json\/wp\/v2\/portfolio_entries?post=2259"}],"curies":[{"name":"wp","href":"https:\/\/api.w.org\/{rel}","templated":true}]}}