{"id":2218,"date":"2022-04-28T12:47:13","date_gmt":"2022-04-28T10:47:13","guid":{"rendered":"https:\/\/dfvcg-events.de\/sustainability-summit\/?post_type=portfolio&#038;p=2218"},"modified":"2022-04-28T12:50:34","modified_gmt":"2022-04-28T10:50:34","slug":"andreas-streubig","status":"publish","type":"portfolio","link":"https:\/\/dfvcg-events.de\/sustainability-day\/vortragend\/andreas-streubig\/","title":{"rendered":"Andreas Streubig"},"content":{"rendered":"\n<style type=\"text\/css\" data-created_by=\"avia_inline_auto\" id=\"style-css-av-1hpil-9666fe4db9abbb55e16afcaa46b74565\">\n.flex_column.av-1hpil-9666fe4db9abbb55e16afcaa46b74565{\nborder-radius:0px 0px 0px 0px;\npadding:0px 0px 0px 0px;\n}\n<\/style>\n<div  class='flex_column av-1hpil-9666fe4db9abbb55e16afcaa46b74565 av_one_third  avia-builder-el-0  el_before_av_two_third  avia-builder-el-first  first flex_column_div av-zero-column-padding  '     ><style type=\"text\/css\" data-created_by=\"avia_inline_auto\" id=\"style-css-av-k7z57foz-fd7fec6a82b801564b6c85772d12092e\">\n.avia-image-container.av-k7z57foz-fd7fec6a82b801564b6c85772d12092e img.avia_image{\nbox-shadow:none;\n}\n.avia-image-container.av-k7z57foz-fd7fec6a82b801564b6c85772d12092e .av-image-caption-overlay-center{\ncolor:#ffffff;\n}\n<\/style>\n<div  class='avia-image-container av-k7z57foz-fd7fec6a82b801564b6c85772d12092e av-styling-no-styling avia-align-center  avia-builder-el-1  avia-builder-el-no-sibling '   itemprop=\"image\" itemscope=\"itemscope\" itemtype=\"https:\/\/schema.org\/ImageObject\" ><div class=\"avia-image-container-inner\"><div class=\"avia-image-overlay-wrap\"><img class='avia_image ' src='https:\/\/dfvcg-events.de\/sustainability-day\/wp-content\/uploads\/sites\/33\/2022\/04\/Andreas_Streubig_WEB.jpg' alt='' title='Andreas_Streubig_WEB'  height=\"574\" width=\"430\"  itemprop=\"thumbnailUrl\"  \/><\/div><\/div><\/div><\/div>\n<style type=\"text\/css\" data-created_by=\"avia_inline_auto\" id=\"style-css-av-q939-36bd9e2970eba44b209398e6adaba9f5\">\n.flex_column.av-q939-36bd9e2970eba44b209398e6adaba9f5{\nborder-radius:0px 0px 0px 0px;\npadding:0px 0px 0px 0px;\n}\n<\/style>\n<div  class='flex_column av-q939-36bd9e2970eba44b209398e6adaba9f5 av_two_third  avia-builder-el-2  el_after_av_one_third  avia-builder-el-last  flex_column_div av-zero-column-padding  '     ><p>\n<style type=\"text\/css\" data-created_by=\"avia_inline_auto\" id=\"style-css-av-kocwcing-923bca6defa04681867c8cda16f83a0a\">\n#top .av-special-heading.av-kocwcing-923bca6defa04681867c8cda16f83a0a{\npadding-bottom:10px;\n}\nbody .av-special-heading.av-kocwcing-923bca6defa04681867c8cda16f83a0a .av-special-heading-tag .heading-char{\nfont-size:25px;\n}\n.av-special-heading.av-kocwcing-923bca6defa04681867c8cda16f83a0a .av-subheading{\nfont-size:19px;\n}\n<\/style>\n<div  class='av-special-heading av-kocwcing-923bca6defa04681867c8cda16f83a0a av-special-heading-h2 blockquote modern-quote  avia-builder-el-3  el_before_av_textblock  avia-builder-el-first '><h2 class='av-special-heading-tag '  itemprop=\"headline\"  >Andreas Streubig<\/h2><div class='av-subheading av-subheading_below'><p>SVP Global Corporate Responsibility &amp; Public Affairs<br \/>\nHUGO BOSS<\/p>\n<\/div><div class=\"special-heading-border\"><div class=\"special-heading-inner-border\"><\/div><\/div><\/div><br \/>\n<section  class='av_textblock_section av-k7yuci90-f8534781240039b49d63e38b610912bf '   itemscope=\"itemscope\" itemtype=\"https:\/\/schema.org\/CreativeWork\" ><div class='avia_textblock'  itemprop=\"text\" ><p>Andreas Streubig began his professional career when joining the Otto Group in 1994. After several positions, inter alia in the international management consultancy and as the head of the Group\u00b4s import management, he assumed responsibility for the Otto Group\u00b4s sustainability management in 2007. For ten years, he and his team developed the strategic sustainability management of the Hamburg-based family business and rolled out the corresponding programs in the Group. In 2014, the systematic sustainability management approach `impACT\u00b4 which has since been developed, was awarded the CSR Prize of the German government.<\/p>\n<p>In October 2017, Andreas Streubig took over as Director Global Sustainability at HUGO BOSS in Metzingen and has been responsible for the further development and implementation of all sustainability activities at HUGO BOSS ever since. In his current role as Senior Vice President Global Corporate Responsibility &amp; Public affairs, he in addition is also steering the Corporate Citizenship engagement of HUGO BOSS and oversees the company\u00b4s Public Affairs Management.<\/p>\n<p>Over the years he has served in several roles as a sustainability consultant, and for not-for-profit organizations like Social Accountability International (SAI) and Textile Exchange (TE). Currently he is active as member of the certification committee at \u00b4Erfolg mit Anstand` of the Club of Hamburg Foundation.<\/p>\n<\/div><\/section><\/p><\/div><\/p>\n","protected":false},"excerpt":{"rendered":"<p>HUGO BOSS <\/p>\n","protected":false},"author":19,"featured_media":2215,"comment_status":"closed","ping_status":"closed","template":"","meta":{"footnotes":""},"tags":[],"portfolio_entries":[40,39],"class_list":["post-2218","portfolio","type-portfolio","status-publish","has-post-thumbnail","hentry","portfolio_entries-referent-2022","portfolio_entries-referent-2022-feature"],"yoast_head":"<!-- This site is optimized with the Yoast SEO plugin v27.4 - https:\/\/yoast.com\/product\/yoast-seo-wordpress\/ -->\n<title>Referent: Andreas Streubig | TextilWirtschaft Sustainability Day<\/title>\n<meta name=\"description\" content=\"TextilWirtschaft Sustainability Day | Begr\u00fc\u00dfen Sie auf der B\u00fchne: Andreas Streubig\" \/>\n<meta name=\"robots\" content=\"index, follow, max-snippet:-1, max-image-preview:large, max-video-preview:-1\" \/>\n<link rel=\"canonical\" href=\"https:\/\/dfvcg-events.de\/sustainability-day\/vortragend\/andreas-streubig\/\" \/>\n<meta property=\"og:locale\" content=\"de_DE\" \/>\n<meta property=\"og:type\" content=\"article\" \/>\n<meta property=\"og:title\" content=\"Referent: Andreas Streubig | TextilWirtschaft Sustainability Day\" \/>\n<meta property=\"og:description\" content=\"TextilWirtschaft Sustainability Day | Begr\u00fc\u00dfen Sie auf der B\u00fchne: Andreas Streubig\" \/>\n<meta property=\"og:url\" content=\"https:\/\/dfvcg-events.de\/sustainability-day\/vortragend\/andreas-streubig\/\" \/>\n<meta property=\"og:site_name\" content=\"TextilWirtschaft Sustainability Day\" \/>\n<meta property=\"article:modified_time\" content=\"2022-04-28T10:50:34+00:00\" \/>\n<meta property=\"og:image\" content=\"https:\/\/dfvcg-events.de\/sustainability-day\/wp-content\/uploads\/sites\/33\/2022\/04\/Andreas_Streubig_WEB.jpg\" \/>\n\t<meta property=\"og:image:width\" content=\"430\" \/>\n\t<meta property=\"og:image:height\" content=\"574\" \/>\n\t<meta property=\"og:image:type\" content=\"image\/jpeg\" \/>\n<meta name=\"twitter:card\" content=\"summary_large_image\" \/>\n<meta name=\"twitter:label1\" content=\"Gesch\u00e4tzte Lesezeit\" \/>\n\t<meta name=\"twitter:data1\" content=\"4\u00a0Minuten\" \/>\n<script type=\"application\/ld+json\" class=\"yoast-schema-graph\">{\"@context\":\"https:\\\/\\\/schema.org\",\"@graph\":[{\"@type\":\"WebPage\",\"@id\":\"https:\\\/\\\/dfvcg-events.de\\\/sustainability-day\\\/vortragend\\\/andreas-streubig\\\/\",\"url\":\"https:\\\/\\\/dfvcg-events.de\\\/sustainability-day\\\/vortragend\\\/andreas-streubig\\\/\",\"name\":\"Referent: Andreas Streubig | TextilWirtschaft Sustainability Day\",\"isPartOf\":{\"@id\":\"https:\\\/\\\/dfvcg-events.de\\\/sustainability-day\\\/#website\"},\"primaryImageOfPage\":{\"@id\":\"https:\\\/\\\/dfvcg-events.de\\\/sustainability-day\\\/vortragend\\\/andreas-streubig\\\/#primaryimage\"},\"image\":{\"@id\":\"https:\\\/\\\/dfvcg-events.de\\\/sustainability-day\\\/vortragend\\\/andreas-streubig\\\/#primaryimage\"},\"thumbnailUrl\":\"https:\\\/\\\/dfvcg-events.de\\\/sustainability-day\\\/wp-content\\\/uploads\\\/sites\\\/33\\\/2022\\\/04\\\/Andreas_Streubig_WEB.jpg\",\"datePublished\":\"2022-04-28T10:47:13+00:00\",\"dateModified\":\"2022-04-28T10:50:34+00:00\",\"description\":\"TextilWirtschaft Sustainability Day | Begr\u00fc\u00dfen Sie auf der B\u00fchne: Andreas Streubig\",\"breadcrumb\":{\"@id\":\"https:\\\/\\\/dfvcg-events.de\\\/sustainability-day\\\/vortragend\\\/andreas-streubig\\\/#breadcrumb\"},\"inLanguage\":\"de\",\"potentialAction\":[{\"@type\":\"ReadAction\",\"target\":[\"https:\\\/\\\/dfvcg-events.de\\\/sustainability-day\\\/vortragend\\\/andreas-streubig\\\/\"]}]},{\"@type\":\"ImageObject\",\"inLanguage\":\"de\",\"@id\":\"https:\\\/\\\/dfvcg-events.de\\\/sustainability-day\\\/vortragend\\\/andreas-streubig\\\/#primaryimage\",\"url\":\"https:\\\/\\\/dfvcg-events.de\\\/sustainability-day\\\/wp-content\\\/uploads\\\/sites\\\/33\\\/2022\\\/04\\\/Andreas_Streubig_WEB.jpg\",\"contentUrl\":\"https:\\\/\\\/dfvcg-events.de\\\/sustainability-day\\\/wp-content\\\/uploads\\\/sites\\\/33\\\/2022\\\/04\\\/Andreas_Streubig_WEB.jpg\",\"width\":430,\"height\":574},{\"@type\":\"BreadcrumbList\",\"@id\":\"https:\\\/\\\/dfvcg-events.de\\\/sustainability-day\\\/vortragend\\\/andreas-streubig\\\/#breadcrumb\",\"itemListElement\":[{\"@type\":\"ListItem\",\"position\":1,\"name\":\"Startseite\",\"item\":\"https:\\\/\\\/dfvcg-events.de\\\/sustainability-day\\\/\"},{\"@type\":\"ListItem\",\"position\":2,\"name\":\"Andreas Streubig\"}]},{\"@type\":\"WebSite\",\"@id\":\"https:\\\/\\\/dfvcg-events.de\\\/sustainability-day\\\/#website\",\"url\":\"https:\\\/\\\/dfvcg-events.de\\\/sustainability-day\\\/\",\"name\":\"TW Sustainability Summit 2025\",\"description\":\"Der Nachhaltigkeitskongress f\u00fcr die Fashion-Branche\",\"publisher\":{\"@id\":\"https:\\\/\\\/dfvcg-events.de\\\/sustainability-day\\\/#organization\"},\"alternateName\":\"dfv Conference Group | TextilWirtschaft\",\"potentialAction\":[{\"@type\":\"SearchAction\",\"target\":{\"@type\":\"EntryPoint\",\"urlTemplate\":\"https:\\\/\\\/dfvcg-events.de\\\/sustainability-day\\\/?s={search_term_string}\"},\"query-input\":{\"@type\":\"PropertyValueSpecification\",\"valueRequired\":true,\"valueName\":\"search_term_string\"}}],\"inLanguage\":\"de\"},{\"@type\":\"Organization\",\"@id\":\"https:\\\/\\\/dfvcg-events.de\\\/sustainability-day\\\/#organization\",\"name\":\"TW Sustainability Summit 2025\",\"alternateName\":\"dfv Conference Group | TextilWirtschaft\",\"url\":\"https:\\\/\\\/dfvcg-events.de\\\/sustainability-day\\\/\",\"logo\":{\"@type\":\"ImageObject\",\"inLanguage\":\"de\",\"@id\":\"https:\\\/\\\/dfvcg-events.de\\\/sustainability-day\\\/#\\\/schema\\\/logo\\\/image\\\/\",\"url\":\"https:\\\/\\\/dfvcg-events.de\\\/sustainability-summit\\\/wp-content\\\/uploads\\\/sites\\\/33\\\/2025\\\/06\\\/dfvcg-TW-SS25-Teaser-800x800-1.png\",\"contentUrl\":\"https:\\\/\\\/dfvcg-events.de\\\/sustainability-summit\\\/wp-content\\\/uploads\\\/sites\\\/33\\\/2025\\\/06\\\/dfvcg-TW-SS25-Teaser-800x800-1.png\",\"width\":800,\"height\":800,\"caption\":\"TW Sustainability Summit 2025\"},\"image\":{\"@id\":\"https:\\\/\\\/dfvcg-events.de\\\/sustainability-day\\\/#\\\/schema\\\/logo\\\/image\\\/\"}}]}<\/script>\n<!-- \/ Yoast SEO plugin. -->","yoast_head_json":{"title":"Referent: Andreas Streubig | TextilWirtschaft Sustainability Day","description":"TextilWirtschaft Sustainability Day | Begr\u00fc\u00dfen Sie auf der B\u00fchne: Andreas Streubig","robots":{"index":"index","follow":"follow","max-snippet":"max-snippet:-1","max-image-preview":"max-image-preview:large","max-video-preview":"max-video-preview:-1"},"canonical":"https:\/\/dfvcg-events.de\/sustainability-day\/vortragend\/andreas-streubig\/","og_locale":"de_DE","og_type":"article","og_title":"Referent: Andreas Streubig | TextilWirtschaft Sustainability Day","og_description":"TextilWirtschaft Sustainability Day | Begr\u00fc\u00dfen Sie auf der B\u00fchne: Andreas Streubig","og_url":"https:\/\/dfvcg-events.de\/sustainability-day\/vortragend\/andreas-streubig\/","og_site_name":"TextilWirtschaft Sustainability Day","article_modified_time":"2022-04-28T10:50:34+00:00","og_image":[{"width":430,"height":574,"url":"https:\/\/dfvcg-events.de\/sustainability-day\/wp-content\/uploads\/sites\/33\/2022\/04\/Andreas_Streubig_WEB.jpg","type":"image\/jpeg"}],"twitter_card":"summary_large_image","twitter_misc":{"Gesch\u00e4tzte Lesezeit":"4\u00a0Minuten"},"schema":{"@context":"https:\/\/schema.org","@graph":[{"@type":"WebPage","@id":"https:\/\/dfvcg-events.de\/sustainability-day\/vortragend\/andreas-streubig\/","url":"https:\/\/dfvcg-events.de\/sustainability-day\/vortragend\/andreas-streubig\/","name":"Referent: Andreas Streubig | TextilWirtschaft Sustainability Day","isPartOf":{"@id":"https:\/\/dfvcg-events.de\/sustainability-day\/#website"},"primaryImageOfPage":{"@id":"https:\/\/dfvcg-events.de\/sustainability-day\/vortragend\/andreas-streubig\/#primaryimage"},"image":{"@id":"https:\/\/dfvcg-events.de\/sustainability-day\/vortragend\/andreas-streubig\/#primaryimage"},"thumbnailUrl":"https:\/\/dfvcg-events.de\/sustainability-day\/wp-content\/uploads\/sites\/33\/2022\/04\/Andreas_Streubig_WEB.jpg","datePublished":"2022-04-28T10:47:13+00:00","dateModified":"2022-04-28T10:50:34+00:00","description":"TextilWirtschaft Sustainability Day | Begr\u00fc\u00dfen Sie auf der B\u00fchne: Andreas Streubig","breadcrumb":{"@id":"https:\/\/dfvcg-events.de\/sustainability-day\/vortragend\/andreas-streubig\/#breadcrumb"},"inLanguage":"de","potentialAction":[{"@type":"ReadAction","target":["https:\/\/dfvcg-events.de\/sustainability-day\/vortragend\/andreas-streubig\/"]}]},{"@type":"ImageObject","inLanguage":"de","@id":"https:\/\/dfvcg-events.de\/sustainability-day\/vortragend\/andreas-streubig\/#primaryimage","url":"https:\/\/dfvcg-events.de\/sustainability-day\/wp-content\/uploads\/sites\/33\/2022\/04\/Andreas_Streubig_WEB.jpg","contentUrl":"https:\/\/dfvcg-events.de\/sustainability-day\/wp-content\/uploads\/sites\/33\/2022\/04\/Andreas_Streubig_WEB.jpg","width":430,"height":574},{"@type":"BreadcrumbList","@id":"https:\/\/dfvcg-events.de\/sustainability-day\/vortragend\/andreas-streubig\/#breadcrumb","itemListElement":[{"@type":"ListItem","position":1,"name":"Startseite","item":"https:\/\/dfvcg-events.de\/sustainability-day\/"},{"@type":"ListItem","position":2,"name":"Andreas Streubig"}]},{"@type":"WebSite","@id":"https:\/\/dfvcg-events.de\/sustainability-day\/#website","url":"https:\/\/dfvcg-events.de\/sustainability-day\/","name":"TW Sustainability Summit 2025","description":"Der Nachhaltigkeitskongress f\u00fcr die Fashion-Branche","publisher":{"@id":"https:\/\/dfvcg-events.de\/sustainability-day\/#organization"},"alternateName":"dfv Conference Group | TextilWirtschaft","potentialAction":[{"@type":"SearchAction","target":{"@type":"EntryPoint","urlTemplate":"https:\/\/dfvcg-events.de\/sustainability-day\/?s={search_term_string}"},"query-input":{"@type":"PropertyValueSpecification","valueRequired":true,"valueName":"search_term_string"}}],"inLanguage":"de"},{"@type":"Organization","@id":"https:\/\/dfvcg-events.de\/sustainability-day\/#organization","name":"TW Sustainability Summit 2025","alternateName":"dfv Conference Group | TextilWirtschaft","url":"https:\/\/dfvcg-events.de\/sustainability-day\/","logo":{"@type":"ImageObject","inLanguage":"de","@id":"https:\/\/dfvcg-events.de\/sustainability-day\/#\/schema\/logo\/image\/","url":"https:\/\/dfvcg-events.de\/sustainability-summit\/wp-content\/uploads\/sites\/33\/2025\/06\/dfvcg-TW-SS25-Teaser-800x800-1.png","contentUrl":"https:\/\/dfvcg-events.de\/sustainability-summit\/wp-content\/uploads\/sites\/33\/2025\/06\/dfvcg-TW-SS25-Teaser-800x800-1.png","width":800,"height":800,"caption":"TW Sustainability Summit 2025"},"image":{"@id":"https:\/\/dfvcg-events.de\/sustainability-day\/#\/schema\/logo\/image\/"}}]}},"_links":{"self":[{"href":"https:\/\/dfvcg-events.de\/sustainability-day\/wp-json\/wp\/v2\/portfolio\/2218","targetHints":{"allow":["GET"]}}],"collection":[{"href":"https:\/\/dfvcg-events.de\/sustainability-day\/wp-json\/wp\/v2\/portfolio"}],"about":[{"href":"https:\/\/dfvcg-events.de\/sustainability-day\/wp-json\/wp\/v2\/types\/portfolio"}],"author":[{"embeddable":true,"href":"https:\/\/dfvcg-events.de\/sustainability-day\/wp-json\/wp\/v2\/users\/19"}],"replies":[{"embeddable":true,"href":"https:\/\/dfvcg-events.de\/sustainability-day\/wp-json\/wp\/v2\/comments?post=2218"}],"version-history":[{"count":0,"href":"https:\/\/dfvcg-events.de\/sustainability-day\/wp-json\/wp\/v2\/portfolio\/2218\/revisions"}],"wp:featuredmedia":[{"embeddable":true,"href":"https:\/\/dfvcg-events.de\/sustainability-day\/wp-json\/wp\/v2\/media\/2215"}],"wp:attachment":[{"href":"https:\/\/dfvcg-events.de\/sustainability-day\/wp-json\/wp\/v2\/media?parent=2218"}],"wp:term":[{"taxonomy":"post_tag","embeddable":true,"href":"https:\/\/dfvcg-events.de\/sustainability-day\/wp-json\/wp\/v2\/tags?post=2218"},{"taxonomy":"portfolio_entries","embeddable":true,"href":"https:\/\/dfvcg-events.de\/sustainability-day\/wp-json\/wp\/v2\/portfolio_entries?post=2218"}],"curies":[{"name":"wp","href":"https:\/\/api.w.org\/{rel}","templated":true}]}}