{"id":4274,"date":"2026-09-01T15:16:12","date_gmt":"2026-09-01T13:16:12","guid":{"rendered":"https:\/\/dfvcg-events.de\/smart-proteins\/?post_type=portfolio&#038;p=4274"},"modified":"2026-09-02T20:40:35","modified_gmt":"2026-09-02T18:40:35","slug":"dr-franziska-kersten-mdb","status":"publish","type":"portfolio","link":"https:\/\/dfvcg-events.de\/smart-proteins\/vortragend\/dr-franziska-kersten-mdb\/","title":{"rendered":"Dr. Franziska Kersten MdB"},"content":{"rendered":"<div id='av_section_1'  class='avia-section av-k7yuhjt1-ba5d951d805ccc387084b7d219eb2b77 main_color avia-section-default avia-no-border-styling  avia-builder-el-0  el_before_av_one_third  avia-builder-el-first  header-verlauf avia-bg-style-scroll container_wrap fullsize'  ><div class='container av-section-cont-open' ><main  role=\"main\" itemprop=\"mainContentOfPage\"  class='template-page content  av-content-full alpha units'><div class='post-entry post-entry-type-page post-entry-4274'><div class='entry-content-wrapper clearfix'>\n\n<style type=\"text\/css\" data-created_by=\"avia_inline_auto\" id=\"style-css-av-kav2vwa8-2187fb003c3358a652971984705cb8e0\">\n#top .av-special-heading.av-kav2vwa8-2187fb003c3358a652971984705cb8e0{\npadding-bottom:0;\n}\nbody .av-special-heading.av-kav2vwa8-2187fb003c3358a652971984705cb8e0 .av-special-heading-tag .heading-char{\nfont-size:25px;\n}\n.av-special-heading.av-kav2vwa8-2187fb003c3358a652971984705cb8e0 .av-subheading{\nfont-size:19px;\n}\n<\/style>\n<div  class='av-special-heading av-kav2vwa8-2187fb003c3358a652971984705cb8e0 av-special-heading-h1 blockquote modern-quote  avia-builder-el-1  avia-builder-el-no-sibling '><div class='av-subheading av-subheading_above'><p>Smart Proteins<\/p>\n<\/div><h1 class='av-special-heading-tag '  itemprop=\"headline\"  >Vortragende<\/h1><div class=\"special-heading-border\"><div class=\"special-heading-inner-border\"><\/div><\/div><\/div>\n<\/div><\/div><\/main><!-- close content main element --><\/div><\/div><div id='after_section_1'  class='main_color av_default_container_wrap container_wrap fullsize'  ><div class='container av-section-cont-open' ><div class='template-page content  av-content-full alpha units'><div class='post-entry post-entry-type-page post-entry-4274'><div class='entry-content-wrapper clearfix'>\n\n<style type=\"text\/css\" data-created_by=\"avia_inline_auto\" id=\"style-css-av-1hpil-9666fe4db9abbb55e16afcaa46b74565\">\n.flex_column.av-1hpil-9666fe4db9abbb55e16afcaa46b74565{\nborder-radius:0px 0px 0px 0px;\npadding:0px 0px 0px 0px;\n}\n<\/style>\n<div  class='flex_column av-1hpil-9666fe4db9abbb55e16afcaa46b74565 av_one_third  avia-builder-el-2  el_after_av_section  el_before_av_two_third  avia-builder-el-first  first flex_column_div av-zero-column-padding  '     ><style type=\"text\/css\" data-created_by=\"avia_inline_auto\" id=\"style-css-av-k7z57foz-ccf68724f32db2e86022d510c26ac07d\">\n.avia-image-container.av-k7z57foz-ccf68724f32db2e86022d510c26ac07d img.avia_image{\nbox-shadow:none;\n}\n.avia-image-container.av-k7z57foz-ccf68724f32db2e86022d510c26ac07d .av-image-caption-overlay-center{\ncolor:#ffffff;\n}\n<\/style>\n<div  class='avia-image-container av-k7z57foz-ccf68724f32db2e86022d510c26ac07d av-styling-no-styling avia-align-center  avia-builder-el-3  avia-builder-el-no-sibling  av-has-copyright av-copyright-always'   itemprop=\"image\" itemscope=\"itemscope\" itemtype=\"https:\/\/schema.org\/ImageObject\" ><div class=\"avia-image-container-inner\"><div class=\"avia-image-overlay-wrap\"><img class='avia_image ' src='https:\/\/dfvcg-events.de\/smart-proteins\/wp-content\/uploads\/sites\/41\/2026\/09\/Franziska-Dr.-Kersten-SPD-CR-Richard-Huebner.png' alt='' title='Franziska-Dr.-Kersten-SPD-CR-Richard-H\u00fcbner'  height=\"800\" width=\"600\"  itemprop=\"thumbnailUrl\"  \/><\/div><small class=\"avia-copyright\">Foto: Richard H\u00fcbner<\/small><\/div><\/div><\/div>\n<style type=\"text\/css\" data-created_by=\"avia_inline_auto\" id=\"style-css-av-q939-36bd9e2970eba44b209398e6adaba9f5\">\n.flex_column.av-q939-36bd9e2970eba44b209398e6adaba9f5{\nborder-radius:0px 0px 0px 0px;\npadding:0px 0px 0px 0px;\n}\n<\/style>\n<div  class='flex_column av-q939-36bd9e2970eba44b209398e6adaba9f5 av_two_third  avia-builder-el-4  el_after_av_one_third  avia-builder-el-last  flex_column_div av-zero-column-padding  '     ><p>\n<style type=\"text\/css\" data-created_by=\"avia_inline_auto\" id=\"style-css-av-kaux4tv8-31d08458190a26071b2a2c8f914a2a77\">\n#top .av-special-heading.av-kaux4tv8-31d08458190a26071b2a2c8f914a2a77{\npadding-bottom:10px;\n}\nbody .av-special-heading.av-kaux4tv8-31d08458190a26071b2a2c8f914a2a77 .av-special-heading-tag .heading-char{\nfont-size:25px;\n}\n.av-special-heading.av-kaux4tv8-31d08458190a26071b2a2c8f914a2a77 .av-subheading{\nfont-size:19px;\n}\n<\/style>\n<div  class='av-special-heading av-kaux4tv8-31d08458190a26071b2a2c8f914a2a77 av-special-heading-h2 blockquote modern-quote  avia-builder-el-5  el_before_av_textblock  avia-builder-el-first '><h2 class='av-special-heading-tag '  itemprop=\"headline\"  >Dr. Franziska Kersten MdB<\/h2><div class='av-subheading av-subheading_below'><p>Sprecherin der SPD-Bundestagsfraktion f\u00fcr Ern\u00e4hrung, Landwirtschaft und Heimat<br \/>\nSPD<\/p>\n<\/div><div class=\"special-heading-border\"><div class=\"special-heading-inner-border\"><\/div><\/div><\/div><br \/>\n<section  class='av_textblock_section av-k7yuci90-a18c0bcded5d1c9d05f50a7123e6837d '   itemscope=\"itemscope\" itemtype=\"https:\/\/schema.org\/CreativeWork\" ><div class='avia_textblock'  itemprop=\"text\" ><p>Franziska Kersten wurde 1968 in Lutherstadt Wittenberg geboren. Durch eine Berufsausbildung mit Abitur 1985-1988 ist sie gelernte Rinderz\u00fcchterin. Danach begann sie 1989 ihr Studium der Veterin\u00e4rmedizin in Leipzig und nahm dort an den Montagsdemonstrationen teil. Nach einer Assistenzstelle in einer Gro\u00dftierpraxis im Kreis D\u00fcren wurde sie 2001 als Amtstier\u00e4rztin im Kreis Heinsberg, NRW, berufen. Im Jahr 2018 \u00fcbernahm sie die Referatsleitung \u201eArten- und Biotopschutz, NATURA 2000, Eingriffsregelung und Landschaftsplanung\u201c im Ministerium f\u00fcr Umwelt, Landwirtschaft und Energie des Landes Sachsen-Anhalt. Nach einer Stelle als Gesch\u00e4ftsf\u00fchrerin der Landgesellschaft Sachsen-Anhalt wurde sie als gesch\u00e4ftsf\u00fchrende Vizepr\u00e4sidentin ins Umweltbundesamt Dessau-Ro\u00dflau berufen. Ab Dezember 2020 arbeitete sie als Referatsleiterin \u201eNatur- und Umweltschutz in der Landwirtschaft\u201c im Bundesministerium f\u00fcr Umwelt, Naturschutz und Nukleare Sicherheit in Berlin.<\/p>\n<p>Politisches Engagement<\/p>\n<p>Im Alter von 25 Jahren entschloss sich Kersten, der SPD beizutreten. Ab der Bundestagswahl 2021 war sie direkt gew\u00e4hlte Abgeordnete f\u00fcr den Wahlkreis B\u00f6rde\/Jerichower Land. In dieser Wahlperiode war sie Mitglied im Ausschuss f\u00fcr Ern\u00e4hrung und Landwirtschaft, im Ausschuss f\u00fcr Umwelt, Naturschutz, nukleare Sicherheit und Verbraucherschutz sowie im Unterausschuss Globale Gesundheit. Bei der Bundestagswahl 2025 wurde Kersten f\u00fcr den neu zugeschnittenen Wahlkreis B\u00f6rde-Salzlandkreis wiedergew\u00e4hlt. Sie nahm zum zweiten Mal an den Koalitionsverhandlungen f\u00fcr den Bereich Landwirtschaft teil und ist Agrarsprecherin der SPD-Bundestagsfraktion. Neben ihrer Mitgliedschaft im Ausschuss f\u00fcr Ern\u00e4hrung, Landwirtschaft und Heimat ist sie seit 2025 auch Mitglied im Ausschuss f\u00fcr Kultur und Medien und engagiert sich dort besonders im Bereich der Erinnerungskultur und zu Kultur in l\u00e4ndlichen R\u00e4umen.<\/p>\n<\/div><\/section><\/p><\/div><\/p>\n","protected":false},"excerpt":{"rendered":"<p>SPD<\/p>\n","protected":false},"author":41,"featured_media":4275,"comment_status":"closed","ping_status":"closed","template":"","meta":{"footnotes":""},"tags":[],"portfolio_entries":[3,4,70,69],"class_list":["post-4274","portfolio","type-portfolio","status-publish","has-post-thumbnail","hentry","portfolio_entries-referent","portfolio_entries-referent-feature","portfolio_entries-referent-feature-2026","portfolio_entries-referenten-2026"],"yoast_head":"<!-- This site is optimized with the Yoast SEO plugin v28.3 - https:\/\/yoast.com\/product\/yoast-seo-wordpress\/ -->\n<title>Vortragend: Dr. Franziska Kersten MdB | Smart Proteins<\/title>\n<meta name=\"description\" content=\"Smart Proteins | Begr\u00fc\u00dfen Sie auf der B\u00fchne: Dr. Franziska Kersten MdB\" \/>\n<meta name=\"robots\" content=\"index, follow, max-snippet:-1, max-image-preview:large, max-video-preview:-1\" \/>\n<link rel=\"canonical\" href=\"https:\/\/dfvcg-events.de\/smart-proteins\/vortragend\/dr-franziska-kersten-mdb\/\" \/>\n<meta property=\"og:locale\" content=\"de_DE\" \/>\n<meta property=\"og:type\" content=\"article\" \/>\n<meta property=\"og:title\" content=\"Vortragend: Dr. Franziska Kersten MdB | Smart Proteins\" \/>\n<meta property=\"og:description\" content=\"Smart Proteins | Begr\u00fc\u00dfen Sie auf der B\u00fchne: Dr. Franziska Kersten MdB\" \/>\n<meta property=\"og:url\" content=\"https:\/\/dfvcg-events.de\/smart-proteins\/vortragend\/dr-franziska-kersten-mdb\/\" \/>\n<meta property=\"og:site_name\" content=\"Smart Proteins\" \/>\n<meta property=\"article:modified_time\" content=\"2026-09-02T18:40:35+00:00\" \/>\n<meta property=\"og:image\" content=\"https:\/\/dfvcg-events.de\/smart-proteins\/wp-content\/uploads\/sites\/41\/2026\/09\/Franziska-Dr.-Kersten-SPD-CR-Richard-Huebner.png\" \/>\n\t<meta property=\"og:image:width\" content=\"600\" \/>\n\t<meta property=\"og:image:height\" content=\"800\" \/>\n\t<meta property=\"og:image:type\" content=\"image\/png\" \/>\n<meta name=\"twitter:card\" content=\"summary_large_image\" \/>\n<meta name=\"twitter:label1\" content=\"Gesch\u00e4tzte Lesezeit\" \/>\n\t<meta name=\"twitter:data1\" content=\"2\u00a0Minuten\" \/>\n<script type=\"application\/ld+json\" class=\"yoast-schema-graph\">{\"@context\":\"https:\\\/\\\/schema.org\",\"@graph\":[{\"@type\":\"WebPage\",\"@id\":\"https:\\\/\\\/dfvcg-events.de\\\/smart-proteins\\\/vortragend\\\/dr-franziska-kersten-mdb\\\/\",\"url\":\"https:\\\/\\\/dfvcg-events.de\\\/smart-proteins\\\/vortragend\\\/dr-franziska-kersten-mdb\\\/\",\"name\":\"Vortragend: Dr. Franziska Kersten MdB | Smart Proteins\",\"isPartOf\":{\"@id\":\"https:\\\/\\\/dfvcg-events.de\\\/smart-proteins\\\/#website\"},\"primaryImageOfPage\":{\"@id\":\"https:\\\/\\\/dfvcg-events.de\\\/smart-proteins\\\/vortragend\\\/dr-franziska-kersten-mdb\\\/#primaryimage\"},\"image\":{\"@id\":\"https:\\\/\\\/dfvcg-events.de\\\/smart-proteins\\\/vortragend\\\/dr-franziska-kersten-mdb\\\/#primaryimage\"},\"thumbnailUrl\":\"https:\\\/\\\/dfvcg-events.de\\\/smart-proteins\\\/wp-content\\\/uploads\\\/sites\\\/41\\\/2026\\\/09\\\/Franziska-Dr.-Kersten-SPD-CR-Richard-Huebner.png\",\"datePublished\":\"2026-09-01T13:16:12+00:00\",\"dateModified\":\"2026-09-02T18:40:35+00:00\",\"description\":\"Smart Proteins | Begr\u00fc\u00dfen Sie auf der B\u00fchne: Dr. Franziska Kersten MdB\",\"breadcrumb\":{\"@id\":\"https:\\\/\\\/dfvcg-events.de\\\/smart-proteins\\\/vortragend\\\/dr-franziska-kersten-mdb\\\/#breadcrumb\"},\"inLanguage\":\"de\",\"potentialAction\":[{\"@type\":\"ReadAction\",\"target\":[\"https:\\\/\\\/dfvcg-events.de\\\/smart-proteins\\\/vortragend\\\/dr-franziska-kersten-mdb\\\/\"]}]},{\"@type\":\"ImageObject\",\"inLanguage\":\"de\",\"@id\":\"https:\\\/\\\/dfvcg-events.de\\\/smart-proteins\\\/vortragend\\\/dr-franziska-kersten-mdb\\\/#primaryimage\",\"url\":\"https:\\\/\\\/dfvcg-events.de\\\/smart-proteins\\\/wp-content\\\/uploads\\\/sites\\\/41\\\/2026\\\/09\\\/Franziska-Dr.-Kersten-SPD-CR-Richard-Huebner.png\",\"contentUrl\":\"https:\\\/\\\/dfvcg-events.de\\\/smart-proteins\\\/wp-content\\\/uploads\\\/sites\\\/41\\\/2026\\\/09\\\/Franziska-Dr.-Kersten-SPD-CR-Richard-Huebner.png\",\"width\":600,\"height\":800},{\"@type\":\"BreadcrumbList\",\"@id\":\"https:\\\/\\\/dfvcg-events.de\\\/smart-proteins\\\/vortragend\\\/dr-franziska-kersten-mdb\\\/#breadcrumb\",\"itemListElement\":[{\"@type\":\"ListItem\",\"position\":1,\"name\":\"Startseite\",\"item\":\"https:\\\/\\\/dfvcg-events.de\\\/smart-proteins\\\/\"},{\"@type\":\"ListItem\",\"position\":2,\"name\":\"Dr. Franziska Kersten MdB\"}]},{\"@type\":\"WebSite\",\"@id\":\"https:\\\/\\\/dfvcg-events.de\\\/smart-proteins\\\/#website\",\"url\":\"https:\\\/\\\/dfvcg-events.de\\\/smart-proteins\\\/\",\"name\":\"Smart Proteins\",\"description\":\"Der Summit f\u00fcr alternative Proteinquellen\",\"publisher\":{\"@id\":\"https:\\\/\\\/dfvcg-events.de\\\/smart-proteins\\\/#organization\"},\"potentialAction\":[{\"@type\":\"SearchAction\",\"target\":{\"@type\":\"EntryPoint\",\"urlTemplate\":\"https:\\\/\\\/dfvcg-events.de\\\/smart-proteins\\\/?s={search_term_string}\"},\"query-input\":{\"@type\":\"PropertyValueSpecification\",\"valueRequired\":true,\"valueName\":\"search_term_string\"}}],\"inLanguage\":\"de\"},{\"@type\":\"Organization\",\"@id\":\"https:\\\/\\\/dfvcg-events.de\\\/smart-proteins\\\/#organization\",\"name\":\"Smart Proteins\",\"url\":\"https:\\\/\\\/dfvcg-events.de\\\/smart-proteins\\\/\",\"logo\":{\"@type\":\"ImageObject\",\"inLanguage\":\"de\",\"@id\":\"https:\\\/\\\/dfvcg-events.de\\\/smart-proteins\\\/#\\\/schema\\\/logo\\\/image\\\/\",\"url\":\"https:\\\/\\\/dfvcg-events.de\\\/smart-proteins\\\/wp-content\\\/uploads\\\/sites\\\/41\\\/2022\\\/02\\\/dfvcg-smart-proteins-key-visual.png\",\"contentUrl\":\"https:\\\/\\\/dfvcg-events.de\\\/smart-proteins\\\/wp-content\\\/uploads\\\/sites\\\/41\\\/2022\\\/02\\\/dfvcg-smart-proteins-key-visual.png\",\"width\":1225,\"height\":977,\"caption\":\"Smart Proteins\"},\"image\":{\"@id\":\"https:\\\/\\\/dfvcg-events.de\\\/smart-proteins\\\/#\\\/schema\\\/logo\\\/image\\\/\"}}]}<\/script>\n<!-- \/ Yoast SEO plugin. -->","yoast_head_json":{"title":"Vortragend: Dr. Franziska Kersten MdB | Smart Proteins","description":"Smart Proteins | Begr\u00fc\u00dfen Sie auf der B\u00fchne: Dr. Franziska Kersten MdB","robots":{"index":"index","follow":"follow","max-snippet":"max-snippet:-1","max-image-preview":"max-image-preview:large","max-video-preview":"max-video-preview:-1"},"canonical":"https:\/\/dfvcg-events.de\/smart-proteins\/vortragend\/dr-franziska-kersten-mdb\/","og_locale":"de_DE","og_type":"article","og_title":"Vortragend: Dr. Franziska Kersten MdB | Smart Proteins","og_description":"Smart Proteins | Begr\u00fc\u00dfen Sie auf der B\u00fchne: Dr. Franziska Kersten MdB","og_url":"https:\/\/dfvcg-events.de\/smart-proteins\/vortragend\/dr-franziska-kersten-mdb\/","og_site_name":"Smart Proteins","article_modified_time":"2026-09-02T18:40:35+00:00","og_image":[{"width":600,"height":800,"url":"https:\/\/dfvcg-events.de\/smart-proteins\/wp-content\/uploads\/sites\/41\/2026\/09\/Franziska-Dr.-Kersten-SPD-CR-Richard-Huebner.png","type":"image\/png"}],"twitter_card":"summary_large_image","twitter_misc":{"Gesch\u00e4tzte Lesezeit":"2\u00a0Minuten"},"schema":{"@context":"https:\/\/schema.org","@graph":[{"@type":"WebPage","@id":"https:\/\/dfvcg-events.de\/smart-proteins\/vortragend\/dr-franziska-kersten-mdb\/","url":"https:\/\/dfvcg-events.de\/smart-proteins\/vortragend\/dr-franziska-kersten-mdb\/","name":"Vortragend: Dr. Franziska Kersten MdB | Smart Proteins","isPartOf":{"@id":"https:\/\/dfvcg-events.de\/smart-proteins\/#website"},"primaryImageOfPage":{"@id":"https:\/\/dfvcg-events.de\/smart-proteins\/vortragend\/dr-franziska-kersten-mdb\/#primaryimage"},"image":{"@id":"https:\/\/dfvcg-events.de\/smart-proteins\/vortragend\/dr-franziska-kersten-mdb\/#primaryimage"},"thumbnailUrl":"https:\/\/dfvcg-events.de\/smart-proteins\/wp-content\/uploads\/sites\/41\/2026\/09\/Franziska-Dr.-Kersten-SPD-CR-Richard-Huebner.png","datePublished":"2026-09-01T13:16:12+00:00","dateModified":"2026-09-02T18:40:35+00:00","description":"Smart Proteins | Begr\u00fc\u00dfen Sie auf der B\u00fchne: Dr. Franziska Kersten MdB","breadcrumb":{"@id":"https:\/\/dfvcg-events.de\/smart-proteins\/vortragend\/dr-franziska-kersten-mdb\/#breadcrumb"},"inLanguage":"de","potentialAction":[{"@type":"ReadAction","target":["https:\/\/dfvcg-events.de\/smart-proteins\/vortragend\/dr-franziska-kersten-mdb\/"]}]},{"@type":"ImageObject","inLanguage":"de","@id":"https:\/\/dfvcg-events.de\/smart-proteins\/vortragend\/dr-franziska-kersten-mdb\/#primaryimage","url":"https:\/\/dfvcg-events.de\/smart-proteins\/wp-content\/uploads\/sites\/41\/2026\/09\/Franziska-Dr.-Kersten-SPD-CR-Richard-Huebner.png","contentUrl":"https:\/\/dfvcg-events.de\/smart-proteins\/wp-content\/uploads\/sites\/41\/2026\/09\/Franziska-Dr.-Kersten-SPD-CR-Richard-Huebner.png","width":600,"height":800},{"@type":"BreadcrumbList","@id":"https:\/\/dfvcg-events.de\/smart-proteins\/vortragend\/dr-franziska-kersten-mdb\/#breadcrumb","itemListElement":[{"@type":"ListItem","position":1,"name":"Startseite","item":"https:\/\/dfvcg-events.de\/smart-proteins\/"},{"@type":"ListItem","position":2,"name":"Dr. Franziska Kersten MdB"}]},{"@type":"WebSite","@id":"https:\/\/dfvcg-events.de\/smart-proteins\/#website","url":"https:\/\/dfvcg-events.de\/smart-proteins\/","name":"Smart Proteins","description":"Der Summit f\u00fcr alternative Proteinquellen","publisher":{"@id":"https:\/\/dfvcg-events.de\/smart-proteins\/#organization"},"potentialAction":[{"@type":"SearchAction","target":{"@type":"EntryPoint","urlTemplate":"https:\/\/dfvcg-events.de\/smart-proteins\/?s={search_term_string}"},"query-input":{"@type":"PropertyValueSpecification","valueRequired":true,"valueName":"search_term_string"}}],"inLanguage":"de"},{"@type":"Organization","@id":"https:\/\/dfvcg-events.de\/smart-proteins\/#organization","name":"Smart Proteins","url":"https:\/\/dfvcg-events.de\/smart-proteins\/","logo":{"@type":"ImageObject","inLanguage":"de","@id":"https:\/\/dfvcg-events.de\/smart-proteins\/#\/schema\/logo\/image\/","url":"https:\/\/dfvcg-events.de\/smart-proteins\/wp-content\/uploads\/sites\/41\/2022\/02\/dfvcg-smart-proteins-key-visual.png","contentUrl":"https:\/\/dfvcg-events.de\/smart-proteins\/wp-content\/uploads\/sites\/41\/2022\/02\/dfvcg-smart-proteins-key-visual.png","width":1225,"height":977,"caption":"Smart Proteins"},"image":{"@id":"https:\/\/dfvcg-events.de\/smart-proteins\/#\/schema\/logo\/image\/"}}]}},"_links":{"self":[{"href":"https:\/\/dfvcg-events.de\/smart-proteins\/wp-json\/wp\/v2\/portfolio\/4274","targetHints":{"allow":["GET"]}}],"collection":[{"href":"https:\/\/dfvcg-events.de\/smart-proteins\/wp-json\/wp\/v2\/portfolio"}],"about":[{"href":"https:\/\/dfvcg-events.de\/smart-proteins\/wp-json\/wp\/v2\/types\/portfolio"}],"author":[{"embeddable":true,"href":"https:\/\/dfvcg-events.de\/smart-proteins\/wp-json\/wp\/v2\/users\/41"}],"replies":[{"embeddable":true,"href":"https:\/\/dfvcg-events.de\/smart-proteins\/wp-json\/wp\/v2\/comments?post=4274"}],"version-history":[{"count":5,"href":"https:\/\/dfvcg-events.de\/smart-proteins\/wp-json\/wp\/v2\/portfolio\/4274\/revisions"}],"predecessor-version":[{"id":4292,"href":"https:\/\/dfvcg-events.de\/smart-proteins\/wp-json\/wp\/v2\/portfolio\/4274\/revisions\/4292"}],"wp:featuredmedia":[{"embeddable":true,"href":"https:\/\/dfvcg-events.de\/smart-proteins\/wp-json\/wp\/v2\/media\/4275"}],"wp:attachment":[{"href":"https:\/\/dfvcg-events.de\/smart-proteins\/wp-json\/wp\/v2\/media?parent=4274"}],"wp:term":[{"taxonomy":"post_tag","embeddable":true,"href":"https:\/\/dfvcg-events.de\/smart-proteins\/wp-json\/wp\/v2\/tags?post=4274"},{"taxonomy":"portfolio_entries","embeddable":true,"href":"https:\/\/dfvcg-events.de\/smart-proteins\/wp-json\/wp\/v2\/portfolio_entries?post=4274"}],"curies":[{"name":"wp","href":"https:\/\/api.w.org\/{rel}","templated":true}]}}