{"id":3267,"date":"2025-03-07T14:16:05","date_gmt":"2025-03-07T13:16:05","guid":{"rendered":"https:\/\/dfvcg-events.de\/smart-proteins\/?page_id=3267"},"modified":"2025-03-14T08:39:35","modified_gmt":"2025-03-14T07:39:35","slug":"presse","status":"publish","type":"page","link":"https:\/\/dfvcg-events.de\/smart-proteins\/presse\/","title":{"rendered":"Presse"},"content":{"rendered":"<div id='av_section_1'  class='avia-section av-k7yuhjt1-ba5d951d805ccc387084b7d219eb2b77 main_color avia-section-default avia-no-border-styling  avia-builder-el-0  el_before_av_heading  avia-builder-el-first  header-verlauf avia-bg-style-scroll container_wrap fullsize'  ><div class='container av-section-cont-open' ><main  role=\"main\" itemprop=\"mainContentOfPage\"  class='template-page content  av-content-full alpha units'><div class='post-entry post-entry-type-page post-entry-3267'><div class='entry-content-wrapper clearfix'>\n\n<style type=\"text\/css\" data-created_by=\"avia_inline_auto\" id=\"style-css-av-m7yqncd4-585121ab2299c032d44299f10fbe5d8a\">\n#top .av-special-heading.av-m7yqncd4-585121ab2299c032d44299f10fbe5d8a{\npadding-bottom:10px;\ncolor:#cd5638;\n}\nbody .av-special-heading.av-m7yqncd4-585121ab2299c032d44299f10fbe5d8a .av-special-heading-tag .heading-char{\nfont-size:25px;\n}\n.av-special-heading.av-m7yqncd4-585121ab2299c032d44299f10fbe5d8a .special-heading-inner-border{\nborder-color:#cd5638;\n}\n.av-special-heading.av-m7yqncd4-585121ab2299c032d44299f10fbe5d8a .av-subheading{\nfont-size:19px;\ncolor:#283b44;\n}\n<\/style>\n<div  class='av-special-heading av-m7yqncd4-585121ab2299c032d44299f10fbe5d8a av-special-heading-h1 custom-color-heading blockquote modern-quote  avia-builder-el-1  avia-builder-el-no-sibling '><div class='av_custom_color av-subheading av-subheading_above'><p>Smart Proteins<\/p>\n<\/div><h1 class='av-special-heading-tag '  itemprop=\"headline\"  >Rund um den Kongress<\/h1><div class=\"special-heading-border\"><div class=\"special-heading-inner-border\"><\/div><\/div><\/div>\n<\/div><\/div><\/main><!-- close content main element --><\/div><\/div><div id='after_section_1'  class='main_color av_default_container_wrap container_wrap fullsize'  ><div class='container av-section-cont-open' ><div class='template-page content  av-content-full alpha units'><div class='post-entry post-entry-type-page post-entry-3267'><div class='entry-content-wrapper clearfix'>\n\n<style type=\"text\/css\" data-created_by=\"avia_inline_auto\" id=\"style-css-av-m7yswtzt-f80f98bf113a6f8f25315d3024138665\">\n#top .av-special-heading.av-m7yswtzt-f80f98bf113a6f8f25315d3024138665{\npadding-bottom:10px;\ncolor:#cd5638;\n}\nbody .av-special-heading.av-m7yswtzt-f80f98bf113a6f8f25315d3024138665 .av-special-heading-tag .heading-char{\nfont-size:25px;\n}\n.av-special-heading.av-m7yswtzt-f80f98bf113a6f8f25315d3024138665 .special-heading-inner-border{\nborder-color:#cd5638;\n}\n.av-special-heading.av-m7yswtzt-f80f98bf113a6f8f25315d3024138665 .av-subheading{\nfont-size:15px;\n}\n<\/style>\n<div  class='av-special-heading av-m7yswtzt-f80f98bf113a6f8f25315d3024138665 av-special-heading-h2 custom-color-heading blockquote modern-quote  avia-builder-el-2  el_after_av_section  el_before_av_icon_box  avia-builder-el-first '><h2 class='av-special-heading-tag '  itemprop=\"headline\"  >2024<\/h2><div class=\"special-heading-border\"><div class=\"special-heading-inner-border\"><\/div><\/div><\/div>\n\n<style type=\"text\/css\" data-created_by=\"avia_inline_auto\" id=\"style-css-av-m7ysp8jm-6a75f3bd1c2b9485a820efbcd1fc5424\">\n.iconbox.av-m7ysp8jm-6a75f3bd1c2b9485a820efbcd1fc5424 .iconbox_icon{\nbackground-color:#cd5638;\ncolor:#ffffff;\n}\n.iconbox.av-m7ysp8jm-6a75f3bd1c2b9485a820efbcd1fc5424 .iconbox_icon.avia-svg-icon svg:first-child{\nfill:#ffffff;\nstroke:#ffffff;\n}\n<\/style>\n<article  class='iconbox iconbox_left_content av-m7ysp8jm-6a75f3bd1c2b9485a820efbcd1fc5424  avia-builder-el-3  el_after_av_heading  el_before_av_icon_box '  itemscope=\"itemscope\" itemtype=\"https:\/\/schema.org\/CreativeWork\" ><a href='https:\/\/www.fleischwirtschaft.de\/newmeat\/wissen\/smart-proteins-summit-2024-die-branche-ist-gereift-und-erwachsener-60151?utm_source=%2Fmeta%2Fnewsletter%2Fnewmeatnewsletter&#038;utm_medium=newsletter&#038;utm_campaign=nl1908&#038;utm_term=aab5e8134502eac6ed7e3f684673997e' title='Smart Proteins: Die Branche ist gereift und erwachsener' aria-label='Smart Proteins: Die Branche ist gereift und erwachsener'  target=\"_blank\"  rel=\"noopener noreferrer\" class='iconbox_icon heading-color avia-iconfont avia-font-entypo-fontello' data-av_icon='\ue84d' data-av_iconfont='entypo-fontello' title=\"Smart Proteins: Die Branche ist gereift und erwachsener\" desc=\"Smart Proteins: Die Branche ist gereift und erwachsener\" ><\/a><div class=\"iconbox_content\"><header class=\"entry-content-header\" aria-label=\"Icon: Smart Proteins: Die Branche ist gereift und erwachsener\"><h3 class='iconbox_content_title '  itemprop=\"headline\" ><a href='https:\/\/www.fleischwirtschaft.de\/newmeat\/wissen\/smart-proteins-summit-2024-die-branche-ist-gereift-und-erwachsener-60151?utm_source=%2Fmeta%2Fnewsletter%2Fnewmeatnewsletter&#038;utm_medium=newsletter&#038;utm_campaign=nl1908&#038;utm_term=aab5e8134502eac6ed7e3f684673997e' title='Smart Proteins: Die Branche ist gereift und erwachsener'  target=\"_blank\"  rel=\"noopener noreferrer\">Smart Proteins: Die Branche ist gereift und erwachsener<\/a><\/h3><\/header><div class='iconbox_content_container '  itemprop=\"text\" ><p>07.11.2024<\/p>\n<\/div><\/div><footer class=\"entry-footer\"><\/footer><\/article>\n\n<style type=\"text\/css\" data-created_by=\"avia_inline_auto\" id=\"style-css-av-m7ysrkos-6036fb152441a9a069dd42ea9374b5b8\">\n.iconbox.av-m7ysrkos-6036fb152441a9a069dd42ea9374b5b8 .iconbox_icon{\nbackground-color:#cd5638;\ncolor:#ffffff;\n}\n.iconbox.av-m7ysrkos-6036fb152441a9a069dd42ea9374b5b8 .iconbox_icon.avia-svg-icon svg:first-child{\nfill:#ffffff;\nstroke:#ffffff;\n}\n<\/style>\n<article  class='iconbox iconbox_left_content av-m7ysrkos-6036fb152441a9a069dd42ea9374b5b8  avia-builder-el-4  el_after_av_icon_box  el_before_av_icon_box '  itemscope=\"itemscope\" itemtype=\"https:\/\/schema.org\/CreativeWork\" ><a href='https:\/\/vegconomist.de\/messen-und-events\/smart-proteins-summit-2024\/' title='Smart Proteins Summit 2024: Branche fordert politische Unterst\u00fctzung f\u00fcr den Innovationsstandort Deutschland' aria-label='Smart Proteins Summit 2024: Branche fordert politische Unterst\u00fctzung f\u00fcr den Innovationsstandort Deutschland'  target=\"_blank\"  rel=\"noopener noreferrer\" class='iconbox_icon heading-color avia-iconfont avia-font-entypo-fontello' data-av_icon='\ue84d' data-av_iconfont='entypo-fontello' title=\"Smart Proteins Summit 2024: Branche fordert politische Unterst\u00fctzung f\u00fcr den Innovationsstandort Deutschland\" desc=\"Smart Proteins Summit 2024: Branche fordert politische Unterst\u00fctzung f\u00fcr den Innovationsstandort Deutschland\" ><\/a><div class=\"iconbox_content\"><header class=\"entry-content-header\" aria-label=\"Icon: Smart Proteins Summit 2024: Branche fordert politische Unterst\u00fctzung f\u00fcr den Innovationsstandort Deutschland\"><h3 class='iconbox_content_title '  itemprop=\"headline\" ><a href='https:\/\/vegconomist.de\/messen-und-events\/smart-proteins-summit-2024\/' title='Smart Proteins Summit 2024: Branche fordert politische Unterst\u00fctzung f\u00fcr den Innovationsstandort Deutschland'  target=\"_blank\"  rel=\"noopener noreferrer\">Smart Proteins Summit 2024: Branche fordert politische Unterst\u00fctzung f\u00fcr den Innovationsstandort Deutschland<\/a><\/h3><\/header><div class='iconbox_content_container '  itemprop=\"text\" ><p>06.11.2024<\/p>\n<\/div><\/div><footer class=\"entry-footer\"><\/footer><\/article>\n\n<style type=\"text\/css\" data-created_by=\"avia_inline_auto\" id=\"style-css-av-m88gw0uu-ab6903ccadc4f8e3d9642a85a8048c03\">\n.iconbox.av-m88gw0uu-ab6903ccadc4f8e3d9642a85a8048c03 .iconbox_icon{\nbackground-color:#cd5638;\ncolor:#ffffff;\n}\n.iconbox.av-m88gw0uu-ab6903ccadc4f8e3d9642a85a8048c03 .iconbox_icon.avia-svg-icon svg:first-child{\nfill:#ffffff;\nstroke:#ffffff;\n}\n<\/style>\n<article  class='iconbox iconbox_left_content av-m88gw0uu-ab6903ccadc4f8e3d9642a85a8048c03  avia-builder-el-5  el_after_av_icon_box  avia-builder-el-last '  itemscope=\"itemscope\" itemtype=\"https:\/\/schema.org\/CreativeWork\" ><a href='https:\/\/www.harnisch-digital.de\/food-technologie-1-2025\/69968703\/10' title='Alternative Proteine: Neuartige Entwicklungen und Herausforderungen f\u00fcr die Lebensmittelindustrie' aria-label='Alternative Proteine: Neuartige Entwicklungen und Herausforderungen f\u00fcr die Lebensmittelindustrie'  target=\"_blank\"  rel=\"noopener noreferrer\" class='iconbox_icon heading-color avia-iconfont avia-font-entypo-fontello' data-av_icon='\ue84d' data-av_iconfont='entypo-fontello' title=\"Alternative Proteine: Neuartige Entwicklungen und Herausforderungen f\u00fcr die Lebensmittelindustrie\" desc=\"Alternative Proteine: Neuartige Entwicklungen und Herausforderungen f\u00fcr die Lebensmittelindustrie\" ><\/a><div class=\"iconbox_content\"><header class=\"entry-content-header\" aria-label=\"Icon: Alternative Proteine: Neuartige Entwicklungen und Herausforderungen f\u00fcr die Lebensmittelindustrie\"><h3 class='iconbox_content_title '  itemprop=\"headline\" ><a href='https:\/\/www.harnisch-digital.de\/food-technologie-1-2025\/69968703\/10' title='Alternative Proteine: Neuartige Entwicklungen und Herausforderungen f\u00fcr die Lebensmittelindustrie'  target=\"_blank\"  rel=\"noopener noreferrer\">Alternative Proteine: Neuartige Entwicklungen und Herausforderungen f\u00fcr die Lebensmittelindustrie<\/a><\/h3><\/header><div class='iconbox_content_container '  itemprop=\"text\" ><p>Februar 2025<\/p>\n<\/div><\/div><footer class=\"entry-footer\"><\/footer><\/article>\n","protected":false},"excerpt":{"rendered":"","protected":false},"author":36,"featured_media":0,"parent":0,"menu_order":0,"comment_status":"closed","ping_status":"closed","template":"","meta":{"footnotes":""},"class_list":["post-3267","page","type-page","status-publish","hentry"],"yoast_head":"<!-- This site is optimized with the Yoast SEO plugin v27.4 - https:\/\/yoast.com\/product\/yoast-seo-wordpress\/ -->\n<title>Smart Proteins | Informationen zur Anreise und Hotel und Buchung<\/title>\n<meta name=\"description\" content=\"Smart Proteins: Der Summit f\u00fcr alternative Proteinquellen | Wichtige Informationen zur Anreise und Hotelbuchung finden Sie hier.\" \/>\n<meta name=\"robots\" content=\"index, follow, max-snippet:-1, max-image-preview:large, max-video-preview:-1\" \/>\n<link rel=\"canonical\" href=\"https:\/\/dfvcg-events.de\/smart-proteins\/presse\/\" \/>\n<meta property=\"og:locale\" content=\"de_DE\" \/>\n<meta property=\"og:type\" content=\"article\" \/>\n<meta property=\"og:title\" content=\"Smart Proteins | Informationen zur Anreise und Hotel und Buchung\" \/>\n<meta property=\"og:description\" content=\"Smart Proteins: Der Summit f\u00fcr alternative Proteinquellen | Wichtige Informationen zur Anreise und Hotelbuchung finden Sie hier.\" \/>\n<meta property=\"og:url\" content=\"https:\/\/dfvcg-events.de\/smart-proteins\/presse\/\" \/>\n<meta property=\"og:site_name\" content=\"Smart Proteins\" \/>\n<meta property=\"article:modified_time\" content=\"2025-03-14T07:39:35+00:00\" \/>\n<meta name=\"twitter:card\" content=\"summary_large_image\" \/>\n<meta name=\"twitter:label1\" content=\"Gesch\u00e4tzte Lesezeit\" \/>\n\t<meta name=\"twitter:data1\" content=\"1\u00a0Minute\" \/>\n<script type=\"application\/ld+json\" class=\"yoast-schema-graph\">{\"@context\":\"https:\\\/\\\/schema.org\",\"@graph\":[{\"@type\":\"WebPage\",\"@id\":\"https:\\\/\\\/dfvcg-events.de\\\/smart-proteins\\\/presse\\\/\",\"url\":\"https:\\\/\\\/dfvcg-events.de\\\/smart-proteins\\\/presse\\\/\",\"name\":\"Smart Proteins | Informationen zur Anreise und Hotel und Buchung\",\"isPartOf\":{\"@id\":\"https:\\\/\\\/dfvcg-events.de\\\/smart-proteins\\\/#website\"},\"datePublished\":\"2025-03-07T13:16:05+00:00\",\"dateModified\":\"2025-03-14T07:39:35+00:00\",\"description\":\"Smart Proteins: Der Summit f\u00fcr alternative Proteinquellen | Wichtige Informationen zur Anreise und Hotelbuchung finden Sie hier.\",\"breadcrumb\":{\"@id\":\"https:\\\/\\\/dfvcg-events.de\\\/smart-proteins\\\/presse\\\/#breadcrumb\"},\"inLanguage\":\"de\",\"potentialAction\":[{\"@type\":\"ReadAction\",\"target\":[\"https:\\\/\\\/dfvcg-events.de\\\/smart-proteins\\\/presse\\\/\"]}]},{\"@type\":\"BreadcrumbList\",\"@id\":\"https:\\\/\\\/dfvcg-events.de\\\/smart-proteins\\\/presse\\\/#breadcrumb\",\"itemListElement\":[{\"@type\":\"ListItem\",\"position\":1,\"name\":\"Startseite\",\"item\":\"https:\\\/\\\/dfvcg-events.de\\\/smart-proteins\\\/\"},{\"@type\":\"ListItem\",\"position\":2,\"name\":\"Presse\"}]},{\"@type\":\"WebSite\",\"@id\":\"https:\\\/\\\/dfvcg-events.de\\\/smart-proteins\\\/#website\",\"url\":\"https:\\\/\\\/dfvcg-events.de\\\/smart-proteins\\\/\",\"name\":\"Smart Proteins\",\"description\":\"Der Summit f\u00fcr alternative Proteinquellen\",\"publisher\":{\"@id\":\"https:\\\/\\\/dfvcg-events.de\\\/smart-proteins\\\/#organization\"},\"potentialAction\":[{\"@type\":\"SearchAction\",\"target\":{\"@type\":\"EntryPoint\",\"urlTemplate\":\"https:\\\/\\\/dfvcg-events.de\\\/smart-proteins\\\/?s={search_term_string}\"},\"query-input\":{\"@type\":\"PropertyValueSpecification\",\"valueRequired\":true,\"valueName\":\"search_term_string\"}}],\"inLanguage\":\"de\"},{\"@type\":\"Organization\",\"@id\":\"https:\\\/\\\/dfvcg-events.de\\\/smart-proteins\\\/#organization\",\"name\":\"Smart Proteins\",\"url\":\"https:\\\/\\\/dfvcg-events.de\\\/smart-proteins\\\/\",\"logo\":{\"@type\":\"ImageObject\",\"inLanguage\":\"de\",\"@id\":\"https:\\\/\\\/dfvcg-events.de\\\/smart-proteins\\\/#\\\/schema\\\/logo\\\/image\\\/\",\"url\":\"https:\\\/\\\/dfvcg-events.de\\\/smart-proteins\\\/wp-content\\\/uploads\\\/sites\\\/41\\\/2022\\\/02\\\/dfvcg-smart-proteins-key-visual.png\",\"contentUrl\":\"https:\\\/\\\/dfvcg-events.de\\\/smart-proteins\\\/wp-content\\\/uploads\\\/sites\\\/41\\\/2022\\\/02\\\/dfvcg-smart-proteins-key-visual.png\",\"width\":1225,\"height\":977,\"caption\":\"Smart Proteins\"},\"image\":{\"@id\":\"https:\\\/\\\/dfvcg-events.de\\\/smart-proteins\\\/#\\\/schema\\\/logo\\\/image\\\/\"}}]}<\/script>\n<!-- \/ Yoast SEO plugin. -->","yoast_head_json":{"title":"Smart Proteins | Informationen zur Anreise und Hotel und Buchung","description":"Smart Proteins: Der Summit f\u00fcr alternative Proteinquellen | Wichtige Informationen zur Anreise und Hotelbuchung finden Sie hier.","robots":{"index":"index","follow":"follow","max-snippet":"max-snippet:-1","max-image-preview":"max-image-preview:large","max-video-preview":"max-video-preview:-1"},"canonical":"https:\/\/dfvcg-events.de\/smart-proteins\/presse\/","og_locale":"de_DE","og_type":"article","og_title":"Smart Proteins | Informationen zur Anreise und Hotel und Buchung","og_description":"Smart Proteins: Der Summit f\u00fcr alternative Proteinquellen | Wichtige Informationen zur Anreise und Hotelbuchung finden Sie hier.","og_url":"https:\/\/dfvcg-events.de\/smart-proteins\/presse\/","og_site_name":"Smart Proteins","article_modified_time":"2025-03-14T07:39:35+00:00","twitter_card":"summary_large_image","twitter_misc":{"Gesch\u00e4tzte Lesezeit":"1\u00a0Minute"},"schema":{"@context":"https:\/\/schema.org","@graph":[{"@type":"WebPage","@id":"https:\/\/dfvcg-events.de\/smart-proteins\/presse\/","url":"https:\/\/dfvcg-events.de\/smart-proteins\/presse\/","name":"Smart Proteins | Informationen zur Anreise und Hotel und Buchung","isPartOf":{"@id":"https:\/\/dfvcg-events.de\/smart-proteins\/#website"},"datePublished":"2025-03-07T13:16:05+00:00","dateModified":"2025-03-14T07:39:35+00:00","description":"Smart Proteins: Der Summit f\u00fcr alternative Proteinquellen | Wichtige Informationen zur Anreise und Hotelbuchung finden Sie hier.","breadcrumb":{"@id":"https:\/\/dfvcg-events.de\/smart-proteins\/presse\/#breadcrumb"},"inLanguage":"de","potentialAction":[{"@type":"ReadAction","target":["https:\/\/dfvcg-events.de\/smart-proteins\/presse\/"]}]},{"@type":"BreadcrumbList","@id":"https:\/\/dfvcg-events.de\/smart-proteins\/presse\/#breadcrumb","itemListElement":[{"@type":"ListItem","position":1,"name":"Startseite","item":"https:\/\/dfvcg-events.de\/smart-proteins\/"},{"@type":"ListItem","position":2,"name":"Presse"}]},{"@type":"WebSite","@id":"https:\/\/dfvcg-events.de\/smart-proteins\/#website","url":"https:\/\/dfvcg-events.de\/smart-proteins\/","name":"Smart Proteins","description":"Der Summit f\u00fcr alternative Proteinquellen","publisher":{"@id":"https:\/\/dfvcg-events.de\/smart-proteins\/#organization"},"potentialAction":[{"@type":"SearchAction","target":{"@type":"EntryPoint","urlTemplate":"https:\/\/dfvcg-events.de\/smart-proteins\/?s={search_term_string}"},"query-input":{"@type":"PropertyValueSpecification","valueRequired":true,"valueName":"search_term_string"}}],"inLanguage":"de"},{"@type":"Organization","@id":"https:\/\/dfvcg-events.de\/smart-proteins\/#organization","name":"Smart Proteins","url":"https:\/\/dfvcg-events.de\/smart-proteins\/","logo":{"@type":"ImageObject","inLanguage":"de","@id":"https:\/\/dfvcg-events.de\/smart-proteins\/#\/schema\/logo\/image\/","url":"https:\/\/dfvcg-events.de\/smart-proteins\/wp-content\/uploads\/sites\/41\/2022\/02\/dfvcg-smart-proteins-key-visual.png","contentUrl":"https:\/\/dfvcg-events.de\/smart-proteins\/wp-content\/uploads\/sites\/41\/2022\/02\/dfvcg-smart-proteins-key-visual.png","width":1225,"height":977,"caption":"Smart Proteins"},"image":{"@id":"https:\/\/dfvcg-events.de\/smart-proteins\/#\/schema\/logo\/image\/"}}]}},"_links":{"self":[{"href":"https:\/\/dfvcg-events.de\/smart-proteins\/wp-json\/wp\/v2\/pages\/3267","targetHints":{"allow":["GET"]}}],"collection":[{"href":"https:\/\/dfvcg-events.de\/smart-proteins\/wp-json\/wp\/v2\/pages"}],"about":[{"href":"https:\/\/dfvcg-events.de\/smart-proteins\/wp-json\/wp\/v2\/types\/page"}],"author":[{"embeddable":true,"href":"https:\/\/dfvcg-events.de\/smart-proteins\/wp-json\/wp\/v2\/users\/36"}],"replies":[{"embeddable":true,"href":"https:\/\/dfvcg-events.de\/smart-proteins\/wp-json\/wp\/v2\/comments?post=3267"}],"version-history":[{"count":4,"href":"https:\/\/dfvcg-events.de\/smart-proteins\/wp-json\/wp\/v2\/pages\/3267\/revisions"}],"predecessor-version":[{"id":3273,"href":"https:\/\/dfvcg-events.de\/smart-proteins\/wp-json\/wp\/v2\/pages\/3267\/revisions\/3273"}],"wp:attachment":[{"href":"https:\/\/dfvcg-events.de\/smart-proteins\/wp-json\/wp\/v2\/media?parent=3267"}],"curies":[{"name":"wp","href":"https:\/\/api.w.org\/{rel}","templated":true}]}}