{"id":3843,"date":"2023-10-19T15:25:41","date_gmt":"2023-10-19T13:25:41","guid":{"rendered":"https:\/\/dfvcg-events.de\/smart-city\/?post_type=portfolio&#038;p=3843"},"modified":"2023-10-24T10:22:51","modified_gmt":"2023-10-24T08:22:51","slug":"ramon-garcia","status":"publish","type":"portfolio","link":"https:\/\/dfvcg-events.de\/smart-city\/vortragend\/ramon-garcia\/","title":{"rendered":"Ram\u00f3n Garc\u00eda"},"content":{"rendered":"\n<style type=\"text\/css\" data-created_by=\"avia_inline_auto\" id=\"style-css-av-1hpil-9666fe4db9abbb55e16afcaa46b74565\">\n.flex_column.av-1hpil-9666fe4db9abbb55e16afcaa46b74565{\nborder-radius:0px 0px 0px 0px;\npadding:0px 0px 0px 0px;\n}\n<\/style>\n<div  class='flex_column av-1hpil-9666fe4db9abbb55e16afcaa46b74565 av_one_third  avia-builder-el-0  el_before_av_two_third  avia-builder-el-first  first flex_column_div av-zero-column-padding  '     ><style type=\"text\/css\" data-created_by=\"avia_inline_auto\" id=\"style-css-av-k7z57foz-b9150f1deec35347cb19ca0a9fd96037\">\n.avia-image-container.av-k7z57foz-b9150f1deec35347cb19ca0a9fd96037 img.avia_image{\nbox-shadow:none;\n}\n.avia-image-container.av-k7z57foz-b9150f1deec35347cb19ca0a9fd96037 .av-image-caption-overlay-center{\ncolor:#ffffff;\n}\n<\/style>\n<div  class='avia-image-container av-k7z57foz-b9150f1deec35347cb19ca0a9fd96037 av-styling-no-styling avia-align-center  avia-builder-el-1  avia-builder-el-no-sibling '   itemprop=\"image\" itemscope=\"itemscope\" itemtype=\"https:\/\/schema.org\/ImageObject\" ><div class=\"avia-image-container-inner\"><div class=\"avia-image-overlay-wrap\"><img decoding=\"async\" fetchpriority=\"high\" class='wp-image-3844 avia-img-lazy-loading-not-3844 avia_image ' src=\"https:\/\/dfvcg-events.de\/smart-city\/wp-content\/uploads\/sites\/25\/2023\/10\/Garcia-Ramon.jpg\" alt='Garcia-Ramon' title='Garcia-Ramon'  height=\"800\" width=\"600\"  itemprop=\"thumbnailUrl\"  \/><\/div><\/div><\/div><\/div>\n\n<style type=\"text\/css\" data-created_by=\"avia_inline_auto\" id=\"style-css-av-q939-36bd9e2970eba44b209398e6adaba9f5\">\n.flex_column.av-q939-36bd9e2970eba44b209398e6adaba9f5{\nborder-radius:0px 0px 0px 0px;\npadding:0px 0px 0px 0px;\n}\n<\/style>\n<div  class='flex_column av-q939-36bd9e2970eba44b209398e6adaba9f5 av_two_third  avia-builder-el-2  el_after_av_one_third  avia-builder-el-last  flex_column_div av-zero-column-padding  '     ><p>\n<style type=\"text\/css\" data-created_by=\"avia_inline_auto\" id=\"style-css-av-knufqmcq-365919bd971bff07403ffe2cd344f732\">\n#top .av-special-heading.av-knufqmcq-365919bd971bff07403ffe2cd344f732{\npadding-bottom:10px;\n}\nbody .av-special-heading.av-knufqmcq-365919bd971bff07403ffe2cd344f732 .av-special-heading-tag .heading-char{\nfont-size:25px;\n}\n.av-special-heading.av-knufqmcq-365919bd971bff07403ffe2cd344f732 .av-subheading{\nfont-size:19px;\n}\n<\/style>\n<div  class='av-special-heading av-knufqmcq-365919bd971bff07403ffe2cd344f732 av-special-heading-h2 blockquote modern-quote  avia-builder-el-3  el_before_av_textblock  avia-builder-el-first '><h2 class='av-special-heading-tag '  itemprop=\"headline\"  >Ram\u00f3n Garc\u00eda <\/h2><div class='av-subheading av-subheading_below'><p>General Director<br \/>\nCentro Espa\u00f1ol de Log\u00edstica (CEL)<\/p>\n<\/div><div class=\"special-heading-border\"><div class=\"special-heading-inner-border\"><\/div><\/div><\/div><br \/>\n<section  class='av_textblock_section av-34nwdo-fb77d5752ace0e56d0a8df1a669f5c45 '   itemscope=\"itemscope\" itemtype=\"https:\/\/schema.org\/CreativeWork\" ><div class='avia_textblock'  itemprop=\"text\" ><p>Ram\u00f3n Garc\u00eda is General Director of the Centro Espa\u00f1ol de Log\u00edstica (CEL), the benchmark association for supply chain management in Spain. He is also Vice-President and General Director of the innovation cluster CITET and Vice-President of the eAPyme federation. He has more than 20 years of experience in the area of Supply Chain Management, sustainability and innovation and urban logistics, developed in multinational companies (Grupo El Corte Ingl\u00e9s, GSK and BASF) and business associations, playing technical, project management, consulting and management roles.<\/p>\n<p>Since 2001, he has collaborated as an associate lecturer with various universities and business schools and has participated as a speaker at international meetings related to Logistics and Freight Transport.<\/p>\n<p>He holds a degree in Business Administration and Management and a degree in Economics from the Carlos III University of Madrid, a Master in Quality Management from Centro de Estudios Universitarios Ram\u00f3n Areces (CEURA) and a Master in Logistics for Security and Defence Systems from the Rey Juan Carlos University, has obtained the European Certification in Logistics (ESLog) awarded by ELA (European Logistics Association), is &#8222;Certified Supply Chain Professional (CSCP)&#8220; and &#8222;Certified in Logistics, Transportation and Distribution (CLTD)&#8220; by APICS and thanks to his contribution to the logistics profession is &#8222;Certified Fellow in Planning and Inventory Management (CPIM-F)&#8220; by APICS.<\/p>\n<\/div><\/section><\/p><\/div>\n","protected":false},"excerpt":{"rendered":"<p>Centro Espa\u00f1ol de Log\u00edstica (CEL)<\/p>\n","protected":false},"author":25,"featured_media":3844,"comment_status":"closed","ping_status":"closed","template":"","meta":{"footnotes":""},"tags":[],"portfolio_entries":[93],"class_list":["post-3843","portfolio","type-portfolio","status-publish","has-post-thumbnail","hentry","portfolio_entries-vortragend-2023"],"yoast_head":"<!-- This site is optimized with the Yoast SEO plugin v27.4 - https:\/\/yoast.com\/product\/yoast-seo-wordpress\/ -->\n<title>Referent: Ram\u00f3n Garc\u00eda - SMART CITY Conference<\/title>\n<meta name=\"description\" content=\"SMART CITY Conference | Begr\u00fc\u00dfen Sie auf der B\u00fchne: Ram\u00f3n Garc\u00eda\" \/>\n<meta name=\"robots\" content=\"index, follow, max-snippet:-1, max-image-preview:large, max-video-preview:-1\" \/>\n<link rel=\"canonical\" href=\"https:\/\/dfvcg-events.de\/smart-city\/vortragend\/ramon-garcia\/\" \/>\n<meta property=\"og:locale\" content=\"de_DE\" \/>\n<meta property=\"og:type\" content=\"article\" \/>\n<meta property=\"og:title\" content=\"Referent: Ram\u00f3n Garc\u00eda - SMART CITY Conference\" \/>\n<meta property=\"og:description\" content=\"SMART CITY Conference | Begr\u00fc\u00dfen Sie auf der B\u00fchne: Ram\u00f3n Garc\u00eda\" \/>\n<meta property=\"og:url\" content=\"https:\/\/dfvcg-events.de\/smart-city\/vortragend\/ramon-garcia\/\" \/>\n<meta property=\"og:site_name\" content=\"SMART CITY Conference\" \/>\n<meta property=\"article:modified_time\" content=\"2023-10-24T08:22:51+00:00\" \/>\n<meta property=\"og:image\" content=\"https:\/\/dfvcg-events.de\/smart-city\/wp-content\/uploads\/sites\/25\/2023\/10\/Garcia-Ramon.jpg\" \/>\n\t<meta property=\"og:image:width\" content=\"600\" \/>\n\t<meta property=\"og:image:height\" content=\"800\" \/>\n\t<meta property=\"og:image:type\" content=\"image\/jpeg\" \/>\n<meta name=\"twitter:card\" content=\"summary_large_image\" \/>\n<meta name=\"twitter:label1\" content=\"Gesch\u00e4tzte Lesezeit\" \/>\n\t<meta name=\"twitter:data1\" content=\"3\u00a0Minuten\" \/>\n<script type=\"application\/ld+json\" class=\"yoast-schema-graph\">{\"@context\":\"https:\\\/\\\/schema.org\",\"@graph\":[{\"@type\":\"WebPage\",\"@id\":\"https:\\\/\\\/dfvcg-events.de\\\/smart-city\\\/vortragend\\\/ramon-garcia\\\/\",\"url\":\"https:\\\/\\\/dfvcg-events.de\\\/smart-city\\\/vortragend\\\/ramon-garcia\\\/\",\"name\":\"Referent: Ram\u00f3n Garc\u00eda - SMART CITY Conference\",\"isPartOf\":{\"@id\":\"https:\\\/\\\/dfvcg-events.de\\\/smart-city\\\/#website\"},\"primaryImageOfPage\":{\"@id\":\"https:\\\/\\\/dfvcg-events.de\\\/smart-city\\\/vortragend\\\/ramon-garcia\\\/#primaryimage\"},\"image\":{\"@id\":\"https:\\\/\\\/dfvcg-events.de\\\/smart-city\\\/vortragend\\\/ramon-garcia\\\/#primaryimage\"},\"thumbnailUrl\":\"https:\\\/\\\/dfvcg-events.de\\\/smart-city\\\/wp-content\\\/uploads\\\/sites\\\/25\\\/2023\\\/10\\\/Garcia-Ramon.jpg\",\"datePublished\":\"2023-10-19T13:25:41+00:00\",\"dateModified\":\"2023-10-24T08:22:51+00:00\",\"description\":\"SMART CITY Conference | Begr\u00fc\u00dfen Sie auf der B\u00fchne: Ram\u00f3n Garc\u00eda\",\"breadcrumb\":{\"@id\":\"https:\\\/\\\/dfvcg-events.de\\\/smart-city\\\/vortragend\\\/ramon-garcia\\\/#breadcrumb\"},\"inLanguage\":\"de\",\"potentialAction\":[{\"@type\":\"ReadAction\",\"target\":[\"https:\\\/\\\/dfvcg-events.de\\\/smart-city\\\/vortragend\\\/ramon-garcia\\\/\"]}]},{\"@type\":\"ImageObject\",\"inLanguage\":\"de\",\"@id\":\"https:\\\/\\\/dfvcg-events.de\\\/smart-city\\\/vortragend\\\/ramon-garcia\\\/#primaryimage\",\"url\":\"https:\\\/\\\/dfvcg-events.de\\\/smart-city\\\/wp-content\\\/uploads\\\/sites\\\/25\\\/2023\\\/10\\\/Garcia-Ramon.jpg\",\"contentUrl\":\"https:\\\/\\\/dfvcg-events.de\\\/smart-city\\\/wp-content\\\/uploads\\\/sites\\\/25\\\/2023\\\/10\\\/Garcia-Ramon.jpg\",\"width\":600,\"height\":800,\"caption\":\"Garcia-Ramon\"},{\"@type\":\"BreadcrumbList\",\"@id\":\"https:\\\/\\\/dfvcg-events.de\\\/smart-city\\\/vortragend\\\/ramon-garcia\\\/#breadcrumb\",\"itemListElement\":[{\"@type\":\"ListItem\",\"position\":1,\"name\":\"Startseite\",\"item\":\"https:\\\/\\\/dfvcg-events.de\\\/smart-city\\\/\"},{\"@type\":\"ListItem\",\"position\":2,\"name\":\"Ram\u00f3n Garc\u00eda\"}]},{\"@type\":\"WebSite\",\"@id\":\"https:\\\/\\\/dfvcg-events.de\\\/smart-city\\\/#website\",\"url\":\"https:\\\/\\\/dfvcg-events.de\\\/smart-city\\\/\",\"name\":\"SMART CITY Conference\",\"description\":\"\",\"potentialAction\":[{\"@type\":\"SearchAction\",\"target\":{\"@type\":\"EntryPoint\",\"urlTemplate\":\"https:\\\/\\\/dfvcg-events.de\\\/smart-city\\\/?s={search_term_string}\"},\"query-input\":{\"@type\":\"PropertyValueSpecification\",\"valueRequired\":true,\"valueName\":\"search_term_string\"}}],\"inLanguage\":\"de\"}]}<\/script>\n<!-- \/ Yoast SEO plugin. -->","yoast_head_json":{"title":"Referent: Ram\u00f3n Garc\u00eda - SMART CITY Conference","description":"SMART CITY Conference | Begr\u00fc\u00dfen Sie auf der B\u00fchne: Ram\u00f3n Garc\u00eda","robots":{"index":"index","follow":"follow","max-snippet":"max-snippet:-1","max-image-preview":"max-image-preview:large","max-video-preview":"max-video-preview:-1"},"canonical":"https:\/\/dfvcg-events.de\/smart-city\/vortragend\/ramon-garcia\/","og_locale":"de_DE","og_type":"article","og_title":"Referent: Ram\u00f3n Garc\u00eda - SMART CITY Conference","og_description":"SMART CITY Conference | Begr\u00fc\u00dfen Sie auf der B\u00fchne: Ram\u00f3n Garc\u00eda","og_url":"https:\/\/dfvcg-events.de\/smart-city\/vortragend\/ramon-garcia\/","og_site_name":"SMART CITY Conference","article_modified_time":"2023-10-24T08:22:51+00:00","og_image":[{"width":600,"height":800,"url":"https:\/\/dfvcg-events.de\/smart-city\/wp-content\/uploads\/sites\/25\/2023\/10\/Garcia-Ramon.jpg","type":"image\/jpeg"}],"twitter_card":"summary_large_image","twitter_misc":{"Gesch\u00e4tzte Lesezeit":"3\u00a0Minuten"},"schema":{"@context":"https:\/\/schema.org","@graph":[{"@type":"WebPage","@id":"https:\/\/dfvcg-events.de\/smart-city\/vortragend\/ramon-garcia\/","url":"https:\/\/dfvcg-events.de\/smart-city\/vortragend\/ramon-garcia\/","name":"Referent: Ram\u00f3n Garc\u00eda - SMART CITY Conference","isPartOf":{"@id":"https:\/\/dfvcg-events.de\/smart-city\/#website"},"primaryImageOfPage":{"@id":"https:\/\/dfvcg-events.de\/smart-city\/vortragend\/ramon-garcia\/#primaryimage"},"image":{"@id":"https:\/\/dfvcg-events.de\/smart-city\/vortragend\/ramon-garcia\/#primaryimage"},"thumbnailUrl":"https:\/\/dfvcg-events.de\/smart-city\/wp-content\/uploads\/sites\/25\/2023\/10\/Garcia-Ramon.jpg","datePublished":"2023-10-19T13:25:41+00:00","dateModified":"2023-10-24T08:22:51+00:00","description":"SMART CITY Conference | Begr\u00fc\u00dfen Sie auf der B\u00fchne: Ram\u00f3n Garc\u00eda","breadcrumb":{"@id":"https:\/\/dfvcg-events.de\/smart-city\/vortragend\/ramon-garcia\/#breadcrumb"},"inLanguage":"de","potentialAction":[{"@type":"ReadAction","target":["https:\/\/dfvcg-events.de\/smart-city\/vortragend\/ramon-garcia\/"]}]},{"@type":"ImageObject","inLanguage":"de","@id":"https:\/\/dfvcg-events.de\/smart-city\/vortragend\/ramon-garcia\/#primaryimage","url":"https:\/\/dfvcg-events.de\/smart-city\/wp-content\/uploads\/sites\/25\/2023\/10\/Garcia-Ramon.jpg","contentUrl":"https:\/\/dfvcg-events.de\/smart-city\/wp-content\/uploads\/sites\/25\/2023\/10\/Garcia-Ramon.jpg","width":600,"height":800,"caption":"Garcia-Ramon"},{"@type":"BreadcrumbList","@id":"https:\/\/dfvcg-events.de\/smart-city\/vortragend\/ramon-garcia\/#breadcrumb","itemListElement":[{"@type":"ListItem","position":1,"name":"Startseite","item":"https:\/\/dfvcg-events.de\/smart-city\/"},{"@type":"ListItem","position":2,"name":"Ram\u00f3n Garc\u00eda"}]},{"@type":"WebSite","@id":"https:\/\/dfvcg-events.de\/smart-city\/#website","url":"https:\/\/dfvcg-events.de\/smart-city\/","name":"SMART CITY Conference","description":"","potentialAction":[{"@type":"SearchAction","target":{"@type":"EntryPoint","urlTemplate":"https:\/\/dfvcg-events.de\/smart-city\/?s={search_term_string}"},"query-input":{"@type":"PropertyValueSpecification","valueRequired":true,"valueName":"search_term_string"}}],"inLanguage":"de"}]}},"_links":{"self":[{"href":"https:\/\/dfvcg-events.de\/smart-city\/wp-json\/wp\/v2\/portfolio\/3843","targetHints":{"allow":["GET"]}}],"collection":[{"href":"https:\/\/dfvcg-events.de\/smart-city\/wp-json\/wp\/v2\/portfolio"}],"about":[{"href":"https:\/\/dfvcg-events.de\/smart-city\/wp-json\/wp\/v2\/types\/portfolio"}],"author":[{"embeddable":true,"href":"https:\/\/dfvcg-events.de\/smart-city\/wp-json\/wp\/v2\/users\/25"}],"replies":[{"embeddable":true,"href":"https:\/\/dfvcg-events.de\/smart-city\/wp-json\/wp\/v2\/comments?post=3843"}],"version-history":[{"count":0,"href":"https:\/\/dfvcg-events.de\/smart-city\/wp-json\/wp\/v2\/portfolio\/3843\/revisions"}],"wp:featuredmedia":[{"embeddable":true,"href":"https:\/\/dfvcg-events.de\/smart-city\/wp-json\/wp\/v2\/media\/3844"}],"wp:attachment":[{"href":"https:\/\/dfvcg-events.de\/smart-city\/wp-json\/wp\/v2\/media?parent=3843"}],"wp:term":[{"taxonomy":"post_tag","embeddable":true,"href":"https:\/\/dfvcg-events.de\/smart-city\/wp-json\/wp\/v2\/tags?post=3843"},{"taxonomy":"portfolio_entries","embeddable":true,"href":"https:\/\/dfvcg-events.de\/smart-city\/wp-json\/wp\/v2\/portfolio_entries?post=3843"}],"curies":[{"name":"wp","href":"https:\/\/api.w.org\/{rel}","templated":true}]}}