{"id":3779,"date":"2023-10-09T17:10:41","date_gmt":"2023-10-09T15:10:41","guid":{"rendered":"https:\/\/dfvcg-events.de\/smart-city\/?post_type=portfolio&#038;p=3779"},"modified":"2023-10-09T17:11:33","modified_gmt":"2023-10-09T15:11:33","slug":"hanno-benz","status":"publish","type":"portfolio","link":"https:\/\/dfvcg-events.de\/smart-city\/vortragend\/hanno-benz\/","title":{"rendered":"Hanno Benz"},"content":{"rendered":"\n<style type=\"text\/css\" data-created_by=\"avia_inline_auto\" id=\"style-css-av-1hpil-9666fe4db9abbb55e16afcaa46b74565\">\n.flex_column.av-1hpil-9666fe4db9abbb55e16afcaa46b74565{\nborder-radius:0px 0px 0px 0px;\npadding:0px 0px 0px 0px;\n}\n<\/style>\n<div  class='flex_column av-1hpil-9666fe4db9abbb55e16afcaa46b74565 av_one_third  avia-builder-el-0  el_before_av_two_third  avia-builder-el-first  first flex_column_div av-zero-column-padding  '     ><style type=\"text\/css\" data-created_by=\"avia_inline_auto\" id=\"style-css-av-k7z57foz-50d3627f5c2e71d136b3387f110c5236\">\n.avia-image-container.av-k7z57foz-50d3627f5c2e71d136b3387f110c5236 img.avia_image{\nbox-shadow:none;\n}\n.avia-image-container.av-k7z57foz-50d3627f5c2e71d136b3387f110c5236 .av-image-caption-overlay-center{\ncolor:#ffffff;\n}\n<\/style>\n<div  class='avia-image-container av-k7z57foz-50d3627f5c2e71d136b3387f110c5236 av-styling-no-styling avia-align-center  avia-builder-el-1  avia-builder-el-no-sibling '   itemprop=\"image\" itemscope=\"itemscope\" itemtype=\"https:\/\/schema.org\/ImageObject\" ><div class=\"avia-image-container-inner\"><div class=\"avia-image-overlay-wrap\"><img decoding=\"async\" fetchpriority=\"high\" class='wp-image-3780 avia-img-lazy-loading-not-3780 avia_image ' src=\"https:\/\/dfvcg-events.de\/smart-city\/wp-content\/uploads\/sites\/25\/2023\/10\/Hanno-Benz-Stadt-Darmstadt.jpg\" alt='Hanno-Benz-Stadt Darmstadt' title='Hanno-Benz-Stadt Darmstadt'  height=\"800\" width=\"600\"  itemprop=\"thumbnailUrl\"  \/><\/div><\/div><\/div><\/div>\n<style type=\"text\/css\" data-created_by=\"avia_inline_auto\" id=\"style-css-av-q939-36bd9e2970eba44b209398e6adaba9f5\">\n.flex_column.av-q939-36bd9e2970eba44b209398e6adaba9f5{\nborder-radius:0px 0px 0px 0px;\npadding:0px 0px 0px 0px;\n}\n<\/style>\n<div  class='flex_column av-q939-36bd9e2970eba44b209398e6adaba9f5 av_two_third  avia-builder-el-2  el_after_av_one_third  avia-builder-el-last  flex_column_div av-zero-column-padding  '     ><p>\n<style type=\"text\/css\" data-created_by=\"avia_inline_auto\" id=\"style-css-av-2pkrck-e185cb5276640e0e3ba233a60bdd42b1\">\n#top .av-special-heading.av-2pkrck-e185cb5276640e0e3ba233a60bdd42b1{\npadding-bottom:10px;\n}\nbody .av-special-heading.av-2pkrck-e185cb5276640e0e3ba233a60bdd42b1 .av-special-heading-tag .heading-char{\nfont-size:25px;\n}\n.av-special-heading.av-2pkrck-e185cb5276640e0e3ba233a60bdd42b1 .av-subheading{\nfont-size:19px;\n}\n<\/style>\n<div  class='av-special-heading av-2pkrck-e185cb5276640e0e3ba233a60bdd42b1 av-special-heading-h2 blockquote modern-quote  avia-builder-el-3  el_before_av_textblock  avia-builder-el-first '><h2 class='av-special-heading-tag '  itemprop=\"headline\"  >Hanno Benz<\/h2><div class='av-subheading av-subheading_below'><p>Oberb\u00fcrgermeister<br \/>\nStadt Darmstadt<\/p>\n<\/div><div class=\"special-heading-border\"><div class=\"special-heading-inner-border\"><\/div><\/div><\/div><br \/>\n<section  class='av_textblock_section av-k7yuci90-cc8f536f476c354fb273c6b3e8aa0dbd '   itemscope=\"itemscope\" itemtype=\"https:\/\/schema.org\/CreativeWork\" ><div class='avia_textblock'  itemprop=\"text\" ><p>Der 1972 in Darmstadt geborene Hanno Benz lebt mit seiner Familie in Darmstadt-Arheilgen. Nach dem Besuch der Bernhard-Adelung- und der Bertolt-Brecht-Schule absolvierte er zun\u00e4chst seinen Zivildienst beim Deutschen Roten Kreuz und studierte im Anschluss Politik, Literatur- und Sprachwissenschaften. Beruflich war er fortlaufend an der Schnittstelle von Politik, Wirtschaft und Kommunikation t\u00e4tig. Zuletzt war er Leiter des Bereichs \u201ePublic Affairs\u201c bei einem Energieversorger im Rhein-Main Gebiet. Politisch ist er seit 1989 f\u00fcr die SPD aktiv. Von 2001 bis 2016 war er f\u00fcr die SPD Stadtverordneter und von 2006 bis 2016 Vorsitzender der SPD-Fraktion in der Stadtverordnetenversammlung in Darmstadt. Seit 25. Juni 2023 ist Hanno Benz Oberb\u00fcrgermeister der Wissenschaftsstadt Darmstadt.<\/p>\n<\/div><\/section><\/p><\/div><\/p>\n","protected":false},"excerpt":{"rendered":"<p>Stadt Darmstadt<\/p>\n","protected":false},"author":25,"featured_media":3780,"comment_status":"open","ping_status":"closed","template":"","meta":{"footnotes":""},"tags":[],"portfolio_entries":[93],"class_list":["post-3779","portfolio","type-portfolio","status-publish","has-post-thumbnail","hentry","portfolio_entries-vortragend-2023"],"yoast_head":"<!-- This site is optimized with the Yoast SEO plugin v27.4 - https:\/\/yoast.com\/product\/yoast-seo-wordpress\/ -->\n<title>Referent: Hanno Benz - SMART CITY Conference<\/title>\n<meta name=\"description\" content=\"SMART CITY Conference | Begr\u00fc\u00dfen Sie auf der B\u00fchne: Hanno Benz\" \/>\n<meta name=\"robots\" content=\"index, follow, max-snippet:-1, max-image-preview:large, max-video-preview:-1\" \/>\n<link rel=\"canonical\" href=\"https:\/\/dfvcg-events.de\/smart-city\/vortragend\/hanno-benz\/\" \/>\n<meta property=\"og:locale\" content=\"de_DE\" \/>\n<meta property=\"og:type\" content=\"article\" \/>\n<meta property=\"og:title\" content=\"Referent: Hanno Benz - SMART CITY Conference\" \/>\n<meta property=\"og:description\" content=\"SMART CITY Conference | Begr\u00fc\u00dfen Sie auf der B\u00fchne: Hanno Benz\" \/>\n<meta property=\"og:url\" content=\"https:\/\/dfvcg-events.de\/smart-city\/vortragend\/hanno-benz\/\" \/>\n<meta property=\"og:site_name\" content=\"SMART CITY Conference\" \/>\n<meta property=\"article:modified_time\" content=\"2023-10-09T15:11:33+00:00\" \/>\n<meta property=\"og:image\" content=\"https:\/\/dfvcg-events.de\/smart-city\/wp-content\/uploads\/sites\/25\/2023\/10\/Hanno-Benz-Stadt-Darmstadt.jpg\" \/>\n\t<meta property=\"og:image:width\" content=\"600\" \/>\n\t<meta property=\"og:image:height\" content=\"800\" \/>\n\t<meta property=\"og:image:type\" content=\"image\/jpeg\" \/>\n<meta name=\"twitter:card\" content=\"summary_large_image\" \/>\n<meta name=\"twitter:label1\" content=\"Gesch\u00e4tzte Lesezeit\" \/>\n\t<meta name=\"twitter:data1\" content=\"3\u00a0Minuten\" \/>\n<script type=\"application\/ld+json\" class=\"yoast-schema-graph\">{\"@context\":\"https:\\\/\\\/schema.org\",\"@graph\":[{\"@type\":\"WebPage\",\"@id\":\"https:\\\/\\\/dfvcg-events.de\\\/smart-city\\\/vortragend\\\/hanno-benz\\\/\",\"url\":\"https:\\\/\\\/dfvcg-events.de\\\/smart-city\\\/vortragend\\\/hanno-benz\\\/\",\"name\":\"Referent: Hanno Benz - SMART CITY Conference\",\"isPartOf\":{\"@id\":\"https:\\\/\\\/dfvcg-events.de\\\/smart-city\\\/#website\"},\"primaryImageOfPage\":{\"@id\":\"https:\\\/\\\/dfvcg-events.de\\\/smart-city\\\/vortragend\\\/hanno-benz\\\/#primaryimage\"},\"image\":{\"@id\":\"https:\\\/\\\/dfvcg-events.de\\\/smart-city\\\/vortragend\\\/hanno-benz\\\/#primaryimage\"},\"thumbnailUrl\":\"https:\\\/\\\/dfvcg-events.de\\\/smart-city\\\/wp-content\\\/uploads\\\/sites\\\/25\\\/2023\\\/10\\\/Hanno-Benz-Stadt-Darmstadt.jpg\",\"datePublished\":\"2023-10-09T15:10:41+00:00\",\"dateModified\":\"2023-10-09T15:11:33+00:00\",\"description\":\"SMART CITY Conference | Begr\u00fc\u00dfen Sie auf der B\u00fchne: Hanno Benz\",\"breadcrumb\":{\"@id\":\"https:\\\/\\\/dfvcg-events.de\\\/smart-city\\\/vortragend\\\/hanno-benz\\\/#breadcrumb\"},\"inLanguage\":\"de\",\"potentialAction\":[{\"@type\":\"ReadAction\",\"target\":[\"https:\\\/\\\/dfvcg-events.de\\\/smart-city\\\/vortragend\\\/hanno-benz\\\/\"]}]},{\"@type\":\"ImageObject\",\"inLanguage\":\"de\",\"@id\":\"https:\\\/\\\/dfvcg-events.de\\\/smart-city\\\/vortragend\\\/hanno-benz\\\/#primaryimage\",\"url\":\"https:\\\/\\\/dfvcg-events.de\\\/smart-city\\\/wp-content\\\/uploads\\\/sites\\\/25\\\/2023\\\/10\\\/Hanno-Benz-Stadt-Darmstadt.jpg\",\"contentUrl\":\"https:\\\/\\\/dfvcg-events.de\\\/smart-city\\\/wp-content\\\/uploads\\\/sites\\\/25\\\/2023\\\/10\\\/Hanno-Benz-Stadt-Darmstadt.jpg\",\"width\":600,\"height\":800,\"caption\":\"Hanno-Benz-Stadt Darmstadt\"},{\"@type\":\"BreadcrumbList\",\"@id\":\"https:\\\/\\\/dfvcg-events.de\\\/smart-city\\\/vortragend\\\/hanno-benz\\\/#breadcrumb\",\"itemListElement\":[{\"@type\":\"ListItem\",\"position\":1,\"name\":\"Startseite\",\"item\":\"https:\\\/\\\/dfvcg-events.de\\\/smart-city\\\/\"},{\"@type\":\"ListItem\",\"position\":2,\"name\":\"Hanno Benz\"}]},{\"@type\":\"WebSite\",\"@id\":\"https:\\\/\\\/dfvcg-events.de\\\/smart-city\\\/#website\",\"url\":\"https:\\\/\\\/dfvcg-events.de\\\/smart-city\\\/\",\"name\":\"SMART CITY Conference\",\"description\":\"\",\"potentialAction\":[{\"@type\":\"SearchAction\",\"target\":{\"@type\":\"EntryPoint\",\"urlTemplate\":\"https:\\\/\\\/dfvcg-events.de\\\/smart-city\\\/?s={search_term_string}\"},\"query-input\":{\"@type\":\"PropertyValueSpecification\",\"valueRequired\":true,\"valueName\":\"search_term_string\"}}],\"inLanguage\":\"de\"}]}<\/script>\n<!-- \/ Yoast SEO plugin. -->","yoast_head_json":{"title":"Referent: Hanno Benz - SMART CITY Conference","description":"SMART CITY Conference | Begr\u00fc\u00dfen Sie auf der B\u00fchne: Hanno Benz","robots":{"index":"index","follow":"follow","max-snippet":"max-snippet:-1","max-image-preview":"max-image-preview:large","max-video-preview":"max-video-preview:-1"},"canonical":"https:\/\/dfvcg-events.de\/smart-city\/vortragend\/hanno-benz\/","og_locale":"de_DE","og_type":"article","og_title":"Referent: Hanno Benz - SMART CITY Conference","og_description":"SMART CITY Conference | Begr\u00fc\u00dfen Sie auf der B\u00fchne: Hanno Benz","og_url":"https:\/\/dfvcg-events.de\/smart-city\/vortragend\/hanno-benz\/","og_site_name":"SMART CITY Conference","article_modified_time":"2023-10-09T15:11:33+00:00","og_image":[{"width":600,"height":800,"url":"https:\/\/dfvcg-events.de\/smart-city\/wp-content\/uploads\/sites\/25\/2023\/10\/Hanno-Benz-Stadt-Darmstadt.jpg","type":"image\/jpeg"}],"twitter_card":"summary_large_image","twitter_misc":{"Gesch\u00e4tzte Lesezeit":"3\u00a0Minuten"},"schema":{"@context":"https:\/\/schema.org","@graph":[{"@type":"WebPage","@id":"https:\/\/dfvcg-events.de\/smart-city\/vortragend\/hanno-benz\/","url":"https:\/\/dfvcg-events.de\/smart-city\/vortragend\/hanno-benz\/","name":"Referent: Hanno Benz - SMART CITY Conference","isPartOf":{"@id":"https:\/\/dfvcg-events.de\/smart-city\/#website"},"primaryImageOfPage":{"@id":"https:\/\/dfvcg-events.de\/smart-city\/vortragend\/hanno-benz\/#primaryimage"},"image":{"@id":"https:\/\/dfvcg-events.de\/smart-city\/vortragend\/hanno-benz\/#primaryimage"},"thumbnailUrl":"https:\/\/dfvcg-events.de\/smart-city\/wp-content\/uploads\/sites\/25\/2023\/10\/Hanno-Benz-Stadt-Darmstadt.jpg","datePublished":"2023-10-09T15:10:41+00:00","dateModified":"2023-10-09T15:11:33+00:00","description":"SMART CITY Conference | Begr\u00fc\u00dfen Sie auf der B\u00fchne: Hanno Benz","breadcrumb":{"@id":"https:\/\/dfvcg-events.de\/smart-city\/vortragend\/hanno-benz\/#breadcrumb"},"inLanguage":"de","potentialAction":[{"@type":"ReadAction","target":["https:\/\/dfvcg-events.de\/smart-city\/vortragend\/hanno-benz\/"]}]},{"@type":"ImageObject","inLanguage":"de","@id":"https:\/\/dfvcg-events.de\/smart-city\/vortragend\/hanno-benz\/#primaryimage","url":"https:\/\/dfvcg-events.de\/smart-city\/wp-content\/uploads\/sites\/25\/2023\/10\/Hanno-Benz-Stadt-Darmstadt.jpg","contentUrl":"https:\/\/dfvcg-events.de\/smart-city\/wp-content\/uploads\/sites\/25\/2023\/10\/Hanno-Benz-Stadt-Darmstadt.jpg","width":600,"height":800,"caption":"Hanno-Benz-Stadt Darmstadt"},{"@type":"BreadcrumbList","@id":"https:\/\/dfvcg-events.de\/smart-city\/vortragend\/hanno-benz\/#breadcrumb","itemListElement":[{"@type":"ListItem","position":1,"name":"Startseite","item":"https:\/\/dfvcg-events.de\/smart-city\/"},{"@type":"ListItem","position":2,"name":"Hanno Benz"}]},{"@type":"WebSite","@id":"https:\/\/dfvcg-events.de\/smart-city\/#website","url":"https:\/\/dfvcg-events.de\/smart-city\/","name":"SMART CITY Conference","description":"","potentialAction":[{"@type":"SearchAction","target":{"@type":"EntryPoint","urlTemplate":"https:\/\/dfvcg-events.de\/smart-city\/?s={search_term_string}"},"query-input":{"@type":"PropertyValueSpecification","valueRequired":true,"valueName":"search_term_string"}}],"inLanguage":"de"}]}},"_links":{"self":[{"href":"https:\/\/dfvcg-events.de\/smart-city\/wp-json\/wp\/v2\/portfolio\/3779","targetHints":{"allow":["GET"]}}],"collection":[{"href":"https:\/\/dfvcg-events.de\/smart-city\/wp-json\/wp\/v2\/portfolio"}],"about":[{"href":"https:\/\/dfvcg-events.de\/smart-city\/wp-json\/wp\/v2\/types\/portfolio"}],"author":[{"embeddable":true,"href":"https:\/\/dfvcg-events.de\/smart-city\/wp-json\/wp\/v2\/users\/25"}],"replies":[{"embeddable":true,"href":"https:\/\/dfvcg-events.de\/smart-city\/wp-json\/wp\/v2\/comments?post=3779"}],"version-history":[{"count":0,"href":"https:\/\/dfvcg-events.de\/smart-city\/wp-json\/wp\/v2\/portfolio\/3779\/revisions"}],"wp:featuredmedia":[{"embeddable":true,"href":"https:\/\/dfvcg-events.de\/smart-city\/wp-json\/wp\/v2\/media\/3780"}],"wp:attachment":[{"href":"https:\/\/dfvcg-events.de\/smart-city\/wp-json\/wp\/v2\/media?parent=3779"}],"wp:term":[{"taxonomy":"post_tag","embeddable":true,"href":"https:\/\/dfvcg-events.de\/smart-city\/wp-json\/wp\/v2\/tags?post=3779"},{"taxonomy":"portfolio_entries","embeddable":true,"href":"https:\/\/dfvcg-events.de\/smart-city\/wp-json\/wp\/v2\/portfolio_entries?post=3779"}],"curies":[{"name":"wp","href":"https:\/\/api.w.org\/{rel}","templated":true}]}}