{"id":3721,"date":"2023-09-22T16:45:11","date_gmt":"2023-09-22T14:45:11","guid":{"rendered":"https:\/\/dfvcg-events.de\/smart-city\/?post_type=portfolio&#038;p=3721"},"modified":"2023-10-04T08:37:14","modified_gmt":"2023-10-04T06:37:14","slug":"carolin-reuther","status":"publish","type":"portfolio","link":"https:\/\/dfvcg-events.de\/smart-city\/vortragend\/carolin-reuther\/","title":{"rendered":"Carolin Reuther"},"content":{"rendered":"\n<style type=\"text\/css\" data-created_by=\"avia_inline_auto\" id=\"style-css-av-1hpil-9666fe4db9abbb55e16afcaa46b74565\">\n.flex_column.av-1hpil-9666fe4db9abbb55e16afcaa46b74565{\nborder-radius:0px 0px 0px 0px;\npadding:0px 0px 0px 0px;\n}\n<\/style>\n<div  class='flex_column av-1hpil-9666fe4db9abbb55e16afcaa46b74565 av_one_third  avia-builder-el-0  el_before_av_two_third  avia-builder-el-first  first flex_column_div av-zero-column-padding  '     ><p>\n<style type=\"text\/css\" data-created_by=\"avia_inline_auto\" id=\"style-css-av-k7z57foz-6cd719d63b24b1642715b0d658469a2c\">\n.avia-image-container.av-k7z57foz-6cd719d63b24b1642715b0d658469a2c img.avia_image{\nbox-shadow:none;\n}\n.avia-image-container.av-k7z57foz-6cd719d63b24b1642715b0d658469a2c .av-image-caption-overlay-center{\ncolor:#ffffff;\n}\n<\/style>\n<div  class='avia-image-container av-k7z57foz-6cd719d63b24b1642715b0d658469a2c av-styling-no-styling avia-align-center  avia-builder-el-1  el_before_av_textblock  avia-builder-el-first '   itemprop=\"image\" itemscope=\"itemscope\" itemtype=\"https:\/\/schema.org\/ImageObject\" ><div class=\"avia-image-container-inner\"><div class=\"avia-image-overlay-wrap\"><img decoding=\"async\" fetchpriority=\"high\" class='wp-image-3722 avia-img-lazy-loading-not-3722 avia_image ' src=\"https:\/\/dfvcg-events.de\/smart-city\/wp-content\/uploads\/sites\/25\/2023\/09\/Reuther-Carolin-CityInitiative-Bremen-Fotovermerk-Gaby-Ahnert.jpg\" alt='Reuther-Carolin-CityInitiative Bremen-Fotovermerk Gaby Ahnert' title='Reuther-Carolin-CityInitiative Bremen-Fotovermerk Gaby Ahnert'  height=\"800\" width=\"600\"  itemprop=\"thumbnailUrl\"  \/><\/div><\/div><\/div><br \/>\n<section  class='av_textblock_section av-lmupqir8-da9de12b2c2d7a8c7f9120408dedbed0 '   itemscope=\"itemscope\" itemtype=\"https:\/\/schema.org\/CreativeWork\" ><div class='avia_textblock'  itemprop=\"text\" ><p>\u00a9 Gaby Ahnert<\/p>\n<\/div><\/section><\/p><\/div>\n\n<style type=\"text\/css\" data-created_by=\"avia_inline_auto\" id=\"style-css-av-q939-36bd9e2970eba44b209398e6adaba9f5\">\n.flex_column.av-q939-36bd9e2970eba44b209398e6adaba9f5{\nborder-radius:0px 0px 0px 0px;\npadding:0px 0px 0px 0px;\n}\n<\/style>\n<div  class='flex_column av-q939-36bd9e2970eba44b209398e6adaba9f5 av_two_third  avia-builder-el-3  el_after_av_one_third  avia-builder-el-last  flex_column_div av-zero-column-padding  '     ><p>\n<style type=\"text\/css\" data-created_by=\"avia_inline_auto\" id=\"style-css-av-knufqmcq-5c9c7eb642eba6e22a81a9576433ed66\">\n#top .av-special-heading.av-knufqmcq-5c9c7eb642eba6e22a81a9576433ed66{\npadding-bottom:10px;\n}\nbody .av-special-heading.av-knufqmcq-5c9c7eb642eba6e22a81a9576433ed66 .av-special-heading-tag .heading-char{\nfont-size:25px;\n}\n.av-special-heading.av-knufqmcq-5c9c7eb642eba6e22a81a9576433ed66 .av-subheading{\nfont-size:19px;\n}\n<\/style>\n<div  class='av-special-heading av-knufqmcq-5c9c7eb642eba6e22a81a9576433ed66 av-special-heading-h2 blockquote modern-quote  avia-builder-el-4  el_before_av_textblock  avia-builder-el-first '><h2 class='av-special-heading-tag '  itemprop=\"headline\"  >Uwe Riechel<\/h2><div class='av-subheading av-subheading_below'><p>Gesch\u00e4ftsf\u00fchrerin<br \/>\nCityInitiative Bremen Werbung e.V. und CS City-Service GmbH<\/p>\n<\/div><div class=\"special-heading-border\"><div class=\"special-heading-inner-border\"><\/div><\/div><\/div><br \/>\n<section  class='av_textblock_section av-1wmwpp-e635252e91253a90d4d27ff600fab7f1 '   itemscope=\"itemscope\" itemtype=\"https:\/\/schema.org\/CreativeWork\" ><div class='avia_textblock'  itemprop=\"text\" ><p>Carolin Reuther ist seit 2020 Gesch\u00e4ftsf\u00fchrerin der CityInitiative Bremen Werbung e.V. und der CS City-Service GmbH. Die CityInitiative Bremen Werbung e.V. betreibt aktives City-Marketing und vertritt in Bremen die Interessen der Innenstadtwirtschaft, bestehend aus Einzelhandel, Gastronomie, Dienstleistung und Kultur. \u00dcber die Tochtergesellschaft CS City-Service GmbH managt sie Standortgemeinschaften in den Bereichen Marketing, Unterhalt und Stadtentwicklung. Carolin Reuther ist Expertin in den Bereichen Marketing und Veranstaltungs-Management. Zuvor war sie in Leitungsfunktionen sowohl in privaten Dienstleistungsunternehmen als auch in Unternehmen der \u00f6ffentlichen Hand t\u00e4tig. Die studierte Kulturwissenschaftlerin und Soziologin hat sich zudem bereits fr\u00fch mit den Themen Quartiers-Marketing und Urbanit\u00e4t befasst.<\/p>\n<\/div><\/section><\/p><\/div>\n","protected":false},"excerpt":{"rendered":"<p>CityInitiative Bremen Werbung e.V. und CS City-Service GmbH<\/p>\n","protected":false},"author":25,"featured_media":3722,"comment_status":"closed","ping_status":"closed","template":"","meta":{"footnotes":""},"tags":[],"portfolio_entries":[93],"class_list":["post-3721","portfolio","type-portfolio","status-publish","has-post-thumbnail","hentry","portfolio_entries-vortragend-2023"],"yoast_head":"<!-- This site is optimized with the Yoast SEO plugin v27.4 - https:\/\/yoast.com\/product\/yoast-seo-wordpress\/ -->\n<title>Referent: Carolin Reuther - SMART CITY Conference<\/title>\n<meta name=\"description\" content=\"Seien Sie dabei, h\u00f6ren Sie spannende Vortr\u00e4ge und nutzten Sie die Chance vor Ort zum Networking. Wir freuen uns auf Ihre Teilnahme!\" \/>\n<meta name=\"robots\" content=\"index, follow, max-snippet:-1, max-image-preview:large, max-video-preview:-1\" \/>\n<link rel=\"canonical\" href=\"https:\/\/dfvcg-events.de\/smart-city\/vortragend\/carolin-reuther\/\" \/>\n<meta property=\"og:locale\" content=\"de_DE\" \/>\n<meta property=\"og:type\" content=\"article\" \/>\n<meta property=\"og:title\" content=\"Referent: Carolin Reuther - SMART CITY Conference\" \/>\n<meta property=\"og:description\" content=\"Seien Sie dabei, h\u00f6ren Sie spannende Vortr\u00e4ge und nutzten Sie die Chance vor Ort zum Networking. Wir freuen uns auf Ihre Teilnahme!\" \/>\n<meta property=\"og:url\" content=\"https:\/\/dfvcg-events.de\/smart-city\/vortragend\/carolin-reuther\/\" \/>\n<meta property=\"og:site_name\" content=\"SMART CITY Conference\" \/>\n<meta property=\"article:modified_time\" content=\"2023-10-04T06:37:14+00:00\" \/>\n<meta property=\"og:image\" content=\"https:\/\/dfvcg-events.de\/smart-city\/wp-content\/uploads\/sites\/25\/2023\/09\/Reuther-Carolin-CityInitiative-Bremen-Fotovermerk-Gaby-Ahnert.jpg\" \/>\n\t<meta property=\"og:image:width\" content=\"600\" \/>\n\t<meta property=\"og:image:height\" content=\"800\" \/>\n\t<meta property=\"og:image:type\" content=\"image\/jpeg\" \/>\n<meta name=\"twitter:card\" content=\"summary_large_image\" \/>\n<meta name=\"twitter:label1\" content=\"Gesch\u00e4tzte Lesezeit\" \/>\n\t<meta name=\"twitter:data1\" content=\"3\u00a0Minuten\" \/>\n<script type=\"application\/ld+json\" class=\"yoast-schema-graph\">{\"@context\":\"https:\\\/\\\/schema.org\",\"@graph\":[{\"@type\":\"WebPage\",\"@id\":\"https:\\\/\\\/dfvcg-events.de\\\/smart-city\\\/vortragend\\\/carolin-reuther\\\/\",\"url\":\"https:\\\/\\\/dfvcg-events.de\\\/smart-city\\\/vortragend\\\/carolin-reuther\\\/\",\"name\":\"Referent: Carolin Reuther - SMART CITY Conference\",\"isPartOf\":{\"@id\":\"https:\\\/\\\/dfvcg-events.de\\\/smart-city\\\/#website\"},\"primaryImageOfPage\":{\"@id\":\"https:\\\/\\\/dfvcg-events.de\\\/smart-city\\\/vortragend\\\/carolin-reuther\\\/#primaryimage\"},\"image\":{\"@id\":\"https:\\\/\\\/dfvcg-events.de\\\/smart-city\\\/vortragend\\\/carolin-reuther\\\/#primaryimage\"},\"thumbnailUrl\":\"https:\\\/\\\/dfvcg-events.de\\\/smart-city\\\/wp-content\\\/uploads\\\/sites\\\/25\\\/2023\\\/09\\\/Reuther-Carolin-CityInitiative-Bremen-Fotovermerk-Gaby-Ahnert.jpg\",\"datePublished\":\"2023-09-22T14:45:11+00:00\",\"dateModified\":\"2023-10-04T06:37:14+00:00\",\"description\":\"Seien Sie dabei, h\u00f6ren Sie spannende Vortr\u00e4ge und nutzten Sie die Chance vor Ort zum Networking. Wir freuen uns auf Ihre Teilnahme!\",\"breadcrumb\":{\"@id\":\"https:\\\/\\\/dfvcg-events.de\\\/smart-city\\\/vortragend\\\/carolin-reuther\\\/#breadcrumb\"},\"inLanguage\":\"de\",\"potentialAction\":[{\"@type\":\"ReadAction\",\"target\":[\"https:\\\/\\\/dfvcg-events.de\\\/smart-city\\\/vortragend\\\/carolin-reuther\\\/\"]}]},{\"@type\":\"ImageObject\",\"inLanguage\":\"de\",\"@id\":\"https:\\\/\\\/dfvcg-events.de\\\/smart-city\\\/vortragend\\\/carolin-reuther\\\/#primaryimage\",\"url\":\"https:\\\/\\\/dfvcg-events.de\\\/smart-city\\\/wp-content\\\/uploads\\\/sites\\\/25\\\/2023\\\/09\\\/Reuther-Carolin-CityInitiative-Bremen-Fotovermerk-Gaby-Ahnert.jpg\",\"contentUrl\":\"https:\\\/\\\/dfvcg-events.de\\\/smart-city\\\/wp-content\\\/uploads\\\/sites\\\/25\\\/2023\\\/09\\\/Reuther-Carolin-CityInitiative-Bremen-Fotovermerk-Gaby-Ahnert.jpg\",\"width\":600,\"height\":800,\"caption\":\"Reuther-Carolin-CityInitiative Bremen-Fotovermerk Gaby Ahnert\"},{\"@type\":\"BreadcrumbList\",\"@id\":\"https:\\\/\\\/dfvcg-events.de\\\/smart-city\\\/vortragend\\\/carolin-reuther\\\/#breadcrumb\",\"itemListElement\":[{\"@type\":\"ListItem\",\"position\":1,\"name\":\"Startseite\",\"item\":\"https:\\\/\\\/dfvcg-events.de\\\/smart-city\\\/\"},{\"@type\":\"ListItem\",\"position\":2,\"name\":\"Carolin Reuther\"}]},{\"@type\":\"WebSite\",\"@id\":\"https:\\\/\\\/dfvcg-events.de\\\/smart-city\\\/#website\",\"url\":\"https:\\\/\\\/dfvcg-events.de\\\/smart-city\\\/\",\"name\":\"SMART CITY Conference\",\"description\":\"\",\"potentialAction\":[{\"@type\":\"SearchAction\",\"target\":{\"@type\":\"EntryPoint\",\"urlTemplate\":\"https:\\\/\\\/dfvcg-events.de\\\/smart-city\\\/?s={search_term_string}\"},\"query-input\":{\"@type\":\"PropertyValueSpecification\",\"valueRequired\":true,\"valueName\":\"search_term_string\"}}],\"inLanguage\":\"de\"}]}<\/script>\n<!-- \/ Yoast SEO plugin. -->","yoast_head_json":{"title":"Referent: Carolin Reuther - SMART CITY Conference","description":"Seien Sie dabei, h\u00f6ren Sie spannende Vortr\u00e4ge und nutzten Sie die Chance vor Ort zum Networking. Wir freuen uns auf Ihre Teilnahme!","robots":{"index":"index","follow":"follow","max-snippet":"max-snippet:-1","max-image-preview":"max-image-preview:large","max-video-preview":"max-video-preview:-1"},"canonical":"https:\/\/dfvcg-events.de\/smart-city\/vortragend\/carolin-reuther\/","og_locale":"de_DE","og_type":"article","og_title":"Referent: Carolin Reuther - SMART CITY Conference","og_description":"Seien Sie dabei, h\u00f6ren Sie spannende Vortr\u00e4ge und nutzten Sie die Chance vor Ort zum Networking. Wir freuen uns auf Ihre Teilnahme!","og_url":"https:\/\/dfvcg-events.de\/smart-city\/vortragend\/carolin-reuther\/","og_site_name":"SMART CITY Conference","article_modified_time":"2023-10-04T06:37:14+00:00","og_image":[{"width":600,"height":800,"url":"https:\/\/dfvcg-events.de\/smart-city\/wp-content\/uploads\/sites\/25\/2023\/09\/Reuther-Carolin-CityInitiative-Bremen-Fotovermerk-Gaby-Ahnert.jpg","type":"image\/jpeg"}],"twitter_card":"summary_large_image","twitter_misc":{"Gesch\u00e4tzte Lesezeit":"3\u00a0Minuten"},"schema":{"@context":"https:\/\/schema.org","@graph":[{"@type":"WebPage","@id":"https:\/\/dfvcg-events.de\/smart-city\/vortragend\/carolin-reuther\/","url":"https:\/\/dfvcg-events.de\/smart-city\/vortragend\/carolin-reuther\/","name":"Referent: Carolin Reuther - SMART CITY Conference","isPartOf":{"@id":"https:\/\/dfvcg-events.de\/smart-city\/#website"},"primaryImageOfPage":{"@id":"https:\/\/dfvcg-events.de\/smart-city\/vortragend\/carolin-reuther\/#primaryimage"},"image":{"@id":"https:\/\/dfvcg-events.de\/smart-city\/vortragend\/carolin-reuther\/#primaryimage"},"thumbnailUrl":"https:\/\/dfvcg-events.de\/smart-city\/wp-content\/uploads\/sites\/25\/2023\/09\/Reuther-Carolin-CityInitiative-Bremen-Fotovermerk-Gaby-Ahnert.jpg","datePublished":"2023-09-22T14:45:11+00:00","dateModified":"2023-10-04T06:37:14+00:00","description":"Seien Sie dabei, h\u00f6ren Sie spannende Vortr\u00e4ge und nutzten Sie die Chance vor Ort zum Networking. Wir freuen uns auf Ihre Teilnahme!","breadcrumb":{"@id":"https:\/\/dfvcg-events.de\/smart-city\/vortragend\/carolin-reuther\/#breadcrumb"},"inLanguage":"de","potentialAction":[{"@type":"ReadAction","target":["https:\/\/dfvcg-events.de\/smart-city\/vortragend\/carolin-reuther\/"]}]},{"@type":"ImageObject","inLanguage":"de","@id":"https:\/\/dfvcg-events.de\/smart-city\/vortragend\/carolin-reuther\/#primaryimage","url":"https:\/\/dfvcg-events.de\/smart-city\/wp-content\/uploads\/sites\/25\/2023\/09\/Reuther-Carolin-CityInitiative-Bremen-Fotovermerk-Gaby-Ahnert.jpg","contentUrl":"https:\/\/dfvcg-events.de\/smart-city\/wp-content\/uploads\/sites\/25\/2023\/09\/Reuther-Carolin-CityInitiative-Bremen-Fotovermerk-Gaby-Ahnert.jpg","width":600,"height":800,"caption":"Reuther-Carolin-CityInitiative Bremen-Fotovermerk Gaby Ahnert"},{"@type":"BreadcrumbList","@id":"https:\/\/dfvcg-events.de\/smart-city\/vortragend\/carolin-reuther\/#breadcrumb","itemListElement":[{"@type":"ListItem","position":1,"name":"Startseite","item":"https:\/\/dfvcg-events.de\/smart-city\/"},{"@type":"ListItem","position":2,"name":"Carolin Reuther"}]},{"@type":"WebSite","@id":"https:\/\/dfvcg-events.de\/smart-city\/#website","url":"https:\/\/dfvcg-events.de\/smart-city\/","name":"SMART CITY Conference","description":"","potentialAction":[{"@type":"SearchAction","target":{"@type":"EntryPoint","urlTemplate":"https:\/\/dfvcg-events.de\/smart-city\/?s={search_term_string}"},"query-input":{"@type":"PropertyValueSpecification","valueRequired":true,"valueName":"search_term_string"}}],"inLanguage":"de"}]}},"_links":{"self":[{"href":"https:\/\/dfvcg-events.de\/smart-city\/wp-json\/wp\/v2\/portfolio\/3721","targetHints":{"allow":["GET"]}}],"collection":[{"href":"https:\/\/dfvcg-events.de\/smart-city\/wp-json\/wp\/v2\/portfolio"}],"about":[{"href":"https:\/\/dfvcg-events.de\/smart-city\/wp-json\/wp\/v2\/types\/portfolio"}],"author":[{"embeddable":true,"href":"https:\/\/dfvcg-events.de\/smart-city\/wp-json\/wp\/v2\/users\/25"}],"replies":[{"embeddable":true,"href":"https:\/\/dfvcg-events.de\/smart-city\/wp-json\/wp\/v2\/comments?post=3721"}],"version-history":[{"count":0,"href":"https:\/\/dfvcg-events.de\/smart-city\/wp-json\/wp\/v2\/portfolio\/3721\/revisions"}],"wp:featuredmedia":[{"embeddable":true,"href":"https:\/\/dfvcg-events.de\/smart-city\/wp-json\/wp\/v2\/media\/3722"}],"wp:attachment":[{"href":"https:\/\/dfvcg-events.de\/smart-city\/wp-json\/wp\/v2\/media?parent=3721"}],"wp:term":[{"taxonomy":"post_tag","embeddable":true,"href":"https:\/\/dfvcg-events.de\/smart-city\/wp-json\/wp\/v2\/tags?post=3721"},{"taxonomy":"portfolio_entries","embeddable":true,"href":"https:\/\/dfvcg-events.de\/smart-city\/wp-json\/wp\/v2\/portfolio_entries?post=3721"}],"curies":[{"name":"wp","href":"https:\/\/api.w.org\/{rel}","templated":true}]}}