{"id":3675,"date":"2023-08-28T09:13:47","date_gmt":"2023-08-28T07:13:47","guid":{"rendered":"https:\/\/dfvcg-events.de\/smart-city\/?post_type=portfolio&#038;p=3675"},"modified":"2023-08-28T09:13:47","modified_gmt":"2023-08-28T07:13:47","slug":"thorsten-konschak","status":"publish","type":"portfolio","link":"https:\/\/dfvcg-events.de\/smart-city\/vortragend\/thorsten-konschak\/","title":{"rendered":"Thorsten Konschak"},"content":{"rendered":"\n<style type=\"text\/css\" data-created_by=\"avia_inline_auto\" id=\"style-css-av-1hpil-9666fe4db9abbb55e16afcaa46b74565\">\n.flex_column.av-1hpil-9666fe4db9abbb55e16afcaa46b74565{\nborder-radius:0px 0px 0px 0px;\npadding:0px 0px 0px 0px;\n}\n<\/style>\n<div  class='flex_column av-1hpil-9666fe4db9abbb55e16afcaa46b74565 av_one_third  avia-builder-el-0  el_before_av_three_fifth  avia-builder-el-first  first flex_column_div av-zero-column-padding  '     ><style type=\"text\/css\" data-created_by=\"avia_inline_auto\" id=\"style-css-av-k7z57foz-7d7ecc02aac95be2fbc064b0b3332685\">\n.avia-image-container.av-k7z57foz-7d7ecc02aac95be2fbc064b0b3332685 img.avia_image{\nbox-shadow:none;\n}\n.avia-image-container.av-k7z57foz-7d7ecc02aac95be2fbc064b0b3332685 .av-image-caption-overlay-center{\ncolor:#ffffff;\n}\n<\/style>\n<div  class='avia-image-container av-k7z57foz-7d7ecc02aac95be2fbc064b0b3332685 av-styling-no-styling avia-align-center  avia-builder-el-1  avia-builder-el-no-sibling '   itemprop=\"image\" itemscope=\"itemscope\" itemtype=\"https:\/\/schema.org\/ImageObject\" ><div class=\"avia-image-container-inner\"><div class=\"avia-image-overlay-wrap\"><img decoding=\"async\" fetchpriority=\"high\" class='wp-image-3676 avia-img-lazy-loading-not-3676 avia_image ' src=\"https:\/\/dfvcg-events.de\/smart-city\/wp-content\/uploads\/sites\/25\/2023\/08\/Konschak-Thorsten-Google-web.jpg\" alt='Thorsten Konschak, Google' title='Konschak-Thorsten-Google-web'  height=\"800\" width=\"600\"  itemprop=\"thumbnailUrl\"  \/><\/div><\/div><\/div><\/div>\n<style type=\"text\/css\" data-created_by=\"avia_inline_auto\" id=\"style-css-av-q939-36bd9e2970eba44b209398e6adaba9f5\">\n.flex_column.av-q939-36bd9e2970eba44b209398e6adaba9f5{\nborder-radius:0px 0px 0px 0px;\npadding:0px 0px 0px 0px;\n}\n<\/style>\n<div  class='flex_column av-q939-36bd9e2970eba44b209398e6adaba9f5 av_three_fifth  avia-builder-el-2  el_after_av_one_third  avia-builder-el-last  flex_column_div av-zero-column-padding  '     ><p>\n<style type=\"text\/css\" data-created_by=\"avia_inline_auto\" id=\"style-css-av-knufqmcq-648bcfddcd996bc60cb62341aa767e27\">\n#top .av-special-heading.av-knufqmcq-648bcfddcd996bc60cb62341aa767e27{\npadding-bottom:10px;\n}\nbody .av-special-heading.av-knufqmcq-648bcfddcd996bc60cb62341aa767e27 .av-special-heading-tag .heading-char{\nfont-size:25px;\n}\n.av-special-heading.av-knufqmcq-648bcfddcd996bc60cb62341aa767e27 .av-subheading{\nfont-size:19px;\n}\n<\/style>\n<div  class='av-special-heading av-knufqmcq-648bcfddcd996bc60cb62341aa767e27 av-special-heading-h2 blockquote modern-quote  avia-builder-el-3  el_before_av_hr  avia-builder-el-first '><h2 class='av-special-heading-tag '  itemprop=\"headline\"  >Thorsten Konschak<\/h2><div class='av-subheading av-subheading_below'><p>Lead Utilities &amp; Local. Gov.<br \/>\nGoogle Cloud &#8211; Germany<\/p>\n<\/div><div class=\"special-heading-border\"><div class=\"special-heading-inner-border\"><\/div><\/div><\/div><br \/>\n\n<style type=\"text\/css\" data-created_by=\"avia_inline_auto\" id=\"style-css-av-l6nbpyqk-5b9475bccebc33d5a4ae759a5458371d\">\n#top .hr.hr-invisible.av-l6nbpyqk-5b9475bccebc33d5a4ae759a5458371d{\nheight:30px;\n}\n<\/style>\n<div  class='hr av-l6nbpyqk-5b9475bccebc33d5a4ae759a5458371d hr-invisible  avia-builder-el-4  el_after_av_heading  el_before_av_textblock '><span class='hr-inner '><span class=\"hr-inner-style\"><\/span><\/span><\/div><br \/>\n<section  class='av_textblock_section av-k7yuci90-cc8f536f476c354fb273c6b3e8aa0dbd '   itemscope=\"itemscope\" itemtype=\"https:\/\/schema.org\/CreativeWork\" ><div class='avia_textblock'  itemprop=\"text\" ><p>Thorsten Konschak absolvierte sein Ingenieurstudium erfolgreich an der Fachhochschule Dortmund im Fach Nachrichtentechnik und an der Universit\u00e4t Bochum im Bereich Elektrotechnik. Seinen MBA schloss er 2006 an der FOM in Essen ab.<\/p>\n<p>Seine beruflichen Stationen f\u00fchrten ihn vom Ausw\u00e4rtigen Amt in Bonn zur ABB in Ladenburg bei Mannheim. Von dort aus wechselte er zu Nokia Telekommunications und war langj\u00e4hrig f\u00fcr die Cisco Systems in D\u00fcsseldorf t\u00e4tig. Nach seiner Station bei Oracle ist er nun seit 2019 bei Google Cloud Deutschland besch\u00e4ftigt.<\/p>\n<p>In seiner beruflichen Laufbahn war Thorsten Konschak in unterschiedlichen Fach- und F\u00fchrungspositionen t\u00e4tig und konnte sich dadurch vor allem auf die Bereiche Digitalisierung, Cloud und Collaboration fokussieren und sich dabei intensiv mit den Themen \u201cK\u00fcnstliche Intelligenz\u201d und \u201cMachine Learning\u201d besch\u00e4ftigen. Seit 2022 verantwortet er vertrieblich das Segment Utilities &amp; Local. Gov. bei Google Cloud Deutschland.<\/p>\n<\/div><\/section><\/p><\/div><\/p>\n","protected":false},"excerpt":{"rendered":"<p>Google Cloud &#8211; Germany<\/p>\n","protected":false},"author":25,"featured_media":3676,"comment_status":"closed","ping_status":"closed","template":"","meta":{"footnotes":""},"tags":[],"portfolio_entries":[93],"class_list":["post-3675","portfolio","type-portfolio","status-publish","has-post-thumbnail","hentry","portfolio_entries-vortragend-2023"],"yoast_head":"<!-- This site is optimized with the Yoast SEO plugin v27.4 - https:\/\/yoast.com\/product\/yoast-seo-wordpress\/ -->\n<title>Referent: Thorsten Konschak - SMART CITY Conference<\/title>\n<meta name=\"description\" content=\"SMART CITY Conference | Begr\u00fc\u00dfen Sie auf der B\u00fchne: Thorsten Konschak\" \/>\n<meta name=\"robots\" content=\"index, follow, max-snippet:-1, max-image-preview:large, max-video-preview:-1\" \/>\n<link rel=\"canonical\" href=\"https:\/\/dfvcg-events.de\/smart-city\/vortragend\/thorsten-konschak\/\" \/>\n<meta property=\"og:locale\" content=\"de_DE\" \/>\n<meta property=\"og:type\" content=\"article\" \/>\n<meta property=\"og:title\" content=\"Referent: Thorsten Konschak - SMART CITY Conference\" \/>\n<meta property=\"og:description\" content=\"SMART CITY Conference | Begr\u00fc\u00dfen Sie auf der B\u00fchne: Thorsten Konschak\" \/>\n<meta property=\"og:url\" content=\"https:\/\/dfvcg-events.de\/smart-city\/vortragend\/thorsten-konschak\/\" \/>\n<meta property=\"og:site_name\" content=\"SMART CITY Conference\" \/>\n<meta property=\"og:image\" content=\"https:\/\/dfvcg-events.de\/smart-city\/wp-content\/uploads\/sites\/25\/2023\/08\/Konschak-Thorsten-Google-web.jpg\" \/>\n\t<meta property=\"og:image:width\" content=\"600\" \/>\n\t<meta property=\"og:image:height\" content=\"800\" \/>\n\t<meta property=\"og:image:type\" content=\"image\/jpeg\" \/>\n<meta name=\"twitter:card\" content=\"summary_large_image\" \/>\n<meta name=\"twitter:label1\" content=\"Gesch\u00e4tzte Lesezeit\" \/>\n\t<meta name=\"twitter:data1\" content=\"2\u00a0Minuten\" \/>\n<script type=\"application\/ld+json\" class=\"yoast-schema-graph\">{\"@context\":\"https:\\\/\\\/schema.org\",\"@graph\":[{\"@type\":\"WebPage\",\"@id\":\"https:\\\/\\\/dfvcg-events.de\\\/smart-city\\\/vortragend\\\/thorsten-konschak\\\/\",\"url\":\"https:\\\/\\\/dfvcg-events.de\\\/smart-city\\\/vortragend\\\/thorsten-konschak\\\/\",\"name\":\"Referent: Thorsten Konschak - SMART CITY Conference\",\"isPartOf\":{\"@id\":\"https:\\\/\\\/dfvcg-events.de\\\/smart-city\\\/#website\"},\"primaryImageOfPage\":{\"@id\":\"https:\\\/\\\/dfvcg-events.de\\\/smart-city\\\/vortragend\\\/thorsten-konschak\\\/#primaryimage\"},\"image\":{\"@id\":\"https:\\\/\\\/dfvcg-events.de\\\/smart-city\\\/vortragend\\\/thorsten-konschak\\\/#primaryimage\"},\"thumbnailUrl\":\"https:\\\/\\\/dfvcg-events.de\\\/smart-city\\\/wp-content\\\/uploads\\\/sites\\\/25\\\/2023\\\/08\\\/Konschak-Thorsten-Google-web.jpg\",\"datePublished\":\"2023-08-28T07:13:47+00:00\",\"description\":\"SMART CITY Conference | Begr\u00fc\u00dfen Sie auf der B\u00fchne: Thorsten Konschak\",\"breadcrumb\":{\"@id\":\"https:\\\/\\\/dfvcg-events.de\\\/smart-city\\\/vortragend\\\/thorsten-konschak\\\/#breadcrumb\"},\"inLanguage\":\"de\",\"potentialAction\":[{\"@type\":\"ReadAction\",\"target\":[\"https:\\\/\\\/dfvcg-events.de\\\/smart-city\\\/vortragend\\\/thorsten-konschak\\\/\"]}]},{\"@type\":\"ImageObject\",\"inLanguage\":\"de\",\"@id\":\"https:\\\/\\\/dfvcg-events.de\\\/smart-city\\\/vortragend\\\/thorsten-konschak\\\/#primaryimage\",\"url\":\"https:\\\/\\\/dfvcg-events.de\\\/smart-city\\\/wp-content\\\/uploads\\\/sites\\\/25\\\/2023\\\/08\\\/Konschak-Thorsten-Google-web.jpg\",\"contentUrl\":\"https:\\\/\\\/dfvcg-events.de\\\/smart-city\\\/wp-content\\\/uploads\\\/sites\\\/25\\\/2023\\\/08\\\/Konschak-Thorsten-Google-web.jpg\",\"width\":600,\"height\":800,\"caption\":\"Thorsten Konschak, Google\"},{\"@type\":\"BreadcrumbList\",\"@id\":\"https:\\\/\\\/dfvcg-events.de\\\/smart-city\\\/vortragend\\\/thorsten-konschak\\\/#breadcrumb\",\"itemListElement\":[{\"@type\":\"ListItem\",\"position\":1,\"name\":\"Startseite\",\"item\":\"https:\\\/\\\/dfvcg-events.de\\\/smart-city\\\/\"},{\"@type\":\"ListItem\",\"position\":2,\"name\":\"Thorsten Konschak\"}]},{\"@type\":\"WebSite\",\"@id\":\"https:\\\/\\\/dfvcg-events.de\\\/smart-city\\\/#website\",\"url\":\"https:\\\/\\\/dfvcg-events.de\\\/smart-city\\\/\",\"name\":\"SMART CITY Conference\",\"description\":\"\",\"potentialAction\":[{\"@type\":\"SearchAction\",\"target\":{\"@type\":\"EntryPoint\",\"urlTemplate\":\"https:\\\/\\\/dfvcg-events.de\\\/smart-city\\\/?s={search_term_string}\"},\"query-input\":{\"@type\":\"PropertyValueSpecification\",\"valueRequired\":true,\"valueName\":\"search_term_string\"}}],\"inLanguage\":\"de\"}]}<\/script>\n<!-- \/ Yoast SEO plugin. -->","yoast_head_json":{"title":"Referent: Thorsten Konschak - SMART CITY Conference","description":"SMART CITY Conference | Begr\u00fc\u00dfen Sie auf der B\u00fchne: Thorsten Konschak","robots":{"index":"index","follow":"follow","max-snippet":"max-snippet:-1","max-image-preview":"max-image-preview:large","max-video-preview":"max-video-preview:-1"},"canonical":"https:\/\/dfvcg-events.de\/smart-city\/vortragend\/thorsten-konschak\/","og_locale":"de_DE","og_type":"article","og_title":"Referent: Thorsten Konschak - SMART CITY Conference","og_description":"SMART CITY Conference | Begr\u00fc\u00dfen Sie auf der B\u00fchne: Thorsten Konschak","og_url":"https:\/\/dfvcg-events.de\/smart-city\/vortragend\/thorsten-konschak\/","og_site_name":"SMART CITY Conference","og_image":[{"width":600,"height":800,"url":"https:\/\/dfvcg-events.de\/smart-city\/wp-content\/uploads\/sites\/25\/2023\/08\/Konschak-Thorsten-Google-web.jpg","type":"image\/jpeg"}],"twitter_card":"summary_large_image","twitter_misc":{"Gesch\u00e4tzte Lesezeit":"2\u00a0Minuten"},"schema":{"@context":"https:\/\/schema.org","@graph":[{"@type":"WebPage","@id":"https:\/\/dfvcg-events.de\/smart-city\/vortragend\/thorsten-konschak\/","url":"https:\/\/dfvcg-events.de\/smart-city\/vortragend\/thorsten-konschak\/","name":"Referent: Thorsten Konschak - SMART CITY Conference","isPartOf":{"@id":"https:\/\/dfvcg-events.de\/smart-city\/#website"},"primaryImageOfPage":{"@id":"https:\/\/dfvcg-events.de\/smart-city\/vortragend\/thorsten-konschak\/#primaryimage"},"image":{"@id":"https:\/\/dfvcg-events.de\/smart-city\/vortragend\/thorsten-konschak\/#primaryimage"},"thumbnailUrl":"https:\/\/dfvcg-events.de\/smart-city\/wp-content\/uploads\/sites\/25\/2023\/08\/Konschak-Thorsten-Google-web.jpg","datePublished":"2023-08-28T07:13:47+00:00","description":"SMART CITY Conference | Begr\u00fc\u00dfen Sie auf der B\u00fchne: Thorsten Konschak","breadcrumb":{"@id":"https:\/\/dfvcg-events.de\/smart-city\/vortragend\/thorsten-konschak\/#breadcrumb"},"inLanguage":"de","potentialAction":[{"@type":"ReadAction","target":["https:\/\/dfvcg-events.de\/smart-city\/vortragend\/thorsten-konschak\/"]}]},{"@type":"ImageObject","inLanguage":"de","@id":"https:\/\/dfvcg-events.de\/smart-city\/vortragend\/thorsten-konschak\/#primaryimage","url":"https:\/\/dfvcg-events.de\/smart-city\/wp-content\/uploads\/sites\/25\/2023\/08\/Konschak-Thorsten-Google-web.jpg","contentUrl":"https:\/\/dfvcg-events.de\/smart-city\/wp-content\/uploads\/sites\/25\/2023\/08\/Konschak-Thorsten-Google-web.jpg","width":600,"height":800,"caption":"Thorsten Konschak, Google"},{"@type":"BreadcrumbList","@id":"https:\/\/dfvcg-events.de\/smart-city\/vortragend\/thorsten-konschak\/#breadcrumb","itemListElement":[{"@type":"ListItem","position":1,"name":"Startseite","item":"https:\/\/dfvcg-events.de\/smart-city\/"},{"@type":"ListItem","position":2,"name":"Thorsten Konschak"}]},{"@type":"WebSite","@id":"https:\/\/dfvcg-events.de\/smart-city\/#website","url":"https:\/\/dfvcg-events.de\/smart-city\/","name":"SMART CITY Conference","description":"","potentialAction":[{"@type":"SearchAction","target":{"@type":"EntryPoint","urlTemplate":"https:\/\/dfvcg-events.de\/smart-city\/?s={search_term_string}"},"query-input":{"@type":"PropertyValueSpecification","valueRequired":true,"valueName":"search_term_string"}}],"inLanguage":"de"}]}},"_links":{"self":[{"href":"https:\/\/dfvcg-events.de\/smart-city\/wp-json\/wp\/v2\/portfolio\/3675","targetHints":{"allow":["GET"]}}],"collection":[{"href":"https:\/\/dfvcg-events.de\/smart-city\/wp-json\/wp\/v2\/portfolio"}],"about":[{"href":"https:\/\/dfvcg-events.de\/smart-city\/wp-json\/wp\/v2\/types\/portfolio"}],"author":[{"embeddable":true,"href":"https:\/\/dfvcg-events.de\/smart-city\/wp-json\/wp\/v2\/users\/25"}],"replies":[{"embeddable":true,"href":"https:\/\/dfvcg-events.de\/smart-city\/wp-json\/wp\/v2\/comments?post=3675"}],"version-history":[{"count":0,"href":"https:\/\/dfvcg-events.de\/smart-city\/wp-json\/wp\/v2\/portfolio\/3675\/revisions"}],"wp:featuredmedia":[{"embeddable":true,"href":"https:\/\/dfvcg-events.de\/smart-city\/wp-json\/wp\/v2\/media\/3676"}],"wp:attachment":[{"href":"https:\/\/dfvcg-events.de\/smart-city\/wp-json\/wp\/v2\/media?parent=3675"}],"wp:term":[{"taxonomy":"post_tag","embeddable":true,"href":"https:\/\/dfvcg-events.de\/smart-city\/wp-json\/wp\/v2\/tags?post=3675"},{"taxonomy":"portfolio_entries","embeddable":true,"href":"https:\/\/dfvcg-events.de\/smart-city\/wp-json\/wp\/v2\/portfolio_entries?post=3675"}],"curies":[{"name":"wp","href":"https:\/\/api.w.org\/{rel}","templated":true}]}}