{"id":3600,"date":"2023-07-27T08:25:21","date_gmt":"2023-07-27T06:25:21","guid":{"rendered":"https:\/\/dfvcg-events.de\/smart-city\/?post_type=portfolio&#038;p=3600"},"modified":"2023-07-27T08:25:21","modified_gmt":"2023-07-27T06:25:21","slug":"benjamin-blocher-2","status":"publish","type":"portfolio","link":"https:\/\/dfvcg-events.de\/smart-city\/vortragend\/benjamin-blocher-2\/","title":{"rendered":"Benjamin Blocher"},"content":{"rendered":"\n<style type=\"text\/css\" data-created_by=\"avia_inline_auto\" id=\"style-css-av-1hpil-9666fe4db9abbb55e16afcaa46b74565\">\n.flex_column.av-1hpil-9666fe4db9abbb55e16afcaa46b74565{\nborder-radius:0px 0px 0px 0px;\npadding:0px 0px 0px 0px;\n}\n<\/style>\n<div  class='flex_column av-1hpil-9666fe4db9abbb55e16afcaa46b74565 av_one_third  avia-builder-el-0  el_before_av_two_third  avia-builder-el-first  first flex_column_div av-zero-column-padding  '     ><style type=\"text\/css\" data-created_by=\"avia_inline_auto\" id=\"style-css-av-k7z57foz-cad367ec6c59d268f0cd1109d7697678\">\n.avia-image-container.av-k7z57foz-cad367ec6c59d268f0cd1109d7697678 img.avia_image{\nbox-shadow:none;\n}\n.avia-image-container.av-k7z57foz-cad367ec6c59d268f0cd1109d7697678 .av-image-caption-overlay-center{\ncolor:#ffffff;\n}\n<\/style>\n<div  class='avia-image-container av-k7z57foz-cad367ec6c59d268f0cd1109d7697678 av-styling-no-styling avia-align-center  avia-builder-el-1  avia-builder-el-no-sibling '   itemprop=\"image\" itemscope=\"itemscope\" itemtype=\"https:\/\/schema.org\/ImageObject\" ><div class=\"avia-image-container-inner\"><div class=\"avia-image-overlay-wrap\"><img decoding=\"async\" fetchpriority=\"high\" class='wp-image-3597 avia-img-lazy-loading-not-3597 avia_image ' src=\"https:\/\/dfvcg-events.de\/smart-city\/wp-content\/uploads\/sites\/25\/2023\/07\/Blocher-Benjamin.jpg\" alt='Blocher-Benjamin' title='Blocher-Benjamin'  height=\"800\" width=\"600\"  itemprop=\"thumbnailUrl\"  \/><\/div><\/div><\/div><\/div>\n<style type=\"text\/css\" data-created_by=\"avia_inline_auto\" id=\"style-css-av-q939-36bd9e2970eba44b209398e6adaba9f5\">\n.flex_column.av-q939-36bd9e2970eba44b209398e6adaba9f5{\nborder-radius:0px 0px 0px 0px;\npadding:0px 0px 0px 0px;\n}\n<\/style>\n<div  class='flex_column av-q939-36bd9e2970eba44b209398e6adaba9f5 av_two_third  avia-builder-el-2  el_after_av_one_third  avia-builder-el-last  flex_column_div av-zero-column-padding  '     ><p>\n<style type=\"text\/css\" data-created_by=\"avia_inline_auto\" id=\"style-css-av-knufqmcq-a47882adff97c51cde1cbfab996eef2e\">\n#top .av-special-heading.av-knufqmcq-a47882adff97c51cde1cbfab996eef2e{\npadding-bottom:10px;\n}\nbody .av-special-heading.av-knufqmcq-a47882adff97c51cde1cbfab996eef2e .av-special-heading-tag .heading-char{\nfont-size:25px;\n}\n.av-special-heading.av-knufqmcq-a47882adff97c51cde1cbfab996eef2e .av-subheading{\nfont-size:19px;\n}\n<\/style>\n<div  class='av-special-heading av-knufqmcq-a47882adff97c51cde1cbfab996eef2e av-special-heading-h2 blockquote modern-quote  avia-builder-el-3  el_before_av_textblock  avia-builder-el-first '><h2 class='av-special-heading-tag '  itemprop=\"headline\"  >Benjamin Blocher<\/h2><div class='av-subheading av-subheading_below'><p>Architekt<br \/>\nblocher partners<\/p>\n<\/div><div class=\"special-heading-border\"><div class=\"special-heading-inner-border\"><\/div><\/div><\/div><br \/>\n<section  class='av_textblock_section av-k7yuci90-cc8f536f476c354fb273c6b3e8aa0dbd '   itemscope=\"itemscope\" itemtype=\"https:\/\/schema.org\/CreativeWork\" ><div class='avia_textblock'  itemprop=\"text\" ><p>Benjamin Blocher, Architekt und Stadtplaner, studierte an der ETH Z\u00fcrich, der Nation University of Singapore sowie der University of Buenos Aires.<\/p>\n<p>Benjamin Blocher, 1992 geboren und Sohn der beiden Unternehmensgr\u00fcnder Jutta und Dieter Blocher, bringt seit 2021 als Partner seine Expertise an der Schnittstelle Architektur und Stadtplanung in der Unternehmensgruppe ein. Die Themen Transdisziplinarit\u00e4t und Nachhaltigkeit ziehen sich durch seine Projekte. So hat er sich etwa im Rahmen seines Studiums im \u201eFuture Cities Laboratory\u201c an der Nation University of Singapore engagiert, einer wissenschaftlichen Kooperation der ETH mit namhaften internationalen Universit\u00e4ten zur Entwicklung nachhaltiger St\u00e4dte.<\/p>\n<p>Nach seinem Studium und Stationen bei JAHN Chicago sowie COBE Berlin war Blocher zuletzt als Architekt und Urban Planner bei KCAP Architects &amp; Planners in Z\u00fcrich t\u00e4tig.<\/p>\n<p>Bei blocher partners in Stuttgart widmet er sich insbesondere der Transformation der St\u00e4dte, dem nachhaltigen Planen und damit der ganzheitlichen Lebenszyklusbetrachtung von Geb\u00e4uden und neuen Bautechnologien.<\/p>\n<\/div><\/section><\/p><\/div><\/p>\n","protected":false},"excerpt":{"rendered":"<p>blocher partners<\/p>\n","protected":false},"author":25,"featured_media":3597,"comment_status":"closed","ping_status":"closed","template":"","meta":{"footnotes":""},"tags":[],"portfolio_entries":[93],"class_list":["post-3600","portfolio","type-portfolio","status-publish","has-post-thumbnail","hentry","portfolio_entries-vortragend-2023"],"yoast_head":"<!-- This site is optimized with the Yoast SEO plugin v27.4 - https:\/\/yoast.com\/product\/yoast-seo-wordpress\/ -->\n<title>Referent: Benjamin Blocher - SMART CITY Conference<\/title>\n<meta name=\"description\" content=\"SMART CITY Conference | Begr\u00fc\u00dfen Sie auf der B\u00fchne: Benjamin Blocher Wir freuen uns auf spannende Vortr\u00e4ge und einen interessanten Austausch.\" \/>\n<meta name=\"robots\" content=\"index, follow, max-snippet:-1, max-image-preview:large, max-video-preview:-1\" \/>\n<link rel=\"canonical\" href=\"https:\/\/dfvcg-events.de\/smart-city\/vortragend\/benjamin-blocher-2\/\" \/>\n<meta property=\"og:locale\" content=\"de_DE\" \/>\n<meta property=\"og:type\" content=\"article\" \/>\n<meta property=\"og:title\" content=\"Referent: Benjamin Blocher - SMART CITY Conference\" \/>\n<meta property=\"og:description\" content=\"SMART CITY Conference | Begr\u00fc\u00dfen Sie auf der B\u00fchne: Benjamin Blocher Wir freuen uns auf spannende Vortr\u00e4ge und einen interessanten Austausch.\" \/>\n<meta property=\"og:url\" content=\"https:\/\/dfvcg-events.de\/smart-city\/vortragend\/benjamin-blocher-2\/\" \/>\n<meta property=\"og:site_name\" content=\"SMART CITY Conference\" \/>\n<meta property=\"og:image\" content=\"https:\/\/dfvcg-events.de\/smart-city\/wp-content\/uploads\/sites\/25\/2023\/07\/Blocher-Benjamin.jpg\" \/>\n\t<meta property=\"og:image:width\" content=\"600\" \/>\n\t<meta property=\"og:image:height\" content=\"800\" \/>\n\t<meta property=\"og:image:type\" content=\"image\/jpeg\" \/>\n<meta name=\"twitter:card\" content=\"summary_large_image\" \/>\n<meta name=\"twitter:label1\" content=\"Gesch\u00e4tzte Lesezeit\" \/>\n\t<meta name=\"twitter:data1\" content=\"2\u00a0Minuten\" \/>\n<script type=\"application\/ld+json\" class=\"yoast-schema-graph\">{\"@context\":\"https:\\\/\\\/schema.org\",\"@graph\":[{\"@type\":\"WebPage\",\"@id\":\"https:\\\/\\\/dfvcg-events.de\\\/smart-city\\\/vortragend\\\/benjamin-blocher-2\\\/\",\"url\":\"https:\\\/\\\/dfvcg-events.de\\\/smart-city\\\/vortragend\\\/benjamin-blocher-2\\\/\",\"name\":\"Referent: Benjamin Blocher - SMART CITY Conference\",\"isPartOf\":{\"@id\":\"https:\\\/\\\/dfvcg-events.de\\\/smart-city\\\/#website\"},\"primaryImageOfPage\":{\"@id\":\"https:\\\/\\\/dfvcg-events.de\\\/smart-city\\\/vortragend\\\/benjamin-blocher-2\\\/#primaryimage\"},\"image\":{\"@id\":\"https:\\\/\\\/dfvcg-events.de\\\/smart-city\\\/vortragend\\\/benjamin-blocher-2\\\/#primaryimage\"},\"thumbnailUrl\":\"https:\\\/\\\/dfvcg-events.de\\\/smart-city\\\/wp-content\\\/uploads\\\/sites\\\/25\\\/2023\\\/07\\\/Blocher-Benjamin.jpg\",\"datePublished\":\"2023-07-27T06:25:21+00:00\",\"description\":\"SMART CITY Conference | Begr\u00fc\u00dfen Sie auf der B\u00fchne: Benjamin Blocher Wir freuen uns auf spannende Vortr\u00e4ge und einen interessanten Austausch.\",\"breadcrumb\":{\"@id\":\"https:\\\/\\\/dfvcg-events.de\\\/smart-city\\\/vortragend\\\/benjamin-blocher-2\\\/#breadcrumb\"},\"inLanguage\":\"de\",\"potentialAction\":[{\"@type\":\"ReadAction\",\"target\":[\"https:\\\/\\\/dfvcg-events.de\\\/smart-city\\\/vortragend\\\/benjamin-blocher-2\\\/\"]}]},{\"@type\":\"ImageObject\",\"inLanguage\":\"de\",\"@id\":\"https:\\\/\\\/dfvcg-events.de\\\/smart-city\\\/vortragend\\\/benjamin-blocher-2\\\/#primaryimage\",\"url\":\"https:\\\/\\\/dfvcg-events.de\\\/smart-city\\\/wp-content\\\/uploads\\\/sites\\\/25\\\/2023\\\/07\\\/Blocher-Benjamin.jpg\",\"contentUrl\":\"https:\\\/\\\/dfvcg-events.de\\\/smart-city\\\/wp-content\\\/uploads\\\/sites\\\/25\\\/2023\\\/07\\\/Blocher-Benjamin.jpg\",\"width\":600,\"height\":800,\"caption\":\"Blocher-Benjamin\"},{\"@type\":\"BreadcrumbList\",\"@id\":\"https:\\\/\\\/dfvcg-events.de\\\/smart-city\\\/vortragend\\\/benjamin-blocher-2\\\/#breadcrumb\",\"itemListElement\":[{\"@type\":\"ListItem\",\"position\":1,\"name\":\"Startseite\",\"item\":\"https:\\\/\\\/dfvcg-events.de\\\/smart-city\\\/\"},{\"@type\":\"ListItem\",\"position\":2,\"name\":\"Benjamin Blocher\"}]},{\"@type\":\"WebSite\",\"@id\":\"https:\\\/\\\/dfvcg-events.de\\\/smart-city\\\/#website\",\"url\":\"https:\\\/\\\/dfvcg-events.de\\\/smart-city\\\/\",\"name\":\"SMART CITY Conference\",\"description\":\"\",\"potentialAction\":[{\"@type\":\"SearchAction\",\"target\":{\"@type\":\"EntryPoint\",\"urlTemplate\":\"https:\\\/\\\/dfvcg-events.de\\\/smart-city\\\/?s={search_term_string}\"},\"query-input\":{\"@type\":\"PropertyValueSpecification\",\"valueRequired\":true,\"valueName\":\"search_term_string\"}}],\"inLanguage\":\"de\"}]}<\/script>\n<!-- \/ Yoast SEO plugin. -->","yoast_head_json":{"title":"Referent: Benjamin Blocher - SMART CITY Conference","description":"SMART CITY Conference | Begr\u00fc\u00dfen Sie auf der B\u00fchne: Benjamin Blocher Wir freuen uns auf spannende Vortr\u00e4ge und einen interessanten Austausch.","robots":{"index":"index","follow":"follow","max-snippet":"max-snippet:-1","max-image-preview":"max-image-preview:large","max-video-preview":"max-video-preview:-1"},"canonical":"https:\/\/dfvcg-events.de\/smart-city\/vortragend\/benjamin-blocher-2\/","og_locale":"de_DE","og_type":"article","og_title":"Referent: Benjamin Blocher - SMART CITY Conference","og_description":"SMART CITY Conference | Begr\u00fc\u00dfen Sie auf der B\u00fchne: Benjamin Blocher Wir freuen uns auf spannende Vortr\u00e4ge und einen interessanten Austausch.","og_url":"https:\/\/dfvcg-events.de\/smart-city\/vortragend\/benjamin-blocher-2\/","og_site_name":"SMART CITY Conference","og_image":[{"width":600,"height":800,"url":"https:\/\/dfvcg-events.de\/smart-city\/wp-content\/uploads\/sites\/25\/2023\/07\/Blocher-Benjamin.jpg","type":"image\/jpeg"}],"twitter_card":"summary_large_image","twitter_misc":{"Gesch\u00e4tzte Lesezeit":"2\u00a0Minuten"},"schema":{"@context":"https:\/\/schema.org","@graph":[{"@type":"WebPage","@id":"https:\/\/dfvcg-events.de\/smart-city\/vortragend\/benjamin-blocher-2\/","url":"https:\/\/dfvcg-events.de\/smart-city\/vortragend\/benjamin-blocher-2\/","name":"Referent: Benjamin Blocher - SMART CITY Conference","isPartOf":{"@id":"https:\/\/dfvcg-events.de\/smart-city\/#website"},"primaryImageOfPage":{"@id":"https:\/\/dfvcg-events.de\/smart-city\/vortragend\/benjamin-blocher-2\/#primaryimage"},"image":{"@id":"https:\/\/dfvcg-events.de\/smart-city\/vortragend\/benjamin-blocher-2\/#primaryimage"},"thumbnailUrl":"https:\/\/dfvcg-events.de\/smart-city\/wp-content\/uploads\/sites\/25\/2023\/07\/Blocher-Benjamin.jpg","datePublished":"2023-07-27T06:25:21+00:00","description":"SMART CITY Conference | Begr\u00fc\u00dfen Sie auf der B\u00fchne: Benjamin Blocher Wir freuen uns auf spannende Vortr\u00e4ge und einen interessanten Austausch.","breadcrumb":{"@id":"https:\/\/dfvcg-events.de\/smart-city\/vortragend\/benjamin-blocher-2\/#breadcrumb"},"inLanguage":"de","potentialAction":[{"@type":"ReadAction","target":["https:\/\/dfvcg-events.de\/smart-city\/vortragend\/benjamin-blocher-2\/"]}]},{"@type":"ImageObject","inLanguage":"de","@id":"https:\/\/dfvcg-events.de\/smart-city\/vortragend\/benjamin-blocher-2\/#primaryimage","url":"https:\/\/dfvcg-events.de\/smart-city\/wp-content\/uploads\/sites\/25\/2023\/07\/Blocher-Benjamin.jpg","contentUrl":"https:\/\/dfvcg-events.de\/smart-city\/wp-content\/uploads\/sites\/25\/2023\/07\/Blocher-Benjamin.jpg","width":600,"height":800,"caption":"Blocher-Benjamin"},{"@type":"BreadcrumbList","@id":"https:\/\/dfvcg-events.de\/smart-city\/vortragend\/benjamin-blocher-2\/#breadcrumb","itemListElement":[{"@type":"ListItem","position":1,"name":"Startseite","item":"https:\/\/dfvcg-events.de\/smart-city\/"},{"@type":"ListItem","position":2,"name":"Benjamin Blocher"}]},{"@type":"WebSite","@id":"https:\/\/dfvcg-events.de\/smart-city\/#website","url":"https:\/\/dfvcg-events.de\/smart-city\/","name":"SMART CITY Conference","description":"","potentialAction":[{"@type":"SearchAction","target":{"@type":"EntryPoint","urlTemplate":"https:\/\/dfvcg-events.de\/smart-city\/?s={search_term_string}"},"query-input":{"@type":"PropertyValueSpecification","valueRequired":true,"valueName":"search_term_string"}}],"inLanguage":"de"}]}},"_links":{"self":[{"href":"https:\/\/dfvcg-events.de\/smart-city\/wp-json\/wp\/v2\/portfolio\/3600","targetHints":{"allow":["GET"]}}],"collection":[{"href":"https:\/\/dfvcg-events.de\/smart-city\/wp-json\/wp\/v2\/portfolio"}],"about":[{"href":"https:\/\/dfvcg-events.de\/smart-city\/wp-json\/wp\/v2\/types\/portfolio"}],"author":[{"embeddable":true,"href":"https:\/\/dfvcg-events.de\/smart-city\/wp-json\/wp\/v2\/users\/25"}],"replies":[{"embeddable":true,"href":"https:\/\/dfvcg-events.de\/smart-city\/wp-json\/wp\/v2\/comments?post=3600"}],"version-history":[{"count":0,"href":"https:\/\/dfvcg-events.de\/smart-city\/wp-json\/wp\/v2\/portfolio\/3600\/revisions"}],"wp:featuredmedia":[{"embeddable":true,"href":"https:\/\/dfvcg-events.de\/smart-city\/wp-json\/wp\/v2\/media\/3597"}],"wp:attachment":[{"href":"https:\/\/dfvcg-events.de\/smart-city\/wp-json\/wp\/v2\/media?parent=3600"}],"wp:term":[{"taxonomy":"post_tag","embeddable":true,"href":"https:\/\/dfvcg-events.de\/smart-city\/wp-json\/wp\/v2\/tags?post=3600"},{"taxonomy":"portfolio_entries","embeddable":true,"href":"https:\/\/dfvcg-events.de\/smart-city\/wp-json\/wp\/v2\/portfolio_entries?post=3600"}],"curies":[{"name":"wp","href":"https:\/\/api.w.org\/{rel}","templated":true}]}}