{"id":2779,"date":"2022-10-13T09:39:32","date_gmt":"2022-10-13T07:39:32","guid":{"rendered":"https:\/\/dfvcg-events.de\/smart-city\/?post_type=portfolio&#038;p=2779"},"modified":"2022-11-16T11:35:21","modified_gmt":"2022-11-16T10:35:21","slug":"tina-kortmann","status":"publish","type":"portfolio","link":"https:\/\/dfvcg-events.de\/smart-city\/vortragend\/tina-kortmann\/","title":{"rendered":"Tina Kortmann"},"content":{"rendered":"\n<style type=\"text\/css\" data-created_by=\"avia_inline_auto\" id=\"style-css-av-1hpil-9666fe4db9abbb55e16afcaa46b74565\">\n.flex_column.av-1hpil-9666fe4db9abbb55e16afcaa46b74565{\nborder-radius:0px 0px 0px 0px;\npadding:0px 0px 0px 0px;\n}\n<\/style>\n<div  class='flex_column av-1hpil-9666fe4db9abbb55e16afcaa46b74565 av_one_third  avia-builder-el-0  el_before_av_three_fifth  avia-builder-el-first  first flex_column_div av-zero-column-padding  '     ><style type=\"text\/css\" data-created_by=\"avia_inline_auto\" id=\"style-css-av-k7z57foz-0b04095271f433be1d48f37961acfaa6\">\n.avia-image-container.av-k7z57foz-0b04095271f433be1d48f37961acfaa6 img.avia_image{\nbox-shadow:none;\n}\n.avia-image-container.av-k7z57foz-0b04095271f433be1d48f37961acfaa6 .av-image-caption-overlay-center{\ncolor:#ffffff;\n}\n<\/style>\n<div  class='avia-image-container av-k7z57foz-0b04095271f433be1d48f37961acfaa6 av-styling-no-styling avia-align-center  avia-builder-el-1  avia-builder-el-no-sibling '   itemprop=\"image\" itemscope=\"itemscope\" itemtype=\"https:\/\/schema.org\/ImageObject\" ><div class=\"avia-image-container-inner\"><div class=\"avia-image-overlay-wrap\"><img decoding=\"async\" fetchpriority=\"high\" class='wp-image-2780 avia-img-lazy-loading-not-2780 avia_image ' src=\"https:\/\/dfvcg-events.de\/smart-city\/wp-content\/uploads\/sites\/25\/2022\/10\/Tina-Kortmann_web.jpg\" alt='' title='Tina Kortmann_web'  height=\"800\" width=\"600\"  itemprop=\"thumbnailUrl\"  \/><\/div><\/div><\/div><\/div>\n<style type=\"text\/css\" data-created_by=\"avia_inline_auto\" id=\"style-css-av-q939-36bd9e2970eba44b209398e6adaba9f5\">\n.flex_column.av-q939-36bd9e2970eba44b209398e6adaba9f5{\nborder-radius:0px 0px 0px 0px;\npadding:0px 0px 0px 0px;\n}\n<\/style>\n<div  class='flex_column av-q939-36bd9e2970eba44b209398e6adaba9f5 av_three_fifth  avia-builder-el-2  el_after_av_one_third  avia-builder-el-last  flex_column_div av-zero-column-padding  '     ><p>\n<style type=\"text\/css\" data-created_by=\"avia_inline_auto\" id=\"style-css-av-knufqmcq-5a863c7925570e11a61989ca24a5ff2f\">\n#top .av-special-heading.av-knufqmcq-5a863c7925570e11a61989ca24a5ff2f{\npadding-bottom:10px;\n}\nbody .av-special-heading.av-knufqmcq-5a863c7925570e11a61989ca24a5ff2f .av-special-heading-tag .heading-char{\nfont-size:25px;\n}\n.av-special-heading.av-knufqmcq-5a863c7925570e11a61989ca24a5ff2f .av-subheading{\nfont-size:19px;\n}\n<\/style>\n<div  class='av-special-heading av-knufqmcq-5a863c7925570e11a61989ca24a5ff2f av-special-heading-h2 blockquote modern-quote  avia-builder-el-3  el_before_av_font_icon  avia-builder-el-first '><h2 class='av-special-heading-tag '  itemprop=\"headline\"  >Tina Kortmann <\/h2><div class='av-subheading av-subheading_below'><p>Associate Director and Senior Architect<br \/>\nUNStudio<\/p>\n<\/div><div class=\"special-heading-border\"><div class=\"special-heading-inner-border\"><\/div><\/div><\/div><br \/>\n\n<style type=\"text\/css\" data-created_by=\"avia_inline_auto\" id=\"style-css-av-l6m8s1hf-bcf4acbea5856fa93022ee548c174440\">\n.av_font_icon.av-l6m8s1hf-bcf4acbea5856fa93022ee548c174440 .av-icon-char{\nfont-size:40px;\nline-height:40px;\n}\n<\/style>\n<span  class='av_font_icon av-l6m8s1hf-bcf4acbea5856fa93022ee548c174440 avia_animate_when_visible av-icon-style- avia-icon-pos-left av-desktop-hide av-medium-hide av-small-hide av-mini-hide avia-iconfont avia-font-entypo-fontello av-no-color avia-icon-animate'><a href='https:\/\/de.linkedin.com\/in\/christiane-lehmann-495a061'  target=\"_blank\"  rel=\"noopener noreferrer\"  class='av-icon-char' data-av_icon='\ue8fd' data-av_iconfont='entypo-fontello' aria-hidden=\"false\" ><\/a><\/span><br \/>\n\n<style type=\"text\/css\" data-created_by=\"avia_inline_auto\" id=\"style-css-av-l6nbpyqk-5b9475bccebc33d5a4ae759a5458371d\">\n#top .hr.hr-invisible.av-l6nbpyqk-5b9475bccebc33d5a4ae759a5458371d{\nheight:30px;\n}\n<\/style>\n<div  class='hr av-l6nbpyqk-5b9475bccebc33d5a4ae759a5458371d hr-invisible  avia-builder-el-5  el_after_av_font_icon  el_before_av_textblock '><span class='hr-inner '><span class=\"hr-inner-style\"><\/span><\/span><\/div><br \/>\n<section  class='av_textblock_section av-k7yuci90-a0c3d3186c8617336a3c3e947585f947 '   itemscope=\"itemscope\" itemtype=\"https:\/\/schema.org\/CreativeWork\" ><div class='avia_textblock'  itemprop=\"text\" ><p>Tina Kortmann is Associate Director and Senior Architect at UNStudio located in Amsterdam. Amongst other large scale projects she runs with her team, Tina is responsible for the design coordination of the project FOUR Frankfurt since 2017. With its four towers and its multi-functional podium, FOUR is one of the most important and biggest projects of the office. The project involves urban design and architectural design down to the scale of the office interior spaces.<\/p>\n<p>The creation of inclusive places and spaces for creative interaction of its users throughout all scales is what Tina considers as one of her most important goals in all projects.<\/p>\n<p>UNStudio\u2019s airport in Kutaisi in Georgia and Reset, a stress reduction installation, are next to FOUR Frankfurt, key projects she has worked on. Tina also has headed over a long period the Innovative-Organizations-Platform, an internal platform that focuses on the development of typologies and spaces.<\/p>\n<p>Tina was born 1978 in D\u00fcsseldorf and studied architecture at the RWTH Aachen and at the Royal Academy of Arts in Copenhagen. Before joining UNStudio Amsterdam in 2010 she worked in several internationally recognized offices in Copenhagen, Paris, Aachen and Tokyo.<\/p>\n<\/div><\/section><\/p><\/div><\/p>\n","protected":false},"excerpt":{"rendered":"<p>UNStudio<\/p>\n","protected":false},"author":25,"featured_media":2780,"comment_status":"closed","ping_status":"closed","template":"","meta":{"footnotes":""},"tags":[],"portfolio_entries":[],"class_list":["post-2779","portfolio","type-portfolio","status-publish","has-post-thumbnail","hentry"],"yoast_head":"<!-- This site is optimized with the Yoast SEO plugin v27.4 - https:\/\/yoast.com\/product\/yoast-seo-wordpress\/ -->\n<title>Referent: Tina Kortmann - SMART CITY Conference<\/title>\n<meta name=\"description\" content=\"SMART CITY Conference | Begr\u00fc\u00dfen Sie auf der B\u00fchne: Tina Kortmann\" \/>\n<meta name=\"robots\" content=\"index, follow, max-snippet:-1, max-image-preview:large, max-video-preview:-1\" \/>\n<link rel=\"canonical\" href=\"https:\/\/dfvcg-events.de\/smart-city\/vortragend\/tina-kortmann\/\" \/>\n<meta property=\"og:locale\" content=\"de_DE\" \/>\n<meta property=\"og:type\" content=\"article\" \/>\n<meta property=\"og:title\" content=\"Referent: Tina Kortmann - SMART CITY Conference\" \/>\n<meta property=\"og:description\" content=\"SMART CITY Conference | Begr\u00fc\u00dfen Sie auf der B\u00fchne: Tina Kortmann\" \/>\n<meta property=\"og:url\" content=\"https:\/\/dfvcg-events.de\/smart-city\/vortragend\/tina-kortmann\/\" \/>\n<meta property=\"og:site_name\" content=\"SMART CITY Conference\" \/>\n<meta property=\"article:modified_time\" content=\"2022-11-16T10:35:21+00:00\" \/>\n<meta property=\"og:image\" content=\"https:\/\/dfvcg-events.de\/smart-city\/wp-content\/uploads\/sites\/25\/2022\/10\/Tina-Kortmann_web.jpg\" \/>\n\t<meta property=\"og:image:width\" content=\"600\" \/>\n\t<meta property=\"og:image:height\" content=\"800\" \/>\n\t<meta property=\"og:image:type\" content=\"image\/jpeg\" \/>\n<meta name=\"twitter:card\" content=\"summary_large_image\" \/>\n<meta name=\"twitter:label1\" content=\"Gesch\u00e4tzte Lesezeit\" \/>\n\t<meta name=\"twitter:data1\" content=\"3\u00a0Minuten\" \/>\n<script type=\"application\/ld+json\" class=\"yoast-schema-graph\">{\"@context\":\"https:\\\/\\\/schema.org\",\"@graph\":[{\"@type\":\"WebPage\",\"@id\":\"https:\\\/\\\/dfvcg-events.de\\\/smart-city\\\/vortragend\\\/tina-kortmann\\\/\",\"url\":\"https:\\\/\\\/dfvcg-events.de\\\/smart-city\\\/vortragend\\\/tina-kortmann\\\/\",\"name\":\"Referent: Tina Kortmann - SMART CITY Conference\",\"isPartOf\":{\"@id\":\"https:\\\/\\\/dfvcg-events.de\\\/smart-city\\\/#website\"},\"primaryImageOfPage\":{\"@id\":\"https:\\\/\\\/dfvcg-events.de\\\/smart-city\\\/vortragend\\\/tina-kortmann\\\/#primaryimage\"},\"image\":{\"@id\":\"https:\\\/\\\/dfvcg-events.de\\\/smart-city\\\/vortragend\\\/tina-kortmann\\\/#primaryimage\"},\"thumbnailUrl\":\"https:\\\/\\\/dfvcg-events.de\\\/smart-city\\\/wp-content\\\/uploads\\\/sites\\\/25\\\/2022\\\/10\\\/Tina-Kortmann_web.jpg\",\"datePublished\":\"2022-10-13T07:39:32+00:00\",\"dateModified\":\"2022-11-16T10:35:21+00:00\",\"description\":\"SMART CITY Conference | Begr\u00fc\u00dfen Sie auf der B\u00fchne: Tina Kortmann\",\"breadcrumb\":{\"@id\":\"https:\\\/\\\/dfvcg-events.de\\\/smart-city\\\/vortragend\\\/tina-kortmann\\\/#breadcrumb\"},\"inLanguage\":\"de\",\"potentialAction\":[{\"@type\":\"ReadAction\",\"target\":[\"https:\\\/\\\/dfvcg-events.de\\\/smart-city\\\/vortragend\\\/tina-kortmann\\\/\"]}]},{\"@type\":\"ImageObject\",\"inLanguage\":\"de\",\"@id\":\"https:\\\/\\\/dfvcg-events.de\\\/smart-city\\\/vortragend\\\/tina-kortmann\\\/#primaryimage\",\"url\":\"https:\\\/\\\/dfvcg-events.de\\\/smart-city\\\/wp-content\\\/uploads\\\/sites\\\/25\\\/2022\\\/10\\\/Tina-Kortmann_web.jpg\",\"contentUrl\":\"https:\\\/\\\/dfvcg-events.de\\\/smart-city\\\/wp-content\\\/uploads\\\/sites\\\/25\\\/2022\\\/10\\\/Tina-Kortmann_web.jpg\",\"width\":600,\"height\":800},{\"@type\":\"BreadcrumbList\",\"@id\":\"https:\\\/\\\/dfvcg-events.de\\\/smart-city\\\/vortragend\\\/tina-kortmann\\\/#breadcrumb\",\"itemListElement\":[{\"@type\":\"ListItem\",\"position\":1,\"name\":\"Startseite\",\"item\":\"https:\\\/\\\/dfvcg-events.de\\\/smart-city\\\/\"},{\"@type\":\"ListItem\",\"position\":2,\"name\":\"Tina Kortmann\"}]},{\"@type\":\"WebSite\",\"@id\":\"https:\\\/\\\/dfvcg-events.de\\\/smart-city\\\/#website\",\"url\":\"https:\\\/\\\/dfvcg-events.de\\\/smart-city\\\/\",\"name\":\"SMART CITY Conference\",\"description\":\"\",\"potentialAction\":[{\"@type\":\"SearchAction\",\"target\":{\"@type\":\"EntryPoint\",\"urlTemplate\":\"https:\\\/\\\/dfvcg-events.de\\\/smart-city\\\/?s={search_term_string}\"},\"query-input\":{\"@type\":\"PropertyValueSpecification\",\"valueRequired\":true,\"valueName\":\"search_term_string\"}}],\"inLanguage\":\"de\"}]}<\/script>\n<!-- \/ Yoast SEO plugin. -->","yoast_head_json":{"title":"Referent: Tina Kortmann - SMART CITY Conference","description":"SMART CITY Conference | Begr\u00fc\u00dfen Sie auf der B\u00fchne: Tina Kortmann","robots":{"index":"index","follow":"follow","max-snippet":"max-snippet:-1","max-image-preview":"max-image-preview:large","max-video-preview":"max-video-preview:-1"},"canonical":"https:\/\/dfvcg-events.de\/smart-city\/vortragend\/tina-kortmann\/","og_locale":"de_DE","og_type":"article","og_title":"Referent: Tina Kortmann - SMART CITY Conference","og_description":"SMART CITY Conference | Begr\u00fc\u00dfen Sie auf der B\u00fchne: Tina Kortmann","og_url":"https:\/\/dfvcg-events.de\/smart-city\/vortragend\/tina-kortmann\/","og_site_name":"SMART CITY Conference","article_modified_time":"2022-11-16T10:35:21+00:00","og_image":[{"width":600,"height":800,"url":"https:\/\/dfvcg-events.de\/smart-city\/wp-content\/uploads\/sites\/25\/2022\/10\/Tina-Kortmann_web.jpg","type":"image\/jpeg"}],"twitter_card":"summary_large_image","twitter_misc":{"Gesch\u00e4tzte Lesezeit":"3\u00a0Minuten"},"schema":{"@context":"https:\/\/schema.org","@graph":[{"@type":"WebPage","@id":"https:\/\/dfvcg-events.de\/smart-city\/vortragend\/tina-kortmann\/","url":"https:\/\/dfvcg-events.de\/smart-city\/vortragend\/tina-kortmann\/","name":"Referent: Tina Kortmann - SMART CITY Conference","isPartOf":{"@id":"https:\/\/dfvcg-events.de\/smart-city\/#website"},"primaryImageOfPage":{"@id":"https:\/\/dfvcg-events.de\/smart-city\/vortragend\/tina-kortmann\/#primaryimage"},"image":{"@id":"https:\/\/dfvcg-events.de\/smart-city\/vortragend\/tina-kortmann\/#primaryimage"},"thumbnailUrl":"https:\/\/dfvcg-events.de\/smart-city\/wp-content\/uploads\/sites\/25\/2022\/10\/Tina-Kortmann_web.jpg","datePublished":"2022-10-13T07:39:32+00:00","dateModified":"2022-11-16T10:35:21+00:00","description":"SMART CITY Conference | Begr\u00fc\u00dfen Sie auf der B\u00fchne: Tina Kortmann","breadcrumb":{"@id":"https:\/\/dfvcg-events.de\/smart-city\/vortragend\/tina-kortmann\/#breadcrumb"},"inLanguage":"de","potentialAction":[{"@type":"ReadAction","target":["https:\/\/dfvcg-events.de\/smart-city\/vortragend\/tina-kortmann\/"]}]},{"@type":"ImageObject","inLanguage":"de","@id":"https:\/\/dfvcg-events.de\/smart-city\/vortragend\/tina-kortmann\/#primaryimage","url":"https:\/\/dfvcg-events.de\/smart-city\/wp-content\/uploads\/sites\/25\/2022\/10\/Tina-Kortmann_web.jpg","contentUrl":"https:\/\/dfvcg-events.de\/smart-city\/wp-content\/uploads\/sites\/25\/2022\/10\/Tina-Kortmann_web.jpg","width":600,"height":800},{"@type":"BreadcrumbList","@id":"https:\/\/dfvcg-events.de\/smart-city\/vortragend\/tina-kortmann\/#breadcrumb","itemListElement":[{"@type":"ListItem","position":1,"name":"Startseite","item":"https:\/\/dfvcg-events.de\/smart-city\/"},{"@type":"ListItem","position":2,"name":"Tina Kortmann"}]},{"@type":"WebSite","@id":"https:\/\/dfvcg-events.de\/smart-city\/#website","url":"https:\/\/dfvcg-events.de\/smart-city\/","name":"SMART CITY Conference","description":"","potentialAction":[{"@type":"SearchAction","target":{"@type":"EntryPoint","urlTemplate":"https:\/\/dfvcg-events.de\/smart-city\/?s={search_term_string}"},"query-input":{"@type":"PropertyValueSpecification","valueRequired":true,"valueName":"search_term_string"}}],"inLanguage":"de"}]}},"_links":{"self":[{"href":"https:\/\/dfvcg-events.de\/smart-city\/wp-json\/wp\/v2\/portfolio\/2779","targetHints":{"allow":["GET"]}}],"collection":[{"href":"https:\/\/dfvcg-events.de\/smart-city\/wp-json\/wp\/v2\/portfolio"}],"about":[{"href":"https:\/\/dfvcg-events.de\/smart-city\/wp-json\/wp\/v2\/types\/portfolio"}],"author":[{"embeddable":true,"href":"https:\/\/dfvcg-events.de\/smart-city\/wp-json\/wp\/v2\/users\/25"}],"replies":[{"embeddable":true,"href":"https:\/\/dfvcg-events.de\/smart-city\/wp-json\/wp\/v2\/comments?post=2779"}],"version-history":[{"count":0,"href":"https:\/\/dfvcg-events.de\/smart-city\/wp-json\/wp\/v2\/portfolio\/2779\/revisions"}],"wp:featuredmedia":[{"embeddable":true,"href":"https:\/\/dfvcg-events.de\/smart-city\/wp-json\/wp\/v2\/media\/2780"}],"wp:attachment":[{"href":"https:\/\/dfvcg-events.de\/smart-city\/wp-json\/wp\/v2\/media?parent=2779"}],"wp:term":[{"taxonomy":"post_tag","embeddable":true,"href":"https:\/\/dfvcg-events.de\/smart-city\/wp-json\/wp\/v2\/tags?post=2779"},{"taxonomy":"portfolio_entries","embeddable":true,"href":"https:\/\/dfvcg-events.de\/smart-city\/wp-json\/wp\/v2\/portfolio_entries?post=2779"}],"curies":[{"name":"wp","href":"https:\/\/api.w.org\/{rel}","templated":true}]}}