{"id":3428,"date":"2022-04-20T21:26:44","date_gmt":"2022-04-20T19:26:44","guid":{"rendered":"https:\/\/dfvcg-events.de\/smart-city\/?page_id=3428"},"modified":"2023-11-03T14:31:37","modified_gmt":"2023-11-03T13:31:37","slug":"programm","status":"publish","type":"page","link":"https:\/\/dfvcg-events.de\/smart-city\/programm\/","title":{"rendered":"Programm 2023"},"content":{"rendered":"<div id='av_section_1'  class='avia-section av-k7yuhjt1-b7d52d2eeeea589fec4ca0c79dea9a99 main_color avia-section-default avia-no-border-styling  avia-builder-el-0  el_before_av_section  avia-builder-el-first  header-verlauf avia-bg-style-scroll container_wrap fullsize'  ><div class='container av-section-cont-open' ><main  role=\"main\" itemprop=\"mainContentOfPage\"  class='template-page content  av-content-full alpha units'><div class='post-entry post-entry-type-page post-entry-3428'><div class='entry-content-wrapper clearfix'>\n\n<style type=\"text\/css\" data-created_by=\"avia_inline_auto\" id=\"style-css-av-kkjl3l31-9a4ac27b80258e05c702425f722855cd\">\n#top .av-special-heading.av-kkjl3l31-9a4ac27b80258e05c702425f722855cd{\npadding-bottom:0;\ncolor:#ffffff;\n}\nbody .av-special-heading.av-kkjl3l31-9a4ac27b80258e05c702425f722855cd .av-special-heading-tag .heading-char{\nfont-size:25px;\n}\n.av-special-heading.av-kkjl3l31-9a4ac27b80258e05c702425f722855cd .special-heading-inner-border{\nborder-color:#ffffff;\n}\n.av-special-heading.av-kkjl3l31-9a4ac27b80258e05c702425f722855cd .av-subheading{\nfont-size:19px;\ncolor:#ffffff;\n}\n<\/style>\n<div  class='av-special-heading av-kkjl3l31-9a4ac27b80258e05c702425f722855cd av-special-heading-h1 custom-color-heading blockquote modern-quote  avia-builder-el-1  avia-builder-el-no-sibling '><div class='av_custom_color av-subheading av-subheading_above'><p>SMART CITY Conference<\/p>\n<\/div><h1 class='av-special-heading-tag '  itemprop=\"headline\"  >Programm<\/h1><div class=\"special-heading-border\"><div class=\"special-heading-inner-border\"><\/div><\/div><\/div>\n\n<\/div><\/div><\/main><!-- close content main element --><\/div><\/div><div id='av_section_2'  class='avia-section av-2jlsj5-b2f7d02f2cf962d77d384d4d476830e0 main_color avia-section-default avia-no-border-styling  avia-builder-el-2  el_after_av_section  el_before_av_section  avia-bg-style-scroll container_wrap fullsize'  ><div class='container av-section-cont-open' ><div class='template-page content  av-content-full alpha units'><div class='post-entry post-entry-type-page post-entry-3428'><div class='entry-content-wrapper clearfix'>\n<div  class='flex_column av-2tner8-16a9651d6c75c63fd359c7e48be7e7d2 av_one_half  avia-builder-el-3  el_before_av_one_half  avia-builder-el-first  first flex_column_div  '     ><p><div  class='avia-button-wrap av-lk9op8d9-73f2af4a38873997c51de79ad00f63e0-wrap avia-button-left  avia-builder-el-4  el_before_av_heading  avia-builder-el-first '><a href='https:\/\/dfvcg-events.de\/smart-city\/programm\/#programm'  class='avia-button av-lk9op8d9-73f2af4a38873997c51de79ad00f63e0 av-link-btn avia-icon_select-no avia-size-small avia-position-left avia-color-theme-color'   aria-label=\"zum Programm\"><span class='avia_iconbox_title' >zum Programm<\/span><\/a><\/div><br \/>\n\n<style type=\"text\/css\" data-created_by=\"avia_inline_auto\" id=\"style-css-av-u5valg-03af565f02f08f6c7844f69af95c9991\">\n#top .av-special-heading.av-u5valg-03af565f02f08f6c7844f69af95c9991{\npadding-bottom:35px;\n}\nbody .av-special-heading.av-u5valg-03af565f02f08f6c7844f69af95c9991 .av-special-heading-tag .heading-char{\nfont-size:25px;\n}\n.av-special-heading.av-u5valg-03af565f02f08f6c7844f69af95c9991 .av-subheading{\nfont-size:15px;\n}\n<\/style>\n<div  class='av-special-heading av-u5valg-03af565f02f08f6c7844f69af95c9991 av-special-heading-h2 blockquote modern-quote  avia-builder-el-5  el_after_av_button  avia-builder-el-last '><h2 class='av-special-heading-tag '  itemprop=\"headline\"  >Ganzheitlich. Nachhaltig. Neu gedacht: Strategien f\u00fcr die Stadt von morgen<\/h2><div class='av-subheading av-subheading_below'><p>Kuratiert mit der Fachkompetenz der dfv Mediengruppe und namhafter Smart-City-Expert:innen, bietet Ihnen das hochkar\u00e4tig besetzte Kongressprogramm einen strukturierten \u00dcberblick \u00fcber die neuesten Entwicklungen im Bereich Smart City: aktuelle Forschungsergebnisse, Strategien, Einzelprojekte und die Erfahrungen daraus.<\/p>\n<\/div><div class=\"special-heading-border\"><div class=\"special-heading-inner-border\"><\/div><\/div><\/div><\/p><\/div><div  class='flex_column av-tgtdgk-efab2a5056906975cd616eedd65c86a8 av_one_half  avia-builder-el-6  el_after_av_one_half  el_before_av_hr  flex_column_div  '     ><div  class='avia-slideshow av-s0essk-837d09e6c573c036b1276df20629b19d avia-slideshow-no scaling av_slideshow avia-slide-slider  avia-builder-el-7  avia-builder-el-no-sibling  av-slideshow-ui av-control-default av-nav-dots-visible av-slideshow-autoplay av-loop-endless av-loop-manual-endless av-default-height-applied avia-slideshow-1' data-slideshow-options=\"{&quot;animation&quot;:&quot;slide&quot;,&quot;autoplay&quot;:true,&quot;loop_autoplay&quot;:&quot;endless&quot;,&quot;interval&quot;:3,&quot;loop_manual&quot;:&quot;manual-endless&quot;,&quot;autoplay_stopper&quot;:false,&quot;noNavigation&quot;:false,&quot;bg_slider&quot;:false,&quot;keep_padding&quot;:false,&quot;hoverpause&quot;:false,&quot;show_slide_delay&quot;:0}\"  itemprop=\"image\" itemscope=\"itemscope\" itemtype=\"https:\/\/schema.org\/ImageObject\" ><ul class='avia-slideshow-inner ' style='padding-bottom: 80%;'><li  class='avia-slideshow-slide av-s0essk-837d09e6c573c036b1276df20629b19d__0  slide-1 slide-odd'><div data-rel='slideshow-1' class='avia-slide-wrap '   ><img decoding=\"async\" fetchpriority=\"high\" class=\"wp-image-3161 avia-img-lazy-loading-not-3161\"  src=\"https:\/\/dfvcg-events.de\/smart-city\/wp-content\/uploads\/sites\/25\/2023\/02\/Smart-City22_14.jpg\" width=\"500\" height=\"400\" title='Smart City22_14' alt=''  itemprop=\"thumbnailUrl\"   \/><\/div><\/li><li  class='avia-slideshow-slide av-s0essk-837d09e6c573c036b1276df20629b19d__1  slide-2 slide-even'><div data-rel='slideshow-1' class='avia-slide-wrap '   ><img decoding=\"async\" fetchpriority=\"high\" class=\"wp-image-3153 avia-img-lazy-loading-not-3153\"  src=\"https:\/\/dfvcg-events.de\/smart-city\/wp-content\/uploads\/sites\/25\/2023\/02\/Smart-City22_6.jpg\" width=\"500\" height=\"400\" title='Smart City22_6' alt=''  itemprop=\"thumbnailUrl\"   \/><\/div><\/li><li  class='avia-slideshow-slide av-s0essk-837d09e6c573c036b1276df20629b19d__2  slide-3 slide-odd'><div data-rel='slideshow-1' class='avia-slide-wrap '   ><img decoding=\"async\" fetchpriority=\"high\" class=\"wp-image-3149 avia-img-lazy-loading-not-3149\"  src=\"https:\/\/dfvcg-events.de\/smart-city\/wp-content\/uploads\/sites\/25\/2023\/02\/Smart-City22_2.jpg\" width=\"500\" height=\"400\" title='Smart City22_2' alt=''  itemprop=\"thumbnailUrl\"   \/><\/div><\/li><li  class='avia-slideshow-slide av-s0essk-837d09e6c573c036b1276df20629b19d__3  slide-4 slide-even'><div data-rel='slideshow-1' class='avia-slide-wrap '   ><img decoding=\"async\" fetchpriority=\"high\" class=\"wp-image-3160 avia-img-lazy-loading-not-3160\"  src=\"https:\/\/dfvcg-events.de\/smart-city\/wp-content\/uploads\/sites\/25\/2023\/02\/Smart-City22_13.jpg\" width=\"500\" height=\"400\" title='Smart City22_13' alt=''  itemprop=\"thumbnailUrl\"   \/><\/div><\/li><li  class='avia-slideshow-slide av-s0essk-837d09e6c573c036b1276df20629b19d__4  slide-5 slide-odd'><div data-rel='slideshow-1' class='avia-slide-wrap '   ><img decoding=\"async\" fetchpriority=\"high\" class=\"wp-image-3157 avia-img-lazy-loading-not-3157\"  src=\"https:\/\/dfvcg-events.de\/smart-city\/wp-content\/uploads\/sites\/25\/2023\/02\/Smart-City22_10.jpg\" width=\"500\" height=\"400\" title='Smart City22_10' alt=''  itemprop=\"thumbnailUrl\"   \/><\/div><\/li><li  class='avia-slideshow-slide av-s0essk-837d09e6c573c036b1276df20629b19d__5  slide-6 slide-even'><div data-rel='slideshow-1' class='avia-slide-wrap '   ><img decoding=\"async\" fetchpriority=\"high\" class=\"wp-image-3148 avia-img-lazy-loading-not-3148\"  src=\"https:\/\/dfvcg-events.de\/smart-city\/wp-content\/uploads\/sites\/25\/2023\/02\/Smart-City22_1.jpg\" width=\"500\" height=\"400\" title='Smart City22_1' alt=''  itemprop=\"thumbnailUrl\"   \/><\/div><\/li><li  class='avia-slideshow-slide av-s0essk-837d09e6c573c036b1276df20629b19d__6  slide-7 slide-odd'><div data-rel='slideshow-1' class='avia-slide-wrap '   ><img decoding=\"async\" fetchpriority=\"high\" class=\"wp-image-3155 avia-img-lazy-loading-not-3155\"  src=\"https:\/\/dfvcg-events.de\/smart-city\/wp-content\/uploads\/sites\/25\/2023\/02\/Smart-City22_8.jpg\" width=\"500\" height=\"400\" title='Smart City22_8' alt=''  itemprop=\"thumbnailUrl\"   \/><\/div><\/li><li  class='avia-slideshow-slide av-s0essk-837d09e6c573c036b1276df20629b19d__7  slide-8 slide-even'><div data-rel='slideshow-1' class='avia-slide-wrap '   ><img decoding=\"async\" fetchpriority=\"high\" class=\"wp-image-3154 avia-img-lazy-loading-not-3154\"  src=\"https:\/\/dfvcg-events.de\/smart-city\/wp-content\/uploads\/sites\/25\/2023\/02\/Smart-City22_7.jpg\" width=\"500\" height=\"400\" title='Smart City22_7' alt=''  itemprop=\"thumbnailUrl\"   \/><\/div><\/li><li  class='avia-slideshow-slide av-s0essk-837d09e6c573c036b1276df20629b19d__8  slide-9 slide-odd'><div data-rel='slideshow-1' class='avia-slide-wrap '   ><img decoding=\"async\" fetchpriority=\"high\" class=\"wp-image-3158 avia-img-lazy-loading-not-3158\"  src=\"https:\/\/dfvcg-events.de\/smart-city\/wp-content\/uploads\/sites\/25\/2023\/02\/Smart-City22_11.jpg\" width=\"500\" height=\"400\" title='Smart City22_11' alt=''  itemprop=\"thumbnailUrl\"   \/><\/div><\/li><li  class='avia-slideshow-slide av-s0essk-837d09e6c573c036b1276df20629b19d__9  slide-10 slide-even'><div data-rel='slideshow-1' class='avia-slide-wrap '   ><img decoding=\"async\" fetchpriority=\"high\" class=\"wp-image-3152 avia-img-lazy-loading-not-3152\"  src=\"https:\/\/dfvcg-events.de\/smart-city\/wp-content\/uploads\/sites\/25\/2023\/02\/Smart-City22_5.jpg\" width=\"500\" height=\"400\" title='Smart City22_5' alt=''  itemprop=\"thumbnailUrl\"   \/><\/div><\/li><li  class='avia-slideshow-slide av-s0essk-837d09e6c573c036b1276df20629b19d__10  slide-11 slide-odd'><div data-rel='slideshow-1' class='avia-slide-wrap '   ><img decoding=\"async\" fetchpriority=\"high\" class=\"wp-image-3156 avia-img-lazy-loading-not-3156\"  src=\"https:\/\/dfvcg-events.de\/smart-city\/wp-content\/uploads\/sites\/25\/2023\/02\/Smart-City22_9.jpg\" width=\"500\" height=\"400\" title='Smart City22_9' alt=''  itemprop=\"thumbnailUrl\"   \/><\/div><\/li><li  class='avia-slideshow-slide av-s0essk-837d09e6c573c036b1276df20629b19d__11  slide-12 slide-even'><div data-rel='slideshow-1' class='avia-slide-wrap '   ><img decoding=\"async\" fetchpriority=\"high\" class=\"wp-image-3151 avia-img-lazy-loading-not-3151\"  src=\"https:\/\/dfvcg-events.de\/smart-city\/wp-content\/uploads\/sites\/25\/2023\/02\/Smart-City22_4.jpg\" width=\"500\" height=\"400\" title='Smart City22_4' alt=''  itemprop=\"thumbnailUrl\"   \/><\/div><\/li><li  class='avia-slideshow-slide av-s0essk-837d09e6c573c036b1276df20629b19d__12  slide-13 slide-odd'><div data-rel='slideshow-1' class='avia-slide-wrap '   ><img decoding=\"async\" fetchpriority=\"high\" class=\"wp-image-3159 avia-img-lazy-loading-not-3159\"  src=\"https:\/\/dfvcg-events.de\/smart-city\/wp-content\/uploads\/sites\/25\/2023\/02\/Smart-City22_12.jpg\" width=\"500\" height=\"400\" title='Smart City22_12' alt=''  itemprop=\"thumbnailUrl\"   \/><\/div><\/li><li  class='avia-slideshow-slide av-s0essk-837d09e6c573c036b1276df20629b19d__13  slide-14 slide-even'><div data-rel='slideshow-1' class='avia-slide-wrap '   ><img decoding=\"async\" fetchpriority=\"high\" class=\"wp-image-3150 avia-img-lazy-loading-not-3150\"  src=\"https:\/\/dfvcg-events.de\/smart-city\/wp-content\/uploads\/sites\/25\/2023\/02\/Smart-City22_3.jpg\" width=\"500\" height=\"400\" title='Smart City22_3' alt=''  itemprop=\"thumbnailUrl\"   \/><\/div><\/li><li  class='avia-slideshow-slide av-s0essk-837d09e6c573c036b1276df20629b19d__14  slide-15 slide-odd'><div data-rel='slideshow-1' class='avia-slide-wrap '   ><img decoding=\"async\" fetchpriority=\"high\" class=\"wp-image-3147 avia-img-lazy-loading-not-3147\"  src=\"https:\/\/dfvcg-events.de\/smart-city\/wp-content\/uploads\/sites\/25\/2023\/02\/Smart-City22_15.jpg\" width=\"500\" height=\"400\" title='Smart City22_15' alt=''  itemprop=\"thumbnailUrl\"   \/><\/div><\/li><\/ul><div class='avia-slideshow-arrows avia-slideshow-controls' ><a href='#prev' class='prev-slide  avia-svg-icon avia-font-svg_entypo-fontello' data-av_svg_icon='left-open-big' data-av_iconset='svg_entypo-fontello' tabindex='-1' title=\"Zur\u00fcck\"><svg version=\"1.1\" xmlns=\"http:\/\/www.w3.org\/2000\/svg\" width=\"15\" height=\"32\" viewBox=\"0 0 15 32\" preserveAspectRatio=\"xMidYMid meet\" aria-labelledby='av-svg-title-1' aria-describedby='av-svg-desc-1' role=\"graphics-symbol\" aria-hidden=\"true\">\n<title id='av-svg-title-1'>Zur\u00fcck<\/title>\n<desc id='av-svg-desc-1'>Zur\u00fcck<\/desc>\n<path d=\"M14.464 27.84q0.832 0.832 0 1.536-0.832 0.832-1.536 0l-12.544-12.608q-0.768-0.768 0-1.6l12.544-12.608q0.704-0.832 1.536 0 0.832 0.704 0 1.536l-11.456 11.904z\"><\/path>\n<\/svg><span class='avia_hidden_link_text'>Zur\u00fcck<\/span><\/a><a href='#next' class='next-slide  avia-svg-icon avia-font-svg_entypo-fontello' data-av_svg_icon='right-open-big' data-av_iconset='svg_entypo-fontello' tabindex='-1' title=\"Weiter\"><svg version=\"1.1\" xmlns=\"http:\/\/www.w3.org\/2000\/svg\" width=\"15\" height=\"32\" viewBox=\"0 0 15 32\" preserveAspectRatio=\"xMidYMid meet\" aria-labelledby='av-svg-title-2' aria-describedby='av-svg-desc-2' role=\"graphics-symbol\" aria-hidden=\"true\">\n<title id='av-svg-title-2'>Weiter<\/title>\n<desc id='av-svg-desc-2'>Weiter<\/desc>\n<path d=\"M0.416 27.84l11.456-11.84-11.456-11.904q-0.832-0.832 0-1.536 0.832-0.832 1.536 0l12.544 12.608q0.768 0.832 0 1.6l-12.544 12.608q-0.704 0.832-1.536 0-0.832-0.704 0-1.536z\"><\/path>\n<\/svg><span class='avia_hidden_link_text'>Weiter<\/span><\/a><\/div><div class='avia-slideshow-dots avia-slideshow-controls'><a href='#1' class='goto-slide active' >1<\/a><a href='#2' class='goto-slide ' >2<\/a><a href='#3' class='goto-slide ' >3<\/a><a href='#4' class='goto-slide ' >4<\/a><a href='#5' class='goto-slide ' >5<\/a><a href='#6' class='goto-slide ' >6<\/a><a href='#7' class='goto-slide ' >7<\/a><a href='#8' class='goto-slide ' >8<\/a><a href='#9' class='goto-slide ' >9<\/a><a href='#10' class='goto-slide ' >10<\/a><a href='#11' class='goto-slide ' >11<\/a><a href='#12' class='goto-slide ' >12<\/a><a href='#13' class='goto-slide ' >13<\/a><a href='#14' class='goto-slide ' >14<\/a><a href='#15' class='goto-slide ' >15<\/a><\/div><\/div><\/div>\n<style type=\"text\/css\" data-created_by=\"avia_inline_auto\" id=\"style-css-av-lj72w7yl-14b324f8ff821d90ab59014880c4bff1\">\n#top .hr.hr-invisible.av-lj72w7yl-14b324f8ff821d90ab59014880c4bff1{\nheight:50px;\n}\n<\/style>\n<div  class='hr av-lj72w7yl-14b324f8ff821d90ab59014880c4bff1 hr-invisible  avia-builder-el-8  el_after_av_one_half  el_before_av_textblock '><span class='hr-inner '><span class=\"hr-inner-style\"><\/span><\/span><\/div>\n<section  class='av_textblock_section av-li9z4ahg-f296309fdf636d1d5377ff22b8fb0fc7 '   itemscope=\"itemscope\" itemtype=\"https:\/\/schema.org\/CreativeWork\" ><div class='avia_textblock'  itemprop=\"text\" ><p>Top-Referent:innen aus Deutschland, Europa und den USA pr\u00e4sentieren aktuelle Smart-City-Projekte und die daraus resultierenden Erkenntnisse und stehen f\u00fcr den pers\u00f6nlichen Austausch mit Ihnen zur Verf\u00fcgung. Im Vordergrund stehen dabei immer innovative und ganzheitliche L\u00f6sungen, der Bezug zur Praxis und die praktische Umsetzbarkeit.<\/p>\n<p>Der Kongress findet an zwei Tagen statt. Ein besonderes Highlight ist das exklusive Abend-Event am ersten Veranstaltungstag: Lassen Sie den Tag gemeinsam mit den Referent:innen und Teilnehmenden der Smart-City-Conference, begleitet von exzellenter Kulinarik und einem spektakul\u00e4ren Blick \u00fcber die n\u00e4chtliche Skyline von Frankfurt, ausklingen.<\/p>\n<h3>Folgende Themen stehen im Mittelpunkt der Smart City Conference 2023:<\/h3>\n<p>\u2022 <strong>OVERVIEW: <\/strong>Einordnung aktueller Entwicklungen beim Thema Smart City, die wichtigsten Einflussfaktoren und Fallstricke bei der Planung und Realisierung.<br \/>\n\u2022 <strong>BEST PRACTICE:<\/strong> Richtungsweisende nationale und internationale Smart-City-Umsetzungen. Neue Ans\u00e4tze und Erfahrungen in City-Quartieren und Innenstadt-Lagen.<br \/>\n\u2022 <strong>STADTPLANUNG:<\/strong> Innovative internationale L\u00f6sungen aus Architektur und St\u00e4dtebau.<br \/>\n\u2022<strong> MOBILIT\u00c4T, TRANSPORT UND LOGISTIK:<\/strong> Intelligente Optimierung der Verkehrsstr\u00f6me als Komponenten auf dem Weg zur Smart City. Neue Versorgungskonzepte f\u00fcr den urbanen Raum. Wer macht das Rennen auf der letzten Meile?<br \/>\n\u2022 <strong>HANDEL IN DER CITY:<\/strong> Strategien f\u00fcr attraktivere Innenst\u00e4dte und Einkaufsstra\u00dfen. Konzepte von H\u00e4ndlern und unterst\u00fctzende Ma\u00dfnahmen der Kommunen.<br \/>\n\u2022 <strong>KONSUMENTEN:<\/strong> Nutzungsgewohnheiten von Konsumenten und ihre Erwartungen an die Stadt von morgen: Worauf m\u00fcssen sich Kommunen, Planer und Unternehmen einstellen?<\/p>\n<\/div><\/section>\n\n<\/div><\/div><\/div><!-- close content main div --><\/div><\/div><div id='programm'  class='avia-section av-kkjl4gp5-1e34f13093d53eea6717a5a86af8a3e8 main_color avia-section-default avia-no-shadow  avia-builder-el-10  el_after_av_section  avia-builder-el-last  avia-bg-style-scroll container_wrap fullsize'  ><div class='container av-section-cont-open' ><div class='template-page content  av-content-full alpha units'><div class='post-entry post-entry-type-page post-entry-3428'><div class='entry-content-wrapper clearfix'>\n<div  class='flex_column av-4svxac-53d30c9d6238b9a36bdb63dbe7c56e9d av_two_third  avia-builder-el-11  el_before_av_one_third  avia-builder-el-first  first flex_column_div  '     ><style type=\"text\/css\" data-created_by=\"avia_inline_auto\" id=\"style-css-av-7l30uo-c5d1ce7486de3b7283988dd82e63f17a\">\n#top .av-special-heading.av-7l30uo-c5d1ce7486de3b7283988dd82e63f17a{\npadding-bottom:10px;\n}\nbody .av-special-heading.av-7l30uo-c5d1ce7486de3b7283988dd82e63f17a .av-special-heading-tag .heading-char{\nfont-size:25px;\n}\n.av-special-heading.av-7l30uo-c5d1ce7486de3b7283988dd82e63f17a .av-subheading{\nfont-size:15px;\n}\n<\/style>\n<div  class='av-special-heading av-7l30uo-c5d1ce7486de3b7283988dd82e63f17a av-special-heading-h2 blockquote modern-quote  avia-builder-el-12  avia-builder-el-no-sibling '><h2 class='av-special-heading-tag '  itemprop=\"headline\"  >Das Programm der Smart City Conference 2023<\/h2><div class=\"special-heading-border\"><div class=\"special-heading-inner-border\"><\/div><\/div><\/div><\/div><div  class='flex_column av-2wpsis-7db8647a4d830d5bd582ef69242c7a12 av_one_third  avia-builder-el-13  el_after_av_two_third  el_before_av_textblock  flex_column_div  '     ><div  class='avia-button-wrap av-lo8jemi4-7ffb99bf0aaba45717b7bfb9c40ed4ee-wrap avia-button-center  avia-builder-el-14  avia-builder-el-no-sibling '><a href='https:\/\/dfvcg-events.de\/smart-city\/wp-content\/uploads\/sites\/25\/2023\/10\/dfvcg_smartcity_brosch_ES.pdf'  class='avia-button av-lo8jemi4-7ffb99bf0aaba45717b7bfb9c40ed4ee av-link-btn avia-icon_select-yes-left-icon avia-size-small avia-position-center avia-color-theme-color'  target=\"_blank\"  rel=\"noopener noreferrer\"  aria-label=\"PDF-Programm\"><span class='avia_button_icon avia_button_icon_left avia-iconfont avia-font-entypo-fontello' data-av_icon='\ue850' data-av_iconfont='entypo-fontello' ><\/span><span class='avia_iconbox_title' >PDF-Programm<\/span><\/a><\/div><\/div><section  class='av_textblock_section av-lj72y96s-72206d1c384adcdeca6fecd71e205ba2 '   itemscope=\"itemscope\" itemtype=\"https:\/\/schema.org\/CreativeWork\" ><div class='avia_textblock'  itemprop=\"text\" ><p>Donnerstag, 2. November 2023<\/p>\n<\/div><\/section>\n<div class='avia-data-table-wrap av-23hnwg1-c19e0d6140a0426bde5e026fd591eb6c avia_responsive_table avia-table-1'><table  id=\"programm-tabelle\"  class='avia-table avia-data-table avia_pricing_default  avia-builder-el-16  el_after_av_textblock  el_before_av_textblock  programm-tabelle'  itemscope=\"itemscope\" itemtype=\"https:\/\/schema.org\/Table\" ><tbody><tr class=''><th class='avia-desc-col'><\/th><td class=''><\/td><td class=''><\/td><\/tr><tr class=''><th class='avia-desc-col'>14.00<\/th><td class=''><b> Registrierung &amp; Networking <\/b><br \/>\n<\/td><td class=''><\/td><\/tr><tr class=''><th class='avia-desc-col'><\/th><td class=''><b>Moderation des Tages<\/b><\/td><td class=''><b>Prof. Dr. Markus Mau<\/b>, Gr\u00fcnder Smart City Concepts, Frankfurt<\/td><\/tr><tr class=''><th class='avia-desc-col'>15.00<\/th><td class=''><b> Er\u00f6ffnung &amp; Welcome <\/b><br \/>\n<\/td><td class=''><b>Christian Kuhn<\/b>, Gesch\u00e4ftsf\u00fchrer, dfv Conference Group<\/td><\/tr><tr class=''><th class='avia-desc-col'>15.10<\/th><td class=''><b> Einf\u00fchrung<\/b><br \/>\nSmart City \u2013 Lernen aus Erfahrungen und Fehlern \u2013 Aufzeigen des Entscheidungsrahmens und dessen Vernetzungen<\/td><td class=''><b>Prof. Dr. Markus Mau<\/b>, Gr\u00fcnder Smart City Concepts, Frankfurt<\/td><\/tr><tr class=''><th class='avia-desc-col'>15.40<br \/>\n<\/th><td class=''><b> Networking-Break<\/b><br \/>\n<\/td><td class=''><\/td><\/tr><tr class=''><th class='avia-desc-col'>16.30<\/th><td class=''><b> SMART CITY \u2013 A GLOBAL PERSPECTIVE <\/b><br \/>\nAbgleich der Herausforderungen, Ans\u00e4tze und Entwicklungen zu einem intelligenten Eco-System in St\u00e4dten und Ballungsr\u00e4umen<br \/>\n<\/td><td class=''><\/td><\/tr><tr class=''><th class='avia-desc-col'><\/th><td class=''><b>Live-Schaltung in die USA <\/b><br \/>\nFollow up zur ersten Smart City Conference 2022:<br \/>\nLatest developments on Smart Cities in the US<\/p>\n<\/td><td class=''><b>Prof. Dr. Nick Vyas<\/b>, Executive Director, Global Supply Chain Management Institute,<br \/>\nUniversity of Southern California, Los Angeles; Berater der US-Regierung<\/p>\n<\/td><\/tr><tr class=''><th class='avia-desc-col'>16.50<\/p>\n<\/th><td class=''><b>Case Studies aus Europa und Best-Practice-Komponenten<\/b><\/p>\n<\/td><td class=''><\/td><\/tr><tr class=''><th class='avia-desc-col'><\/th><td class=''>Improving Readiness of Cities for smart sustainable Mobility<\/td><td class=''><b>Dr. Georgia Ayfantopoulou<\/b>, Deputy Director \u2013 Research Director, Centre for Research and Technology Hellas (CE.R.T.H.), Hellenic Institute of Transport (H.I.T.)<\/td><\/tr><tr class=''><th class='avia-desc-col'><\/th><td class=''>Collaboration and Networking for better Solutions<\/td><td class=''><b>Bla\u017e\u00a0 Golob<\/b>, Slovenia Country Manager &amp; Smart Metering Manager at Heliot Europe GmbH and Chairman of Ljubljana Forum<\/td><\/tr><tr class=''><th class='avia-desc-col'><\/th><td class=''>Madrids Smart City Solution for Cargo \u2013 a collaborative Solution of Stakeholders<\/td><td class=''><b>Ram\u00f3n Garc\u00eda<\/b>, Director General, Centro Espa\u00f1ol de Log\u00edstica (CEL), Madrid<\/td><\/tr><tr class=''><th class='avia-desc-col'>18.00<\/th><td class=''><b>Interaktiver Panel Talk<\/b><br \/>\nLearnings aus den Beispielen: Was k\u00f6nnen wir nutzen und wo sind die Fallstricke?<br \/>\nPodiumsdiskussion mit Fragen aus dem Publikum<br \/>\n<\/td><td class=''><b>Dr. Ayfantopoulou Georgia<\/b>, Deputy Director \u2013 Research Director, Centre for Research and Technology Hellas (CE.R.T.H.), Hellenic Institute of Transport (H.I.T.)<br \/>\n<b>Ram\u00f3n Garc\u00eda<\/b>, Director General, Centro Espa\u00f1ol de Log\u00edstica (CEL), Madrid<br \/>\n<b>Bla\u017e\u00a0 Golob<\/b>, Slovenia Country Manager &amp; Smart Metering Manager at Heliot Europe GmbH and Chairman of Ljubljana Forum<br \/>\n<b>Prof. Dr. Nick Vyas<\/b>, Executive Director, Global Supply Chain Management Institute, University of Southern California, Los Angeles, und Berater der US-Regierung (online)<br \/>\n<\/td><\/tr><tr class=''><th class='avia-desc-col'>18.25<\/th><td class=''><b> Vortrag<\/b><br \/>\nNachhaltige City-Logistik, ma\u00dfgeschneidert an den Point of Sale<br \/>\nH\u00e4ngeversand bei DACHSER, nachhaltig umgesetzt<br \/>\n<\/td><td class=''><b>Dr. Hella Abidi<\/b>, Corporate Business Development Manager Solutions, DACHSER<br \/>\n<b>Uwe Riechel<\/b>, Department Head DACHSER Fashion Logistics, Corporate Solutions<br \/>\n<\/td><\/tr><tr class=''><th class='avia-desc-col'>19.00<\/th><td class=''><b> Impuls<\/b><br \/>\nFuture Smart Aviation: the ideal future Picture for a green and connected Sky<br \/>\n<\/td><td class=''><b> Erin Beilharz<\/b>, Head of Strategic Innovation Partnerships, Lufthansa Group<\/td><\/tr><tr class=''><th class='avia-desc-col'>19.35<\/th><td class=''><b> Closing und kurze Zusammenfassung von Kongresstag 1 <\/b><\/td><td class=''><b>Prof. Dr. Markus Mau<\/b>, Gr\u00fcnder Smart City Concepts, Frankfurt<\/td><\/tr><tr class=''><th class='avia-desc-col'>19.45<\/th><td class=''><b>Kulinarischer Networking-Abend <\/b><\/p>\n<p>Lassen Sie einen spannenden ersten Kongresstag im 48. Stock unserer Veranstaltungs-Location mit einem spektakul\u00e4ren Blick \u00fcber die Skyline der Mainmetropole ausklingen.<br \/>\nGenie\u00dfen Sie einen kulinarischen Abend und tauschen Sie sich mit Teilnehmenden aus, um bestehende Kontakte zu vertiefen und neue Kontakte zu kn\u00fcpfen.<br \/>\n<\/td><td class=''><\/td><\/tr><\/tbody><\/table><\/div><style type='text\/css'>.avia-table-1 td:nth-of-type(1):before { content: ''; } <\/style>\n<section  class='av_textblock_section av-lj72ygtt-961c6ff206f0d5167d14a55783080ae8 '   itemscope=\"itemscope\" itemtype=\"https:\/\/schema.org\/CreativeWork\" ><div class='avia_textblock'  itemprop=\"text\" ><p>Freitag, 3. November 2023<\/p>\n<\/div><\/section>\n<div class='avia-data-table-wrap av-2mqq7kk-f5ea0744bdaaed7bab79bed7483880b1 avia_responsive_table avia-table-2'><table  id=\"programm-tabelle\"  class='avia-table avia-data-table avia_pricing_default  avia-builder-el-18  el_after_av_textblock  el_before_av_textblock  programm-tabelle'  itemscope=\"itemscope\" itemtype=\"https:\/\/schema.org\/Table\" ><tbody><tr class=''><th class='avia-desc-col'><\/th><td class=''><\/td><td class=''><\/td><\/tr><tr class=''><th class='avia-desc-col'>09.00<\/th><td class=''><b>Er\u00f6ffnung, Welcome &amp; Einf\u00fchrung<\/b><br \/>\n<\/td><td class=''><b>Prof. Dr. Markus Mau<\/b>, Gr\u00fcnder Smart City Concepts, Frankfurt<\/td><\/tr><tr class=''><th class='avia-desc-col'>09.20<\/th><td class=''><b> Vortrag<\/b><br \/>\nInnenstadtentwicklung geht nur gemeinsam!<br \/>\n<\/td><td class=''><b>Dr. Johann Jacobs<\/b>, Gesch\u00e4ftsf\u00fchrender Gesellschafter, Joh. Jacobs &amp; Co.<br \/>\n<b>Carolin Reuther<\/b>, Gesch\u00e4ftsf\u00fchrerin, CityInitiative Bremen Werbung e.V.<\/td><\/tr><tr class=''><th class='avia-desc-col'>10.00<\/th><td class=''><b>Panel Talk<\/b><br \/>\nPerspektiven und Herausforderungen der St\u00e4dte<br \/>\nSmart-City-\u00dcberlegungen am Beispiel der Metropolregion Rhein-Main<br \/>\nInteraktive Diskussion mit Raum f\u00fcr Fragen und Ideen aus dem Publikum<br \/>\n<\/td><td class=''><b>Hanno Benz<\/b>, Oberb\u00fcrgermeister, Stadt Darmstadt<br \/>\n<b>Eileen O\u2019Sullivan<\/b>, Stadtr\u00e4tin, Dezernat B\u00fcrger:innen, Digitales und Internationales der Stadt Frankfurt<br \/>\n<b>Martin Wilhelm<\/b>, Stadtrat und Stadtk\u00e4mmerer, Stadt Offenbach<br \/>\n<\/td><\/tr><tr class=''><th class='avia-desc-col'>10.45<br \/>\n<\/th><td class=''><b> Networking-Break <\/b><br \/>\n<\/td><td class=''><\/td><\/tr><tr class=''><th class='avia-desc-col'><\/th><td class=''><b> SMART-CITY-PROJEKTE IN DEUTSCHLAND: VISIONEN, PL\u00c4NE, STATUS QUO<\/b><\/td><td class=''><\/td><\/tr><tr class=''><th class='avia-desc-col'>11.30<br \/>\n<\/th><td class=''><b> Impuls<\/b><br \/>\nFollow-up zur ersten Smart City Conference 2022:<br \/>\nModellbeispiel Lok-Viertel Osnabr\u00fcck \u2014 Status quo und Learnings<br \/>\n<\/td><td class=''><b>Dr. Felix Osterheider<\/b>, Vorstandsvorsitzender, Aloys &amp; Brigitte Coppenrath Stiftung, Osnabr\u00fcck<\/td><\/tr><tr class=''><th class='avia-desc-col'>11.50<\/th><td class=''><b> Vortrag<\/b><br \/>\nMobilit\u00e4t auf den n\u00e4chste Level gedacht<\/p>\n<\/td><td class=''><b>Marc Schindler<\/b>, Managing Director, Ottobahn<\/td><\/tr><tr class=''><th class='avia-desc-col'>12.20<\/th><td class=''><b> Impuls<\/b><br \/>\nDie Energiewende &#8211; unterst\u00fctzt durch datenbasierte KI<br \/>\nEine Einf\u00fchrung und Vision, wie die Energiewende in den n\u00e4chsten Jahren gestaltet werden kann<\/td><td class=''><b>Thorsten Konschak<\/b>, Lead Utilities &amp; Local Government, Google<\/td><\/tr><tr class=''><th class='avia-desc-col'>12.40<\/th><td class=''><b> Lunch &amp; Networking-Break<\/b><\/td><td class=''><\/td><\/tr><tr class=''><th class='avia-desc-col'>13.45<\/th><td class=''><b>Interview<\/b><br \/>\nIm Dialog mit der Landespolitik<\/td><td class=''><b>Prof. Dr. Kristina Sinemus<\/b>, Hessische Ministerin f\u00fcr Digitale Strategie und Entwicklung, im Live-Interview <\/td><\/tr><tr class=''><th class='avia-desc-col'>14.15<\/th><td class=''><b>Vortrag<\/b><br \/>\nVon der Strategie zur Umsetzung \u2013 So werden Smart-City-Ans\u00e4tze zu Impulsgebern vor Ort<br \/>\nEinblicke in die Umsetzungsstrategien von Smart-City-Prozessen u.a. im Werra-Mei\u00dfner-Kreis, im Eifelkreis Bitburg-Pr\u00fcm und dem Landkreis Potsdam-Mittelmark<\/p>\n<\/td><td class=''><b>Achim Gebhardt<\/b>, Partner CIMA Beratung + Management; Leiter cima.digital<br \/>\n<b>Marvin-Curtis Gro\u00dfe<\/b>, Projektleiter, werra-meissner.DIGITAL<br \/>\n<b>Franz-Reinhard Habbel<\/b>, Gesch\u00e4ftsf\u00fchrer, HABBEL GmbH<br \/>\n<b>Thomas Reukauf<\/b>, Inhaber, Smart Solutions Management Consulting<\/td><\/tr><tr class=''><th class='avia-desc-col'>14.45<\/th><td class=''><b> Networking-Break<\/b><br \/>\n<\/td><td class=''><\/td><\/tr><tr class=''><th class='avia-desc-col'>15.10<\/th><td class=''><b> Panel-Talks <\/b><br \/>\nF\u00fcr eine starke Innenstadt!<br \/>\nDer Handel in der City \u2013 zwischen Wunsch und Wirklichkeit.<br \/>\nErfahrungen, Erwartungen und Standort-Konzepte von Unternehmern.<br \/>\n<\/td><td class=''><b>Christoph Berger<\/b>, Modehaus Ebbers, Warendorf<br \/>\n<b>Bolko Kissling<\/b>, Chairman, G\u00f6rtz<br \/>\n<b>Jost Wiebelhaus<\/b>, Gr\u00fcnder und Inhaber, Frankfurter Laufshop<\/td><\/tr><tr class=''><th class='avia-desc-col'>15.40<\/th><td class=''>Wie retten wir die City?<br \/>\nStrategien zur Zukunftssicherung des Handels in der Innenstadt.<br \/>\n<\/td><td class=''><b>Heiko Achilles<\/b>, Real Estate Developer, Achilles + Partners<br \/>\n<b>Benjamin Blocher<\/b>, Architektur und Stadtplaner, blocher partners<br \/>\n<b>Ariane Breuer<\/b>, Gesch\u00e4ftsf\u00fchrerin Die Stadtretter und Gesellschafterin Leerstandslotsen<br \/>\n<b>Boris Hedde<\/b>, Gesch\u00e4ftsf\u00fchrer, IFH K\u00f6ln<\/td><\/tr><tr class=''><th class='avia-desc-col'>16.10<\/th><td class=''><b> Vortrag <\/b><br \/>\nGovTech: Start-ups als Innovationsbeschleuniger f\u00fcr die Smart City?<\/td><td class=''><b>Frederik Heinz<\/b>, Public Sector Consultant und GovTech-Experte, PwC<\/td><\/tr><tr class=''><th class='avia-desc-col'>16.30<\/th><td class=''><b> Learnings aus den beiden Kongresstagen 2023<\/b><\/td><td class=''><\/td><\/tr><tr class=''><th class='avia-desc-col'>16.40<\/th><td class=''><b>Closing \u2013 Ende der Smart City Conference 2023<\/b><\/td><td class=''><\/td><\/tr><\/tbody><\/table><\/div><style type='text\/css'>.avia-table-2 td:nth-of-type(1):before { content: ''; } <\/style>\n<section  class='av_textblock_section av-lk9ofucf-7f23af8553702b7e6c8f6e69d5bc24e0 '   itemscope=\"itemscope\" itemtype=\"https:\/\/schema.org\/CreativeWork\" ><div class='avia_textblock'  itemprop=\"text\" ><p>Der Veranstalter beh\u00e4lt sich Programm\u00e4nderungen vor.<\/p>\n<\/div><\/section>\n\n","protected":false},"excerpt":{"rendered":"","protected":false},"author":1,"featured_media":0,"parent":0,"menu_order":0,"comment_status":"closed","ping_status":"closed","template":"","meta":{"footnotes":""},"class_list":["post-3428","page","type-page","status-publish","hentry"],"yoast_head":"<!-- This site is optimized with the Yoast SEO plugin v27.4 - https:\/\/yoast.com\/product\/yoast-seo-wordpress\/ -->\n<title>Programm 2023 - SMART CITY Conference<\/title>\n<meta name=\"description\" content=\"2 halbe Tage &amp; einen kulinarischer Networkingabend mit kompakt zusammengestellten Inhalten, um bestens zum Thema Smart City ger\u00fcstet zu sein.\" \/>\n<meta name=\"robots\" content=\"index, follow, max-snippet:-1, max-image-preview:large, max-video-preview:-1\" \/>\n<link rel=\"canonical\" href=\"https:\/\/dfvcg-events.de\/smart-city\/programm\/\" \/>\n<meta property=\"og:locale\" content=\"de_DE\" \/>\n<meta property=\"og:type\" content=\"article\" \/>\n<meta property=\"og:title\" content=\"Programm 2023 - SMART CITY Conference\" \/>\n<meta property=\"og:description\" content=\"2 halbe Tage &amp; einen kulinarischer Networkingabend mit kompakt zusammengestellten Inhalten, um bestens zum Thema Smart City ger\u00fcstet zu sein.\" \/>\n<meta property=\"og:url\" content=\"https:\/\/dfvcg-events.de\/smart-city\/programm\/\" \/>\n<meta property=\"og:site_name\" content=\"SMART CITY Conference\" \/>\n<meta property=\"article:modified_time\" content=\"2023-11-03T13:31:37+00:00\" \/>\n<meta name=\"twitter:card\" content=\"summary_large_image\" \/>\n<meta name=\"twitter:label1\" content=\"Gesch\u00e4tzte Lesezeit\" \/>\n\t<meta name=\"twitter:data1\" content=\"18\u00a0Minuten\" \/>\n<script type=\"application\/ld+json\" class=\"yoast-schema-graph\">{\"@context\":\"https:\\\/\\\/schema.org\",\"@graph\":[{\"@type\":\"WebPage\",\"@id\":\"https:\\\/\\\/dfvcg-events.de\\\/smart-city\\\/programm\\\/\",\"url\":\"https:\\\/\\\/dfvcg-events.de\\\/smart-city\\\/programm\\\/\",\"name\":\"Programm 2023 - SMART CITY Conference\",\"isPartOf\":{\"@id\":\"https:\\\/\\\/dfvcg-events.de\\\/smart-city\\\/#website\"},\"datePublished\":\"2022-04-20T19:26:44+00:00\",\"dateModified\":\"2023-11-03T13:31:37+00:00\",\"description\":\"2 halbe Tage & einen kulinarischer Networkingabend mit kompakt zusammengestellten Inhalten, um bestens zum Thema Smart City ger\u00fcstet zu sein.\",\"breadcrumb\":{\"@id\":\"https:\\\/\\\/dfvcg-events.de\\\/smart-city\\\/programm\\\/#breadcrumb\"},\"inLanguage\":\"de\",\"potentialAction\":[{\"@type\":\"ReadAction\",\"target\":[\"https:\\\/\\\/dfvcg-events.de\\\/smart-city\\\/programm\\\/\"]}]},{\"@type\":\"BreadcrumbList\",\"@id\":\"https:\\\/\\\/dfvcg-events.de\\\/smart-city\\\/programm\\\/#breadcrumb\",\"itemListElement\":[{\"@type\":\"ListItem\",\"position\":1,\"name\":\"Startseite\",\"item\":\"https:\\\/\\\/dfvcg-events.de\\\/smart-city\\\/\"},{\"@type\":\"ListItem\",\"position\":2,\"name\":\"Programm 2023\"}]},{\"@type\":\"WebSite\",\"@id\":\"https:\\\/\\\/dfvcg-events.de\\\/smart-city\\\/#website\",\"url\":\"https:\\\/\\\/dfvcg-events.de\\\/smart-city\\\/\",\"name\":\"SMART CITY Conference\",\"description\":\"\",\"potentialAction\":[{\"@type\":\"SearchAction\",\"target\":{\"@type\":\"EntryPoint\",\"urlTemplate\":\"https:\\\/\\\/dfvcg-events.de\\\/smart-city\\\/?s={search_term_string}\"},\"query-input\":{\"@type\":\"PropertyValueSpecification\",\"valueRequired\":true,\"valueName\":\"search_term_string\"}}],\"inLanguage\":\"de\"}]}<\/script>\n<!-- \/ Yoast SEO plugin. -->","yoast_head_json":{"title":"Programm 2023 - SMART CITY Conference","description":"2 halbe Tage & einen kulinarischer Networkingabend mit kompakt zusammengestellten Inhalten, um bestens zum Thema Smart City ger\u00fcstet zu sein.","robots":{"index":"index","follow":"follow","max-snippet":"max-snippet:-1","max-image-preview":"max-image-preview:large","max-video-preview":"max-video-preview:-1"},"canonical":"https:\/\/dfvcg-events.de\/smart-city\/programm\/","og_locale":"de_DE","og_type":"article","og_title":"Programm 2023 - SMART CITY Conference","og_description":"2 halbe Tage & einen kulinarischer Networkingabend mit kompakt zusammengestellten Inhalten, um bestens zum Thema Smart City ger\u00fcstet zu sein.","og_url":"https:\/\/dfvcg-events.de\/smart-city\/programm\/","og_site_name":"SMART CITY Conference","article_modified_time":"2023-11-03T13:31:37+00:00","twitter_card":"summary_large_image","twitter_misc":{"Gesch\u00e4tzte Lesezeit":"18\u00a0Minuten"},"schema":{"@context":"https:\/\/schema.org","@graph":[{"@type":"WebPage","@id":"https:\/\/dfvcg-events.de\/smart-city\/programm\/","url":"https:\/\/dfvcg-events.de\/smart-city\/programm\/","name":"Programm 2023 - SMART CITY Conference","isPartOf":{"@id":"https:\/\/dfvcg-events.de\/smart-city\/#website"},"datePublished":"2022-04-20T19:26:44+00:00","dateModified":"2023-11-03T13:31:37+00:00","description":"2 halbe Tage & einen kulinarischer Networkingabend mit kompakt zusammengestellten Inhalten, um bestens zum Thema Smart City ger\u00fcstet zu sein.","breadcrumb":{"@id":"https:\/\/dfvcg-events.de\/smart-city\/programm\/#breadcrumb"},"inLanguage":"de","potentialAction":[{"@type":"ReadAction","target":["https:\/\/dfvcg-events.de\/smart-city\/programm\/"]}]},{"@type":"BreadcrumbList","@id":"https:\/\/dfvcg-events.de\/smart-city\/programm\/#breadcrumb","itemListElement":[{"@type":"ListItem","position":1,"name":"Startseite","item":"https:\/\/dfvcg-events.de\/smart-city\/"},{"@type":"ListItem","position":2,"name":"Programm 2023"}]},{"@type":"WebSite","@id":"https:\/\/dfvcg-events.de\/smart-city\/#website","url":"https:\/\/dfvcg-events.de\/smart-city\/","name":"SMART CITY Conference","description":"","potentialAction":[{"@type":"SearchAction","target":{"@type":"EntryPoint","urlTemplate":"https:\/\/dfvcg-events.de\/smart-city\/?s={search_term_string}"},"query-input":{"@type":"PropertyValueSpecification","valueRequired":true,"valueName":"search_term_string"}}],"inLanguage":"de"}]}},"_links":{"self":[{"href":"https:\/\/dfvcg-events.de\/smart-city\/wp-json\/wp\/v2\/pages\/3428","targetHints":{"allow":["GET"]}}],"collection":[{"href":"https:\/\/dfvcg-events.de\/smart-city\/wp-json\/wp\/v2\/pages"}],"about":[{"href":"https:\/\/dfvcg-events.de\/smart-city\/wp-json\/wp\/v2\/types\/page"}],"author":[{"embeddable":true,"href":"https:\/\/dfvcg-events.de\/smart-city\/wp-json\/wp\/v2\/users\/1"}],"replies":[{"embeddable":true,"href":"https:\/\/dfvcg-events.de\/smart-city\/wp-json\/wp\/v2\/comments?post=3428"}],"version-history":[{"count":0,"href":"https:\/\/dfvcg-events.de\/smart-city\/wp-json\/wp\/v2\/pages\/3428\/revisions"}],"wp:attachment":[{"href":"https:\/\/dfvcg-events.de\/smart-city\/wp-json\/wp\/v2\/media?parent=3428"}],"curies":[{"name":"wp","href":"https:\/\/api.w.org\/{rel}","templated":true}]}}