{"id":3294,"date":"2023-03-20T11:37:35","date_gmt":"2023-03-20T10:37:35","guid":{"rendered":"https:\/\/dfvcg-events.de\/smart-city\/?page_id=3294"},"modified":"2024-01-02T12:38:06","modified_gmt":"2024-01-02T11:38:06","slug":"news","status":"publish","type":"page","link":"https:\/\/dfvcg-events.de\/smart-city\/news\/","title":{"rendered":"News"},"content":{"rendered":"<div id='av_section_1'  class='avia-section av-k7yuhjt1-5c18bcd4a9d69b62ba28639d6a4e2820 main_color avia-section-default avia-no-border-styling  avia-builder-el-0  el_before_av_section  avia-builder-el-first  header-verlauf avia-bg-style-scroll container_wrap fullsize'  ><div class='container av-section-cont-open' ><main  role=\"main\" itemprop=\"mainContentOfPage\"  class='template-page content  av-content-full alpha units'><div class='post-entry post-entry-type-page post-entry-3294'><div class='entry-content-wrapper clearfix'>\n\n<style type=\"text\/css\" data-created_by=\"avia_inline_auto\" id=\"style-css-av-kkjlg88w-3e2d4dc53cf03ac48cb8137eb6f45cd6\">\n#top .av-special-heading.av-kkjlg88w-3e2d4dc53cf03ac48cb8137eb6f45cd6{\npadding-bottom:0;\ncolor:#ffffff;\n}\nbody .av-special-heading.av-kkjlg88w-3e2d4dc53cf03ac48cb8137eb6f45cd6 .av-special-heading-tag .heading-char{\nfont-size:25px;\n}\n.av-special-heading.av-kkjlg88w-3e2d4dc53cf03ac48cb8137eb6f45cd6 .special-heading-inner-border{\nborder-color:#ffffff;\n}\n.av-special-heading.av-kkjlg88w-3e2d4dc53cf03ac48cb8137eb6f45cd6 .av-subheading{\nfont-size:19px;\ncolor:#ffffff;\n}\n<\/style>\n<div  class='av-special-heading av-kkjlg88w-3e2d4dc53cf03ac48cb8137eb6f45cd6 av-special-heading-h1 custom-color-heading blockquote modern-quote  avia-builder-el-1  avia-builder-el-no-sibling '><div class='av_custom_color av-subheading av-subheading_above'><p>Smart City Conference<\/p>\n<\/div><h1 class='av-special-heading-tag '  itemprop=\"headline\"  >News<\/h1><div class=\"special-heading-border\"><div class=\"special-heading-inner-border\"><\/div><\/div><\/div>\n\n<\/div><\/div><\/main><!-- close content main element --><\/div><\/div><div id='dachser'  class='avia-section av-z7o7ry-49c52d76cc81ff800758b4db634b77bf main_color avia-section-default avia-no-shadow  avia-builder-el-2  el_after_av_section  el_before_av_section  dachser avia-bg-style-scroll container_wrap fullsize'  ><div class='container av-section-cont-open' ><div class='template-page content  av-content-full alpha units'><div class='post-entry post-entry-type-page post-entry-3294'><div class='entry-content-wrapper clearfix'>\n\n<style type=\"text\/css\" data-created_by=\"avia_inline_auto\" id=\"style-css-av-yj086m-847c6f7f60b1569d2320483a0828057f\">\n#top .av-special-heading.av-yj086m-847c6f7f60b1569d2320483a0828057f{\npadding-bottom:35px;\ncolor:#136399;\n}\nbody .av-special-heading.av-yj086m-847c6f7f60b1569d2320483a0828057f .av-special-heading-tag .heading-char{\nfont-size:25px;\n}\n.av-special-heading.av-yj086m-847c6f7f60b1569d2320483a0828057f .special-heading-inner-border{\nborder-color:#136399;\n}\n.av-special-heading.av-yj086m-847c6f7f60b1569d2320483a0828057f .av-subheading{\nfont-size:19px;\ncolor:#136399;\n}\n<\/style>\n<div  class='av-special-heading av-yj086m-847c6f7f60b1569d2320483a0828057f av-special-heading-h2 custom-color-heading blockquote modern-quote  avia-builder-el-3  el_before_av_three_fifth  avia-builder-el-first '><div class='av_custom_color av-subheading av-subheading_above'><p>Presse-Echo<\/p>\n<\/div><h2 class='av-special-heading-tag '  itemprop=\"headline\"  >Smart City Conference 2023 in AW Architektur <span class='special_amp'>&amp;<\/span> Wohnen<\/h2><div class=\"special-heading-border\"><div class=\"special-heading-inner-border\"><\/div><\/div><\/div>\n<div  class='flex_column av-w2650e-294bb8f818f79c1c253657a5b00f1e9f av_three_fifth  avia-builder-el-4  el_after_av_heading  el_before_av_two_fifth  first flex_column_div  '     ><section  class='av_textblock_section av-v9hosu-7ae46d90eb66c308f025f9f55ab12cfb '   itemscope=\"itemscope\" itemtype=\"https:\/\/schema.org\/CreativeWork\" ><div class='avia_textblock'  itemprop=\"text\" ><p>Ein positives Echo findet die Smart City Conference 2023 in der Publikumspresse: Das Magazin AW Architektur &amp; Wohnen berichtet in der aktuellen Ausgabe 1\/24, die am 5. Januar 2024 erscheint, \u00fcber die erfolgreiche Veranstaltung, die am 2. und 3. November 2023 in Frankfurt stattgefunden hat.<\/p>\n<p>Namhafte Referenten, u.a. von DACHSER, Google und Lufthansa und aus Kommunen des Rhein-Main-Gebiets, sprachen und diskutierten \u00fcber die Entwicklung zukunftsf\u00e4higer St\u00e4dte. Ein besonders positives Echo bei den rund 100 Teilnehmern aus dem In- und Ausland fanden Best-Practice-Beispiele, etwa aus der Hansestadt Bremen, sowie der offene und konstruktive Dialog mit Vertreter:innen der Kommunal- und Landespolitik.<\/p>\n<p>Das Magazin AW Architektur &amp; Wohnen war 2023 zum zweiten Mal Kooperationspartner der Smart City Conference, die die dfv Conference Group ins Leben gerufen hat und organisiert: \u201eDurch dieVorstellung von interessanten Projekten, das Erkl\u00e4ren von Einzelbausteinen und ihrer Bedeutung f\u00fcr das Thema Smart City unterst\u00fctzen wir beim Abbau von Vorbehalten und sorgen f\u00fcr ein besseres Verst\u00e4ndnis und eine positive Grundstimmung, die ein positives Klima f\u00fcr B\u00fcrgermeister, Projektentwickler, Architekten und Investoren schafft\u201c, erkl\u00e4rt AW-Chefredakteurin Karen Hartwig.<\/p>\n<\/div><\/section><\/div><div  class='flex_column av-2y4dem-275c0bd99693df2d45a00910f69ffe3e av_two_fifth  avia-builder-el-6  el_after_av_three_fifth  avia-builder-el-last  flex_column_div  '     ><style type=\"text\/css\" data-created_by=\"avia_inline_auto\" id=\"style-css-av-lo7600id-875a993f208d5585a7eae963dad8a063\">\n.avia-image-container.av-lo7600id-875a993f208d5585a7eae963dad8a063 img.avia_image{\nbox-shadow:none;\n}\n.avia-image-container.av-lo7600id-875a993f208d5585a7eae963dad8a063 .av-image-caption-overlay-center{\ncolor:#ffffff;\n}\n<\/style>\n<div  class='avia-image-container av-lo7600id-875a993f208d5585a7eae963dad8a063 av-styling- avia-align-center  avia-builder-el-7  avia-builder-el-no-sibling '   itemprop=\"image\" itemscope=\"itemscope\" itemtype=\"https:\/\/schema.org\/ImageObject\" ><div class=\"avia-image-container-inner\"><div class=\"avia-image-overlay-wrap\"><img decoding=\"async\" fetchpriority=\"high\" class='wp-image-4070 avia-img-lazy-loading-not-4070 avia_image ' src=\"https:\/\/dfvcg-events.de\/smart-city\/wp-content\/uploads\/sites\/25\/2024\/01\/Smart-City-Conference23.png\" alt='' title='Smart City Conference23'  height=\"1214\" width=\"913\"  itemprop=\"thumbnailUrl\"  \/><\/div><\/div><\/div><\/div>\n\n<\/div><\/div><\/div><!-- close content main div --><\/div><\/div><div id='dachser'  class='avia-section av-dvr40e-771180e871402b5e02859d7b5ecca590 main_color avia-section-default avia-no-shadow  avia-builder-el-8  el_after_av_section  el_before_av_section  dachser avia-bg-style-scroll container_wrap fullsize'  ><div class='container av-section-cont-open' ><div class='template-page content  av-content-full alpha units'><div class='post-entry post-entry-type-page post-entry-3294'><div class='entry-content-wrapper clearfix'>\n\n<style type=\"text\/css\" data-created_by=\"avia_inline_auto\" id=\"style-css-av-c9s4u6-8ef70ffe1d51f09bc32479a7256b8d27\">\n#top .av-special-heading.av-c9s4u6-8ef70ffe1d51f09bc32479a7256b8d27{\npadding-bottom:35px;\ncolor:#136399;\n}\nbody .av-special-heading.av-c9s4u6-8ef70ffe1d51f09bc32479a7256b8d27 .av-special-heading-tag .heading-char{\nfont-size:25px;\n}\n.av-special-heading.av-c9s4u6-8ef70ffe1d51f09bc32479a7256b8d27 .special-heading-inner-border{\nborder-color:#136399;\n}\n.av-special-heading.av-c9s4u6-8ef70ffe1d51f09bc32479a7256b8d27 .av-subheading{\nfont-size:19px;\ncolor:#136399;\n}\n<\/style>\n<div  class='av-special-heading av-c9s4u6-8ef70ffe1d51f09bc32479a7256b8d27 av-special-heading-h2 custom-color-heading blockquote modern-quote  avia-builder-el-9  el_before_av_three_fourth  avia-builder-el-first '><div class='av_custom_color av-subheading av-subheading_above'><p>Interview<\/p>\n<\/div><h2 class='av-special-heading-tag '  itemprop=\"headline\"  >City-Logistik braucht eine ganzheitliche Herangehensweise<\/h2><div class=\"special-heading-border\"><div class=\"special-heading-inner-border\"><\/div><\/div><\/div>\n<div  class='flex_column av-b0cby6-7329aa5a6e734db3be51b257204885e5 av_three_fourth  avia-builder-el-10  el_after_av_heading  el_before_av_one_fourth  first flex_column_div  '     ><section  class='av_textblock_section av-8mtewe-6d4a8c7f8d04ba91517a590a08803b5e '   itemscope=\"itemscope\" itemtype=\"https:\/\/schema.org\/CreativeWork\" ><div class='avia_textblock'  itemprop=\"text\" ><h2>Steigende Anspr\u00fcche der Kunden in punkto Schnelligkeit, knapper Verkehrsraum und kleine Entladezonen in den St\u00e4dten, h\u00f6here Auflagen hinsichtlich Umweltschutz und Nachhaltigkeit: Die Herausforderungen f\u00fcr die City-Logistik werden immer gr\u00f6\u00dfer. Was sind die L\u00f6sungen? Dar\u00fcber haben wir mit den Logistik-Experten Dr. Hella Abidi und Uwe Riechel, beide DACHSER, gesprochen.<\/h2>\n<p><strong>Frau Dr. Abidi, Herr Riechel: Wie stellt sich die Situation in den St\u00e4dten aus Ihrer Sicht dar?<\/strong><\/p>\n<p><strong>Dr. Hella Abidi: <\/strong>Verstopfte Innenst\u00e4dte und schwierige Entladesituationen sind allt\u00e4gliche Probleme. Logistik-Unternehmen stehen in direktem Wettbewerb um begrenzten Verkehrsraum mit anderen Verkehrsteilnehmern. Dies f\u00fchrt zu l\u00e4ngeren Lieferzeiten, h\u00f6heren Kosten und einer ineffizienten Nutzung der Ressourcen.<\/p>\n<p><strong>Was tun Sie, um diesen Herausforderungen zu begegnen?<\/strong><\/p>\n<p><strong>Dr. Hella Abidi:<\/strong> Wir setzen verst\u00e4rkt auf innovative L\u00f6sungen. Dazu geh\u00f6rt beispielsweise die Nutzung von umweltfreundlichen Lieferfahrzeugen. In vielen St\u00e4dten gibt es auch Initiativen zur Schaffung von Lieferzonen und Mikro-Depots, um das Entladen und die Verteilung der G\u00fcter in den Innenst\u00e4dten zu optimieren.<\/p>\n<p><strong>Welche Rolle spielt die Digitalisierung dabei?<\/strong><\/p>\n<p><strong>Dr. Hella Abidi: <\/strong>Sie spielt ebenfalls eine entscheidende Rolle, da sie Echtzeit-Verkehrsdaten und Routenoptimierungs-Tools bietet, um Lieferungen effektiver zu gestalten. Trotz dieser Bem\u00fchungen bleibt die innerst\u00e4dtische Logistik eine komplexe Herausforderung, die weiterhin innovative Ans\u00e4tze erfordert, um die Bed\u00fcrfnisse der Kunden zu erf\u00fcllen und gleichzeitig die Belastung der Verkehrsinfrastruktur zu minimieren.<\/p>\n<p><strong>Auch Nachhaltigkeit wird immer wichtiger. Wie kann die City-Logistik m\u00f6glichst umweltfreundlich und in Einklang mit anderen Nutzern und den Kunden gestaltet werden?<\/strong><\/p>\n<p><strong>Dr. Hella Abidi: <\/strong>Die Gestaltung der Innenstadt-Logistik in einem umweltfreundlichen und kundenorientierten Ansatz erfordert eine Kombination von Strategien und Ma\u00dfnahmen. Einige Schl\u00fcsselans\u00e4tze k\u00f6nnen dabei helfen. Dazu geh\u00f6ren beispielsweise elektrifizierte Lieferfahrzeuge, die Konsolidierung von Lieferungen, Lieferfenster- und Sto\u00dfzeiten-Management, die Schaffung von Mikro-Depots und Lieferzonen, die F\u00f6rderung von Lastenr\u00e4dern und Mikromobilit\u00e4t sowie der Einsatz von Technologien wie GPS, Echtzeit-Verkehrsdaten und Routen-Optimierungs-Tools, nicht zu vergessen die Kooperation mit st\u00e4dtischen Beh\u00f6rden.<\/p>\n<p>Die Innenstadt-Logistik umweltfreundlich und kundenorientiert zu gestalten, erfordert eine ganzheitliche Herangehensweise und die Bereitschaft zur Zusammenarbeit mit allen Stakeholdern, einschlie\u00dflich st\u00e4dtischer Beh\u00f6rden, Einzelh\u00e4ndlern und Anwohnern. Nur durch solche kooperativen Bem\u00fchungen k\u00f6nnen Logistik-Unternehmen die Erwartungen ihrer Kunden erf\u00fcllen und gleichzeitig die Lebensqualit\u00e4t in den St\u00e4dten verbessern<\/p>\n<p><strong>Haben sich die Erwartungen Ihrer Kunden in den vergangenen Jahren ge\u00e4ndert?<\/strong><\/p>\n<p><strong>Uwe Riechel: <\/strong>Insbesondere aus Sicht unserer Fashion- und Retail-Kunden sind die Herausforderungen deutlich gr\u00f6\u00dfer geworden, verschiedenen Anforderungen und Vorgaben aus Politik, Infrastruktur und gesellschaftlicher Akzeptanz gerecht zu werden. Die Logistik steht stets zwischen den Beteiligten und muss vern\u00fcnftige L\u00f6sungen und praktikable Umsetzungen \u2013 kosteneffizient \u2013 bereitstellen.<\/p>\n<p><strong>Welche L\u00f6sungen bietet DACHSER vor dem Hintergrund dieser Entwicklung?<\/strong><\/p>\n<p><strong>Uwe Riechel: <\/strong>Gerade die Bekleidungsbranche und insbesondere die Marken des gehobenen bis Luxus-Segments haben den Anspruch, dass ihre Ware in einem perfekten Zustand und vielfach auch h\u00e4ngend den POS in den Shopping-Meilen erreicht. Dabei ist der \u201ePerfect Moment\u201c das Ma\u00df allen Handelns, d.h. Mode ist ein hoch emotionales Produkt und funktioniert nur, wenn Kunden im richtigen Moment mit den stylishen Produkten zusammentreffen.<\/p>\n<p>Darauf richtet DACHSER Fashion Logistics seine Services aus. Der Rollcontainer \u201eRoll &amp; GOH\u201c ist dazu die L\u00f6sung, um knitterfrei und perfekt h\u00e4ngende Bekleidung, ggf. auch kombiniert mit Kartonware und\/oder Kosmetikartikeln, \u00fcber unser europ\u00e4isches St\u00fcckgut-Netzwerk an den POS zu liefern, und das meist auch schon am n\u00e4chsten Tag.<\/p>\n<p>H\u00e4ngeversand f\u00fcr sich gesehen ist bereits eine nachhaltige Lieferform, denn man spart aufw\u00e4ndiges Ein- und Auspacken sowie eine Menge Einweg-Verpackungsmaterial. Mit unseren Anstrengungen im Bereich der City Logistik und dem Projekt \u201eDACHSER Emission-Free Delivery\u201c, der emissionsfreien Zustellung in bestimmten Innenstadtbereichen in derzeit 13 europ\u00e4ischen Metropolen, tragen wir den Nachhaltigkeitsanspr\u00fcchen der Modebranche Rechnung.<\/p>\n<p><strong>Was m\u00fcssten die St\u00e4dte tun, um ein besseres Miteinander der Verkehrsnutzer zu erreichen?<\/strong><\/p>\n<p><strong>Dr. Hella Abidi: <\/strong>Es gibt einige Ma\u00dfnahmen, die St\u00e4dte in Erw\u00e4gung ziehen sollten. Das beginnt bei der Ausweisung spezieller Bereiche f\u00fcr die Be- und Entladung bzw. Mikro-Depots. Zudem k\u00f6nnen sie Anreize und Infrastruktur f\u00fcr elektrische Lieferfahrzeuge schaffen sowie den Einsatz von Lastenr\u00e4dern, Elektrofahrr\u00e4dern und anderen nachhaltigen Verkehrsmitteln f\u00fcr die innerst\u00e4dtische Logistik f\u00f6rdern, zum Beispiel in Pilot-Projekten. Bei alldem ist die Zusammenarbeit mit Logistik-Dienstleistern gefragt, um gemeinsame L\u00f6sungen zu entwickeln.<\/p>\n<p>Dar\u00fcber hinaus kann die Stadtverwaltung Informationen und Schulungen f\u00fcr Logistik-Unternehmen, Lieferfahrer und B\u00fcrger bereitstellen, um das Bewusstsein f\u00fcr die Bedeutung eines besseren Miteinanders im Verkehr zu sch\u00e4rfen. St\u00e4dte sollten eine ganzheitliche und nachhaltige Strategie entwickeln, um die Herausforderungen der City-Logistik erfolgreich anzugehen und gleichzeitig die Lebensqualit\u00e4t und die Umweltauswirkungen zu verbessern.<\/p>\n<p><strong>Wie sieht die Zukunft der City-Logistik aus?<\/strong><\/p>\n<p><strong>Dr. Hella Abidi:<\/strong> Die Zukunft der City-Logistik wird von einer Kombination aus Technologie, Kooperation, Nachhaltigkeit und Innovation gepr\u00e4gt sein. Vision\u00e4re Ans\u00e4tze werden dazu beitragen, die Herausforderungen in den Innenst\u00e4dten zu bew\u00e4ltigen, die Umweltauswirkungen zu minimieren und gleichzeitig die Bed\u00fcrfnisse der Kunden zu erf\u00fcllen.<\/p>\n<p>Elektrifizierte Fahrzeuge, einschlie\u00dflich Lieferwagen und autonome Fahrzeuge, werden dabei eine wichtige Rolle spielen. Der Einsatz von zum Teil auch autonomen Verkehrstr\u00e4gern f\u00fcr die Zustellung von Waren in Wohngebieten und Innenst\u00e4dten wird sich ebenso weiterentwickeln, gleiches gilt f\u00fcr Plattformen, auf denen Privatpersonen als Lieferdienste agieren k\u00f6nnen.<\/p>\n<p>Dar\u00fcber hinaus werden Fortschritte in der k\u00fcnstlichen Intelligenz und im Internet der Dinge dazu beitragen, die Logistik-Prozesse zu optimieren, Routen zu planen und Verkehrsstaus zu vermeiden. Unternehmen k\u00f6nnten zudem vermehrt kooperative Logistik-Systeme einf\u00fchren, bei denen Lieferdienste und Einzelh\u00e4ndler ihre Ressourcen teilen, um die Effizienz zu steigern.<\/p>\n<p>Schlie\u00dflich k\u00f6nnten St\u00e4dte restriktive Umweltzonen und Verkehrsbeschr\u00e4nkungen einf\u00fchren, um emissionsfreie Fahrzeuge zu f\u00f6rdern und den Verkehr zu reduzieren. Unternehmen werden verst\u00e4rkt auf nachhaltige Praktiken und umweltfreundliche Lieferketten setzen, um den steigenden Anforderungen an Umweltschutz und Nachhaltigkeit gerecht zu werden.<\/p>\n<p><strong>DACHSER ist Partner der diesj\u00e4hrigen Smart City Conference der dfv Conference Group. Was sind Ihre Erwartungen an die Veranstaltung und Ihre Ziele? Und was ist Ihre Botschaft?<\/strong><\/p>\n<p><strong>Dr. Hella Abidi: <\/strong>Wir erhoffen uns weitere Impulse aus der Politik, den Kommunen und der H\u00e4ndlergemeinschaft auch f\u00fcr unsere Forschungs- und Entwicklungsarbeit mitnehmen zu k\u00f6nnen, aber ebenfalls auf unsere Aktivit\u00e4ten und L\u00f6sungen bei DACHSER aufmerksam zu machen.<\/p>\n<p><strong>Uwe Riechel:<\/strong> Uns bei DACHSER ist es wichtig, nicht nur \u00fcber Nachhaltigkeit zu sprechen, sondern tats\u00e4chlich \u00fcberzeugende Projekte und Konzepte in die Umsetzung zu bringen, auch wenn man daf\u00fcr zun\u00e4chst in Vorleistung gehen muss.<\/p>\n<\/div><\/section><\/div><div  class='flex_column av-6v7oce-f49d0184f6c3bebcad7c6796d51e68b9 av_one_fourth  avia-builder-el-12  el_after_av_three_fourth  avia-builder-el-last  flex_column_div  '     ><p>\n<style type=\"text\/css\" data-created_by=\"avia_inline_auto\" id=\"style-css-av-5a0zou-8a2317d843be577bbb71e2b76263b217\">\n.avia-image-container.av-5a0zou-8a2317d843be577bbb71e2b76263b217 img.avia_image{\nbox-shadow:none;\n}\n.avia-image-container.av-5a0zou-8a2317d843be577bbb71e2b76263b217 .av-image-caption-overlay-center{\ncolor:#ffffff;\n}\n<\/style>\n<div  class='avia-image-container av-5a0zou-8a2317d843be577bbb71e2b76263b217 av-styling- avia-align-center  avia-builder-el-13  el_before_av_image  avia-builder-el-first '   itemprop=\"image\" itemscope=\"itemscope\" itemtype=\"https:\/\/schema.org\/ImageObject\" ><div class=\"avia-image-container-inner\"><div class=\"avia-image-overlay-wrap\"><img decoding=\"async\" fetchpriority=\"high\" class='wp-image-3698 avia-img-lazy-loading-not-3698 avia_image ' src=\"https:\/\/dfvcg-events.de\/smart-city\/wp-content\/uploads\/sites\/25\/2023\/09\/Abidi-Dr-Hella-DACHSER.jpg\" alt='Abidi-Dr Hella-DACHSER' title='Abidi-Dr Hella-DACHSER'  height=\"800\" width=\"600\"  itemprop=\"thumbnailUrl\"  \/><\/div><\/div><\/div><br \/>\n\n<style type=\"text\/css\" data-created_by=\"avia_inline_auto\" id=\"style-css-av-3o1dda-7bd0d4ac50e792940a236a5dac8494ff\">\n.avia-image-container.av-3o1dda-7bd0d4ac50e792940a236a5dac8494ff img.avia_image{\nbox-shadow:none;\n}\n.avia-image-container.av-3o1dda-7bd0d4ac50e792940a236a5dac8494ff .av-image-caption-overlay-center{\ncolor:#ffffff;\n}\n<\/style>\n<div  class='avia-image-container av-3o1dda-7bd0d4ac50e792940a236a5dac8494ff av-styling- avia-align-center  avia-builder-el-14  el_after_av_image  el_before_av_textblock '   itemprop=\"image\" itemscope=\"itemscope\" itemtype=\"https:\/\/schema.org\/ImageObject\" ><div class=\"avia-image-container-inner\"><div class=\"avia-image-overlay-wrap\"><img decoding=\"async\" fetchpriority=\"high\" class='wp-image-3655 avia-img-lazy-loading-not-3655 avia_image ' src=\"https:\/\/dfvcg-events.de\/smart-city\/wp-content\/uploads\/sites\/25\/2023\/08\/Riechel-Uwe-Dachser-web.jpg\" alt='Uwe Riechel, Dachser' title='Riechel-Uwe-Dachser-web'  height=\"800\" width=\"600\"  itemprop=\"thumbnailUrl\"  \/><\/div><\/div><\/div><br \/>\n<section  class='av_textblock_section av-2xw872-97d92b53137c94ff296581f2df5bee7a '   itemscope=\"itemscope\" itemtype=\"https:\/\/schema.org\/CreativeWork\" ><div class='avia_textblock'  itemprop=\"text\" ><p><strong>Dr. Hella Abidi, Corporate Business Development Manager Solutions, und Uwe Riechel, Department Head Fashion Logistics, beide DACHSER:<\/strong><\/p>\n<p>\u201eUns bei DACHSER ist es wichtig, nicht nur \u00fcber Nachhaltigkeit sprechen, sondern tats\u00e4chlich \u00fcberzeugende Projekte und Konzepte in die Umsetzung zu bringen, auch wenn man daf\u00fcr zun\u00e4chst in Vorleistung gehen muss.\u201c<\/p>\n<\/div><\/section><\/p><\/div><\/div><\/div><\/div><!-- close content main div --><\/div><\/div><div id='aw'  class='avia-section av-hs5zbi-89323f7606da6a21fb656c22c7e1c627 main_color avia-section-default avia-no-shadow  avia-builder-el-16  el_after_av_section  el_before_av_section  aw avia-bg-style-scroll container_wrap fullsize'  ><div class='container av-section-cont-open' ><div class='template-page content  av-content-full alpha units'><div class='post-entry post-entry-type-page post-entry-3294'><div class='entry-content-wrapper clearfix'>\n\n<style type=\"text\/css\" data-created_by=\"avia_inline_auto\" id=\"style-css-av-fvb77i-c2a455cc6b5b7f4a7ec06929ee0a6f05\">\n#top .av-special-heading.av-fvb77i-c2a455cc6b5b7f4a7ec06929ee0a6f05{\npadding-bottom:35px;\ncolor:#136399;\n}\nbody .av-special-heading.av-fvb77i-c2a455cc6b5b7f4a7ec06929ee0a6f05 .av-special-heading-tag .heading-char{\nfont-size:25px;\n}\n.av-special-heading.av-fvb77i-c2a455cc6b5b7f4a7ec06929ee0a6f05 .special-heading-inner-border{\nborder-color:#136399;\n}\n.av-special-heading.av-fvb77i-c2a455cc6b5b7f4a7ec06929ee0a6f05 .av-subheading{\nfont-size:19px;\ncolor:#136399;\n}\n<\/style>\n<div  class='av-special-heading av-fvb77i-c2a455cc6b5b7f4a7ec06929ee0a6f05 av-special-heading-h2 custom-color-heading blockquote modern-quote  avia-builder-el-17  el_before_av_three_fourth  avia-builder-el-first '><div class='av_custom_color av-subheading av-subheading_above'><p>Interview<\/p>\n<\/div><h2 class='av-special-heading-tag '  itemprop=\"headline\"  >Smart City erfordert Courage<\/h2><div class=\"special-heading-border\"><div class=\"special-heading-inner-border\"><\/div><\/div><\/div>\n<div  class='flex_column av-1cgjgu-e3109ad0adb9ba3d7e7bbf32e885e8fc av_three_fourth  avia-builder-el-18  el_after_av_heading  el_before_av_one_fourth  first flex_column_div  '     ><section  class='av_textblock_section av-bvq38u-75aebe8a10f5b15f1767489576a8dc7a '   itemscope=\"itemscope\" itemtype=\"https:\/\/schema.org\/CreativeWork\" ><div class='avia_textblock'  itemprop=\"text\" ><p><strong>Das renommierte Magazin AW Architektur &amp; Wohnen ist in diesem Jahr erneut Partner der Smart City Conference. Welches sind die spannendsten Smart Cities, wie werden sich die St\u00e4dte in den n\u00e4chsten Jahren unter dem Einfluss der Jugend ver\u00e4ndern und warum wird das Konzept Smart City in Zukunft noch wichtiger? Dar\u00fcber sprechen wir mit AW-Chefredakteurin Karin Hartwig.<\/strong><\/p>\n<p><strong>Frau Hartwig, welche Bedeutung hat das Thema Smart City f\u00fcr AW Architektur &amp; Wohnen?<\/strong><\/p>\n<p><strong>Karen Hartwig:<\/strong> Als vision\u00e4rer Impulsgeber und als Inspirationsgeber liefert die Marke AW Architektur &amp; Wohnen regelm\u00e4\u00dfig kuratierte Einblicke in das Neueste aus Architektur, Interior, Design und Garten. Sie besch\u00e4ftigt sich nicht nur mit den sch\u00f6nen Dingen des Lebens rund ums Wohnen, sondern zus\u00e4tzlich mit Megatrends und greift die relevanten Fragen auf, die unser zuk\u00fcnftiges Zusammenleben ber\u00fchren. Mit innovativen und l\u00f6sungsorientierten Ans\u00e4tzen f\u00fcr das Leben und Wohnen von heute sowie in Zukunft richten wir uns sowohl an Consumer als auch Professionals.<\/p>\n<p>Die Themen Stadtplanung, nachhaltiges Bauen, Mobilit\u00e4t und Infrastruktur sind laut einer Marktforschungs-Studie im Jahr 2022 als Top-Themen in unserer Zielgruppe best\u00e4tigt worden.<\/p>\n<p><strong>Was sind aus Ihrer Sicht wichtige und richtungsweisende Smart-City-Projekte in Europa und weltweit?<\/strong><\/p>\n<p><strong>\u00a0<\/strong><strong>Hartwig: <\/strong>Das sind aus unserer Sicht: Kopenhagen\/Nordhaven und Wien, insbesondere die Projekte bzw. Smart-Elemente unter dem Dach einer Rahmenstrategie, die auch kommuniziert wird, au\u00dferdem Barcelona.<\/p>\n<p><strong>Welche konkreten Entwicklungen erwarten Sie, was Smart-City-Projekte betrifft?<\/strong><\/p>\n<p><strong>Hartwig:<\/strong> Das Umdenken, Hinterfragen und vernetztere Denken der jungen Generation wird das Thema Smart City st\u00e4rker vorantreiben als bisher und den Abbau b\u00fcrokratischer H\u00fcrden einfordern, um auch in Deutschland dem Beispiel internationaler Projekte folgen zu k\u00f6nnen. Couragierte Oberb\u00fcrgermeister:innen bzw. B\u00fcrgermeister:innen in Deutschland werden ihre Smart-City-Projekte vorantreiben und Vorbilder schaffen.<\/p>\n<p><strong>Was ist Ihre Motivation, sich bei der Smart City Conference in diesem Jahr erneut zu engagieren?<\/strong><\/p>\n<p><strong>Hartwig:<\/strong> Wir glauben, dass wir unseren Teil dazu beitragen k\u00f6nnen, die Impulse rund um das Thema Smart City einer interessierten Zielgruppe zu kommunizieren und damit den Diskurs mitzugestalten.<\/p>\n<p><strong>Welche Vorteile ergeben sich daraus f\u00fcr Ihre Leser:innen sowie f\u00fcr die Teilnehmer:innen der Smart<\/strong> <strong>City Conference?<\/strong><\/p>\n<p><strong>Hartwig:<\/strong> Wir \u00fcbersetzen die zum Teil komplexen Inhalte des Themas in eine leichter verst\u00e4ndliche Darstellung, die es den Leser:innen erm\u00f6glicht, sich ein Bild zu machen, die Entwicklungen zu reflektieren und sich aktiv mit einzubringen in die Diskussion in ihrem Umfeld.<\/p>\n<p>Durch die Vorstellung von interessanten Projekten, das Erkl\u00e4ren von Einzelbausteinen und ihrer Bedeutung f\u00fcr das Thema Smart City unterst\u00fctzen wir beim Abbau von Vorbehalten und sorgen f\u00fcr ein besseres Verst\u00e4ndnis und eine positive Grundstimmung, die ein positives Klima f\u00fcr B\u00fcrgermeister, Projektentwickler, Architekten und Investoren schafft.<\/p>\n<p><strong>Plant AW Architektur &amp; Wohnen in den kommenden Monaten Ver\u00f6ffentlichungen \u00fcber Smart-City-Projekte und -Themen?<\/strong><\/p>\n<p><strong>Hartwig:<\/strong> Ja, diese werden im Hinblick auf die Inhalte der Smart-City-Konferenz digital gestaltet und auf unserer Website in der Rubrik \u201eFuture Briefings\u201c ver\u00f6ffentlicht.<\/p>\n<\/div><\/section><\/div><div  class='flex_column av-af40im-6d5b0a43a7e8aeb9856214f16e4f6cc7 av_one_fourth  avia-builder-el-20  el_after_av_three_fourth  el_before_av_textblock  flex_column_div  '     ><p>\n<style type=\"text\/css\" data-created_by=\"avia_inline_auto\" id=\"style-css-av-wn1xa-47c3aed5621ace272150dd0cbf5686e0\">\n.avia-image-container.av-wn1xa-47c3aed5621ace272150dd0cbf5686e0 img.avia_image{\nbox-shadow:none;\n}\n.avia-image-container.av-wn1xa-47c3aed5621ace272150dd0cbf5686e0 .av-image-caption-overlay-center{\ncolor:#ffffff;\n}\n<\/style>\n<div  class='avia-image-container av-wn1xa-47c3aed5621ace272150dd0cbf5686e0 av-styling- avia-align-center  avia-builder-el-21  el_before_av_textblock  avia-builder-el-first '   itemprop=\"image\" itemscope=\"itemscope\" itemtype=\"https:\/\/schema.org\/ImageObject\" ><div class=\"avia-image-container-inner\"><div class=\"avia-image-overlay-wrap\"><img decoding=\"async\" fetchpriority=\"high\" class='wp-image-3762 avia-img-lazy-loading-not-3762 avia_image ' src=\"https:\/\/dfvcg-events.de\/smart-city\/wp-content\/uploads\/sites\/25\/2023\/10\/Karen-Hartwig.jpg\" alt='Karen-Hartwig' title='Karen-Hartwig'  height=\"800\" width=\"600\"  itemprop=\"thumbnailUrl\"  \/><\/div><\/div><\/div><br \/>\n<section  class='av_textblock_section av-tali6-2de551b21dd41e3aad92c7e19439e7d5 '   itemscope=\"itemscope\" itemtype=\"https:\/\/schema.org\/CreativeWork\" ><div class='avia_textblock'  itemprop=\"text\" ><p>AW-Chefredakteurin Karin Hartwig: \u201eDas Umdenken, Hinterfragen und vernetztere Denken der jungen Generation wird das Thema Smart City st\u00e4rker vorantreiben als bisher.\u201c<\/p>\n<\/div><\/section><\/p><\/div><section  class='av_textblock_section av-5xxz26-0a4e225a46f2aee16f328632742df089 '   itemscope=\"itemscope\" itemtype=\"https:\/\/schema.org\/CreativeWork\" ><div class='avia_textblock'  itemprop=\"text\" ><div  class='hr av-4xdyim-b47f857fbfcc4a97645bae4780c2b2d8 hr-full  avia-builder-el-24  el_before_av_hr  avia-builder-el-first  hr-no-shadow'><span class='hr-inner '><span class=\"hr-inner-style\"><\/span><\/span><\/div>\n<p><strong>AW Architektur &amp; Wohnen<\/strong> steht seit mehr als sechs Jahrzehnten f\u00fcr eine exklusive Themenmischung aus Design und Wohnkultur, Architektur und Baukunst, Gartengestaltung und Reisen. In lebendigen Portr\u00e4ts und Reportagen wird tief hinter die Fassaden geblickt, werden Trends aufgesp\u00fcrt und ungew\u00f6hnliche, zukunftsweisende Projekte vorgestellt.<\/p>\n<p>Als eines der Leitmedien der Design- und Architekturbranche ist AW Architektur &amp; Wohnen mit seinen akzentuierten Inhalten ein starker Impulsgeber \u2013 mittels neu gedachter Themen, innovativer Designans\u00e4tze und Diskursen zu gesellschaftsrelevanten Themen, die im neuen AW-Dossier aufgegriffen werden.<\/p>\n<div  class='hr av-2zptb2-fd89291f6c9cc96f161243ddfd3bd025 hr-full  avia-builder-el-25  el_after_av_hr  avia-builder-el-last  hr-no-shadow'><span class='hr-inner '><span class=\"hr-inner-style\"><\/span><\/span><\/div>\n<\/div><\/section>\n<\/p>\n<\/div><\/div><\/div><!-- close content main div --><\/div><\/div><div id='av_section_5'  class='avia-section av-k7z9vjbr-e109a09eeedc21b133dd5098cff0c1c3 main_color avia-section-default avia-no-shadow  avia-builder-el-26  el_after_av_section  avia-builder-el-last  av-desktop-hide av-medium-hide av-small-hide av-mini-hide avia-bg-style-scroll container_wrap fullsize'  ><div class='container av-section-cont-open' ><div class='template-page content  av-content-full alpha units'><div class='post-entry post-entry-type-page post-entry-3294'><div class='entry-content-wrapper clearfix'>\n<div  class='flex_column av-c4lnvi-95ac570798d148e2b52d31f46ff1e995 av_one_half  avia-builder-el-27  el_before_av_one_half  avia-builder-el-first  first flex_column_div  '     ><p>\n<style type=\"text\/css\" data-created_by=\"avia_inline_auto\" id=\"style-css-av-1nbze-012739d695741c7d93b768f1f7b271ef\">\n#top .av-special-heading.av-1nbze-012739d695741c7d93b768f1f7b271ef{\npadding-bottom:35px;\ncolor:#136399;\n}\nbody .av-special-heading.av-1nbze-012739d695741c7d93b768f1f7b271ef .av-special-heading-tag .heading-char{\nfont-size:25px;\n}\n.av-special-heading.av-1nbze-012739d695741c7d93b768f1f7b271ef .special-heading-inner-border{\nborder-color:#136399;\n}\n.av-special-heading.av-1nbze-012739d695741c7d93b768f1f7b271ef .av-subheading{\nfont-size:19px;\n}\n<\/style>\n<div  class='av-special-heading av-1nbze-012739d695741c7d93b768f1f7b271ef av-special-heading-h2 custom-color-heading blockquote modern-quote  avia-builder-el-28  el_before_av_textblock  avia-builder-el-first '><h2 class='av-special-heading-tag '  itemprop=\"headline\"  >Headline<\/h2><div class=\"special-heading-border\"><div class=\"special-heading-inner-border\"><\/div><\/div><\/div><br \/>\n<section  class='av_textblock_section av-297t66-69836287081218d8e8ba77ccfeee3792 '   itemscope=\"itemscope\" itemtype=\"https:\/\/schema.org\/CreativeWork\" ><div class='avia_textblock'  itemprop=\"text\" ><p><strong>Teasertext<\/strong><br class=\"avia-permanent-lb\" \/>Lorem ipsum dolor sit amet, consetetur sadipscing elitr, sed diam nonumy eirmod tempor invidunt ut labore et dolore magna aliquyam erat, sed diam voluptua. At vero eos et accusam et justo duo dolores et ea rebum. Stet clita kasd gubergren, no sea takimata sanctus est Lorem ipsum dolor sit amet. Lorem ipsum dolor sit amet, consetetur sadipscing elitr, sed diam nonumy eirmod tempor invidunt ut labore et dolore magna aliquyam erat, sed diam voluptua. At vero eos et accusam et justo duo dolores et ea rebum. Stet clita kasd gubergren, no sea takimata sanctus est Lorem ipsum dolor sit amet.<\/p>\n<\/div><\/section><br \/>\n<div  class='togglecontainer av-8qz0pa-cc1acdbcc34714d7f4b2c0737a1cb0a6  avia-builder-el-30  el_after_av_textblock  avia-builder-el-last  toggle_close_all' >\n<section class='av_toggle_section av-7fyuhq-da398562b46dd7ff735c295900f24aed'  itemscope=\"itemscope\" itemtype=\"https:\/\/schema.org\/CreativeWork\" ><div role=\"tablist\" class=\"single_toggle\" data-tags=\"{Alle} \"  ><p id='toggle-toggle-id-1' data-fake-id='#toggle-id-1' class='toggler  av-title-above '  itemprop=\"headline\"  role='tab' tabindex='0' aria-controls='toggle-id-1' data-slide-speed=\"200\" data-title=\"weiter\" data-title-open=\"\" data-aria_collapsed=\"Click to expand: weiter\" data-aria_expanded=\"Click to collapse: weiter\">weiter<span class=\"toggle_icon\"><span class=\"vert_icon\"><\/span><span class=\"hor_icon\"><\/span><\/span><\/p><div id='toggle-id-1' aria-labelledby='toggle-toggle-id-1' role='region' class='toggle_wrap  av-title-above'  ><div class='toggle_content invers-color '  itemprop=\"text\" ><p>Lorem ipsum dolor sit amet, consetetur sadipscing elitr, sed diam nonumy eirmod tempor invidunt ut labore et dolore magna aliquyam erat, sed diam voluptua. At vero eos et accusam et justo duo dolores et ea rebum. Stet clita kasd gubergren, no sea takimata sanctus est Lorem ipsum dolor sit amet. Lorem ipsum dolor sit amet, consetetur sadipscing elitr, sed diam nonumy eirmod tempor invidunt ut labore et dolore magna aliquyam erat, sed diam voluptua. At vero eos et accusam et justo duo dolores et ea rebum. Stet clita kasd gubergren, no sea takimata sanctus est Lorem ipsum dolor sit amet. Lorem ipsum dolor sit amet, consetetur sadipscing elitr, sed diam nonumy eirmod tempor invidunt ut labore et dolore magna aliquyam erat, sed diam voluptua. At vero eos et accusam et justo duo dolores et ea rebum. Stet clita kasd gubergren, no sea takimata sanctus est Lorem ipsum dolor sit amet.<\/p>\n<p>Duis autem vel eum iriure dolor in hendrerit in vulputate velit esse molestie consequat, vel illum dolore eu feugiat nulla facilisis at vero eros et accumsan et iusto odio dignissim qui blandit praesent luptatum zzril delenit augue duis dolore te feugait nulla facilisi. Lorem ipsum dolor sit amet, consectetuer adipiscing elit, sed diam nonummy nibh euismod tincidunt ut laoreet dolore magna aliquam erat volutpat.<\/p>\n<p>Ut wisi enim ad minim veniam, quis nostrud exerci tation ullamcorper suscipit lobortis nisl ut aliquip ex ea commodo consequat. Duis autem vel eum iriure dolor in hendrerit in vulputate velit esse molestie consequat, vel illum dolore eu feugiat nulla facilisis at vero eros et accumsan et iusto odio dignissim qui blandit praesent luptatum zzril delenit augue duis dolore te feugait nulla facilisi.<\/p>\n<p>Nam liber tempor cum soluta nobis eleifend option congue nihil imperdiet doming id quod mazim placerat facer possim assum. Lorem ipsum dolor sit amet, consectetuer adipiscing elit, sed diam nonummy nibh euismod tincidunt ut laoreet dolore magna aliquam erat volutpat. Ut wisi enim ad minim veniam, quis nostrud exerci tation ullamcorper suscipit lobortis nisl ut aliquip ex ea commodo consequat.<\/p>\n<p>Duis autem vel eum iriure dolor in hendrerit in vulputate velit esse molestie consequat, vel illum dolore eu feugiat nulla facilisis.<\/p>\n<p>At vero eos et accusam et justo duo dolores et ea rebum. Stet clita kasd gubergren, no sea takimata sanctus est Lorem ipsum dolor sit amet. Lorem ipsum dolor sit amet, consetetur sadipscing elitr, sed diam nonumy eirmod tempor invidunt ut labore et dolore magna aliquyam erat, sed diam voluptua. At vero eos et accusam et justo duo dolores et ea rebum. Stet clita kasd gubergren, no sea takimata sanctus est Lorem ipsum dolor sit amet. Lorem ipsum dolor sit amet, consetetur sadipscing elitr, At accusam aliquyam diam diam dolore dolores duo eirmod eos erat, et nonumy sed tempor et et invidunt justo labore Stet clita ea et gubergren, kasd magna no rebum. sanctus sea sed takimata ut vero voluptua. est Lorem ipsum dolor sit amet. Lorem ipsum dolor sit amet, consetetur<\/p>\n<\/div><\/div><\/div><\/section>\n<\/div><\/p><\/div><div  class='flex_column av-qvse32-e7582bda3108e86d329d95758811b8d1 av_one_half  avia-builder-el-31  el_after_av_one_half  el_before_av_one_fourth  flex_column_div  '     ><p>\n<style type=\"text\/css\" data-created_by=\"avia_inline_auto\" id=\"style-css-av-pvog8u-6799ba9607a7a2ffbab390947d777b26\">\n#top .av-special-heading.av-pvog8u-6799ba9607a7a2ffbab390947d777b26{\npadding-bottom:35px;\ncolor:#136399;\n}\nbody .av-special-heading.av-pvog8u-6799ba9607a7a2ffbab390947d777b26 .av-special-heading-tag .heading-char{\nfont-size:25px;\n}\n.av-special-heading.av-pvog8u-6799ba9607a7a2ffbab390947d777b26 .special-heading-inner-border{\nborder-color:#136399;\n}\n.av-special-heading.av-pvog8u-6799ba9607a7a2ffbab390947d777b26 .av-subheading{\nfont-size:19px;\n}\n<\/style>\n<div  class='av-special-heading av-pvog8u-6799ba9607a7a2ffbab390947d777b26 av-special-heading-h2 custom-color-heading blockquote modern-quote  avia-builder-el-32  el_before_av_textblock  avia-builder-el-first '><h2 class='av-special-heading-tag '  itemprop=\"headline\"  >Headline<\/h2><div class=\"special-heading-border\"><div class=\"special-heading-inner-border\"><\/div><\/div><\/div><br \/>\n<section  class='av_textblock_section av-omvd9a-6d51b26c63384db9ff2528bf8669e8b8 '   itemscope=\"itemscope\" itemtype=\"https:\/\/schema.org\/CreativeWork\" ><div class='avia_textblock'  itemprop=\"text\" ><p><strong>Teasertext<\/strong><br class=\"avia-permanent-lb\" \/>Lorem ipsum dolor sit amet, consetetur sadipscing elitr, sed diam nonumy eirmod tempor invidunt ut labore et dolore magna aliquyam erat, sed diam voluptua. At vero eos et accusam et justo duo dolores et ea rebum. Stet clita kasd gubergren, no sea takimata sanctus est Lorem ipsum dolor sit amet. Lorem ipsum dolor sit amet, consetetur sadipscing elitr, sed diam nonumy eirmod tempor invidunt ut labore et dolore magna aliquyam erat, sed diam voluptua. At vero eos et accusam et justo duo dolores et ea rebum. Stet clita kasd gubergren, no sea takimata sanctus est Lorem ipsum dolor sit amet.<\/p>\n<\/div><\/section><br \/>\n<div  class='togglecontainer av-45t5ry-1ad48399f00385744a388703e5acdb57  avia-builder-el-34  el_after_av_textblock  avia-builder-el-last  toggle_close_all' >\n<section class='av_toggle_section av-37ldn2-b74ec1967b49032ef8246d2fb3cd7013'  itemscope=\"itemscope\" itemtype=\"https:\/\/schema.org\/CreativeWork\" ><div role=\"tablist\" class=\"single_toggle\" data-tags=\"{Alle} \"  ><p id='toggle-toggle-id-2' data-fake-id='#toggle-id-2' class='toggler  av-title-above '  itemprop=\"headline\"  role='tab' tabindex='0' aria-controls='toggle-id-2' data-slide-speed=\"200\" data-title=\"weiter\" data-title-open=\"\" data-aria_collapsed=\"Click to expand: weiter\" data-aria_expanded=\"Click to collapse: weiter\">weiter<span class=\"toggle_icon\"><span class=\"vert_icon\"><\/span><span class=\"hor_icon\"><\/span><\/span><\/p><div id='toggle-id-2' aria-labelledby='toggle-toggle-id-2' role='region' class='toggle_wrap  av-title-above'  ><div class='toggle_content invers-color '  itemprop=\"text\" ><p>Lorem ipsum dolor sit amet, consetetur sadipscing elitr, sed diam nonumy eirmod tempor invidunt ut labore et dolore magna aliquyam erat, sed diam voluptua. At vero eos et accusam et justo duo dolores et ea rebum. Stet clita kasd gubergren, no sea takimata sanctus est Lorem ipsum dolor sit amet. Lorem ipsum dolor sit amet, consetetur sadipscing elitr, sed diam nonumy eirmod tempor invidunt ut labore et dolore magna aliquyam erat, sed diam voluptua. At vero eos et accusam et justo duo dolores et ea rebum. Stet clita kasd gubergren, no sea takimata sanctus est Lorem ipsum dolor sit amet. Lorem ipsum dolor sit amet, consetetur sadipscing elitr, sed diam nonumy eirmod tempor invidunt ut labore et dolore magna aliquyam erat, sed diam voluptua. At vero eos et accusam et justo duo dolores et ea rebum. Stet clita kasd gubergren, no sea takimata sanctus est Lorem ipsum dolor sit amet.<\/p>\n<p>Duis autem vel eum iriure dolor in hendrerit in vulputate velit esse molestie consequat, vel illum dolore eu feugiat nulla facilisis at vero eros et accumsan et iusto odio dignissim qui blandit praesent luptatum zzril delenit augue duis dolore te feugait nulla facilisi. Lorem ipsum dolor sit amet, consectetuer adipiscing elit, sed diam nonummy nibh euismod tincidunt ut laoreet dolore magna aliquam erat volutpat.<\/p>\n<p>Ut wisi enim ad minim veniam, quis nostrud exerci tation ullamcorper suscipit lobortis nisl ut aliquip ex ea commodo consequat. Duis autem vel eum iriure dolor in hendrerit in vulputate velit esse molestie consequat, vel illum dolore eu feugiat nulla facilisis at vero eros et accumsan et iusto odio dignissim qui blandit praesent luptatum zzril delenit augue duis dolore te feugait nulla facilisi.<\/p>\n<p>Nam liber tempor cum soluta nobis eleifend option congue nihil imperdiet doming id quod mazim placerat facer possim assum. Lorem ipsum dolor sit amet, consectetuer adipiscing elit, sed diam nonummy nibh euismod tincidunt ut laoreet dolore magna aliquam erat volutpat. Ut wisi enim ad minim veniam, quis nostrud exerci tation ullamcorper suscipit lobortis nisl ut aliquip ex ea commodo consequat.<\/p>\n<p>Duis autem vel eum iriure dolor in hendrerit in vulputate velit esse molestie consequat, vel illum dolore eu feugiat nulla facilisis.<\/p>\n<p>At vero eos et accusam et justo duo dolores et ea rebum. Stet clita kasd gubergren, no sea takimata sanctus est Lorem ipsum dolor sit amet. Lorem ipsum dolor sit amet, consetetur sadipscing elitr, sed diam nonumy eirmod tempor invidunt ut labore et dolore magna aliquyam erat, sed diam voluptua. At vero eos et accusam et justo duo dolores et ea rebum. Stet clita kasd gubergren, no sea takimata sanctus est Lorem ipsum dolor sit amet. Lorem ipsum dolor sit amet, consetetur sadipscing elitr, At accusam aliquyam diam diam dolore dolores duo eirmod eos erat, et nonumy sed tempor et et invidunt justo labore Stet clita ea et gubergren, kasd magna no rebum. sanctus sea sed takimata ut vero voluptua. est Lorem ipsum dolor sit amet. Lorem ipsum dolor sit amet, consetetur<\/p>\n<\/div><\/div><\/div><\/section>\n<\/div><\/p><\/div><div  class='flex_column av-mr9dsu-e3aed67b79d92fb9bb0256852002194a av_one_fourth  avia-builder-el-35  el_after_av_one_half  el_before_av_one_fourth  first flex_column_div  column-top-margin'     ><p>\n<style type=\"text\/css\" data-created_by=\"avia_inline_auto\" id=\"style-css-av-lfc9y2jf-7e944f7580278fa63166bb3e136f60d2\">\n.avia-image-container.av-lfc9y2jf-7e944f7580278fa63166bb3e136f60d2 img.avia_image{\nbox-shadow:none;\n}\n.avia-image-container.av-lfc9y2jf-7e944f7580278fa63166bb3e136f60d2 .av-image-caption-overlay-center{\ncolor:#ffffff;\n}\n<\/style>\n<div  class='avia-image-container av-lfc9y2jf-7e944f7580278fa63166bb3e136f60d2 av-styling- avia-align-center  avia-builder-el-36  el_before_av_textblock  avia-builder-el-first '   itemprop=\"image\" itemscope=\"itemscope\" itemtype=\"https:\/\/schema.org\/ImageObject\" ><div class=\"avia-image-container-inner\"><div class=\"avia-image-overlay-wrap\"><img decoding=\"async\" fetchpriority=\"high\" class='wp-image-3154 avia-img-lazy-loading-not-3154 avia_image ' src=\"https:\/\/dfvcg-events.de\/smart-city\/wp-content\/uploads\/sites\/25\/2023\/02\/Smart-City22_7.jpg\" alt='' title='Smart City22_7'  height=\"400\" width=\"500\"  itemprop=\"thumbnailUrl\"  \/><\/div><\/div><\/div><br \/>\n<section  class='av_textblock_section av-7lnjbi-5fc77ee1940a7d7e5ac4c9970b521d19 '   itemscope=\"itemscope\" itemtype=\"https:\/\/schema.org\/CreativeWork\" ><div class='avia_textblock'  itemprop=\"text\" ><p>Subline<\/p>\n<\/div><\/section><\/p><\/div><div  class='flex_column av-k0gpoe-7e72703181d339c356bdc9723905ab5a av_one_fourth  avia-builder-el-38  el_after_av_one_fourth  el_before_av_one_fourth  flex_column_div  column-top-margin'     ><p>\n<style type=\"text\/css\" data-created_by=\"avia_inline_auto\" id=\"style-css-av-iw5gb2-455ba17ff144e846a52fb9b70cadf847\">\n.avia-image-container.av-iw5gb2-455ba17ff144e846a52fb9b70cadf847 img.avia_image{\nbox-shadow:none;\n}\n.avia-image-container.av-iw5gb2-455ba17ff144e846a52fb9b70cadf847 .av-image-caption-overlay-center{\ncolor:#ffffff;\n}\n<\/style>\n<div  class='avia-image-container av-iw5gb2-455ba17ff144e846a52fb9b70cadf847 av-styling- avia-align-center  avia-builder-el-39  el_before_av_textblock  avia-builder-el-first '   itemprop=\"image\" itemscope=\"itemscope\" itemtype=\"https:\/\/schema.org\/ImageObject\" ><div class=\"avia-image-container-inner\"><div class=\"avia-image-overlay-wrap\"><img decoding=\"async\" fetchpriority=\"high\" class='wp-image-3154 avia-img-lazy-loading-not-3154 avia_image ' src=\"https:\/\/dfvcg-events.de\/smart-city\/wp-content\/uploads\/sites\/25\/2023\/02\/Smart-City22_7.jpg\" alt='' title='Smart City22_7'  height=\"400\" width=\"500\"  itemprop=\"thumbnailUrl\"  \/><\/div><\/div><\/div><br \/>\n<section  class='av_textblock_section av-5hphe6-5b175723f37afdd6594f0e8c1f59280b '   itemscope=\"itemscope\" itemtype=\"https:\/\/schema.org\/CreativeWork\" ><div class='avia_textblock'  itemprop=\"text\" ><p>Subline<\/p>\n<\/div><\/section><\/p><\/div><div  class='flex_column av-hmrsku-14ac2938c439ff234a0a9ea845117037 av_one_fourth  avia-builder-el-41  el_after_av_one_fourth  el_before_av_one_fourth  flex_column_div  column-top-margin'     ><p>\n<style type=\"text\/css\" data-created_by=\"avia_inline_auto\" id=\"style-css-av-g42him-db3222a2553c52ec85fd1c8e5900753e\">\n.avia-image-container.av-g42him-db3222a2553c52ec85fd1c8e5900753e img.avia_image{\nbox-shadow:none;\n}\n.avia-image-container.av-g42him-db3222a2553c52ec85fd1c8e5900753e .av-image-caption-overlay-center{\ncolor:#ffffff;\n}\n<\/style>\n<div  class='avia-image-container av-g42him-db3222a2553c52ec85fd1c8e5900753e av-styling- avia-align-center  avia-builder-el-42  el_before_av_textblock  avia-builder-el-first '   itemprop=\"image\" itemscope=\"itemscope\" itemtype=\"https:\/\/schema.org\/ImageObject\" ><div class=\"avia-image-container-inner\"><div class=\"avia-image-overlay-wrap\"><img decoding=\"async\" fetchpriority=\"high\" class='wp-image-3154 avia-img-lazy-loading-not-3154 avia_image ' src=\"https:\/\/dfvcg-events.de\/smart-city\/wp-content\/uploads\/sites\/25\/2023\/02\/Smart-City22_7.jpg\" alt='' title='Smart City22_7'  height=\"400\" width=\"500\"  itemprop=\"thumbnailUrl\"  \/><\/div><\/div><\/div><br \/>\n<section  class='av_textblock_section av-4g6yke-629892feb96acb6f0f512728e98bfdad '   itemscope=\"itemscope\" itemtype=\"https:\/\/schema.org\/CreativeWork\" ><div class='avia_textblock'  itemprop=\"text\" ><p>Subline<\/p>\n<\/div><\/section><\/p><\/div><div  class='flex_column av-dimaem-9c7ac4cf7edab7d867b86fb1e651b3f6 av_one_fourth  avia-builder-el-44  el_after_av_one_fourth  avia-builder-el-last  flex_column_div  column-top-margin'     ><p>\n<style type=\"text\/css\" data-created_by=\"avia_inline_auto\" id=\"style-css-av-ci5hlq-1fb8987ea60c62c6fe75f8ec1aab3736\">\n.avia-image-container.av-ci5hlq-1fb8987ea60c62c6fe75f8ec1aab3736 img.avia_image{\nbox-shadow:none;\n}\n.avia-image-container.av-ci5hlq-1fb8987ea60c62c6fe75f8ec1aab3736 .av-image-caption-overlay-center{\ncolor:#ffffff;\n}\n<\/style>\n<div  class='avia-image-container av-ci5hlq-1fb8987ea60c62c6fe75f8ec1aab3736 av-styling- avia-align-center  avia-builder-el-45  el_before_av_textblock  avia-builder-el-first '   itemprop=\"image\" itemscope=\"itemscope\" itemtype=\"https:\/\/schema.org\/ImageObject\" ><div class=\"avia-image-container-inner\"><div class=\"avia-image-overlay-wrap\"><img decoding=\"async\" fetchpriority=\"high\" class='wp-image-3154 avia-img-lazy-loading-not-3154 avia_image ' src=\"https:\/\/dfvcg-events.de\/smart-city\/wp-content\/uploads\/sites\/25\/2023\/02\/Smart-City22_7.jpg\" alt='' title='Smart City22_7'  height=\"400\" width=\"500\"  itemprop=\"thumbnailUrl\"  \/><\/div><\/div><\/div><br \/>\n<section  class='av_textblock_section av-33qpcu-35e144983684ff4160e431d1021104f0 '   itemscope=\"itemscope\" itemtype=\"https:\/\/schema.org\/CreativeWork\" ><div class='avia_textblock'  itemprop=\"text\" ><p>Subline<\/p>\n<\/div><\/section><\/p><\/div>\n\n","protected":false},"excerpt":{"rendered":"","protected":false},"author":25,"featured_media":0,"parent":0,"menu_order":0,"comment_status":"closed","ping_status":"closed","template":"","meta":{"footnotes":""},"class_list":["post-3294","page","type-page","status-publish","hentry"],"yoast_head":"<!-- This site is optimized with the Yoast SEO plugin v27.4 - https:\/\/yoast.com\/product\/yoast-seo-wordpress\/ -->\n<title>News - SMART CITY Conference<\/title>\n<meta name=\"robots\" content=\"index, follow, max-snippet:-1, max-image-preview:large, max-video-preview:-1\" \/>\n<link rel=\"canonical\" href=\"https:\/\/dfvcg-events.de\/smart-city\/news\/\" \/>\n<meta property=\"og:locale\" content=\"de_DE\" \/>\n<meta property=\"og:type\" content=\"article\" \/>\n<meta property=\"og:title\" content=\"News - SMART CITY Conference\" \/>\n<meta property=\"og:url\" content=\"https:\/\/dfvcg-events.de\/smart-city\/news\/\" \/>\n<meta property=\"og:site_name\" content=\"SMART CITY Conference\" \/>\n<meta property=\"article:modified_time\" content=\"2024-01-02T11:38:06+00:00\" \/>\n<meta name=\"twitter:card\" content=\"summary_large_image\" \/>\n<meta name=\"twitter:label1\" content=\"Gesch\u00e4tzte Lesezeit\" \/>\n\t<meta name=\"twitter:data1\" content=\"19\u00a0Minuten\" \/>\n<script type=\"application\/ld+json\" class=\"yoast-schema-graph\">{\"@context\":\"https:\\\/\\\/schema.org\",\"@graph\":[{\"@type\":\"WebPage\",\"@id\":\"https:\\\/\\\/dfvcg-events.de\\\/smart-city\\\/news\\\/\",\"url\":\"https:\\\/\\\/dfvcg-events.de\\\/smart-city\\\/news\\\/\",\"name\":\"News - SMART CITY Conference\",\"isPartOf\":{\"@id\":\"https:\\\/\\\/dfvcg-events.de\\\/smart-city\\\/#website\"},\"datePublished\":\"2023-03-20T10:37:35+00:00\",\"dateModified\":\"2024-01-02T11:38:06+00:00\",\"breadcrumb\":{\"@id\":\"https:\\\/\\\/dfvcg-events.de\\\/smart-city\\\/news\\\/#breadcrumb\"},\"inLanguage\":\"de\",\"potentialAction\":[{\"@type\":\"ReadAction\",\"target\":[\"https:\\\/\\\/dfvcg-events.de\\\/smart-city\\\/news\\\/\"]}]},{\"@type\":\"BreadcrumbList\",\"@id\":\"https:\\\/\\\/dfvcg-events.de\\\/smart-city\\\/news\\\/#breadcrumb\",\"itemListElement\":[{\"@type\":\"ListItem\",\"position\":1,\"name\":\"Startseite\",\"item\":\"https:\\\/\\\/dfvcg-events.de\\\/smart-city\\\/\"},{\"@type\":\"ListItem\",\"position\":2,\"name\":\"News\"}]},{\"@type\":\"WebSite\",\"@id\":\"https:\\\/\\\/dfvcg-events.de\\\/smart-city\\\/#website\",\"url\":\"https:\\\/\\\/dfvcg-events.de\\\/smart-city\\\/\",\"name\":\"SMART CITY Conference\",\"description\":\"\",\"potentialAction\":[{\"@type\":\"SearchAction\",\"target\":{\"@type\":\"EntryPoint\",\"urlTemplate\":\"https:\\\/\\\/dfvcg-events.de\\\/smart-city\\\/?s={search_term_string}\"},\"query-input\":{\"@type\":\"PropertyValueSpecification\",\"valueRequired\":true,\"valueName\":\"search_term_string\"}}],\"inLanguage\":\"de\"}]}<\/script>\n<!-- \/ Yoast SEO plugin. -->","yoast_head_json":{"title":"News - SMART CITY Conference","robots":{"index":"index","follow":"follow","max-snippet":"max-snippet:-1","max-image-preview":"max-image-preview:large","max-video-preview":"max-video-preview:-1"},"canonical":"https:\/\/dfvcg-events.de\/smart-city\/news\/","og_locale":"de_DE","og_type":"article","og_title":"News - SMART CITY Conference","og_url":"https:\/\/dfvcg-events.de\/smart-city\/news\/","og_site_name":"SMART CITY Conference","article_modified_time":"2024-01-02T11:38:06+00:00","twitter_card":"summary_large_image","twitter_misc":{"Gesch\u00e4tzte Lesezeit":"19\u00a0Minuten"},"schema":{"@context":"https:\/\/schema.org","@graph":[{"@type":"WebPage","@id":"https:\/\/dfvcg-events.de\/smart-city\/news\/","url":"https:\/\/dfvcg-events.de\/smart-city\/news\/","name":"News - SMART CITY Conference","isPartOf":{"@id":"https:\/\/dfvcg-events.de\/smart-city\/#website"},"datePublished":"2023-03-20T10:37:35+00:00","dateModified":"2024-01-02T11:38:06+00:00","breadcrumb":{"@id":"https:\/\/dfvcg-events.de\/smart-city\/news\/#breadcrumb"},"inLanguage":"de","potentialAction":[{"@type":"ReadAction","target":["https:\/\/dfvcg-events.de\/smart-city\/news\/"]}]},{"@type":"BreadcrumbList","@id":"https:\/\/dfvcg-events.de\/smart-city\/news\/#breadcrumb","itemListElement":[{"@type":"ListItem","position":1,"name":"Startseite","item":"https:\/\/dfvcg-events.de\/smart-city\/"},{"@type":"ListItem","position":2,"name":"News"}]},{"@type":"WebSite","@id":"https:\/\/dfvcg-events.de\/smart-city\/#website","url":"https:\/\/dfvcg-events.de\/smart-city\/","name":"SMART CITY Conference","description":"","potentialAction":[{"@type":"SearchAction","target":{"@type":"EntryPoint","urlTemplate":"https:\/\/dfvcg-events.de\/smart-city\/?s={search_term_string}"},"query-input":{"@type":"PropertyValueSpecification","valueRequired":true,"valueName":"search_term_string"}}],"inLanguage":"de"}]}},"_links":{"self":[{"href":"https:\/\/dfvcg-events.de\/smart-city\/wp-json\/wp\/v2\/pages\/3294","targetHints":{"allow":["GET"]}}],"collection":[{"href":"https:\/\/dfvcg-events.de\/smart-city\/wp-json\/wp\/v2\/pages"}],"about":[{"href":"https:\/\/dfvcg-events.de\/smart-city\/wp-json\/wp\/v2\/types\/page"}],"author":[{"embeddable":true,"href":"https:\/\/dfvcg-events.de\/smart-city\/wp-json\/wp\/v2\/users\/25"}],"replies":[{"embeddable":true,"href":"https:\/\/dfvcg-events.de\/smart-city\/wp-json\/wp\/v2\/comments?post=3294"}],"version-history":[{"count":0,"href":"https:\/\/dfvcg-events.de\/smart-city\/wp-json\/wp\/v2\/pages\/3294\/revisions"}],"wp:attachment":[{"href":"https:\/\/dfvcg-events.de\/smart-city\/wp-json\/wp\/v2\/media?parent=3294"}],"curies":[{"name":"wp","href":"https:\/\/api.w.org\/{rel}","templated":true}]}}