{"id":1810,"date":"2022-04-20T21:27:43","date_gmt":"2022-04-20T19:27:43","guid":{"rendered":"https:\/\/dfvcg-events.de\/smart-city\/?page_id=1810"},"modified":"2023-10-26T08:31:39","modified_gmt":"2023-10-26T06:31:39","slug":"partner","status":"publish","type":"page","link":"https:\/\/dfvcg-events.de\/smart-city\/partner\/","title":{"rendered":"Partner"},"content":{"rendered":"<div id='av_section_1'  class='avia-section av-k7yuhjt1-20aae0edc4878b5bf887afc542907ecc main_color avia-section-default avia-no-border-styling  avia-builder-el-0  el_before_av_section  avia-builder-el-first  header-verlauf avia-bg-style-scroll container_wrap fullsize'  ><div class='container av-section-cont-open' ><main  role=\"main\" itemprop=\"mainContentOfPage\"  class='template-page content  av-content-full alpha units'><div class='post-entry post-entry-type-page post-entry-1810'><div class='entry-content-wrapper clearfix'>\n\n<style type=\"text\/css\" data-created_by=\"avia_inline_auto\" id=\"style-css-av-kkjldguc-619af3dcd2c33ff68a1e6f269d68383a\">\n#top .av-special-heading.av-kkjldguc-619af3dcd2c33ff68a1e6f269d68383a{\npadding-bottom:0;\ncolor:#ffffff;\n}\nbody .av-special-heading.av-kkjldguc-619af3dcd2c33ff68a1e6f269d68383a .av-special-heading-tag .heading-char{\nfont-size:25px;\n}\n.av-special-heading.av-kkjldguc-619af3dcd2c33ff68a1e6f269d68383a .special-heading-inner-border{\nborder-color:#ffffff;\n}\n.av-special-heading.av-kkjldguc-619af3dcd2c33ff68a1e6f269d68383a .av-subheading{\nfont-size:19px;\n}\n<\/style>\n<div  class='av-special-heading av-kkjldguc-619af3dcd2c33ff68a1e6f269d68383a av-special-heading-h1 custom-color-heading blockquote modern-quote  avia-builder-el-1  avia-builder-el-no-sibling '><div class='av_custom_color av-subheading av-subheading_above'><p>SMART CITY Conference<\/p>\n<\/div><h1 class='av-special-heading-tag '  itemprop=\"headline\"  >Partner <span class='special_amp'>&amp;<\/span> Medien<\/h1><div class=\"special-heading-border\"><div class=\"special-heading-inner-border\"><\/div><\/div><\/div>\n\n<\/div><\/div><\/main><!-- close content main element --><\/div><\/div><div id='av_section_2'  class='avia-section av-kauxiont-3-d605897820ed3ce2237f09208a822295 main_color avia-section-default avia-no-shadow  avia-builder-el-2  el_after_av_section  el_before_av_section  avia-bg-style-scroll container_wrap fullsize'  ><div class='container av-section-cont-open' ><div class='template-page content  av-content-full alpha units'><div class='post-entry post-entry-type-page post-entry-1810'><div class='entry-content-wrapper clearfix'>\n\n<style type=\"text\/css\" data-created_by=\"avia_inline_auto\" id=\"style-css-av-ne8cl-5353f3bdc3fe7e287d4ed67e3104969f\">\n#top .av-special-heading.av-ne8cl-5353f3bdc3fe7e287d4ed67e3104969f{\npadding-bottom:10px;\n}\nbody .av-special-heading.av-ne8cl-5353f3bdc3fe7e287d4ed67e3104969f .av-special-heading-tag .heading-char{\nfont-size:25px;\n}\n.av-special-heading.av-ne8cl-5353f3bdc3fe7e287d4ed67e3104969f .av-subheading{\nfont-size:15px;\n}\n<\/style>\n<div  class='av-special-heading av-ne8cl-5353f3bdc3fe7e287d4ed67e3104969f av-special-heading-h3 blockquote modern-quote  avia-builder-el-3  el_before_av_textblock  avia-builder-el-first '><h3 class='av-special-heading-tag '  itemprop=\"headline\"  >Medialeistung der Partnertitel:<\/h3><div class=\"special-heading-border\"><div class=\"special-heading-inner-border\"><\/div><\/div><\/div>\n<section  class='av_textblock_section av-9and3m-f2e10e077dbc8263f2d60583be37eb94 '   itemscope=\"itemscope\" itemtype=\"https:\/\/schema.org\/CreativeWork\" ><div class='avia_textblock'  itemprop=\"text\" ><p>Die Smart City Conference verf\u00fcgt \u00fcber eine au\u00dfergew\u00f6hnlich starke Medien-Partnerschaft die vor, w\u00e4hrend und nach der Konferenz die Stakeholder und grunds\u00e4tzlich alle Interessierten informiert und einbindet.<\/p>\n<p><strong>Gesamtreichweite der Partner:\u00a0 \u00a0 \u00a0 \u00a0Visits &#8211; 3.290.000,\u00a0 Print &#8211; 1.260.000<\/strong><\/p>\n<\/div><\/section>\n<div  class='flex_column av-2z0xnz-d280dce2204c26512e71287cb69fac5f av_one_third  avia-builder-el-5  el_after_av_textblock  el_before_av_one_third  first flex_column_div  column-top-margin'     ><section  class='av_textblock_section av-l8crlz25-40949824b6f0ffbc4f332f9be3cea0fd '   itemscope=\"itemscope\" itemtype=\"https:\/\/schema.org\/CreativeWork\" ><div class='avia_textblock'  itemprop=\"text\" ><p><b>Lebensmittelzeitung<\/b><\/p>\n<p>Die Lebensmittel Zeitung ist das f\u00fchrende Fach- und Wirtschaftsmedium der Konsumg\u00fcterbranche.<br \/>\nErreichen Sie Entscheider in Handel (Handelszentralen und selbstst\u00e4ndige Kaufleute) und Konsumg\u00fcterindustrie sowie branchenrelevante Dienstleister an allen relevanten Touchpoints in ihrem Arbeitsalltag.<\/p>\n<p><b>1.000.000<\/b> Visits<\/p>\n<p><b>530.875<\/b> Print verbreitete Auflage<\/p>\n<\/div><\/section><\/div><div  class='flex_column av-7aa4iq-241cacb5ab4c8ed03b24333a4cd64a0c av_one_third  avia-builder-el-7  el_after_av_one_third  el_before_av_one_third  flex_column_div  column-top-margin'     ><section  class='av_textblock_section av-ljplmss5-ef737e16dda59f697b0542ec75f350ee '   itemscope=\"itemscope\" itemtype=\"https:\/\/schema.org\/CreativeWork\" ><div class='avia_textblock'  itemprop=\"text\" ><p><b>etailment<\/b><\/p>\n<p>etailment.de, das Digital-Commerce-Magazin von \u201eDer Handel\u201c, ist die richtige Adresse f\u00fcr E-Commerce-Unternehmer und alle, die es werden wollen. etailment.de unterst\u00fctzt und st\u00e4rkt insbesondere Unternehmen des Mittelstands verl\u00e4sslich in ihrem operativen und strategischen Handeln mit banchenrelevanten Fakten, Tipps, Trends und Analysen.<\/p>\n<p><b>347.201<\/b> Visits<\/p>\n<p><b>71.065<\/b> Print verbreitete Auflage<\/p>\n<\/div><\/section><\/div><div  class='flex_column av-68eyg2-6c82af498035dda76eaf1de4e4812f33 av_one_third  avia-builder-el-9  el_after_av_one_third  el_before_av_one_third  flex_column_div  column-top-margin'     ><section  class='av_textblock_section av-ljpln485-f73e42f3b7766d5f4fe9b0d2cb8dbdb4 '   itemscope=\"itemscope\" itemtype=\"https:\/\/schema.org\/CreativeWork\" ><div class='avia_textblock'  itemprop=\"text\" ><p><b>Textilwirtschaft<\/b><\/p>\n<p>Das Magazin f\u00fcr Wirtschaft und Mode ist eine starke Marke f\u00fcr alle, die mit Mode ihr Geld verdienen. Gedruckt und digital bietet sie unabh\u00e4ngigen Qualit\u00e4tsjournalismus. \u00dcber drei\u00dfig Journalisten geben Einblicke in das Branchengeschehen. Dar\u00fcber hinaus stellen wir allen Marktteilnehmern die ideale Infrastruktur bereit, um sich professionell zu positionieren.<br \/>\n<b>660.000<\/b> Visits<\/p>\n<p><b>269.436<\/b> Print verbreitete Auflage<\/p>\n<\/div><\/section><\/div><div  class='flex_column av-du4co2-068531e4619843542b378edadf9e9565 av_one_third  avia-builder-el-11  el_after_av_one_third  el_before_av_one_third  first flex_column_div  column-top-margin'     ><section  class='av_textblock_section av-ljplm1kg-b1ac88ba897363410d67ed6fce9288a8 '   itemscope=\"itemscope\" itemtype=\"https:\/\/schema.org\/CreativeWork\" ><div class='avia_textblock'  itemprop=\"text\" ><p><b>fvw<\/b><\/p>\n<p>Markt\u00fcbersichten, Analysen, Einordnung, Hintergr\u00fcnde und Orientierung: Daf\u00fcr steht die fvw seit 1967.<\/p>\n<p>Die Grenzen zwischen Veranstaltern und Vertrieb verschwimmen immer mehr. fvw|TravelTalk\u00a0bringt als Marktf\u00fchrer unter den Touristik-Fachmedien das Beste der beiden Welten \u2013 Strategie und Verkaufspraxis \u2013 zusammen.<br \/>\nWir gestalten gemeinsam die touristische Zukunft. Seien Sie dabei!<\/p>\n<p><b>622.000<\/b> Visits<\/p>\n<p><b>196.750<\/b> Print verbreitete Auflage<\/p>\n<\/div><\/section><\/div><div  class='flex_column av-gzbki-51ef2d814b863228f3a3b744427519f1 av_one_third  avia-builder-el-13  el_after_av_one_third  el_before_av_one_third  flex_column_div  column-top-margin'     ><section  class='av_textblock_section av-ljplnjtd-04821cc23a9b725e48d7759357dda319 '   itemscope=\"itemscope\" itemtype=\"https:\/\/schema.org\/CreativeWork\" ><div class='avia_textblock'  itemprop=\"text\" ><p><b>Immobilien Zeitung<\/b><\/p>\n<p>Die Immobilien Zeitung z\u00e4hlt zu den f\u00fchrenden Fachzeitschriften f\u00fcr die Immobilienwirtschaft in Deutschland. Sie berichtet w\u00f6chentlich \u00fcber das Geschehen auf dem Immobilienmarkt.<\/p>\n<p>Die Immobilien Zeitung wendet sich u.a. an Projektentwickler, Bautr\u00e4ger, Planer, Investoren, Finanzierer, Vermittler, Verwalter und Bewerter.<\/p>\n<p><b>607.000<\/b> Visits<\/p>\n<p><b>119.926<\/b> Print verbreitete Auflage<\/p>\n<\/div><\/section><\/div><div  class='flex_column av-31v5nm-4d1fdc84670982a49744dbd9c62a5960 av_one_third  avia-builder-el-15  el_after_av_one_third  avia-builder-el-last  flex_column_div  column-top-margin'     ><section  class='av_textblock_section av-ljplnnzm-7cc91df9306fd44465a2e6315abca115 '   itemscope=\"itemscope\" itemtype=\"https:\/\/schema.org\/CreativeWork\" ><div class='avia_textblock'  itemprop=\"text\" ><p><b>AW Architektur &amp; Wohnen<\/b><\/p>\n<p>Steht seit mehr als sechs Jahrzehnten \u00fcber der exklusiven Themenmischung aus Design und Wohnkultur, Architektur und Baukunst, Gartengestaltung und Reisen. In lebendigen Portr\u00e4ts und Reportagen wird tief hinter die Fassaden geblickt, werden Trends aufgesp\u00fcrt und ungew\u00f6hnliche, zukunftsweisende Projekte vorgestellt. Der Look von AW Architektur &amp; Wohnen ist gepr\u00e4gt von unverwechselbaren Designs und einer modernen Bildsprache.<\/p>\n<p><b>53.000 <\/b>Visits<\/p>\n<p><b>75.863\u00a0 Print <\/b>verbreitete Auflage<\/p>\n<\/div><\/section><\/div>\n\n<\/div><\/div><\/div><!-- close content main div --><\/div><\/div><div id='av_section_3'  class='avia-section av-19vp9u-a66546683902c2008088d220a06b8894 main_color avia-section-default avia-no-shadow  avia-builder-el-17  el_after_av_section  el_before_av_section  av-desktop-hide av-medium-hide av-small-hide av-mini-hide avia-bg-style-scroll container_wrap fullsize'  ><div class='container av-section-cont-open' ><div class='template-page content  av-content-full alpha units'><div class='post-entry post-entry-type-page post-entry-1810'><div class='entry-content-wrapper clearfix'>\n<div  class='flex_column av-3kklhe-03d88d557234d2a60188e7ad1c5b7656 av_one_half  avia-builder-el-18  avia-builder-el-no-sibling  flex_column_div  column-top-margin'     ><section  class='av_textblock_section av-2zkmz6-494d62cda49f62619c407e7d77592334 '   itemscope=\"itemscope\" itemtype=\"https:\/\/schema.org\/CreativeWork\" ><div class='avia_textblock'  itemprop=\"text\" ><p><strong>AW Architektur &amp; Wohnen <\/strong>steht seit mehr als sechs Jahrzehnten f\u00fcr eine exklusive Themenmischung aus Design und Wohnkultur, Architektur und Baukunst, Gartengestaltung und Reisen. In lebendigen Portr\u00e4ts und Reportagen wird tief hinter die Fassaden geblickt, werden Trends aufgesp\u00fcrt und ungew\u00f6hnliche, zukunftsweisende Projekte vorgestellt.<\/p>\n<p>Als eines der Leitmedien der Design- und Architekturbranche ist AW Architektur &amp; Wohnen mit seinen akzentuierten Inhalten ein starker Impulsgeber \u2013 mittels neu gedachter Themen, innovativer Designans\u00e4tze und Diskursen zu gesellschaftsrelevanten Themen, die im neuen AW-Dossier aufgegriffen werden.<\/p>\n<\/div><\/section><\/div>\n\n<\/div><\/div><\/div><!-- close content main div --><\/div><\/div><div id='av_section_4'  class='avia-section av-kauxiont-40dcd99749a242ec57d1e766d07b6a1b main_color avia-section-default avia-no-shadow  avia-builder-el-20  el_after_av_section  avia-builder-el-last  avia-bg-style-scroll container_wrap fullsize'  ><div class='container av-section-cont-open' ><div class='template-page content  av-content-full alpha units'><div class='post-entry post-entry-type-page post-entry-1810'><div class='entry-content-wrapper clearfix'>\n\n<style type=\"text\/css\" data-created_by=\"avia_inline_auto\" id=\"style-css-av-llkxno8x-08c67425a4e4e9792ac1d24e54e0efa0\">\n#top .av-special-heading.av-llkxno8x-08c67425a4e4e9792ac1d24e54e0efa0{\npadding-bottom:10px;\n}\nbody .av-special-heading.av-llkxno8x-08c67425a4e4e9792ac1d24e54e0efa0 .av-special-heading-tag .heading-char{\nfont-size:25px;\n}\n.av-special-heading.av-llkxno8x-08c67425a4e4e9792ac1d24e54e0efa0 .av-subheading{\nfont-size:15px;\n}\n<\/style>\n<div  class='av-special-heading av-llkxno8x-08c67425a4e4e9792ac1d24e54e0efa0 av-special-heading-h3 blockquote modern-quote  avia-builder-el-21  el_before_av_one_fourth  avia-builder-el-first '><h3 class='av-special-heading-tag '  itemprop=\"headline\"  >Partner 2023<\/h3><div class=\"special-heading-border\"><div class=\"special-heading-inner-border\"><\/div><\/div><\/div>\n\n<style type=\"text\/css\" data-created_by=\"avia_inline_auto\" id=\"style-css-av-7lq2rm-1e7e9bb52e54c06162c56c43b5a5add9\">\n.flex_column.av-7lq2rm-1e7e9bb52e54c06162c56c43b5a5add9{\nborder-radius:0px 0px 0px 0px;\npadding:0px 0px 0px 0px;\n}\n<\/style>\n<div  class='flex_column av-7lq2rm-1e7e9bb52e54c06162c56c43b5a5add9 av_one_fourth  avia-builder-el-22  el_after_av_heading  el_before_av_heading  first flex_column_div av-zero-column-padding  '     ><style type=\"text\/css\" data-created_by=\"avia_inline_auto\" id=\"style-css-av-lo6t2e0q-e3e5649b20cb816ed1dc9ee2c2c426b5\">\n.avia-image-container.av-lo6t2e0q-e3e5649b20cb816ed1dc9ee2c2c426b5 img.avia_image{\nbox-shadow:none;\n}\n.avia-image-container.av-lo6t2e0q-e3e5649b20cb816ed1dc9ee2c2c426b5 .av-image-caption-overlay-center{\ncolor:#ffffff;\n}\n<\/style>\n<div  class='avia-image-container av-lo6t2e0q-e3e5649b20cb816ed1dc9ee2c2c426b5 av-styling- av-img-linked avia-align-center  avia-builder-el-23  avia-builder-el-no-sibling '   itemprop=\"image\" itemscope=\"itemscope\" itemtype=\"https:\/\/schema.org\/ImageObject\" ><div class=\"avia-image-container-inner\"><div class=\"avia-image-overlay-wrap\"><a href=\"https:\/\/www.dachser.de\/de\/\" class='avia_image '  target=\"_blank\"  rel=\"noopener noreferrer\" aria-label='Dachser-web'><img decoding=\"async\" fetchpriority=\"high\" class='wp-image-3888 avia-img-lazy-loading-not-3888 avia_image ' src=\"https:\/\/dfvcg-events.de\/smart-city\/wp-content\/uploads\/sites\/25\/2023\/10\/Dachser-web.jpg\" alt='' title='Dachser-web'  height=\"600\" width=\"800\"  itemprop=\"thumbnailUrl\"  \/><\/a><\/div><\/div><\/div><\/div>\n<style type=\"text\/css\" data-created_by=\"avia_inline_auto\" id=\"style-css-av-5fosia-22ec21c357e4fd9b3a886b674e85ebad\">\n#top .av-special-heading.av-5fosia-22ec21c357e4fd9b3a886b674e85ebad{\npadding-bottom:10px;\n}\nbody .av-special-heading.av-5fosia-22ec21c357e4fd9b3a886b674e85ebad .av-special-heading-tag .heading-char{\nfont-size:25px;\n}\n.av-special-heading.av-5fosia-22ec21c357e4fd9b3a886b674e85ebad .av-subheading{\nfont-size:15px;\n}\n<\/style>\n<div  class='av-special-heading av-5fosia-22ec21c357e4fd9b3a886b674e85ebad av-special-heading-h3 blockquote modern-quote  avia-builder-el-24  el_after_av_one_fourth  el_before_av_one_fourth '><h3 class='av-special-heading-tag '  itemprop=\"headline\"  >Kooperationspartner 2023<\/h3><div class=\"special-heading-border\"><div class=\"special-heading-inner-border\"><\/div><\/div><\/div>\n\n<style type=\"text\/css\" data-created_by=\"avia_inline_auto\" id=\"style-css-av-fm0vm-ac301c806fc7987d4718207a1dc1fac5\">\n.flex_column.av-fm0vm-ac301c806fc7987d4718207a1dc1fac5{\nborder-radius:0px 0px 0px 0px;\npadding:0px 0px 0px 0px;\n}\n<\/style>\n<div  class='flex_column av-fm0vm-ac301c806fc7987d4718207a1dc1fac5 av_one_fourth  avia-builder-el-25  el_after_av_heading  el_before_av_one_fourth  first flex_column_div av-zero-column-padding  '     ><style type=\"text\/css\" data-created_by=\"avia_inline_auto\" id=\"style-css-av-lo6szph2-e162f300666f315f07384123adc8aeb6\">\n.avia-image-container.av-lo6szph2-e162f300666f315f07384123adc8aeb6 img.avia_image{\nbox-shadow:none;\n}\n.avia-image-container.av-lo6szph2-e162f300666f315f07384123adc8aeb6 .av-image-caption-overlay-center{\ncolor:#ffffff;\n}\n<\/style>\n<div  class='avia-image-container av-lo6szph2-e162f300666f315f07384123adc8aeb6 av-styling- av-img-linked avia-align-center  avia-builder-el-26  avia-builder-el-no-sibling '   itemprop=\"image\" itemscope=\"itemscope\" itemtype=\"https:\/\/schema.org\/ImageObject\" ><div class=\"avia-image-container-inner\"><div class=\"avia-image-overlay-wrap\"><a href=\"https:\/\/www.awmagazin.de\/\" class='avia_image '  target=\"_blank\"  rel=\"noopener noreferrer\" aria-label='Architektur &amp; Wohnen_WEB'><img decoding=\"async\" fetchpriority=\"high\" class='wp-image-2064 avia-img-lazy-loading-not-2064 avia_image ' src=\"https:\/\/dfvcg-events.de\/smart-city\/wp-content\/uploads\/sites\/25\/2022\/07\/Architektur-Wohnen_WEB.jpg\" alt='' title='Architektur &amp; Wohnen_WEB'  height=\"600\" width=\"800\"  itemprop=\"thumbnailUrl\"  \/><\/a><\/div><\/div><\/div><\/div>\n<style type=\"text\/css\" data-created_by=\"avia_inline_auto\" id=\"style-css-av-2r7hxe-e6068bb8eb51595ab2d822b1bf758a98\">\n.flex_column.av-2r7hxe-e6068bb8eb51595ab2d822b1bf758a98{\nborder-radius:0px 0px 0px 0px;\npadding:0px 0px 0px 0px;\n}\n<\/style>\n<div  class='flex_column av-2r7hxe-e6068bb8eb51595ab2d822b1bf758a98 av_one_fourth  avia-builder-el-27  el_after_av_one_fourth  el_before_av_one_fourth  flex_column_div av-zero-column-padding  '     ><style type=\"text\/css\" data-created_by=\"avia_inline_auto\" id=\"style-css-av-l6kiwfej-0a7857d6bb1f36344c26a066e2386f72\">\n.avia-image-container.av-l6kiwfej-0a7857d6bb1f36344c26a066e2386f72 img.avia_image{\nbox-shadow:none;\n}\n.avia-image-container.av-l6kiwfej-0a7857d6bb1f36344c26a066e2386f72 .av-image-caption-overlay-center{\ncolor:#ffffff;\n}\n<\/style>\n<div  class='avia-image-container av-l6kiwfej-0a7857d6bb1f36344c26a066e2386f72 av-styling- av-img-linked avia-align-center  avia-builder-el-28  avia-builder-el-no-sibling '   itemprop=\"image\" itemscope=\"itemscope\" itemtype=\"https:\/\/schema.org\/ImageObject\" ><div class=\"avia-image-container-inner\"><div class=\"avia-image-overlay-wrap\"><a href=\"https:\/\/www.llasm.de\/\" class='avia_image '  target=\"_blank\"  rel=\"noopener noreferrer\" aria-label='Leerstandslotsen-web'><img decoding=\"async\" fetchpriority=\"high\" class='wp-image-3645 avia-img-lazy-loading-not-3645 avia_image ' src=\"https:\/\/dfvcg-events.de\/smart-city\/wp-content\/uploads\/sites\/25\/2023\/08\/Leerstandslotsen-web.jpg\" alt='' title='Leerstandslotsen-web'  height=\"600\" width=\"800\"  itemprop=\"thumbnailUrl\"  \/><\/a><\/div><\/div><\/div><\/div>\n<style type=\"text\/css\" data-created_by=\"avia_inline_auto\" id=\"style-css-av-43o6ki-8c43e3d50e4d380475b80fd3769fa629\">\n.flex_column.av-43o6ki-8c43e3d50e4d380475b80fd3769fa629{\nborder-radius:0px 0px 0px 0px;\npadding:0px 0px 0px 0px;\n}\n<\/style>\n<div  class='flex_column av-43o6ki-8c43e3d50e4d380475b80fd3769fa629 av_one_fourth  avia-builder-el-29  el_after_av_one_fourth  avia-builder-el-last  flex_column_div av-zero-column-padding  '     ><style type=\"text\/css\" data-created_by=\"avia_inline_auto\" id=\"style-css-av-1wkbf6-1157f65010fdb14593db381e7a9b8095\">\n.avia-image-container.av-1wkbf6-1157f65010fdb14593db381e7a9b8095 img.avia_image{\nbox-shadow:none;\n}\n.avia-image-container.av-1wkbf6-1157f65010fdb14593db381e7a9b8095 .av-image-caption-overlay-center{\ncolor:#ffffff;\n}\n<\/style>\n<div  class='avia-image-container av-1wkbf6-1157f65010fdb14593db381e7a9b8095 av-styling- av-img-linked avia-align-center  avia-builder-el-30  avia-builder-el-no-sibling '   itemprop=\"image\" itemscope=\"itemscope\" itemtype=\"https:\/\/schema.org\/ImageObject\" ><div class=\"avia-image-container-inner\"><div class=\"avia-image-overlay-wrap\"><a href=\"https:\/\/www.die-stadtretter.de\/\" class='avia_image '  target=\"_blank\"  rel=\"noopener noreferrer\" aria-label='Stadtretter-web'><img decoding=\"async\" fetchpriority=\"high\" class='wp-image-3644 avia-img-lazy-loading-not-3644 avia_image ' src=\"https:\/\/dfvcg-events.de\/smart-city\/wp-content\/uploads\/sites\/25\/2023\/08\/Stadtretter-web.jpg\" alt='Stadtretter' title='Stadtretter-web'  height=\"600\" width=\"800\"  itemprop=\"thumbnailUrl\"  \/><\/a><\/div><\/div><\/div><\/div>\n","protected":false},"excerpt":{"rendered":"","protected":false},"author":1,"featured_media":0,"parent":0,"menu_order":0,"comment_status":"closed","ping_status":"closed","template":"","meta":{"footnotes":""},"class_list":["post-1810","page","type-page","status-publish","hentry"],"yoast_head":"<!-- This site is optimized with the Yoast SEO plugin v27.4 - https:\/\/yoast.com\/product\/yoast-seo-wordpress\/ -->\n<title>Partner - SMART CITY Conference<\/title>\n<meta name=\"description\" content=\"Die Smart City Conference hat ein starkes Netzwerk an spannenden Partnern, die uns bei der Umsetzung der Konferenz unterst\u00fctzen.\" \/>\n<meta name=\"robots\" content=\"index, follow, max-snippet:-1, max-image-preview:large, max-video-preview:-1\" \/>\n<link rel=\"canonical\" href=\"https:\/\/dfvcg-events.de\/smart-city\/partner\/\" \/>\n<meta property=\"og:locale\" content=\"de_DE\" \/>\n<meta property=\"og:type\" content=\"article\" \/>\n<meta property=\"og:title\" content=\"Partner - SMART CITY Conference\" \/>\n<meta property=\"og:description\" content=\"Die Smart City Conference hat ein starkes Netzwerk an spannenden Partnern, die uns bei der Umsetzung der Konferenz unterst\u00fctzen.\" \/>\n<meta property=\"og:url\" content=\"https:\/\/dfvcg-events.de\/smart-city\/partner\/\" \/>\n<meta property=\"og:site_name\" content=\"SMART CITY Conference\" \/>\n<meta property=\"article:modified_time\" content=\"2023-10-26T06:31:39+00:00\" \/>\n<meta name=\"twitter:card\" content=\"summary_large_image\" \/>\n<meta name=\"twitter:label1\" content=\"Gesch\u00e4tzte Lesezeit\" \/>\n\t<meta name=\"twitter:data1\" content=\"14\u00a0Minuten\" \/>\n<script type=\"application\/ld+json\" class=\"yoast-schema-graph\">{\"@context\":\"https:\\\/\\\/schema.org\",\"@graph\":[{\"@type\":\"WebPage\",\"@id\":\"https:\\\/\\\/dfvcg-events.de\\\/smart-city\\\/partner\\\/\",\"url\":\"https:\\\/\\\/dfvcg-events.de\\\/smart-city\\\/partner\\\/\",\"name\":\"Partner - SMART CITY Conference\",\"isPartOf\":{\"@id\":\"https:\\\/\\\/dfvcg-events.de\\\/smart-city\\\/#website\"},\"datePublished\":\"2022-04-20T19:27:43+00:00\",\"dateModified\":\"2023-10-26T06:31:39+00:00\",\"description\":\"Die Smart City Conference hat ein starkes Netzwerk an spannenden Partnern, die uns bei der Umsetzung der Konferenz unterst\u00fctzen.\",\"breadcrumb\":{\"@id\":\"https:\\\/\\\/dfvcg-events.de\\\/smart-city\\\/partner\\\/#breadcrumb\"},\"inLanguage\":\"de\",\"potentialAction\":[{\"@type\":\"ReadAction\",\"target\":[\"https:\\\/\\\/dfvcg-events.de\\\/smart-city\\\/partner\\\/\"]}]},{\"@type\":\"BreadcrumbList\",\"@id\":\"https:\\\/\\\/dfvcg-events.de\\\/smart-city\\\/partner\\\/#breadcrumb\",\"itemListElement\":[{\"@type\":\"ListItem\",\"position\":1,\"name\":\"Startseite\",\"item\":\"https:\\\/\\\/dfvcg-events.de\\\/smart-city\\\/\"},{\"@type\":\"ListItem\",\"position\":2,\"name\":\"Partner\"}]},{\"@type\":\"WebSite\",\"@id\":\"https:\\\/\\\/dfvcg-events.de\\\/smart-city\\\/#website\",\"url\":\"https:\\\/\\\/dfvcg-events.de\\\/smart-city\\\/\",\"name\":\"SMART CITY Conference\",\"description\":\"\",\"potentialAction\":[{\"@type\":\"SearchAction\",\"target\":{\"@type\":\"EntryPoint\",\"urlTemplate\":\"https:\\\/\\\/dfvcg-events.de\\\/smart-city\\\/?s={search_term_string}\"},\"query-input\":{\"@type\":\"PropertyValueSpecification\",\"valueRequired\":true,\"valueName\":\"search_term_string\"}}],\"inLanguage\":\"de\"}]}<\/script>\n<!-- \/ Yoast SEO plugin. -->","yoast_head_json":{"title":"Partner - SMART CITY Conference","description":"Die Smart City Conference hat ein starkes Netzwerk an spannenden Partnern, die uns bei der Umsetzung der Konferenz unterst\u00fctzen.","robots":{"index":"index","follow":"follow","max-snippet":"max-snippet:-1","max-image-preview":"max-image-preview:large","max-video-preview":"max-video-preview:-1"},"canonical":"https:\/\/dfvcg-events.de\/smart-city\/partner\/","og_locale":"de_DE","og_type":"article","og_title":"Partner - SMART CITY Conference","og_description":"Die Smart City Conference hat ein starkes Netzwerk an spannenden Partnern, die uns bei der Umsetzung der Konferenz unterst\u00fctzen.","og_url":"https:\/\/dfvcg-events.de\/smart-city\/partner\/","og_site_name":"SMART CITY Conference","article_modified_time":"2023-10-26T06:31:39+00:00","twitter_card":"summary_large_image","twitter_misc":{"Gesch\u00e4tzte Lesezeit":"14\u00a0Minuten"},"schema":{"@context":"https:\/\/schema.org","@graph":[{"@type":"WebPage","@id":"https:\/\/dfvcg-events.de\/smart-city\/partner\/","url":"https:\/\/dfvcg-events.de\/smart-city\/partner\/","name":"Partner - SMART CITY Conference","isPartOf":{"@id":"https:\/\/dfvcg-events.de\/smart-city\/#website"},"datePublished":"2022-04-20T19:27:43+00:00","dateModified":"2023-10-26T06:31:39+00:00","description":"Die Smart City Conference hat ein starkes Netzwerk an spannenden Partnern, die uns bei der Umsetzung der Konferenz unterst\u00fctzen.","breadcrumb":{"@id":"https:\/\/dfvcg-events.de\/smart-city\/partner\/#breadcrumb"},"inLanguage":"de","potentialAction":[{"@type":"ReadAction","target":["https:\/\/dfvcg-events.de\/smart-city\/partner\/"]}]},{"@type":"BreadcrumbList","@id":"https:\/\/dfvcg-events.de\/smart-city\/partner\/#breadcrumb","itemListElement":[{"@type":"ListItem","position":1,"name":"Startseite","item":"https:\/\/dfvcg-events.de\/smart-city\/"},{"@type":"ListItem","position":2,"name":"Partner"}]},{"@type":"WebSite","@id":"https:\/\/dfvcg-events.de\/smart-city\/#website","url":"https:\/\/dfvcg-events.de\/smart-city\/","name":"SMART CITY Conference","description":"","potentialAction":[{"@type":"SearchAction","target":{"@type":"EntryPoint","urlTemplate":"https:\/\/dfvcg-events.de\/smart-city\/?s={search_term_string}"},"query-input":{"@type":"PropertyValueSpecification","valueRequired":true,"valueName":"search_term_string"}}],"inLanguage":"de"}]}},"_links":{"self":[{"href":"https:\/\/dfvcg-events.de\/smart-city\/wp-json\/wp\/v2\/pages\/1810","targetHints":{"allow":["GET"]}}],"collection":[{"href":"https:\/\/dfvcg-events.de\/smart-city\/wp-json\/wp\/v2\/pages"}],"about":[{"href":"https:\/\/dfvcg-events.de\/smart-city\/wp-json\/wp\/v2\/types\/page"}],"author":[{"embeddable":true,"href":"https:\/\/dfvcg-events.de\/smart-city\/wp-json\/wp\/v2\/users\/1"}],"replies":[{"embeddable":true,"href":"https:\/\/dfvcg-events.de\/smart-city\/wp-json\/wp\/v2\/comments?post=1810"}],"version-history":[{"count":0,"href":"https:\/\/dfvcg-events.de\/smart-city\/wp-json\/wp\/v2\/pages\/1810\/revisions"}],"wp:attachment":[{"href":"https:\/\/dfvcg-events.de\/smart-city\/wp-json\/wp\/v2\/media?parent=1810"}],"curies":[{"name":"wp","href":"https:\/\/api.w.org\/{rel}","templated":true}]}}