{"id":1809,"date":"2022-04-20T21:26:44","date_gmt":"2022-04-20T19:26:44","guid":{"rendered":"https:\/\/dfvcg-events.de\/smart-city\/?page_id=1809"},"modified":"2023-09-25T12:48:32","modified_gmt":"2023-09-25T10:48:32","slug":"programm-2022","status":"publish","type":"page","link":"https:\/\/dfvcg-events.de\/smart-city\/programm-2022\/","title":{"rendered":"Programm 2022"},"content":{"rendered":"<div id='av_section_1'  class='avia-section av-k7yuhjt1-b7d52d2eeeea589fec4ca0c79dea9a99 main_color avia-section-default avia-no-border-styling  avia-builder-el-0  el_before_av_section  avia-builder-el-first  header-verlauf avia-bg-style-scroll container_wrap fullsize'  ><div class='container av-section-cont-open' ><main  role=\"main\" itemprop=\"mainContentOfPage\"  class='template-page content  av-content-full alpha units'><div class='post-entry post-entry-type-page post-entry-1809'><div class='entry-content-wrapper clearfix'>\n\n<style type=\"text\/css\" data-created_by=\"avia_inline_auto\" id=\"style-css-av-kkjl3l31-b5358e92bf0d264eb231a4eac1b77588\">\n#top .av-special-heading.av-kkjl3l31-b5358e92bf0d264eb231a4eac1b77588{\npadding-bottom:0;\ncolor:#ffffff;\n}\nbody .av-special-heading.av-kkjl3l31-b5358e92bf0d264eb231a4eac1b77588 .av-special-heading-tag .heading-char{\nfont-size:25px;\n}\n.av-special-heading.av-kkjl3l31-b5358e92bf0d264eb231a4eac1b77588 .special-heading-inner-border{\nborder-color:#ffffff;\n}\n.av-special-heading.av-kkjl3l31-b5358e92bf0d264eb231a4eac1b77588 .av-subheading{\nfont-size:19px;\ncolor:#ffffff;\n}\n<\/style>\n<div  class='av-special-heading av-kkjl3l31-b5358e92bf0d264eb231a4eac1b77588 av-special-heading-h1 custom-color-heading blockquote modern-quote  avia-builder-el-1  avia-builder-el-no-sibling '><div class='av_custom_color av-subheading av-subheading_above'><p>SMART CITY Conference<\/p>\n<\/div><h1 class='av-special-heading-tag '  itemprop=\"headline\"  >Das war das Programm 2022<\/h1><div class=\"special-heading-border\"><div class=\"special-heading-inner-border\"><\/div><\/div><\/div>\n<\/div><\/div><\/main><!-- close content main element --><\/div><\/div><div id='av_section_2'  class='avia-section av-2jlsj5-ee646c82f8d612fb2f19251c4844bc92 main_color avia-section-default avia-no-border-styling  avia-builder-el-2  el_after_av_section  el_before_av_section  av-desktop-hide av-medium-hide av-small-hide av-mini-hide avia-bg-style-scroll container_wrap fullsize'  ><div class='container av-section-cont-open' ><div class='template-page content  av-content-full alpha units'><div class='post-entry post-entry-type-page post-entry-1809'><div class='entry-content-wrapper clearfix'>\n\n<style type=\"text\/css\" data-created_by=\"avia_inline_auto\" id=\"style-css-av-li1htj2g-9c8a7de0523809d62449edf375526610\">\n#top .av-special-heading.av-li1htj2g-9c8a7de0523809d62449edf375526610{\npadding-bottom:35px;\n}\nbody .av-special-heading.av-li1htj2g-9c8a7de0523809d62449edf375526610 .av-special-heading-tag .heading-char{\nfont-size:25px;\n}\n.av-special-heading.av-li1htj2g-9c8a7de0523809d62449edf375526610 .av-subheading{\nfont-size:15px;\n}\n<\/style>\n<div  class='av-special-heading av-li1htj2g-9c8a7de0523809d62449edf375526610 av-special-heading-h2 blockquote modern-quote  avia-builder-el-3  el_before_av_one_half  avia-builder-el-first '><h2 class='av-special-heading-tag '  itemprop=\"headline\"  >Ganzheitlich. Nachhaltig. Neu gedacht: Strategien f\u00fcr die Stadt von morgen<\/h2><div class=\"special-heading-border\"><div class=\"special-heading-inner-border\"><\/div><\/div><\/div>\n<div class='flex_column_table av-335o1d-9775978aa7cf7c916addbfdb23f46739 sc-av_one_half av-equal-height-column-flextable'><div  class='flex_column av-335o1d-9775978aa7cf7c916addbfdb23f46739 av_one_half  avia-builder-el-4  el_after_av_heading  el_before_av_one_half  first flex_column_table_cell av-equal-height-column av-align-middle  '     ><section  class='av_textblock_section av-li1hvslb-3685a0814d46c3364915424f8a8446df '   itemscope=\"itemscope\" itemtype=\"https:\/\/schema.org\/CreativeWork\" ><div class='avia_textblock'  itemprop=\"text\" ><p>Kuratiert mit der Fachkompetenz der dfv Mediengruppe und namhafter Smart-City-Expert:innen, bietet Ihnen das hochkar\u00e4tig besetzte Kongressprogramm einen strukturierten \u00dcberblick \u00fcber die neuesten Entwicklungen im Bereich Smart City: aktuelle Forschungsergebnisse, Strategien, Einzelprojekte und die Erfahrungen daraus.<br \/>\nTop-Referent:innen aus Deutschland, Europa und den USA pr\u00e4sentieren aktuelle Smart-City-Projekte und Erkenntnisse daraus und stehen f\u00fcr den pers\u00f6nlichen Austausch mit Ihnen zur Verf\u00fcgung. Im Vordergrund stehen dabei immer innovative und ganzheitliche L\u00f6sungen, der Bezug zur Praxis und die praktische Umsetzbarkeit.<\/p>\n<p>Der Kongress findet an zwei Tagen statt. Ein besonderes Highlight ist das exklusive Abend-Event am ersten Veranstaltungstag: Lassen Sie den Tag gemeinsam mit den Referent:innen und Teilnehmenden der Smart-City-Conference, begleitet von exzellenter Kulinarik und einem spektakul\u00e4ren Blick \u00fcber die n\u00e4chtliche Skyline von Frankfurt, ausklingen.<\/p>\n<\/div><\/section><\/div><div class='av-flex-placeholder'><\/div><div  class='flex_column av-sr2zg1-04782bb9774519979e1a21827a70d960 av_one_half  avia-builder-el-6  el_after_av_one_half  el_before_av_one_full  flex_column_table_cell av-equal-height-column av-align-middle  '     ><div  class='avia-slideshow av-rafu4x-f63e497de93792212bb868906590de99 avia-slideshow-medium av_slideshow avia-slide-slider  avia-builder-el-7  avia-builder-el-no-sibling  av-slideshow-ui av-control-default av-nav-dots-visible av-slideshow-autoplay av-loop-endless av-loop-manual-endless av-default-height-applied avia-slideshow-1' data-slideshow-options=\"{&quot;animation&quot;:&quot;slide&quot;,&quot;autoplay&quot;:true,&quot;loop_autoplay&quot;:&quot;endless&quot;,&quot;interval&quot;:3,&quot;loop_manual&quot;:&quot;manual-endless&quot;,&quot;autoplay_stopper&quot;:false,&quot;noNavigation&quot;:false,&quot;bg_slider&quot;:false,&quot;keep_padding&quot;:false,&quot;hoverpause&quot;:false,&quot;show_slide_delay&quot;:0}\"  itemprop=\"image\" itemscope=\"itemscope\" itemtype=\"https:\/\/schema.org\/ImageObject\" ><ul class='avia-slideshow-inner ' style='padding-bottom: 80%;'><li  class='avia-slideshow-slide av-rafu4x-f63e497de93792212bb868906590de99__0  slide-1 slide-odd'><div data-rel='slideshow-1' class='avia-slide-wrap '   ><img decoding=\"async\" fetchpriority=\"high\" class=\"wp-image-3161 avia-img-lazy-loading-not-3161\"  src=\"https:\/\/dfvcg-events.de\/smart-city\/wp-content\/uploads\/sites\/25\/2023\/02\/Smart-City22_14.jpg\" width=\"300\" height=\"240\" title='Smart City22_14' alt=''  itemprop=\"thumbnailUrl\"   \/><\/div><\/li><li  class='avia-slideshow-slide av-rafu4x-f63e497de93792212bb868906590de99__1  slide-2 slide-even'><div data-rel='slideshow-1' class='avia-slide-wrap '   ><img decoding=\"async\" fetchpriority=\"high\" class=\"wp-image-3153 avia-img-lazy-loading-not-3153\"  src=\"https:\/\/dfvcg-events.de\/smart-city\/wp-content\/uploads\/sites\/25\/2023\/02\/Smart-City22_6.jpg\" width=\"300\" height=\"240\" title='Smart City22_6' alt=''  itemprop=\"thumbnailUrl\"   \/><\/div><\/li><li  class='avia-slideshow-slide av-rafu4x-f63e497de93792212bb868906590de99__2  slide-3 slide-odd'><div data-rel='slideshow-1' class='avia-slide-wrap '   ><img decoding=\"async\" fetchpriority=\"high\" class=\"wp-image-3149 avia-img-lazy-loading-not-3149\"  src=\"https:\/\/dfvcg-events.de\/smart-city\/wp-content\/uploads\/sites\/25\/2023\/02\/Smart-City22_2.jpg\" width=\"300\" height=\"240\" title='Smart City22_2' alt=''  itemprop=\"thumbnailUrl\"   \/><\/div><\/li><li  class='avia-slideshow-slide av-rafu4x-f63e497de93792212bb868906590de99__3  slide-4 slide-even'><div data-rel='slideshow-1' class='avia-slide-wrap '   ><img decoding=\"async\" fetchpriority=\"high\" class=\"wp-image-3160 avia-img-lazy-loading-not-3160\"  src=\"https:\/\/dfvcg-events.de\/smart-city\/wp-content\/uploads\/sites\/25\/2023\/02\/Smart-City22_13.jpg\" width=\"300\" height=\"240\" title='Smart City22_13' alt=''  itemprop=\"thumbnailUrl\"   \/><\/div><\/li><li  class='avia-slideshow-slide av-rafu4x-f63e497de93792212bb868906590de99__4  slide-5 slide-odd'><div data-rel='slideshow-1' class='avia-slide-wrap '   ><img decoding=\"async\" fetchpriority=\"high\" class=\"wp-image-3157 avia-img-lazy-loading-not-3157\"  src=\"https:\/\/dfvcg-events.de\/smart-city\/wp-content\/uploads\/sites\/25\/2023\/02\/Smart-City22_10.jpg\" width=\"300\" height=\"240\" title='Smart City22_10' alt=''  itemprop=\"thumbnailUrl\"   \/><\/div><\/li><li  class='avia-slideshow-slide av-rafu4x-f63e497de93792212bb868906590de99__5  slide-6 slide-even'><div data-rel='slideshow-1' class='avia-slide-wrap '   ><img decoding=\"async\" fetchpriority=\"high\" class=\"wp-image-3148 avia-img-lazy-loading-not-3148\"  src=\"https:\/\/dfvcg-events.de\/smart-city\/wp-content\/uploads\/sites\/25\/2023\/02\/Smart-City22_1.jpg\" width=\"300\" height=\"240\" title='Smart City22_1' alt=''  itemprop=\"thumbnailUrl\"   \/><\/div><\/li><li  class='avia-slideshow-slide av-rafu4x-f63e497de93792212bb868906590de99__6  slide-7 slide-odd'><div data-rel='slideshow-1' class='avia-slide-wrap '   ><img decoding=\"async\" fetchpriority=\"high\" class=\"wp-image-3155 avia-img-lazy-loading-not-3155\"  src=\"https:\/\/dfvcg-events.de\/smart-city\/wp-content\/uploads\/sites\/25\/2023\/02\/Smart-City22_8.jpg\" width=\"300\" height=\"240\" title='Smart City22_8' alt=''  itemprop=\"thumbnailUrl\"   \/><\/div><\/li><li  class='avia-slideshow-slide av-rafu4x-f63e497de93792212bb868906590de99__7  slide-8 slide-even'><div data-rel='slideshow-1' class='avia-slide-wrap '   ><img decoding=\"async\" fetchpriority=\"high\" class=\"wp-image-3154 avia-img-lazy-loading-not-3154\"  src=\"https:\/\/dfvcg-events.de\/smart-city\/wp-content\/uploads\/sites\/25\/2023\/02\/Smart-City22_7.jpg\" width=\"300\" height=\"240\" title='Smart City22_7' alt=''  itemprop=\"thumbnailUrl\"   \/><\/div><\/li><li  class='avia-slideshow-slide av-rafu4x-f63e497de93792212bb868906590de99__8  slide-9 slide-odd'><div data-rel='slideshow-1' class='avia-slide-wrap '   ><img decoding=\"async\" fetchpriority=\"high\" class=\"wp-image-3158 avia-img-lazy-loading-not-3158\"  src=\"https:\/\/dfvcg-events.de\/smart-city\/wp-content\/uploads\/sites\/25\/2023\/02\/Smart-City22_11.jpg\" width=\"300\" height=\"240\" title='Smart City22_11' alt=''  itemprop=\"thumbnailUrl\"   \/><\/div><\/li><li  class='avia-slideshow-slide av-rafu4x-f63e497de93792212bb868906590de99__9  slide-10 slide-even'><div data-rel='slideshow-1' class='avia-slide-wrap '   ><img decoding=\"async\" fetchpriority=\"high\" class=\"wp-image-3152 avia-img-lazy-loading-not-3152\"  src=\"https:\/\/dfvcg-events.de\/smart-city\/wp-content\/uploads\/sites\/25\/2023\/02\/Smart-City22_5.jpg\" width=\"300\" height=\"240\" title='Smart City22_5' alt=''  itemprop=\"thumbnailUrl\"   \/><\/div><\/li><li  class='avia-slideshow-slide av-rafu4x-f63e497de93792212bb868906590de99__10  slide-11 slide-odd'><div data-rel='slideshow-1' class='avia-slide-wrap '   ><img decoding=\"async\" fetchpriority=\"high\" class=\"wp-image-3156 avia-img-lazy-loading-not-3156\"  src=\"https:\/\/dfvcg-events.de\/smart-city\/wp-content\/uploads\/sites\/25\/2023\/02\/Smart-City22_9.jpg\" width=\"300\" height=\"240\" title='Smart City22_9' alt=''  itemprop=\"thumbnailUrl\"   \/><\/div><\/li><li  class='avia-slideshow-slide av-rafu4x-f63e497de93792212bb868906590de99__11  slide-12 slide-even'><div data-rel='slideshow-1' class='avia-slide-wrap '   ><img decoding=\"async\" fetchpriority=\"high\" class=\"wp-image-3151 avia-img-lazy-loading-not-3151\"  src=\"https:\/\/dfvcg-events.de\/smart-city\/wp-content\/uploads\/sites\/25\/2023\/02\/Smart-City22_4.jpg\" width=\"300\" height=\"240\" title='Smart City22_4' alt=''  itemprop=\"thumbnailUrl\"   \/><\/div><\/li><li  class='avia-slideshow-slide av-rafu4x-f63e497de93792212bb868906590de99__12  slide-13 slide-odd'><div data-rel='slideshow-1' class='avia-slide-wrap '   ><img decoding=\"async\" fetchpriority=\"high\" class=\"wp-image-3159 avia-img-lazy-loading-not-3159\"  src=\"https:\/\/dfvcg-events.de\/smart-city\/wp-content\/uploads\/sites\/25\/2023\/02\/Smart-City22_12.jpg\" width=\"300\" height=\"240\" title='Smart City22_12' alt=''  itemprop=\"thumbnailUrl\"   \/><\/div><\/li><li  class='avia-slideshow-slide av-rafu4x-f63e497de93792212bb868906590de99__13  slide-14 slide-even'><div data-rel='slideshow-1' class='avia-slide-wrap '   ><img decoding=\"async\" fetchpriority=\"high\" class=\"wp-image-3150 avia-img-lazy-loading-not-3150\"  src=\"https:\/\/dfvcg-events.de\/smart-city\/wp-content\/uploads\/sites\/25\/2023\/02\/Smart-City22_3.jpg\" width=\"300\" height=\"240\" title='Smart City22_3' alt=''  itemprop=\"thumbnailUrl\"   \/><\/div><\/li><li  class='avia-slideshow-slide av-rafu4x-f63e497de93792212bb868906590de99__14  slide-15 slide-odd'><div data-rel='slideshow-1' class='avia-slide-wrap '   ><img decoding=\"async\" fetchpriority=\"high\" class=\"wp-image-3147 avia-img-lazy-loading-not-3147\"  src=\"https:\/\/dfvcg-events.de\/smart-city\/wp-content\/uploads\/sites\/25\/2023\/02\/Smart-City22_15.jpg\" width=\"300\" height=\"240\" title='Smart City22_15' alt=''  itemprop=\"thumbnailUrl\"   \/><\/div><\/li><\/ul><div class='avia-slideshow-arrows avia-slideshow-controls' ><a href='#prev' class='prev-slide  avia-svg-icon avia-font-svg_entypo-fontello' data-av_svg_icon='left-open-big' data-av_iconset='svg_entypo-fontello' tabindex='-1' title=\"Zur\u00fcck\"><svg version=\"1.1\" xmlns=\"http:\/\/www.w3.org\/2000\/svg\" width=\"15\" height=\"32\" viewBox=\"0 0 15 32\" preserveAspectRatio=\"xMidYMid meet\" aria-labelledby='av-svg-title-1' aria-describedby='av-svg-desc-1' role=\"graphics-symbol\" aria-hidden=\"true\">\n<title id='av-svg-title-1'>Zur\u00fcck<\/title>\n<desc id='av-svg-desc-1'>Zur\u00fcck<\/desc>\n<path d=\"M14.464 27.84q0.832 0.832 0 1.536-0.832 0.832-1.536 0l-12.544-12.608q-0.768-0.768 0-1.6l12.544-12.608q0.704-0.832 1.536 0 0.832 0.704 0 1.536l-11.456 11.904z\"><\/path>\n<\/svg><span class='avia_hidden_link_text'>Zur\u00fcck<\/span><\/a><a href='#next' class='next-slide  avia-svg-icon avia-font-svg_entypo-fontello' data-av_svg_icon='right-open-big' data-av_iconset='svg_entypo-fontello' tabindex='-1' title=\"Weiter\"><svg version=\"1.1\" xmlns=\"http:\/\/www.w3.org\/2000\/svg\" width=\"15\" height=\"32\" viewBox=\"0 0 15 32\" preserveAspectRatio=\"xMidYMid meet\" aria-labelledby='av-svg-title-2' aria-describedby='av-svg-desc-2' role=\"graphics-symbol\" aria-hidden=\"true\">\n<title id='av-svg-title-2'>Weiter<\/title>\n<desc id='av-svg-desc-2'>Weiter<\/desc>\n<path d=\"M0.416 27.84l11.456-11.84-11.456-11.904q-0.832-0.832 0-1.536 0.832-0.832 1.536 0l12.544 12.608q0.768 0.832 0 1.6l-12.544 12.608q-0.704 0.832-1.536 0-0.832-0.704 0-1.536z\"><\/path>\n<\/svg><span class='avia_hidden_link_text'>Weiter<\/span><\/a><\/div><div class='avia-slideshow-dots avia-slideshow-controls'><a href='#1' class='goto-slide active' >1<\/a><a href='#2' class='goto-slide ' >2<\/a><a href='#3' class='goto-slide ' >3<\/a><a href='#4' class='goto-slide ' >4<\/a><a href='#5' class='goto-slide ' >5<\/a><a href='#6' class='goto-slide ' >6<\/a><a href='#7' class='goto-slide ' >7<\/a><a href='#8' class='goto-slide ' >8<\/a><a href='#9' class='goto-slide ' >9<\/a><a href='#10' class='goto-slide ' >10<\/a><a href='#11' class='goto-slide ' >11<\/a><a href='#12' class='goto-slide ' >12<\/a><a href='#13' class='goto-slide ' >13<\/a><a href='#14' class='goto-slide ' >14<\/a><a href='#15' class='goto-slide ' >15<\/a><\/div><\/div><\/div><\/div><!--close column table wrapper. Autoclose: 1 --><div  class='flex_column av-1vnqkx-b1a4916b9e9efcfebfa0c837b34ab2d8 av_one_full  avia-builder-el-8  el_after_av_one_half  avia-builder-el-last  first flex_column_div  column-top-margin'     ><section  class='av_textblock_section av-li9z4ahg-f296309fdf636d1d5377ff22b8fb0fc7 '   itemscope=\"itemscope\" itemtype=\"https:\/\/schema.org\/CreativeWork\" ><div class='avia_textblock'  itemprop=\"text\" ><p>Folgende Themen stehen im Mittelpunkt der Smart City Conference 2023:<\/p>\n<p>\u2022 <strong>GRUNDLAGEN:<\/strong> Einordnung aktueller Entwicklungen beim Thema Smart City, die wichtigsten Einflussfaktoren und Fallstricke bei der Planung und Realisierung.<br \/>\n\u2022 <strong>BEST PRACTICE:<\/strong> Richtungsweisende nationale und internationale Smart-City-Umsetzungen. Neue Ans\u00e4tze und Erfahrungen in City-Quartieren und Innenstadt-Lagen.<br \/>\n\u2022 <strong>STADTPLANUNG:<\/strong> Innovative internationale L\u00f6sungen aus Architektur und St\u00e4dtebau.<br \/>\n\u2022<strong> MOBILIT\u00c4T, TRANSPORT UND LOGISTIK:<\/strong> Intelligente Optimierung der Verkehrsstr\u00f6me als Komponenten auf dem Weg zur Smart City. Neue Versorgungskonzepte f\u00fcr den urbanen Raum. Wer macht das Rennen auf der letzten Meile?<br \/>\n\u2022 <strong>HANDEL IN DER CITY:<\/strong> Strategien f\u00fcr attraktivere Innenst\u00e4dte und Einkaufsstra\u00dfen. Konzepte von H\u00e4ndlern und unterst\u00fctzende Ma\u00dfnahmen der Kommunen.<br \/>\n\u2022 <strong>KONSUMENTEN:<\/strong> Nutzungsgewohnheiten von Konsumenten und ihre Erwartungen an die Stadt von morgen: Worauf m\u00fcssen sich Kommunen, Planer und Unternehmen einstellen?<\/p>\n<p>Das komplette Programm der Veranstaltung ver\u00f6ffentlichen wir in K\u00fcrze.<\/p>\n<\/div><\/section><\/div>\n<\/p>\n<\/div><\/div><\/div><!-- close content main div --><\/div><\/div><div id='av_section_3'  class='avia-section av-35n9ch-63787e3d20361c2aeabd904161fb3c33 main_color avia-section-default avia-no-border-styling  avia-builder-el-10  el_after_av_section  el_before_av_section  av-desktop-hide av-medium-hide av-small-hide av-mini-hide avia-bg-style-scroll container_wrap fullsize'  ><div class='container av-section-cont-open' ><div class='template-page content  av-content-full alpha units'><div class='post-entry post-entry-type-page post-entry-1809'><div class='entry-content-wrapper clearfix'>\n<div  class='flex_column av-3v7ts1-4e062147f1178c9bc4b2b39ff4e25206 av_one_half  avia-builder-el-11  el_before_av_one_half  avia-builder-el-first  first flex_column_div  '     ><div  class='avia-video av-2adcxt-7d49a468f74ecedb1bd3baff7e6d979c avia-video-16-9 av-no-preview-image avia-video-load-always avia-video-html5'  itemprop=\"video\" itemtype=\"https:\/\/schema.org\/VideoObject\"  data-original_url='https:\/\/dfvcg-events.de\/smart-city\/wp-content\/uploads\/sites\/25\/2022\/08\/Susan-Collins_2_Programm.mp4'><video class='avia_video'    preload=\"auto\"  controls id='player_1809_1590966318_343085312'><source src='https:\/\/dfvcg-events.de\/smart-city\/wp-content\/uploads\/sites\/25\/2022\/08\/Susan-Collins_2_Programm.mp4' type='video\/mp4' \/><\/video><\/div><\/div><div  class='flex_column av-43jedxd-8b7f9e64aa026b393b4ddfa62e5ddfe7 av_one_half  avia-builder-el-13  el_after_av_one_half  el_before_av_one_half  flex_column_div  '     ><section  class='av_textblock_section av-l5mh1w01-a5b78d71602d4c54f52c6d25a5890cdc '   itemscope=\"itemscope\" itemtype=\"https:\/\/schema.org\/CreativeWork\" ><div class='avia_textblock'  itemprop=\"text\" ><p>Nutzen Sie <strong>2 halbe Tage &amp; einen kulinarischen Networkingabend mit kompakt zusammengestellten Inhalten,<\/strong> um bestens zum Thema Smart City ger\u00fcstet zu werden und die j\u00fcngsten Entwicklungen und Erkenntnisse verdichtet pr\u00e4sentiert zu bekommen.<\/p>\n<p>Diskutieren Sie mit den <strong>TOP-Referenten<\/strong> aus Nordamerika und Europa und den <strong>TOP-Entscheidern<\/strong> anderer Unternehmen, St\u00e4dte und Organisationen.<\/p>\n<p><strong>Verstehen Sie die Smart City-Fallstricke und nutzen Sie F\u00f6rderprogramme<\/strong> f\u00fcr innovative ganzheitliche L\u00f6sungen.<\/p>\n<p>Tauschen Sie sich mit Blick \u00fcber die Metropolregion Frankfurt \u00fcber die Zusammenh\u00e4nge und Optionen von Smart City-L\u00f6sungen aus und lassen Sie uns den Tag mit kulinarischen Gen\u00fcssen zum Abend mit einem Blick \u00fcber die n\u00e4chtliche Skyline von Frankfurt gemeinsam ausklingen.<\/p>\n<\/div><\/section><\/div><div  class='flex_column av-558mu9-9605d1b70b76540fd3f6026c3a9ea8c2 av_one_half  avia-builder-el-15  el_after_av_one_half  el_before_av_one_half  first flex_column_div  column-top-margin'     ><p>\n<style type=\"text\/css\" data-created_by=\"avia_inline_auto\" id=\"style-css-av-l6nn9pnz-4908f81bc42a703354e0e74be0a3066d\">\n#top .av-special-heading.av-l6nn9pnz-4908f81bc42a703354e0e74be0a3066d{\npadding-bottom:10px;\ncolor:#000000;\n}\nbody .av-special-heading.av-l6nn9pnz-4908f81bc42a703354e0e74be0a3066d .av-special-heading-tag .heading-char{\nfont-size:25px;\n}\n.av-special-heading.av-l6nn9pnz-4908f81bc42a703354e0e74be0a3066d .special-heading-inner-border{\nborder-color:#000000;\n}\n.av-special-heading.av-l6nn9pnz-4908f81bc42a703354e0e74be0a3066d .av-subheading{\nfont-size:15px;\n}\n<\/style>\n<div  class='av-special-heading av-l6nn9pnz-4908f81bc42a703354e0e74be0a3066d av-special-heading-h3 custom-color-heading blockquote modern-quote  avia-builder-el-16  el_before_av_textblock  avia-builder-el-first '><h3 class='av-special-heading-tag '  itemprop=\"headline\"  >Die Hauptthemen der 1. Smart City Conference:<\/h3><div class=\"special-heading-border\"><div class=\"special-heading-inner-border\"><\/div><\/div><\/div><br \/>\n<section  class='av_textblock_section av-4usow1-3b2b21d4d6ca160ea7de0497417e316c '   itemscope=\"itemscope\" itemtype=\"https:\/\/schema.org\/CreativeWork\" ><div class='avia_textblock'  itemprop=\"text\" ><ul>\n<li><strong>Von den Grundlagen zum big picture<\/strong><br \/>\nEinordnung der Smart City-Dimensionen, Zusammenwirken und Fallstricke<\/li>\n<li><strong>Neubau und Ver\u00e4nderungen im Bestand<\/strong><br \/>\nAns\u00e4tze und Lerneffekte in neuen Quartieren und traditionellen Innenst\u00e4dten<\/li>\n<li><strong>Attraktive Innenst\u00e4dte: Shopping oder Showroom?<\/strong><br \/>\nWie bleiben Zentrum und Gesch\u00e4ftsstra\u00dfen attraktiv?<br \/>\nWas bedeutet das zudem f\u00fcr die letzte Meile und die st\u00e4dtischen Einnahmen?<\/li>\n<li><strong>Smart City als Entwicklungsboost<\/strong><br \/>\nInnovative L\u00f6sungen von Architekt:innen<\/li>\n<li><strong>Insides: Internationale Smart City-Ans\u00e4tze<\/strong><br \/>\nLerneffekte und \u00dcbertragbarkeit: Wie k\u00f6nnen die Bed\u00fcrfnisse aller Stakeholder ber\u00fccksichtigt werden?<\/li>\n<li><strong>Austausch: DO\u2018s &amp; DON&#8217;Ts<\/strong><br \/>\nbei Smart City-Realisierungen. Welche Fehler\/Problematiken k\u00f6nnen vermieden werden?<\/li>\n<\/ul>\n<\/div><\/section><\/p><\/div><div  class='flex_column av-2xj4dd-09ab0692e4dae8907d47f424eab4c3fe av_one_half  avia-builder-el-18  el_after_av_one_half  avia-builder-el-last  flex_column_div  column-top-margin'     ><p><section  class='av_textblock_section av-l6kliiho-ff8dbdc2a05b7685dfe3e3c899af7b38 '   itemscope=\"itemscope\" itemtype=\"https:\/\/schema.org\/CreativeWork\" ><div class='avia_textblock'  itemprop=\"text\" ><p>Laden Sie sich das Programm zur Smart City Conference 2022 herunter.<\/p>\n<\/div><\/section><br \/>\n<div  class='avia-button-wrap av-l6klm0fi-0772b4264950e43a846311df392f8435-wrap avia-button-center  avia-builder-el-20  el_after_av_textblock  el_before_av_hr '><a href='https:\/\/dfvcg-events.de\/smart-city\/wp-content\/uploads\/sites\/25\/2022\/11\/SmartCity_Programm_205x290_311022_1.pdf'  class='avia-button av-l6klm0fi-0772b4264950e43a846311df392f8435 av-link-btn avia-icon_select-yes-left-icon avia-size-small avia-position-center avia-color-theme-color'  target=\"_blank\"  rel=\"noopener noreferrer\"  aria-label=\"Programm\"><span class='avia_button_icon avia_button_icon_left avia-iconfont avia-font-entypo-fontello' data-av_icon='\ue850' data-av_iconfont='entypo-fontello' ><\/span><span class='avia_iconbox_title' >Programm<\/span><\/a><\/div><br \/>\n\n<style type=\"text\/css\" data-created_by=\"avia_inline_auto\" id=\"style-css-av-l6m8c2bz-27c1f6c9d39f5a106c878201e4aa9bf2\">\n#top .hr.hr-invisible.av-l6m8c2bz-27c1f6c9d39f5a106c878201e4aa9bf2{\nheight:50px;\n}\n<\/style>\n<div  class='hr av-l6m8c2bz-27c1f6c9d39f5a106c878201e4aa9bf2 hr-invisible  avia-builder-el-21  el_after_av_button  el_before_av_video '><span class='hr-inner '><span class=\"hr-inner-style\"><\/span><\/span><\/div><br \/>\n<div  class='avia-video av-l6m8bp8w-425d8c36d3fc2e2e36ba4fa81c9925c9 avia-video-16-9 av-no-preview-image avia-video-load-always avia-video-html5'  itemprop=\"video\" itemtype=\"https:\/\/schema.org\/VideoObject\"  data-original_url='https:\/\/dfvcg-events.de\/smart-city\/wp-content\/uploads\/sites\/25\/2022\/08\/Nick_Yvas_2_PRogramm_neu.mp4'><video class='avia_video'    preload=\"auto\"  controls id='player_1809_2041338612_1690647814'><source src='https:\/\/dfvcg-events.de\/smart-city\/wp-content\/uploads\/sites\/25\/2022\/08\/Nick_Yvas_2_PRogramm_neu.mp4' type='video\/mp4' \/><\/video><\/div><\/p><\/div>\n\n<\/div><\/div><\/div><!-- close content main div --><\/div><\/div><div id='av_section_4'  class='avia-section av-kkjl4gp5-9adda9f100f218be134def1d7cb0a8a8 main_color avia-section-default avia-no-shadow  avia-builder-el-23  el_after_av_section  el_before_av_section  avia-bg-style-scroll container_wrap fullsize'  ><div class='container av-section-cont-open' ><div class='template-page content  av-content-full alpha units'><div class='post-entry post-entry-type-page post-entry-1809'><div class='entry-content-wrapper clearfix'>\n\n<style type=\"text\/css\" data-created_by=\"avia_inline_auto\" id=\"style-css-av-7l30uo-3c1dace47b0b6721f5a413c349d742ed\">\n#top .av-special-heading.av-7l30uo-3c1dace47b0b6721f5a413c349d742ed{\npadding-bottom:10px;\n}\nbody .av-special-heading.av-7l30uo-3c1dace47b0b6721f5a413c349d742ed .av-special-heading-tag .heading-char{\nfont-size:25px;\n}\n.av-special-heading.av-7l30uo-3c1dace47b0b6721f5a413c349d742ed .av-subheading{\nfont-size:15px;\n}\n<\/style>\n<div  class='av-special-heading av-7l30uo-3c1dace47b0b6721f5a413c349d742ed av-special-heading-h2 blockquote modern-quote  avia-builder-el-24  el_before_av_table  avia-builder-el-first '><h2 class='av-special-heading-tag '  itemprop=\"headline\"  >Tag 1<\/h2><div class='av-subheading av-subheading_below'><p>17. November 2022<\/p>\n<\/div><div class=\"special-heading-border\"><div class=\"special-heading-inner-border\"><\/div><\/div><\/div>\n<div class='avia-data-table-wrap av-23hnwg1-c19e0d6140a0426bde5e026fd591eb6c avia_responsive_table avia-table-1'><table  id=\"programm-tabelle\"  class='avia-table avia-data-table avia_pricing_default  avia-builder-el-25  el_after_av_heading  avia-builder-el-last  programm-tabelle'  itemscope=\"itemscope\" itemtype=\"https:\/\/schema.org\/Table\" ><tbody><tr class=''><th class='avia-desc-col'><\/th><td class=''><\/td><td class=''><\/td><\/tr><tr class=''><th class='avia-desc-col'>15.00<\/th><td class=''><b> Registrierung &amp; Networking <\/b><br \/>\n<\/td><td class=''><\/td><\/tr><tr class=''><th class='avia-desc-col'><\/th><td class=''><b>Moderation des Tages<\/b><\/td><td class=''>Prof. Dr. Markus Mau, Direktor des Instituts f\u00fcr Innovative Strategien, Smart City Concepts-Start Up Gr\u00fcnder<\/td><\/tr><tr class=''><th class='avia-desc-col'>16.00<\/th><td class=''><b> Er\u00f6ffnung &amp; Welcome <\/b><br \/>\n<\/td><td class=''>Christian Kuhn, Gesch\u00e4ftsf\u00fchrer, dfv Conference Group<\/td><\/tr><tr class=''><th class='avia-desc-col'><\/th><td class=''><b> Welcome <\/b><\/td><td class=''>Christiane Lehmann, Senior Managerin, PwC <\/td><\/tr><tr class=''><th class='avia-desc-col'><\/th><td class=''><b> VON DEN GRUNDLAGEN ZUM BIG PICTURE <\/b><\/p>\n<\/td><td class=''><\/td><\/tr><tr class=''><th class='avia-desc-col'>16.15<br \/>\n<\/th><td class=''><b> Einordnung: Smart City \u2013Der Pfad von der Entwicklung einer mehrdimensionalen Strategie zu konkreten Projekten <\/b><\/p>\n<p>Einordnung der Smart City-Dimensionen, Zusammenwirken und Fallstricke<\/p>\n<\/td><td class=''>Prof. Dr. Markus Mau, Direktor des Instituts f\u00fcr Innovative Strategien, Smart City Concepts-Start Up Gr\u00fcnder<br \/>\n<\/td><\/tr><tr class=''><th class='avia-desc-col'>16.45<\/p>\n<\/th><td class=''><b>Keynote: Smart City out of the box &#8211; leichter Einstieg in ein gewichtiges Zukunftsthema <\/b><br \/>\n<\/td><td class=''>Christiane Lehmann, Senior Managerin, PwC<br \/>\nGernot Bahle, Senior Manager, PwC<br \/>\n<\/td><\/tr><tr class=''><th class='avia-desc-col'>17.15<br \/>\n<\/th><td class=''><b> Networking-Break<\/b><br \/>\n<\/td><td class=''><\/td><\/tr><tr class=''><th class='avia-desc-col'><\/th><td class=''><b> SMART CITY \u2013 A GLOBAL PERSPECTIVE <b><\/td><td class=''><\/td><\/tr><tr class=''><th class='avia-desc-col'>18.00<\/th><td class=''><b>Keynote: Internationale Perspektive <\/b> (Vortrag in Englisch)<\/b><\/b><\/p>\n<p>Challenges aufnehmen, Wachstum und Ver\u00e4nderung meistern, Entwicklung eines intelligenten Eco-Systems in St\u00e4dten\/Ballungsr\u00e4umen <\/td><td class=''>Prof. Dr. Nick Vyas, Executive Director, Global Supply Chain Management Institute University of Southern California, Los Angeles<\/td><\/tr><tr class=''><th class='avia-desc-col'>18.15<\/th><td class=''><b>Interaktive Diskussion (Podium, in Englisch):<br \/>\nWie erfasst man die inter-dimensionalen Herausforderungen, um das Ziel \u201aSmart City\u2018 holistisch zu erreichen? <\/b><\/p>\n<p>Internationale Smart City Ans\u00e4tze: Lernen \u00fcber die Pr\u00e4missen der Akteure<\/td><td class=''>Susan Collins, Vorstand, Neighborhood Council Los Angeles<br \/>\nProf. Dr.-Ing. Thomas Wimmer, Vorstandsvorsitzender, BVL e.V.: Urbane Logistik<br \/>\nProf. Dr. Nick Vyas, Executive Director, Global Supply Chain Management Institute University of Southern California, Los Angeles<\/td><\/tr><tr class=''><th class='avia-desc-col'>19.00<\/th><td class=''><b> Closing und Learning <\/b><\/td><td class=''>Prof. Dr. Markus Mau, Direktor des Instituts f\u00fcr Innovative Strategien, Smart City Concepts-Start Up Gr\u00fcnder<\/td><\/tr><tr class=''><th class='avia-desc-col'>19.15<\/th><td class=''><b> Start kulinarischer Networking-Abend <\/b><\/p>\n<p>Lassen Sie den ersten Kongresstag im 48. Stock mit Blick \u00fcber Frankfurt ausklingen.<br \/>\nGenie\u00dfen Sie einen kulinarischen Abend und tauschen Sie sich mit den Teilnehmenden aus, um bestehende Kontakte zu vertiefen und neue Kontakte zu kn\u00fcpfen.<br \/>\n<\/td><td class=''><\/td><\/tr><\/tbody><\/table><\/div><style type='text\/css'>.avia-table-1 td:nth-of-type(1):before { content: ''; } <\/style>\n\n<\/div><\/div><\/div><!-- close content main div --><\/div><\/div><div id='av_section_5'  class='avia-section av-kkjl4gp5-3-0bda83729658a8f281f35b7a99dcbaae main_color avia-section-default avia-no-shadow  avia-builder-el-26  el_after_av_section  avia-builder-el-last  avia-bg-style-scroll container_wrap fullsize'  ><div class='container av-section-cont-open' ><div class='template-page content  av-content-full alpha units'><div class='post-entry post-entry-type-page post-entry-1809'><div class='entry-content-wrapper clearfix'>\n\n<style type=\"text\/css\" data-created_by=\"avia_inline_auto\" id=\"style-css-av-6w3hd4-8bd8b5af2751fe90c19072d54673734a\">\n#top .av-special-heading.av-6w3hd4-8bd8b5af2751fe90c19072d54673734a{\npadding-bottom:10px;\n}\nbody .av-special-heading.av-6w3hd4-8bd8b5af2751fe90c19072d54673734a .av-special-heading-tag .heading-char{\nfont-size:25px;\n}\n.av-special-heading.av-6w3hd4-8bd8b5af2751fe90c19072d54673734a .av-subheading{\nfont-size:15px;\n}\n<\/style>\n<div  class='av-special-heading av-6w3hd4-8bd8b5af2751fe90c19072d54673734a av-special-heading-h2 blockquote modern-quote  avia-builder-el-27  el_before_av_table  avia-builder-el-first '><h2 class='av-special-heading-tag '  itemprop=\"headline\"  >Tag 2<\/h2><div class='av-subheading av-subheading_below'><p>18. November 2022<\/p>\n<\/div><div class=\"special-heading-border\"><div class=\"special-heading-inner-border\"><\/div><\/div><\/div>\n<div class='avia-data-table-wrap av-9insx4-2-28cbb78d624b362857a0045d09d66e55 avia_responsive_table avia-table-2'><table  id=\"programm-tabelle\"  class='avia-table avia-data-table avia_pricing_default  avia-builder-el-28  el_after_av_heading  avia-builder-el-last  programm-tabelle'  itemscope=\"itemscope\" itemtype=\"https:\/\/schema.org\/Table\" ><tbody><tr class=''><th class='avia-desc-col'><\/th><td class=''><\/td><td class=''><\/td><\/tr><tr class=''><th class='avia-desc-col'>09.00<\/th><td class=''><b>Er\u00f6ffnung &amp; Welcome<br \/>\nEinleitung <\/b><\/p>\n<p>Pr\u00e4sentation und Diskussion von Eckpfeilern sowie wichtigen Basisentscheidungen f\u00fcr eine konsistente Smart City-Strategie. Hierzu werden ausgew\u00e4hlte \u00dcberlegungen zur Entwicklung der Smart City-Komponenten vorgestellt, eingeordnet und bewertet.<\/td><td class=''>Prof. Dr. Markus Mau, Direktor des Instituts f\u00fcr Innovative Strategien, Smart City Concepts-Start Up Gr\u00fcnder<\/td><\/tr><tr class=''><th class='avia-desc-col'><\/th><td class=''><b> SMART CITY ALS ENTWICKLUNGSBOOST &#8211; NEUBAU UND VER\u00c4NDERUNGEN IM BESTAND <\/b><br \/>\n<\/td><td class=''><\/td><\/tr><tr class=''><th class='avia-desc-col'>09.15<\/th><td class=''><b> Impuls: Smartest Cities <\/b><\/p>\n<p>Design with the future in mind<br \/>\n(Vortrag in englischer Sprache)<\/td><td class=''>Clarissa Alfrink, Managing Director \/ Gesch\u00e4ftsf\u00fchrerin, UN Studio Frankfurt <\/td><\/tr><tr class=''><th class='avia-desc-col'>09.45<\/th><td class=''><b> Impuls: Attraktive Innenst\u00e4dte: Shopping oder Showroom und Lebensraum Stadt? <\/b><\/p>\n<p>Wie bleiben St\u00e4dte attraktiv?<br \/>\nWas bedeutet das zudem f\u00fcr die letzte Meile und die st\u00e4dtischen Einnahmen?<br \/>\nInkl. reales Beispiel Die Planung eines neuen Viertels: vom G\u00fcterbahnhof zum Lok-Viertel.<br \/>\nWie aus einem G\u00fcterbahnhofsgel\u00e4nde ein smartes Quartier mit integriertem KI Campus zum Wohnen und Arbeiten entsteht.<br \/>\n<\/td><td class=''>Prof. Dr. Felix Osterheider, Vorstandsvorsitzender, Aloys &amp; Brigitte Coppenrath Stiftung<\/td><\/tr><tr class=''><th class='avia-desc-col'>10.15<\/th><td class=''><b>Smart Administration &amp; Planning<\/b><br \/>\nDigitalisierungsoffensive f\u00fcr Verwaltung und Stadtgesellschaft<br \/>\n<\/td><td class=''>Michael Kimberger, Leiter Innovations-Motor Smart City, Deutsche Telekom Business Solutions GmbH<br \/>\n<\/td><\/tr><tr class=''><th class='avia-desc-col'>10.45<\/p>\n<\/th><td class=''><b> Networking-Break <\/b><br \/>\n<\/td><td class=''><\/td><\/tr><tr class=''><th class='avia-desc-col'><\/th><td class=''><b> DIE ERLEBBARE STADT \u2013 ATTRAKTIVE INNENST\u00c4DTE: SHOPPING, SHOWROOM UND MEHR<\/b><\/td><td class=''><\/td><\/tr><tr class=''><th class='avia-desc-col'>11.30<br \/>\n<\/th><td class=''><b> Impuls: Treffpunkt Innenstadt: Durch Kommunikation und Information den Dialog in einer smarteren City pushen <\/b><\/p>\n<\/td><td class=''>Hermann Meyersick, Gesch\u00e4ftsf\u00fchrer, Str\u00f6er Deutsche St\u00e4dte Medien<\/td><\/tr><tr class=''><th class='avia-desc-col'>11.50<\/th><td class=''><b> Impuls: Nahversorger als Stadtentwickler: Zukunftsf\u00e4hige und flexible Entwicklung von Handelsstandorten <\/b><\/p>\n<\/td><td class=''>Dirk Brunner, Leiter Immobilienregion S\u00fcdwest, LIDL<\/td><\/tr><tr class=''><th class='avia-desc-col'><\/th><td class=''><b> SMART CITY-PROJEKTE BESSER REALISIEREN <\/b><br \/>\n<\/td><td class=''><\/td><\/tr><tr class=''><th class='avia-desc-col'>12.10<\/th><td class=''><b> Impuls: City-Apps in Deutschland \u2013 Hype oder Zukunft? <\/b><\/p>\n<p>Einblick in die City-App Deutschland-Studie <\/td><td class=''>Achim Gebhardt, Partner CIMA Beratung + Management GmbH<br \/>\nLeiter cima.digital<br \/>\n<\/td><\/tr><tr class=''><th class='avia-desc-col'>12.30<\/th><td class=''><b>Impuls: F\u00f6rderm\u00f6glichkeiten f\u00fcr Smart City Projekte<\/b><\/p>\n<p>Potentiale, Herausforderungen und Erfolgsfaktoren<br \/>\n<\/td><td class=''>Dr. Friedrich Kneuper, Manager, PwC<\/p>\n<\/td><\/tr><tr class=''><th class='avia-desc-col'>13.00<\/th><td class=''><b> Ende der Smart City Conference &amp; Farewell Kaffee <\/b><\/td><td class=''><\/td><\/tr><\/tbody><\/table><\/div><style type='text\/css'>.avia-table-2 td:nth-of-type(1):before { content: ''; } <\/style>\n\n","protected":false},"excerpt":{"rendered":"","protected":false},"author":1,"featured_media":0,"parent":0,"menu_order":0,"comment_status":"closed","ping_status":"closed","template":"","meta":{"footnotes":""},"class_list":["post-1809","page","type-page","status-publish","hentry"],"yoast_head":"<!-- This site is optimized with the Yoast SEO plugin v27.4 - https:\/\/yoast.com\/product\/yoast-seo-wordpress\/ -->\n<title>Programm 2022 - SMART CITY Conference<\/title>\n<meta name=\"description\" content=\"2 halbe Tage &amp; einen kulinarischer Networkingabend mit kompakt zusammengestellten Inhalten, um bestens zum Thema Smart City ger\u00fcstet zu sein.\" \/>\n<meta name=\"robots\" content=\"index, follow, max-snippet:-1, max-image-preview:large, max-video-preview:-1\" \/>\n<link rel=\"canonical\" href=\"https:\/\/dfvcg-events.de\/smart-city\/programm-2022\/\" \/>\n<meta property=\"og:locale\" content=\"de_DE\" \/>\n<meta property=\"og:type\" content=\"article\" \/>\n<meta property=\"og:title\" content=\"Programm 2022 - SMART CITY Conference\" \/>\n<meta property=\"og:description\" content=\"2 halbe Tage &amp; einen kulinarischer Networkingabend mit kompakt zusammengestellten Inhalten, um bestens zum Thema Smart City ger\u00fcstet zu sein.\" \/>\n<meta property=\"og:url\" content=\"https:\/\/dfvcg-events.de\/smart-city\/programm-2022\/\" \/>\n<meta property=\"og:site_name\" content=\"SMART CITY Conference\" \/>\n<meta property=\"article:modified_time\" content=\"2023-09-25T10:48:32+00:00\" \/>\n<meta name=\"twitter:card\" content=\"summary_large_image\" \/>\n<meta name=\"twitter:label1\" content=\"Gesch\u00e4tzte Lesezeit\" \/>\n\t<meta name=\"twitter:data1\" content=\"17\u00a0Minuten\" \/>\n<script type=\"application\/ld+json\" class=\"yoast-schema-graph\">{\"@context\":\"https:\\\/\\\/schema.org\",\"@graph\":[{\"@type\":\"WebPage\",\"@id\":\"https:\\\/\\\/dfvcg-events.de\\\/smart-city\\\/programm-2022\\\/\",\"url\":\"https:\\\/\\\/dfvcg-events.de\\\/smart-city\\\/programm-2022\\\/\",\"name\":\"Programm 2022 - SMART CITY Conference\",\"isPartOf\":{\"@id\":\"https:\\\/\\\/dfvcg-events.de\\\/smart-city\\\/#website\"},\"datePublished\":\"2022-04-20T19:26:44+00:00\",\"dateModified\":\"2023-09-25T10:48:32+00:00\",\"description\":\"2 halbe Tage & einen kulinarischer Networkingabend mit kompakt zusammengestellten Inhalten, um bestens zum Thema Smart City ger\u00fcstet zu sein.\",\"breadcrumb\":{\"@id\":\"https:\\\/\\\/dfvcg-events.de\\\/smart-city\\\/programm-2022\\\/#breadcrumb\"},\"inLanguage\":\"de\",\"potentialAction\":[{\"@type\":\"ReadAction\",\"target\":[\"https:\\\/\\\/dfvcg-events.de\\\/smart-city\\\/programm-2022\\\/\"]}]},{\"@type\":\"BreadcrumbList\",\"@id\":\"https:\\\/\\\/dfvcg-events.de\\\/smart-city\\\/programm-2022\\\/#breadcrumb\",\"itemListElement\":[{\"@type\":\"ListItem\",\"position\":1,\"name\":\"Startseite\",\"item\":\"https:\\\/\\\/dfvcg-events.de\\\/smart-city\\\/\"},{\"@type\":\"ListItem\",\"position\":2,\"name\":\"Programm 2022\"}]},{\"@type\":\"WebSite\",\"@id\":\"https:\\\/\\\/dfvcg-events.de\\\/smart-city\\\/#website\",\"url\":\"https:\\\/\\\/dfvcg-events.de\\\/smart-city\\\/\",\"name\":\"SMART CITY Conference\",\"description\":\"\",\"potentialAction\":[{\"@type\":\"SearchAction\",\"target\":{\"@type\":\"EntryPoint\",\"urlTemplate\":\"https:\\\/\\\/dfvcg-events.de\\\/smart-city\\\/?s={search_term_string}\"},\"query-input\":{\"@type\":\"PropertyValueSpecification\",\"valueRequired\":true,\"valueName\":\"search_term_string\"}}],\"inLanguage\":\"de\"}]}<\/script>\n<!-- \/ Yoast SEO plugin. -->","yoast_head_json":{"title":"Programm 2022 - SMART CITY Conference","description":"2 halbe Tage & einen kulinarischer Networkingabend mit kompakt zusammengestellten Inhalten, um bestens zum Thema Smart City ger\u00fcstet zu sein.","robots":{"index":"index","follow":"follow","max-snippet":"max-snippet:-1","max-image-preview":"max-image-preview:large","max-video-preview":"max-video-preview:-1"},"canonical":"https:\/\/dfvcg-events.de\/smart-city\/programm-2022\/","og_locale":"de_DE","og_type":"article","og_title":"Programm 2022 - SMART CITY Conference","og_description":"2 halbe Tage & einen kulinarischer Networkingabend mit kompakt zusammengestellten Inhalten, um bestens zum Thema Smart City ger\u00fcstet zu sein.","og_url":"https:\/\/dfvcg-events.de\/smart-city\/programm-2022\/","og_site_name":"SMART CITY Conference","article_modified_time":"2023-09-25T10:48:32+00:00","twitter_card":"summary_large_image","twitter_misc":{"Gesch\u00e4tzte Lesezeit":"17\u00a0Minuten"},"schema":{"@context":"https:\/\/schema.org","@graph":[{"@type":"WebPage","@id":"https:\/\/dfvcg-events.de\/smart-city\/programm-2022\/","url":"https:\/\/dfvcg-events.de\/smart-city\/programm-2022\/","name":"Programm 2022 - SMART CITY Conference","isPartOf":{"@id":"https:\/\/dfvcg-events.de\/smart-city\/#website"},"datePublished":"2022-04-20T19:26:44+00:00","dateModified":"2023-09-25T10:48:32+00:00","description":"2 halbe Tage & einen kulinarischer Networkingabend mit kompakt zusammengestellten Inhalten, um bestens zum Thema Smart City ger\u00fcstet zu sein.","breadcrumb":{"@id":"https:\/\/dfvcg-events.de\/smart-city\/programm-2022\/#breadcrumb"},"inLanguage":"de","potentialAction":[{"@type":"ReadAction","target":["https:\/\/dfvcg-events.de\/smart-city\/programm-2022\/"]}]},{"@type":"BreadcrumbList","@id":"https:\/\/dfvcg-events.de\/smart-city\/programm-2022\/#breadcrumb","itemListElement":[{"@type":"ListItem","position":1,"name":"Startseite","item":"https:\/\/dfvcg-events.de\/smart-city\/"},{"@type":"ListItem","position":2,"name":"Programm 2022"}]},{"@type":"WebSite","@id":"https:\/\/dfvcg-events.de\/smart-city\/#website","url":"https:\/\/dfvcg-events.de\/smart-city\/","name":"SMART CITY Conference","description":"","potentialAction":[{"@type":"SearchAction","target":{"@type":"EntryPoint","urlTemplate":"https:\/\/dfvcg-events.de\/smart-city\/?s={search_term_string}"},"query-input":{"@type":"PropertyValueSpecification","valueRequired":true,"valueName":"search_term_string"}}],"inLanguage":"de"}]}},"_links":{"self":[{"href":"https:\/\/dfvcg-events.de\/smart-city\/wp-json\/wp\/v2\/pages\/1809","targetHints":{"allow":["GET"]}}],"collection":[{"href":"https:\/\/dfvcg-events.de\/smart-city\/wp-json\/wp\/v2\/pages"}],"about":[{"href":"https:\/\/dfvcg-events.de\/smart-city\/wp-json\/wp\/v2\/types\/page"}],"author":[{"embeddable":true,"href":"https:\/\/dfvcg-events.de\/smart-city\/wp-json\/wp\/v2\/users\/1"}],"replies":[{"embeddable":true,"href":"https:\/\/dfvcg-events.de\/smart-city\/wp-json\/wp\/v2\/comments?post=1809"}],"version-history":[{"count":0,"href":"https:\/\/dfvcg-events.de\/smart-city\/wp-json\/wp\/v2\/pages\/1809\/revisions"}],"wp:attachment":[{"href":"https:\/\/dfvcg-events.de\/smart-city\/wp-json\/wp\/v2\/media?parent=1809"}],"curies":[{"name":"wp","href":"https:\/\/api.w.org\/{rel}","templated":true}]}}