{"id":158,"date":"2020-03-19T22:30:05","date_gmt":"2020-03-19T21:30:05","guid":{"rendered":"https:\/\/dfvcg-events.de\/zukunft-stadt\/?page_id=158"},"modified":"2023-10-26T09:49:00","modified_gmt":"2023-10-26T07:49:00","slug":"hotel-anreise","status":"publish","type":"page","link":"https:\/\/dfvcg-events.de\/smart-city\/hotel-anreise\/","title":{"rendered":"Hotel &amp; Anreise"},"content":{"rendered":"<div id='av_section_1'  class='avia-section av-k7yuhjt1-20aae0edc4878b5bf887afc542907ecc main_color avia-section-default avia-no-border-styling  avia-builder-el-0  el_before_av_section  avia-builder-el-first  header-verlauf avia-bg-style-scroll container_wrap fullsize'  ><div class='container av-section-cont-open' ><main  role=\"main\" itemprop=\"mainContentOfPage\"  class='template-page content  av-content-full alpha units'><div class='post-entry post-entry-type-page post-entry-158'><div class='entry-content-wrapper clearfix'>\n\n<style type=\"text\/css\" data-created_by=\"avia_inline_auto\" id=\"style-css-av-kki409e1-f6777f042a41b48f788a79dedfb2e96b\">\n#top .av-special-heading.av-kki409e1-f6777f042a41b48f788a79dedfb2e96b{\npadding-bottom:0;\ncolor:#ffffff;\n}\nbody .av-special-heading.av-kki409e1-f6777f042a41b48f788a79dedfb2e96b .av-special-heading-tag .heading-char{\nfont-size:25px;\n}\n.av-special-heading.av-kki409e1-f6777f042a41b48f788a79dedfb2e96b .special-heading-inner-border{\nborder-color:#ffffff;\n}\n.av-special-heading.av-kki409e1-f6777f042a41b48f788a79dedfb2e96b .av-subheading{\nfont-size:19px;\n}\n<\/style>\n<div  class='av-special-heading av-kki409e1-f6777f042a41b48f788a79dedfb2e96b av-special-heading-h1 custom-color-heading blockquote modern-quote  avia-builder-el-1  avia-builder-el-no-sibling '><div class='av_custom_color av-subheading av-subheading_above'><p>Smart City Conference<\/p>\n<\/div><h1 class='av-special-heading-tag '  itemprop=\"headline\"  >Hotel <span class='special_amp'>&amp;<\/span> Anreise<\/h1><div class=\"special-heading-border\"><div class=\"special-heading-inner-border\"><\/div><\/div><\/div>\n\n<\/div><\/div><\/main><!-- close content main element --><\/div><\/div><div id='av_section_2'  class='avia-section av-kasq6ann-253d6592bbfd5f9b6f5266b4dcf59102 main_color avia-section-default avia-no-border-styling  avia-builder-el-2  el_after_av_section  el_before_av_section  avia-bg-style-scroll container_wrap fullsize'  ><div class='container av-section-cont-open' ><div class='template-page content  av-content-full alpha units'><div class='post-entry post-entry-type-page post-entry-158'><div class='entry-content-wrapper clearfix'>\n<div class='flex_column_table av-g3kbi-5f8daf6809d7348e4b48acf57edb572c sc-av_one_fourth av-break-at-tablet-flextable av-equal-height-column-flextable'>\n<style type=\"text\/css\" data-created_by=\"avia_inline_auto\" id=\"style-css-av-g3kbi-5f8daf6809d7348e4b48acf57edb572c\">\n.flex_column.av-g3kbi-5f8daf6809d7348e4b48acf57edb572c{\nborder-radius:0px 0px 0px 0px;\npadding:0px 0px 0px 0px;\n}\n<\/style>\n<div  class='flex_column av-g3kbi-5f8daf6809d7348e4b48acf57edb572c av_one_fourth  avia-builder-el-3  el_before_av_three_fourth  avia-builder-el-first  first av-break-at-tablet flex_column_table_cell av-equal-height-column av-align-middle av-zero-column-padding  '     ><p>\n<style type=\"text\/css\" data-created_by=\"avia_inline_auto\" id=\"style-css-av-8q8me-5c645ee5d398cace0656142bfb83b1c5\">\n#top .av-special-heading.av-8q8me-5c645ee5d398cace0656142bfb83b1c5{\npadding-bottom:25px;\n}\nbody .av-special-heading.av-8q8me-5c645ee5d398cace0656142bfb83b1c5 .av-special-heading-tag .heading-char{\nfont-size:25px;\n}\n.av-special-heading.av-8q8me-5c645ee5d398cace0656142bfb83b1c5 .av-subheading{\nfont-size:19px;\n}\n<\/style>\n<div  class='av-special-heading av-8q8me-5c645ee5d398cace0656142bfb83b1c5 av-special-heading-h3 blockquote modern-quote  avia-builder-el-4  el_before_av_textblock  avia-builder-el-first '><h3 class='av-special-heading-tag '  itemprop=\"headline\"  >Veranstaltungsort<\/h3><div class=\"special-heading-border\"><div class=\"special-heading-inner-border\"><\/div><\/div><\/div><br \/>\n<section  class='av_textblock_section av-k7z3il24-e1616f05ba37c0df16747ba5a58b87ef '   itemscope=\"itemscope\" itemtype=\"https:\/\/schema.org\/CreativeWork\" ><div class='avia_textblock'  itemprop=\"text\" ><p><strong>TOWER 185<\/strong><\/p>\n<p>Friedrich-Ebert-Anlage 35-37<br \/>\n60327 Frankfurt am Main<\/p>\n<p>Tel.: +49 69 9585-0<br \/>\nFax: +49 69 9585-1000<\/p>\n<\/div><\/section><\/p><\/div><div class='av-flex-placeholder'><\/div>\n<style type=\"text\/css\" data-created_by=\"avia_inline_auto\" id=\"style-css-av-g3kbi-8-ef4917ad49dd6eac0ca398a1c1804125\">\n.flex_column.av-g3kbi-8-ef4917ad49dd6eac0ca398a1c1804125{\nborder-radius:0px 0px 0px 0px;\npadding:0px 0px 0px 0px;\n}\n<\/style>\n<div  class='flex_column av-g3kbi-8-ef4917ad49dd6eac0ca398a1c1804125 av_three_fourth  avia-builder-el-6  el_after_av_one_fourth  avia-builder-el-last  av-break-at-tablet flex_column_table_cell av-equal-height-column av-align-middle av-zero-column-padding  '     ><p><div  class='av_gmaps_sc_main_wrap av_gmaps_main_wrap '><div id='av_gmap_0' class='avia-google-map-container avia-google-map-sc av_gmaps_show_unconditionally av-no-fallback-img ' data-mapid='av_gmap_0'  style='height: 400px;'><a class=\"av_gmaps_browser_disabled av_text_confirm_link av_text_confirm_link_visible\" href=\"https:\/\/www.google.com\/maps\/search\/?api=1&#038;query=Friedrich-Ebert-Anlage%2035-37%2060327%20Frankfurt%20am%20Main\" target=\"_blank\">Karten wurden vom Besucher auf dieser Webseite deaktiviert. Klicken Sie hier, um die Karte in einem neuen Fenster zu \u00f6ffnen.<\/a><\/div><\/div><br \/>\n<section  class='av_textblock_section av-lo6vv3i3-c612bd91f416ea82ce2c67e6f3c3ed5b '   itemscope=\"itemscope\" itemtype=\"https:\/\/schema.org\/CreativeWork\" ><div class='avia_textblock'  itemprop=\"text\" ><p>Wenn Sie mit dem PKW anreisen, k\u00f6nnen Sie gern das gegen\u00fcberliegende Parkhaus vom Skyline Plaza,\u00a0Europa-Allee 6, 60327 Frankfurt am Main, nutzen.<\/p>\n<\/div><\/section><\/p><\/div><\/div><!--close column table wrapper. Autoclose: 1 --><\/div><\/div><\/div><!-- close content main div --><\/div><\/div><div id='av_section_3'  class='avia-section av-k7z9vjbr-bc056220825d1fa1afcd6b1ff24a1c45 main_color avia-section-default avia-no-shadow  avia-builder-el-9  el_after_av_section  el_before_av_section  avia-bg-style-scroll container_wrap fullsize'  ><div class='container av-section-cont-open' ><div class='template-page content  av-content-full alpha units'><div class='post-entry post-entry-type-page post-entry-158'><div class='entry-content-wrapper clearfix'>\n\n<style type=\"text\/css\" data-created_by=\"avia_inline_auto\" id=\"style-css-av-kasqb63b-38a0529ebbeea4a99fa96c6043301b7b\">\n#top .av-special-heading.av-kasqb63b-38a0529ebbeea4a99fa96c6043301b7b{\npadding-bottom:25px;\n}\nbody .av-special-heading.av-kasqb63b-38a0529ebbeea4a99fa96c6043301b7b .av-special-heading-tag .heading-char{\nfont-size:25px;\n}\n.av-special-heading.av-kasqb63b-38a0529ebbeea4a99fa96c6043301b7b .av-subheading{\nfont-size:19px;\n}\n<\/style>\n<div  class='av-special-heading av-kasqb63b-38a0529ebbeea4a99fa96c6043301b7b av-special-heading-h3 blockquote modern-quote  avia-builder-el-10  el_before_av_textblock  avia-builder-el-first '><h3 class='av-special-heading-tag '  itemprop=\"headline\"  >Hotel<\/h3><div class=\"special-heading-border\"><div class=\"special-heading-inner-border\"><\/div><\/div><\/div>\n<section  class='av_textblock_section av-l6uthile-18a06181206f80541a7c31e8d238a6f9 '   itemscope=\"itemscope\" itemtype=\"https:\/\/schema.org\/CreativeWork\" ><div class='avia_textblock'  itemprop=\"text\" ><p>Die folgenden Hotels halten ein Zimmerkontingent* f\u00fcr die Kongressteilnehmer bereit, auf das Sie bei Bedarf zur\u00fcckgreifen k\u00f6nnen:<\/p>\n<p><em>*Preise und Verf\u00fcgbarkeit: Stand M\u00e4rz 2023<\/em><\/p>\n<\/div><\/section>\n<div  class='flex_column av-4lfda-992293dee9ecf3a4816750849fbef51e av_one_third  avia-builder-el-12  el_after_av_textblock  el_before_av_one_third  first flex_column_div  column-top-margin'     ><p>\n<style type=\"text\/css\" data-created_by=\"avia_inline_auto\" id=\"style-css-av-l6utih7c-1ea4c0f6dd168cdca5dfc4788d68a315\">\n#top .av-special-heading.av-l6utih7c-1ea4c0f6dd168cdca5dfc4788d68a315{\npadding-bottom:25px;\n}\nbody .av-special-heading.av-l6utih7c-1ea4c0f6dd168cdca5dfc4788d68a315 .av-special-heading-tag .heading-char{\nfont-size:25px;\n}\n.av-special-heading.av-l6utih7c-1ea4c0f6dd168cdca5dfc4788d68a315 .av-subheading{\nfont-size:19px;\n}\n<\/style>\n<div  class='av-special-heading av-l6utih7c-1ea4c0f6dd168cdca5dfc4788d68a315 av-special-heading-h3 blockquote modern-quote  avia-builder-el-13  el_before_av_textblock  avia-builder-el-first '><h3 class='av-special-heading-tag '  itemprop=\"headline\"  >Steigenberger Icon Frankfurter Hof<\/h3><div class=\"special-heading-border\"><div class=\"special-heading-inner-border\"><\/div><\/div><\/div><br \/>\n<section  class='av_textblock_section av-l6uto1ss-5c75631090a1e412715cb3ab6d182ea5 '   itemscope=\"itemscope\" itemtype=\"https:\/\/schema.org\/CreativeWork\" ><div class='avia_textblock'  itemprop=\"text\" ><p>Bitte nehmen Sie die Buchung telefonisch oder per Email mit dem Stichwort &#8222;Smart City&#8220; vor.<\/p>\n<p>Phone +49 69 215 920<br \/>\n<a href=\"&#x6d;a&#x69;l&#x74;&#111;&#x3a;&#114;e&#x73;e&#x72;&#118;&#x69;&#101;&#x72;&#117;n&#x67;&#64;&#x66;&#114;&#x61;&#110;&#x6b;&#x66;u&#x72;t&#x65;&#114;&#x2d;&#104;o&#x66;&#46;&#x73;&#116;&#x65;&#105;&#x67;&#101;n&#x62;e&#x72;&#103;&#x65;&#114;&#x2e;&#x64;e\">&#114;&#x65;s&#101;&#x72;v&#105;&#x65;r&#117;&#x6e;g&#64;&#x66;r&#97;&#x6e;k&#102;&#x75;r&#116;&#x65;r&#45;&#x68;o&#102;&#x2e;s&#116;&#x65;i&#x67;&#x65;n&#x62;&#x65;&#114;&#x67;&#x65;&#114;&#x2e;&#x64;&#101;\u00a0<\/a><\/p>\n<p>Weitere Infos zum Hotel finden Sie\u00a0<a href=\"https:\/\/hrewards.com\/de\/steigenberger-icon-frankfurter-hof?wt_mc=paid_search_brand.shr.google.frankfurt_frankfurter_hof.hotel_link.responsive_ad&amp;gclid=Cj0KCQjwn9CgBhDjARIsAD15h0CC7aTJGW3d_OBNdr5STEK8QEUHYKU9iSJI8mnt4PL6T0g9q7r2jM8aAr-NEALw_wcB\">hier<\/a>.<\/p>\n<p>Entfernung zum Tower 185\u00a0 2 Km<\/p>\n<p><em>Verf\u00fcgbar bis: 01. Oktober 2023<\/em><\/p>\n<\/div><\/section><\/p><\/div><div  class='flex_column av-klsli-5768858142b147b67b5db3ce8643106c av_one_third  avia-builder-el-15  el_after_av_one_third  el_before_av_one_third  flex_column_div  column-top-margin'     ><p>\n<style type=\"text\/css\" data-created_by=\"avia_inline_auto\" id=\"style-css-av-fxxdy-d4e4c7592633388626b5e4ed96b22784\">\n#top .av-special-heading.av-fxxdy-d4e4c7592633388626b5e4ed96b22784{\npadding-bottom:25px;\n}\nbody .av-special-heading.av-fxxdy-d4e4c7592633388626b5e4ed96b22784 .av-special-heading-tag .heading-char{\nfont-size:25px;\n}\n.av-special-heading.av-fxxdy-d4e4c7592633388626b5e4ed96b22784 .av-subheading{\nfont-size:19px;\n}\n<\/style>\n<div  class='av-special-heading av-fxxdy-d4e4c7592633388626b5e4ed96b22784 av-special-heading-h3 blockquote modern-quote  avia-builder-el-16  el_before_av_textblock  avia-builder-el-first '><h3 class='av-special-heading-tag '  itemprop=\"headline\"  >Sofitel Frankfurt Opera<\/h3><div class=\"special-heading-border\"><div class=\"special-heading-inner-border\"><\/div><\/div><\/div><br \/>\n<section  class='av_textblock_section av-13eby-591afe2afc7a99d566e60a990a71682f '   itemscope=\"itemscope\" itemtype=\"https:\/\/schema.org\/CreativeWork\" ><div class='avia_textblock'  itemprop=\"text\" ><p>Bitte nehmen Sie die Buchung telefonisch oder per Email mit dem Stichwort &#8222;Smart City&#8220; vor.<\/p>\n<p>Phone +49 69 2566950<br \/>\n<a class=\"mailto\" href=\"&#x6d;&#x61;&#x69;&#108;&#116;o:&#x48;&#x38;&#x31;&#53;&#57;&#64;s&#x6f;&#x66;&#x69;&#116;&#101;l&#46;&#x63;&#x6f;&#x6d;\">&#72;8&#x31;5&#x39;&#64;&#x73;o&#x66;i&#x74;e&#x6c;&#46;&#x63;&#111;&#x6d;<\/a><\/p>\n<p>Weitere Infos zum Hotel finden Sie\u00a0<a href=\"https:\/\/www.sofitel-frankfurt.com\/de\/\">hier<\/a>.<\/p>\n<p>Entfernung zum Tower 185\u00a0 1,7 Km<\/p>\n<p><em>Verf\u00fcgbar bis: 11. Oktober 2023<\/em><\/p>\n<\/div><\/section><\/p><\/div><div  class='flex_column av-15k93a-2e26c10e1e70652003ef5d55d1962bd9 av_one_third  avia-builder-el-18  el_after_av_one_third  avia-builder-el-last  flex_column_div  column-top-margin'     ><p>\n<style type=\"text\/css\" data-created_by=\"avia_inline_auto\" id=\"style-css-av-9llha-dd6238860fb51796c815e0eae0c6565b\">\n#top .av-special-heading.av-9llha-dd6238860fb51796c815e0eae0c6565b{\npadding-bottom:25px;\n}\nbody .av-special-heading.av-9llha-dd6238860fb51796c815e0eae0c6565b .av-special-heading-tag .heading-char{\nfont-size:25px;\n}\n.av-special-heading.av-9llha-dd6238860fb51796c815e0eae0c6565b .av-subheading{\nfont-size:19px;\n}\n<\/style>\n<div  class='av-special-heading av-9llha-dd6238860fb51796c815e0eae0c6565b av-special-heading-h3 blockquote modern-quote  avia-builder-el-19  el_before_av_textblock  avia-builder-el-first '><h3 class='av-special-heading-tag '  itemprop=\"headline\"  >nhow Frankfurt<\/h3><div class=\"special-heading-border\"><div class=\"special-heading-inner-border\"><\/div><\/div><\/div><br \/>\n<section  class='av_textblock_section av-l7efezqc-fa361486e6179f07131d78dacbb87a55 '   itemscope=\"itemscope\" itemtype=\"https:\/\/schema.org\/CreativeWork\" ><div class='avia_textblock'  itemprop=\"text\" ><p>Bitte nehmen Sie die Buchung telefonisch mit dem Stichwort &#8222;Smart City Conference&#8220; oder \u00fcber unseren Buchungslink vor\u2013 <a href=\"http:\/\/www.nh-hotels.de\/event\/dfv-conference-group-gmbh-2023\">hier\u00a0<\/a>geht es zum Buchungslink.<\/p>\n<p>Phone +49 30 <span class=\"w8qArf\">2238 0233<\/span><br \/>\n<a href=\"reservie&#114;&#117;&#110;&#103;&#101;&#110;&#64;&#110;&#104;&#45;&#x68;&#x6f;&#x74;&#x65;&#x6c;&#x73;&#x2e;&#x63;&#x6f;&#x6d;\">&#x72;&#x65;&#x73;&#x65;&#x72;&#x76;&#x69;&#101;&#114;&#117;&#110;&#103;en&#64;n&#x68;&#x2d;&#x68;&#x6f;&#x74;&#x65;&#x6c;&#x73;&#46;&#99;&#111;&#109;<\/a><\/p>\n<p>Weitere Infos zum Hotel finden Sie\u00a0<a href=\"https:\/\/www.nhow-hotels.com\/de\/nhow-frankfurt\/\">hier<\/a>.<\/p>\n<p>Entfernung zum Tower 185\u00a0 700 Meter<\/p>\n<p><em>Verf\u00fcgbar bis 23. Okotober 2023<\/em><\/p>\n<\/div><\/section><\/p><\/div>\n<\/p>\n<\/div><\/div><\/div><!-- close content main div --><\/div><\/div><div id='av_section_4'  class='avia-section av-repq6-ae14a3de1bea609fc31dc5dfb518ae7b main_color avia-section-default avia-no-shadow  avia-builder-el-21  el_after_av_section  avia-builder-el-last  avia-bg-style-scroll container_wrap fullsize'  ><div class='container av-section-cont-open' ><div class='template-page content  av-content-full alpha units'><div class='post-entry post-entry-type-page post-entry-158'><div class='entry-content-wrapper clearfix'>\n<div  class='flex_column av-gp7n2-2765041e2ffed4847f3cf233b1f8e5d5 av_one_half  avia-builder-el-22  el_before_av_one_half  avia-builder-el-first  first flex_column_div  '     ><p>\n<style type=\"text\/css\" data-created_by=\"avia_inline_auto\" id=\"style-css-av-n589i-ca9e27c710a56efcee5c9a6c44e080e9\">\n#top .av-special-heading.av-n589i-ca9e27c710a56efcee5c9a6c44e080e9{\npadding-bottom:25px;\n}\nbody .av-special-heading.av-n589i-ca9e27c710a56efcee5c9a6c44e080e9 .av-special-heading-tag .heading-char{\nfont-size:25px;\n}\n.av-special-heading.av-n589i-ca9e27c710a56efcee5c9a6c44e080e9 .av-subheading{\nfont-size:19px;\n}\n<\/style>\n<div  class='av-special-heading av-n589i-ca9e27c710a56efcee5c9a6c44e080e9 av-special-heading-h3 blockquote modern-quote  avia-builder-el-23  el_before_av_textblock  avia-builder-el-first '><h3 class='av-special-heading-tag '  itemprop=\"headline\"  >Anreise<\/h3><div class=\"special-heading-border\"><div class=\"special-heading-inner-border\"><\/div><\/div><\/div><br \/>\n<section  class='av_textblock_section av-1ptfi-a7744b56631b7af38a8a6f000f8f5aaf '   itemscope=\"itemscope\" itemtype=\"https:\/\/schema.org\/CreativeWork\" ><div class='avia_textblock'  itemprop=\"text\" ><p>Reisen Sie nachhaltig und zu Sonderkonditionen mit der Deutschen Bahn.<\/p>\n<\/div><\/section><\/p><\/div><div  class='flex_column av-am85i-1c56c717a5ef3e8431af63b1a7a198f5 av_one_half  avia-builder-el-25  el_after_av_one_half  el_before_av_textblock  flex_column_div  '     ><\/div><section  class='av_textblock_section av-8bccu-95f7707686e8712cd697d9b9f8ab5d46 '   itemscope=\"itemscope\" itemtype=\"https:\/\/schema.org\/CreativeWork\" ><div class='avia_textblock'  itemprop=\"text\" ><p>Mit dem Kooperationsangebot von dfv Conference Group und der Deutschen Bahn reisen Sie entspannt und komfortabel zu unseren Kongressen.<\/p>\n<p><a href=\"https:\/\/www.bahn.de\/bahnbusiness\/tickets-und-angebote\/business-tarife\/veranstaltungsticket\"><em>Weitere Informationen finden Sie hier.<\/em><\/a><\/p>\n<p>Das Extra f\u00fcr Sie als Besucher:<br \/>\n<strong>Ihr Veranstaltungsticket zum Festpreis<\/strong><\/p>\n<p>Veranstaltungsticket einfache Fahrt mit Zugbindung\u00a0(solange der Vorrat reicht):<\/p>\n<ol>\n<li>Klasse 80,90 \u20ac<\/li>\n<li>Klasse 49,50 \u20ac<\/li>\n<\/ol>\n<p>Veranstaltung einfache Fahrt vollflexibel:<\/p>\n<ol>\n<li>Klasse 98,90 \u20ac<\/li>\n<li>Klasse 67,50 \u20ac<\/li>\n<\/ol>\n<p>Bei Fragen zum Buchungsablauf wenden Sie sich bitte an die Service-Nummer +49 (0) 30 58 60 20 901.<\/p>\n<\/div><\/section>\n\n","protected":false},"excerpt":{"rendered":"","protected":false},"author":1,"featured_media":0,"parent":0,"menu_order":0,"comment_status":"closed","ping_status":"closed","template":"","meta":{"footnotes":""},"class_list":["post-158","page","type-page","status-publish","hentry"],"yoast_head":"<!-- This site is optimized with the Yoast SEO plugin v27.4 - https:\/\/yoast.com\/product\/yoast-seo-wordpress\/ -->\n<title>Hotel &amp; Anreise - SMART CITY Conference<\/title>\n<meta name=\"description\" content=\"Nutzen Sie unsere Partnerschaft mit der Deutschen Bahn und reisen Sie nachhaltig mit Sonderkonditionen zur Konferenz.\" \/>\n<meta name=\"robots\" content=\"index, follow, max-snippet:-1, max-image-preview:large, max-video-preview:-1\" \/>\n<link rel=\"canonical\" href=\"https:\/\/dfvcg-events.de\/smart-city\/hotel-anreise\/\" \/>\n<meta property=\"og:locale\" content=\"de_DE\" \/>\n<meta property=\"og:type\" content=\"article\" \/>\n<meta property=\"og:title\" content=\"Hotel &amp; Anreise - SMART CITY Conference\" \/>\n<meta property=\"og:description\" content=\"Nutzen Sie unsere Partnerschaft mit der Deutschen Bahn und reisen Sie nachhaltig mit Sonderkonditionen zur Konferenz.\" \/>\n<meta property=\"og:url\" content=\"https:\/\/dfvcg-events.de\/smart-city\/hotel-anreise\/\" \/>\n<meta property=\"og:site_name\" content=\"SMART CITY Conference\" \/>\n<meta property=\"article:modified_time\" content=\"2023-10-26T07:49:00+00:00\" \/>\n<meta property=\"og:image\" content=\"https:\/\/www.veranstaltungsticket-bahn.de:443\/resources\/buttons\/design3-2.png\" \/>\n<meta name=\"twitter:card\" content=\"summary_large_image\" \/>\n<meta name=\"twitter:label1\" content=\"Gesch\u00e4tzte Lesezeit\" \/>\n\t<meta name=\"twitter:data1\" content=\"9\u00a0Minuten\" \/>\n<script type=\"application\/ld+json\" class=\"yoast-schema-graph\">{\"@context\":\"https:\\\/\\\/schema.org\",\"@graph\":[{\"@type\":\"WebPage\",\"@id\":\"https:\\\/\\\/dfvcg-events.de\\\/smart-city\\\/hotel-anreise\\\/\",\"url\":\"https:\\\/\\\/dfvcg-events.de\\\/smart-city\\\/hotel-anreise\\\/\",\"name\":\"Hotel &amp; Anreise - SMART CITY Conference\",\"isPartOf\":{\"@id\":\"https:\\\/\\\/dfvcg-events.de\\\/smart-city\\\/#website\"},\"primaryImageOfPage\":{\"@id\":\"https:\\\/\\\/dfvcg-events.de\\\/smart-city\\\/hotel-anreise\\\/#primaryimage\"},\"image\":{\"@id\":\"https:\\\/\\\/dfvcg-events.de\\\/smart-city\\\/hotel-anreise\\\/#primaryimage\"},\"thumbnailUrl\":\"https:\\\/\\\/www.veranstaltungsticket-bahn.de:443\\\/resources\\\/buttons\\\/design3-2.png\",\"datePublished\":\"2020-03-19T21:30:05+00:00\",\"dateModified\":\"2023-10-26T07:49:00+00:00\",\"description\":\"Nutzen Sie unsere Partnerschaft mit der Deutschen Bahn und reisen Sie nachhaltig mit Sonderkonditionen zur Konferenz.\",\"breadcrumb\":{\"@id\":\"https:\\\/\\\/dfvcg-events.de\\\/smart-city\\\/hotel-anreise\\\/#breadcrumb\"},\"inLanguage\":\"de\",\"potentialAction\":[{\"@type\":\"ReadAction\",\"target\":[\"https:\\\/\\\/dfvcg-events.de\\\/smart-city\\\/hotel-anreise\\\/\"]}]},{\"@type\":\"ImageObject\",\"inLanguage\":\"de\",\"@id\":\"https:\\\/\\\/dfvcg-events.de\\\/smart-city\\\/hotel-anreise\\\/#primaryimage\",\"url\":\"https:\\\/\\\/www.veranstaltungsticket-bahn.de:443\\\/resources\\\/buttons\\\/design3-2.png\",\"contentUrl\":\"https:\\\/\\\/www.veranstaltungsticket-bahn.de:443\\\/resources\\\/buttons\\\/design3-2.png\"},{\"@type\":\"BreadcrumbList\",\"@id\":\"https:\\\/\\\/dfvcg-events.de\\\/smart-city\\\/hotel-anreise\\\/#breadcrumb\",\"itemListElement\":[{\"@type\":\"ListItem\",\"position\":1,\"name\":\"Startseite\",\"item\":\"https:\\\/\\\/dfvcg-events.de\\\/smart-city\\\/\"},{\"@type\":\"ListItem\",\"position\":2,\"name\":\"Hotel &amp; Anreise\"}]},{\"@type\":\"WebSite\",\"@id\":\"https:\\\/\\\/dfvcg-events.de\\\/smart-city\\\/#website\",\"url\":\"https:\\\/\\\/dfvcg-events.de\\\/smart-city\\\/\",\"name\":\"SMART CITY Conference\",\"description\":\"\",\"potentialAction\":[{\"@type\":\"SearchAction\",\"target\":{\"@type\":\"EntryPoint\",\"urlTemplate\":\"https:\\\/\\\/dfvcg-events.de\\\/smart-city\\\/?s={search_term_string}\"},\"query-input\":{\"@type\":\"PropertyValueSpecification\",\"valueRequired\":true,\"valueName\":\"search_term_string\"}}],\"inLanguage\":\"de\"}]}<\/script>\n<!-- \/ Yoast SEO plugin. -->","yoast_head_json":{"title":"Hotel &amp; Anreise - SMART CITY Conference","description":"Nutzen Sie unsere Partnerschaft mit der Deutschen Bahn und reisen Sie nachhaltig mit Sonderkonditionen zur Konferenz.","robots":{"index":"index","follow":"follow","max-snippet":"max-snippet:-1","max-image-preview":"max-image-preview:large","max-video-preview":"max-video-preview:-1"},"canonical":"https:\/\/dfvcg-events.de\/smart-city\/hotel-anreise\/","og_locale":"de_DE","og_type":"article","og_title":"Hotel &amp; Anreise - SMART CITY Conference","og_description":"Nutzen Sie unsere Partnerschaft mit der Deutschen Bahn und reisen Sie nachhaltig mit Sonderkonditionen zur Konferenz.","og_url":"https:\/\/dfvcg-events.de\/smart-city\/hotel-anreise\/","og_site_name":"SMART CITY Conference","article_modified_time":"2023-10-26T07:49:00+00:00","og_image":[{"url":"https:\/\/www.veranstaltungsticket-bahn.de:443\/resources\/buttons\/design3-2.png","type":"","width":"","height":""}],"twitter_card":"summary_large_image","twitter_misc":{"Gesch\u00e4tzte Lesezeit":"9\u00a0Minuten"},"schema":{"@context":"https:\/\/schema.org","@graph":[{"@type":"WebPage","@id":"https:\/\/dfvcg-events.de\/smart-city\/hotel-anreise\/","url":"https:\/\/dfvcg-events.de\/smart-city\/hotel-anreise\/","name":"Hotel &amp; Anreise - SMART CITY Conference","isPartOf":{"@id":"https:\/\/dfvcg-events.de\/smart-city\/#website"},"primaryImageOfPage":{"@id":"https:\/\/dfvcg-events.de\/smart-city\/hotel-anreise\/#primaryimage"},"image":{"@id":"https:\/\/dfvcg-events.de\/smart-city\/hotel-anreise\/#primaryimage"},"thumbnailUrl":"https:\/\/www.veranstaltungsticket-bahn.de:443\/resources\/buttons\/design3-2.png","datePublished":"2020-03-19T21:30:05+00:00","dateModified":"2023-10-26T07:49:00+00:00","description":"Nutzen Sie unsere Partnerschaft mit der Deutschen Bahn und reisen Sie nachhaltig mit Sonderkonditionen zur Konferenz.","breadcrumb":{"@id":"https:\/\/dfvcg-events.de\/smart-city\/hotel-anreise\/#breadcrumb"},"inLanguage":"de","potentialAction":[{"@type":"ReadAction","target":["https:\/\/dfvcg-events.de\/smart-city\/hotel-anreise\/"]}]},{"@type":"ImageObject","inLanguage":"de","@id":"https:\/\/dfvcg-events.de\/smart-city\/hotel-anreise\/#primaryimage","url":"https:\/\/www.veranstaltungsticket-bahn.de:443\/resources\/buttons\/design3-2.png","contentUrl":"https:\/\/www.veranstaltungsticket-bahn.de:443\/resources\/buttons\/design3-2.png"},{"@type":"BreadcrumbList","@id":"https:\/\/dfvcg-events.de\/smart-city\/hotel-anreise\/#breadcrumb","itemListElement":[{"@type":"ListItem","position":1,"name":"Startseite","item":"https:\/\/dfvcg-events.de\/smart-city\/"},{"@type":"ListItem","position":2,"name":"Hotel &amp; Anreise"}]},{"@type":"WebSite","@id":"https:\/\/dfvcg-events.de\/smart-city\/#website","url":"https:\/\/dfvcg-events.de\/smart-city\/","name":"SMART CITY Conference","description":"","potentialAction":[{"@type":"SearchAction","target":{"@type":"EntryPoint","urlTemplate":"https:\/\/dfvcg-events.de\/smart-city\/?s={search_term_string}"},"query-input":{"@type":"PropertyValueSpecification","valueRequired":true,"valueName":"search_term_string"}}],"inLanguage":"de"}]}},"_links":{"self":[{"href":"https:\/\/dfvcg-events.de\/smart-city\/wp-json\/wp\/v2\/pages\/158","targetHints":{"allow":["GET"]}}],"collection":[{"href":"https:\/\/dfvcg-events.de\/smart-city\/wp-json\/wp\/v2\/pages"}],"about":[{"href":"https:\/\/dfvcg-events.de\/smart-city\/wp-json\/wp\/v2\/types\/page"}],"author":[{"embeddable":true,"href":"https:\/\/dfvcg-events.de\/smart-city\/wp-json\/wp\/v2\/users\/1"}],"replies":[{"embeddable":true,"href":"https:\/\/dfvcg-events.de\/smart-city\/wp-json\/wp\/v2\/comments?post=158"}],"version-history":[{"count":0,"href":"https:\/\/dfvcg-events.de\/smart-city\/wp-json\/wp\/v2\/pages\/158\/revisions"}],"wp:attachment":[{"href":"https:\/\/dfvcg-events.de\/smart-city\/wp-json\/wp\/v2\/media?parent=158"}],"curies":[{"name":"wp","href":"https:\/\/api.w.org\/{rel}","templated":true}]}}