{"id":2582,"date":"2025-11-17T16:36:43","date_gmt":"2025-11-17T15:36:43","guid":{"rendered":"https:\/\/dfvcg-events.de\/smart-care\/?post_type=portfolio&#038;p=2582"},"modified":"2025-11-17T17:00:34","modified_gmt":"2025-11-17T16:00:34","slug":"dr-stefan-lueck","status":"publish","type":"portfolio","link":"https:\/\/dfvcg-events.de\/smart-care\/vortragend\/dr-stefan-lueck\/","title":{"rendered":"Dr. Stephan L\u00fcck"},"content":{"rendered":"<div id='av_section_1'  class='avia-section av-k7yuhjt1-a783d814e2fc857f3cacc95bc1ef5381 main_color avia-section-default avia-no-border-styling  avia-builder-el-0  avia-builder-el-no-sibling  avia-bg-style-scroll av-minimum-height av-minimum-height-50 av-height-50  container_wrap fullsize'   data-av_minimum_height_pc='50' data-av_min_height_opt='50'><div class='container av-section-cont-open' ><main  role=\"main\" itemprop=\"mainContentOfPage\"  class='template-page content  av-content-full alpha units'><div class='post-entry post-entry-type-page post-entry-2582'><div class='entry-content-wrapper clearfix'>\n\n<style type=\"text\/css\" data-created_by=\"avia_inline_auto\" id=\"style-css-av-1hpil-0aefe2f1e90c83a225330af7bd6248ca\">\n.flex_column.av-1hpil-0aefe2f1e90c83a225330af7bd6248ca{\nborder-radius:0px 0px 0px 0px;\npadding:0px 0px 0px 0px;\n}\n<\/style>\n<div  class='flex_column av-1hpil-0aefe2f1e90c83a225330af7bd6248ca av_one_fourth  avia-builder-el-1  el_before_av_three_fourth  avia-builder-el-first  first flex_column_div av-zero-column-padding  '     ><style type=\"text\/css\" data-created_by=\"avia_inline_auto\" id=\"style-css-av-k7z57foz-e6d846810080ac48e3a28f5e7f82af41\">\n.avia-image-container.av-k7z57foz-e6d846810080ac48e3a28f5e7f82af41 img.avia_image{\nbox-shadow:none;\n}\n.avia-image-container.av-k7z57foz-e6d846810080ac48e3a28f5e7f82af41 .av-image-caption-overlay-center{\ncolor:#ffffff;\n}\n<\/style>\n<div  class='avia-image-container av-k7z57foz-e6d846810080ac48e3a28f5e7f82af41 av-styling-no-styling avia-align-center  avia-builder-el-2  avia-builder-el-no-sibling '   itemprop=\"image\" itemscope=\"itemscope\" itemtype=\"https:\/\/schema.org\/ImageObject\" ><div class=\"avia-image-container-inner\"><div class=\"avia-image-overlay-wrap\"><img decoding=\"async\" fetchpriority=\"high\" class='wp-image-2584 avia-img-lazy-loading-not-2584 avia_image ' src=\"https:\/\/dfvcg-events.de\/smart-care\/wp-content\/uploads\/sites\/56\/2025\/11\/Lueck-Stephan-KErn-web.jpg\" alt='' title='L\u00fcck-Stephan-KErn-web'  height=\"1898\" width=\"1424\"  itemprop=\"thumbnailUrl\" srcset=\"https:\/\/dfvcg-events.de\/smart-care\/wp-content\/uploads\/sites\/56\/2025\/11\/Lueck-Stephan-KErn-web.jpg 1424w, https:\/\/dfvcg-events.de\/smart-care\/wp-content\/uploads\/sites\/56\/2025\/11\/Lueck-Stephan-KErn-web-1125x1500.jpg 1125w, https:\/\/dfvcg-events.de\/smart-care\/wp-content\/uploads\/sites\/56\/2025\/11\/Lueck-Stephan-KErn-web-529x705.jpg 529w\" sizes=\"(max-width: 1424px) 100vw, 1424px\" \/><\/div><\/div><\/div><\/div>\n<style type=\"text\/css\" data-created_by=\"avia_inline_auto\" id=\"style-css-av-q939-36bd9e2970eba44b209398e6adaba9f5\">\n.flex_column.av-q939-36bd9e2970eba44b209398e6adaba9f5{\nborder-radius:0px 0px 0px 0px;\npadding:0px 0px 0px 0px;\n}\n<\/style>\n<div  class='flex_column av-q939-36bd9e2970eba44b209398e6adaba9f5 av_three_fourth  avia-builder-el-3  el_after_av_one_fourth  avia-builder-el-last  flex_column_div av-zero-column-padding  '     ><p>\n<style type=\"text\/css\" data-created_by=\"avia_inline_auto\" id=\"style-css-av-kaux4tv8-655e572432e33a4ca7cdde7cbd832a92\">\n#top .av-special-heading.av-kaux4tv8-655e572432e33a4ca7cdde7cbd832a92{\npadding-bottom:10px;\n}\nbody .av-special-heading.av-kaux4tv8-655e572432e33a4ca7cdde7cbd832a92 .av-special-heading-tag .heading-char{\nfont-size:25px;\n}\n.av-special-heading.av-kaux4tv8-655e572432e33a4ca7cdde7cbd832a92 .av-subheading{\nfont-size:19px;\n}\n<\/style>\n<div  class='av-special-heading av-kaux4tv8-655e572432e33a4ca7cdde7cbd832a92 av-special-heading-h2 blockquote modern-quote  avia-builder-el-4  el_before_av_textblock  avia-builder-el-first '><h2 class='av-special-heading-tag '  itemprop=\"headline\"  >Dr. Stephan L\u00fcck<\/h2><div class='av-subheading av-subheading_below'><p>stellvertretender Institutsleiter und Bereichsleiter Ern\u00e4hrungsbildung und Gemeinschaftsverpflegung des Kompetenzzentrums f\u00fcr Ern\u00e4hrung (KErn)<\/p>\n<\/div><div class=\"special-heading-border\"><div class=\"special-heading-inner-border\"><\/div><\/div><\/div><br \/>\n<section  class='av_textblock_section av-mhol8k9j-7b9b857dc0510fc677bf72ffd0273ee5 '   itemscope=\"itemscope\" itemtype=\"https:\/\/schema.org\/CreativeWork\" ><div class='avia_textblock'  itemprop=\"text\" ><p>Dr. Stephan L\u00fcck ist stellvertretender Institutsleiter sowie Bereichsleiter \u201eErn\u00e4hrungsbildung und Gemeinschaftsverpflegung\u201c des Kompetenzzentrums f\u00fcr Ern\u00e4hrung (KErn) an der Bayerischen Landesanstalt f\u00fcr Landwirtschaft. Der promovierte Ern\u00e4hrungswissenschaftler und Lebensmitteltechnologe verbindet wissenschaftliche Expertise mit langj\u00e4hriger Praxis in Ern\u00e4hrungsbildung und Gemeinschaftsverpflegung. Durch seine gastronomische Ausbildung, mehrj\u00e4hrige Berufserfahrung und T\u00e4tigkeiten in Pr\u00fcfungskommissionen bringt er zudem fundierte Praxiseinblicke ein. Zuvor leitete er die Fachschule f\u00fcr Management in Hotellerie und Gastronomie (HGS Rheinland) und gr\u00fcndete Unternehmen in Produktentwicklung und di\u00e4tetischen Lebensmitteln. Am KErn entwickelt er evidenzbasierte Strategien f\u00fcr gesundheitsf\u00f6rderliche Ern\u00e4hrung in allen Settings der Au\u00dfer-Haus-Verpflegung und Bildungseinrichtungen, ber\u00e4t Politik und Organisationen und tritt regelm\u00e4\u00dfig als Experte in den Medien auf.<\/p>\n<\/div><\/section><\/p><\/div>\n","protected":false},"excerpt":{"rendered":"<p>Kompetenzzentrum f\u00fcr Ern\u00e4hrung (KErn)<\/p>\n","protected":false},"author":31,"featured_media":2584,"comment_status":"closed","ping_status":"closed","template":"","meta":{"footnotes":""},"tags":[],"portfolio_entries":[53],"class_list":["post-2582","portfolio","type-portfolio","status-publish","has-post-thumbnail","hentry","portfolio_entries-vortragend-2"],"yoast_head":"<!-- This site is optimized with the Yoast SEO plugin v27.4 - https:\/\/yoast.com\/product\/yoast-seo-wordpress\/ -->\n<title>Vortragende: Dr. Stephan L\u00fcck | Smart Care<\/title>\n<meta name=\"description\" content=\"Smart Care | Begr\u00fc\u00dfen Sie auf der B\u00fchne: Dr. Stephan L\u00fcck\" \/>\n<meta name=\"robots\" content=\"index, follow, max-snippet:-1, max-image-preview:large, max-video-preview:-1\" \/>\n<link rel=\"canonical\" href=\"https:\/\/dfvcg-events.de\/smart-care\/vortragend\/dr-stefan-lueck\/\" \/>\n<meta property=\"og:locale\" content=\"de_DE\" \/>\n<meta property=\"og:type\" content=\"article\" \/>\n<meta property=\"og:title\" content=\"Vortragende: Dr. Stephan L\u00fcck | Smart Care\" \/>\n<meta property=\"og:description\" content=\"Smart Care | Begr\u00fc\u00dfen Sie auf der B\u00fchne: Dr. Stephan L\u00fcck\" \/>\n<meta property=\"og:url\" content=\"https:\/\/dfvcg-events.de\/smart-care\/vortragend\/dr-stefan-lueck\/\" \/>\n<meta property=\"og:site_name\" content=\"Smart Care\" \/>\n<meta property=\"article:modified_time\" content=\"2025-11-17T16:00:34+00:00\" \/>\n<meta property=\"og:image\" content=\"https:\/\/dfvcg-events.de\/smart-care\/wp-content\/uploads\/sites\/56\/2025\/11\/Lueck-Stephan-KErn-web.jpg\" \/>\n\t<meta property=\"og:image:width\" content=\"1424\" \/>\n\t<meta property=\"og:image:height\" content=\"1898\" \/>\n\t<meta property=\"og:image:type\" content=\"image\/jpeg\" \/>\n<meta name=\"twitter:card\" content=\"summary_large_image\" \/>\n<meta name=\"twitter:label1\" content=\"Gesch\u00e4tzte Lesezeit\" \/>\n\t<meta name=\"twitter:data1\" content=\"1\u00a0Minute\" \/>\n<script type=\"application\/ld+json\" class=\"yoast-schema-graph\">{\"@context\":\"https:\\\/\\\/schema.org\",\"@graph\":[{\"@type\":\"WebPage\",\"@id\":\"https:\\\/\\\/dfvcg-events.de\\\/smart-care\\\/vortragend\\\/dr-stefan-lueck\\\/\",\"url\":\"https:\\\/\\\/dfvcg-events.de\\\/smart-care\\\/vortragend\\\/dr-stefan-lueck\\\/\",\"name\":\"Vortragende: Dr. Stephan L\u00fcck | Smart Care\",\"isPartOf\":{\"@id\":\"https:\\\/\\\/dfvcg-events.de\\\/smart-care\\\/#website\"},\"primaryImageOfPage\":{\"@id\":\"https:\\\/\\\/dfvcg-events.de\\\/smart-care\\\/vortragend\\\/dr-stefan-lueck\\\/#primaryimage\"},\"image\":{\"@id\":\"https:\\\/\\\/dfvcg-events.de\\\/smart-care\\\/vortragend\\\/dr-stefan-lueck\\\/#primaryimage\"},\"thumbnailUrl\":\"https:\\\/\\\/dfvcg-events.de\\\/smart-care\\\/wp-content\\\/uploads\\\/sites\\\/56\\\/2025\\\/11\\\/Lueck-Stephan-KErn-web.jpg\",\"datePublished\":\"2025-11-17T15:36:43+00:00\",\"dateModified\":\"2025-11-17T16:00:34+00:00\",\"description\":\"Smart Care | Begr\u00fc\u00dfen Sie auf der B\u00fchne: Dr. Stephan L\u00fcck\",\"breadcrumb\":{\"@id\":\"https:\\\/\\\/dfvcg-events.de\\\/smart-care\\\/vortragend\\\/dr-stefan-lueck\\\/#breadcrumb\"},\"inLanguage\":\"de\",\"potentialAction\":[{\"@type\":\"ReadAction\",\"target\":[\"https:\\\/\\\/dfvcg-events.de\\\/smart-care\\\/vortragend\\\/dr-stefan-lueck\\\/\"]}]},{\"@type\":\"ImageObject\",\"inLanguage\":\"de\",\"@id\":\"https:\\\/\\\/dfvcg-events.de\\\/smart-care\\\/vortragend\\\/dr-stefan-lueck\\\/#primaryimage\",\"url\":\"https:\\\/\\\/dfvcg-events.de\\\/smart-care\\\/wp-content\\\/uploads\\\/sites\\\/56\\\/2025\\\/11\\\/Lueck-Stephan-KErn-web.jpg\",\"contentUrl\":\"https:\\\/\\\/dfvcg-events.de\\\/smart-care\\\/wp-content\\\/uploads\\\/sites\\\/56\\\/2025\\\/11\\\/Lueck-Stephan-KErn-web.jpg\",\"width\":1424,\"height\":1898},{\"@type\":\"BreadcrumbList\",\"@id\":\"https:\\\/\\\/dfvcg-events.de\\\/smart-care\\\/vortragend\\\/dr-stefan-lueck\\\/#breadcrumb\",\"itemListElement\":[{\"@type\":\"ListItem\",\"position\":1,\"name\":\"Startseite\",\"item\":\"https:\\\/\\\/dfvcg-events.de\\\/smart-care\\\/\"},{\"@type\":\"ListItem\",\"position\":2,\"name\":\"Dr. Stephan L\u00fcck\"}]},{\"@type\":\"WebSite\",\"@id\":\"https:\\\/\\\/dfvcg-events.de\\\/smart-care\\\/#website\",\"url\":\"https:\\\/\\\/dfvcg-events.de\\\/smart-care\\\/\",\"name\":\"Smart Care\",\"description\":\"Der Kongress f\u00fcr Pflegemanagement\",\"publisher\":{\"@id\":\"https:\\\/\\\/dfvcg-events.de\\\/smart-care\\\/#organization\"},\"alternateName\":\"dfv Conference Group\",\"potentialAction\":[{\"@type\":\"SearchAction\",\"target\":{\"@type\":\"EntryPoint\",\"urlTemplate\":\"https:\\\/\\\/dfvcg-events.de\\\/smart-care\\\/?s={search_term_string}\"},\"query-input\":{\"@type\":\"PropertyValueSpecification\",\"valueRequired\":true,\"valueName\":\"search_term_string\"}}],\"inLanguage\":\"de\"},{\"@type\":\"Organization\",\"@id\":\"https:\\\/\\\/dfvcg-events.de\\\/smart-care\\\/#organization\",\"name\":\"Smart Care\",\"alternateName\":\"Kongress f\u00fcr Pflegemanagement\",\"url\":\"https:\\\/\\\/dfvcg-events.de\\\/smart-care\\\/\",\"logo\":{\"@type\":\"ImageObject\",\"inLanguage\":\"de\",\"@id\":\"https:\\\/\\\/dfvcg-events.de\\\/smart-care\\\/#\\\/schema\\\/logo\\\/image\\\/\",\"url\":\"https:\\\/\\\/dfvcg-events.de\\\/smart-care\\\/wp-content\\\/uploads\\\/sites\\\/56\\\/2024\\\/01\\\/dfvcg-Smart-Care-teaser-2024.jpg\",\"contentUrl\":\"https:\\\/\\\/dfvcg-events.de\\\/smart-care\\\/wp-content\\\/uploads\\\/sites\\\/56\\\/2024\\\/01\\\/dfvcg-Smart-Care-teaser-2024.jpg\",\"width\":800,\"height\":800,\"caption\":\"Smart Care\"},\"image\":{\"@id\":\"https:\\\/\\\/dfvcg-events.de\\\/smart-care\\\/#\\\/schema\\\/logo\\\/image\\\/\"}}]}<\/script>\n<!-- \/ Yoast SEO plugin. -->","yoast_head_json":{"title":"Vortragende: Dr. Stephan L\u00fcck | Smart Care","description":"Smart Care | Begr\u00fc\u00dfen Sie auf der B\u00fchne: Dr. Stephan L\u00fcck","robots":{"index":"index","follow":"follow","max-snippet":"max-snippet:-1","max-image-preview":"max-image-preview:large","max-video-preview":"max-video-preview:-1"},"canonical":"https:\/\/dfvcg-events.de\/smart-care\/vortragend\/dr-stefan-lueck\/","og_locale":"de_DE","og_type":"article","og_title":"Vortragende: Dr. Stephan L\u00fcck | Smart Care","og_description":"Smart Care | Begr\u00fc\u00dfen Sie auf der B\u00fchne: Dr. Stephan L\u00fcck","og_url":"https:\/\/dfvcg-events.de\/smart-care\/vortragend\/dr-stefan-lueck\/","og_site_name":"Smart Care","article_modified_time":"2025-11-17T16:00:34+00:00","og_image":[{"width":1424,"height":1898,"url":"https:\/\/dfvcg-events.de\/smart-care\/wp-content\/uploads\/sites\/56\/2025\/11\/Lueck-Stephan-KErn-web.jpg","type":"image\/jpeg"}],"twitter_card":"summary_large_image","twitter_misc":{"Gesch\u00e4tzte Lesezeit":"1\u00a0Minute"},"schema":{"@context":"https:\/\/schema.org","@graph":[{"@type":"WebPage","@id":"https:\/\/dfvcg-events.de\/smart-care\/vortragend\/dr-stefan-lueck\/","url":"https:\/\/dfvcg-events.de\/smart-care\/vortragend\/dr-stefan-lueck\/","name":"Vortragende: Dr. Stephan L\u00fcck | Smart Care","isPartOf":{"@id":"https:\/\/dfvcg-events.de\/smart-care\/#website"},"primaryImageOfPage":{"@id":"https:\/\/dfvcg-events.de\/smart-care\/vortragend\/dr-stefan-lueck\/#primaryimage"},"image":{"@id":"https:\/\/dfvcg-events.de\/smart-care\/vortragend\/dr-stefan-lueck\/#primaryimage"},"thumbnailUrl":"https:\/\/dfvcg-events.de\/smart-care\/wp-content\/uploads\/sites\/56\/2025\/11\/Lueck-Stephan-KErn-web.jpg","datePublished":"2025-11-17T15:36:43+00:00","dateModified":"2025-11-17T16:00:34+00:00","description":"Smart Care | Begr\u00fc\u00dfen Sie auf der B\u00fchne: Dr. Stephan L\u00fcck","breadcrumb":{"@id":"https:\/\/dfvcg-events.de\/smart-care\/vortragend\/dr-stefan-lueck\/#breadcrumb"},"inLanguage":"de","potentialAction":[{"@type":"ReadAction","target":["https:\/\/dfvcg-events.de\/smart-care\/vortragend\/dr-stefan-lueck\/"]}]},{"@type":"ImageObject","inLanguage":"de","@id":"https:\/\/dfvcg-events.de\/smart-care\/vortragend\/dr-stefan-lueck\/#primaryimage","url":"https:\/\/dfvcg-events.de\/smart-care\/wp-content\/uploads\/sites\/56\/2025\/11\/Lueck-Stephan-KErn-web.jpg","contentUrl":"https:\/\/dfvcg-events.de\/smart-care\/wp-content\/uploads\/sites\/56\/2025\/11\/Lueck-Stephan-KErn-web.jpg","width":1424,"height":1898},{"@type":"BreadcrumbList","@id":"https:\/\/dfvcg-events.de\/smart-care\/vortragend\/dr-stefan-lueck\/#breadcrumb","itemListElement":[{"@type":"ListItem","position":1,"name":"Startseite","item":"https:\/\/dfvcg-events.de\/smart-care\/"},{"@type":"ListItem","position":2,"name":"Dr. Stephan L\u00fcck"}]},{"@type":"WebSite","@id":"https:\/\/dfvcg-events.de\/smart-care\/#website","url":"https:\/\/dfvcg-events.de\/smart-care\/","name":"Smart Care","description":"Der Kongress f\u00fcr Pflegemanagement","publisher":{"@id":"https:\/\/dfvcg-events.de\/smart-care\/#organization"},"alternateName":"dfv Conference Group","potentialAction":[{"@type":"SearchAction","target":{"@type":"EntryPoint","urlTemplate":"https:\/\/dfvcg-events.de\/smart-care\/?s={search_term_string}"},"query-input":{"@type":"PropertyValueSpecification","valueRequired":true,"valueName":"search_term_string"}}],"inLanguage":"de"},{"@type":"Organization","@id":"https:\/\/dfvcg-events.de\/smart-care\/#organization","name":"Smart Care","alternateName":"Kongress f\u00fcr Pflegemanagement","url":"https:\/\/dfvcg-events.de\/smart-care\/","logo":{"@type":"ImageObject","inLanguage":"de","@id":"https:\/\/dfvcg-events.de\/smart-care\/#\/schema\/logo\/image\/","url":"https:\/\/dfvcg-events.de\/smart-care\/wp-content\/uploads\/sites\/56\/2024\/01\/dfvcg-Smart-Care-teaser-2024.jpg","contentUrl":"https:\/\/dfvcg-events.de\/smart-care\/wp-content\/uploads\/sites\/56\/2024\/01\/dfvcg-Smart-Care-teaser-2024.jpg","width":800,"height":800,"caption":"Smart Care"},"image":{"@id":"https:\/\/dfvcg-events.de\/smart-care\/#\/schema\/logo\/image\/"}}]}},"_links":{"self":[{"href":"https:\/\/dfvcg-events.de\/smart-care\/wp-json\/wp\/v2\/portfolio\/2582","targetHints":{"allow":["GET"]}}],"collection":[{"href":"https:\/\/dfvcg-events.de\/smart-care\/wp-json\/wp\/v2\/portfolio"}],"about":[{"href":"https:\/\/dfvcg-events.de\/smart-care\/wp-json\/wp\/v2\/types\/portfolio"}],"author":[{"embeddable":true,"href":"https:\/\/dfvcg-events.de\/smart-care\/wp-json\/wp\/v2\/users\/31"}],"replies":[{"embeddable":true,"href":"https:\/\/dfvcg-events.de\/smart-care\/wp-json\/wp\/v2\/comments?post=2582"}],"version-history":[{"count":5,"href":"https:\/\/dfvcg-events.de\/smart-care\/wp-json\/wp\/v2\/portfolio\/2582\/revisions"}],"predecessor-version":[{"id":2594,"href":"https:\/\/dfvcg-events.de\/smart-care\/wp-json\/wp\/v2\/portfolio\/2582\/revisions\/2594"}],"wp:featuredmedia":[{"embeddable":true,"href":"https:\/\/dfvcg-events.de\/smart-care\/wp-json\/wp\/v2\/media\/2584"}],"wp:attachment":[{"href":"https:\/\/dfvcg-events.de\/smart-care\/wp-json\/wp\/v2\/media?parent=2582"}],"wp:term":[{"taxonomy":"post_tag","embeddable":true,"href":"https:\/\/dfvcg-events.de\/smart-care\/wp-json\/wp\/v2\/tags?post=2582"},{"taxonomy":"portfolio_entries","embeddable":true,"href":"https:\/\/dfvcg-events.de\/smart-care\/wp-json\/wp\/v2\/portfolio_entries?post=2582"}],"curies":[{"name":"wp","href":"https:\/\/api.w.org\/{rel}","templated":true}]}}