{"id":2507,"date":"2025-10-16T14:51:54","date_gmt":"2025-10-16T12:51:54","guid":{"rendered":"https:\/\/dfvcg-events.de\/smart-care\/?post_type=portfolio&#038;p=2507"},"modified":"2025-10-16T14:51:54","modified_gmt":"2025-10-16T12:51:54","slug":"philipp-hartmann","status":"publish","type":"portfolio","link":"https:\/\/dfvcg-events.de\/smart-care\/vortragend\/philipp-hartmann\/","title":{"rendered":"Philipp Hartmann"},"content":{"rendered":"<div id='av_section_1'  class='avia-section av-k7yuhjt1-a783d814e2fc857f3cacc95bc1ef5381 main_color avia-section-default avia-no-border-styling  avia-builder-el-0  avia-builder-el-no-sibling  avia-bg-style-scroll av-minimum-height av-minimum-height-50 av-height-50  container_wrap fullsize'   data-av_minimum_height_pc='50' data-av_min_height_opt='50'><div class='container av-section-cont-open' ><main  role=\"main\" itemprop=\"mainContentOfPage\"  class='template-page content  av-content-full alpha units'><div class='post-entry post-entry-type-page post-entry-2507'><div class='entry-content-wrapper clearfix'>\n\n<style type=\"text\/css\" data-created_by=\"avia_inline_auto\" id=\"style-css-av-1hpil-0aefe2f1e90c83a225330af7bd6248ca\">\n.flex_column.av-1hpil-0aefe2f1e90c83a225330af7bd6248ca{\nborder-radius:0px 0px 0px 0px;\npadding:0px 0px 0px 0px;\n}\n<\/style>\n<div  class='flex_column av-1hpil-0aefe2f1e90c83a225330af7bd6248ca av_one_fourth  avia-builder-el-1  el_before_av_three_fourth  avia-builder-el-first  first flex_column_div av-zero-column-padding  '     ><p>\n<style type=\"text\/css\" data-created_by=\"avia_inline_auto\" id=\"style-css-av-k7z57foz-0fa31cf154bb43cf903c2668ddcd38f1\">\n.avia-image-container.av-k7z57foz-0fa31cf154bb43cf903c2668ddcd38f1 img.avia_image{\nbox-shadow:none;\n}\n.avia-image-container.av-k7z57foz-0fa31cf154bb43cf903c2668ddcd38f1 .av-image-caption-overlay-center{\ncolor:#ffffff;\n}\n<\/style>\n<div  class='avia-image-container av-k7z57foz-0fa31cf154bb43cf903c2668ddcd38f1 av-styling-no-styling avia-align-center  avia-builder-el-2  el_before_av_icon_box  avia-builder-el-first '   itemprop=\"image\" itemscope=\"itemscope\" itemtype=\"https:\/\/schema.org\/ImageObject\" ><div class=\"avia-image-container-inner\"><div class=\"avia-image-overlay-wrap\"><img decoding=\"async\" fetchpriority=\"high\" class='wp-image-2508 avia-img-lazy-loading-not-2508 avia_image ' src=\"https:\/\/dfvcg-events.de\/smart-care\/wp-content\/uploads\/sites\/56\/2025\/10\/Hartmann-Philipp-WEITBLICK-web.jpg\" alt='' title='Hartmann-Philipp-WEITBLICK-web'  height=\"800\" width=\"600\"  itemprop=\"thumbnailUrl\" srcset=\"https:\/\/dfvcg-events.de\/smart-care\/wp-content\/uploads\/sites\/56\/2025\/10\/Hartmann-Philipp-WEITBLICK-web.jpg 600w, https:\/\/dfvcg-events.de\/smart-care\/wp-content\/uploads\/sites\/56\/2025\/10\/Hartmann-Philipp-WEITBLICK-web-529x705.jpg 529w\" sizes=\"(max-width: 600px) 100vw, 600px\" \/><\/div><\/div><\/div><br \/>\n<article  class='iconbox iconbox_top av-mgtesg3o-29ea906117a346df387b43e210d238f5 av-no-box  avia-builder-el-3  el_after_av_image  avia-builder-el-last '  itemscope=\"itemscope\" itemtype=\"https:\/\/schema.org\/CreativeWork\" ><div class=\"iconbox_content\"><header class=\"entry-content-header\" aria-label=\"Icon: \"><a href='https:\/\/www.linkedin.com\/in\/philipp-hartmann-workwear-director-weitblick-corporate-fashion\/' title='' aria-label=''  target=\"_blank\"  rel=\"noopener noreferrer\" class='iconbox_icon heading-color avia-iconfont avia-font-entypo-fontello' data-av_icon='\ue8fc' data-av_iconfont='entypo-fontello'  ><\/a><\/header><div class='iconbox_content_container '  itemprop=\"text\" ><\/div><\/div><footer class=\"entry-footer\"><\/footer><\/article><\/p><\/div>\n<style type=\"text\/css\" data-created_by=\"avia_inline_auto\" id=\"style-css-av-q939-36bd9e2970eba44b209398e6adaba9f5\">\n.flex_column.av-q939-36bd9e2970eba44b209398e6adaba9f5{\nborder-radius:0px 0px 0px 0px;\npadding:0px 0px 0px 0px;\n}\n<\/style>\n<div  class='flex_column av-q939-36bd9e2970eba44b209398e6adaba9f5 av_three_fourth  avia-builder-el-4  el_after_av_one_fourth  avia-builder-el-last  flex_column_div av-zero-column-padding  '     ><p>\n<style type=\"text\/css\" data-created_by=\"avia_inline_auto\" id=\"style-css-av-kaux4tv8-88036f7114df678f26d89cb36889b5e5\">\n#top .av-special-heading.av-kaux4tv8-88036f7114df678f26d89cb36889b5e5{\npadding-bottom:10px;\n}\nbody .av-special-heading.av-kaux4tv8-88036f7114df678f26d89cb36889b5e5 .av-special-heading-tag .heading-char{\nfont-size:25px;\n}\n.av-special-heading.av-kaux4tv8-88036f7114df678f26d89cb36889b5e5 .av-subheading{\nfont-size:19px;\n}\n<\/style>\n<div  class='av-special-heading av-kaux4tv8-88036f7114df678f26d89cb36889b5e5 av-special-heading-h2 blockquote modern-quote  avia-builder-el-5  el_before_av_textblock  avia-builder-el-first '><h2 class='av-special-heading-tag '  itemprop=\"headline\"  >Philipp Hartmann<\/h2><div class='av-subheading av-subheading_below'><p>Sales Director | Prokurist<br \/>\nWEITBLICK<\/p>\n<\/div><div class=\"special-heading-border\"><div class=\"special-heading-inner-border\"><\/div><\/div><\/div><br \/>\n<section  class='av_textblock_section av-k7yuci90-941662c15edaa3ab75d434a4d26ac3d9 '   itemscope=\"itemscope\" itemtype=\"https:\/\/schema.org\/CreativeWork\" ><div class='avia_textblock'  itemprop=\"text\" ><p>Mein Name ist Philipp Hartmann. Seit 2017 verantworte ich bei Weitblick den Vertrieb, seit 2024 zus\u00e4tzlich die junge Sparte der Beratung. Meine Laufbahn begann in der Gastronomie \u2013 als Koch und sp\u00e4ter K\u00fcchenchef \u2013 bevor ich nach meinem BWL-Studium in den Vertrieb wechselte. Stationen in der FMCG- und Investitionsg\u00fcterindustrie haben mir gezeigt, wie unterschiedlich M\u00e4rkte, Entscheidungsprozesse und Kulturmechanismen funktionieren. Dieses Verst\u00e4ndnis setze ich heute ein, um Unternehmen zu beraten: von der Positionierung \u00fcber das Employer Branding bis hin zur strategischen Wirkung von Bekleidungskonzepten als Teil der Markenidentit\u00e4t. Seit 2024 bin ich Mitglied im Beirat der\u00a0<em>Denkfabrik Zukunft Gastwelt<\/em>, die als Impulsgeber und Dialogplattform zwischen Wirtschaft und Politik agiert. Mehr \u00fcber meine Arbeit teile ich regelm\u00e4\u00dfig auf LinkedIn.<\/p>\n<\/div><\/section><\/p><\/div>\n","protected":false},"excerpt":{"rendered":"<p>WEITBLICK<\/p>\n","protected":false},"author":4,"featured_media":2508,"comment_status":"closed","ping_status":"closed","template":"","meta":{"footnotes":""},"tags":[],"portfolio_entries":[53],"class_list":["post-2507","portfolio","type-portfolio","status-publish","has-post-thumbnail","hentry","portfolio_entries-vortragend-2"],"yoast_head":"<!-- This site is optimized with the Yoast SEO plugin v27.4 - https:\/\/yoast.com\/product\/yoast-seo-wordpress\/ -->\n<title>Vortragende: Philipp Hartmann | Smart Care<\/title>\n<meta name=\"description\" content=\"Smart Care | Begr\u00fc\u00dfen Sie auf der B\u00fchne: Philipp Hartmann\" \/>\n<meta name=\"robots\" content=\"index, follow, max-snippet:-1, max-image-preview:large, max-video-preview:-1\" \/>\n<link rel=\"canonical\" href=\"https:\/\/dfvcg-events.de\/smart-care\/vortragend\/philipp-hartmann\/\" \/>\n<meta property=\"og:locale\" content=\"de_DE\" \/>\n<meta property=\"og:type\" content=\"article\" \/>\n<meta property=\"og:title\" content=\"Vortragende: Philipp Hartmann | Smart Care\" \/>\n<meta property=\"og:description\" content=\"Smart Care | Begr\u00fc\u00dfen Sie auf der B\u00fchne: Philipp Hartmann\" \/>\n<meta property=\"og:url\" content=\"https:\/\/dfvcg-events.de\/smart-care\/vortragend\/philipp-hartmann\/\" \/>\n<meta property=\"og:site_name\" content=\"Smart Care\" \/>\n<meta property=\"og:image\" content=\"https:\/\/dfvcg-events.de\/smart-care\/wp-content\/uploads\/sites\/56\/2025\/10\/Hartmann-Philipp-WEITBLICK-web.jpg\" \/>\n\t<meta property=\"og:image:width\" content=\"600\" \/>\n\t<meta property=\"og:image:height\" content=\"800\" \/>\n\t<meta property=\"og:image:type\" content=\"image\/jpeg\" \/>\n<meta name=\"twitter:card\" content=\"summary_large_image\" \/>\n<meta name=\"twitter:label1\" content=\"Gesch\u00e4tzte Lesezeit\" \/>\n\t<meta name=\"twitter:data1\" content=\"1\u00a0Minute\" \/>\n<script type=\"application\/ld+json\" class=\"yoast-schema-graph\">{\"@context\":\"https:\\\/\\\/schema.org\",\"@graph\":[{\"@type\":\"WebPage\",\"@id\":\"https:\\\/\\\/dfvcg-events.de\\\/smart-care\\\/vortragend\\\/philipp-hartmann\\\/\",\"url\":\"https:\\\/\\\/dfvcg-events.de\\\/smart-care\\\/vortragend\\\/philipp-hartmann\\\/\",\"name\":\"Vortragende: Philipp Hartmann | Smart Care\",\"isPartOf\":{\"@id\":\"https:\\\/\\\/dfvcg-events.de\\\/smart-care\\\/#website\"},\"primaryImageOfPage\":{\"@id\":\"https:\\\/\\\/dfvcg-events.de\\\/smart-care\\\/vortragend\\\/philipp-hartmann\\\/#primaryimage\"},\"image\":{\"@id\":\"https:\\\/\\\/dfvcg-events.de\\\/smart-care\\\/vortragend\\\/philipp-hartmann\\\/#primaryimage\"},\"thumbnailUrl\":\"https:\\\/\\\/dfvcg-events.de\\\/smart-care\\\/wp-content\\\/uploads\\\/sites\\\/56\\\/2025\\\/10\\\/Hartmann-Philipp-WEITBLICK-web.jpg\",\"datePublished\":\"2025-10-16T12:51:54+00:00\",\"description\":\"Smart Care | Begr\u00fc\u00dfen Sie auf der B\u00fchne: Philipp Hartmann\",\"breadcrumb\":{\"@id\":\"https:\\\/\\\/dfvcg-events.de\\\/smart-care\\\/vortragend\\\/philipp-hartmann\\\/#breadcrumb\"},\"inLanguage\":\"de\",\"potentialAction\":[{\"@type\":\"ReadAction\",\"target\":[\"https:\\\/\\\/dfvcg-events.de\\\/smart-care\\\/vortragend\\\/philipp-hartmann\\\/\"]}]},{\"@type\":\"ImageObject\",\"inLanguage\":\"de\",\"@id\":\"https:\\\/\\\/dfvcg-events.de\\\/smart-care\\\/vortragend\\\/philipp-hartmann\\\/#primaryimage\",\"url\":\"https:\\\/\\\/dfvcg-events.de\\\/smart-care\\\/wp-content\\\/uploads\\\/sites\\\/56\\\/2025\\\/10\\\/Hartmann-Philipp-WEITBLICK-web.jpg\",\"contentUrl\":\"https:\\\/\\\/dfvcg-events.de\\\/smart-care\\\/wp-content\\\/uploads\\\/sites\\\/56\\\/2025\\\/10\\\/Hartmann-Philipp-WEITBLICK-web.jpg\",\"width\":600,\"height\":800},{\"@type\":\"BreadcrumbList\",\"@id\":\"https:\\\/\\\/dfvcg-events.de\\\/smart-care\\\/vortragend\\\/philipp-hartmann\\\/#breadcrumb\",\"itemListElement\":[{\"@type\":\"ListItem\",\"position\":1,\"name\":\"Startseite\",\"item\":\"https:\\\/\\\/dfvcg-events.de\\\/smart-care\\\/\"},{\"@type\":\"ListItem\",\"position\":2,\"name\":\"Philipp Hartmann\"}]},{\"@type\":\"WebSite\",\"@id\":\"https:\\\/\\\/dfvcg-events.de\\\/smart-care\\\/#website\",\"url\":\"https:\\\/\\\/dfvcg-events.de\\\/smart-care\\\/\",\"name\":\"Smart Care\",\"description\":\"Der Kongress f\u00fcr Pflegemanagement\",\"publisher\":{\"@id\":\"https:\\\/\\\/dfvcg-events.de\\\/smart-care\\\/#organization\"},\"alternateName\":\"dfv Conference Group\",\"potentialAction\":[{\"@type\":\"SearchAction\",\"target\":{\"@type\":\"EntryPoint\",\"urlTemplate\":\"https:\\\/\\\/dfvcg-events.de\\\/smart-care\\\/?s={search_term_string}\"},\"query-input\":{\"@type\":\"PropertyValueSpecification\",\"valueRequired\":true,\"valueName\":\"search_term_string\"}}],\"inLanguage\":\"de\"},{\"@type\":\"Organization\",\"@id\":\"https:\\\/\\\/dfvcg-events.de\\\/smart-care\\\/#organization\",\"name\":\"Smart Care\",\"alternateName\":\"Kongress f\u00fcr Pflegemanagement\",\"url\":\"https:\\\/\\\/dfvcg-events.de\\\/smart-care\\\/\",\"logo\":{\"@type\":\"ImageObject\",\"inLanguage\":\"de\",\"@id\":\"https:\\\/\\\/dfvcg-events.de\\\/smart-care\\\/#\\\/schema\\\/logo\\\/image\\\/\",\"url\":\"https:\\\/\\\/dfvcg-events.de\\\/smart-care\\\/wp-content\\\/uploads\\\/sites\\\/56\\\/2024\\\/01\\\/dfvcg-Smart-Care-teaser-2024.jpg\",\"contentUrl\":\"https:\\\/\\\/dfvcg-events.de\\\/smart-care\\\/wp-content\\\/uploads\\\/sites\\\/56\\\/2024\\\/01\\\/dfvcg-Smart-Care-teaser-2024.jpg\",\"width\":800,\"height\":800,\"caption\":\"Smart Care\"},\"image\":{\"@id\":\"https:\\\/\\\/dfvcg-events.de\\\/smart-care\\\/#\\\/schema\\\/logo\\\/image\\\/\"}}]}<\/script>\n<!-- \/ Yoast SEO plugin. -->","yoast_head_json":{"title":"Vortragende: Philipp Hartmann | Smart Care","description":"Smart Care | Begr\u00fc\u00dfen Sie auf der B\u00fchne: Philipp Hartmann","robots":{"index":"index","follow":"follow","max-snippet":"max-snippet:-1","max-image-preview":"max-image-preview:large","max-video-preview":"max-video-preview:-1"},"canonical":"https:\/\/dfvcg-events.de\/smart-care\/vortragend\/philipp-hartmann\/","og_locale":"de_DE","og_type":"article","og_title":"Vortragende: Philipp Hartmann | Smart Care","og_description":"Smart Care | Begr\u00fc\u00dfen Sie auf der B\u00fchne: Philipp Hartmann","og_url":"https:\/\/dfvcg-events.de\/smart-care\/vortragend\/philipp-hartmann\/","og_site_name":"Smart Care","og_image":[{"width":600,"height":800,"url":"https:\/\/dfvcg-events.de\/smart-care\/wp-content\/uploads\/sites\/56\/2025\/10\/Hartmann-Philipp-WEITBLICK-web.jpg","type":"image\/jpeg"}],"twitter_card":"summary_large_image","twitter_misc":{"Gesch\u00e4tzte Lesezeit":"1\u00a0Minute"},"schema":{"@context":"https:\/\/schema.org","@graph":[{"@type":"WebPage","@id":"https:\/\/dfvcg-events.de\/smart-care\/vortragend\/philipp-hartmann\/","url":"https:\/\/dfvcg-events.de\/smart-care\/vortragend\/philipp-hartmann\/","name":"Vortragende: Philipp Hartmann | Smart Care","isPartOf":{"@id":"https:\/\/dfvcg-events.de\/smart-care\/#website"},"primaryImageOfPage":{"@id":"https:\/\/dfvcg-events.de\/smart-care\/vortragend\/philipp-hartmann\/#primaryimage"},"image":{"@id":"https:\/\/dfvcg-events.de\/smart-care\/vortragend\/philipp-hartmann\/#primaryimage"},"thumbnailUrl":"https:\/\/dfvcg-events.de\/smart-care\/wp-content\/uploads\/sites\/56\/2025\/10\/Hartmann-Philipp-WEITBLICK-web.jpg","datePublished":"2025-10-16T12:51:54+00:00","description":"Smart Care | Begr\u00fc\u00dfen Sie auf der B\u00fchne: Philipp Hartmann","breadcrumb":{"@id":"https:\/\/dfvcg-events.de\/smart-care\/vortragend\/philipp-hartmann\/#breadcrumb"},"inLanguage":"de","potentialAction":[{"@type":"ReadAction","target":["https:\/\/dfvcg-events.de\/smart-care\/vortragend\/philipp-hartmann\/"]}]},{"@type":"ImageObject","inLanguage":"de","@id":"https:\/\/dfvcg-events.de\/smart-care\/vortragend\/philipp-hartmann\/#primaryimage","url":"https:\/\/dfvcg-events.de\/smart-care\/wp-content\/uploads\/sites\/56\/2025\/10\/Hartmann-Philipp-WEITBLICK-web.jpg","contentUrl":"https:\/\/dfvcg-events.de\/smart-care\/wp-content\/uploads\/sites\/56\/2025\/10\/Hartmann-Philipp-WEITBLICK-web.jpg","width":600,"height":800},{"@type":"BreadcrumbList","@id":"https:\/\/dfvcg-events.de\/smart-care\/vortragend\/philipp-hartmann\/#breadcrumb","itemListElement":[{"@type":"ListItem","position":1,"name":"Startseite","item":"https:\/\/dfvcg-events.de\/smart-care\/"},{"@type":"ListItem","position":2,"name":"Philipp Hartmann"}]},{"@type":"WebSite","@id":"https:\/\/dfvcg-events.de\/smart-care\/#website","url":"https:\/\/dfvcg-events.de\/smart-care\/","name":"Smart Care","description":"Der Kongress f\u00fcr Pflegemanagement","publisher":{"@id":"https:\/\/dfvcg-events.de\/smart-care\/#organization"},"alternateName":"dfv Conference Group","potentialAction":[{"@type":"SearchAction","target":{"@type":"EntryPoint","urlTemplate":"https:\/\/dfvcg-events.de\/smart-care\/?s={search_term_string}"},"query-input":{"@type":"PropertyValueSpecification","valueRequired":true,"valueName":"search_term_string"}}],"inLanguage":"de"},{"@type":"Organization","@id":"https:\/\/dfvcg-events.de\/smart-care\/#organization","name":"Smart Care","alternateName":"Kongress f\u00fcr Pflegemanagement","url":"https:\/\/dfvcg-events.de\/smart-care\/","logo":{"@type":"ImageObject","inLanguage":"de","@id":"https:\/\/dfvcg-events.de\/smart-care\/#\/schema\/logo\/image\/","url":"https:\/\/dfvcg-events.de\/smart-care\/wp-content\/uploads\/sites\/56\/2024\/01\/dfvcg-Smart-Care-teaser-2024.jpg","contentUrl":"https:\/\/dfvcg-events.de\/smart-care\/wp-content\/uploads\/sites\/56\/2024\/01\/dfvcg-Smart-Care-teaser-2024.jpg","width":800,"height":800,"caption":"Smart Care"},"image":{"@id":"https:\/\/dfvcg-events.de\/smart-care\/#\/schema\/logo\/image\/"}}]}},"_links":{"self":[{"href":"https:\/\/dfvcg-events.de\/smart-care\/wp-json\/wp\/v2\/portfolio\/2507","targetHints":{"allow":["GET"]}}],"collection":[{"href":"https:\/\/dfvcg-events.de\/smart-care\/wp-json\/wp\/v2\/portfolio"}],"about":[{"href":"https:\/\/dfvcg-events.de\/smart-care\/wp-json\/wp\/v2\/types\/portfolio"}],"author":[{"embeddable":true,"href":"https:\/\/dfvcg-events.de\/smart-care\/wp-json\/wp\/v2\/users\/4"}],"replies":[{"embeddable":true,"href":"https:\/\/dfvcg-events.de\/smart-care\/wp-json\/wp\/v2\/comments?post=2507"}],"version-history":[{"count":2,"href":"https:\/\/dfvcg-events.de\/smart-care\/wp-json\/wp\/v2\/portfolio\/2507\/revisions"}],"predecessor-version":[{"id":2523,"href":"https:\/\/dfvcg-events.de\/smart-care\/wp-json\/wp\/v2\/portfolio\/2507\/revisions\/2523"}],"wp:featuredmedia":[{"embeddable":true,"href":"https:\/\/dfvcg-events.de\/smart-care\/wp-json\/wp\/v2\/media\/2508"}],"wp:attachment":[{"href":"https:\/\/dfvcg-events.de\/smart-care\/wp-json\/wp\/v2\/media?parent=2507"}],"wp:term":[{"taxonomy":"post_tag","embeddable":true,"href":"https:\/\/dfvcg-events.de\/smart-care\/wp-json\/wp\/v2\/tags?post=2507"},{"taxonomy":"portfolio_entries","embeddable":true,"href":"https:\/\/dfvcg-events.de\/smart-care\/wp-json\/wp\/v2\/portfolio_entries?post=2507"}],"curies":[{"name":"wp","href":"https:\/\/api.w.org\/{rel}","templated":true}]}}