{"id":1717,"date":"2024-07-12T10:21:29","date_gmt":"2024-07-12T08:21:29","guid":{"rendered":"https:\/\/dfvcg-events.de\/smart-care\/?post_type=portfolio&#038;p=1717"},"modified":"2024-07-25T11:43:59","modified_gmt":"2024-07-25T09:43:59","slug":"dr-rene-herrmann","status":"publish","type":"portfolio","link":"https:\/\/dfvcg-events.de\/smart-care\/vortragend\/dr-rene-herrmann\/","title":{"rendered":"Dr. Ren\u00e9 Herrmann"},"content":{"rendered":"<div id='av_section_1'  class='avia-section av-k7yuhjt1-a783d814e2fc857f3cacc95bc1ef5381 main_color avia-section-default avia-no-border-styling  avia-builder-el-0  avia-builder-el-no-sibling  avia-bg-style-scroll av-minimum-height av-minimum-height-50 av-height-50  container_wrap fullsize'   data-av_minimum_height_pc='50' data-av_min_height_opt='50'><div class='container av-section-cont-open' ><main  role=\"main\" itemprop=\"mainContentOfPage\"  class='template-page content  av-content-full alpha units'><div class='post-entry post-entry-type-page post-entry-1717'><div class='entry-content-wrapper clearfix'>\n\n<style type=\"text\/css\" data-created_by=\"avia_inline_auto\" id=\"style-css-av-1hpil-0aefe2f1e90c83a225330af7bd6248ca\">\n.flex_column.av-1hpil-0aefe2f1e90c83a225330af7bd6248ca{\nborder-radius:0px 0px 0px 0px;\npadding:0px 0px 0px 0px;\n}\n<\/style>\n<div  class='flex_column av-1hpil-0aefe2f1e90c83a225330af7bd6248ca av_one_fourth  avia-builder-el-1  el_before_av_three_fourth  avia-builder-el-first  first flex_column_div av-zero-column-padding  '     ><style type=\"text\/css\" data-created_by=\"avia_inline_auto\" id=\"style-css-av-k7z57foz-5c556928faf4b3cc4eb2518dc911b7ec\">\n.avia-image-container.av-k7z57foz-5c556928faf4b3cc4eb2518dc911b7ec img.avia_image{\nbox-shadow:none;\n}\n.avia-image-container.av-k7z57foz-5c556928faf4b3cc4eb2518dc911b7ec .av-image-caption-overlay-center{\ncolor:#ffffff;\n}\n<\/style>\n<div  class='avia-image-container av-k7z57foz-5c556928faf4b3cc4eb2518dc911b7ec av-styling-no-styling avia-align-center  avia-builder-el-2  avia-builder-el-no-sibling '   itemprop=\"image\" itemscope=\"itemscope\" itemtype=\"https:\/\/schema.org\/ImageObject\" ><div class=\"avia-image-container-inner\"><div class=\"avia-image-overlay-wrap\"><img decoding=\"async\" fetchpriority=\"high\" class='wp-image-1718 avia-img-lazy-loading-not-1718 avia_image ' src=\"https:\/\/dfvcg-events.de\/smart-care\/wp-content\/uploads\/sites\/56\/2024\/07\/Dr.-Rene-Herrmann_\u00a9Reiner-Freese_Vivantes-web.jpg\" alt='' title='Dr. Rene Herrmann_\u00a9Reiner Freese_Vivantes-web'  height=\"2396\" width=\"1797\"  itemprop=\"thumbnailUrl\" srcset=\"https:\/\/dfvcg-events.de\/smart-care\/wp-content\/uploads\/sites\/56\/2024\/07\/Dr.-Rene-Herrmann_\u00a9Reiner-Freese_Vivantes-web.jpg 1797w, https:\/\/dfvcg-events.de\/smart-care\/wp-content\/uploads\/sites\/56\/2024\/07\/Dr.-Rene-Herrmann_\u00a9Reiner-Freese_Vivantes-web-529x705.jpg 529w\" sizes=\"(max-width: 1797px) 100vw, 1797px\" \/><\/div><\/div><\/div><\/div>\n<style type=\"text\/css\" data-created_by=\"avia_inline_auto\" id=\"style-css-av-q939-36bd9e2970eba44b209398e6adaba9f5\">\n.flex_column.av-q939-36bd9e2970eba44b209398e6adaba9f5{\nborder-radius:0px 0px 0px 0px;\npadding:0px 0px 0px 0px;\n}\n<\/style>\n<div  class='flex_column av-q939-36bd9e2970eba44b209398e6adaba9f5 av_three_fourth  avia-builder-el-3  el_after_av_one_fourth  avia-builder-el-last  flex_column_div av-zero-column-padding  '     ><p>\n<style type=\"text\/css\" data-created_by=\"avia_inline_auto\" id=\"style-css-av-kaux4tv8-528074fe3e3ef722efb3290cacc61061\">\n#top .av-special-heading.av-kaux4tv8-528074fe3e3ef722efb3290cacc61061{\npadding-bottom:10px;\n}\nbody .av-special-heading.av-kaux4tv8-528074fe3e3ef722efb3290cacc61061 .av-special-heading-tag .heading-char{\nfont-size:25px;\n}\n.av-special-heading.av-kaux4tv8-528074fe3e3ef722efb3290cacc61061 .av-subheading{\nfont-size:19px;\n}\n<\/style>\n<div  class='av-special-heading av-kaux4tv8-528074fe3e3ef722efb3290cacc61061 av-special-heading-h2 blockquote modern-quote  avia-builder-el-4  el_before_av_textblock  avia-builder-el-first '><h2 class='av-special-heading-tag '  itemprop=\"headline\"  >Dr. Ren\u00e9 Herrmann<\/h2><div class='av-subheading av-subheading_below'><p>Gesch\u00e4ftsf\u00fchrer<br \/>\nVivantes \u2013 Forum f\u00fcr Senioren GmbH<\/p>\n<\/div><div class=\"special-heading-border\"><div class=\"special-heading-inner-border\"><\/div><\/div><\/div><br \/>\n<section  class='av_textblock_section av-k7yuci90-cc8f536f476c354fb273c6b3e8aa0dbd '   itemscope=\"itemscope\" itemtype=\"https:\/\/schema.org\/CreativeWork\" ><div class='avia_textblock'  itemprop=\"text\" ><p>Dr. Ren\u00e9 Herrmann ist seit 2014 operativer Gesch\u00e4ftsf\u00fchrer der Vivantes &#8211; Forum f\u00fcr Senioren GmbH. Das Unternehmen ist das kommunale Altenpflegeunternehmen in Berlin mit 2.362 station\u00e4ren Lang- und Kurzzeitpflegepl\u00e4tzen sowie ca. 1.800 Mitarbeitenden. Zuvor hat er in verschiedenen Positionen bei der Sana Klinken AG gearbeitet, zuletzt als Konzernbeauftragter Altenpflege.<\/p>\n<p>Der immerw\u00e4hrende Personal- und Fachkr\u00e4ftemangel hat die Vivantes &#8211; Forum f\u00fcr Senioren GmbH bereits fr\u00fch dazu veranlasst, zus\u00e4tzlich zur starken Aus- und Weiterbildung hiesiger Mitarbeiter*innen, Fachkr\u00e4fte aus dem Ausland zu rekrutieren. Bereits 2013 begann es mit einem Pilotprojekt des Bundesministeriums f\u00fcr Wirtschaft, \u00fcber das 61 vietnamesische Fachkr\u00e4fte vermittelt wurden und eine Ausbildung bei der Vivantes &#8211; Forum f\u00fcr Senioren GmbH abgeschlossen haben.<\/p>\n<p>Um das vorrangige Ziel einer qualitativ hochwertigen Pflege von Seniorinnen und Senioren auch zuk\u00fcnftig dauerhaft gew\u00e4hrleisten zu k\u00f6nnen, geht die Vivantes &#8211; Forum f\u00fcr Senioren GmbH seit 2019 mit der Anerkennung des Berufsabschlusses ausl\u00e4ndischer Pflegefachkr\u00e4fte einen weiteren wichtigen Schritt der Personalgewinnung.<\/p>\n<\/div><\/section><\/p><\/div>\n","protected":false},"excerpt":{"rendered":"<p>Vivantes \u2013 Forum f\u00fcr Senioren GmbH<\/p>\n","protected":false},"author":31,"featured_media":1718,"comment_status":"closed","ping_status":"closed","template":"","meta":{"footnotes":""},"tags":[],"portfolio_entries":[3],"class_list":["post-1717","portfolio","type-portfolio","status-publish","has-post-thumbnail","hentry","portfolio_entries-vortragend"],"yoast_head":"<!-- This site is optimized with the Yoast SEO plugin v27.4 - https:\/\/yoast.com\/product\/yoast-seo-wordpress\/ -->\n<title>Referent: Dr. Ren\u00e9 Herrmann | Smart Care<\/title>\n<meta name=\"description\" content=\"Smart Care | Begr\u00fc\u00dfen Sie auf der B\u00fchne: Dr. Ren\u00e9 Herrmann\" \/>\n<meta name=\"robots\" content=\"index, follow, max-snippet:-1, max-image-preview:large, max-video-preview:-1\" \/>\n<link rel=\"canonical\" href=\"https:\/\/dfvcg-events.de\/smart-care\/vortragend\/dr-rene-herrmann\/\" \/>\n<meta property=\"og:locale\" content=\"de_DE\" \/>\n<meta property=\"og:type\" content=\"article\" \/>\n<meta property=\"og:title\" content=\"Referent: Dr. Ren\u00e9 Herrmann | Smart Care\" \/>\n<meta property=\"og:description\" content=\"Smart Care | Begr\u00fc\u00dfen Sie auf der B\u00fchne: Dr. Ren\u00e9 Herrmann\" \/>\n<meta property=\"og:url\" content=\"https:\/\/dfvcg-events.de\/smart-care\/vortragend\/dr-rene-herrmann\/\" \/>\n<meta property=\"og:site_name\" content=\"Smart Care\" \/>\n<meta property=\"article:modified_time\" content=\"2024-07-25T09:43:59+00:00\" \/>\n<meta property=\"og:image\" content=\"https:\/\/dfvcg-events.de\/smart-care\/wp-content\/uploads\/sites\/56\/2024\/07\/Dr.-Rene-Herrmann_\u00a9Reiner-Freese_Vivantes-web.jpg\" \/>\n\t<meta property=\"og:image:width\" content=\"1797\" \/>\n\t<meta property=\"og:image:height\" content=\"2396\" \/>\n\t<meta property=\"og:image:type\" content=\"image\/jpeg\" \/>\n<meta name=\"twitter:card\" content=\"summary_large_image\" \/>\n<meta name=\"twitter:label1\" content=\"Gesch\u00e4tzte Lesezeit\" \/>\n\t<meta name=\"twitter:data1\" content=\"1\u00a0Minute\" \/>\n<script type=\"application\/ld+json\" class=\"yoast-schema-graph\">{\"@context\":\"https:\\\/\\\/schema.org\",\"@graph\":[{\"@type\":\"WebPage\",\"@id\":\"https:\\\/\\\/dfvcg-events.de\\\/smart-care\\\/vortragend\\\/dr-rene-herrmann\\\/\",\"url\":\"https:\\\/\\\/dfvcg-events.de\\\/smart-care\\\/vortragend\\\/dr-rene-herrmann\\\/\",\"name\":\"Referent: Dr. Ren\u00e9 Herrmann | Smart Care\",\"isPartOf\":{\"@id\":\"https:\\\/\\\/dfvcg-events.de\\\/smart-care\\\/#website\"},\"primaryImageOfPage\":{\"@id\":\"https:\\\/\\\/dfvcg-events.de\\\/smart-care\\\/vortragend\\\/dr-rene-herrmann\\\/#primaryimage\"},\"image\":{\"@id\":\"https:\\\/\\\/dfvcg-events.de\\\/smart-care\\\/vortragend\\\/dr-rene-herrmann\\\/#primaryimage\"},\"thumbnailUrl\":\"https:\\\/\\\/dfvcg-events.de\\\/smart-care\\\/wp-content\\\/uploads\\\/sites\\\/56\\\/2024\\\/07\\\/Dr.-Rene-Herrmann_\u00a9Reiner-Freese_Vivantes-web.jpg\",\"datePublished\":\"2024-07-12T08:21:29+00:00\",\"dateModified\":\"2024-07-25T09:43:59+00:00\",\"description\":\"Smart Care | Begr\u00fc\u00dfen Sie auf der B\u00fchne: Dr. Ren\u00e9 Herrmann\",\"breadcrumb\":{\"@id\":\"https:\\\/\\\/dfvcg-events.de\\\/smart-care\\\/vortragend\\\/dr-rene-herrmann\\\/#breadcrumb\"},\"inLanguage\":\"de\",\"potentialAction\":[{\"@type\":\"ReadAction\",\"target\":[\"https:\\\/\\\/dfvcg-events.de\\\/smart-care\\\/vortragend\\\/dr-rene-herrmann\\\/\"]}]},{\"@type\":\"ImageObject\",\"inLanguage\":\"de\",\"@id\":\"https:\\\/\\\/dfvcg-events.de\\\/smart-care\\\/vortragend\\\/dr-rene-herrmann\\\/#primaryimage\",\"url\":\"https:\\\/\\\/dfvcg-events.de\\\/smart-care\\\/wp-content\\\/uploads\\\/sites\\\/56\\\/2024\\\/07\\\/Dr.-Rene-Herrmann_\u00a9Reiner-Freese_Vivantes-web.jpg\",\"contentUrl\":\"https:\\\/\\\/dfvcg-events.de\\\/smart-care\\\/wp-content\\\/uploads\\\/sites\\\/56\\\/2024\\\/07\\\/Dr.-Rene-Herrmann_\u00a9Reiner-Freese_Vivantes-web.jpg\",\"width\":1797,\"height\":2396},{\"@type\":\"BreadcrumbList\",\"@id\":\"https:\\\/\\\/dfvcg-events.de\\\/smart-care\\\/vortragend\\\/dr-rene-herrmann\\\/#breadcrumb\",\"itemListElement\":[{\"@type\":\"ListItem\",\"position\":1,\"name\":\"Startseite\",\"item\":\"https:\\\/\\\/dfvcg-events.de\\\/smart-care\\\/\"},{\"@type\":\"ListItem\",\"position\":2,\"name\":\"Dr. Ren\u00e9 Herrmann\"}]},{\"@type\":\"WebSite\",\"@id\":\"https:\\\/\\\/dfvcg-events.de\\\/smart-care\\\/#website\",\"url\":\"https:\\\/\\\/dfvcg-events.de\\\/smart-care\\\/\",\"name\":\"Smart Care\",\"description\":\"Der Kongress f\u00fcr Pflegemanagement\",\"publisher\":{\"@id\":\"https:\\\/\\\/dfvcg-events.de\\\/smart-care\\\/#organization\"},\"alternateName\":\"dfv Conference Group\",\"potentialAction\":[{\"@type\":\"SearchAction\",\"target\":{\"@type\":\"EntryPoint\",\"urlTemplate\":\"https:\\\/\\\/dfvcg-events.de\\\/smart-care\\\/?s={search_term_string}\"},\"query-input\":{\"@type\":\"PropertyValueSpecification\",\"valueRequired\":true,\"valueName\":\"search_term_string\"}}],\"inLanguage\":\"de\"},{\"@type\":\"Organization\",\"@id\":\"https:\\\/\\\/dfvcg-events.de\\\/smart-care\\\/#organization\",\"name\":\"Smart Care\",\"alternateName\":\"Kongress f\u00fcr Pflegemanagement\",\"url\":\"https:\\\/\\\/dfvcg-events.de\\\/smart-care\\\/\",\"logo\":{\"@type\":\"ImageObject\",\"inLanguage\":\"de\",\"@id\":\"https:\\\/\\\/dfvcg-events.de\\\/smart-care\\\/#\\\/schema\\\/logo\\\/image\\\/\",\"url\":\"https:\\\/\\\/dfvcg-events.de\\\/smart-care\\\/wp-content\\\/uploads\\\/sites\\\/56\\\/2024\\\/01\\\/dfvcg-Smart-Care-teaser-2024.jpg\",\"contentUrl\":\"https:\\\/\\\/dfvcg-events.de\\\/smart-care\\\/wp-content\\\/uploads\\\/sites\\\/56\\\/2024\\\/01\\\/dfvcg-Smart-Care-teaser-2024.jpg\",\"width\":800,\"height\":800,\"caption\":\"Smart Care\"},\"image\":{\"@id\":\"https:\\\/\\\/dfvcg-events.de\\\/smart-care\\\/#\\\/schema\\\/logo\\\/image\\\/\"}}]}<\/script>\n<!-- \/ Yoast SEO plugin. -->","yoast_head_json":{"title":"Referent: Dr. Ren\u00e9 Herrmann | Smart Care","description":"Smart Care | Begr\u00fc\u00dfen Sie auf der B\u00fchne: Dr. Ren\u00e9 Herrmann","robots":{"index":"index","follow":"follow","max-snippet":"max-snippet:-1","max-image-preview":"max-image-preview:large","max-video-preview":"max-video-preview:-1"},"canonical":"https:\/\/dfvcg-events.de\/smart-care\/vortragend\/dr-rene-herrmann\/","og_locale":"de_DE","og_type":"article","og_title":"Referent: Dr. Ren\u00e9 Herrmann | Smart Care","og_description":"Smart Care | Begr\u00fc\u00dfen Sie auf der B\u00fchne: Dr. Ren\u00e9 Herrmann","og_url":"https:\/\/dfvcg-events.de\/smart-care\/vortragend\/dr-rene-herrmann\/","og_site_name":"Smart Care","article_modified_time":"2024-07-25T09:43:59+00:00","og_image":[{"width":1797,"height":2396,"url":"https:\/\/dfvcg-events.de\/smart-care\/wp-content\/uploads\/sites\/56\/2024\/07\/Dr.-Rene-Herrmann_\u00a9Reiner-Freese_Vivantes-web.jpg","type":"image\/jpeg"}],"twitter_card":"summary_large_image","twitter_misc":{"Gesch\u00e4tzte Lesezeit":"1\u00a0Minute"},"schema":{"@context":"https:\/\/schema.org","@graph":[{"@type":"WebPage","@id":"https:\/\/dfvcg-events.de\/smart-care\/vortragend\/dr-rene-herrmann\/","url":"https:\/\/dfvcg-events.de\/smart-care\/vortragend\/dr-rene-herrmann\/","name":"Referent: Dr. Ren\u00e9 Herrmann | Smart Care","isPartOf":{"@id":"https:\/\/dfvcg-events.de\/smart-care\/#website"},"primaryImageOfPage":{"@id":"https:\/\/dfvcg-events.de\/smart-care\/vortragend\/dr-rene-herrmann\/#primaryimage"},"image":{"@id":"https:\/\/dfvcg-events.de\/smart-care\/vortragend\/dr-rene-herrmann\/#primaryimage"},"thumbnailUrl":"https:\/\/dfvcg-events.de\/smart-care\/wp-content\/uploads\/sites\/56\/2024\/07\/Dr.-Rene-Herrmann_\u00a9Reiner-Freese_Vivantes-web.jpg","datePublished":"2024-07-12T08:21:29+00:00","dateModified":"2024-07-25T09:43:59+00:00","description":"Smart Care | Begr\u00fc\u00dfen Sie auf der B\u00fchne: Dr. Ren\u00e9 Herrmann","breadcrumb":{"@id":"https:\/\/dfvcg-events.de\/smart-care\/vortragend\/dr-rene-herrmann\/#breadcrumb"},"inLanguage":"de","potentialAction":[{"@type":"ReadAction","target":["https:\/\/dfvcg-events.de\/smart-care\/vortragend\/dr-rene-herrmann\/"]}]},{"@type":"ImageObject","inLanguage":"de","@id":"https:\/\/dfvcg-events.de\/smart-care\/vortragend\/dr-rene-herrmann\/#primaryimage","url":"https:\/\/dfvcg-events.de\/smart-care\/wp-content\/uploads\/sites\/56\/2024\/07\/Dr.-Rene-Herrmann_\u00a9Reiner-Freese_Vivantes-web.jpg","contentUrl":"https:\/\/dfvcg-events.de\/smart-care\/wp-content\/uploads\/sites\/56\/2024\/07\/Dr.-Rene-Herrmann_\u00a9Reiner-Freese_Vivantes-web.jpg","width":1797,"height":2396},{"@type":"BreadcrumbList","@id":"https:\/\/dfvcg-events.de\/smart-care\/vortragend\/dr-rene-herrmann\/#breadcrumb","itemListElement":[{"@type":"ListItem","position":1,"name":"Startseite","item":"https:\/\/dfvcg-events.de\/smart-care\/"},{"@type":"ListItem","position":2,"name":"Dr. Ren\u00e9 Herrmann"}]},{"@type":"WebSite","@id":"https:\/\/dfvcg-events.de\/smart-care\/#website","url":"https:\/\/dfvcg-events.de\/smart-care\/","name":"Smart Care","description":"Der Kongress f\u00fcr Pflegemanagement","publisher":{"@id":"https:\/\/dfvcg-events.de\/smart-care\/#organization"},"alternateName":"dfv Conference Group","potentialAction":[{"@type":"SearchAction","target":{"@type":"EntryPoint","urlTemplate":"https:\/\/dfvcg-events.de\/smart-care\/?s={search_term_string}"},"query-input":{"@type":"PropertyValueSpecification","valueRequired":true,"valueName":"search_term_string"}}],"inLanguage":"de"},{"@type":"Organization","@id":"https:\/\/dfvcg-events.de\/smart-care\/#organization","name":"Smart Care","alternateName":"Kongress f\u00fcr Pflegemanagement","url":"https:\/\/dfvcg-events.de\/smart-care\/","logo":{"@type":"ImageObject","inLanguage":"de","@id":"https:\/\/dfvcg-events.de\/smart-care\/#\/schema\/logo\/image\/","url":"https:\/\/dfvcg-events.de\/smart-care\/wp-content\/uploads\/sites\/56\/2024\/01\/dfvcg-Smart-Care-teaser-2024.jpg","contentUrl":"https:\/\/dfvcg-events.de\/smart-care\/wp-content\/uploads\/sites\/56\/2024\/01\/dfvcg-Smart-Care-teaser-2024.jpg","width":800,"height":800,"caption":"Smart Care"},"image":{"@id":"https:\/\/dfvcg-events.de\/smart-care\/#\/schema\/logo\/image\/"}}]}},"_links":{"self":[{"href":"https:\/\/dfvcg-events.de\/smart-care\/wp-json\/wp\/v2\/portfolio\/1717","targetHints":{"allow":["GET"]}}],"collection":[{"href":"https:\/\/dfvcg-events.de\/smart-care\/wp-json\/wp\/v2\/portfolio"}],"about":[{"href":"https:\/\/dfvcg-events.de\/smart-care\/wp-json\/wp\/v2\/types\/portfolio"}],"author":[{"embeddable":true,"href":"https:\/\/dfvcg-events.de\/smart-care\/wp-json\/wp\/v2\/users\/31"}],"replies":[{"embeddable":true,"href":"https:\/\/dfvcg-events.de\/smart-care\/wp-json\/wp\/v2\/comments?post=1717"}],"version-history":[{"count":3,"href":"https:\/\/dfvcg-events.de\/smart-care\/wp-json\/wp\/v2\/portfolio\/1717\/revisions"}],"predecessor-version":[{"id":1786,"href":"https:\/\/dfvcg-events.de\/smart-care\/wp-json\/wp\/v2\/portfolio\/1717\/revisions\/1786"}],"wp:featuredmedia":[{"embeddable":true,"href":"https:\/\/dfvcg-events.de\/smart-care\/wp-json\/wp\/v2\/media\/1718"}],"wp:attachment":[{"href":"https:\/\/dfvcg-events.de\/smart-care\/wp-json\/wp\/v2\/media?parent=1717"}],"wp:term":[{"taxonomy":"post_tag","embeddable":true,"href":"https:\/\/dfvcg-events.de\/smart-care\/wp-json\/wp\/v2\/tags?post=1717"},{"taxonomy":"portfolio_entries","embeddable":true,"href":"https:\/\/dfvcg-events.de\/smart-care\/wp-json\/wp\/v2\/portfolio_entries?post=1717"}],"curies":[{"name":"wp","href":"https:\/\/api.w.org\/{rel}","templated":true}]}}