{"id":3784,"date":"2026-07-28T09:54:27","date_gmt":"2026-07-28T07:54:27","guid":{"rendered":"https:\/\/dfvcg-events.de\/retail-media-day\/?post_type=portfolio&#038;p=3784"},"modified":"2026-07-28T09:59:04","modified_gmt":"2026-07-28T07:59:04","slug":"jan-dieter-schaap","status":"publish","type":"portfolio","link":"https:\/\/dfvcg-events.de\/retail-media-day\/vortragend\/jan-dieter-schaap\/","title":{"rendered":"Jan-Dieter Schaap"},"content":{"rendered":"<div id='av_section_1'  class='avia-section av-k7yuhjt1-a783d814e2fc857f3cacc95bc1ef5381 main_color avia-section-default avia-no-border-styling  avia-builder-el-0  avia-builder-el-no-sibling  avia-bg-style-scroll av-minimum-height av-minimum-height-50 av-height-50  container_wrap fullsize'   data-av_minimum_height_pc='50' data-av_min_height_opt='50'><div class='container av-section-cont-open' ><main  role=\"main\" itemprop=\"mainContentOfPage\"  class='template-page content  av-content-full alpha units'><div class='post-entry post-entry-type-page post-entry-3784'><div class='entry-content-wrapper clearfix'>\n\n<style type=\"text\/css\" data-created_by=\"avia_inline_auto\" id=\"style-css-av-1hpil-0aefe2f1e90c83a225330af7bd6248ca\">\n.flex_column.av-1hpil-0aefe2f1e90c83a225330af7bd6248ca{\nborder-radius:0px 0px 0px 0px;\npadding:0px 0px 0px 0px;\n}\n<\/style>\n<div  class='flex_column av-1hpil-0aefe2f1e90c83a225330af7bd6248ca av_one_fourth  avia-builder-el-1  el_before_av_three_fourth  avia-builder-el-first  first flex_column_div av-zero-column-padding  '     ><style type=\"text\/css\" data-created_by=\"avia_inline_auto\" id=\"style-css-av-k7z57foz-b007317add7e9c362138b96e5e52646d\">\n.avia-image-container.av-k7z57foz-b007317add7e9c362138b96e5e52646d img.avia_image{\nbox-shadow:none;\n}\n.avia-image-container.av-k7z57foz-b007317add7e9c362138b96e5e52646d .av-image-caption-overlay-center{\ncolor:#ffffff;\n}\n<\/style>\n<div  class='avia-image-container av-k7z57foz-b007317add7e9c362138b96e5e52646d av-styling-no-styling avia-align-center  avia-builder-el-2  avia-builder-el-no-sibling '   itemprop=\"image\" itemscope=\"itemscope\" itemtype=\"https:\/\/schema.org\/ImageObject\" ><div class=\"avia-image-container-inner\"><div class=\"avia-image-overlay-wrap\"><img decoding=\"async\" fetchpriority=\"high\" class='wp-image-3791 avia-img-lazy-loading-not-3791 avia_image ' src=\"https:\/\/dfvcg-events.de\/retail-media-day\/wp-content\/uploads\/sites\/50\/2026\/07\/Schaap-Jan-Dieter-Fraport_web.jpg\" alt='' title='Schaap-Jan-Dieter-Fraport_web'  height=\"801\" width=\"600\"  itemprop=\"thumbnailUrl\" srcset=\"https:\/\/dfvcg-events.de\/retail-media-day\/wp-content\/uploads\/sites\/50\/2026\/07\/Schaap-Jan-Dieter-Fraport_web.jpg 600w, https:\/\/dfvcg-events.de\/retail-media-day\/wp-content\/uploads\/sites\/50\/2026\/07\/Schaap-Jan-Dieter-Fraport_web-528x705.jpg 528w\" sizes=\"(max-width: 600px) 100vw, 600px\" \/><\/div><\/div><\/div><\/div>\n<style type=\"text\/css\" data-created_by=\"avia_inline_auto\" id=\"style-css-av-q939-36bd9e2970eba44b209398e6adaba9f5\">\n.flex_column.av-q939-36bd9e2970eba44b209398e6adaba9f5{\nborder-radius:0px 0px 0px 0px;\npadding:0px 0px 0px 0px;\n}\n<\/style>\n<div  class='flex_column av-q939-36bd9e2970eba44b209398e6adaba9f5 av_three_fourth  avia-builder-el-3  el_after_av_one_fourth  avia-builder-el-last  flex_column_div av-zero-column-padding  '     ><p>\n<style type=\"text\/css\" data-created_by=\"avia_inline_auto\" id=\"style-css-av-kaux4tv8-832a7d34ffaef3341d3388c73df07c69\">\n#top .av-special-heading.av-kaux4tv8-832a7d34ffaef3341d3388c73df07c69{\npadding-bottom:10px;\n}\nbody .av-special-heading.av-kaux4tv8-832a7d34ffaef3341d3388c73df07c69 .av-special-heading-tag .heading-char{\nfont-size:25px;\n}\n.av-special-heading.av-kaux4tv8-832a7d34ffaef3341d3388c73df07c69 .av-subheading{\nfont-size:19px;\n}\n<\/style>\n<div  class='av-special-heading av-kaux4tv8-832a7d34ffaef3341d3388c73df07c69 av-special-heading-h2 blockquote modern-quote  avia-builder-el-4  el_before_av_textblock  avia-builder-el-first '><h2 class='av-special-heading-tag '  itemprop=\"headline\"  >Jan-Dieter Schaap<\/h2><div class='av-subheading av-subheading_below'><p>Senior Vice President Retail, Fraport<\/p>\n<\/div><div class=\"special-heading-border\"><div class=\"special-heading-inner-border\"><\/div><\/div><\/div><br \/>\n<section  class='av_textblock_section av-k7yuci90-a18c0bcded5d1c9d05f50a7123e6837d '   itemscope=\"itemscope\" itemtype=\"https:\/\/schema.org\/CreativeWork\" ><div class='avia_textblock'  itemprop=\"text\" ><p>Jan-Dieter Schaap ist Senior Vice President Retail, Digital Business, CRM, VIP &amp; Services der Fraport AG. Er verf\u00fcgt \u00fcber mehr als 30 Jahre F\u00fchrungs- und Managementerfahrung an der Schnittstelle von Handel, Digitalisierung, Kundenmanagement und Transformation.<\/p>\n<p>Vor seinem Wechsel zu Fraport war er Mitglied der Gesch\u00e4ftsleitung von Galeria Kaufhof sowie in verschiedenen F\u00fchrungsfunktionen bei Douglas t\u00e4tig, zuletzt als Chief Omnichannel Officer. In dieser Rolle verantwortete er die internationale digitale Transformation, den Ausbau des E-Commerce-Gesch\u00e4fts in zehn L\u00e4ndern sowie die Entwicklung innovativer Omnichannel- und CRM-Strategien.<\/p>\n<p>Seine Expertise liegt insbesondere in den Bereichen digitale Gesch\u00e4ftsmodelle, Customer Experience, Omnichannel-Commerce, Retail-Innovation und organisatorischer Wandel. Jan-Dieter Schaap engagiert sich zudem in mehreren Beiratsfunktionen, unter anderem bei der Frankfurt Media GmbH, der Frankfurt Airport Retail GmbH sowie dem Bundesverband E-Commerce und Versandhandel (bevh).<\/p>\n<\/div><\/section><\/p><\/div>\n","protected":false},"excerpt":{"rendered":"<p>Fraport<\/p>\n","protected":false},"author":35,"featured_media":3791,"comment_status":"closed","ping_status":"closed","template":"","meta":{"footnotes":""},"tags":[],"portfolio_entries":[56],"class_list":["post-3784","portfolio","type-portfolio","status-publish","has-post-thumbnail","hentry","portfolio_entries-vortragend-2026"],"yoast_head":"<!-- This site is optimized with the Yoast SEO plugin v28.3 - https:\/\/yoast.com\/product\/yoast-seo-wordpress\/ -->\n<title>Referent: Jan-Dieter Schaap | LZ Retail Media Day<\/title>\n<meta name=\"description\" content=\"LZ Retail Media Day | Begr\u00fc\u00dfen Sie auf der B\u00fchne: Jan-Dieter Schaap\" \/>\n<meta name=\"robots\" content=\"index, follow, max-snippet:-1, max-image-preview:large, max-video-preview:-1\" \/>\n<link rel=\"canonical\" href=\"https:\/\/dfvcg-events.de\/retail-media-day\/vortragend\/jan-dieter-schaap\/\" \/>\n<meta property=\"og:locale\" content=\"de_DE\" \/>\n<meta property=\"og:type\" content=\"article\" \/>\n<meta property=\"og:title\" content=\"Referent: Jan-Dieter Schaap | LZ Retail Media Day\" \/>\n<meta property=\"og:description\" content=\"LZ Retail Media Day | Begr\u00fc\u00dfen Sie auf der B\u00fchne: Jan-Dieter Schaap\" \/>\n<meta property=\"og:url\" content=\"https:\/\/dfvcg-events.de\/retail-media-day\/vortragend\/jan-dieter-schaap\/\" \/>\n<meta property=\"og:site_name\" content=\"LZ Retail Media Day\" \/>\n<meta property=\"article:publisher\" content=\"https:\/\/www.facebook.com\/Lebensmittel.Zeitung\" \/>\n<meta property=\"article:modified_time\" content=\"2026-07-28T07:59:04+00:00\" \/>\n<meta property=\"og:image\" content=\"https:\/\/dfvcg-events.de\/retail-media-day\/wp-content\/uploads\/sites\/50\/2026\/07\/Schaap-Jan-Dieter-Fraport_web.jpg\" \/>\n\t<meta property=\"og:image:width\" content=\"600\" \/>\n\t<meta property=\"og:image:height\" content=\"801\" \/>\n\t<meta property=\"og:image:type\" content=\"image\/jpeg\" \/>\n<meta name=\"twitter:card\" content=\"summary_large_image\" \/>\n<meta name=\"twitter:site\" content=\"@LZNETnews\" \/>\n<meta name=\"twitter:label1\" content=\"Gesch\u00e4tzte Lesezeit\" \/>\n\t<meta name=\"twitter:data1\" content=\"1\u00a0Minute\" \/>\n<script type=\"application\/ld+json\" class=\"yoast-schema-graph\">{\"@context\":\"https:\\\/\\\/schema.org\",\"@graph\":[{\"@type\":\"WebPage\",\"@id\":\"https:\\\/\\\/dfvcg-events.de\\\/retail-media-day\\\/vortragend\\\/jan-dieter-schaap\\\/\",\"url\":\"https:\\\/\\\/dfvcg-events.de\\\/retail-media-day\\\/vortragend\\\/jan-dieter-schaap\\\/\",\"name\":\"Referent: Jan-Dieter Schaap | LZ Retail Media Day\",\"isPartOf\":{\"@id\":\"https:\\\/\\\/dfvcg-events.de\\\/retail-media-day\\\/#website\"},\"primaryImageOfPage\":{\"@id\":\"https:\\\/\\\/dfvcg-events.de\\\/retail-media-day\\\/vortragend\\\/jan-dieter-schaap\\\/#primaryimage\"},\"image\":{\"@id\":\"https:\\\/\\\/dfvcg-events.de\\\/retail-media-day\\\/vortragend\\\/jan-dieter-schaap\\\/#primaryimage\"},\"thumbnailUrl\":\"https:\\\/\\\/dfvcg-events.de\\\/retail-media-day\\\/wp-content\\\/uploads\\\/sites\\\/50\\\/2026\\\/07\\\/Schaap-Jan-Dieter-Fraport_web.jpg\",\"datePublished\":\"2026-07-28T07:54:27+00:00\",\"dateModified\":\"2026-07-28T07:59:04+00:00\",\"description\":\"LZ Retail Media Day | Begr\u00fc\u00dfen Sie auf der B\u00fchne: Jan-Dieter Schaap\",\"breadcrumb\":{\"@id\":\"https:\\\/\\\/dfvcg-events.de\\\/retail-media-day\\\/vortragend\\\/jan-dieter-schaap\\\/#breadcrumb\"},\"inLanguage\":\"de\",\"potentialAction\":[{\"@type\":\"ReadAction\",\"target\":[\"https:\\\/\\\/dfvcg-events.de\\\/retail-media-day\\\/vortragend\\\/jan-dieter-schaap\\\/\"]}]},{\"@type\":\"ImageObject\",\"inLanguage\":\"de\",\"@id\":\"https:\\\/\\\/dfvcg-events.de\\\/retail-media-day\\\/vortragend\\\/jan-dieter-schaap\\\/#primaryimage\",\"url\":\"https:\\\/\\\/dfvcg-events.de\\\/retail-media-day\\\/wp-content\\\/uploads\\\/sites\\\/50\\\/2026\\\/07\\\/Schaap-Jan-Dieter-Fraport_web.jpg\",\"contentUrl\":\"https:\\\/\\\/dfvcg-events.de\\\/retail-media-day\\\/wp-content\\\/uploads\\\/sites\\\/50\\\/2026\\\/07\\\/Schaap-Jan-Dieter-Fraport_web.jpg\",\"width\":600,\"height\":801},{\"@type\":\"BreadcrumbList\",\"@id\":\"https:\\\/\\\/dfvcg-events.de\\\/retail-media-day\\\/vortragend\\\/jan-dieter-schaap\\\/#breadcrumb\",\"itemListElement\":[{\"@type\":\"ListItem\",\"position\":1,\"name\":\"Startseite\",\"item\":\"https:\\\/\\\/dfvcg-events.de\\\/retail-media-day\\\/\"},{\"@type\":\"ListItem\",\"position\":2,\"name\":\"Jan-Dieter Schaap\"}]},{\"@type\":\"WebSite\",\"@id\":\"https:\\\/\\\/dfvcg-events.de\\\/retail-media-day\\\/#website\",\"url\":\"https:\\\/\\\/dfvcg-events.de\\\/retail-media-day\\\/\",\"name\":\"LZ Retail Media Day\",\"description\":\"dfv Conference Group\",\"publisher\":{\"@id\":\"https:\\\/\\\/dfvcg-events.de\\\/retail-media-day\\\/#organization\"},\"potentialAction\":[{\"@type\":\"SearchAction\",\"target\":{\"@type\":\"EntryPoint\",\"urlTemplate\":\"https:\\\/\\\/dfvcg-events.de\\\/retail-media-day\\\/?s={search_term_string}\"},\"query-input\":{\"@type\":\"PropertyValueSpecification\",\"valueRequired\":true,\"valueName\":\"search_term_string\"}}],\"inLanguage\":\"de\"},{\"@type\":\"Organization\",\"@id\":\"https:\\\/\\\/dfvcg-events.de\\\/retail-media-day\\\/#organization\",\"name\":\"Lebensmittel Zeitung & dfv Conference Group\",\"url\":\"https:\\\/\\\/dfvcg-events.de\\\/retail-media-day\\\/\",\"logo\":{\"@type\":\"ImageObject\",\"inLanguage\":\"de\",\"@id\":\"https:\\\/\\\/dfvcg-events.de\\\/retail-media-day\\\/#\\\/schema\\\/logo\\\/image\\\/\",\"url\":\"https:\\\/\\\/dfvcg-events.de\\\/retail-media-day\\\/wp-content\\\/uploads\\\/sites\\\/50\\\/2025\\\/11\\\/250904-Visual-RMD26-800x800px.jpg\",\"contentUrl\":\"https:\\\/\\\/dfvcg-events.de\\\/retail-media-day\\\/wp-content\\\/uploads\\\/sites\\\/50\\\/2025\\\/11\\\/250904-Visual-RMD26-800x800px.jpg\",\"width\":800,\"height\":800,\"caption\":\"Lebensmittel Zeitung & dfv Conference Group\"},\"image\":{\"@id\":\"https:\\\/\\\/dfvcg-events.de\\\/retail-media-day\\\/#\\\/schema\\\/logo\\\/image\\\/\"},\"sameAs\":[\"https:\\\/\\\/www.facebook.com\\\/Lebensmittel.Zeitung\",\"https:\\\/\\\/x.com\\\/LZNETnews\"]}]}<\/script>\n<!-- \/ Yoast SEO plugin. -->","yoast_head_json":{"title":"Referent: Jan-Dieter Schaap | LZ Retail Media Day","description":"LZ Retail Media Day | Begr\u00fc\u00dfen Sie auf der B\u00fchne: Jan-Dieter Schaap","robots":{"index":"index","follow":"follow","max-snippet":"max-snippet:-1","max-image-preview":"max-image-preview:large","max-video-preview":"max-video-preview:-1"},"canonical":"https:\/\/dfvcg-events.de\/retail-media-day\/vortragend\/jan-dieter-schaap\/","og_locale":"de_DE","og_type":"article","og_title":"Referent: Jan-Dieter Schaap | LZ Retail Media Day","og_description":"LZ Retail Media Day | Begr\u00fc\u00dfen Sie auf der B\u00fchne: Jan-Dieter Schaap","og_url":"https:\/\/dfvcg-events.de\/retail-media-day\/vortragend\/jan-dieter-schaap\/","og_site_name":"LZ Retail Media Day","article_publisher":"https:\/\/www.facebook.com\/Lebensmittel.Zeitung","article_modified_time":"2026-07-28T07:59:04+00:00","og_image":[{"width":600,"height":801,"url":"https:\/\/dfvcg-events.de\/retail-media-day\/wp-content\/uploads\/sites\/50\/2026\/07\/Schaap-Jan-Dieter-Fraport_web.jpg","type":"image\/jpeg"}],"twitter_card":"summary_large_image","twitter_site":"@LZNETnews","twitter_misc":{"Gesch\u00e4tzte Lesezeit":"1\u00a0Minute"},"schema":{"@context":"https:\/\/schema.org","@graph":[{"@type":"WebPage","@id":"https:\/\/dfvcg-events.de\/retail-media-day\/vortragend\/jan-dieter-schaap\/","url":"https:\/\/dfvcg-events.de\/retail-media-day\/vortragend\/jan-dieter-schaap\/","name":"Referent: Jan-Dieter Schaap | LZ Retail Media Day","isPartOf":{"@id":"https:\/\/dfvcg-events.de\/retail-media-day\/#website"},"primaryImageOfPage":{"@id":"https:\/\/dfvcg-events.de\/retail-media-day\/vortragend\/jan-dieter-schaap\/#primaryimage"},"image":{"@id":"https:\/\/dfvcg-events.de\/retail-media-day\/vortragend\/jan-dieter-schaap\/#primaryimage"},"thumbnailUrl":"https:\/\/dfvcg-events.de\/retail-media-day\/wp-content\/uploads\/sites\/50\/2026\/07\/Schaap-Jan-Dieter-Fraport_web.jpg","datePublished":"2026-07-28T07:54:27+00:00","dateModified":"2026-07-28T07:59:04+00:00","description":"LZ Retail Media Day | Begr\u00fc\u00dfen Sie auf der B\u00fchne: Jan-Dieter Schaap","breadcrumb":{"@id":"https:\/\/dfvcg-events.de\/retail-media-day\/vortragend\/jan-dieter-schaap\/#breadcrumb"},"inLanguage":"de","potentialAction":[{"@type":"ReadAction","target":["https:\/\/dfvcg-events.de\/retail-media-day\/vortragend\/jan-dieter-schaap\/"]}]},{"@type":"ImageObject","inLanguage":"de","@id":"https:\/\/dfvcg-events.de\/retail-media-day\/vortragend\/jan-dieter-schaap\/#primaryimage","url":"https:\/\/dfvcg-events.de\/retail-media-day\/wp-content\/uploads\/sites\/50\/2026\/07\/Schaap-Jan-Dieter-Fraport_web.jpg","contentUrl":"https:\/\/dfvcg-events.de\/retail-media-day\/wp-content\/uploads\/sites\/50\/2026\/07\/Schaap-Jan-Dieter-Fraport_web.jpg","width":600,"height":801},{"@type":"BreadcrumbList","@id":"https:\/\/dfvcg-events.de\/retail-media-day\/vortragend\/jan-dieter-schaap\/#breadcrumb","itemListElement":[{"@type":"ListItem","position":1,"name":"Startseite","item":"https:\/\/dfvcg-events.de\/retail-media-day\/"},{"@type":"ListItem","position":2,"name":"Jan-Dieter Schaap"}]},{"@type":"WebSite","@id":"https:\/\/dfvcg-events.de\/retail-media-day\/#website","url":"https:\/\/dfvcg-events.de\/retail-media-day\/","name":"LZ Retail Media Day","description":"dfv Conference Group","publisher":{"@id":"https:\/\/dfvcg-events.de\/retail-media-day\/#organization"},"potentialAction":[{"@type":"SearchAction","target":{"@type":"EntryPoint","urlTemplate":"https:\/\/dfvcg-events.de\/retail-media-day\/?s={search_term_string}"},"query-input":{"@type":"PropertyValueSpecification","valueRequired":true,"valueName":"search_term_string"}}],"inLanguage":"de"},{"@type":"Organization","@id":"https:\/\/dfvcg-events.de\/retail-media-day\/#organization","name":"Lebensmittel Zeitung & dfv Conference Group","url":"https:\/\/dfvcg-events.de\/retail-media-day\/","logo":{"@type":"ImageObject","inLanguage":"de","@id":"https:\/\/dfvcg-events.de\/retail-media-day\/#\/schema\/logo\/image\/","url":"https:\/\/dfvcg-events.de\/retail-media-day\/wp-content\/uploads\/sites\/50\/2025\/11\/250904-Visual-RMD26-800x800px.jpg","contentUrl":"https:\/\/dfvcg-events.de\/retail-media-day\/wp-content\/uploads\/sites\/50\/2025\/11\/250904-Visual-RMD26-800x800px.jpg","width":800,"height":800,"caption":"Lebensmittel Zeitung & dfv Conference Group"},"image":{"@id":"https:\/\/dfvcg-events.de\/retail-media-day\/#\/schema\/logo\/image\/"},"sameAs":["https:\/\/www.facebook.com\/Lebensmittel.Zeitung","https:\/\/x.com\/LZNETnews"]}]}},"_links":{"self":[{"href":"https:\/\/dfvcg-events.de\/retail-media-day\/wp-json\/wp\/v2\/portfolio\/3784","targetHints":{"allow":["GET"]}}],"collection":[{"href":"https:\/\/dfvcg-events.de\/retail-media-day\/wp-json\/wp\/v2\/portfolio"}],"about":[{"href":"https:\/\/dfvcg-events.de\/retail-media-day\/wp-json\/wp\/v2\/types\/portfolio"}],"author":[{"embeddable":true,"href":"https:\/\/dfvcg-events.de\/retail-media-day\/wp-json\/wp\/v2\/users\/35"}],"replies":[{"embeddable":true,"href":"https:\/\/dfvcg-events.de\/retail-media-day\/wp-json\/wp\/v2\/comments?post=3784"}],"version-history":[{"count":0,"href":"https:\/\/dfvcg-events.de\/retail-media-day\/wp-json\/wp\/v2\/portfolio\/3784\/revisions"}],"wp:featuredmedia":[{"embeddable":true,"href":"https:\/\/dfvcg-events.de\/retail-media-day\/wp-json\/wp\/v2\/media\/3791"}],"wp:attachment":[{"href":"https:\/\/dfvcg-events.de\/retail-media-day\/wp-json\/wp\/v2\/media?parent=3784"}],"wp:term":[{"taxonomy":"post_tag","embeddable":true,"href":"https:\/\/dfvcg-events.de\/retail-media-day\/wp-json\/wp\/v2\/tags?post=3784"},{"taxonomy":"portfolio_entries","embeddable":true,"href":"https:\/\/dfvcg-events.de\/retail-media-day\/wp-json\/wp\/v2\/portfolio_entries?post=3784"}],"curies":[{"name":"wp","href":"https:\/\/api.w.org\/{rel}","templated":true}]}}