{"id":2569,"date":"2024-11-18T11:49:20","date_gmt":"2024-11-18T10:49:20","guid":{"rendered":"https:\/\/dfvcg-events.de\/retail-media-day\/?post_type=portfolio&#038;p=2569"},"modified":"2024-12-03T10:05:23","modified_gmt":"2024-12-03T09:05:23","slug":"christian-raveax-2","status":"publish","type":"portfolio","link":"https:\/\/dfvcg-events.de\/retail-media-day\/vortragend\/christian-raveax-2\/","title":{"rendered":"Andy Baldauf"},"content":{"rendered":"<div id='av_section_1'  class='avia-section av-k7yuhjt1-a783d814e2fc857f3cacc95bc1ef5381 main_color avia-section-default avia-no-border-styling  avia-builder-el-0  avia-builder-el-no-sibling  avia-bg-style-scroll av-minimum-height av-minimum-height-50 av-height-50  container_wrap fullsize'   data-av_minimum_height_pc='50' data-av_min_height_opt='50'><div class='container av-section-cont-open' ><main  role=\"main\" itemprop=\"mainContentOfPage\"  class='template-page content  av-content-full alpha units'><div class='post-entry post-entry-type-page post-entry-2569'><div class='entry-content-wrapper clearfix'>\n\n<style type=\"text\/css\" data-created_by=\"avia_inline_auto\" id=\"style-css-av-1hpil-0aefe2f1e90c83a225330af7bd6248ca\">\n.flex_column.av-1hpil-0aefe2f1e90c83a225330af7bd6248ca{\nborder-radius:0px 0px 0px 0px;\npadding:0px 0px 0px 0px;\n}\n<\/style>\n<div  class='flex_column av-1hpil-0aefe2f1e90c83a225330af7bd6248ca av_one_fourth  avia-builder-el-1  el_before_av_three_fourth  avia-builder-el-first  first flex_column_div av-zero-column-padding  '     ><style type=\"text\/css\" data-created_by=\"avia_inline_auto\" id=\"style-css-av-k7z57foz-252dfebdc00ad67998fb5dafe3c4a2b1\">\n.avia-image-container.av-k7z57foz-252dfebdc00ad67998fb5dafe3c4a2b1 img.avia_image{\nbox-shadow:none;\n}\n.avia-image-container.av-k7z57foz-252dfebdc00ad67998fb5dafe3c4a2b1 .av-image-caption-overlay-center{\ncolor:#ffffff;\n}\n<\/style>\n<div  class='avia-image-container av-k7z57foz-252dfebdc00ad67998fb5dafe3c4a2b1 av-styling-no-styling avia-align-center  avia-builder-el-2  avia-builder-el-no-sibling '   itemprop=\"image\" itemscope=\"itemscope\" itemtype=\"https:\/\/schema.org\/ImageObject\" ><div class=\"avia-image-container-inner\"><div class=\"avia-image-overlay-wrap\"><img decoding=\"async\" fetchpriority=\"high\" class='wp-image-2561 avia-img-lazy-loading-not-2561 avia_image ' src=\"https:\/\/dfvcg-events.de\/retail-media-day\/wp-content\/uploads\/sites\/50\/2024\/11\/Baldauf-Andy-thefuturegarage-1.jpg\" alt='' title='Baldauf-Andy-thefuturegarage'  height=\"1600\" width=\"1068\"  itemprop=\"thumbnailUrl\" srcset=\"https:\/\/dfvcg-events.de\/retail-media-day\/wp-content\/uploads\/sites\/50\/2024\/11\/Baldauf-Andy-thefuturegarage-1.jpg 1068w, https:\/\/dfvcg-events.de\/retail-media-day\/wp-content\/uploads\/sites\/50\/2024\/11\/Baldauf-Andy-thefuturegarage-1-471x705.jpg 471w\" sizes=\"(max-width: 1068px) 100vw, 1068px\" \/><\/div><\/div><\/div><\/div>\n<style type=\"text\/css\" data-created_by=\"avia_inline_auto\" id=\"style-css-av-q939-36bd9e2970eba44b209398e6adaba9f5\">\n.flex_column.av-q939-36bd9e2970eba44b209398e6adaba9f5{\nborder-radius:0px 0px 0px 0px;\npadding:0px 0px 0px 0px;\n}\n<\/style>\n<div  class='flex_column av-q939-36bd9e2970eba44b209398e6adaba9f5 av_three_fourth  avia-builder-el-3  el_after_av_one_fourth  avia-builder-el-last  flex_column_div av-zero-column-padding  '     ><p>\n<style type=\"text\/css\" data-created_by=\"avia_inline_auto\" id=\"style-css-av-kaux4tv8-52c0fcb3ae0780177493b71549429cb6\">\n#top .av-special-heading.av-kaux4tv8-52c0fcb3ae0780177493b71549429cb6{\npadding-bottom:10px;\n}\nbody .av-special-heading.av-kaux4tv8-52c0fcb3ae0780177493b71549429cb6 .av-special-heading-tag .heading-char{\nfont-size:25px;\n}\n.av-special-heading.av-kaux4tv8-52c0fcb3ae0780177493b71549429cb6 .av-subheading{\nfont-size:19px;\n}\n<\/style>\n<div  class='av-special-heading av-kaux4tv8-52c0fcb3ae0780177493b71549429cb6 av-special-heading-h2 blockquote modern-quote  avia-builder-el-4  el_before_av_textblock  avia-builder-el-first '><h2 class='av-special-heading-tag '  itemprop=\"headline\"  >Andy Baldauf<\/h2><div class='av-subheading av-subheading_below'><p>Gesch\u00e4ftsf\u00fchrer, the Future Garage<\/p>\n<\/div><div class=\"special-heading-border\"><div class=\"special-heading-inner-border\"><\/div><\/div><\/div><br \/>\n<section  class='av_textblock_section av-k7yuci90-cc8f536f476c354fb273c6b3e8aa0dbd '   itemscope=\"itemscope\" itemtype=\"https:\/\/schema.org\/CreativeWork\" ><div class='avia_textblock'  itemprop=\"text\" ><p>Andy Baldauf ist ein Experte f\u00fcr station\u00e4re und digitale Handelsstrukturen mit \u00fcber 20 Jahren Erfahrung. Er hat in strategischen Positionen bei renommierten\u00a0nationalen Grosskonzernen, internationalen KMUs und Startups gearbeitet. Mit einem akademischen Hintergrund in Marketing und Digital Business, spezialisiert auf\u00a0Innovationsmanagement, verf\u00fcgt er \u00fcber tiefes Fachwissen. Als anerkannter Top Retail Expert, Dozent und gefragter Keynote Speaker teilt Andy sein Wissen regelm\u00e4ssig.<\/p>\n<\/div><\/section><\/p><\/div>\n","protected":false},"excerpt":{"rendered":"<p>the Future Garage &amp; ex-Migros<\/p>\n","protected":false},"author":17,"featured_media":2561,"comment_status":"closed","ping_status":"closed","template":"","meta":{"footnotes":""},"tags":[],"portfolio_entries":[54,4],"class_list":["post-2569","portfolio","type-portfolio","status-publish","has-post-thumbnail","hentry","portfolio_entries-vortragend-2025","portfolio_entries-vortragende-feature"],"yoast_head":"<!-- This site is optimized with the Yoast SEO plugin v27.4 - https:\/\/yoast.com\/product\/yoast-seo-wordpress\/ -->\n<title>Referent: Andy Baldauf - LZ Retail Media Day<\/title>\n<meta name=\"description\" content=\"LZ Retail Media Day | Begr\u00fc\u00dfen Sie auf der B\u00fchne: Andy Baldauf\" \/>\n<meta name=\"robots\" content=\"index, follow, max-snippet:-1, max-image-preview:large, max-video-preview:-1\" \/>\n<link rel=\"canonical\" href=\"https:\/\/dfvcg-events.de\/retail-media-day\/vortragend\/christian-raveax-2\/\" \/>\n<meta property=\"og:locale\" content=\"de_DE\" \/>\n<meta property=\"og:type\" content=\"article\" \/>\n<meta property=\"og:title\" content=\"Referent: Andy Baldauf - LZ Retail Media Day\" \/>\n<meta property=\"og:description\" content=\"LZ Retail Media Day | Begr\u00fc\u00dfen Sie auf der B\u00fchne: Andy Baldauf\" \/>\n<meta property=\"og:url\" content=\"https:\/\/dfvcg-events.de\/retail-media-day\/vortragend\/christian-raveax-2\/\" \/>\n<meta property=\"og:site_name\" content=\"LZ Retail Media Day\" \/>\n<meta property=\"article:publisher\" content=\"https:\/\/www.facebook.com\/Lebensmittel.Zeitung\" \/>\n<meta property=\"article:modified_time\" content=\"2024-12-03T09:05:23+00:00\" \/>\n<meta property=\"og:image\" content=\"https:\/\/dfvcg-events.de\/retail-media-day\/wp-content\/uploads\/sites\/50\/2024\/11\/Baldauf-Andy-thefuturegarage-1.jpg\" \/>\n\t<meta property=\"og:image:width\" content=\"1068\" \/>\n\t<meta property=\"og:image:height\" content=\"1600\" \/>\n\t<meta property=\"og:image:type\" content=\"image\/jpeg\" \/>\n<meta name=\"twitter:card\" content=\"summary_large_image\" \/>\n<meta name=\"twitter:site\" content=\"@LZNETnews\" \/>\n<meta name=\"twitter:label1\" content=\"Gesch\u00e4tzte Lesezeit\" \/>\n\t<meta name=\"twitter:data1\" content=\"1\u00a0Minute\" \/>\n<script type=\"application\/ld+json\" class=\"yoast-schema-graph\">{\"@context\":\"https:\\\/\\\/schema.org\",\"@graph\":[{\"@type\":\"WebPage\",\"@id\":\"https:\\\/\\\/dfvcg-events.de\\\/retail-media-day\\\/vortragend\\\/christian-raveax-2\\\/\",\"url\":\"https:\\\/\\\/dfvcg-events.de\\\/retail-media-day\\\/vortragend\\\/christian-raveax-2\\\/\",\"name\":\"Referent: Andy Baldauf - LZ Retail Media Day\",\"isPartOf\":{\"@id\":\"https:\\\/\\\/dfvcg-events.de\\\/retail-media-day\\\/#website\"},\"primaryImageOfPage\":{\"@id\":\"https:\\\/\\\/dfvcg-events.de\\\/retail-media-day\\\/vortragend\\\/christian-raveax-2\\\/#primaryimage\"},\"image\":{\"@id\":\"https:\\\/\\\/dfvcg-events.de\\\/retail-media-day\\\/vortragend\\\/christian-raveax-2\\\/#primaryimage\"},\"thumbnailUrl\":\"https:\\\/\\\/dfvcg-events.de\\\/retail-media-day\\\/wp-content\\\/uploads\\\/sites\\\/50\\\/2024\\\/11\\\/Baldauf-Andy-thefuturegarage-1.jpg\",\"datePublished\":\"2024-11-18T10:49:20+00:00\",\"dateModified\":\"2024-12-03T09:05:23+00:00\",\"description\":\"LZ Retail Media Day | Begr\u00fc\u00dfen Sie auf der B\u00fchne: Andy Baldauf\",\"breadcrumb\":{\"@id\":\"https:\\\/\\\/dfvcg-events.de\\\/retail-media-day\\\/vortragend\\\/christian-raveax-2\\\/#breadcrumb\"},\"inLanguage\":\"de\",\"potentialAction\":[{\"@type\":\"ReadAction\",\"target\":[\"https:\\\/\\\/dfvcg-events.de\\\/retail-media-day\\\/vortragend\\\/christian-raveax-2\\\/\"]}]},{\"@type\":\"ImageObject\",\"inLanguage\":\"de\",\"@id\":\"https:\\\/\\\/dfvcg-events.de\\\/retail-media-day\\\/vortragend\\\/christian-raveax-2\\\/#primaryimage\",\"url\":\"https:\\\/\\\/dfvcg-events.de\\\/retail-media-day\\\/wp-content\\\/uploads\\\/sites\\\/50\\\/2024\\\/11\\\/Baldauf-Andy-thefuturegarage-1.jpg\",\"contentUrl\":\"https:\\\/\\\/dfvcg-events.de\\\/retail-media-day\\\/wp-content\\\/uploads\\\/sites\\\/50\\\/2024\\\/11\\\/Baldauf-Andy-thefuturegarage-1.jpg\",\"width\":1068,\"height\":1600},{\"@type\":\"BreadcrumbList\",\"@id\":\"https:\\\/\\\/dfvcg-events.de\\\/retail-media-day\\\/vortragend\\\/christian-raveax-2\\\/#breadcrumb\",\"itemListElement\":[{\"@type\":\"ListItem\",\"position\":1,\"name\":\"Startseite\",\"item\":\"https:\\\/\\\/dfvcg-events.de\\\/retail-media-day\\\/\"},{\"@type\":\"ListItem\",\"position\":2,\"name\":\"Andy Baldauf\"}]},{\"@type\":\"WebSite\",\"@id\":\"https:\\\/\\\/dfvcg-events.de\\\/retail-media-day\\\/#website\",\"url\":\"https:\\\/\\\/dfvcg-events.de\\\/retail-media-day\\\/\",\"name\":\"LZ Retail Media Day\",\"description\":\"dfv Conference Group\",\"publisher\":{\"@id\":\"https:\\\/\\\/dfvcg-events.de\\\/retail-media-day\\\/#organization\"},\"potentialAction\":[{\"@type\":\"SearchAction\",\"target\":{\"@type\":\"EntryPoint\",\"urlTemplate\":\"https:\\\/\\\/dfvcg-events.de\\\/retail-media-day\\\/?s={search_term_string}\"},\"query-input\":{\"@type\":\"PropertyValueSpecification\",\"valueRequired\":true,\"valueName\":\"search_term_string\"}}],\"inLanguage\":\"de\"},{\"@type\":\"Organization\",\"@id\":\"https:\\\/\\\/dfvcg-events.de\\\/retail-media-day\\\/#organization\",\"name\":\"Lebensmittel Zeitung & dfv Conference Group\",\"url\":\"https:\\\/\\\/dfvcg-events.de\\\/retail-media-day\\\/\",\"logo\":{\"@type\":\"ImageObject\",\"inLanguage\":\"de\",\"@id\":\"https:\\\/\\\/dfvcg-events.de\\\/retail-media-day\\\/#\\\/schema\\\/logo\\\/image\\\/\",\"url\":\"https:\\\/\\\/dfvcg-events.de\\\/retail-media-day\\\/wp-content\\\/uploads\\\/sites\\\/50\\\/2024\\\/02\\\/Retail-Media-Day-banner-yoast.jpg\",\"contentUrl\":\"https:\\\/\\\/dfvcg-events.de\\\/retail-media-day\\\/wp-content\\\/uploads\\\/sites\\\/50\\\/2024\\\/02\\\/Retail-Media-Day-banner-yoast.jpg\",\"width\":1240,\"height\":620,\"caption\":\"Lebensmittel Zeitung & dfv Conference Group\"},\"image\":{\"@id\":\"https:\\\/\\\/dfvcg-events.de\\\/retail-media-day\\\/#\\\/schema\\\/logo\\\/image\\\/\"},\"sameAs\":[\"https:\\\/\\\/www.facebook.com\\\/Lebensmittel.Zeitung\",\"https:\\\/\\\/x.com\\\/LZNETnews\"]}]}<\/script>\n<!-- \/ Yoast SEO plugin. -->","yoast_head_json":{"title":"Referent: Andy Baldauf - LZ Retail Media Day","description":"LZ Retail Media Day | Begr\u00fc\u00dfen Sie auf der B\u00fchne: Andy Baldauf","robots":{"index":"index","follow":"follow","max-snippet":"max-snippet:-1","max-image-preview":"max-image-preview:large","max-video-preview":"max-video-preview:-1"},"canonical":"https:\/\/dfvcg-events.de\/retail-media-day\/vortragend\/christian-raveax-2\/","og_locale":"de_DE","og_type":"article","og_title":"Referent: Andy Baldauf - LZ Retail Media Day","og_description":"LZ Retail Media Day | Begr\u00fc\u00dfen Sie auf der B\u00fchne: Andy Baldauf","og_url":"https:\/\/dfvcg-events.de\/retail-media-day\/vortragend\/christian-raveax-2\/","og_site_name":"LZ Retail Media Day","article_publisher":"https:\/\/www.facebook.com\/Lebensmittel.Zeitung","article_modified_time":"2024-12-03T09:05:23+00:00","og_image":[{"width":1068,"height":1600,"url":"https:\/\/dfvcg-events.de\/retail-media-day\/wp-content\/uploads\/sites\/50\/2024\/11\/Baldauf-Andy-thefuturegarage-1.jpg","type":"image\/jpeg"}],"twitter_card":"summary_large_image","twitter_site":"@LZNETnews","twitter_misc":{"Gesch\u00e4tzte Lesezeit":"1\u00a0Minute"},"schema":{"@context":"https:\/\/schema.org","@graph":[{"@type":"WebPage","@id":"https:\/\/dfvcg-events.de\/retail-media-day\/vortragend\/christian-raveax-2\/","url":"https:\/\/dfvcg-events.de\/retail-media-day\/vortragend\/christian-raveax-2\/","name":"Referent: Andy Baldauf - LZ Retail Media Day","isPartOf":{"@id":"https:\/\/dfvcg-events.de\/retail-media-day\/#website"},"primaryImageOfPage":{"@id":"https:\/\/dfvcg-events.de\/retail-media-day\/vortragend\/christian-raveax-2\/#primaryimage"},"image":{"@id":"https:\/\/dfvcg-events.de\/retail-media-day\/vortragend\/christian-raveax-2\/#primaryimage"},"thumbnailUrl":"https:\/\/dfvcg-events.de\/retail-media-day\/wp-content\/uploads\/sites\/50\/2024\/11\/Baldauf-Andy-thefuturegarage-1.jpg","datePublished":"2024-11-18T10:49:20+00:00","dateModified":"2024-12-03T09:05:23+00:00","description":"LZ Retail Media Day | Begr\u00fc\u00dfen Sie auf der B\u00fchne: Andy Baldauf","breadcrumb":{"@id":"https:\/\/dfvcg-events.de\/retail-media-day\/vortragend\/christian-raveax-2\/#breadcrumb"},"inLanguage":"de","potentialAction":[{"@type":"ReadAction","target":["https:\/\/dfvcg-events.de\/retail-media-day\/vortragend\/christian-raveax-2\/"]}]},{"@type":"ImageObject","inLanguage":"de","@id":"https:\/\/dfvcg-events.de\/retail-media-day\/vortragend\/christian-raveax-2\/#primaryimage","url":"https:\/\/dfvcg-events.de\/retail-media-day\/wp-content\/uploads\/sites\/50\/2024\/11\/Baldauf-Andy-thefuturegarage-1.jpg","contentUrl":"https:\/\/dfvcg-events.de\/retail-media-day\/wp-content\/uploads\/sites\/50\/2024\/11\/Baldauf-Andy-thefuturegarage-1.jpg","width":1068,"height":1600},{"@type":"BreadcrumbList","@id":"https:\/\/dfvcg-events.de\/retail-media-day\/vortragend\/christian-raveax-2\/#breadcrumb","itemListElement":[{"@type":"ListItem","position":1,"name":"Startseite","item":"https:\/\/dfvcg-events.de\/retail-media-day\/"},{"@type":"ListItem","position":2,"name":"Andy Baldauf"}]},{"@type":"WebSite","@id":"https:\/\/dfvcg-events.de\/retail-media-day\/#website","url":"https:\/\/dfvcg-events.de\/retail-media-day\/","name":"LZ Retail Media Day","description":"dfv Conference Group","publisher":{"@id":"https:\/\/dfvcg-events.de\/retail-media-day\/#organization"},"potentialAction":[{"@type":"SearchAction","target":{"@type":"EntryPoint","urlTemplate":"https:\/\/dfvcg-events.de\/retail-media-day\/?s={search_term_string}"},"query-input":{"@type":"PropertyValueSpecification","valueRequired":true,"valueName":"search_term_string"}}],"inLanguage":"de"},{"@type":"Organization","@id":"https:\/\/dfvcg-events.de\/retail-media-day\/#organization","name":"Lebensmittel Zeitung & dfv Conference Group","url":"https:\/\/dfvcg-events.de\/retail-media-day\/","logo":{"@type":"ImageObject","inLanguage":"de","@id":"https:\/\/dfvcg-events.de\/retail-media-day\/#\/schema\/logo\/image\/","url":"https:\/\/dfvcg-events.de\/retail-media-day\/wp-content\/uploads\/sites\/50\/2024\/02\/Retail-Media-Day-banner-yoast.jpg","contentUrl":"https:\/\/dfvcg-events.de\/retail-media-day\/wp-content\/uploads\/sites\/50\/2024\/02\/Retail-Media-Day-banner-yoast.jpg","width":1240,"height":620,"caption":"Lebensmittel Zeitung & dfv Conference Group"},"image":{"@id":"https:\/\/dfvcg-events.de\/retail-media-day\/#\/schema\/logo\/image\/"},"sameAs":["https:\/\/www.facebook.com\/Lebensmittel.Zeitung","https:\/\/x.com\/LZNETnews"]}]}},"_links":{"self":[{"href":"https:\/\/dfvcg-events.de\/retail-media-day\/wp-json\/wp\/v2\/portfolio\/2569","targetHints":{"allow":["GET"]}}],"collection":[{"href":"https:\/\/dfvcg-events.de\/retail-media-day\/wp-json\/wp\/v2\/portfolio"}],"about":[{"href":"https:\/\/dfvcg-events.de\/retail-media-day\/wp-json\/wp\/v2\/types\/portfolio"}],"author":[{"embeddable":true,"href":"https:\/\/dfvcg-events.de\/retail-media-day\/wp-json\/wp\/v2\/users\/17"}],"replies":[{"embeddable":true,"href":"https:\/\/dfvcg-events.de\/retail-media-day\/wp-json\/wp\/v2\/comments?post=2569"}],"version-history":[{"count":6,"href":"https:\/\/dfvcg-events.de\/retail-media-day\/wp-json\/wp\/v2\/portfolio\/2569\/revisions"}],"predecessor-version":[{"id":2618,"href":"https:\/\/dfvcg-events.de\/retail-media-day\/wp-json\/wp\/v2\/portfolio\/2569\/revisions\/2618"}],"wp:featuredmedia":[{"embeddable":true,"href":"https:\/\/dfvcg-events.de\/retail-media-day\/wp-json\/wp\/v2\/media\/2561"}],"wp:attachment":[{"href":"https:\/\/dfvcg-events.de\/retail-media-day\/wp-json\/wp\/v2\/media?parent=2569"}],"wp:term":[{"taxonomy":"post_tag","embeddable":true,"href":"https:\/\/dfvcg-events.de\/retail-media-day\/wp-json\/wp\/v2\/tags?post=2569"},{"taxonomy":"portfolio_entries","embeddable":true,"href":"https:\/\/dfvcg-events.de\/retail-media-day\/wp-json\/wp\/v2\/portfolio_entries?post=2569"}],"curies":[{"name":"wp","href":"https:\/\/api.w.org\/{rel}","templated":true}]}}