{"id":1567,"date":"2023-07-20T09:46:32","date_gmt":"2023-07-20T07:46:32","guid":{"rendered":"https:\/\/dfvcg-events.de\/retail-media-day\/?post_type=portfolio&#038;p=1567"},"modified":"2023-07-26T13:29:02","modified_gmt":"2023-07-26T11:29:02","slug":"nick-ashley","status":"publish","type":"portfolio","link":"https:\/\/dfvcg-events.de\/retail-media-day\/vortragend\/nick-ashley\/","title":{"rendered":"Nick Ashley"},"content":{"rendered":"<div id='av_section_1'  class='avia-section av-k7yuhjt1-a783d814e2fc857f3cacc95bc1ef5381 main_color avia-section-default avia-no-border-styling  avia-builder-el-0  avia-builder-el-no-sibling  avia-bg-style-scroll av-minimum-height av-minimum-height-50 av-height-50  container_wrap fullsize'   data-av_minimum_height_pc='50' data-av_min_height_opt='50'><div class='container av-section-cont-open' ><main  role=\"main\" itemprop=\"mainContentOfPage\"  class='template-page content  av-content-full alpha units'><div class='post-entry post-entry-type-page post-entry-1567'><div class='entry-content-wrapper clearfix'>\n\n<style type=\"text\/css\" data-created_by=\"avia_inline_auto\" id=\"style-css-av-1hpil-0aefe2f1e90c83a225330af7bd6248ca\">\n.flex_column.av-1hpil-0aefe2f1e90c83a225330af7bd6248ca{\nborder-radius:0px 0px 0px 0px;\npadding:0px 0px 0px 0px;\n}\n<\/style>\n<div  class='flex_column av-1hpil-0aefe2f1e90c83a225330af7bd6248ca av_one_fourth  avia-builder-el-1  el_before_av_three_fourth  avia-builder-el-first  first flex_column_div av-zero-column-padding  '     ><style type=\"text\/css\" data-created_by=\"avia_inline_auto\" id=\"style-css-av-k7z57foz-69a090d50ca6ee07d5df26b0760ceae9\">\n.avia-image-container.av-k7z57foz-69a090d50ca6ee07d5df26b0760ceae9 img.avia_image{\nbox-shadow:none;\n}\n.avia-image-container.av-k7z57foz-69a090d50ca6ee07d5df26b0760ceae9 .av-image-caption-overlay-center{\ncolor:#ffffff;\n}\n<\/style>\n<div  class='avia-image-container av-k7z57foz-69a090d50ca6ee07d5df26b0760ceae9 av-styling-no-styling avia-align-center  avia-builder-el-2  avia-builder-el-no-sibling '   itemprop=\"image\" itemscope=\"itemscope\" itemtype=\"https:\/\/schema.org\/ImageObject\" ><div class=\"avia-image-container-inner\"><div class=\"avia-image-overlay-wrap\"><img decoding=\"async\" fetchpriority=\"high\" class='wp-image-1568 avia-img-lazy-loading-not-1568 avia_image ' src=\"https:\/\/dfvcg-events.de\/retail-media-day\/wp-content\/uploads\/sites\/50\/2023\/07\/Ashley_Nick_web.jpg\" alt='' title='Ashley_Nick_web'  height=\"800\" width=\"600\"  itemprop=\"thumbnailUrl\"  \/><\/div><\/div><\/div><\/div>\n<style type=\"text\/css\" data-created_by=\"avia_inline_auto\" id=\"style-css-av-q939-36bd9e2970eba44b209398e6adaba9f5\">\n.flex_column.av-q939-36bd9e2970eba44b209398e6adaba9f5{\nborder-radius:0px 0px 0px 0px;\npadding:0px 0px 0px 0px;\n}\n<\/style>\n<div  class='flex_column av-q939-36bd9e2970eba44b209398e6adaba9f5 av_three_fourth  avia-builder-el-3  el_after_av_one_fourth  avia-builder-el-last  flex_column_div av-zero-column-padding  '     ><p>\n<style type=\"text\/css\" data-created_by=\"avia_inline_auto\" id=\"style-css-av-kaux4tv8-2448f7f0d432fceb8197d81de588a411\">\n#top .av-special-heading.av-kaux4tv8-2448f7f0d432fceb8197d81de588a411{\npadding-bottom:10px;\n}\nbody .av-special-heading.av-kaux4tv8-2448f7f0d432fceb8197d81de588a411 .av-special-heading-tag .heading-char{\nfont-size:25px;\n}\n.av-special-heading.av-kaux4tv8-2448f7f0d432fceb8197d81de588a411 .av-subheading{\nfont-size:19px;\n}\n<\/style>\n<div  class='av-special-heading av-kaux4tv8-2448f7f0d432fceb8197d81de588a411 av-special-heading-h2 blockquote modern-quote  avia-builder-el-4  el_before_av_textblock  avia-builder-el-first '><h2 class='av-special-heading-tag '  itemprop=\"headline\"  >Nick Ashley<\/h2><div class='av-subheading av-subheading_below'><p>Managing Director<br \/>\nTesco Insight and Media Platform<\/p>\n<\/div><div class=\"special-heading-border\"><div class=\"special-heading-inner-border\"><\/div><\/div><\/div><br \/>\n<section  class='av_textblock_section av-k7yuci90-cc8f536f476c354fb273c6b3e8aa0dbd '   itemscope=\"itemscope\" itemtype=\"https:\/\/schema.org\/CreativeWork\" ><div class='avia_textblock'  itemprop=\"text\" ><p>LinkedIn Account\u00a0\n<style type=\"text\/css\" data-created_by=\"avia_inline_auto\" id=\"style-css-av-av_font_icon-cf5f39294b9f052cdc1b11feb7858c57\">\n.av_font_icon.av-av_font_icon-cf5f39294b9f052cdc1b11feb7858c57 .av-icon-char{\nfont-size:50px;\nline-height:50px;\n}\n<\/style>\n<span  class='av_font_icon av-av_font_icon-cf5f39294b9f052cdc1b11feb7858c57 avia_animate_when_visible av-icon-style- avia-icon-pos-left avia-iconfont avia-font-entypo-fontello av-no-color avia-icon-animate'><a href='https:\/\/www.linkedin.com\/in\/nick-ashley-ab467833\/'  target=\"_blank\"  rel=\"noopener noreferrer\"  class='av-icon-char' data-av_icon='\ue8fd' data-av_iconfont='entypo-fontello' aria-hidden=\"false\" ><\/a><\/span><\/p>\n<\/div><\/section><\/p><\/div>\n","protected":false},"excerpt":{"rendered":"<p>Tesco Insight and Media Platform<\/p>\n","protected":false},"author":29,"featured_media":1568,"comment_status":"closed","ping_status":"closed","template":"","meta":{"footnotes":""},"tags":[],"portfolio_entries":[3,4],"class_list":["post-1567","portfolio","type-portfolio","status-publish","has-post-thumbnail","hentry","portfolio_entries-vortragend-2023","portfolio_entries-vortragende-feature"],"yoast_head":"<!-- This site is optimized with the Yoast SEO plugin v27.4 - https:\/\/yoast.com\/product\/yoast-seo-wordpress\/ -->\n<title>Referent: Nick Ashley - LZ Retail Media Day<\/title>\n<meta name=\"description\" content=\"LZ Retail Media Day | Begr\u00fc\u00dfen Sie auf der B\u00fchne: Nick Ashley\" \/>\n<meta name=\"robots\" content=\"index, follow, max-snippet:-1, max-image-preview:large, max-video-preview:-1\" \/>\n<link rel=\"canonical\" href=\"https:\/\/dfvcg-events.de\/retail-media-day\/vortragend\/nick-ashley\/\" \/>\n<meta property=\"og:locale\" content=\"de_DE\" \/>\n<meta property=\"og:type\" content=\"article\" \/>\n<meta property=\"og:title\" content=\"Referent: Nick Ashley - LZ Retail Media Day\" \/>\n<meta property=\"og:description\" content=\"LZ Retail Media Day | Begr\u00fc\u00dfen Sie auf der B\u00fchne: Nick Ashley\" \/>\n<meta property=\"og:url\" content=\"https:\/\/dfvcg-events.de\/retail-media-day\/vortragend\/nick-ashley\/\" \/>\n<meta property=\"og:site_name\" content=\"LZ Retail Media Day\" \/>\n<meta property=\"article:publisher\" content=\"https:\/\/www.facebook.com\/Lebensmittel.Zeitung\" \/>\n<meta property=\"article:modified_time\" content=\"2023-07-26T11:29:02+00:00\" \/>\n<meta property=\"og:image\" content=\"https:\/\/dfvcg-events.de\/retail-media-day\/wp-content\/uploads\/sites\/50\/2023\/07\/Ashley_Nick_web.jpg\" \/>\n\t<meta property=\"og:image:width\" content=\"600\" \/>\n\t<meta property=\"og:image:height\" content=\"800\" \/>\n\t<meta property=\"og:image:type\" content=\"image\/jpeg\" \/>\n<meta name=\"twitter:card\" content=\"summary_large_image\" \/>\n<meta name=\"twitter:site\" content=\"@LZNETnews\" \/>\n<meta name=\"twitter:label1\" content=\"Gesch\u00e4tzte Lesezeit\" \/>\n\t<meta name=\"twitter:data1\" content=\"3\u00a0Minuten\" \/>\n<script type=\"application\/ld+json\" class=\"yoast-schema-graph\">{\"@context\":\"https:\\\/\\\/schema.org\",\"@graph\":[{\"@type\":\"WebPage\",\"@id\":\"https:\\\/\\\/dfvcg-events.de\\\/retail-media-day\\\/vortragend\\\/nick-ashley\\\/\",\"url\":\"https:\\\/\\\/dfvcg-events.de\\\/retail-media-day\\\/vortragend\\\/nick-ashley\\\/\",\"name\":\"Referent: Nick Ashley - LZ Retail Media Day\",\"isPartOf\":{\"@id\":\"https:\\\/\\\/dfvcg-events.de\\\/retail-media-day\\\/#website\"},\"primaryImageOfPage\":{\"@id\":\"https:\\\/\\\/dfvcg-events.de\\\/retail-media-day\\\/vortragend\\\/nick-ashley\\\/#primaryimage\"},\"image\":{\"@id\":\"https:\\\/\\\/dfvcg-events.de\\\/retail-media-day\\\/vortragend\\\/nick-ashley\\\/#primaryimage\"},\"thumbnailUrl\":\"https:\\\/\\\/dfvcg-events.de\\\/retail-media-day\\\/wp-content\\\/uploads\\\/sites\\\/50\\\/2023\\\/07\\\/Ashley_Nick_web.jpg\",\"datePublished\":\"2023-07-20T07:46:32+00:00\",\"dateModified\":\"2023-07-26T11:29:02+00:00\",\"description\":\"LZ Retail Media Day | Begr\u00fc\u00dfen Sie auf der B\u00fchne: Nick Ashley\",\"breadcrumb\":{\"@id\":\"https:\\\/\\\/dfvcg-events.de\\\/retail-media-day\\\/vortragend\\\/nick-ashley\\\/#breadcrumb\"},\"inLanguage\":\"de\",\"potentialAction\":[{\"@type\":\"ReadAction\",\"target\":[\"https:\\\/\\\/dfvcg-events.de\\\/retail-media-day\\\/vortragend\\\/nick-ashley\\\/\"]}]},{\"@type\":\"ImageObject\",\"inLanguage\":\"de\",\"@id\":\"https:\\\/\\\/dfvcg-events.de\\\/retail-media-day\\\/vortragend\\\/nick-ashley\\\/#primaryimage\",\"url\":\"https:\\\/\\\/dfvcg-events.de\\\/retail-media-day\\\/wp-content\\\/uploads\\\/sites\\\/50\\\/2023\\\/07\\\/Ashley_Nick_web.jpg\",\"contentUrl\":\"https:\\\/\\\/dfvcg-events.de\\\/retail-media-day\\\/wp-content\\\/uploads\\\/sites\\\/50\\\/2023\\\/07\\\/Ashley_Nick_web.jpg\",\"width\":600,\"height\":800},{\"@type\":\"BreadcrumbList\",\"@id\":\"https:\\\/\\\/dfvcg-events.de\\\/retail-media-day\\\/vortragend\\\/nick-ashley\\\/#breadcrumb\",\"itemListElement\":[{\"@type\":\"ListItem\",\"position\":1,\"name\":\"Startseite\",\"item\":\"https:\\\/\\\/dfvcg-events.de\\\/retail-media-day\\\/\"},{\"@type\":\"ListItem\",\"position\":2,\"name\":\"Nick Ashley\"}]},{\"@type\":\"WebSite\",\"@id\":\"https:\\\/\\\/dfvcg-events.de\\\/retail-media-day\\\/#website\",\"url\":\"https:\\\/\\\/dfvcg-events.de\\\/retail-media-day\\\/\",\"name\":\"LZ Retail Media Day\",\"description\":\"dfv Conference Group\",\"publisher\":{\"@id\":\"https:\\\/\\\/dfvcg-events.de\\\/retail-media-day\\\/#organization\"},\"potentialAction\":[{\"@type\":\"SearchAction\",\"target\":{\"@type\":\"EntryPoint\",\"urlTemplate\":\"https:\\\/\\\/dfvcg-events.de\\\/retail-media-day\\\/?s={search_term_string}\"},\"query-input\":{\"@type\":\"PropertyValueSpecification\",\"valueRequired\":true,\"valueName\":\"search_term_string\"}}],\"inLanguage\":\"de\"},{\"@type\":\"Organization\",\"@id\":\"https:\\\/\\\/dfvcg-events.de\\\/retail-media-day\\\/#organization\",\"name\":\"Lebensmittel Zeitung & dfv Conference Group\",\"url\":\"https:\\\/\\\/dfvcg-events.de\\\/retail-media-day\\\/\",\"logo\":{\"@type\":\"ImageObject\",\"inLanguage\":\"de\",\"@id\":\"https:\\\/\\\/dfvcg-events.de\\\/retail-media-day\\\/#\\\/schema\\\/logo\\\/image\\\/\",\"url\":\"https:\\\/\\\/dfvcg-events.de\\\/retail-media-day\\\/wp-content\\\/uploads\\\/sites\\\/50\\\/2024\\\/02\\\/Retail-Media-Day-banner-yoast.jpg\",\"contentUrl\":\"https:\\\/\\\/dfvcg-events.de\\\/retail-media-day\\\/wp-content\\\/uploads\\\/sites\\\/50\\\/2024\\\/02\\\/Retail-Media-Day-banner-yoast.jpg\",\"width\":1240,\"height\":620,\"caption\":\"Lebensmittel Zeitung & dfv Conference Group\"},\"image\":{\"@id\":\"https:\\\/\\\/dfvcg-events.de\\\/retail-media-day\\\/#\\\/schema\\\/logo\\\/image\\\/\"},\"sameAs\":[\"https:\\\/\\\/www.facebook.com\\\/Lebensmittel.Zeitung\",\"https:\\\/\\\/x.com\\\/LZNETnews\"]}]}<\/script>\n<!-- \/ Yoast SEO plugin. -->","yoast_head_json":{"title":"Referent: Nick Ashley - LZ Retail Media Day","description":"LZ Retail Media Day | Begr\u00fc\u00dfen Sie auf der B\u00fchne: Nick Ashley","robots":{"index":"index","follow":"follow","max-snippet":"max-snippet:-1","max-image-preview":"max-image-preview:large","max-video-preview":"max-video-preview:-1"},"canonical":"https:\/\/dfvcg-events.de\/retail-media-day\/vortragend\/nick-ashley\/","og_locale":"de_DE","og_type":"article","og_title":"Referent: Nick Ashley - LZ Retail Media Day","og_description":"LZ Retail Media Day | Begr\u00fc\u00dfen Sie auf der B\u00fchne: Nick Ashley","og_url":"https:\/\/dfvcg-events.de\/retail-media-day\/vortragend\/nick-ashley\/","og_site_name":"LZ Retail Media Day","article_publisher":"https:\/\/www.facebook.com\/Lebensmittel.Zeitung","article_modified_time":"2023-07-26T11:29:02+00:00","og_image":[{"width":600,"height":800,"url":"https:\/\/dfvcg-events.de\/retail-media-day\/wp-content\/uploads\/sites\/50\/2023\/07\/Ashley_Nick_web.jpg","type":"image\/jpeg"}],"twitter_card":"summary_large_image","twitter_site":"@LZNETnews","twitter_misc":{"Gesch\u00e4tzte Lesezeit":"3\u00a0Minuten"},"schema":{"@context":"https:\/\/schema.org","@graph":[{"@type":"WebPage","@id":"https:\/\/dfvcg-events.de\/retail-media-day\/vortragend\/nick-ashley\/","url":"https:\/\/dfvcg-events.de\/retail-media-day\/vortragend\/nick-ashley\/","name":"Referent: Nick Ashley - LZ Retail Media Day","isPartOf":{"@id":"https:\/\/dfvcg-events.de\/retail-media-day\/#website"},"primaryImageOfPage":{"@id":"https:\/\/dfvcg-events.de\/retail-media-day\/vortragend\/nick-ashley\/#primaryimage"},"image":{"@id":"https:\/\/dfvcg-events.de\/retail-media-day\/vortragend\/nick-ashley\/#primaryimage"},"thumbnailUrl":"https:\/\/dfvcg-events.de\/retail-media-day\/wp-content\/uploads\/sites\/50\/2023\/07\/Ashley_Nick_web.jpg","datePublished":"2023-07-20T07:46:32+00:00","dateModified":"2023-07-26T11:29:02+00:00","description":"LZ Retail Media Day | Begr\u00fc\u00dfen Sie auf der B\u00fchne: Nick Ashley","breadcrumb":{"@id":"https:\/\/dfvcg-events.de\/retail-media-day\/vortragend\/nick-ashley\/#breadcrumb"},"inLanguage":"de","potentialAction":[{"@type":"ReadAction","target":["https:\/\/dfvcg-events.de\/retail-media-day\/vortragend\/nick-ashley\/"]}]},{"@type":"ImageObject","inLanguage":"de","@id":"https:\/\/dfvcg-events.de\/retail-media-day\/vortragend\/nick-ashley\/#primaryimage","url":"https:\/\/dfvcg-events.de\/retail-media-day\/wp-content\/uploads\/sites\/50\/2023\/07\/Ashley_Nick_web.jpg","contentUrl":"https:\/\/dfvcg-events.de\/retail-media-day\/wp-content\/uploads\/sites\/50\/2023\/07\/Ashley_Nick_web.jpg","width":600,"height":800},{"@type":"BreadcrumbList","@id":"https:\/\/dfvcg-events.de\/retail-media-day\/vortragend\/nick-ashley\/#breadcrumb","itemListElement":[{"@type":"ListItem","position":1,"name":"Startseite","item":"https:\/\/dfvcg-events.de\/retail-media-day\/"},{"@type":"ListItem","position":2,"name":"Nick Ashley"}]},{"@type":"WebSite","@id":"https:\/\/dfvcg-events.de\/retail-media-day\/#website","url":"https:\/\/dfvcg-events.de\/retail-media-day\/","name":"LZ Retail Media Day","description":"dfv Conference Group","publisher":{"@id":"https:\/\/dfvcg-events.de\/retail-media-day\/#organization"},"potentialAction":[{"@type":"SearchAction","target":{"@type":"EntryPoint","urlTemplate":"https:\/\/dfvcg-events.de\/retail-media-day\/?s={search_term_string}"},"query-input":{"@type":"PropertyValueSpecification","valueRequired":true,"valueName":"search_term_string"}}],"inLanguage":"de"},{"@type":"Organization","@id":"https:\/\/dfvcg-events.de\/retail-media-day\/#organization","name":"Lebensmittel Zeitung & dfv Conference Group","url":"https:\/\/dfvcg-events.de\/retail-media-day\/","logo":{"@type":"ImageObject","inLanguage":"de","@id":"https:\/\/dfvcg-events.de\/retail-media-day\/#\/schema\/logo\/image\/","url":"https:\/\/dfvcg-events.de\/retail-media-day\/wp-content\/uploads\/sites\/50\/2024\/02\/Retail-Media-Day-banner-yoast.jpg","contentUrl":"https:\/\/dfvcg-events.de\/retail-media-day\/wp-content\/uploads\/sites\/50\/2024\/02\/Retail-Media-Day-banner-yoast.jpg","width":1240,"height":620,"caption":"Lebensmittel Zeitung & dfv Conference Group"},"image":{"@id":"https:\/\/dfvcg-events.de\/retail-media-day\/#\/schema\/logo\/image\/"},"sameAs":["https:\/\/www.facebook.com\/Lebensmittel.Zeitung","https:\/\/x.com\/LZNETnews"]}]}},"_links":{"self":[{"href":"https:\/\/dfvcg-events.de\/retail-media-day\/wp-json\/wp\/v2\/portfolio\/1567","targetHints":{"allow":["GET"]}}],"collection":[{"href":"https:\/\/dfvcg-events.de\/retail-media-day\/wp-json\/wp\/v2\/portfolio"}],"about":[{"href":"https:\/\/dfvcg-events.de\/retail-media-day\/wp-json\/wp\/v2\/types\/portfolio"}],"author":[{"embeddable":true,"href":"https:\/\/dfvcg-events.de\/retail-media-day\/wp-json\/wp\/v2\/users\/29"}],"replies":[{"embeddable":true,"href":"https:\/\/dfvcg-events.de\/retail-media-day\/wp-json\/wp\/v2\/comments?post=1567"}],"version-history":[{"count":0,"href":"https:\/\/dfvcg-events.de\/retail-media-day\/wp-json\/wp\/v2\/portfolio\/1567\/revisions"}],"wp:featuredmedia":[{"embeddable":true,"href":"https:\/\/dfvcg-events.de\/retail-media-day\/wp-json\/wp\/v2\/media\/1568"}],"wp:attachment":[{"href":"https:\/\/dfvcg-events.de\/retail-media-day\/wp-json\/wp\/v2\/media?parent=1567"}],"wp:term":[{"taxonomy":"post_tag","embeddable":true,"href":"https:\/\/dfvcg-events.de\/retail-media-day\/wp-json\/wp\/v2\/tags?post=1567"},{"taxonomy":"portfolio_entries","embeddable":true,"href":"https:\/\/dfvcg-events.de\/retail-media-day\/wp-json\/wp\/v2\/portfolio_entries?post=1567"}],"curies":[{"name":"wp","href":"https:\/\/api.w.org\/{rel}","templated":true}]}}