{"id":173,"date":"2020-03-19T22:45:57","date_gmt":"2020-03-19T21:45:57","guid":{"rendered":"https:\/\/dfvcg-events.de\/retail-media-day\/?page_id=173"},"modified":"2026-04-10T12:03:16","modified_gmt":"2026-04-10T10:03:16","slug":"aussteller-sponsoren","status":"publish","type":"page","link":"https:\/\/dfvcg-events.de\/retail-media-day\/aussteller-sponsoren\/","title":{"rendered":"Aussteller &amp; Sponsoren 2024"},"content":{"rendered":"\n<style type=\"text\/css\" data-created_by=\"avia_inline_auto\" id=\"style-css-av-k7yuhjt1-482ae42c3025fdca10be65d25f34822d\">\n.avia-section.av-k7yuhjt1-482ae42c3025fdca10be65d25f34822d{\nbackground-repeat:no-repeat;\nbackground-image:url(https:\/\/dfvcg-events.de\/retail-media-day\/wp-content\/uploads\/sites\/50\/2024\/10\/BG.png);\nbackground-position:0% 0%;\nbackground-attachment:scroll;\n}\n<\/style>\n<div id='av_section_1'  class='avia-section av-k7yuhjt1-482ae42c3025fdca10be65d25f34822d main_color avia-section-default avia-no-border-styling  avia-builder-el-0  el_before_av_section  avia-builder-el-first  header-verlauf avia-full-stretch avia-bg-style-scroll container_wrap fullsize'  data-section-bg-repeat='stretch'><div class='container av-section-cont-open' ><main  role=\"main\" itemprop=\"mainContentOfPage\"  class='template-page content  av-content-full alpha units'><div class='post-entry post-entry-type-page post-entry-173'><div class='entry-content-wrapper clearfix'>\n\n<style type=\"text\/css\" data-created_by=\"avia_inline_auto\" id=\"style-css-av-kki40zxv-faebed90441863a8502fea641dbcb8b5\">\n#top .av-special-heading.av-kki40zxv-faebed90441863a8502fea641dbcb8b5{\npadding-bottom:0;\n}\nbody .av-special-heading.av-kki40zxv-faebed90441863a8502fea641dbcb8b5 .av-special-heading-tag .heading-char{\nfont-size:25px;\n}\n.av-special-heading.av-kki40zxv-faebed90441863a8502fea641dbcb8b5 .av-subheading{\nfont-size:15px;\n}\n<\/style>\n<div  class='av-special-heading av-kki40zxv-faebed90441863a8502fea641dbcb8b5 av-special-heading-h1 blockquote modern-quote  avia-builder-el-1  avia-builder-el-no-sibling '><div class='av-subheading av-subheading_above'><p>LZ Retail Media Day<\/p>\n<\/div><h1 class='av-special-heading-tag '  itemprop=\"headline\"  >Aussteller <span class='special_amp'>&amp;<\/span> Sponsoren<\/h1><div class=\"special-heading-border\"><div class=\"special-heading-inner-border\"><\/div><\/div><\/div>\n\n<\/div><\/div><\/main><!-- close content main element --><\/div><\/div><div id='av_section_2'  class='avia-section av-kauxiont-bd44da32287af67bf1168c556987ca85 main_color avia-section-default avia-no-shadow  avia-builder-el-2  el_after_av_section  el_before_av_hr  avia-bg-style-scroll container_wrap fullsize'  ><div class='container av-section-cont-open' ><div class='template-page content  av-content-full alpha units'><div class='post-entry post-entry-type-page post-entry-173'><div class='entry-content-wrapper clearfix'>\n\n<style type=\"text\/css\" data-created_by=\"avia_inline_auto\" id=\"style-css-av-mnsqmb0q-ae8c68b7b86cd8d1e525b9d3d66a9013\">\n#top .av-special-heading.av-mnsqmb0q-ae8c68b7b86cd8d1e525b9d3d66a9013{\npadding-bottom:10px;\n}\nbody .av-special-heading.av-mnsqmb0q-ae8c68b7b86cd8d1e525b9d3d66a9013 .av-special-heading-tag .heading-char{\nfont-size:25px;\n}\n.av-special-heading.av-mnsqmb0q-ae8c68b7b86cd8d1e525b9d3d66a9013 .av-subheading{\nfont-size:15px;\n}\n<\/style>\n<div  class='av-special-heading av-mnsqmb0q-ae8c68b7b86cd8d1e525b9d3d66a9013 av-special-heading-h2 blockquote modern-quote  avia-builder-el-3  el_before_av_one_fourth  avia-builder-el-first '><h2 class='av-special-heading-tag '  itemprop=\"headline\"  >Premium Partner 2026<\/h2><div class=\"special-heading-border\"><div class=\"special-heading-inner-border\"><\/div><\/div><\/div>\n<div  class='flex_column av-9l9x1-60ecec7f484dc2234650b05c252bc757 av_one_fourth  avia-builder-el-4  el_after_av_heading  el_before_av_heading  first flex_column_div  '     ><style type=\"text\/css\" data-created_by=\"avia_inline_auto\" id=\"style-css-av-m6avddum-a2c3cb1b9e0238bd73e6f77833a2adcb\">\n.avia-image-container.av-m6avddum-a2c3cb1b9e0238bd73e6f77833a2adcb img.avia_image{\nbox-shadow:none;\n}\n.avia-image-container.av-m6avddum-a2c3cb1b9e0238bd73e6f77833a2adcb .av-image-caption-overlay-center{\ncolor:#ffffff;\n}\n<\/style>\n<div  class='avia-image-container av-m6avddum-a2c3cb1b9e0238bd73e6f77833a2adcb av-styling- av-img-linked avia-align-center  avia-builder-el-5  avia-builder-el-no-sibling '   itemprop=\"image\" itemscope=\"itemscope\" itemtype=\"https:\/\/schema.org\/ImageObject\" ><div class=\"avia-image-container-inner\"><div class=\"avia-image-overlay-wrap\"><a href=\"https:\/\/www.acardo.com\/\" class='avia_image '  target=\"_blank\"  rel=\"noopener noreferrer\" aria-label='acardo'><img decoding=\"async\" fetchpriority=\"high\" class='wp-image-2820 avia-img-lazy-loading-not-2820 avia_image ' src=\"https:\/\/dfvcg-events.de\/retail-media-day\/wp-content\/uploads\/sites\/50\/2025\/01\/acardo.jpg\" alt='' title='acardo'  height=\"600\" width=\"800\"  itemprop=\"thumbnailUrl\" srcset=\"https:\/\/dfvcg-events.de\/retail-media-day\/wp-content\/uploads\/sites\/50\/2025\/01\/acardo.jpg 800w, https:\/\/dfvcg-events.de\/retail-media-day\/wp-content\/uploads\/sites\/50\/2025\/01\/acardo-705x529.jpg 705w\" sizes=\"(max-width: 800px) 100vw, 800px\" \/><\/a><\/div><\/div><\/div><\/div>\n<style type=\"text\/css\" data-created_by=\"avia_inline_auto\" id=\"style-css-av-dqqbh-35fb5674184b3b4caf884912b56a249d\">\n#top .av-special-heading.av-dqqbh-35fb5674184b3b4caf884912b56a249d{\npadding-bottom:10px;\n}\nbody .av-special-heading.av-dqqbh-35fb5674184b3b4caf884912b56a249d .av-special-heading-tag .heading-char{\nfont-size:25px;\n}\n.av-special-heading.av-dqqbh-35fb5674184b3b4caf884912b56a249d .av-subheading{\nfont-size:15px;\n}\n<\/style>\n<div  class='av-special-heading av-dqqbh-35fb5674184b3b4caf884912b56a249d av-special-heading-h2 blockquote modern-quote  avia-builder-el-6  el_after_av_one_fourth  el_before_av_one_fourth '><h2 class='av-special-heading-tag '  itemprop=\"headline\"  >Partner 2026<\/h2><div class=\"special-heading-border\"><div class=\"special-heading-inner-border\"><\/div><\/div><\/div>\n<div  class='flex_column av-6ruol-9c642fadb15d9c765a0d8db89a86203d av_one_fourth  avia-builder-el-7  el_after_av_heading  el_before_av_one_fourth  first flex_column_div  '     ><style type=\"text\/css\" data-created_by=\"avia_inline_auto\" id=\"style-css-av-mn4jxe09-61d5a9cc42417f7b07384839271de440\">\n.avia-image-container.av-mn4jxe09-61d5a9cc42417f7b07384839271de440 img.avia_image{\nbox-shadow:none;\n}\n.avia-image-container.av-mn4jxe09-61d5a9cc42417f7b07384839271de440 .av-image-caption-overlay-center{\ncolor:#ffffff;\n}\n<\/style>\n<div  class='avia-image-container av-mn4jxe09-61d5a9cc42417f7b07384839271de440 av-styling- av-img-linked avia-align-center  avia-builder-el-8  avia-builder-el-no-sibling '   itemprop=\"image\" itemscope=\"itemscope\" itemtype=\"https:\/\/schema.org\/ImageObject\" ><div class=\"avia-image-container-inner\"><div class=\"avia-image-overlay-wrap\"><a href=\"https:\/\/de.audionetwork.com\/\" class='avia_image '  target=\"_blank\"  rel=\"noopener noreferrer\" aria-label='AN_Logo_Horizontal_CMYK_web'><img decoding=\"async\" fetchpriority=\"high\" class='wp-image-3480 avia-img-lazy-loading-not-3480 avia_image ' src=\"https:\/\/dfvcg-events.de\/retail-media-day\/wp-content\/uploads\/sites\/50\/2026\/03\/AN_Logo_Horizontal_CMYK_web.jpg\" alt='' title='AN_Logo_Horizontal_CMYK_web'  height=\"600\" width=\"800\"  itemprop=\"thumbnailUrl\" srcset=\"https:\/\/dfvcg-events.de\/retail-media-day\/wp-content\/uploads\/sites\/50\/2026\/03\/AN_Logo_Horizontal_CMYK_web.jpg 800w, https:\/\/dfvcg-events.de\/retail-media-day\/wp-content\/uploads\/sites\/50\/2026\/03\/AN_Logo_Horizontal_CMYK_web-705x529.jpg 705w\" sizes=\"(max-width: 800px) 100vw, 800px\" \/><\/a><\/div><\/div><\/div><\/div><div  class='flex_column av-dxf25-3e376ea41fa03f2f6a73b2abfb683886 av_one_fourth  avia-builder-el-9  el_after_av_one_fourth  el_before_av_one_fourth  flex_column_div  '     ><style type=\"text\/css\" data-created_by=\"avia_inline_auto\" id=\"style-css-av-b5yt9-c429e864cac3793f8957a33561bfadd2\">\n.avia-image-container.av-b5yt9-c429e864cac3793f8957a33561bfadd2 img.avia_image{\nbox-shadow:none;\n}\n.avia-image-container.av-b5yt9-c429e864cac3793f8957a33561bfadd2 .av-image-caption-overlay-center{\ncolor:#ffffff;\n}\n<\/style>\n<div  class='avia-image-container av-b5yt9-c429e864cac3793f8957a33561bfadd2 av-styling- av-img-linked avia-align-center  avia-builder-el-10  avia-builder-el-no-sibling '   itemprop=\"image\" itemscope=\"itemscope\" itemtype=\"https:\/\/schema.org\/ImageObject\" ><div class=\"avia-image-container-inner\"><div class=\"avia-image-overlay-wrap\"><a href=\"https:\/\/liveramp.de\/\" class='avia_image '  target=\"_blank\"  rel=\"noopener noreferrer\" aria-label='LiveRamp'><img decoding=\"async\" fetchpriority=\"high\" class='wp-image-2702 avia-img-lazy-loading-not-2702 avia_image ' src=\"https:\/\/dfvcg-events.de\/retail-media-day\/wp-content\/uploads\/sites\/50\/2025\/01\/LiveRamp.jpg\" alt='' title='LiveRamp'  height=\"600\" width=\"800\"  itemprop=\"thumbnailUrl\" srcset=\"https:\/\/dfvcg-events.de\/retail-media-day\/wp-content\/uploads\/sites\/50\/2025\/01\/LiveRamp.jpg 800w, https:\/\/dfvcg-events.de\/retail-media-day\/wp-content\/uploads\/sites\/50\/2025\/01\/LiveRamp-705x529.jpg 705w\" sizes=\"(max-width: 800px) 100vw, 800px\" \/><\/a><\/div><\/div><\/div><\/div><div  class='flex_column av-a50kd-b8db29f991024a61d4ddb91fe9d7bfb2 av_one_fourth  avia-builder-el-11  el_after_av_one_fourth  el_before_av_one_fourth  flex_column_div  '     ><style type=\"text\/css\" data-created_by=\"avia_inline_auto\" id=\"style-css-av-mmxf1b64-af87922557307d7e56dd49c68a2236fe\">\n.avia-image-container.av-mmxf1b64-af87922557307d7e56dd49c68a2236fe img.avia_image{\nbox-shadow:none;\n}\n.avia-image-container.av-mmxf1b64-af87922557307d7e56dd49c68a2236fe .av-image-caption-overlay-center{\ncolor:#ffffff;\n}\n<\/style>\n<div  class='avia-image-container av-mmxf1b64-af87922557307d7e56dd49c68a2236fe av-styling- av-img-linked avia-align-center  avia-builder-el-12  avia-builder-el-no-sibling '   itemprop=\"image\" itemscope=\"itemscope\" itemtype=\"https:\/\/schema.org\/ImageObject\" ><div class=\"avia-image-container-inner\"><div class=\"avia-image-overlay-wrap\"><a href=\"https:\/\/savigermany.de\/\" class='avia_image '  target=\"_blank\"  rel=\"noopener noreferrer\" aria-label='savi_logotype_green_rgb_XL_web'><img decoding=\"async\" fetchpriority=\"high\" class='wp-image-3467 avia-img-lazy-loading-not-3467 avia_image ' src=\"https:\/\/dfvcg-events.de\/retail-media-day\/wp-content\/uploads\/sites\/50\/2026\/03\/savi_logotype_green_rgb_XL_web.png\" alt='' title='savi_logotype_green_rgb_XL_web'  height=\"600\" width=\"800\"  itemprop=\"thumbnailUrl\" srcset=\"https:\/\/dfvcg-events.de\/retail-media-day\/wp-content\/uploads\/sites\/50\/2026\/03\/savi_logotype_green_rgb_XL_web.png 800w, https:\/\/dfvcg-events.de\/retail-media-day\/wp-content\/uploads\/sites\/50\/2026\/03\/savi_logotype_green_rgb_XL_web-705x529.png 705w\" sizes=\"(max-width: 800px) 100vw, 800px\" \/><\/a><\/div><\/div><\/div><\/div><div  class='flex_column av-vej9-e5dbea4762110abad2fd60a8e8095119 av_one_fourth  avia-builder-el-13  el_after_av_one_fourth  avia-builder-el-last  flex_column_div  '     ><style type=\"text\/css\" data-created_by=\"avia_inline_auto\" id=\"style-css-av-ml6g1774-a2b0906ed5245e10b9ef2e8cd793103a\">\n.avia-image-container.av-ml6g1774-a2b0906ed5245e10b9ef2e8cd793103a img.avia_image{\nbox-shadow:none;\n}\n.avia-image-container.av-ml6g1774-a2b0906ed5245e10b9ef2e8cd793103a .av-image-caption-overlay-center{\ncolor:#ffffff;\n}\n<\/style>\n<div  class='avia-image-container av-ml6g1774-a2b0906ed5245e10b9ef2e8cd793103a av-styling- av-img-linked avia-align-center  avia-builder-el-14  avia-builder-el-no-sibling '   itemprop=\"image\" itemscope=\"itemscope\" itemtype=\"https:\/\/schema.org\/ImageObject\" ><div class=\"avia-image-container-inner\"><div class=\"avia-image-overlay-wrap\"><a href=\"https:\/\/straightads-marketing.de\/\" class='avia_image '  target=\"_blank\"  rel=\"noopener noreferrer\" aria-label='StraightAds-Marketing-Logo-Big_web'><img decoding=\"async\" fetchpriority=\"high\" class='wp-image-3363 avia-img-lazy-loading-not-3363 avia_image ' src=\"https:\/\/dfvcg-events.de\/retail-media-day\/wp-content\/uploads\/sites\/50\/2026\/02\/StraightAds-Marketing-Logo-Big_web-1.png\" alt='' title='StraightAds-Marketing-Logo-Big_web'  height=\"400\" width=\"600\"  itemprop=\"thumbnailUrl\"  \/><\/a><\/div><\/div><\/div><\/div><\/div><\/div><\/div><!-- close content main div --><\/div><\/div><div id='after_section_2'  class='main_color av_default_container_wrap container_wrap fullsize'  ><div class='container av-section-cont-open' ><div class='template-page content  av-content-full alpha units'><div class='post-entry post-entry-type-page post-entry-173'><div class='entry-content-wrapper clearfix'>\n<style type=\"text\/css\" data-created_by=\"avia_inline_auto\" id=\"style-css-av-m5p5hamp-0e139e372e2447ae6bf0deca546a482f\">\n#top .hr.hr-invisible.av-m5p5hamp-0e139e372e2447ae6bf0deca546a482f{\nheight:10px;\n}\n<\/style>\n<div  class='hr av-m5p5hamp-0e139e372e2447ae6bf0deca546a482f hr-invisible  avia-builder-el-15  el_after_av_section  el_before_av_section  avia-builder-el-no-sibling '><span class='hr-inner '><span class=\"hr-inner-style\"><\/span><\/span><\/div><\/p>\n<\/div><\/div><\/div><!-- close content main div --><\/div><\/div><div id='av_section_3'  class='avia-section av-eccv9-a05aad59f97599171fe61b4dd435e23c main_color avia-section-default avia-no-border-styling  avia-builder-el-16  el_after_av_hr  avia-builder-el-last  avia-bg-style-scroll container_wrap fullsize'  ><div class='container av-section-cont-open' ><div class='template-page content  av-content-full alpha units'><div class='post-entry post-entry-type-page post-entry-173'><div class='entry-content-wrapper clearfix'>\n\n<style type=\"text\/css\" data-created_by=\"avia_inline_auto\" id=\"style-css-av-8w41x-e2ea84728dfc746f57a9058e62aaa3a9\">\n#top .av-special-heading.av-8w41x-e2ea84728dfc746f57a9058e62aaa3a9{\npadding-bottom:10px;\n}\nbody .av-special-heading.av-8w41x-e2ea84728dfc746f57a9058e62aaa3a9 .av-special-heading-tag .heading-char{\nfont-size:25px;\n}\n.av-special-heading.av-8w41x-e2ea84728dfc746f57a9058e62aaa3a9 .av-subheading{\nfont-size:15px;\n}\n<\/style>\n<div  class='av-special-heading av-8w41x-e2ea84728dfc746f57a9058e62aaa3a9 av-special-heading-h2 blockquote modern-quote  avia-builder-el-17  el_before_av_three_fourth  avia-builder-el-first '><h2 class='av-special-heading-tag '  itemprop=\"headline\"  >Jetzt Partner und Aussteller werden:<\/h2><div class='av-subheading av-subheading_below'><p>Sichtbarkeit und Image<\/p>\n<\/div><div class=\"special-heading-border\"><div class=\"special-heading-inner-border\"><\/div><\/div><\/div>\n<div class='flex_column_table av-kauxmmrr-f5e0321c8df61028b7ab8eb2fdffdcc8 sc-av_three_fourth av-equal-height-column-flextable'>\n<style type=\"text\/css\" data-created_by=\"avia_inline_auto\" id=\"style-css-av-kauxmmrr-f5e0321c8df61028b7ab8eb2fdffdcc8\">\n.flex_column.av-kauxmmrr-f5e0321c8df61028b7ab8eb2fdffdcc8{\nborder-radius:0px 0px 0px 0px;\npadding:0px 0px 0px 0px;\n}\n<\/style>\n<div  class='flex_column av-kauxmmrr-f5e0321c8df61028b7ab8eb2fdffdcc8 av_three_fourth  avia-builder-el-18  el_after_av_heading  el_before_av_one_fourth  first flex_column_table_cell av-equal-height-column av-align-middle av-zero-column-padding  '     ><section  class='av_textblock_section av-kauxm635-4741ab2b12d727f1ac2ae84fbc4df3a0 '   itemscope=\"itemscope\" itemtype=\"https:\/\/schema.org\/CreativeWork\" ><div class='avia_textblock'  itemprop=\"text\" ><p>Erh\u00f6hen Sie Ihren Bekanntheitsgrad und erzielen Sie maximale Aufmerksamkeit.<\/p>\n<p>Kreative M\u00f6glichkeiten mit begleitender Medienpower und hoher Reichweite f\u00fcr die eindrucksvolle und imagef\u00f6rdernde Pr\u00e4sentation Ihrer Marke im Vorfeld, vor Ort und im Nachgang.<\/p>\n<p>Get in touch:<br \/>\n<strong>Robert Saran<\/strong><br \/>\n<strong>Telefon: <\/strong>+49 69 7595-3047<br \/>\n<strong>E-Mail:<\/strong>\u00a0<a href=\"&#109;&#x61;i&#108;&#x74;&#111;&#x3a;R&#111;&#x62;e&#x72;&#x74;&#46;&#x53;a&#114;&#x61;n&#x40;&#x64;&#102;&#x76;c&#103;&#x2e;&#100;&#x65;\">&#x52;&#x6f;&#x62;&#x65;&#114;&#116;&#46;Sa&#x72;&#x61;&#x6e;&#x40;&#100;&#102;vcg&#x2e;&#x64;&#x65;<\/a><\/p>\n<\/div><\/section><\/div><div class='av-flex-placeholder'><\/div>\n<style type=\"text\/css\" data-created_by=\"avia_inline_auto\" id=\"style-css-av-70vj1-00292db64ce6f592d658eec37ab25598\">\n.flex_column.av-70vj1-00292db64ce6f592d658eec37ab25598{\nborder-radius:0px 0px 0px 0px;\npadding:0px 0px 0px 0px;\n}\n<\/style>\n<div  class='flex_column av-70vj1-00292db64ce6f592d658eec37ab25598 av_one_fourth  avia-builder-el-20  el_after_av_three_fourth  avia-builder-el-last  flex_column_table_cell av-equal-height-column av-align-middle av-zero-column-padding  '     ><style type=\"text\/css\" data-created_by=\"avia_inline_auto\" id=\"style-css-av-kauxmgni-c08bfc12f4da610ff89cde49faed73aa\">\n.avia-image-container.av-kauxmgni-c08bfc12f4da610ff89cde49faed73aa img.avia_image{\nbox-shadow:none;\n}\n.avia-image-container.av-kauxmgni-c08bfc12f4da610ff89cde49faed73aa .av-image-caption-overlay-center{\ncolor:#ffffff;\n}\n<\/style>\n<div  class='avia-image-container av-kauxmgni-c08bfc12f4da610ff89cde49faed73aa av-styling- avia-align-center  avia-builder-el-21  avia-builder-el-no-sibling '   itemprop=\"image\" itemscope=\"itemscope\" itemtype=\"https:\/\/schema.org\/ImageObject\" ><div class=\"avia-image-container-inner\"><div class=\"avia-image-overlay-wrap\"><img decoding=\"async\" fetchpriority=\"high\" class='wp-image-3258 avia-img-lazy-loading-not-3258 avia_image ' src=\"https:\/\/dfvcg-events.de\/retail-media-day\/wp-content\/uploads\/sites\/50\/2025\/11\/250904-Visual-RMD26-800x800px.jpg\" alt='' title='250904-Visual-RMD26-800x800px'  height=\"800\" width=\"800\"  itemprop=\"thumbnailUrl\" srcset=\"https:\/\/dfvcg-events.de\/retail-media-day\/wp-content\/uploads\/sites\/50\/2025\/11\/250904-Visual-RMD26-800x800px.jpg 800w, https:\/\/dfvcg-events.de\/retail-media-day\/wp-content\/uploads\/sites\/50\/2025\/11\/250904-Visual-RMD26-800x800px-36x36.jpg 36w, https:\/\/dfvcg-events.de\/retail-media-day\/wp-content\/uploads\/sites\/50\/2025\/11\/250904-Visual-RMD26-800x800px-180x180.jpg 180w, https:\/\/dfvcg-events.de\/retail-media-day\/wp-content\/uploads\/sites\/50\/2025\/11\/250904-Visual-RMD26-800x800px-705x705.jpg 705w\" sizes=\"(max-width: 800px) 100vw, 800px\" \/><\/div><\/div><\/div><\/div><\/div><!--close column table wrapper. Autoclose: 1 -->\n\n","protected":false},"excerpt":{"rendered":"","protected":false},"author":1,"featured_media":0,"parent":0,"menu_order":0,"comment_status":"closed","ping_status":"closed","template":"","meta":{"footnotes":""},"class_list":["post-173","page","type-page","status-publish","hentry"],"yoast_head":"<!-- This site is optimized with the Yoast SEO plugin v27.4 - https:\/\/yoast.com\/product\/yoast-seo-wordpress\/ -->\n<title>Partner | LZ Retail Media Day | 1. September 2026 | K\u00f6ln<\/title>\n<meta name=\"description\" content=\"Als Partner &amp; Aussteller erhalten Sie maximale Aufmerksamkeit und haben die M\u00f6glichkeit interessante Kontakte zu kn\u00fcpfen.\" \/>\n<meta name=\"robots\" content=\"index, follow, max-snippet:-1, max-image-preview:large, max-video-preview:-1\" \/>\n<link rel=\"canonical\" href=\"https:\/\/dfvcg-events.de\/retail-media-day\/aussteller-sponsoren\/\" \/>\n<meta property=\"og:locale\" content=\"de_DE\" \/>\n<meta property=\"og:type\" content=\"article\" \/>\n<meta property=\"og:title\" content=\"Partner | LZ Retail Media Day | 1. September 2026 | K\u00f6ln\" \/>\n<meta property=\"og:description\" content=\"Als Partner &amp; Aussteller erhalten Sie maximale Aufmerksamkeit und haben die M\u00f6glichkeit interessante Kontakte zu kn\u00fcpfen.\" \/>\n<meta property=\"og:url\" content=\"https:\/\/dfvcg-events.de\/retail-media-day\/aussteller-sponsoren\/\" \/>\n<meta property=\"og:site_name\" content=\"LZ Retail Media Day\" \/>\n<meta property=\"article:publisher\" content=\"https:\/\/www.facebook.com\/Lebensmittel.Zeitung\" \/>\n<meta property=\"article:modified_time\" content=\"2026-04-10T10:03:16+00:00\" \/>\n<meta name=\"twitter:card\" content=\"summary_large_image\" \/>\n<meta name=\"twitter:site\" content=\"@LZNETnews\" \/>\n<meta name=\"twitter:label1\" content=\"Gesch\u00e4tzte Lesezeit\" \/>\n\t<meta name=\"twitter:data1\" content=\"2\u00a0Minuten\" \/>\n<script type=\"application\/ld+json\" class=\"yoast-schema-graph\">{\"@context\":\"https:\\\/\\\/schema.org\",\"@graph\":[{\"@type\":\"WebPage\",\"@id\":\"https:\\\/\\\/dfvcg-events.de\\\/retail-media-day\\\/aussteller-sponsoren\\\/\",\"url\":\"https:\\\/\\\/dfvcg-events.de\\\/retail-media-day\\\/aussteller-sponsoren\\\/\",\"name\":\"Partner | LZ Retail Media Day | 1. September 2026 | K\u00f6ln\",\"isPartOf\":{\"@id\":\"https:\\\/\\\/dfvcg-events.de\\\/retail-media-day\\\/#website\"},\"datePublished\":\"2020-03-19T21:45:57+00:00\",\"dateModified\":\"2026-04-10T10:03:16+00:00\",\"description\":\"Als Partner & Aussteller erhalten Sie maximale Aufmerksamkeit und haben die M\u00f6glichkeit interessante Kontakte zu kn\u00fcpfen.\",\"breadcrumb\":{\"@id\":\"https:\\\/\\\/dfvcg-events.de\\\/retail-media-day\\\/aussteller-sponsoren\\\/#breadcrumb\"},\"inLanguage\":\"de\",\"potentialAction\":[{\"@type\":\"ReadAction\",\"target\":[\"https:\\\/\\\/dfvcg-events.de\\\/retail-media-day\\\/aussteller-sponsoren\\\/\"]}]},{\"@type\":\"BreadcrumbList\",\"@id\":\"https:\\\/\\\/dfvcg-events.de\\\/retail-media-day\\\/aussteller-sponsoren\\\/#breadcrumb\",\"itemListElement\":[{\"@type\":\"ListItem\",\"position\":1,\"name\":\"Startseite\",\"item\":\"https:\\\/\\\/dfvcg-events.de\\\/retail-media-day\\\/\"},{\"@type\":\"ListItem\",\"position\":2,\"name\":\"Aussteller &amp; Sponsoren 2024\"}]},{\"@type\":\"WebSite\",\"@id\":\"https:\\\/\\\/dfvcg-events.de\\\/retail-media-day\\\/#website\",\"url\":\"https:\\\/\\\/dfvcg-events.de\\\/retail-media-day\\\/\",\"name\":\"LZ Retail Media Day\",\"description\":\"dfv Conference Group\",\"publisher\":{\"@id\":\"https:\\\/\\\/dfvcg-events.de\\\/retail-media-day\\\/#organization\"},\"potentialAction\":[{\"@type\":\"SearchAction\",\"target\":{\"@type\":\"EntryPoint\",\"urlTemplate\":\"https:\\\/\\\/dfvcg-events.de\\\/retail-media-day\\\/?s={search_term_string}\"},\"query-input\":{\"@type\":\"PropertyValueSpecification\",\"valueRequired\":true,\"valueName\":\"search_term_string\"}}],\"inLanguage\":\"de\"},{\"@type\":\"Organization\",\"@id\":\"https:\\\/\\\/dfvcg-events.de\\\/retail-media-day\\\/#organization\",\"name\":\"Lebensmittel Zeitung & dfv Conference Group\",\"url\":\"https:\\\/\\\/dfvcg-events.de\\\/retail-media-day\\\/\",\"logo\":{\"@type\":\"ImageObject\",\"inLanguage\":\"de\",\"@id\":\"https:\\\/\\\/dfvcg-events.de\\\/retail-media-day\\\/#\\\/schema\\\/logo\\\/image\\\/\",\"url\":\"https:\\\/\\\/dfvcg-events.de\\\/retail-media-day\\\/wp-content\\\/uploads\\\/sites\\\/50\\\/2024\\\/02\\\/Retail-Media-Day-banner-yoast.jpg\",\"contentUrl\":\"https:\\\/\\\/dfvcg-events.de\\\/retail-media-day\\\/wp-content\\\/uploads\\\/sites\\\/50\\\/2024\\\/02\\\/Retail-Media-Day-banner-yoast.jpg\",\"width\":1240,\"height\":620,\"caption\":\"Lebensmittel Zeitung & dfv Conference Group\"},\"image\":{\"@id\":\"https:\\\/\\\/dfvcg-events.de\\\/retail-media-day\\\/#\\\/schema\\\/logo\\\/image\\\/\"},\"sameAs\":[\"https:\\\/\\\/www.facebook.com\\\/Lebensmittel.Zeitung\",\"https:\\\/\\\/x.com\\\/LZNETnews\"]}]}<\/script>\n<!-- \/ Yoast SEO plugin. -->","yoast_head_json":{"title":"Partner | LZ Retail Media Day | 1. September 2026 | K\u00f6ln","description":"Als Partner & Aussteller erhalten Sie maximale Aufmerksamkeit und haben die M\u00f6glichkeit interessante Kontakte zu kn\u00fcpfen.","robots":{"index":"index","follow":"follow","max-snippet":"max-snippet:-1","max-image-preview":"max-image-preview:large","max-video-preview":"max-video-preview:-1"},"canonical":"https:\/\/dfvcg-events.de\/retail-media-day\/aussteller-sponsoren\/","og_locale":"de_DE","og_type":"article","og_title":"Partner | LZ Retail Media Day | 1. September 2026 | K\u00f6ln","og_description":"Als Partner & Aussteller erhalten Sie maximale Aufmerksamkeit und haben die M\u00f6glichkeit interessante Kontakte zu kn\u00fcpfen.","og_url":"https:\/\/dfvcg-events.de\/retail-media-day\/aussteller-sponsoren\/","og_site_name":"LZ Retail Media Day","article_publisher":"https:\/\/www.facebook.com\/Lebensmittel.Zeitung","article_modified_time":"2026-04-10T10:03:16+00:00","twitter_card":"summary_large_image","twitter_site":"@LZNETnews","twitter_misc":{"Gesch\u00e4tzte Lesezeit":"2\u00a0Minuten"},"schema":{"@context":"https:\/\/schema.org","@graph":[{"@type":"WebPage","@id":"https:\/\/dfvcg-events.de\/retail-media-day\/aussteller-sponsoren\/","url":"https:\/\/dfvcg-events.de\/retail-media-day\/aussteller-sponsoren\/","name":"Partner | LZ Retail Media Day | 1. September 2026 | K\u00f6ln","isPartOf":{"@id":"https:\/\/dfvcg-events.de\/retail-media-day\/#website"},"datePublished":"2020-03-19T21:45:57+00:00","dateModified":"2026-04-10T10:03:16+00:00","description":"Als Partner & Aussteller erhalten Sie maximale Aufmerksamkeit und haben die M\u00f6glichkeit interessante Kontakte zu kn\u00fcpfen.","breadcrumb":{"@id":"https:\/\/dfvcg-events.de\/retail-media-day\/aussteller-sponsoren\/#breadcrumb"},"inLanguage":"de","potentialAction":[{"@type":"ReadAction","target":["https:\/\/dfvcg-events.de\/retail-media-day\/aussteller-sponsoren\/"]}]},{"@type":"BreadcrumbList","@id":"https:\/\/dfvcg-events.de\/retail-media-day\/aussteller-sponsoren\/#breadcrumb","itemListElement":[{"@type":"ListItem","position":1,"name":"Startseite","item":"https:\/\/dfvcg-events.de\/retail-media-day\/"},{"@type":"ListItem","position":2,"name":"Aussteller &amp; Sponsoren 2024"}]},{"@type":"WebSite","@id":"https:\/\/dfvcg-events.de\/retail-media-day\/#website","url":"https:\/\/dfvcg-events.de\/retail-media-day\/","name":"LZ Retail Media Day","description":"dfv Conference Group","publisher":{"@id":"https:\/\/dfvcg-events.de\/retail-media-day\/#organization"},"potentialAction":[{"@type":"SearchAction","target":{"@type":"EntryPoint","urlTemplate":"https:\/\/dfvcg-events.de\/retail-media-day\/?s={search_term_string}"},"query-input":{"@type":"PropertyValueSpecification","valueRequired":true,"valueName":"search_term_string"}}],"inLanguage":"de"},{"@type":"Organization","@id":"https:\/\/dfvcg-events.de\/retail-media-day\/#organization","name":"Lebensmittel Zeitung & dfv Conference Group","url":"https:\/\/dfvcg-events.de\/retail-media-day\/","logo":{"@type":"ImageObject","inLanguage":"de","@id":"https:\/\/dfvcg-events.de\/retail-media-day\/#\/schema\/logo\/image\/","url":"https:\/\/dfvcg-events.de\/retail-media-day\/wp-content\/uploads\/sites\/50\/2024\/02\/Retail-Media-Day-banner-yoast.jpg","contentUrl":"https:\/\/dfvcg-events.de\/retail-media-day\/wp-content\/uploads\/sites\/50\/2024\/02\/Retail-Media-Day-banner-yoast.jpg","width":1240,"height":620,"caption":"Lebensmittel Zeitung & dfv Conference Group"},"image":{"@id":"https:\/\/dfvcg-events.de\/retail-media-day\/#\/schema\/logo\/image\/"},"sameAs":["https:\/\/www.facebook.com\/Lebensmittel.Zeitung","https:\/\/x.com\/LZNETnews"]}]}},"_links":{"self":[{"href":"https:\/\/dfvcg-events.de\/retail-media-day\/wp-json\/wp\/v2\/pages\/173","targetHints":{"allow":["GET"]}}],"collection":[{"href":"https:\/\/dfvcg-events.de\/retail-media-day\/wp-json\/wp\/v2\/pages"}],"about":[{"href":"https:\/\/dfvcg-events.de\/retail-media-day\/wp-json\/wp\/v2\/types\/page"}],"author":[{"embeddable":true,"href":"https:\/\/dfvcg-events.de\/retail-media-day\/wp-json\/wp\/v2\/users\/1"}],"replies":[{"embeddable":true,"href":"https:\/\/dfvcg-events.de\/retail-media-day\/wp-json\/wp\/v2\/comments?post=173"}],"version-history":[{"count":34,"href":"https:\/\/dfvcg-events.de\/retail-media-day\/wp-json\/wp\/v2\/pages\/173\/revisions"}],"predecessor-version":[{"id":2517,"href":"https:\/\/dfvcg-events.de\/retail-media-day\/wp-json\/wp\/v2\/pages\/173\/revisions\/2517"}],"wp:attachment":[{"href":"https:\/\/dfvcg-events.de\/retail-media-day\/wp-json\/wp\/v2\/media?parent=173"}],"curies":[{"name":"wp","href":"https:\/\/api.w.org\/{rel}","templated":true}]}}