{"id":158,"date":"2020-03-19T22:30:05","date_gmt":"2020-03-19T21:30:05","guid":{"rendered":"https:\/\/dfvcg-events.de\/retail-media-day\/?page_id=158"},"modified":"2026-02-20T10:51:37","modified_gmt":"2026-02-20T09:51:37","slug":"location-anreise","status":"publish","type":"page","link":"https:\/\/dfvcg-events.de\/retail-media-day\/location-anreise\/","title":{"rendered":"Location &amp; Anreise"},"content":{"rendered":"\n<style type=\"text\/css\" data-created_by=\"avia_inline_auto\" id=\"style-css-av-k7yuhjt1-ae664e98b2b9cf0b77372c242a4f045d\">\n.avia-section.av-k7yuhjt1-ae664e98b2b9cf0b77372c242a4f045d{\nbackground-repeat:no-repeat;\nbackground-image:url(https:\/\/dfvcg-events.de\/retail-media-day\/wp-content\/uploads\/sites\/50\/2024\/10\/BG.png);\nbackground-position:0% 0%;\nbackground-attachment:scroll;\n}\n<\/style>\n<div id='av_section_1'  class='avia-section av-k7yuhjt1-ae664e98b2b9cf0b77372c242a4f045d main_color avia-section-default avia-no-border-styling  avia-builder-el-0  el_before_av_section  avia-builder-el-first  header-verlauf avia-full-stretch avia-bg-style-scroll container_wrap fullsize'  data-section-bg-repeat='stretch'><div class='container av-section-cont-open' ><main  role=\"main\" itemprop=\"mainContentOfPage\"  class='template-page content  av-content-full alpha units'><div class='post-entry post-entry-type-page post-entry-158'><div class='entry-content-wrapper clearfix'>\n\n<style type=\"text\/css\" data-created_by=\"avia_inline_auto\" id=\"style-css-av-kki409e1-419cbdf0a830fed0bb5aa7edc515a094\">\n#top .av-special-heading.av-kki409e1-419cbdf0a830fed0bb5aa7edc515a094{\npadding-bottom:0;\n}\nbody .av-special-heading.av-kki409e1-419cbdf0a830fed0bb5aa7edc515a094 .av-special-heading-tag .heading-char{\nfont-size:25px;\n}\n.av-special-heading.av-kki409e1-419cbdf0a830fed0bb5aa7edc515a094 .av-subheading{\nfont-size:15px;\n}\n<\/style>\n<div  class='av-special-heading av-kki409e1-419cbdf0a830fed0bb5aa7edc515a094 av-special-heading-h1 blockquote modern-quote  avia-builder-el-1  avia-builder-el-no-sibling '><div class='av-subheading av-subheading_above'><p>LZ Retail Media Day<\/p>\n<\/div><h1 class='av-special-heading-tag '  itemprop=\"headline\"  >Location <span class='special_amp'>&amp;<\/span> Anreise<\/h1><div class=\"special-heading-border\"><div class=\"special-heading-inner-border\"><\/div><\/div><\/div>\n\n<\/div><\/div><\/main><!-- close content main element --><\/div><\/div><div id='av_section_2'  class='avia-section av-19yh2u-211d5b7fc14cc245a9ac73746e9b8c9d main_color avia-section-default avia-no-shadow  avia-builder-el-2  el_after_av_section  el_before_av_section  avia-bg-style-parallax container_wrap fullsize'  ><div class='container av-section-cont-open' ><div class='template-page content  av-content-full alpha units'><div class='post-entry post-entry-type-page post-entry-158'><div class='entry-content-wrapper clearfix'>\n<div class='flex_column_table av-15jufi-641fc01ed1803b9aca0011b607a4da1c sc-av_one_fourth av-break-at-tablet-flextable av-equal-height-column-flextable'>\n<style type=\"text\/css\" data-created_by=\"avia_inline_auto\" id=\"style-css-av-15jufi-641fc01ed1803b9aca0011b607a4da1c\">\n.flex_column.av-15jufi-641fc01ed1803b9aca0011b607a4da1c{\nborder-radius:0px 0px 0px 0px;\npadding:0px 0px 0px 0px;\n}\n<\/style>\n<div  class='flex_column av-15jufi-641fc01ed1803b9aca0011b607a4da1c av_one_fourth  avia-builder-el-3  el_before_av_three_fourth  avia-builder-el-first  first av-break-at-tablet flex_column_table_cell av-equal-height-column av-align-middle av-zero-column-padding  '     ><p>\n<style type=\"text\/css\" data-created_by=\"avia_inline_auto\" id=\"style-css-av-yqa5i-ce29a25080505cb0febfe6e1c3a68b93\">\n#top .av-special-heading.av-yqa5i-ce29a25080505cb0febfe6e1c3a68b93{\npadding-bottom:35px;\n}\nbody .av-special-heading.av-yqa5i-ce29a25080505cb0febfe6e1c3a68b93 .av-special-heading-tag .heading-char{\nfont-size:25px;\n}\n.av-special-heading.av-yqa5i-ce29a25080505cb0febfe6e1c3a68b93 .av-subheading{\nfont-size:19px;\n}\n<\/style>\n<div  class='av-special-heading av-yqa5i-ce29a25080505cb0febfe6e1c3a68b93 av-special-heading-h2 blockquote modern-quote  avia-builder-el-4  el_before_av_textblock  avia-builder-el-first '><h2 class='av-special-heading-tag '  itemprop=\"headline\"  >Veranstaltungsort<\/h2><div class=\"special-heading-border\"><div class=\"special-heading-inner-border\"><\/div><\/div><\/div><br \/>\n<section  class='av_textblock_section av-pztxq-0b5c3130478a4520d18f4f69cb09078a '   itemscope=\"itemscope\" itemtype=\"https:\/\/schema.org\/CreativeWork\" ><div class='avia_textblock'  itemprop=\"text\" ><p><strong>KOMED im MediaPark K\u00f6ln<\/strong><\/p>\n<p>Im Mediapark 7<br \/>\n50670 K\u00f6ln<\/p>\n<\/div><\/section><\/p><\/div><div class='av-flex-placeholder'><\/div>\n<style type=\"text\/css\" data-created_by=\"avia_inline_auto\" id=\"style-css-av-kapoe-39a6a908bc675007fcb9930eab22b21e\">\n.flex_column.av-kapoe-39a6a908bc675007fcb9930eab22b21e{\nborder-radius:0px 0px 0px 0px;\npadding:0px 0px 0px 0px;\n}\n<\/style>\n<div  class='flex_column av-kapoe-39a6a908bc675007fcb9930eab22b21e av_three_fourth  avia-builder-el-6  el_after_av_one_fourth  avia-builder-el-last  av-break-at-tablet flex_column_table_cell av-equal-height-column av-align-middle av-zero-column-padding  '     ><div  class='av_gmaps_sc_main_wrap av_gmaps_main_wrap '><div id='av_gmap_0' class='avia-google-map-container avia-google-map-sc av_gmaps_show_unconditionally av-no-fallback-img ' data-mapid='av_gmap_0'  style='height: 400px;'><a class=\"av_gmaps_browser_disabled av_text_confirm_link av_text_confirm_link_visible\" href=\"https:\/\/www.google.com\/maps\/search\/?api=1&#038;query=Im%20MediaPark%207%2050670%20K\u00f6ln%20%20Deutschland\" target=\"_blank\">Karten wurden vom Besucher auf dieser Webseite deaktiviert. Klicken Sie hier, um die Karte in einem neuen Fenster zu \u00f6ffnen.<\/a><\/div><\/div><\/div><\/div><!--close column table wrapper. Autoclose: 1 -->\n\n<\/div><\/div><\/div><!-- close content main div --><\/div><\/div><div id='av_section_3'  class='avia-section av-htaji-df15a2fceeb1c15c9e546538b5878023 main_color avia-section-default avia-no-shadow  avia-builder-el-8  el_after_av_section  el_before_av_section  avia-bg-style-scroll container_wrap fullsize'  ><div class='container av-section-cont-open' ><div class='template-page content  av-content-full alpha units'><div class='post-entry post-entry-type-page post-entry-158'><div class='entry-content-wrapper clearfix'>\n\n<style type=\"text\/css\" data-created_by=\"avia_inline_auto\" id=\"style-css-av-72jpa-af00609306317365551a8e636509ef7b\">\n#top .av-special-heading.av-72jpa-af00609306317365551a8e636509ef7b{\npadding-bottom:25px;\n}\nbody .av-special-heading.av-72jpa-af00609306317365551a8e636509ef7b .av-special-heading-tag .heading-char{\nfont-size:25px;\n}\n.av-special-heading.av-72jpa-af00609306317365551a8e636509ef7b .av-subheading{\nfont-size:19px;\n}\n<\/style>\n<div  class='av-special-heading av-72jpa-af00609306317365551a8e636509ef7b av-special-heading-h2 blockquote modern-quote  avia-builder-el-9  el_before_av_textblock  avia-builder-el-first '><h2 class='av-special-heading-tag '  itemprop=\"headline\"  >Anreise<\/h2><div class=\"special-heading-border\"><div class=\"special-heading-inner-border\"><\/div><\/div><\/div>\n<section  class='av_textblock_section av-mlgga8lt-e99112c8610eb51fb2b9b6a6a36c212c '   itemscope=\"itemscope\" itemtype=\"https:\/\/schema.org\/CreativeWork\" ><div class='avia_textblock'  itemprop=\"text\" ><p><strong>Reisen Sie bequem mit der Deutschen Bahn:<\/strong><br \/>\nMit dem Kooperationsangebot von dfv Conference Group und der Deutschen Bahn reisen Sie entspannt und komfortabel zu unseren Kongressen.<\/p>\n<\/div><\/section>\n\n\n<\/div><\/div><\/div><!-- close content main div --><\/div><\/div><div id='av_section_4'  class='avia-section av-k6x3q-f924875089832519e937bb3ff27f6f5d main_color avia-section-default avia-no-shadow  avia-builder-el-12  el_after_av_section  avia-builder-el-last  avia-bg-style-scroll container_wrap fullsize'  ><div class='container av-section-cont-open' ><div class='template-page content  av-content-full alpha units'><div class='post-entry post-entry-type-page post-entry-158'><div class='entry-content-wrapper clearfix'>\n\n<style type=\"text\/css\" data-created_by=\"avia_inline_auto\" id=\"style-css-av-ml9an6kw-00e4b8c6bc5a5f22214f627943b9e108\">\n#top .av-special-heading.av-ml9an6kw-00e4b8c6bc5a5f22214f627943b9e108{\npadding-bottom:25px;\n}\nbody .av-special-heading.av-ml9an6kw-00e4b8c6bc5a5f22214f627943b9e108 .av-special-heading-tag .heading-char{\nfont-size:25px;\n}\n.av-special-heading.av-ml9an6kw-00e4b8c6bc5a5f22214f627943b9e108 .av-subheading{\nfont-size:19px;\n}\n<\/style>\n<div  class='av-special-heading av-ml9an6kw-00e4b8c6bc5a5f22214f627943b9e108 av-special-heading-h1 blockquote modern-quote  avia-builder-el-13  el_before_av_one_third  avia-builder-el-first '><h1 class='av-special-heading-tag '  itemprop=\"headline\"  >Hotelkontingente<\/h1><div class='av-subheading av-subheading_below'><p>In den folgenden Hotels haben wir f\u00fcr Sie Zimmerkontingente bereitgestellt, auf die Sie bei Bedarf zur\u00fcckgreifen k\u00f6nnen:<\/p>\n<\/div><div class=\"special-heading-border\"><div class=\"special-heading-inner-border\"><\/div><\/div><\/div>\n<div  class='flex_column av-etftq-69d03b68f6b8e31c2e05cfc9cac95af4 av_one_third  avia-builder-el-14  el_after_av_heading  el_before_av_one_third  first flex_column_div  '     ><section  class='av_textblock_section av-ml9bh8lk-de2942954a86b0138e26c3799c0bde87 '   itemscope=\"itemscope\" itemtype=\"https:\/\/schema.org\/CreativeWork\" ><div class='avia_textblock'  itemprop=\"text\" ><p><strong>Premier Inn K\u00f6ln City Mediapark<\/strong><\/p>\n<p>Hansaring 97<br \/>\n50670 K\u00f6ln<\/p>\n<p><strong>EZ: \u20ac 92,90,- inkl. Fr\u00fchst\u00fcck &amp; zzgl. City-Tax<\/strong><\/p>\n<p>Die Buchung bitte \u00fcber folgende E-Mail-Adresse vornehmen:<br \/>\n<a href=\"&#x6d;&#97;i&#x6c;&#116;o&#x3a;&#x67;&#114;&#x6f;&#x75;&#112;s&#x2e;&#119;e&#x73;&#x74;&#64;&#x77;&#x68;&#105;t&#x62;&#114;e&#x61;&#x64;&#46;&#x63;&#x6f;&#109;\">&#x67;&#114;&#x6f;&#x75;&#112;&#x73;&#x2e;&#119;&#x65;&#x73;&#116;&#x40;&#x77;h&#x69;&#x74;b&#x72;&#101;a&#x64;&#46;c&#x6f;&#109;<\/a><\/p>\n<p>Stichwort: &#8222;LZ RMD 26&#8220;<\/p>\n<p><strong>Abrufbar bis: 03.08.2026<br \/>\n<\/strong>Bei Buchung muss eine Kreditkarte zur Garantie hinterlegt werden.<br \/>\nDie Zahlung erfolgt bei Ankunft. Eine Vorauszahlung ist nicht m\u00f6glich.<strong><br \/>\n<\/strong>Eine kostenfreie Stornierung ist bis 28 Tage vor Anreise m\u00f6glich. Danach fallen 90% Stornierungsgeb\u00fchren an.<\/p>\n<p>Weitere Infos zum Hotel finden Sie <a href=\"https:\/\/www.premierinn.com\/de\/de\/hotels\/deutschland\/nordrhein-westfalen\/koeln\/koln-city-mediapark.html?cid=KNC_G_Hotel:DE_User:DE_Lang:DE_Cat:BRD-DestinationT2|Koln&amp;adgroupID=171967676054&amp;keyword=mediapark%20premier%20inn&amp;matchtype=e&amp;gad_source=1&amp;gad_campaignid=22109650544&amp;gclid=EAIaIQobChMIouO7_JDCkgMVYZSDBx0gZzH-EAAYASAAEgLoyvD_BwE&amp;BRAND=PID\" target=\"_blank\" rel=\"noopener\">hier<\/a>.<\/p>\n<p>Entfernung zur Location: ca. 700 m zu Fu\u00df<\/p>\n<\/div><\/section><\/div><div  class='flex_column av-a9te6-5cdbdb2bd76b0d37ca4e3a4b7d7f7bcf av_one_third  avia-builder-el-16  el_after_av_one_third  el_before_av_one_third  flex_column_div  '     ><section  class='av_textblock_section av-ml9bj635-f7094aa083727043d76f8c19d83f1bb4 '   itemscope=\"itemscope\" itemtype=\"https:\/\/schema.org\/CreativeWork\" ><div class='avia_textblock'  itemprop=\"text\" ><p><strong>Motel One K\u00f6ln-Mediapark<\/strong><\/p>\n<p>Am K\u00fcmpchenshof 2<br \/>\n50670 K\u00f6ln<\/p>\n<p><strong>EZ: \u20ac 114,90,- inkl. Fr\u00fchst\u00fcck &amp; zzgl. City-Tax<\/strong><\/p>\n<p>Die Buchung bitte \u00fcber folgende E-Mail-Adresse vornehmen:<br \/>\n<a href=\"&#x6d;&#x61;&#x69;&#x6c;&#x74;&#x6f;&#x3a;&#107;&#111;&#101;&#108;&#110;-med&#x69;&#x61;&#x70;&#x61;&#x72;&#x6b;&#x40;&#x6d;&#111;&#116;&#101;&#108;&#45;one&#46;&#x63;&#x6f;&#x6d;\">&#107;&#111;&#x65;&#x6c;&#110;&#45;&#x6d;&#x65;&#100;&#105;&#x61;&#x70;&#97;&#114;&#x6b;&#x40;&#109;&#111;&#x74;&#x65;&#108;&#45;&#x6f;&#x6e;&#101;&#46;&#x63;&#x6f;&#109;<\/a><\/p>\n<p>Stichwort: &#8222;DFV310826&#8220;<\/p>\n<p><strong>Abrufbar bis: 03.08.2026<br \/>\n<\/strong>Eine kostenfreie Stornierung ist bis 2 Wochen vor Anreise m\u00f6glich.<\/p>\n<p>Weitere Infos zum Hotel finden Sie <a href=\"https:\/\/www.motel-one.com\/de\/hotels\/koeln\/hotel-koeln-mediapark\/?gad_source=1&amp;gad_campaignid=1573052625&amp;gclid=EAIaIQobChMIguicvJXCkgMVCJCDBx0X8Ax7EAAYASAAEgLAjPD_BwE\" target=\"_blank\" rel=\"noopener\">hier<\/a>.<\/p>\n<p>Entfernung zur Location: ca. 250 m zu Fu\u00df<\/p>\n<\/div><\/section><\/div><div  class='flex_column av-b01u6-5d3dbc30849abff7e7a7289a9131e76a av_one_third  avia-builder-el-18  el_after_av_one_third  avia-builder-el-last  flex_column_div  '     ><section  class='av_textblock_section av-mlupk6mx-b90196cf610d7f422ae476c5d9ebf4b0 '   itemscope=\"itemscope\" itemtype=\"https:\/\/schema.org\/CreativeWork\" ><div class='avia_textblock'  itemprop=\"text\" ><p><strong>The Midtown Hotel<\/strong><\/p>\n<p>Kaiser-Wilhelm-Ring 48<br \/>\n50672 K\u00f6ln<\/p>\n<p><strong>EZ (small): \u20ac 127,- inkl. Fr\u00fchst\u00fcck &amp; zzgl. City-Tax<br \/>\nEZ (medium): \u20ac 137,- inkl. Fr\u00fchst\u00fcck &amp; zzgl. City-Tax<br \/>\nDZ (small): \u20ac 127,- inkl. Fr\u00fchst\u00fcck &amp; zzgl. City-Tax<br \/>\nDZ (medium): \u20ac 137,- inkl. Fr\u00fchst\u00fcck &amp; zzgl. City-Tax<br \/>\nDZ (large, Twinbed): \u20ac 147,- inkl. Fr\u00fchst\u00fcck &amp; zzgl. City-Tax<\/strong><\/p>\n<p>Doppelzimmer Aufpreis 20,00 \u20ac<\/p>\n<p>Die Buchung bitte \u00fcber folgende E-Mail-Adresse vornehmen:<br \/>\n<a href=\"&#x6d;&#x61;&#x69;&#x6c;&#x74;&#x6f;&#x3a;&#109;&#101;&#101;&#116;&#105;ng&#64;t&#x68;&#x65;&#x6d;&#x69;&#x64;&#x74;&#x6f;&#x77;&#110;&#46;&#100;&#101;\">&#x6d;&#x65;&#x65;&#116;&#105;ng&#x40;&#x74;&#x68;&#101;&#109;id&#x74;&#x6f;&#x77;&#110;&#46;de<\/a><\/p>\n<p>Stichwort: &#8222;LZ RMD 26&#8220;<\/p>\n<p><strong>Abrufbar bis: 17.08.2026<br \/>\n<\/strong>Eine kostenfreie Stornierung ist bis 7 Tage vor Anreisetag m\u00f6glich.<br \/>\nBei Abruf eines Zimmers durch den Gast ist die Angabe von Kreditkartendetails zur Garantie der Buchung erforderlich.<\/p>\n<p>Weitere Infos zum Hotel finden Sie <a href=\"https:\/\/themidtownhotel.de\/?gad_source=1&amp;gad_campaignid=21114537083&amp;gclid=EAIaIQobChMIz_7liuXnkgMVGJmDBx1jMBbLEAAYASAAEgJMoPD_BwE\" target=\"_blank\" rel=\"noopener\">hier<\/a>.<\/p>\n<p>Entfernung zur Location: ca. 500 m zu Fu\u00df<\/p>\n<\/div><\/section><\/div>\n","protected":false},"excerpt":{"rendered":"","protected":false},"author":1,"featured_media":0,"parent":0,"menu_order":0,"comment_status":"closed","ping_status":"closed","template":"","meta":{"footnotes":""},"class_list":["post-158","page","type-page","status-publish","hentry"],"yoast_head":"<!-- This site is optimized with the Yoast SEO plugin v27.4 - https:\/\/yoast.com\/product\/yoast-seo-wordpress\/ -->\n<title>Location &amp; Anreise - LZ Retail Media Day | 1. September 2026 | K\u00f6ln<\/title>\n<meta name=\"description\" content=\"Gestalten Sie Ihre Anreise so bequem wie m\u00f6glich! Hier finden Sie Informationen zur Location, zu Ihrer Anreise und unsere Hotelempfehlungen.\" \/>\n<meta name=\"robots\" content=\"index, follow, max-snippet:-1, max-image-preview:large, max-video-preview:-1\" \/>\n<link rel=\"canonical\" href=\"https:\/\/dfvcg-events.de\/retail-media-day\/location-anreise\/\" \/>\n<meta property=\"og:locale\" content=\"de_DE\" \/>\n<meta property=\"og:type\" content=\"article\" \/>\n<meta property=\"og:title\" content=\"Location &amp; Anreise - LZ Retail Media Day | 1. September 2026 | K\u00f6ln\" \/>\n<meta property=\"og:description\" content=\"Gestalten Sie Ihre Anreise so bequem wie m\u00f6glich! Hier finden Sie Informationen zur Location, zu Ihrer Anreise und unsere Hotelempfehlungen.\" \/>\n<meta property=\"og:url\" content=\"https:\/\/dfvcg-events.de\/retail-media-day\/location-anreise\/\" \/>\n<meta property=\"og:site_name\" content=\"LZ Retail Media Day\" \/>\n<meta property=\"article:publisher\" content=\"https:\/\/www.facebook.com\/Lebensmittel.Zeitung\" \/>\n<meta property=\"article:modified_time\" content=\"2026-02-20T09:51:37+00:00\" \/>\n<meta property=\"og:image\" content=\"https:\/\/www.veranstaltungsticket-bahn.de\/resources\/buttons\/design3-2.png\" \/>\n<meta name=\"twitter:card\" content=\"summary_large_image\" \/>\n<meta name=\"twitter:site\" content=\"@LZNETnews\" \/>\n<meta name=\"twitter:label1\" content=\"Gesch\u00e4tzte Lesezeit\" \/>\n\t<meta name=\"twitter:data1\" content=\"2\u00a0Minuten\" \/>\n<script type=\"application\/ld+json\" class=\"yoast-schema-graph\">{\"@context\":\"https:\\\/\\\/schema.org\",\"@graph\":[{\"@type\":\"WebPage\",\"@id\":\"https:\\\/\\\/dfvcg-events.de\\\/retail-media-day\\\/location-anreise\\\/\",\"url\":\"https:\\\/\\\/dfvcg-events.de\\\/retail-media-day\\\/location-anreise\\\/\",\"name\":\"Location &amp; Anreise - LZ Retail Media Day | 1. September 2026 | K\u00f6ln\",\"isPartOf\":{\"@id\":\"https:\\\/\\\/dfvcg-events.de\\\/retail-media-day\\\/#website\"},\"primaryImageOfPage\":{\"@id\":\"https:\\\/\\\/dfvcg-events.de\\\/retail-media-day\\\/location-anreise\\\/#primaryimage\"},\"image\":{\"@id\":\"https:\\\/\\\/dfvcg-events.de\\\/retail-media-day\\\/location-anreise\\\/#primaryimage\"},\"thumbnailUrl\":\"https:\\\/\\\/www.veranstaltungsticket-bahn.de\\\/resources\\\/buttons\\\/design3-2.png\",\"datePublished\":\"2020-03-19T21:30:05+00:00\",\"dateModified\":\"2026-02-20T09:51:37+00:00\",\"description\":\"Gestalten Sie Ihre Anreise so bequem wie m\u00f6glich! Hier finden Sie Informationen zur Location, zu Ihrer Anreise und unsere Hotelempfehlungen.\",\"breadcrumb\":{\"@id\":\"https:\\\/\\\/dfvcg-events.de\\\/retail-media-day\\\/location-anreise\\\/#breadcrumb\"},\"inLanguage\":\"de\",\"potentialAction\":[{\"@type\":\"ReadAction\",\"target\":[\"https:\\\/\\\/dfvcg-events.de\\\/retail-media-day\\\/location-anreise\\\/\"]}]},{\"@type\":\"ImageObject\",\"inLanguage\":\"de\",\"@id\":\"https:\\\/\\\/dfvcg-events.de\\\/retail-media-day\\\/location-anreise\\\/#primaryimage\",\"url\":\"https:\\\/\\\/www.veranstaltungsticket-bahn.de\\\/resources\\\/buttons\\\/design3-2.png\",\"contentUrl\":\"https:\\\/\\\/www.veranstaltungsticket-bahn.de\\\/resources\\\/buttons\\\/design3-2.png\"},{\"@type\":\"BreadcrumbList\",\"@id\":\"https:\\\/\\\/dfvcg-events.de\\\/retail-media-day\\\/location-anreise\\\/#breadcrumb\",\"itemListElement\":[{\"@type\":\"ListItem\",\"position\":1,\"name\":\"Startseite\",\"item\":\"https:\\\/\\\/dfvcg-events.de\\\/retail-media-day\\\/\"},{\"@type\":\"ListItem\",\"position\":2,\"name\":\"Location &amp; Anreise\"}]},{\"@type\":\"WebSite\",\"@id\":\"https:\\\/\\\/dfvcg-events.de\\\/retail-media-day\\\/#website\",\"url\":\"https:\\\/\\\/dfvcg-events.de\\\/retail-media-day\\\/\",\"name\":\"LZ Retail Media Day\",\"description\":\"dfv Conference Group\",\"publisher\":{\"@id\":\"https:\\\/\\\/dfvcg-events.de\\\/retail-media-day\\\/#organization\"},\"potentialAction\":[{\"@type\":\"SearchAction\",\"target\":{\"@type\":\"EntryPoint\",\"urlTemplate\":\"https:\\\/\\\/dfvcg-events.de\\\/retail-media-day\\\/?s={search_term_string}\"},\"query-input\":{\"@type\":\"PropertyValueSpecification\",\"valueRequired\":true,\"valueName\":\"search_term_string\"}}],\"inLanguage\":\"de\"},{\"@type\":\"Organization\",\"@id\":\"https:\\\/\\\/dfvcg-events.de\\\/retail-media-day\\\/#organization\",\"name\":\"Lebensmittel Zeitung & dfv Conference Group\",\"url\":\"https:\\\/\\\/dfvcg-events.de\\\/retail-media-day\\\/\",\"logo\":{\"@type\":\"ImageObject\",\"inLanguage\":\"de\",\"@id\":\"https:\\\/\\\/dfvcg-events.de\\\/retail-media-day\\\/#\\\/schema\\\/logo\\\/image\\\/\",\"url\":\"https:\\\/\\\/dfvcg-events.de\\\/retail-media-day\\\/wp-content\\\/uploads\\\/sites\\\/50\\\/2024\\\/02\\\/Retail-Media-Day-banner-yoast.jpg\",\"contentUrl\":\"https:\\\/\\\/dfvcg-events.de\\\/retail-media-day\\\/wp-content\\\/uploads\\\/sites\\\/50\\\/2024\\\/02\\\/Retail-Media-Day-banner-yoast.jpg\",\"width\":1240,\"height\":620,\"caption\":\"Lebensmittel Zeitung & dfv Conference Group\"},\"image\":{\"@id\":\"https:\\\/\\\/dfvcg-events.de\\\/retail-media-day\\\/#\\\/schema\\\/logo\\\/image\\\/\"},\"sameAs\":[\"https:\\\/\\\/www.facebook.com\\\/Lebensmittel.Zeitung\",\"https:\\\/\\\/x.com\\\/LZNETnews\"]}]}<\/script>\n<!-- \/ Yoast SEO plugin. -->","yoast_head_json":{"title":"Location &amp; Anreise - LZ Retail Media Day | 1. September 2026 | K\u00f6ln","description":"Gestalten Sie Ihre Anreise so bequem wie m\u00f6glich! Hier finden Sie Informationen zur Location, zu Ihrer Anreise und unsere Hotelempfehlungen.","robots":{"index":"index","follow":"follow","max-snippet":"max-snippet:-1","max-image-preview":"max-image-preview:large","max-video-preview":"max-video-preview:-1"},"canonical":"https:\/\/dfvcg-events.de\/retail-media-day\/location-anreise\/","og_locale":"de_DE","og_type":"article","og_title":"Location &amp; Anreise - LZ Retail Media Day | 1. September 2026 | K\u00f6ln","og_description":"Gestalten Sie Ihre Anreise so bequem wie m\u00f6glich! Hier finden Sie Informationen zur Location, zu Ihrer Anreise und unsere Hotelempfehlungen.","og_url":"https:\/\/dfvcg-events.de\/retail-media-day\/location-anreise\/","og_site_name":"LZ Retail Media Day","article_publisher":"https:\/\/www.facebook.com\/Lebensmittel.Zeitung","article_modified_time":"2026-02-20T09:51:37+00:00","og_image":[{"url":"https:\/\/www.veranstaltungsticket-bahn.de\/resources\/buttons\/design3-2.png","type":"","width":"","height":""}],"twitter_card":"summary_large_image","twitter_site":"@LZNETnews","twitter_misc":{"Gesch\u00e4tzte Lesezeit":"2\u00a0Minuten"},"schema":{"@context":"https:\/\/schema.org","@graph":[{"@type":"WebPage","@id":"https:\/\/dfvcg-events.de\/retail-media-day\/location-anreise\/","url":"https:\/\/dfvcg-events.de\/retail-media-day\/location-anreise\/","name":"Location &amp; Anreise - LZ Retail Media Day | 1. September 2026 | K\u00f6ln","isPartOf":{"@id":"https:\/\/dfvcg-events.de\/retail-media-day\/#website"},"primaryImageOfPage":{"@id":"https:\/\/dfvcg-events.de\/retail-media-day\/location-anreise\/#primaryimage"},"image":{"@id":"https:\/\/dfvcg-events.de\/retail-media-day\/location-anreise\/#primaryimage"},"thumbnailUrl":"https:\/\/www.veranstaltungsticket-bahn.de\/resources\/buttons\/design3-2.png","datePublished":"2020-03-19T21:30:05+00:00","dateModified":"2026-02-20T09:51:37+00:00","description":"Gestalten Sie Ihre Anreise so bequem wie m\u00f6glich! Hier finden Sie Informationen zur Location, zu Ihrer Anreise und unsere Hotelempfehlungen.","breadcrumb":{"@id":"https:\/\/dfvcg-events.de\/retail-media-day\/location-anreise\/#breadcrumb"},"inLanguage":"de","potentialAction":[{"@type":"ReadAction","target":["https:\/\/dfvcg-events.de\/retail-media-day\/location-anreise\/"]}]},{"@type":"ImageObject","inLanguage":"de","@id":"https:\/\/dfvcg-events.de\/retail-media-day\/location-anreise\/#primaryimage","url":"https:\/\/www.veranstaltungsticket-bahn.de\/resources\/buttons\/design3-2.png","contentUrl":"https:\/\/www.veranstaltungsticket-bahn.de\/resources\/buttons\/design3-2.png"},{"@type":"BreadcrumbList","@id":"https:\/\/dfvcg-events.de\/retail-media-day\/location-anreise\/#breadcrumb","itemListElement":[{"@type":"ListItem","position":1,"name":"Startseite","item":"https:\/\/dfvcg-events.de\/retail-media-day\/"},{"@type":"ListItem","position":2,"name":"Location &amp; Anreise"}]},{"@type":"WebSite","@id":"https:\/\/dfvcg-events.de\/retail-media-day\/#website","url":"https:\/\/dfvcg-events.de\/retail-media-day\/","name":"LZ Retail Media Day","description":"dfv Conference Group","publisher":{"@id":"https:\/\/dfvcg-events.de\/retail-media-day\/#organization"},"potentialAction":[{"@type":"SearchAction","target":{"@type":"EntryPoint","urlTemplate":"https:\/\/dfvcg-events.de\/retail-media-day\/?s={search_term_string}"},"query-input":{"@type":"PropertyValueSpecification","valueRequired":true,"valueName":"search_term_string"}}],"inLanguage":"de"},{"@type":"Organization","@id":"https:\/\/dfvcg-events.de\/retail-media-day\/#organization","name":"Lebensmittel Zeitung & dfv Conference Group","url":"https:\/\/dfvcg-events.de\/retail-media-day\/","logo":{"@type":"ImageObject","inLanguage":"de","@id":"https:\/\/dfvcg-events.de\/retail-media-day\/#\/schema\/logo\/image\/","url":"https:\/\/dfvcg-events.de\/retail-media-day\/wp-content\/uploads\/sites\/50\/2024\/02\/Retail-Media-Day-banner-yoast.jpg","contentUrl":"https:\/\/dfvcg-events.de\/retail-media-day\/wp-content\/uploads\/sites\/50\/2024\/02\/Retail-Media-Day-banner-yoast.jpg","width":1240,"height":620,"caption":"Lebensmittel Zeitung & dfv Conference Group"},"image":{"@id":"https:\/\/dfvcg-events.de\/retail-media-day\/#\/schema\/logo\/image\/"},"sameAs":["https:\/\/www.facebook.com\/Lebensmittel.Zeitung","https:\/\/x.com\/LZNETnews"]}]}},"_links":{"self":[{"href":"https:\/\/dfvcg-events.de\/retail-media-day\/wp-json\/wp\/v2\/pages\/158","targetHints":{"allow":["GET"]}}],"collection":[{"href":"https:\/\/dfvcg-events.de\/retail-media-day\/wp-json\/wp\/v2\/pages"}],"about":[{"href":"https:\/\/dfvcg-events.de\/retail-media-day\/wp-json\/wp\/v2\/types\/page"}],"author":[{"embeddable":true,"href":"https:\/\/dfvcg-events.de\/retail-media-day\/wp-json\/wp\/v2\/users\/1"}],"replies":[{"embeddable":true,"href":"https:\/\/dfvcg-events.de\/retail-media-day\/wp-json\/wp\/v2\/comments?post=158"}],"version-history":[{"count":37,"href":"https:\/\/dfvcg-events.de\/retail-media-day\/wp-json\/wp\/v2\/pages\/158\/revisions"}],"predecessor-version":[{"id":2683,"href":"https:\/\/dfvcg-events.de\/retail-media-day\/wp-json\/wp\/v2\/pages\/158\/revisions\/2683"}],"wp:attachment":[{"href":"https:\/\/dfvcg-events.de\/retail-media-day\/wp-json\/wp\/v2\/media?parent=158"}],"curies":[{"name":"wp","href":"https:\/\/api.w.org\/{rel}","templated":true}]}}