{"id":84,"date":"2020-03-19T19:38:27","date_gmt":"2020-03-19T18:38:27","guid":{"rendered":"https:\/\/dfvcg-events.de\/private-label-day\/?page_id=84"},"modified":"2026-03-03T13:41:15","modified_gmt":"2026-03-03T12:41:15","slug":"vortragende","status":"publish","type":"page","link":"https:\/\/dfvcg-events.de\/private-label-day\/vortragende\/","title":{"rendered":"Vortragende"},"content":{"rendered":"<div id='av_section_1'  class='avia-section av-k7yuhjt1-2c4f4c3632ea1ae03aacefeb1a66452a main_color avia-section-default avia-no-border-styling  avia-builder-el-0  el_before_av_section  avia-builder-el-first  header-farbe avia-bg-style-scroll container_wrap fullsize'  ><div class='container av-section-cont-open' ><main  role=\"main\" itemprop=\"mainContentOfPage\"  class='template-page content  av-content-full alpha units'><div class='post-entry post-entry-type-page post-entry-84'><div class='entry-content-wrapper clearfix'>\n\n<style type=\"text\/css\" data-created_by=\"avia_inline_auto\" id=\"style-css-av-kki3wglu-e6ea76138edbe65c80718e7d347293e9\">\n#top .av-special-heading.av-kki3wglu-e6ea76138edbe65c80718e7d347293e9{\npadding-bottom:0;\n}\nbody .av-special-heading.av-kki3wglu-e6ea76138edbe65c80718e7d347293e9 .av-special-heading-tag .heading-char{\nfont-size:25px;\n}\n.av-special-heading.av-kki3wglu-e6ea76138edbe65c80718e7d347293e9 .av-subheading{\nfont-size:15px;\n}\n<\/style>\n<div  class='av-special-heading av-kki3wglu-e6ea76138edbe65c80718e7d347293e9 av-special-heading-h1 blockquote modern-quote  avia-builder-el-1  avia-builder-el-no-sibling '><div class='av-subheading av-subheading_above'><p>LZ Private Label Day<\/p>\n<\/div><h1 class='av-special-heading-tag '  itemprop=\"headline\"  >Das waren unsere Vortragenden 2026<\/h1><div class=\"special-heading-border\"><div class=\"special-heading-inner-border\"><\/div><\/div><\/div>\n<\/div><\/div><\/main><!-- close content main element --><\/div><\/div><div id='av_section_2'  class='avia-section av-xixk-9c8256bf4e181842b10711fc5077797a main_color avia-section-default avia-no-border-styling  avia-builder-el-2  el_after_av_section  avia-builder-el-last  avia-bg-style-scroll container_wrap fullsize'  ><div class='container av-section-cont-open' ><div class='template-page content  av-content-full alpha units'><div class='post-entry post-entry-type-page post-entry-84'><div class='entry-content-wrapper clearfix'>\n<div id='av-masonry-1' class='av-masonry av-k7z3l9y7-0a2f273ed3ef58a00f6730f827da96e9 noHover av-fixed-size av-large-gap av-hover-overlay- av-masonry-animation-active av-masonry-col-4 av-caption-always av-caption-style- av-masonry-entries av-medium-columns-overwrite av-medium-columns-2 av-small-columns-overwrite av-small-columns-2 av-mini-columns-overwrite av-mini-columns-1 av-orientation-portrait-large ' data-post_id=\"84\"><div class=\"av-masonry-container isotope av-js-disabled\"><div class='av-masonry-entry isotope-item av-masonry-item-no-image '><\/div><a href=\"https:\/\/dfvcg-events.de\/private-label-day\/vortragend\/semai-akale\/\"  id='av-masonry-1-item-2772' data-av-masonry-item='2772' class='av-masonry-entry isotope-item post-2772 portfolio type-portfolio status-publish has-post-thumbnail hentry portfolio_entries-vortragende-2026  av-masonry-item-with-image' title=\"Semai-Akale-Rewe-Akale_web\"   itemscope=\"itemscope\" itemtype=\"https:\/\/schema.org\/CreativeWork\" ><div class='av-inner-masonry-sizer'><\/div><figure class='av-inner-masonry main_color'><div class=\"av-masonry-outerimage-container\"><div class='av-masonry-image-container' style=\"background-image: url(https:\/\/dfvcg-events.de\/private-label-day\/wp-content\/uploads\/sites\/54\/2026\/01\/Semai-Akale-Rewe-Akale_web-528x705.jpg);\"  title=\"Semai-Akale-Rewe-Akale_web\" ><\/div><\/div><figcaption class='av-inner-masonry-content site-background'><div class='av-inner-masonry-content-pos'><div class='av-inner-masonry-content-pos-content'><div class='avia-arrow'><\/div><h3 class='av-masonry-entry-title entry-title '  itemprop=\"headline\" >Semai Akale<\/h3><div class='av-masonry-entry-content entry-content'  itemprop=\"text\" >Rewe Akale<\/div><\/div><\/div><\/figcaption><\/figure><\/a><!--end av-masonry entry--><a href=\"https:\/\/dfvcg-events.de\/private-label-day\/vortragend\/paolo-bonsignore\/\"  id='av-masonry-1-item-2200' data-av-masonry-item='2200' class='av-masonry-entry isotope-item post-2200 portfolio type-portfolio status-publish has-post-thumbnail hentry portfolio_entries-vortragend-feature portfolio_entries-vortragende-2025 portfolio_entries-vortragende-2026  av-masonry-item-with-image' title=\"Addex consulting\"   itemscope=\"itemscope\" itemtype=\"https:\/\/schema.org\/CreativeWork\" ><div class='av-inner-masonry-sizer'><\/div><figure class='av-inner-masonry main_color'><div class=\"av-masonry-outerimage-container\"><div class='av-masonry-image-container' style=\"background-image: url(https:\/\/dfvcg-events.de\/private-label-day\/wp-content\/uploads\/sites\/54\/2024\/12\/Paolo-Bonsignore-Coop-Italian-Food-529x705.jpg);\"  title=\"Addex consulting\" ><\/div><\/div><figcaption class='av-inner-masonry-content site-background'><div class='av-inner-masonry-content-pos'><div class='av-inner-masonry-content-pos-content'><div class='avia-arrow'><\/div><h3 class='av-masonry-entry-title entry-title '  itemprop=\"headline\" >Paolo Bonsignore<\/h3><div class='av-masonry-entry-content entry-content'  itemprop=\"text\" >Coop Italian Food<\/div><\/div><\/div><\/figcaption><\/figure><\/a><!--end av-masonry entry--><a href=\"https:\/\/dfvcg-events.de\/private-label-day\/vortragend\/joe-colvin\/\"  id='av-masonry-1-item-2392' data-av-masonry-item='2392' class='av-masonry-entry isotope-item post-2392 portfolio type-portfolio status-publish has-post-thumbnail hentry portfolio_entries-vortragende-2025 portfolio_entries-vortragende-2026  av-masonry-item-with-image' title=\"Joe-Colvin-Centric-Software_web\"   itemscope=\"itemscope\" itemtype=\"https:\/\/schema.org\/CreativeWork\" ><div class='av-inner-masonry-sizer'><\/div><figure class='av-inner-masonry main_color'><div class=\"av-masonry-outerimage-container\"><div class='av-masonry-image-container' style=\"background-image: url(https:\/\/dfvcg-events.de\/private-label-day\/wp-content\/uploads\/sites\/54\/2025\/02\/Joe-Colvin-Centric-Software_web.jpg);\"  title=\"Joe-Colvin-Centric-Software_web\" ><\/div><\/div><figcaption class='av-inner-masonry-content site-background'><div class='av-inner-masonry-content-pos'><div class='av-inner-masonry-content-pos-content'><div class='avia-arrow'><\/div><h3 class='av-masonry-entry-title entry-title '  itemprop=\"headline\" >Joe Colvin<\/h3><div class='av-masonry-entry-content entry-content'  itemprop=\"text\" >Centric Software<\/div><\/div><\/div><\/figcaption><\/figure><\/a><!--end av-masonry entry--><a href=\"https:\/\/dfvcg-events.de\/private-label-day\/vortragend\/dr-jakob-f-daemmer\/\"  id='av-masonry-1-item-2679' data-av-masonry-item='2679' class='av-masonry-entry isotope-item post-2679 portfolio type-portfolio status-publish has-post-thumbnail hentry portfolio_entries-vortragend-feature portfolio_entries-vortragende-2026  av-masonry-item-with-image' title=\"Dr-Jakob-D\u00e4mmer-NOTOS-Fotograf-Joel-F.-Schaaf_web\"   itemscope=\"itemscope\" itemtype=\"https:\/\/schema.org\/CreativeWork\" ><div class='av-inner-masonry-sizer'><\/div><figure class='av-inner-masonry main_color'><div class=\"av-masonry-outerimage-container\"><div class='av-masonry-image-container' style=\"background-image: url(https:\/\/dfvcg-events.de\/private-label-day\/wp-content\/uploads\/sites\/54\/2025\/11\/Dr-Jakob-Daemmer-NOTOS-Fotograf-Joel-F.-Schaaf_web-529x705.jpg);\"  title=\"Dr-Jakob-D\u00e4mmer-NOTOS-Fotograf-Joel-F.-Schaaf_web\" ><\/div><\/div><figcaption class='av-inner-masonry-content site-background'><div class='av-inner-masonry-content-pos'><div class='av-inner-masonry-content-pos-content'><div class='avia-arrow'><\/div><h3 class='av-masonry-entry-title entry-title '  itemprop=\"headline\" >Dr. Jakob F. D\u00e4mmer<\/h3><div class='av-masonry-entry-content entry-content'  itemprop=\"text\" >NOTOS<\/div><\/div><\/div><\/figcaption><\/figure><\/a><!--end av-masonry entry--><a href=\"https:\/\/dfvcg-events.de\/private-label-day\/vortragend\/frank-ebrecht\/\"  id='av-masonry-1-item-2881' data-av-masonry-item='2881' class='av-masonry-entry isotope-item post-2881 portfolio type-portfolio status-publish has-post-thumbnail hentry portfolio_entries-vortragende-2026  av-masonry-item-with-image' title=\"Frank-Ebrecht-Edeka-Niemerszein_web\"   itemscope=\"itemscope\" itemtype=\"https:\/\/schema.org\/CreativeWork\" ><div class='av-inner-masonry-sizer'><\/div><figure class='av-inner-masonry main_color'><div class=\"av-masonry-outerimage-container\"><div class='av-masonry-image-container' style=\"background-image: url(https:\/\/dfvcg-events.de\/private-label-day\/wp-content\/uploads\/sites\/54\/2026\/01\/Frank-Ebrecht-Edeka-Niemerszein_web-529x705.jpg);\"  title=\"Frank-Ebrecht-Edeka-Niemerszein_web\" ><\/div><\/div><figcaption class='av-inner-masonry-content site-background'><div class='av-inner-masonry-content-pos'><div class='av-inner-masonry-content-pos-content'><div class='avia-arrow'><\/div><h3 class='av-masonry-entry-title entry-title '  itemprop=\"headline\" >Frank Ebrecht<\/h3><div class='av-masonry-entry-content entry-content'  itemprop=\"text\" >Edeka Niemerszein<\/div><\/div><\/div><\/figcaption><\/figure><\/a><!--end av-masonry entry--><a href=\"https:\/\/dfvcg-events.de\/private-label-day\/vortragend\/dr-dennis-esch\/\"  id='av-masonry-1-item-2809' data-av-masonry-item='2809' class='av-masonry-entry isotope-item post-2809 portfolio type-portfolio status-publish has-post-thumbnail hentry portfolio_entries-vortragende-2026  av-masonry-item-with-image' title=\"Dr-Dennis-Esch-ESCH-Consultants_web\"   itemscope=\"itemscope\" itemtype=\"https:\/\/schema.org\/CreativeWork\" ><div class='av-inner-masonry-sizer'><\/div><figure class='av-inner-masonry main_color'><div class=\"av-masonry-outerimage-container\"><div class='av-masonry-image-container' style=\"background-image: url(https:\/\/dfvcg-events.de\/private-label-day\/wp-content\/uploads\/sites\/54\/2026\/01\/Dr-Dennis-Esch-ESCH-Consultants_web-529x705.jpg);\"  title=\"Dr-Dennis-Esch-ESCH-Consultants_web\" ><\/div><\/div><figcaption class='av-inner-masonry-content site-background'><div class='av-inner-masonry-content-pos'><div class='av-inner-masonry-content-pos-content'><div class='avia-arrow'><\/div><h3 class='av-masonry-entry-title entry-title '  itemprop=\"headline\" >Dr. Dennis Esch<\/h3><div class='av-masonry-entry-content entry-content'  itemprop=\"text\" >ESCH Consultants<\/div><\/div><\/div><\/figcaption><\/figure><\/a><!--end av-masonry entry--><a href=\"https:\/\/dfvcg-events.de\/private-label-day\/vortragend\/moritz-giedziella\/\"  id='av-masonry-1-item-2703' data-av-masonry-item='2703' class='av-masonry-entry isotope-item post-2703 portfolio type-portfolio status-publish has-post-thumbnail hentry portfolio_entries-vortragend-feature portfolio_entries-vortragende-2026  av-masonry-item-with-image' title=\"Moritz_Giedziella_Obi_web\"   itemscope=\"itemscope\" itemtype=\"https:\/\/schema.org\/CreativeWork\" ><div class='av-inner-masonry-sizer'><\/div><figure class='av-inner-masonry main_color'><div class=\"av-masonry-outerimage-container\"><div class='av-masonry-image-container' style=\"background-image: url(https:\/\/dfvcg-events.de\/private-label-day\/wp-content\/uploads\/sites\/54\/2025\/12\/Moritz_Giedziella_Obi_web-529x705.jpg);\"  title=\"Moritz_Giedziella_Obi_web\" ><\/div><\/div><figcaption class='av-inner-masonry-content site-background'><div class='av-inner-masonry-content-pos'><div class='av-inner-masonry-content-pos-content'><div class='avia-arrow'><\/div><h3 class='av-masonry-entry-title entry-title '  itemprop=\"headline\" >Moritz Giedziella<\/h3><div class='av-masonry-entry-content entry-content'  itemprop=\"text\" >OBI Group Sourcing<\/div><\/div><\/div><\/figcaption><\/figure><\/a><!--end av-masonry entry--><a href=\"https:\/\/dfvcg-events.de\/private-label-day\/vortragend\/rebekka-haase\/\"  id='av-masonry-1-item-2805' data-av-masonry-item='2805' class='av-masonry-entry isotope-item post-2805 portfolio type-portfolio status-publish has-post-thumbnail hentry portfolio_entries-vortragende-2026  av-masonry-item-with-image' title=\"Rebekka-Haase-Metro_web\"   itemscope=\"itemscope\" itemtype=\"https:\/\/schema.org\/CreativeWork\" ><div class='av-inner-masonry-sizer'><\/div><figure class='av-inner-masonry main_color'><div class=\"av-masonry-outerimage-container\"><div class='av-masonry-image-container' style=\"background-image: url(https:\/\/dfvcg-events.de\/private-label-day\/wp-content\/uploads\/sites\/54\/2026\/01\/Rebekka-Haase-Metro_web-528x705.jpg);\"  title=\"Rebekka-Haase-Metro_web\" ><\/div><\/div><figcaption class='av-inner-masonry-content site-background'><div class='av-inner-masonry-content-pos'><div class='av-inner-masonry-content-pos-content'><div class='avia-arrow'><\/div><h3 class='av-masonry-entry-title entry-title '  itemprop=\"headline\" >Rebekka Haase<\/h3><div class='av-masonry-entry-content entry-content'  itemprop=\"text\" >METRO<\/div><\/div><\/div><\/figcaption><\/figure><\/a><!--end av-masonry entry--><a href=\"https:\/\/dfvcg-events.de\/private-label-day\/vortragend\/christian-lattmann\/\"  id='av-masonry-1-item-2675' data-av-masonry-item='2675' class='av-masonry-entry isotope-item post-2675 portfolio type-portfolio status-publish has-post-thumbnail hentry portfolio_entries-vortragende-2026  av-masonry-item-with-image' title=\"Christian Lattmann_web\"   itemscope=\"itemscope\" itemtype=\"https:\/\/schema.org\/CreativeWork\" ><div class='av-inner-masonry-sizer'><\/div><figure class='av-inner-masonry main_color'><div class=\"av-masonry-outerimage-container\"><div class='av-masonry-image-container' style=\"background-image: url(https:\/\/dfvcg-events.de\/private-label-day\/wp-content\/uploads\/sites\/54\/2025\/11\/Christian-Lattmann_web-529x705.jpg);\"  title=\"Christian Lattmann_web\" ><\/div><\/div><figcaption class='av-inner-masonry-content site-background'><div class='av-inner-masonry-content-pos'><div class='av-inner-masonry-content-pos-content'><div class='avia-arrow'><\/div><h3 class='av-masonry-entry-title entry-title '  itemprop=\"headline\" >Christian Lattmann<\/h3><div class='av-masonry-entry-content entry-content'  itemprop=\"text\" >POS Experte<\/div><\/div><\/div><\/figcaption><\/figure><\/a><!--end av-masonry entry--><a href=\"https:\/\/dfvcg-events.de\/private-label-day\/vortragend\/sandra-lorenz\/\"  id='av-masonry-1-item-1555' data-av-masonry-item='1555' class='av-masonry-entry isotope-item post-1555 portfolio type-portfolio status-publish has-post-thumbnail hentry portfolio_entries-vortragend portfolio_entries-vortragend-feature portfolio_entries-vortragende-2026  av-masonry-item-with-image' title=\"Lorenz_Sandra_PLD_2024_web\"   itemscope=\"itemscope\" itemtype=\"https:\/\/schema.org\/CreativeWork\" ><div class='av-inner-masonry-sizer'><\/div><figure class='av-inner-masonry main_color'><div class=\"av-masonry-outerimage-container\"><div class='av-masonry-image-container' style=\"background-image: url(https:\/\/dfvcg-events.de\/private-label-day\/wp-content\/uploads\/sites\/54\/2023\/11\/Lorenz_Sandra_PLD_2024_web-529x705.jpg);\"  title=\"Lorenz_Sandra_PLD_2024_web\" ><\/div><\/div><figcaption class='av-inner-masonry-content site-background'><div class='av-inner-masonry-content-pos'><div class='av-inner-masonry-content-pos-content'><div class='avia-arrow'><\/div><h3 class='av-masonry-entry-title entry-title '  itemprop=\"headline\" >Sandra Lorenz<\/h3><div class='av-masonry-entry-content entry-content'  itemprop=\"text\" >Rossmann<\/div><\/div><\/div><\/figcaption><\/figure><\/a><!--end av-masonry entry--><a href=\"https:\/\/dfvcg-events.de\/private-label-day\/vortragend\/urs-moeller\/\"  id='av-masonry-1-item-2756' data-av-masonry-item='2756' class='av-masonry-entry isotope-item post-2756 portfolio type-portfolio status-publish has-post-thumbnail hentry portfolio_entries-vortragende-2026  av-masonry-item-with-image' title=\"Urs-M\u00f6ller-Coolblue_WEB\"   itemscope=\"itemscope\" itemtype=\"https:\/\/schema.org\/CreativeWork\" ><div class='av-inner-masonry-sizer'><\/div><figure class='av-inner-masonry main_color'><div class=\"av-masonry-outerimage-container\"><div class='av-masonry-image-container' style=\"background-image: url(https:\/\/dfvcg-events.de\/private-label-day\/wp-content\/uploads\/sites\/54\/2025\/12\/Urs-Moeller-Coolblue_WEB-529x705.png);\"  title=\"Urs-M\u00f6ller-Coolblue_WEB\" ><\/div><\/div><figcaption class='av-inner-masonry-content site-background'><div class='av-inner-masonry-content-pos'><div class='av-inner-masonry-content-pos-content'><div class='avia-arrow'><\/div><h3 class='av-masonry-entry-title entry-title '  itemprop=\"headline\" >Urs M\u00f6ller<\/h3><div class='av-masonry-entry-content entry-content'  itemprop=\"text\" >Coolblue<\/div><\/div><\/div><\/figcaption><\/figure><\/a><!--end av-masonry entry--><a href=\"https:\/\/dfvcg-events.de\/private-label-day\/vortragend\/prof-dr-hanna-schramm-klein\/\"  id='av-masonry-1-item-2768' data-av-masonry-item='2768' class='av-masonry-entry isotope-item post-2768 portfolio type-portfolio status-publish has-post-thumbnail hentry portfolio_entries-vortragende-2026  av-masonry-item-with-image' title=\"Hanna-Schramm-Klein-Uni-Siegen-Credit-Fabienne-Albus_web\"   itemscope=\"itemscope\" itemtype=\"https:\/\/schema.org\/CreativeWork\" ><div class='av-inner-masonry-sizer'><\/div><figure class='av-inner-masonry main_color'><div class=\"av-masonry-outerimage-container\"><div class='av-masonry-image-container' style=\"background-image: url(https:\/\/dfvcg-events.de\/private-label-day\/wp-content\/uploads\/sites\/54\/2026\/01\/Hanna-Schramm-Klein-Uni-Siegen-Credit-Fabienne-Albus_web-529x705.jpg);\"  title=\"Hanna-Schramm-Klein-Uni-Siegen-Credit-Fabienne-Albus_web\" ><\/div><\/div><figcaption class='av-inner-masonry-content site-background'><div class='av-inner-masonry-content-pos'><div class='av-inner-masonry-content-pos-content'><div class='avia-arrow'><\/div><h3 class='av-masonry-entry-title entry-title '  itemprop=\"headline\" >Prof. Dr. Hanna Schramm-Klein<\/h3><div class='av-masonry-entry-content entry-content'  itemprop=\"text\" >Universit\u00e4t Siegen<\/div><\/div><\/div><\/figcaption><\/figure><\/a><!--end av-masonry entry--><a href=\"https:\/\/dfvcg-events.de\/private-label-day\/vortragend\/patrick-sieber\/\"  id='av-masonry-1-item-2724' data-av-masonry-item='2724' class='av-masonry-entry isotope-item post-2724 portfolio type-portfolio status-publish has-post-thumbnail hentry portfolio_entries-vortragende-2026  av-masonry-item-with-image' title=\"Patrick-Sieber-MarkenDetektive_web\"   itemscope=\"itemscope\" itemtype=\"https:\/\/schema.org\/CreativeWork\" ><div class='av-inner-masonry-sizer'><\/div><figure class='av-inner-masonry main_color'><div class=\"av-masonry-outerimage-container\"><div class='av-masonry-image-container' style=\"background-image: url(https:\/\/dfvcg-events.de\/private-label-day\/wp-content\/uploads\/sites\/54\/2025\/12\/Patrick-Sieber-MarkenDetektive_web-529x705.png);\"  title=\"Patrick-Sieber-MarkenDetektive_web\" ><\/div><\/div><figcaption class='av-inner-masonry-content site-background'><div class='av-inner-masonry-content-pos'><div class='av-inner-masonry-content-pos-content'><div class='avia-arrow'><\/div><h3 class='av-masonry-entry-title entry-title '  itemprop=\"headline\" >Patrick Sieber<\/h3><div class='av-masonry-entry-content entry-content'  itemprop=\"text\" >MarkenDetektive \/ RevealyIQ<\/div><\/div><\/div><\/figcaption><\/figure><\/a><!--end av-masonry entry--><a href=\"https:\/\/dfvcg-events.de\/private-label-day\/vortragend\/dr-carolina-sinning\/\"  id='av-masonry-1-item-2818' data-av-masonry-item='2818' class='av-masonry-entry isotope-item post-2818 portfolio type-portfolio status-publish has-post-thumbnail hentry portfolio_entries-vortragende-2026  av-masonry-item-with-image' title=\"Carolina-Sinning-YouGov_web\"   itemscope=\"itemscope\" itemtype=\"https:\/\/schema.org\/CreativeWork\" ><div class='av-inner-masonry-sizer'><\/div><figure class='av-inner-masonry main_color'><div class=\"av-masonry-outerimage-container\"><div class='av-masonry-image-container' style=\"background-image: url(https:\/\/dfvcg-events.de\/private-label-day\/wp-content\/uploads\/sites\/54\/2026\/01\/Carolina-Sinning-YouGov_web-529x705.jpg);\"  title=\"Carolina-Sinning-YouGov_web\" ><\/div><\/div><figcaption class='av-inner-masonry-content site-background'><div class='av-inner-masonry-content-pos'><div class='av-inner-masonry-content-pos-content'><div class='avia-arrow'><\/div><h3 class='av-masonry-entry-title entry-title '  itemprop=\"headline\" >Dr. Carolina Sinning<\/h3><div class='av-masonry-entry-content entry-content'  itemprop=\"text\" >YouGov<\/div><\/div><\/div><\/figcaption><\/figure><\/a><!--end av-masonry entry--><a href=\"https:\/\/dfvcg-events.de\/private-label-day\/vortragend\/murat-ulucam\/\"  id='av-masonry-1-item-3005' data-av-masonry-item='3005' class='av-masonry-entry isotope-item post-3005 portfolio type-portfolio status-publish has-post-thumbnail hentry portfolio_entries-vortragende-2026  av-masonry-item-with-image' title=\"Murat Ulucam-web\"   itemscope=\"itemscope\" itemtype=\"https:\/\/schema.org\/CreativeWork\" ><div class='av-inner-masonry-sizer'><\/div><figure class='av-inner-masonry main_color'><div class=\"av-masonry-outerimage-container\"><div class='av-masonry-image-container' style=\"background-image: url(https:\/\/dfvcg-events.de\/private-label-day\/wp-content\/uploads\/sites\/54\/2026\/02\/Murat-Ulucam-web-529x705.png);\"  title=\"Murat Ulucam-web\" ><\/div><\/div><figcaption class='av-inner-masonry-content site-background'><div class='av-inner-masonry-content-pos'><div class='av-inner-masonry-content-pos-content'><div class='avia-arrow'><\/div><h3 class='av-masonry-entry-title entry-title '  itemprop=\"headline\" >Murat Ulucam<\/h3><div class='av-masonry-entry-content entry-content'  itemprop=\"text\" >Centric Software<\/div><\/div><\/div><\/figcaption><\/figure><\/a><!--end av-masonry entry--><a href=\"https:\/\/dfvcg-events.de\/private-label-day\/vortragend\/tanja-wiesmann\/\"  id='av-masonry-1-item-2790' data-av-masonry-item='2790' class='av-masonry-entry isotope-item post-2790 portfolio type-portfolio status-publish has-post-thumbnail hentry portfolio_entries-vortragende-2026  av-masonry-item-with-image' title=\"Tanja-Wiesmann-SPAR\"   itemscope=\"itemscope\" itemtype=\"https:\/\/schema.org\/CreativeWork\" ><div class='av-inner-masonry-sizer'><\/div><figure class='av-inner-masonry main_color'><div class=\"av-masonry-outerimage-container\"><div class='av-masonry-image-container' style=\"background-image: url(https:\/\/dfvcg-events.de\/private-label-day\/wp-content\/uploads\/sites\/54\/2026\/01\/Tanja-Wiesmann-SPAR-529x705.jpg);\"  title=\"Tanja-Wiesmann-SPAR\" ><\/div><\/div><figcaption class='av-inner-masonry-content site-background'><div class='av-inner-masonry-content-pos'><div class='av-inner-masonry-content-pos-content'><div class='avia-arrow'><\/div><h3 class='av-masonry-entry-title entry-title '  itemprop=\"headline\" >Tanja Wiesmann<\/h3><div class='av-masonry-entry-content entry-content'  itemprop=\"text\" >SPAR<\/div><\/div><\/div><\/figcaption><\/figure><\/a><!--end av-masonry entry--><a href=\"https:\/\/dfvcg-events.de\/private-label-day\/vortragend\/bernd-biehl\/\"  id='av-masonry-1-item-945' data-av-masonry-item='945' class='av-masonry-entry isotope-item post-945 portfolio type-portfolio status-publish has-post-thumbnail hentry portfolio_entries-vortragend portfolio_entries-vortragende-2025 portfolio_entries-vortragende-2026  av-masonry-item-with-image' title=\"biehl-bernd-lebensmittel-zeitung\"   itemscope=\"itemscope\" itemtype=\"https:\/\/schema.org\/CreativeWork\" ><div class='av-inner-masonry-sizer'><\/div><figure class='av-inner-masonry main_color'><div class=\"av-masonry-outerimage-container\"><div class='av-masonry-image-container' style=\"background-image: url(https:\/\/dfvcg-events.de\/private-label-day\/wp-content\/uploads\/sites\/54\/2020\/05\/Biehl_Bernd_PLD_2024.jpg);\"  title=\"biehl-bernd-lebensmittel-zeitung\" ><\/div><\/div><figcaption class='av-inner-masonry-content site-background'><div class='av-inner-masonry-content-pos'><div class='av-inner-masonry-content-pos-content'><div class='avia-arrow'><\/div><h3 class='av-masonry-entry-title entry-title '  itemprop=\"headline\" >MODERATION: Bernd Biehl<\/h3><div class='av-masonry-entry-content entry-content'  itemprop=\"text\" >Lebensmittel Zeitung<\/div><\/div><\/div><\/figcaption><\/figure><\/a><!--end av-masonry entry--><a href=\"https:\/\/dfvcg-events.de\/private-label-day\/vortragend\/moderation-werner-tewes\/\"  id='av-masonry-1-item-2937' data-av-masonry-item='2937' class='av-masonry-entry isotope-item post-2937 portfolio type-portfolio status-publish has-post-thumbnail hentry portfolio_entries-vortragend portfolio_entries-vortragende-2026  av-masonry-item-with-image' title=\"Werner-Tewes_web\"   itemscope=\"itemscope\" itemtype=\"https:\/\/schema.org\/CreativeWork\" ><div class='av-inner-masonry-sizer'><\/div><figure class='av-inner-masonry main_color'><div class=\"av-masonry-outerimage-container\"><div class='av-masonry-image-container' style=\"background-image: url(https:\/\/dfvcg-events.de\/private-label-day\/wp-content\/uploads\/sites\/54\/2026\/02\/Werner-Tewes_web-529x705.jpg);\"  title=\"Werner-Tewes_web\" ><\/div><\/div><figcaption class='av-inner-masonry-content site-background'><div class='av-inner-masonry-content-pos'><div class='av-inner-masonry-content-pos-content'><div class='avia-arrow'><\/div><h3 class='av-masonry-entry-title entry-title '  itemprop=\"headline\" >MODERATION: Werner Tewes<\/h3><div class='av-masonry-entry-content entry-content'  itemprop=\"text\" >Lebensmittel Zeitung<\/div><\/div><\/div><\/figcaption><\/figure><\/a><!--end av-masonry entry--><\/div><\/div>\n<\/p>\n","protected":false},"excerpt":{"rendered":"","protected":false},"author":1,"featured_media":0,"parent":0,"menu_order":0,"comment_status":"closed","ping_status":"closed","template":"","meta":{"footnotes":""},"class_list":["post-84","page","type-page","status-publish","hentry"],"yoast_head":"<!-- This site is optimized with the Yoast SEO plugin v27.4 - https:\/\/yoast.com\/product\/yoast-seo-wordpress\/ -->\n<title>Vortragende | LZ Private Label Day<\/title>\n<meta name=\"description\" content=\"Zum LZ Private Label Day begr\u00fc\u00dfen wir Top-Vortragende aus der Branche. Freuen Sie sich auf spannende Vortr\u00e4ge zu wichtigen Themen und Innovationen.\" \/>\n<meta name=\"robots\" content=\"index, follow, max-snippet:-1, max-image-preview:large, max-video-preview:-1\" \/>\n<link rel=\"canonical\" href=\"https:\/\/dfvcg-events.de\/private-label-day\/vortragende\/\" \/>\n<meta property=\"og:locale\" content=\"de_DE\" \/>\n<meta property=\"og:type\" content=\"article\" \/>\n<meta property=\"og:title\" content=\"Vortragende | LZ Private Label Day\" \/>\n<meta property=\"og:description\" content=\"Zum LZ Private Label Day begr\u00fc\u00dfen wir Top-Vortragende aus der Branche. Freuen Sie sich auf spannende Vortr\u00e4ge zu wichtigen Themen und Innovationen.\" \/>\n<meta property=\"og:url\" content=\"https:\/\/dfvcg-events.de\/private-label-day\/vortragende\/\" \/>\n<meta property=\"og:site_name\" content=\"LZ Private Label Day\" \/>\n<meta property=\"article:publisher\" content=\"https:\/\/www.facebook.com\/Lebensmittel.Zeitung\" \/>\n<meta property=\"article:modified_time\" content=\"2026-03-03T12:41:15+00:00\" \/>\n<meta property=\"og:image\" content=\"https:\/\/dfvcg-events.de\/private-label-day\/wp-content\/uploads\/sites\/54\/2023\/09\/230913_dfvc_PLD_Teaser24_16-9.jpg\" \/>\n\t<meta property=\"og:image:width\" content=\"1920\" \/>\n\t<meta property=\"og:image:height\" content=\"1080\" \/>\n\t<meta property=\"og:image:type\" content=\"image\/jpeg\" \/>\n<meta name=\"twitter:card\" content=\"summary_large_image\" \/>\n<meta name=\"twitter:site\" content=\"@LZNETnews\" \/>\n<meta name=\"twitter:label1\" content=\"Gesch\u00e4tzte Lesezeit\" \/>\n\t<meta name=\"twitter:data1\" content=\"1\u00a0Minute\" \/>\n<script type=\"application\/ld+json\" class=\"yoast-schema-graph\">{\"@context\":\"https:\\\/\\\/schema.org\",\"@graph\":[{\"@type\":\"WebPage\",\"@id\":\"https:\\\/\\\/dfvcg-events.de\\\/private-label-day\\\/vortragende\\\/\",\"url\":\"https:\\\/\\\/dfvcg-events.de\\\/private-label-day\\\/vortragende\\\/\",\"name\":\"Vortragende | LZ Private Label Day\",\"isPartOf\":{\"@id\":\"https:\\\/\\\/dfvcg-events.de\\\/private-label-day\\\/#website\"},\"datePublished\":\"2020-03-19T18:38:27+00:00\",\"dateModified\":\"2026-03-03T12:41:15+00:00\",\"description\":\"Zum LZ Private Label Day begr\u00fc\u00dfen wir Top-Vortragende aus der Branche. Freuen Sie sich auf spannende Vortr\u00e4ge zu wichtigen Themen und Innovationen.\",\"breadcrumb\":{\"@id\":\"https:\\\/\\\/dfvcg-events.de\\\/private-label-day\\\/vortragende\\\/#breadcrumb\"},\"inLanguage\":\"de\",\"potentialAction\":[{\"@type\":\"ReadAction\",\"target\":[\"https:\\\/\\\/dfvcg-events.de\\\/private-label-day\\\/vortragende\\\/\"]}]},{\"@type\":\"BreadcrumbList\",\"@id\":\"https:\\\/\\\/dfvcg-events.de\\\/private-label-day\\\/vortragende\\\/#breadcrumb\",\"itemListElement\":[{\"@type\":\"ListItem\",\"position\":1,\"name\":\"Startseite\",\"item\":\"https:\\\/\\\/dfvcg-events.de\\\/private-label-day\\\/\"},{\"@type\":\"ListItem\",\"position\":2,\"name\":\"Vortragende\"}]},{\"@type\":\"WebSite\",\"@id\":\"https:\\\/\\\/dfvcg-events.de\\\/private-label-day\\\/#website\",\"url\":\"https:\\\/\\\/dfvcg-events.de\\\/private-label-day\\\/\",\"name\":\"LZ Private Label Day\",\"description\":\"Von Konzept bis Kundenbindung\",\"publisher\":{\"@id\":\"https:\\\/\\\/dfvcg-events.de\\\/private-label-day\\\/#organization\"},\"alternateName\":\"dfv Conference Group\",\"potentialAction\":[{\"@type\":\"SearchAction\",\"target\":{\"@type\":\"EntryPoint\",\"urlTemplate\":\"https:\\\/\\\/dfvcg-events.de\\\/private-label-day\\\/?s={search_term_string}\"},\"query-input\":{\"@type\":\"PropertyValueSpecification\",\"valueRequired\":true,\"valueName\":\"search_term_string\"}}],\"inLanguage\":\"de\"},{\"@type\":\"Organization\",\"@id\":\"https:\\\/\\\/dfvcg-events.de\\\/private-label-day\\\/#organization\",\"name\":\"LZ Private Label Day\",\"alternateName\":\"dfv Conference Group\",\"url\":\"https:\\\/\\\/dfvcg-events.de\\\/private-label-day\\\/\",\"logo\":{\"@type\":\"ImageObject\",\"inLanguage\":\"de\",\"@id\":\"https:\\\/\\\/dfvcg-events.de\\\/private-label-day\\\/#\\\/schema\\\/logo\\\/image\\\/\",\"url\":\"https:\\\/\\\/dfvcg-events.de\\\/private-label-day\\\/wp-content\\\/uploads\\\/sites\\\/54\\\/2023\\\/09\\\/230913_dfvc_PLD_Teaser24_800x400px.jpg\",\"contentUrl\":\"https:\\\/\\\/dfvcg-events.de\\\/private-label-day\\\/wp-content\\\/uploads\\\/sites\\\/54\\\/2023\\\/09\\\/230913_dfvc_PLD_Teaser24_800x400px.jpg\",\"width\":800,\"height\":400,\"caption\":\"LZ Private Label Day\"},\"image\":{\"@id\":\"https:\\\/\\\/dfvcg-events.de\\\/private-label-day\\\/#\\\/schema\\\/logo\\\/image\\\/\"},\"sameAs\":[\"https:\\\/\\\/www.facebook.com\\\/Lebensmittel.Zeitung\",\"https:\\\/\\\/x.com\\\/LZNETnews\"]}]}<\/script>\n<!-- \/ Yoast SEO plugin. -->","yoast_head_json":{"title":"Vortragende | LZ Private Label Day","description":"Zum LZ Private Label Day begr\u00fc\u00dfen wir Top-Vortragende aus der Branche. Freuen Sie sich auf spannende Vortr\u00e4ge zu wichtigen Themen und Innovationen.","robots":{"index":"index","follow":"follow","max-snippet":"max-snippet:-1","max-image-preview":"max-image-preview:large","max-video-preview":"max-video-preview:-1"},"canonical":"https:\/\/dfvcg-events.de\/private-label-day\/vortragende\/","og_locale":"de_DE","og_type":"article","og_title":"Vortragende | LZ Private Label Day","og_description":"Zum LZ Private Label Day begr\u00fc\u00dfen wir Top-Vortragende aus der Branche. Freuen Sie sich auf spannende Vortr\u00e4ge zu wichtigen Themen und Innovationen.","og_url":"https:\/\/dfvcg-events.de\/private-label-day\/vortragende\/","og_site_name":"LZ Private Label Day","article_publisher":"https:\/\/www.facebook.com\/Lebensmittel.Zeitung","article_modified_time":"2026-03-03T12:41:15+00:00","og_image":[{"width":1920,"height":1080,"url":"https:\/\/dfvcg-events.de\/private-label-day\/wp-content\/uploads\/sites\/54\/2023\/09\/230913_dfvc_PLD_Teaser24_16-9.jpg","type":"image\/jpeg"}],"twitter_card":"summary_large_image","twitter_site":"@LZNETnews","twitter_misc":{"Gesch\u00e4tzte Lesezeit":"1\u00a0Minute"},"schema":{"@context":"https:\/\/schema.org","@graph":[{"@type":"WebPage","@id":"https:\/\/dfvcg-events.de\/private-label-day\/vortragende\/","url":"https:\/\/dfvcg-events.de\/private-label-day\/vortragende\/","name":"Vortragende | LZ Private Label Day","isPartOf":{"@id":"https:\/\/dfvcg-events.de\/private-label-day\/#website"},"datePublished":"2020-03-19T18:38:27+00:00","dateModified":"2026-03-03T12:41:15+00:00","description":"Zum LZ Private Label Day begr\u00fc\u00dfen wir Top-Vortragende aus der Branche. Freuen Sie sich auf spannende Vortr\u00e4ge zu wichtigen Themen und Innovationen.","breadcrumb":{"@id":"https:\/\/dfvcg-events.de\/private-label-day\/vortragende\/#breadcrumb"},"inLanguage":"de","potentialAction":[{"@type":"ReadAction","target":["https:\/\/dfvcg-events.de\/private-label-day\/vortragende\/"]}]},{"@type":"BreadcrumbList","@id":"https:\/\/dfvcg-events.de\/private-label-day\/vortragende\/#breadcrumb","itemListElement":[{"@type":"ListItem","position":1,"name":"Startseite","item":"https:\/\/dfvcg-events.de\/private-label-day\/"},{"@type":"ListItem","position":2,"name":"Vortragende"}]},{"@type":"WebSite","@id":"https:\/\/dfvcg-events.de\/private-label-day\/#website","url":"https:\/\/dfvcg-events.de\/private-label-day\/","name":"LZ Private Label Day","description":"Von Konzept bis Kundenbindung","publisher":{"@id":"https:\/\/dfvcg-events.de\/private-label-day\/#organization"},"alternateName":"dfv Conference Group","potentialAction":[{"@type":"SearchAction","target":{"@type":"EntryPoint","urlTemplate":"https:\/\/dfvcg-events.de\/private-label-day\/?s={search_term_string}"},"query-input":{"@type":"PropertyValueSpecification","valueRequired":true,"valueName":"search_term_string"}}],"inLanguage":"de"},{"@type":"Organization","@id":"https:\/\/dfvcg-events.de\/private-label-day\/#organization","name":"LZ Private Label Day","alternateName":"dfv Conference Group","url":"https:\/\/dfvcg-events.de\/private-label-day\/","logo":{"@type":"ImageObject","inLanguage":"de","@id":"https:\/\/dfvcg-events.de\/private-label-day\/#\/schema\/logo\/image\/","url":"https:\/\/dfvcg-events.de\/private-label-day\/wp-content\/uploads\/sites\/54\/2023\/09\/230913_dfvc_PLD_Teaser24_800x400px.jpg","contentUrl":"https:\/\/dfvcg-events.de\/private-label-day\/wp-content\/uploads\/sites\/54\/2023\/09\/230913_dfvc_PLD_Teaser24_800x400px.jpg","width":800,"height":400,"caption":"LZ Private Label Day"},"image":{"@id":"https:\/\/dfvcg-events.de\/private-label-day\/#\/schema\/logo\/image\/"},"sameAs":["https:\/\/www.facebook.com\/Lebensmittel.Zeitung","https:\/\/x.com\/LZNETnews"]}]}},"_links":{"self":[{"href":"https:\/\/dfvcg-events.de\/private-label-day\/wp-json\/wp\/v2\/pages\/84","targetHints":{"allow":["GET"]}}],"collection":[{"href":"https:\/\/dfvcg-events.de\/private-label-day\/wp-json\/wp\/v2\/pages"}],"about":[{"href":"https:\/\/dfvcg-events.de\/private-label-day\/wp-json\/wp\/v2\/types\/page"}],"author":[{"embeddable":true,"href":"https:\/\/dfvcg-events.de\/private-label-day\/wp-json\/wp\/v2\/users\/1"}],"replies":[{"embeddable":true,"href":"https:\/\/dfvcg-events.de\/private-label-day\/wp-json\/wp\/v2\/comments?post=84"}],"version-history":[{"count":6,"href":"https:\/\/dfvcg-events.de\/private-label-day\/wp-json\/wp\/v2\/pages\/84\/revisions"}],"predecessor-version":[{"id":3160,"href":"https:\/\/dfvcg-events.de\/private-label-day\/wp-json\/wp\/v2\/pages\/84\/revisions\/3160"}],"wp:attachment":[{"href":"https:\/\/dfvcg-events.de\/private-label-day\/wp-json\/wp\/v2\/media?parent=84"}],"curies":[{"name":"wp","href":"https:\/\/api.w.org\/{rel}","templated":true}]}}