{"id":16,"date":"2020-03-18T21:01:25","date_gmt":"2020-03-18T20:01:25","guid":{"rendered":"https:\/\/dfvcg-events.de\/private-label-day\/?page_id=16"},"modified":"2026-04-27T11:35:36","modified_gmt":"2026-04-27T09:35:36","slug":"lz-private-label-day-5-maerz-2025-frankfurt-am-main","status":"publish","type":"page","link":"https:\/\/dfvcg-events.de\/private-label-day\/","title":{"rendered":"Start"},"content":{"rendered":"<div id='av_section_1'  class='avia-section av-k7yuhjt1-0b922483314e1d9af0d0c8639fc9f1c2 main_color avia-section-default avia-no-border-styling  avia-builder-el-0  el_before_av_section  avia-builder-el-first  header-verlauf avia-bg-style-scroll av-minimum-height av-minimum-height-75 av-height-75  container_wrap fullsize'   data-av_minimum_height_pc='75' data-av_min_height_opt='75'><div class=\"av-section-color-overlay-wrap\"><a href='#next-section' title='' class='scroll-down-link  avia-svg-icon avia-font-svg_entypo-fontello' data-av_svg_icon='down-open-mini' data-av_iconset='svg_entypo-fontello'><svg version=\"1.1\" xmlns=\"http:\/\/www.w3.org\/2000\/svg\" width=\"15\" height=\"32\" viewBox=\"0 0 15 32\" preserveAspectRatio=\"xMidYMid meet\" aria-labelledby='av-svg-title-1' aria-describedby='av-svg-desc-1' role=\"graphics-symbol\" aria-hidden=\"true\">\n<title id='av-svg-title-1'>Scroll to next section<\/title>\n<desc id='av-svg-desc-1'>Scroll to next section<\/desc>\n<path d=\"M12.96 12.16q0.704-0.832 1.536 0 0.832 0.704 0 1.536l-6.272 6.144q-0.704 0.704-1.536 0l-6.272-6.144q-0.832-0.832 0-1.536 0.768-0.768 1.6 0l5.44 4.992z\"><\/path>\n<\/svg><\/a><div class='container av-section-cont-open' ><main  role=\"main\" itemprop=\"mainContentOfPage\"  class='template-page content  av-content-full alpha units'><div class='post-entry post-entry-type-page post-entry-16'><div class='entry-content-wrapper clearfix'>\n<div class='flex_column_table av-k7xsgdvc-99439a0a9a6290c3e1db4e4cb87dcccc sc-av_one_half av-break-at-tablet-flextable av-equal-height-column-flextable'>\n<style type=\"text\/css\" data-created_by=\"avia_inline_auto\" id=\"style-css-av-k7xsgdvc-99439a0a9a6290c3e1db4e4cb87dcccc\">\n.flex_column.av-k7xsgdvc-99439a0a9a6290c3e1db4e4cb87dcccc{\nborder-radius:0px 0px 0px 0px;\npadding:0px 0px 0px 0px;\n}\n<\/style>\n<div  class='flex_column av-k7xsgdvc-99439a0a9a6290c3e1db4e4cb87dcccc av_one_half  avia-builder-el-1  el_before_av_one_half  avia-builder-el-first  first av-break-at-tablet flex_column_table_cell av-equal-height-column av-align-middle av-zero-column-padding  '     ><style type=\"text\/css\" data-created_by=\"avia_inline_auto\" id=\"style-css-av-k7xsfvvh-97e31ac2d0c59d840eb4cb563a22b36b\">\n.avia-image-container.av-k7xsfvvh-97e31ac2d0c59d840eb4cb563a22b36b img.avia_image{\nbox-shadow:none;\n}\n.avia-image-container.av-k7xsfvvh-97e31ac2d0c59d840eb4cb563a22b36b .av-image-caption-overlay-center{\ncolor:#ffffff;\n}\n<\/style>\n<div  class='avia-image-container av-k7xsfvvh-97e31ac2d0c59d840eb4cb563a22b36b av-styling-no-styling avia_animated_image av-animated-when-visible-95 pop-up avia-align-center  avia-builder-el-2  avia-builder-el-no-sibling '   itemprop=\"image\" itemscope=\"itemscope\" itemtype=\"https:\/\/schema.org\/ImageObject\" ><div class=\"avia-image-container-inner\"><div class=\"avia-image-overlay-wrap\"><img decoding=\"async\" fetchpriority=\"high\" class='wp-image-1298 avia-img-lazy-loading-not-1298 avia_image ' src=\"https:\/\/dfvcg-events.de\/private-label-day\/wp-content\/uploads\/sites\/54\/2023\/09\/dfvcg-private-label-day-2024-key-visual.png\" alt='' title='dfvcg-private-label-day-2024-key-visual'  height=\"1152\" width=\"1310\"  itemprop=\"thumbnailUrl\"  \/><\/div><\/div><\/div><\/div><div class='av-flex-placeholder'><\/div>\n<style type=\"text\/css\" data-created_by=\"avia_inline_auto\" id=\"style-css-av-13cu0-dd4d7ea449f8f02d36028f3661316b27\">\n.flex_column.av-13cu0-dd4d7ea449f8f02d36028f3661316b27{\nborder-radius:0px 0px 0px 0px;\npadding:0px 0px 0px 0px;\n}\n<\/style>\n<div  class='flex_column av-13cu0-dd4d7ea449f8f02d36028f3661316b27 av_one_half  avia-builder-el-3  el_after_av_one_half  avia-builder-el-last  av-break-at-tablet flex_column_table_cell av-equal-height-column av-align-middle av-zero-column-padding  '     ><p>\n<style type=\"text\/css\" data-created_by=\"avia_inline_auto\" id=\"style-css-av-1rpj4-8491748cadcc2b254be17de71f66cc8e\">\n#top .av-special-heading.av-1rpj4-8491748cadcc2b254be17de71f66cc8e{\npadding-bottom:35px;\n}\nbody .av-special-heading.av-1rpj4-8491748cadcc2b254be17de71f66cc8e .av-special-heading-tag .heading-char{\nfont-size:25px;\n}\n.av-special-heading.av-1rpj4-8491748cadcc2b254be17de71f66cc8e .av-subheading{\nfont-size:21px;\n}\n<\/style>\n<div  class='av-special-heading av-1rpj4-8491748cadcc2b254be17de71f66cc8e av-special-heading-h1 blockquote modern-quote  avia-builder-el-4  el_before_av_textblock  avia-builder-el-first  av-linked-heading'><h1 class='av-special-heading-tag '  itemprop=\"headline\"  >LZ Private Label Day <\/h1><div class='av-subheading av-subheading_below'><p>2. M\u00e4rz 2027 | re:mynd | Frankfurt am Main<\/p>\n<\/div><div class=\"special-heading-border\"><div class=\"special-heading-inner-border\"><\/div><\/div><\/div><br \/>\n\n<style type=\"text\/css\" data-created_by=\"avia_inline_auto\" id=\"style-css-av-k26gzu33-5cd1c6119f392a8afeacac8b77428105\">\n#top .av_textblock_section.av-k26gzu33-5cd1c6119f392a8afeacac8b77428105 .avia_textblock{\nfont-size:21px;\n}\n<\/style>\n<section  class='av_textblock_section av-k26gzu33-5cd1c6119f392a8afeacac8b77428105 '   itemscope=\"itemscope\" itemtype=\"https:\/\/schema.org\/CreativeWork\" ><div class='avia_textblock'  itemprop=\"text\" ><p><strong>Von Konzept bis Kundenbindung:<\/strong><br \/>\nDas Handelsmarkenevent f\u00fcr Lebensmittelhandel, Drogerie und FMCG-Industrie.<\/p>\n<\/div><\/section><br \/>\n\n<style type=\"text\/css\" data-created_by=\"avia_inline_auto\" id=\"style-css-av-mhvvqfw6-94b78af09c4027e73469df71f4b85269\">\n#top .hr.hr-invisible.av-mhvvqfw6-94b78af09c4027e73469df71f4b85269{\nheight:35px;\n}\n<\/style>\n<div  class='hr av-mhvvqfw6-94b78af09c4027e73469df71f4b85269 hr-invisible  avia-builder-el-6  el_after_av_textblock  el_before_av_buttonrow '><span class='hr-inner '><span class=\"hr-inner-style\"><\/span><\/span><\/div><br \/>\n<div  class='avia-buttonrow-wrap av-kc4mbgx3-41f3dd14f266c5a396c631fdc9d317e7 avia-buttonrow-left  avia-builder-el-7  el_after_av_hr  avia-builder-el-last '>\n\n<style type=\"text\/css\" data-created_by=\"avia_inline_auto\" id=\"style-css-av-wt14-a76d09fd0940c1e7dc38a9eb1fc9ea35\">\n#top #wrap_all .avia-button.av-wt14-a76d09fd0940c1e7dc38a9eb1fc9ea35{\nmargin-bottom:5px;\nmargin-right:5px;\n}\n<\/style>\n<a href='https:\/\/dfvcg-events.de\/private-label-day\/ticketshop\/'  class='avia-button av-wt14-a76d09fd0940c1e7dc38a9eb1fc9ea35 avia-icon_select-yes-left-icon avia-size-large avia-color-theme-color'   aria-label=\"Jetzt anmelden!\"><span class='avia_button_icon avia_button_icon_left avia-iconfont avia-font-entypo-fontello' data-av_icon='\ue8cb' data-av_iconfont='entypo-fontello' ><\/span><span class='avia_iconbox_title' >Jetzt anmelden!<\/span><\/a>\n\n<style type=\"text\/css\" data-created_by=\"avia_inline_auto\" id=\"style-css-av-1jmsg-3bcd6380140268d91f429373ef5e6a2a\">\n#top #wrap_all .avia-button.av-1jmsg-3bcd6380140268d91f429373ef5e6a2a{\nmargin-bottom:5px;\nmargin-right:5px;\n}\n<\/style>\n<a href='https:\/\/dfvcg-events.de\/private-label-day\/wp-content\/uploads\/sites\/54\/2026\/03\/LZ-Private-Label-Day-2027.ics'  class='avia-button av-1jmsg-3bcd6380140268d91f429373ef5e6a2a avia-icon_select-yes-left-icon avia-size-large avia-color-theme-color-highlight'  target=\"_blank\"  rel=\"noopener noreferrer\"  aria-label=\"Save the Date\"><span class='avia_button_icon avia_button_icon_left avia-iconfont avia-font-entypo-fontello' data-av_icon='\ue85b' data-av_iconfont='entypo-fontello' ><\/span><span class='avia_iconbox_title' >Save the Date<\/span><\/a>\n<\/div><\/p><\/div><\/div><!--close column table wrapper. Autoclose: 1 -->\n\n<\/div><\/div><\/main><!-- close content main element --><\/div><\/div><\/div><div id='av_section_2'  class='avia-section av-k26i8zrl-e59ba7fdb14b04766fdd9eb29460c05a main_color avia-section-default avia-no-shadow  avia-builder-el-8  el_after_av_section  el_before_av_section  avia-bg-style-scroll container_wrap fullsize'  ><div class='container av-section-cont-open' ><div class='template-page content  av-content-full alpha units'><div class='post-entry post-entry-type-page post-entry-16'><div class='entry-content-wrapper clearfix'>\n\n<style type=\"text\/css\" data-created_by=\"avia_inline_auto\" id=\"style-css-av-m2ls4ond-2aae2439e58acbbe54ed3633381444fc\">\n#top .av-special-heading.av-m2ls4ond-2aae2439e58acbbe54ed3633381444fc{\npadding-bottom:10px;\n}\nbody .av-special-heading.av-m2ls4ond-2aae2439e58acbbe54ed3633381444fc .av-special-heading-tag .heading-char{\nfont-size:25px;\n}\n.av-special-heading.av-m2ls4ond-2aae2439e58acbbe54ed3633381444fc .av-subheading{\nfont-size:15px;\n}\n<\/style>\n<div  class='av-special-heading av-m2ls4ond-2aae2439e58acbbe54ed3633381444fc av-special-heading-h2 blockquote modern-quote  avia-builder-el-9  el_before_av_textblock  avia-builder-el-first '><h2 class='av-special-heading-tag '  itemprop=\"headline\"  >2. M\u00e4rz 2027 | re:mynd | Frankfurt<\/h2><div class=\"special-heading-border\"><div class=\"special-heading-inner-border\"><\/div><\/div><\/div>\n<section  class='av_textblock_section av-me9yjfiy-1ec4413c86cfa9ed6a2700ddecec3da5 '   itemscope=\"itemscope\" itemtype=\"https:\/\/schema.org\/CreativeWork\" ><div class='avia_textblock'  itemprop=\"text\" ><p>Ist der Wendepunkt des Handelsmarken-Booms bald erreicht? Die letzten Jahre waren erfolgreich f\u00fcr den Einzelhandel: Es konnten zahlreiche Marktanteile gewonnen und das Vertrauen der Kund:innen aufgebaut werden. Jetzt gilt es, \u00fcber den Preis hinaus zu \u00fcberzeugen und mit Qualit\u00e4t, Innovation und einem klaren Profil eine dauerhafte Kundenbindung aufzubauen. Eigenmarken m\u00fcssen beweisen, dass sie nicht nur die g\u00fcnstige, sondern die kl\u00fcgere Wahl sind. Erfahren Sie von f\u00fchrenden Branchenexpert:innen, welche Strategien den Sektor jetzt pr\u00e4gen und wie Ihre Produkte dauerhaft im Fokus der Konsumierenden bleiben.<\/p>\n<\/div><\/section>\n<div  class='avia-button-wrap av-mmalr8ts-a8d2a75dfdcaac145b605477901b2535-wrap avia-button-left  avia-builder-el-11  el_after_av_textblock  avia-builder-el-last '><a href='https:\/\/dfvcg-events.de\/private-label-day\/ticketshop\/'  class='avia-button av-mmalr8ts-a8d2a75dfdcaac145b605477901b2535 av-link-btn avia-icon_select-no avia-size-medium avia-position-left avia-color-theme-color-highlight'  target=\"_blank\"  rel=\"noopener noreferrer\"  aria-label=\"Jetzt anmelden!\"><span class='avia_iconbox_title' >Jetzt anmelden!<\/span><\/a><\/div>\n\n<\/div><\/div><\/div><!-- close content main div --><\/div><\/div><div id='av_section_3'  class='avia-section av-156ng-9fb38bd2f0faadb256b795492decac4e main_color avia-section-default avia-no-border-styling  avia-builder-el-12  el_after_av_section  el_before_av_section  avia-bg-style-scroll container_wrap fullsize'  ><div class='container av-section-cont-open' ><div class='template-page content  av-content-full alpha units'><div class='post-entry post-entry-type-page post-entry-16'><div class='entry-content-wrapper clearfix'>\n\n<style type=\"text\/css\" data-created_by=\"avia_inline_auto\" id=\"style-css-av-mmd9cnlb-b2e87393029ee1cb1db799d9d20a1916\">\n#top .av-special-heading.av-mmd9cnlb-b2e87393029ee1cb1db799d9d20a1916{\npadding-bottom:10px;\n}\nbody .av-special-heading.av-mmd9cnlb-b2e87393029ee1cb1db799d9d20a1916 .av-special-heading-tag .heading-char{\nfont-size:25px;\n}\n.av-special-heading.av-mmd9cnlb-b2e87393029ee1cb1db799d9d20a1916 .av-subheading{\nfont-size:15px;\n}\n<\/style>\n<div  class='av-special-heading av-mmd9cnlb-b2e87393029ee1cb1db799d9d20a1916 av-special-heading-h2 blockquote modern-quote  avia-builder-el-13  el_before_av_codeblock  avia-builder-el-first '><h2 class='av-special-heading-tag '  itemprop=\"headline\"  >Das war der LZ Private Label Day 2026<\/h2><div class=\"special-heading-border\"><div class=\"special-heading-inner-border\"><\/div><\/div><\/div>\n\n\n<\/div><\/div><\/div><!-- close content main div --><\/div><\/div>\n<style type=\"text\/css\" data-created_by=\"avia_inline_auto\" id=\"style-css-av-4p7dc-6e7ebe0f3e6782206cb43e8699c11481\">\n.avia-section.av-4p7dc-6e7ebe0f3e6782206cb43e8699c11481{\nbackground-color:#f7eae1;\nbackground:linear-gradient( to bottom, #f7eae1, rgba(234,162,91,0.48), #f7eae1 );\n}\n<\/style>\n<div id='av_section_4'  class='avia-section av-4p7dc-6e7ebe0f3e6782206cb43e8699c11481 main_color avia-section-large avia-no-border-styling  avia-builder-el-15  el_after_av_section  el_before_av_section  header-farbe avia-bg-style-scroll container_wrap fullsize'  ><div class='container av-section-cont-open' ><div class='template-page content  av-content-full alpha units'><div class='post-entry post-entry-type-page post-entry-16'><div class='entry-content-wrapper clearfix'>\n\n<style type=\"text\/css\" data-created_by=\"avia_inline_auto\" id=\"style-css-av-mogyy4tz-86e5af69f1f1d15dd1c3d5ebbd9a4590\">\n#top .av-special-heading.av-mogyy4tz-86e5af69f1f1d15dd1c3d5ebbd9a4590{\npadding-bottom:10px;\n}\nbody .av-special-heading.av-mogyy4tz-86e5af69f1f1d15dd1c3d5ebbd9a4590 .av-special-heading-tag .heading-char{\nfont-size:25px;\n}\n.av-special-heading.av-mogyy4tz-86e5af69f1f1d15dd1c3d5ebbd9a4590 .av-subheading{\nfont-size:15px;\n}\n<\/style>\n<div  class='av-special-heading av-mogyy4tz-86e5af69f1f1d15dd1c3d5ebbd9a4590 av-special-heading-h2 blockquote modern-quote  avia-builder-el-16  el_before_av_one_half  avia-builder-el-first '><h2 class='av-special-heading-tag '  itemprop=\"headline\"  >Warum Sie beim LZ Private Label Day dabei sein sollten<\/h2><div class=\"special-heading-border\"><div class=\"special-heading-inner-border\"><\/div><\/div><\/div>\n<div class='flex_column_table av-e71o-9a40f5375596ac970ef83c0448cfbc15 sc-av_one_half av-equal-height-column-flextable'><div  class='flex_column av-e71o-9a40f5375596ac970ef83c0448cfbc15 av_one_half  avia-builder-el-17  el_after_av_heading  el_before_av_one_half  first flex_column_table_cell av-equal-height-column av-align-top  '     ><p>\n<style type=\"text\/css\" data-created_by=\"avia_inline_auto\" id=\"style-css-av-mogzyri4-a874cfb7cb40f4552ccecb50ae24513c\">\n.avia-image-container.av-mogzyri4-a874cfb7cb40f4552ccecb50ae24513c img.avia_image{\nbox-shadow:none;\n}\n.avia-image-container.av-mogzyri4-a874cfb7cb40f4552ccecb50ae24513c .av-image-caption-overlay-center{\ncolor:#ffffff;\n}\n<\/style>\n<div  class='avia-image-container av-mogzyri4-a874cfb7cb40f4552ccecb50ae24513c av-styling- avia-align-center  avia-builder-el-18  el_before_av_heading  avia-builder-el-first '   itemprop=\"image\" itemscope=\"itemscope\" itemtype=\"https:\/\/schema.org\/ImageObject\" ><div class=\"avia-image-container-inner\"><div class=\"avia-image-overlay-wrap\"><img decoding=\"async\" fetchpriority=\"high\" class='wp-image-3189 avia-img-lazy-loading-not-3189 avia_image ' src=\"https:\/\/dfvcg-events.de\/private-label-day\/wp-content\/uploads\/sites\/54\/2026\/04\/TF71166.png\" alt='' title='_TF71166'  height=\"400\" width=\"600\"  itemprop=\"thumbnailUrl\"  \/><\/div><\/div><\/div><br \/>\n\n<style type=\"text\/css\" data-created_by=\"avia_inline_auto\" id=\"style-css-av-3iv7w-5987e33cf74c5bc54d4f9a078d1def8e\">\n#top .av-special-heading.av-3iv7w-5987e33cf74c5bc54d4f9a078d1def8e{\npadding-bottom:35px;\n}\nbody .av-special-heading.av-3iv7w-5987e33cf74c5bc54d4f9a078d1def8e .av-special-heading-tag .heading-char{\nfont-size:25px;\n}\n.av-special-heading.av-3iv7w-5987e33cf74c5bc54d4f9a078d1def8e .av-subheading{\nfont-size:15px;\n}\n<\/style>\n<div  class='av-special-heading av-3iv7w-5987e33cf74c5bc54d4f9a078d1def8e av-special-heading-h3 blockquote modern-quote  avia-builder-el-19  el_after_av_image  el_before_av_textblock '><h3 class='av-special-heading-tag '  itemprop=\"headline\"  >Kongress \u2013 Trends, die den Markt bewegen<\/h3><div class=\"special-heading-border\"><div class=\"special-heading-inner-border\"><\/div><\/div><\/div><br \/>\n<section  class='av_textblock_section av-2rmqo-ec2bc4b108b69b36f581a35d76a9e6d3 '   itemscope=\"itemscope\" itemtype=\"https:\/\/schema.org\/CreativeWork\" ><div class='avia_textblock'  itemprop=\"text\" ><p>Erhalten Sie exklusive Einblicke in Marktdaten und Konsumententrends im Handelsmarkensektor. H\u00f6ren Sie TOP-Voices und BEST PRACTICE Beispiele aus Handel und Industrie. Treffen Sie F\u00fchrungskr\u00e4fte aus Einzelhandel und der FMCG-Industrie, Produkt- &amp; (Handels-)Markenverantwortliche sowie\u00a0selbstst\u00e4ndige Kaufleute und Marktleitungen und networken Sie mit ihnen auf Entscheider*innen-Ebene.<\/p>\n<\/div><\/section><\/p><\/div><div class='av-flex-placeholder'><\/div><div  class='flex_column av-tsp4-3247e495e4ee96013fc8830848bcd713 av_one_half  avia-builder-el-21  el_after_av_one_half  avia-builder-el-last  flex_column_table_cell av-equal-height-column av-align-top  '     ><p>\n<style type=\"text\/css\" data-created_by=\"avia_inline_auto\" id=\"style-css-av-mogzzc3o-6ce568cd8949ae8046990b83c3c67972\">\n.avia-image-container.av-mogzzc3o-6ce568cd8949ae8046990b83c3c67972 img.avia_image{\nbox-shadow:none;\n}\n.avia-image-container.av-mogzzc3o-6ce568cd8949ae8046990b83c3c67972 .av-image-caption-overlay-center{\ncolor:#ffffff;\n}\n<\/style>\n<div  class='avia-image-container av-mogzzc3o-6ce568cd8949ae8046990b83c3c67972 av-styling- avia-align-center  avia-builder-el-22  el_before_av_heading  avia-builder-el-first '   itemprop=\"image\" itemscope=\"itemscope\" itemtype=\"https:\/\/schema.org\/ImageObject\" ><div class=\"avia-image-container-inner\"><div class=\"avia-image-overlay-wrap\"><img decoding=\"async\" fetchpriority=\"high\" class='wp-image-3190 avia-img-lazy-loading-not-3190 avia_image ' src=\"https:\/\/dfvcg-events.de\/private-label-day\/wp-content\/uploads\/sites\/54\/2026\/04\/TF70554.png\" alt='' title='_TF70554'  height=\"400\" width=\"600\"  itemprop=\"thumbnailUrl\"  \/><\/div><\/div><\/div><br \/>\n\n<style type=\"text\/css\" data-created_by=\"avia_inline_auto\" id=\"style-css-av-mogyzzvq-fce9e9d2c3fbd39d08d7c8009ff33d82\">\n#top .av-special-heading.av-mogyzzvq-fce9e9d2c3fbd39d08d7c8009ff33d82{\npadding-bottom:35px;\n}\nbody .av-special-heading.av-mogyzzvq-fce9e9d2c3fbd39d08d7c8009ff33d82 .av-special-heading-tag .heading-char{\nfont-size:25px;\n}\n.av-special-heading.av-mogyzzvq-fce9e9d2c3fbd39d08d7c8009ff33d82 .av-subheading{\nfont-size:15px;\n}\n<\/style>\n<div  class='av-special-heading av-mogyzzvq-fce9e9d2c3fbd39d08d7c8009ff33d82 av-special-heading-h3 blockquote modern-quote  avia-builder-el-23  el_after_av_image  el_before_av_textblock '><h3 class='av-special-heading-tag '  itemprop=\"headline\"  >Private Label Night \u2013 Networking, das bleibt<\/h3><div class=\"special-heading-border\"><div class=\"special-heading-inner-border\"><\/div><\/div><\/div><br \/>\n<section  class='av_textblock_section av-mogzblzd-5ec18b01b632588fa3e8d42a2a0edaf3 '   itemscope=\"itemscope\" itemtype=\"https:\/\/schema.org\/CreativeWork\" ><div class='avia_textblock'  itemprop=\"text\" ><p>Der Abend bietet Raum f\u00fcr echte Gespr\u00e4che: entspannt, pers\u00f6nlich, verbindend. Die Private Label Night ist der ideale Rahmen, Kontakte zu vertiefen und neue Kooperationen anzusto\u00dfen.<\/p>\n<\/div><\/section><\/p><\/div><\/div><!--close column table wrapper. Autoclose: 1 -->\n\n<\/div><\/div><\/div><!-- close content main div --><\/div><\/div><div id='av_section_5'  class='avia-section av-22lfg-95467033e40618a7662cf482678c234b main_color avia-section-default avia-no-shadow  avia-builder-el-25  el_after_av_section  el_before_av_section  av-desktop-hide av-medium-hide av-small-hide av-mini-hide avia-bg-style-scroll container_wrap fullsize'  ><div class='container av-section-cont-open' ><div class='template-page content  av-content-full alpha units'><div class='post-entry post-entry-type-page post-entry-16'><div class='entry-content-wrapper clearfix'>\n\n<style type=\"text\/css\" data-created_by=\"avia_inline_auto\" id=\"style-css-av-mknxnbis-46eea1d6284975de615b2e4544cbc6c5\">\n#top .av-special-heading.av-mknxnbis-46eea1d6284975de615b2e4544cbc6c5{\npadding-bottom:10px;\n}\nbody .av-special-heading.av-mknxnbis-46eea1d6284975de615b2e4544cbc6c5 .av-special-heading-tag .heading-char{\nfont-size:25px;\n}\n.av-special-heading.av-mknxnbis-46eea1d6284975de615b2e4544cbc6c5 .av-subheading{\nfont-size:15px;\n}\n<\/style>\n<div  class='av-special-heading av-mknxnbis-46eea1d6284975de615b2e4544cbc6c5 av-special-heading-h2 blockquote modern-quote  avia-builder-el-26  el_before_av_hr  avia-builder-el-first '><h2 class='av-special-heading-tag '  itemprop=\"headline\"  >VORABEND: NETWORKING-SPECIAL AM 2. M\u00c4RZ <\/h2><div class='av-subheading av-subheading_below'><p>2. M\u00e4rz 2026 | Ruby Louise Bar | Frankfurt<\/p>\n<\/div><div class=\"special-heading-border\"><div class=\"special-heading-inner-border\"><\/div><\/div><\/div>\n\n<style type=\"text\/css\" data-created_by=\"avia_inline_auto\" id=\"style-css-av-mknxv7xv-0140dd7075cce77735d0f52748edf617\">\n#top .hr.hr-invisible.av-mknxv7xv-0140dd7075cce77735d0f52748edf617{\nheight:50px;\n}\n<\/style>\n<div  class='hr av-mknxv7xv-0140dd7075cce77735d0f52748edf617 hr-invisible  avia-builder-el-27  el_after_av_heading  el_before_av_one_half '><span class='hr-inner '><span class=\"hr-inner-style\"><\/span><\/span><\/div>\n<div  class='flex_column av-1jd2g-2738f0a256e383905bb34fcca27bd213 av_one_half  avia-builder-el-28  el_after_av_hr  el_before_av_one_half  first flex_column_div  '     ><style type=\"text\/css\" data-created_by=\"avia_inline_auto\" id=\"style-css-av-mknxu6s1-4d439d98bf4a4280e9273caa36380393\">\n.avia-image-container.av-mknxu6s1-4d439d98bf4a4280e9273caa36380393 img.avia_image{\nbox-shadow:none;\n}\n.avia-image-container.av-mknxu6s1-4d439d98bf4a4280e9273caa36380393 .av-image-caption-overlay-center{\ncolor:#ffffff;\n}\n<\/style>\n<div  class='avia-image-container av-mknxu6s1-4d439d98bf4a4280e9273caa36380393 av-styling- avia-align-center  avia-builder-el-29  avia-builder-el-no-sibling '   itemprop=\"image\" itemscope=\"itemscope\" itemtype=\"https:\/\/schema.org\/ImageObject\" ><div class=\"avia-image-container-inner\"><div class=\"avia-image-overlay-wrap\"><img decoding=\"async\" fetchpriority=\"high\" class='wp-image-2843 avia-img-lazy-loading-not-2843 avia_image ' src=\"https:\/\/dfvcg-events.de\/private-label-day\/wp-content\/uploads\/sites\/54\/2026\/01\/Ruby_Louise_Frankfurt_Terasse_01.jpg\" alt='' title='Ruby_Louise_Frankfurt_Terasse_01'  height=\"1170\" width=\"1920\"  itemprop=\"thumbnailUrl\" srcset=\"https:\/\/dfvcg-events.de\/private-label-day\/wp-content\/uploads\/sites\/54\/2026\/01\/Ruby_Louise_Frankfurt_Terasse_01.jpg 1920w, https:\/\/dfvcg-events.de\/private-label-day\/wp-content\/uploads\/sites\/54\/2026\/01\/Ruby_Louise_Frankfurt_Terasse_01-1500x914.jpg 1500w, https:\/\/dfvcg-events.de\/private-label-day\/wp-content\/uploads\/sites\/54\/2026\/01\/Ruby_Louise_Frankfurt_Terasse_01-705x430.jpg 705w\" sizes=\"(max-width: 1920px) 100vw, 1920px\" \/><\/div><\/div><\/div><\/div><div  class='flex_column av-xae4-fa435e0ef05f99386de0950ba4bac70c av_one_half  avia-builder-el-30  el_after_av_one_half  avia-builder-el-last  flex_column_div  '     ><section  class='av_textblock_section av-mknxoy68-2d30a5fe911b1b828591a2c68b4f35eb '   itemscope=\"itemscope\" itemtype=\"https:\/\/schema.org\/CreativeWork\" ><div class='avia_textblock'  itemprop=\"text\" ><p><span data-contrast=\"auto\">Begleiten Sie uns in die <\/span><b><span data-contrast=\"auto\">LOUISE Bar<\/span><\/b><span data-contrast=\"auto\"> (Neue Rothofstra\u00dfe 3 \u00b7 60313 Frankfurt) zu einem Community Vorabend zwischen den Towern der Frankfurter Skyline und stellen Sie sich mit alten und neuen Gesichtern der Branche auf die Themen des LZ PRIVATE LABEL DAYs ein. <\/span><span data-ccp-props=\"{}\">\u00a0<\/span><\/p>\n<p><span data-contrast=\"auto\">Die Teilnehmerzahl ist begrenzt, <\/span><b><span data-contrast=\"none\">first come first served!<\/span><\/b><span data-ccp-props=\"{}\"><br \/>\nSie haben Interesse? Dann melden Sie sich <em><strong><a href=\"&#109;&#x61;i&#108;&#x74;o&#58;&#x6e;i&#x6e;&#x61;&#46;&#x6b;u&#110;&#x7a;&#64;&#100;&#x66;v&#x63;&#x67;&#46;&#x64;&#x65;\">hier<\/a><\/strong><\/em> an.<\/span><\/p>\n<\/div><\/section><\/div>\n\n<\/div><\/div><\/div><!-- close content main div --><\/div><\/div><div id='av_section_6'  class='avia-section av-12y3g-c4d887351dae90114cff92ae9b9b9db5 main_color avia-section-default avia-no-border-styling  avia-builder-el-32  el_after_av_section  el_before_av_section  avia-bg-style-scroll container_wrap fullsize'  ><div class='container av-section-cont-open' ><div class='template-page content  av-content-full alpha units'><div class='post-entry post-entry-type-page post-entry-16'><div class='entry-content-wrapper clearfix'>\n\n<style type=\"text\/css\" data-created_by=\"avia_inline_auto\" id=\"style-css-av-mi97g2j7-dd84deaa49a5afdb05dc27aef1da2f8f\">\n#top .av-special-heading.av-mi97g2j7-dd84deaa49a5afdb05dc27aef1da2f8f{\npadding-bottom:10px;\n}\nbody .av-special-heading.av-mi97g2j7-dd84deaa49a5afdb05dc27aef1da2f8f .av-special-heading-tag .heading-char{\nfont-size:25px;\n}\n.av-special-heading.av-mi97g2j7-dd84deaa49a5afdb05dc27aef1da2f8f .av-subheading{\nfont-size:15px;\n}\n<\/style>\n<div  class='av-special-heading av-mi97g2j7-dd84deaa49a5afdb05dc27aef1da2f8f av-special-heading-h2 blockquote modern-quote  avia-builder-el-33  el_before_av_masonry_entries  avia-builder-el-no-sibling '><h2 class='av-special-heading-tag '  itemprop=\"headline\"  >Das waren die Vortragenden 2026<\/h2><div class=\"special-heading-border\"><div class=\"special-heading-inner-border\"><\/div><\/div><\/div>\n<div id='av-masonry-1' class='av-masonry av-mi97i5ds-eb51a812583a50ab04d07b809638163e noHover av-fixed-size av-large-gap av-hover-overlay- av-masonry-animation-active av-masonry-col-4 av-caption-always av-caption-style- av-masonry-entries av-orientation-portrait-large ' data-post_id=\"16\"><div class=\"av-masonry-container isotope av-js-disabled\"><div class='av-masonry-entry isotope-item av-masonry-item-no-image '><\/div><a href=\"https:\/\/dfvcg-events.de\/private-label-day\/vortragend\/paolo-bonsignore\/\"  id='av-masonry-1-item-2200' data-av-masonry-item='2200' class='av-masonry-entry isotope-item post-2200 portfolio type-portfolio status-publish has-post-thumbnail hentry portfolio_entries-vortragend-feature portfolio_entries-vortragende-2025 portfolio_entries-vortragende-2026  av-masonry-item-with-image' title=\"Addex consulting\"   itemscope=\"itemscope\" itemtype=\"https:\/\/schema.org\/CreativeWork\" ><div class='av-inner-masonry-sizer'><\/div><figure class='av-inner-masonry main_color'><div class=\"av-masonry-outerimage-container\"><div class='av-masonry-image-container' style=\"background-image: url(https:\/\/dfvcg-events.de\/private-label-day\/wp-content\/uploads\/sites\/54\/2024\/12\/Paolo-Bonsignore-Coop-Italian-Food.jpg);\"  title=\"Addex consulting\" ><\/div><\/div><figcaption class='av-inner-masonry-content site-background'><div class='av-inner-masonry-content-pos'><div class='av-inner-masonry-content-pos-content'><div class='avia-arrow'><\/div><h3 class='av-masonry-entry-title entry-title '  itemprop=\"headline\" >Paolo Bonsignore<\/h3><div class='av-masonry-entry-content entry-content'  itemprop=\"text\" >Coop Italian Food<\/div><\/div><\/div><\/figcaption><\/figure><\/a><!--end av-masonry entry--><a href=\"https:\/\/dfvcg-events.de\/private-label-day\/vortragend\/dr-jakob-f-daemmer\/\"  id='av-masonry-1-item-2679' data-av-masonry-item='2679' class='av-masonry-entry isotope-item post-2679 portfolio type-portfolio status-publish has-post-thumbnail hentry portfolio_entries-vortragend-feature portfolio_entries-vortragende-2026  av-masonry-item-with-image' title=\"Dr-Jakob-D\u00e4mmer-NOTOS-Fotograf-Joel-F.-Schaaf_web\"   itemscope=\"itemscope\" itemtype=\"https:\/\/schema.org\/CreativeWork\" ><div class='av-inner-masonry-sizer'><\/div><figure class='av-inner-masonry main_color'><div class=\"av-masonry-outerimage-container\"><div class='av-masonry-image-container' style=\"background-image: url(https:\/\/dfvcg-events.de\/private-label-day\/wp-content\/uploads\/sites\/54\/2025\/11\/Dr-Jakob-Daemmer-NOTOS-Fotograf-Joel-F.-Schaaf_web.jpg);\"  title=\"Dr-Jakob-D\u00e4mmer-NOTOS-Fotograf-Joel-F.-Schaaf_web\" ><\/div><\/div><figcaption class='av-inner-masonry-content site-background'><div class='av-inner-masonry-content-pos'><div class='av-inner-masonry-content-pos-content'><div class='avia-arrow'><\/div><h3 class='av-masonry-entry-title entry-title '  itemprop=\"headline\" >Dr. Jakob F. D\u00e4mmer<\/h3><div class='av-masonry-entry-content entry-content'  itemprop=\"text\" >NOTOS<\/div><\/div><\/div><\/figcaption><\/figure><\/a><!--end av-masonry entry--><a href=\"https:\/\/dfvcg-events.de\/private-label-day\/vortragend\/moritz-giedziella\/\"  id='av-masonry-1-item-2703' data-av-masonry-item='2703' class='av-masonry-entry isotope-item post-2703 portfolio type-portfolio status-publish has-post-thumbnail hentry portfolio_entries-vortragend-feature portfolio_entries-vortragende-2026  av-masonry-item-with-image' title=\"Moritz_Giedziella_Obi_web\"   itemscope=\"itemscope\" itemtype=\"https:\/\/schema.org\/CreativeWork\" ><div class='av-inner-masonry-sizer'><\/div><figure class='av-inner-masonry main_color'><div class=\"av-masonry-outerimage-container\"><div class='av-masonry-image-container' style=\"background-image: url(https:\/\/dfvcg-events.de\/private-label-day\/wp-content\/uploads\/sites\/54\/2025\/12\/Moritz_Giedziella_Obi_web.jpg);\"  title=\"Moritz_Giedziella_Obi_web\" ><\/div><\/div><figcaption class='av-inner-masonry-content site-background'><div class='av-inner-masonry-content-pos'><div class='av-inner-masonry-content-pos-content'><div class='avia-arrow'><\/div><h3 class='av-masonry-entry-title entry-title '  itemprop=\"headline\" >Moritz Giedziella<\/h3><div class='av-masonry-entry-content entry-content'  itemprop=\"text\" >OBI Group Sourcing<\/div><\/div><\/div><\/figcaption><\/figure><\/a><!--end av-masonry entry--><a href=\"https:\/\/dfvcg-events.de\/private-label-day\/vortragend\/sandra-lorenz\/\"  id='av-masonry-1-item-1555' data-av-masonry-item='1555' class='av-masonry-entry isotope-item post-1555 portfolio type-portfolio status-publish has-post-thumbnail hentry portfolio_entries-vortragend portfolio_entries-vortragend-feature portfolio_entries-vortragende-2026  av-masonry-item-with-image' title=\"Lorenz_Sandra_PLD_2024_web\"   itemscope=\"itemscope\" itemtype=\"https:\/\/schema.org\/CreativeWork\" ><div class='av-inner-masonry-sizer'><\/div><figure class='av-inner-masonry main_color'><div class=\"av-masonry-outerimage-container\"><div class='av-masonry-image-container' style=\"background-image: url(https:\/\/dfvcg-events.de\/private-label-day\/wp-content\/uploads\/sites\/54\/2023\/11\/Lorenz_Sandra_PLD_2024_web.jpg);\"  title=\"Lorenz_Sandra_PLD_2024_web\" ><\/div><\/div><figcaption class='av-inner-masonry-content site-background'><div class='av-inner-masonry-content-pos'><div class='av-inner-masonry-content-pos-content'><div class='avia-arrow'><\/div><h3 class='av-masonry-entry-title entry-title '  itemprop=\"headline\" >Sandra Lorenz<\/h3><div class='av-masonry-entry-content entry-content'  itemprop=\"text\" >Rossmann<\/div><\/div><\/div><\/figcaption><\/figure><\/a><!--end av-masonry entry--><\/div><\/div>\n<div  class='avia-button-wrap av-mi97krwn-7ebe53ffbbf5607aae60de7a51605984-wrap avia-button-left  avia-builder-el-35  el_after_av_masonry_entries  avia-builder-el-no-sibling '><a href='https:\/\/dfvcg-events.de\/private-label-day\/vortragende\/'  class='avia-button av-mi97krwn-7ebe53ffbbf5607aae60de7a51605984 av-link-btn avia-icon_select-yes-left-icon avia-size-x-large avia-position-left avia-color-theme-color'   aria-label=\"Alle Vortragenden\"><span class='avia_button_icon avia_button_icon_left avia-svg-icon avia-font-svg_entypo-fontello' data-av_svg_icon='users' data-av_iconset='svg_entypo-fontello'><svg version=\"1.1\" xmlns=\"http:\/\/www.w3.org\/2000\/svg\" width=\"32\" height=\"32\" viewBox=\"0 0 32 32\" preserveAspectRatio=\"xMidYMid meet\" aria-labelledby='av-svg-title-3' aria-describedby='av-svg-desc-3' role=\"graphics-symbol\">\n<title id='av-svg-title-3'>Users<\/title>\n<desc id='av-svg-desc-3'>Users<\/desc>\n<path d=\"M32 30.080h-7.168v-4.8q0-1.728-0.96-2.592t-4.928-2.848q1.28-0.96 1.28-2.688 0-0.512-0.416-1.056t-0.608-1.632q-0.064-0.256-0.448-0.512t-0.448-1.344q0-0.768 0.384-0.96-0.192-1.088-0.256-1.92-0.128-1.216 0.736-2.496t3.040-1.28 3.072 1.28 0.768 2.496l-0.256 1.92q0.384 0.192 0.384 0.96-0.064 1.088-0.448 1.344t-0.448 0.512q-0.192 1.088-0.608 1.632t-0.416 1.056q0 1.344 0.672 2.112t2.464 1.536q3.584 1.472 4.16 2.56 0.192 0.256 0.288 1.952t0.16 3.232v1.536zM16.384 21.696q5.824 2.496 5.824 3.968v4.416h-22.208v-5.888q0-1.408 2.688-2.496 2.432-1.024 3.328-2.048t0.896-2.816q0-0.64-0.608-1.408t-0.8-2.176q-0.064-0.32-0.576-0.704t-0.64-1.792q0-0.448 0.096-0.736t0.224-0.416l0.128-0.064q-0.192-1.472-0.32-2.624-0.128-1.6 1.056-3.296t4.064-1.696 4.064 1.696 1.056 3.296l-0.32 2.624q0.448 0.256 0.448 1.216-0.128 1.408-0.64 1.792t-0.576 0.704q-0.192 1.408-0.8 2.176t-0.608 1.408q0 1.792 0.896 2.816t3.328 2.048z\"><\/path>\n<\/svg><\/span><span class='avia_iconbox_title' >Alle Vortragenden<\/span><\/a><\/div>\n\n<\/div><\/div><\/div><!-- close content main div --><\/div><\/div><div id='av_section_7'  class='avia-section av-2n2b8-d453ae6b53f3ed25fd07d1d57e9cac08 main_color avia-section-default avia-no-shadow  avia-builder-el-36  el_after_av_section  el_before_av_section  avia-bg-style-scroll container_wrap fullsize'  ><div class='container av-section-cont-open' ><div class='template-page content  av-content-full alpha units'><div class='post-entry post-entry-type-page post-entry-16'><div class='entry-content-wrapper clearfix'>\n\n<style type=\"text\/css\" data-created_by=\"avia_inline_auto\" id=\"style-css-av-me9yrxio-3d61aad0822f39a0088946515195c4cb\">\n#top .av-special-heading.av-me9yrxio-3d61aad0822f39a0088946515195c4cb{\npadding-bottom:10px;\n}\nbody .av-special-heading.av-me9yrxio-3d61aad0822f39a0088946515195c4cb .av-special-heading-tag .heading-char{\nfont-size:25px;\n}\n.av-special-heading.av-me9yrxio-3d61aad0822f39a0088946515195c4cb .av-subheading{\nfont-size:15px;\n}\n<\/style>\n<div  class='av-special-heading av-me9yrxio-3d61aad0822f39a0088946515195c4cb av-special-heading-h3 blockquote modern-quote  avia-builder-el-37  el_before_av_masonry_gallery  avia-builder-el-no-sibling '><h3 class='av-special-heading-tag '  itemprop=\"headline\"  >R\u00fcckblick: Das war der LZ Private Label Day 2026<\/h3><div class='av-subheading av-subheading_below'><p>\u00a9 Thomas Fedra<\/p>\n<\/div><div class=\"special-heading-border\"><div class=\"special-heading-inner-border\"><\/div><\/div><\/div>\n\n<style type=\"text\/css\" data-created_by=\"avia_inline_auto\" id=\"style-css-av-mhvxzefu-f2383805a874dce5416c6126e1242351\">\n#top .av-masonry.av-mhvxzefu-f2383805a874dce5416c6126e1242351{\nbackground-color:#ffffff;\n}\n<\/style>\n<div id='av-masonry-2' class='av-masonry av-mhvxzefu-f2383805a874dce5416c6126e1242351 noHover av-fixed-size av-large-gap av-hover-overlay- av-masonry-animation- av-masonry-col-4 av-caption-always av-caption-style- av-masonry-gallery impressionen-masonry' data-post_id=\"16\"><div class=\"av-masonry-container isotope av-js-disabled\"><div class='av-masonry-entry isotope-item av-masonry-item-no-image '><\/div><a href=\"https:\/\/dfvcg-events.de\/private-label-day\/wp-content\/uploads\/sites\/54\/2026\/03\/TF70446-3.jpg\" data-srcset=\"https:\/\/dfvcg-events.de\/private-label-day\/wp-content\/uploads\/sites\/54\/2026\/03\/TF70446-3.jpg 4096w, https:\/\/dfvcg-events.de\/private-label-day\/wp-content\/uploads\/sites\/54\/2026\/03\/TF70446-3-1500x1000.jpg 1500w, https:\/\/dfvcg-events.de\/private-label-day\/wp-content\/uploads\/sites\/54\/2026\/03\/TF70446-3-705x470.jpg 705w\" data-sizes=\"(max-width: 1030px) 100vw, 1030px\"  aria-label=\"Bild _TF70446\"  id='av-masonry-2-item-3125' data-av-masonry-item='3125' class='av-masonry-entry isotope-item post-3125 attachment type-attachment status-inherit hentry  av-masonry-item-with-image' title=\"\" alt=\"\"    itemprop=\"thumbnailUrl\" ><div class='av-inner-masonry-sizer'><\/div><figure class='av-inner-masonry main_color'><div class=\"av-masonry-outerimage-container\"><div class='av-masonry-image-container' style=\"background-image: url(https:\/\/dfvcg-events.de\/private-label-day\/wp-content\/uploads\/sites\/54\/2026\/03\/TF70446-3-705x470.jpg);\"  title=\"_TF70446\" ><\/div><\/div><\/figure><\/a><!--end av-masonry entry--><a href=\"https:\/\/dfvcg-events.de\/private-label-day\/wp-content\/uploads\/sites\/54\/2026\/03\/TF70541-3.jpg\" data-srcset=\"https:\/\/dfvcg-events.de\/private-label-day\/wp-content\/uploads\/sites\/54\/2026\/03\/TF70541-3.jpg 4096w, https:\/\/dfvcg-events.de\/private-label-day\/wp-content\/uploads\/sites\/54\/2026\/03\/TF70541-3-1500x1000.jpg 1500w, https:\/\/dfvcg-events.de\/private-label-day\/wp-content\/uploads\/sites\/54\/2026\/03\/TF70541-3-705x470.jpg 705w\" data-sizes=\"(max-width: 1030px) 100vw, 1030px\"  aria-label=\"Bild _TF70541\"  id='av-masonry-2-item-3126' data-av-masonry-item='3126' class='av-masonry-entry isotope-item post-3126 attachment type-attachment status-inherit hentry  av-masonry-item-with-image' title=\"\" alt=\"\"    itemprop=\"thumbnailUrl\" ><div class='av-inner-masonry-sizer'><\/div><figure class='av-inner-masonry main_color'><div class=\"av-masonry-outerimage-container\"><div class='av-masonry-image-container' style=\"background-image: url(https:\/\/dfvcg-events.de\/private-label-day\/wp-content\/uploads\/sites\/54\/2026\/03\/TF70541-3-705x470.jpg);\"  title=\"_TF70541\" ><\/div><\/div><\/figure><\/a><!--end av-masonry entry--><a href=\"https:\/\/dfvcg-events.de\/private-label-day\/wp-content\/uploads\/sites\/54\/2026\/03\/TF70554-3.jpg\" data-srcset=\"https:\/\/dfvcg-events.de\/private-label-day\/wp-content\/uploads\/sites\/54\/2026\/03\/TF70554-3.jpg 4096w, https:\/\/dfvcg-events.de\/private-label-day\/wp-content\/uploads\/sites\/54\/2026\/03\/TF70554-3-1500x1000.jpg 1500w, https:\/\/dfvcg-events.de\/private-label-day\/wp-content\/uploads\/sites\/54\/2026\/03\/TF70554-3-705x470.jpg 705w\" data-sizes=\"(max-width: 1030px) 100vw, 1030px\"  aria-label=\"Bild _TF70554\"  id='av-masonry-2-item-3127' data-av-masonry-item='3127' class='av-masonry-entry isotope-item post-3127 attachment type-attachment status-inherit hentry  av-masonry-item-with-image' title=\"\" alt=\"\"    itemprop=\"thumbnailUrl\" ><div class='av-inner-masonry-sizer'><\/div><figure class='av-inner-masonry main_color'><div class=\"av-masonry-outerimage-container\"><div class='av-masonry-image-container' style=\"background-image: url(https:\/\/dfvcg-events.de\/private-label-day\/wp-content\/uploads\/sites\/54\/2026\/03\/TF70554-3-705x470.jpg);\"  title=\"_TF70554\" ><\/div><\/div><\/figure><\/a><!--end av-masonry entry--><a href=\"https:\/\/dfvcg-events.de\/private-label-day\/wp-content\/uploads\/sites\/54\/2026\/03\/TF70558-3.jpg\" data-srcset=\"https:\/\/dfvcg-events.de\/private-label-day\/wp-content\/uploads\/sites\/54\/2026\/03\/TF70558-3.jpg 4096w, https:\/\/dfvcg-events.de\/private-label-day\/wp-content\/uploads\/sites\/54\/2026\/03\/TF70558-3-1500x1000.jpg 1500w, https:\/\/dfvcg-events.de\/private-label-day\/wp-content\/uploads\/sites\/54\/2026\/03\/TF70558-3-705x470.jpg 705w\" data-sizes=\"(max-width: 1030px) 100vw, 1030px\"  aria-label=\"Bild _TF70558\"  id='av-masonry-2-item-3128' data-av-masonry-item='3128' class='av-masonry-entry isotope-item post-3128 attachment type-attachment status-inherit hentry  av-masonry-item-with-image' title=\"\" alt=\"\"    itemprop=\"thumbnailUrl\" ><div class='av-inner-masonry-sizer'><\/div><figure class='av-inner-masonry main_color'><div class=\"av-masonry-outerimage-container\"><div class='av-masonry-image-container' style=\"background-image: url(https:\/\/dfvcg-events.de\/private-label-day\/wp-content\/uploads\/sites\/54\/2026\/03\/TF70558-3-705x470.jpg);\"  title=\"_TF70558\" ><\/div><\/div><\/figure><\/a><!--end av-masonry entry--><a href=\"https:\/\/dfvcg-events.de\/private-label-day\/wp-content\/uploads\/sites\/54\/2026\/03\/TF70623-2.jpg\" data-srcset=\"https:\/\/dfvcg-events.de\/private-label-day\/wp-content\/uploads\/sites\/54\/2026\/03\/TF70623-2.jpg 3277w, https:\/\/dfvcg-events.de\/private-label-day\/wp-content\/uploads\/sites\/54\/2026\/03\/TF70623-2-1500x1001.jpg 1500w, https:\/\/dfvcg-events.de\/private-label-day\/wp-content\/uploads\/sites\/54\/2026\/03\/TF70623-2-705x470.jpg 705w\" data-sizes=\"(max-width: 1030px) 100vw, 1030px\"  aria-label=\"Bild _TF70623\"  id='av-masonry-2-item-3129' data-av-masonry-item='3129' class='av-masonry-entry isotope-item post-3129 attachment type-attachment status-inherit hentry  av-masonry-item-with-image' title=\"\" alt=\"\"    itemprop=\"thumbnailUrl\" ><div class='av-inner-masonry-sizer'><\/div><figure class='av-inner-masonry main_color'><div class=\"av-masonry-outerimage-container\"><div class='av-masonry-image-container' style=\"background-image: url(https:\/\/dfvcg-events.de\/private-label-day\/wp-content\/uploads\/sites\/54\/2026\/03\/TF70623-2-705x470.jpg);\"  title=\"_TF70623\" ><\/div><\/div><\/figure><\/a><!--end av-masonry entry--><a href=\"https:\/\/dfvcg-events.de\/private-label-day\/wp-content\/uploads\/sites\/54\/2026\/03\/TF70637-2.jpg\" data-srcset=\"https:\/\/dfvcg-events.de\/private-label-day\/wp-content\/uploads\/sites\/54\/2026\/03\/TF70637-2.jpg 3277w, https:\/\/dfvcg-events.de\/private-label-day\/wp-content\/uploads\/sites\/54\/2026\/03\/TF70637-2-1500x1001.jpg 1500w, https:\/\/dfvcg-events.de\/private-label-day\/wp-content\/uploads\/sites\/54\/2026\/03\/TF70637-2-705x470.jpg 705w\" data-sizes=\"(max-width: 1030px) 100vw, 1030px\"  aria-label=\"Bild _TF70637\"  id='av-masonry-2-item-3130' data-av-masonry-item='3130' class='av-masonry-entry isotope-item post-3130 attachment type-attachment status-inherit hentry  av-masonry-item-with-image' title=\"\" alt=\"\"    itemprop=\"thumbnailUrl\" ><div class='av-inner-masonry-sizer'><\/div><figure class='av-inner-masonry main_color'><div class=\"av-masonry-outerimage-container\"><div class='av-masonry-image-container' style=\"background-image: url(https:\/\/dfvcg-events.de\/private-label-day\/wp-content\/uploads\/sites\/54\/2026\/03\/TF70637-2-705x470.jpg);\"  title=\"_TF70637\" ><\/div><\/div><\/figure><\/a><!--end av-masonry entry--><a href=\"https:\/\/dfvcg-events.de\/private-label-day\/wp-content\/uploads\/sites\/54\/2026\/03\/TF70672-2.jpg\" data-srcset=\"https:\/\/dfvcg-events.de\/private-label-day\/wp-content\/uploads\/sites\/54\/2026\/03\/TF70672-2.jpg 3277w, https:\/\/dfvcg-events.de\/private-label-day\/wp-content\/uploads\/sites\/54\/2026\/03\/TF70672-2-1500x1001.jpg 1500w, https:\/\/dfvcg-events.de\/private-label-day\/wp-content\/uploads\/sites\/54\/2026\/03\/TF70672-2-705x470.jpg 705w\" data-sizes=\"(max-width: 1030px) 100vw, 1030px\"  aria-label=\"Bild _TF70672\"  id='av-masonry-2-item-3131' data-av-masonry-item='3131' class='av-masonry-entry isotope-item post-3131 attachment type-attachment status-inherit hentry  av-masonry-item-with-image' title=\"\" alt=\"\"    itemprop=\"thumbnailUrl\" ><div class='av-inner-masonry-sizer'><\/div><figure class='av-inner-masonry main_color'><div class=\"av-masonry-outerimage-container\"><div class='av-masonry-image-container' style=\"background-image: url(https:\/\/dfvcg-events.de\/private-label-day\/wp-content\/uploads\/sites\/54\/2026\/03\/TF70672-2-705x470.jpg);\"  title=\"_TF70672\" ><\/div><\/div><\/figure><\/a><!--end av-masonry entry--><a href=\"https:\/\/dfvcg-events.de\/private-label-day\/wp-content\/uploads\/sites\/54\/2026\/03\/TF70782-2.jpg\" data-srcset=\"https:\/\/dfvcg-events.de\/private-label-day\/wp-content\/uploads\/sites\/54\/2026\/03\/TF70782-2.jpg 3277w, https:\/\/dfvcg-events.de\/private-label-day\/wp-content\/uploads\/sites\/54\/2026\/03\/TF70782-2-1500x1001.jpg 1500w, https:\/\/dfvcg-events.de\/private-label-day\/wp-content\/uploads\/sites\/54\/2026\/03\/TF70782-2-705x470.jpg 705w\" data-sizes=\"(max-width: 1030px) 100vw, 1030px\"  aria-label=\"Bild _TF70782\"  id='av-masonry-2-item-3132' data-av-masonry-item='3132' class='av-masonry-entry isotope-item post-3132 attachment type-attachment status-inherit hentry  av-masonry-item-with-image' title=\"\" alt=\"\"    itemprop=\"thumbnailUrl\" ><div class='av-inner-masonry-sizer'><\/div><figure class='av-inner-masonry main_color'><div class=\"av-masonry-outerimage-container\"><div class='av-masonry-image-container' style=\"background-image: url(https:\/\/dfvcg-events.de\/private-label-day\/wp-content\/uploads\/sites\/54\/2026\/03\/TF70782-2-705x470.jpg);\"  title=\"_TF70782\" ><\/div><\/div><\/figure><\/a><!--end av-masonry entry--><a href=\"https:\/\/dfvcg-events.de\/private-label-day\/wp-content\/uploads\/sites\/54\/2026\/03\/TF70820-2.jpg\" data-srcset=\"https:\/\/dfvcg-events.de\/private-label-day\/wp-content\/uploads\/sites\/54\/2026\/03\/TF70820-2.jpg 3277w, https:\/\/dfvcg-events.de\/private-label-day\/wp-content\/uploads\/sites\/54\/2026\/03\/TF70820-2-1500x1001.jpg 1500w, https:\/\/dfvcg-events.de\/private-label-day\/wp-content\/uploads\/sites\/54\/2026\/03\/TF70820-2-705x470.jpg 705w\" data-sizes=\"(max-width: 1030px) 100vw, 1030px\"  aria-label=\"Bild _TF70820\"  id='av-masonry-2-item-3133' data-av-masonry-item='3133' class='av-masonry-entry isotope-item post-3133 attachment type-attachment status-inherit hentry  av-masonry-item-with-image' title=\"\" alt=\"\"    itemprop=\"thumbnailUrl\" ><div class='av-inner-masonry-sizer'><\/div><figure class='av-inner-masonry main_color'><div class=\"av-masonry-outerimage-container\"><div class='av-masonry-image-container' style=\"background-image: url(https:\/\/dfvcg-events.de\/private-label-day\/wp-content\/uploads\/sites\/54\/2026\/03\/TF70820-2-705x470.jpg);\"  title=\"_TF70820\" ><\/div><\/div><\/figure><\/a><!--end av-masonry entry--><a href=\"https:\/\/dfvcg-events.de\/private-label-day\/wp-content\/uploads\/sites\/54\/2026\/03\/TF70856-2.jpg\" data-srcset=\"https:\/\/dfvcg-events.de\/private-label-day\/wp-content\/uploads\/sites\/54\/2026\/03\/TF70856-2.jpg 3277w, https:\/\/dfvcg-events.de\/private-label-day\/wp-content\/uploads\/sites\/54\/2026\/03\/TF70856-2-1500x1001.jpg 1500w, https:\/\/dfvcg-events.de\/private-label-day\/wp-content\/uploads\/sites\/54\/2026\/03\/TF70856-2-705x470.jpg 705w\" data-sizes=\"(max-width: 1030px) 100vw, 1030px\"  aria-label=\"Bild _TF70856\"  id='av-masonry-2-item-3134' data-av-masonry-item='3134' class='av-masonry-entry isotope-item post-3134 attachment type-attachment status-inherit hentry  av-masonry-item-with-image' title=\"\" alt=\"\"    itemprop=\"thumbnailUrl\" ><div class='av-inner-masonry-sizer'><\/div><figure class='av-inner-masonry main_color'><div class=\"av-masonry-outerimage-container\"><div class='av-masonry-image-container' style=\"background-image: url(https:\/\/dfvcg-events.de\/private-label-day\/wp-content\/uploads\/sites\/54\/2026\/03\/TF70856-2-705x470.jpg);\"  title=\"_TF70856\" ><\/div><\/div><\/figure><\/a><!--end av-masonry entry--><a href=\"https:\/\/dfvcg-events.de\/private-label-day\/wp-content\/uploads\/sites\/54\/2026\/03\/TF70905-2.jpg\" data-srcset=\"https:\/\/dfvcg-events.de\/private-label-day\/wp-content\/uploads\/sites\/54\/2026\/03\/TF70905-2.jpg 3277w, https:\/\/dfvcg-events.de\/private-label-day\/wp-content\/uploads\/sites\/54\/2026\/03\/TF70905-2-1500x1001.jpg 1500w, https:\/\/dfvcg-events.de\/private-label-day\/wp-content\/uploads\/sites\/54\/2026\/03\/TF70905-2-705x470.jpg 705w\" data-sizes=\"(max-width: 1030px) 100vw, 1030px\"  aria-label=\"Bild _TF70905\"  id='av-masonry-2-item-3135' data-av-masonry-item='3135' class='av-masonry-entry isotope-item post-3135 attachment type-attachment status-inherit hentry  av-masonry-item-with-image' title=\"\" alt=\"\"    itemprop=\"thumbnailUrl\" ><div class='av-inner-masonry-sizer'><\/div><figure class='av-inner-masonry main_color'><div class=\"av-masonry-outerimage-container\"><div class='av-masonry-image-container' style=\"background-image: url(https:\/\/dfvcg-events.de\/private-label-day\/wp-content\/uploads\/sites\/54\/2026\/03\/TF70905-2-705x470.jpg);\"  title=\"_TF70905\" ><\/div><\/div><\/figure><\/a><!--end av-masonry entry--><a href=\"https:\/\/dfvcg-events.de\/private-label-day\/wp-content\/uploads\/sites\/54\/2026\/03\/TF71071-2.jpg\" data-srcset=\"https:\/\/dfvcg-events.de\/private-label-day\/wp-content\/uploads\/sites\/54\/2026\/03\/TF71071-2.jpg 3114w, https:\/\/dfvcg-events.de\/private-label-day\/wp-content\/uploads\/sites\/54\/2026\/03\/TF71071-2-1500x1000.jpg 1500w, https:\/\/dfvcg-events.de\/private-label-day\/wp-content\/uploads\/sites\/54\/2026\/03\/TF71071-2-705x470.jpg 705w\" data-sizes=\"(max-width: 1030px) 100vw, 1030px\"  aria-label=\"Bild _TF71071\"  id='av-masonry-2-item-3136' data-av-masonry-item='3136' class='av-masonry-entry isotope-item post-3136 attachment type-attachment status-inherit hentry  av-masonry-item-with-image' title=\"\" alt=\"\"    itemprop=\"thumbnailUrl\" ><div class='av-inner-masonry-sizer'><\/div><figure class='av-inner-masonry main_color'><div class=\"av-masonry-outerimage-container\"><div class='av-masonry-image-container' style=\"background-image: url(https:\/\/dfvcg-events.de\/private-label-day\/wp-content\/uploads\/sites\/54\/2026\/03\/TF71071-2-705x470.jpg);\"  title=\"_TF71071\" ><\/div><\/div><\/figure><\/a><!--end av-masonry entry--><\/div><\/div>\n<div  class='avia-button-wrap av-qn1g-0fccbac8273ee531a21dd22a41bf8385-wrap avia-button-left  avia-builder-el-39  el_after_av_masonry_gallery  avia-builder-el-no-sibling '><a href='https:\/\/dfvcg-events.de\/private-label-day\/impressionen\/'  class='avia-button av-qn1g-0fccbac8273ee531a21dd22a41bf8385 av-link-btn avia-icon_select-yes-right-icon avia-size-large avia-position-left avia-color-theme-color'  target=\"_blank\"  rel=\"noopener noreferrer\"  aria-label=\"Alle Fotos\"><span class='avia_iconbox_title' >Alle Fotos<\/span><span class='avia_button_icon avia_button_icon_right avia-svg-icon avia-font-svg_entypo-fontello' data-av_svg_icon='camera' data-av_iconset='svg_entypo-fontello'><svg version=\"1.1\" xmlns=\"http:\/\/www.w3.org\/2000\/svg\" width=\"32\" height=\"32\" viewBox=\"0 0 32 32\" preserveAspectRatio=\"xMidYMid meet\" aria-labelledby='av-svg-title-4' aria-describedby='av-svg-desc-4' role=\"graphics-symbol\">\n<title id='av-svg-title-4'>Camera<\/title>\n<desc id='av-svg-desc-4'>Camera<\/desc>\n<path d=\"M16 12.8q2.048 0 3.424 1.408t1.376 3.392-1.408 3.392-3.392 1.408-3.392-1.408-1.408-3.392 1.408-3.392 3.392-1.408zM28.8 8q1.344 0 2.272 0.928t0.928 2.272v14.4q0 1.28-0.928 2.24t-2.272 0.96h-25.6q-1.28 0-2.24-0.96t-0.96-2.24v-14.4q0-1.344 0.96-2.272t2.24-0.928h3.84q0.896 0 1.28-0.96l0.96-2.944q0.32-0.896 1.28-0.896h10.88q0.96 0 1.28 0.896l0.96 2.944q0.384 0.96 1.28 0.96h3.84zM16 25.6q3.328 0 5.664-2.336t2.336-5.664-2.336-5.664-5.664-2.336-5.664 2.336-2.336 5.664 2.336 5.664 5.664 2.336zM27.712 13.44q0.448 0 0.768-0.352t0.32-0.8-0.32-0.768-0.768-0.32q-1.152 0-1.152 1.088 0 0.512 0.352 0.832t0.8 0.32z\"><\/path>\n<\/svg><\/span><\/a><\/div>\n\n<\/div><\/div><\/div><!-- close content main div --><\/div><\/div>\n<style type=\"text\/css\" data-created_by=\"avia_inline_auto\" id=\"style-css-av-4bgb4-57cc055ec8b1a532b61020ff2df8c1ae\">\n.avia-section.av-4bgb4-57cc055ec8b1a532b61020ff2df8c1ae{\nbackground-color:#f7eae1;\nbackground:linear-gradient( to bottom, #f7eae1, rgba(234,162,91,0.48), #f7eae1 );\n}\n<\/style>\n<div id='av_section_8'  class='avia-section av-4bgb4-57cc055ec8b1a532b61020ff2df8c1ae main_color avia-section-default avia-no-border-styling  avia-builder-el-40  el_after_av_section  el_before_av_section  header-farbe avia-bg-style-scroll container_wrap fullsize'  ><div class='container av-section-cont-open' ><div class='template-page content  av-content-full alpha units'><div class='post-entry post-entry-type-page post-entry-16'><div class='entry-content-wrapper clearfix'>\n\n<style type=\"text\/css\" data-created_by=\"avia_inline_auto\" id=\"style-css-av-lr7lofvb-f77b5b4332469777d321bf24afaebe32\">\n#top .av-special-heading.av-lr7lofvb-f77b5b4332469777d321bf24afaebe32{\npadding-bottom:35px;\n}\nbody .av-special-heading.av-lr7lofvb-f77b5b4332469777d321bf24afaebe32 .av-special-heading-tag .heading-char{\nfont-size:25px;\n}\n.av-special-heading.av-lr7lofvb-f77b5b4332469777d321bf24afaebe32 .av-subheading{\nfont-size:19px;\n}\n<\/style>\n<div  class='av-special-heading av-lr7lofvb-f77b5b4332469777d321bf24afaebe32 av-special-heading-h3 blockquote modern-quote  avia-builder-el-41  el_before_av_one_half  avia-builder-el-first '><h3 class='av-special-heading-tag '  itemprop=\"headline\"  >SAVE THE DATE: Weitere spannende Formate aus der LZ-Eventreihe<\/h3><div class=\"special-heading-border\"><div class=\"special-heading-inner-border\"><\/div><\/div><\/div>\n<div class='flex_column_table av-70bs-1aae9ab398e36162df8df6cce61e0bcb sc-av_one_half av-break-at-tablet-flextable av-equal-height-column-flextable'>\n<style type=\"text\/css\" data-created_by=\"avia_inline_auto\" id=\"style-css-av-70bs-1aae9ab398e36162df8df6cce61e0bcb\">\n.flex_column.av-70bs-1aae9ab398e36162df8df6cce61e0bcb{\npadding:0px 0px 0px 0px;\n}\n<\/style>\n<div  class='flex_column av-70bs-1aae9ab398e36162df8df6cce61e0bcb av_one_half  avia-builder-el-42  el_after_av_heading  el_before_av_one_half  first av-break-at-tablet flex_column_table_cell av-equal-height-column av-align-top av-zero-column-padding  '     ><p>\n<style type=\"text\/css\" data-created_by=\"avia_inline_auto\" id=\"style-css-av-mi5rb1uw-2628c5b53e6ccbadd230bbf3e2168563\">\n.avia-image-container.av-mi5rb1uw-2628c5b53e6ccbadd230bbf3e2168563 img.avia_image{\nbox-shadow:none;\n}\n.avia-image-container.av-mi5rb1uw-2628c5b53e6ccbadd230bbf3e2168563 .av-image-caption-overlay-center{\ncolor:#ffffff;\n}\n<\/style>\n<div  class='avia-image-container av-mi5rb1uw-2628c5b53e6ccbadd230bbf3e2168563 av-styling- av-img-linked avia-align-center  avia-builder-el-43  el_before_av_hr  avia-builder-el-first '   itemprop=\"image\" itemscope=\"itemscope\" itemtype=\"https:\/\/schema.org\/ImageObject\" ><div class=\"avia-image-container-inner\"><div class=\"avia-image-overlay-wrap\"><a href=\"https:\/\/dfvcg-events.de\/retail-media-day\/\" class='avia_image '  target=\"_blank\"  rel=\"noopener noreferrer\" aria-label='241020-Visual-RMD26-date-800x800px'><img decoding=\"async\" fetchpriority=\"high\" class='wp-image-2665 avia-img-lazy-loading-not-2665 avia_image ' src=\"https:\/\/dfvcg-events.de\/private-label-day\/wp-content\/uploads\/sites\/54\/2025\/11\/241020-Visual-RMD26-date-800x800px.jpg\" alt='' title='241020-Visual-RMD26-date-800x800px'  height=\"800\" width=\"800\"  itemprop=\"thumbnailUrl\" srcset=\"https:\/\/dfvcg-events.de\/private-label-day\/wp-content\/uploads\/sites\/54\/2025\/11\/241020-Visual-RMD26-date-800x800px.jpg 800w, https:\/\/dfvcg-events.de\/private-label-day\/wp-content\/uploads\/sites\/54\/2025\/11\/241020-Visual-RMD26-date-800x800px-36x36.jpg 36w, https:\/\/dfvcg-events.de\/private-label-day\/wp-content\/uploads\/sites\/54\/2025\/11\/241020-Visual-RMD26-date-800x800px-180x180.jpg 180w, https:\/\/dfvcg-events.de\/private-label-day\/wp-content\/uploads\/sites\/54\/2025\/11\/241020-Visual-RMD26-date-800x800px-705x705.jpg 705w\" sizes=\"(max-width: 800px) 100vw, 800px\" \/><\/a><\/div><\/div><\/div><br \/>\n\n<style type=\"text\/css\" data-created_by=\"avia_inline_auto\" id=\"style-css-av-1ava4-60075bbf145efc6c86882c510a9a8883\">\n#top .hr.hr-invisible.av-1ava4-60075bbf145efc6c86882c510a9a8883{\nheight:35px;\n}\n<\/style>\n<div  class='hr av-1ava4-60075bbf145efc6c86882c510a9a8883 hr-invisible  avia-builder-el-44  el_after_av_image  el_before_av_textblock '><span class='hr-inner '><span class=\"hr-inner-style\"><\/span><\/span><\/div><br \/>\n<section  class='av_textblock_section av-16784-e7731f9c776dea9c5256091d3539cdae '   itemscope=\"itemscope\" itemtype=\"https:\/\/schema.org\/CreativeWork\" ><div class='avia_textblock'  itemprop=\"text\" ><p style=\"text-align: center\">Der Jahrestreff f\u00fcr Retail Media Experten und Big-Player der Branche, die Ihre Aktivit\u00e4ten innerhalb der Werbegattung ausbauen und optimieren wollen!<\/p>\n<\/div><\/section><\/p><\/div><div class='av-flex-placeholder'><\/div>\n<style type=\"text\/css\" data-created_by=\"avia_inline_auto\" id=\"style-css-av-38o8s-b15981c2c67e92e6f9927dae38ebce28\">\n.flex_column.av-38o8s-b15981c2c67e92e6f9927dae38ebce28{\npadding:0px 0px 0px 0px;\n}\n<\/style>\n<div  class='flex_column av-38o8s-b15981c2c67e92e6f9927dae38ebce28 av_one_half  avia-builder-el-46  el_after_av_one_half  avia-builder-el-last  av-break-at-tablet flex_column_table_cell av-equal-height-column av-align-top av-zero-column-padding  '     ><p>\n<style type=\"text\/css\" data-created_by=\"avia_inline_auto\" id=\"style-css-av-2myj4-f1906641d286328635bac2f7c6aa523e\">\n.avia-image-container.av-2myj4-f1906641d286328635bac2f7c6aa523e img.avia_image{\nbox-shadow:none;\n}\n.avia-image-container.av-2myj4-f1906641d286328635bac2f7c6aa523e .av-image-caption-overlay-center{\ncolor:#ffffff;\n}\n<\/style>\n<div  class='avia-image-container av-2myj4-f1906641d286328635bac2f7c6aa523e av-styling- av-img-linked avia-align-center  avia-builder-el-47  el_before_av_hr  avia-builder-el-first '   itemprop=\"image\" itemscope=\"itemscope\" itemtype=\"https:\/\/schema.org\/ImageObject\" ><div class=\"avia-image-container-inner\"><div class=\"avia-image-overlay-wrap\"><a href=\"https:\/\/dfvcg-events.de\/lz-health-day\/\" class='avia_image '  target=\"_blank\"  rel=\"noopener noreferrer\" aria-label='260106_dfvCG_GetOn_Teaser25_800x800px_date (1)'><img decoding=\"async\" fetchpriority=\"high\" class='wp-image-3181 avia-img-lazy-loading-not-3181 avia_image ' src=\"https:\/\/dfvcg-events.de\/private-label-day\/wp-content\/uploads\/sites\/54\/2026\/04\/260106_dfvCG_GetOn_Teaser25_800x800px_date-1.jpg\" alt='' title='260106_dfvCG_GetOn_Teaser25_800x800px_date (1)'  height=\"800\" width=\"800\"  itemprop=\"thumbnailUrl\" srcset=\"https:\/\/dfvcg-events.de\/private-label-day\/wp-content\/uploads\/sites\/54\/2026\/04\/260106_dfvCG_GetOn_Teaser25_800x800px_date-1.jpg 800w, https:\/\/dfvcg-events.de\/private-label-day\/wp-content\/uploads\/sites\/54\/2026\/04\/260106_dfvCG_GetOn_Teaser25_800x800px_date-1-36x36.jpg 36w, https:\/\/dfvcg-events.de\/private-label-day\/wp-content\/uploads\/sites\/54\/2026\/04\/260106_dfvCG_GetOn_Teaser25_800x800px_date-1-180x180.jpg 180w, https:\/\/dfvcg-events.de\/private-label-day\/wp-content\/uploads\/sites\/54\/2026\/04\/260106_dfvCG_GetOn_Teaser25_800x800px_date-1-705x705.jpg 705w\" sizes=\"(max-width: 800px) 100vw, 800px\" \/><\/a><\/div><\/div><\/div><br \/>\n\n<style type=\"text\/css\" data-created_by=\"avia_inline_auto\" id=\"style-css-av-4j1w-03c03428159e53b4c83abe922408bdaa\">\n#top .hr.hr-invisible.av-4j1w-03c03428159e53b4c83abe922408bdaa{\nheight:35px;\n}\n<\/style>\n<div  class='hr av-4j1w-03c03428159e53b4c83abe922408bdaa hr-invisible  avia-builder-el-48  el_after_av_image  el_before_av_textblock '><span class='hr-inner '><span class=\"hr-inner-style\"><\/span><\/span><\/div><br \/>\n<section  class='av_textblock_section av-rmdo-e1822193e4a0faab5f5881a1f1062e43 '   itemscope=\"itemscope\" itemtype=\"https:\/\/schema.org\/CreativeWork\" ><div class='avia_textblock'  itemprop=\"text\" ><p style=\"text-align: center\">DER Treffpunkt der Getr\u00e4nkebranche.<br \/>\nF\u00fcr starke K\u00f6pfe, die die Branche nicht nur begleiten, sondern aktiv mitgestalten wollen.<\/p>\n<\/div><\/section><\/p><\/div><\/div><!--close column table wrapper. Autoclose: 1 -->\n\n<\/div><\/div><\/div><!-- close content main div --><\/div><\/div><div id='av_section_9'  class='avia-section av-mcbtp2w8-e96eb4ac2a90d93c64a802052f48b665 main_color avia-section-default avia-no-shadow  avia-builder-el-50  el_after_av_section  el_before_av_section  avia-bg-style-scroll container_wrap fullsize'  ><div class='container av-section-cont-open' ><div class='template-page content  av-content-full alpha units'><div class='post-entry post-entry-type-page post-entry-16'><div class='entry-content-wrapper clearfix'>\n<div class='flex_column_table av-1vrfw-ff8c0ef9b7170b50dfb004fc8e19dec1 sc-av_one_fourth av-break-at-tablet-flextable av-equal-height-column-flextable'>\n<style type=\"text\/css\" data-created_by=\"avia_inline_auto\" id=\"style-css-av-1vrfw-ff8c0ef9b7170b50dfb004fc8e19dec1\">\n.flex_column.av-1vrfw-ff8c0ef9b7170b50dfb004fc8e19dec1{\nborder-radius:0px 0px 0px 0px;\npadding:0px 0px 0px 0px;\n}\n<\/style>\n<div  class='flex_column av-1vrfw-ff8c0ef9b7170b50dfb004fc8e19dec1 av_one_fourth  avia-builder-el-51  el_before_av_three_fourth  avia-builder-el-first  first av-break-at-tablet flex_column_table_cell av-equal-height-column av-align-middle av-zero-column-padding  '     ><p>\n<style type=\"text\/css\" data-created_by=\"avia_inline_auto\" id=\"style-css-av-1ankc-ecf06e31fdfe50a0a4f0a5943dfde5b8\">\n#top .av-special-heading.av-1ankc-ecf06e31fdfe50a0a4f0a5943dfde5b8{\npadding-bottom:35px;\n}\nbody .av-special-heading.av-1ankc-ecf06e31fdfe50a0a4f0a5943dfde5b8 .av-special-heading-tag .heading-char{\nfont-size:25px;\n}\n.av-special-heading.av-1ankc-ecf06e31fdfe50a0a4f0a5943dfde5b8 .av-subheading{\nfont-size:19px;\n}\n<\/style>\n<div  class='av-special-heading av-1ankc-ecf06e31fdfe50a0a4f0a5943dfde5b8 av-special-heading-h3 blockquote modern-quote  avia-builder-el-52  el_before_av_textblock  avia-builder-el-first '><h3 class='av-special-heading-tag '  itemprop=\"headline\"  >Veranstaltungsort<\/h3><div class=\"special-heading-border\"><div class=\"special-heading-inner-border\"><\/div><\/div><\/div><br \/>\n<section  class='av_textblock_section av-mcbtq8gc-de6cf1bb6d2c73fc2b2a62f30c7b1c11 '   itemscope=\"itemscope\" itemtype=\"https:\/\/schema.org\/CreativeWork\" ><div class='avia_textblock'  itemprop=\"text\" ><p><strong>re:mynd<\/strong><\/p>\n<p>Hanauer Landstra\u00dfe 154<br \/>\n60314 Frankfurt am Main<\/p>\n<\/div><\/section><br \/>\n<div  class='avia-button-wrap av-mcbtqj4a-2bb9c88eae3124cc798aad092457005c-wrap avia-button-left  avia-builder-el-54  el_after_av_textblock  avia-builder-el-last '><a href='https:\/\/dfvcg-events.de\/private-label-day\/hotel-anreise\/'  class='avia-button av-mcbtqj4a-2bb9c88eae3124cc798aad092457005c av-link-btn avia-icon_select-yes-left-icon avia-size-large avia-position-left avia-color-theme-color'   aria-label=\"Hotel &amp; Anreise\"><span class='avia_button_icon avia_button_icon_left avia-iconfont avia-font-entypo-fontello' data-av_icon='\ue842' data-av_iconfont='entypo-fontello' ><\/span><span class='avia_iconbox_title' >Hotel &amp; Anreise<\/span><\/a><\/div><\/p><\/div><div class='av-flex-placeholder'><\/div>\n<style type=\"text\/css\" data-created_by=\"avia_inline_auto\" id=\"style-css-av-10v0o-2fb0af8deddd30ab0c94a41bed68a8f3\">\n.flex_column.av-10v0o-2fb0af8deddd30ab0c94a41bed68a8f3{\nborder-radius:0px 0px 0px 0px;\npadding:0px 0px 0px 0px;\n}\n<\/style>\n<div  class='flex_column av-10v0o-2fb0af8deddd30ab0c94a41bed68a8f3 av_three_fourth  avia-builder-el-55  el_after_av_one_fourth  avia-builder-el-last  av-break-at-tablet flex_column_table_cell av-equal-height-column av-align-middle av-zero-column-padding  '     ><div  class='av_gmaps_sc_main_wrap av_gmaps_main_wrap '><div id='av_gmap_0' class='avia-google-map-container avia-google-map-sc av_gmaps_show_unconditionally av-no-fallback-img ' data-mapid='av_gmap_0'  style='height: 400px;'><a class=\"av_gmaps_browser_disabled av_text_confirm_link av_text_confirm_link_visible\" href=\"https:\/\/www.google.com\/maps\/search\/?api=1&#038;query=Hanauer%20Landstra\u00dfe%20154%2060314%20%20Frankfurt%20am%20Main\" target=\"_blank\">Karten wurden vom Besucher auf dieser Webseite deaktiviert. Klicken Sie hier, um die Karte in einem neuen Fenster zu \u00f6ffnen.<\/a><\/div><\/div><\/div><\/div><!--close column table wrapper. Autoclose: 1 -->\n\n<\/div><\/div><\/div><!-- close content main div --><\/div><\/div><div id='av_section_10'  class='avia-section av-8glag-ec978be202563b7541925b1b1e3a8964 main_color avia-section-default avia-no-shadow  avia-builder-el-57  el_after_av_section  avia-builder-el-last  avia-bg-style-scroll container_wrap fullsize'  ><div class='container av-section-cont-open' ><div class='template-page content  av-content-full alpha units'><div class='post-entry post-entry-type-page post-entry-16'><div class='entry-content-wrapper clearfix'>\n\n<style type=\"text\/css\" data-created_by=\"avia_inline_auto\" id=\"style-css-av-89k1s-5f7a9272909fb63ddcf2806002f6e107\">\n#top .av-special-heading.av-89k1s-5f7a9272909fb63ddcf2806002f6e107{\npadding-bottom:35px;\n}\nbody .av-special-heading.av-89k1s-5f7a9272909fb63ddcf2806002f6e107 .av-special-heading-tag .heading-char{\nfont-size:25px;\n}\n.av-special-heading.av-89k1s-5f7a9272909fb63ddcf2806002f6e107 .av-subheading{\nfont-size:19px;\n}\n<\/style>\n<div  class='av-special-heading av-89k1s-5f7a9272909fb63ddcf2806002f6e107 av-special-heading-h2 blockquote modern-quote  avia-builder-el-58  el_before_av_one_fourth  avia-builder-el-first '><h2 class='av-special-heading-tag '  itemprop=\"headline\"  >Ihre Ansprechpartner:innen<\/h2><div class=\"special-heading-border\"><div class=\"special-heading-inner-border\"><\/div><\/div><\/div>\n\n<style type=\"text\/css\" data-created_by=\"avia_inline_auto\" id=\"style-css-av-r4sc-d0502f8867491d25d2a483ea1e6588ea\">\n.flex_column.av-r4sc-d0502f8867491d25d2a483ea1e6588ea{\nborder-radius:0px 0px 0px 0px;\npadding:0px 0px 0px 0px;\n}\n<\/style>\n<div  class='flex_column av-r4sc-d0502f8867491d25d2a483ea1e6588ea av_one_fourth  avia-builder-el-59  el_after_av_heading  el_before_av_one_fourth  first flex_column_div av-zero-column-padding  '     ><p>\n<style type=\"text\/css\" data-created_by=\"avia_inline_auto\" id=\"style-css-av-6onto-e37a8d2d5b01770f1218a9877c61cb8b\">\n@keyframes av_boxShadowEffect_av-6onto-e37a8d2d5b01770f1218a9877c61cb8b {\n0%   { box-shadow:  0 0 0 0 #f28100; opacity: 1; }\n100% { box-shadow:  0 0 10px 0 #f28100; opacity: 1; }\n}\n.avia-image-container.av-6onto-e37a8d2d5b01770f1218a9877c61cb8b img.avia_image{\nbox-shadow: 0 0 10px 0 #f28100;\n}\n.avia-image-container.av-6onto-e37a8d2d5b01770f1218a9877c61cb8b .av-image-caption-overlay-center{\ncolor:#ffffff;\n}\n<\/style>\n<div  class='avia-image-container av-6onto-e37a8d2d5b01770f1218a9877c61cb8b av-styling-circle avia-align-center  avia-builder-el-60  el_before_av_textblock  avia-builder-el-first  av-img-box-shadow av-box-shadow-not-animated'   itemprop=\"image\" itemscope=\"itemscope\" itemtype=\"https:\/\/schema.org\/ImageObject\" ><div class=\"avia-image-container-inner\"><div class=\"avia-image-overlay-wrap\"><img decoding=\"async\" fetchpriority=\"high\" class='wp-image-2348 avia-img-lazy-loading-not-2348 avia_image shadow-not-animated' src=\"https:\/\/dfvcg-events.de\/private-label-day\/wp-content\/uploads\/sites\/54\/2025\/02\/Sallmann-Mary-Ann-6TF_9580.jpg\" alt='' title='Sallmann-Mary-Ann-6TF_9580'  height=\"300\" width=\"225\"  itemprop=\"thumbnailUrl\" srcset=\"https:\/\/dfvcg-events.de\/private-label-day\/wp-content\/uploads\/sites\/54\/2025\/02\/Sallmann-Mary-Ann-6TF_9580.jpg 3090w, https:\/\/dfvcg-events.de\/private-label-day\/wp-content\/uploads\/sites\/54\/2025\/02\/Sallmann-Mary-Ann-6TF_9580-529x705.jpg 529w\" sizes=\"(max-width: 225px) 100vw, 225px\" \/><\/div><\/div><\/div><br \/>\n<section  class='av_textblock_section av-6b5po-657ed1a29242c696007eef0181dfc1db '   itemscope=\"itemscope\" itemtype=\"https:\/\/schema.org\/CreativeWork\" ><div class='avia_textblock'  itemprop=\"text\" ><p><strong>Projektleitung &amp; Programm<\/strong><\/p>\n<p>Mary-Ann Sallmann<br \/>\n<a href=\"&#109;&#x61;&#105;&#x6c;t&#111;&#x3a;&#77;&#x61;r&#x79;-&#97;&#x6e;&#110;&#x2e;s&#x61;&#x6c;&#108;&#x6d;a&#x6e;n&#64;&#x64;&#102;&#x76;c&#x67;&#46;&#100;&#x65;\">&#x6d;&#97;r&#x79;&#x2d;&#97;n&#x6e;&#x2e;&#115;a&#x6c;&#108;m&#x61;&#x6e;&#110;&#64;&#x64;&#x66;&#118;c&#x67;&#46;&#100;&#x65;<\/a><br \/>\n+49 69 7595 3046<\/p>\n<\/div><\/section><\/p><\/div>\n<style type=\"text\/css\" data-created_by=\"avia_inline_auto\" id=\"style-css-av-5jnfo-560e04e22481d4a7aabbcb16b461450d\">\n.flex_column.av-5jnfo-560e04e22481d4a7aabbcb16b461450d{\nborder-radius:0px 0px 0px 0px;\npadding:0px 0px 0px 0px;\n}\n<\/style>\n<div  class='flex_column av-5jnfo-560e04e22481d4a7aabbcb16b461450d av_one_fourth  avia-builder-el-62  el_after_av_one_fourth  el_before_av_one_fourth  flex_column_div av-zero-column-padding  '     ><p>\n<style type=\"text\/css\" data-created_by=\"avia_inline_auto\" id=\"style-css-av-ilos-165b50d543e29e3d253f55e5409c8fa7\">\n@keyframes av_boxShadowEffect_av-ilos-165b50d543e29e3d253f55e5409c8fa7 {\n0%   { box-shadow:  0 0 0 0 #f28100; opacity: 1; }\n100% { box-shadow:  0 0 10px 0 #f28100; opacity: 1; }\n}\n.avia-image-container.av-ilos-165b50d543e29e3d253f55e5409c8fa7 img.avia_image{\nbox-shadow: 0 0 10px 0 #f28100;\n}\n.avia-image-container.av-ilos-165b50d543e29e3d253f55e5409c8fa7 .av-image-caption-overlay-center{\ncolor:#ffffff;\n}\n<\/style>\n<div  class='avia-image-container av-ilos-165b50d543e29e3d253f55e5409c8fa7 av-styling-circle avia-align-center  avia-builder-el-63  el_before_av_textblock  avia-builder-el-first  av-img-box-shadow av-box-shadow-not-animated'   itemprop=\"image\" itemscope=\"itemscope\" itemtype=\"https:\/\/schema.org\/ImageObject\" ><div class=\"avia-image-container-inner\"><div class=\"avia-image-overlay-wrap\"><img decoding=\"async\" fetchpriority=\"high\" class='wp-image-2552 avia-img-lazy-loading-not-2552 avia_image shadow-not-animated' src=\"https:\/\/dfvcg-events.de\/private-label-day\/wp-content\/uploads\/sites\/54\/2025\/06\/Nina-Kunz_web.png\" alt='' title='Nina Kunz_web'  height=\"300\" width=\"200\"  itemprop=\"thumbnailUrl\" srcset=\"https:\/\/dfvcg-events.de\/private-label-day\/wp-content\/uploads\/sites\/54\/2025\/06\/Nina-Kunz_web.png 2747w, https:\/\/dfvcg-events.de\/private-label-day\/wp-content\/uploads\/sites\/54\/2025\/06\/Nina-Kunz_web-470x705.png 470w\" sizes=\"(max-width: 200px) 100vw, 200px\" \/><\/div><\/div><\/div><br \/>\n<section  class='av_textblock_section av-4p67o-a8d8f04e995cdaeb20406ec2fe0cb843 '   itemscope=\"itemscope\" itemtype=\"https:\/\/schema.org\/CreativeWork\" ><div class='avia_textblock'  itemprop=\"text\" ><p><strong>Projektmanangement &amp; Teilnehmer:innen<\/strong><\/p>\n<p>Nina Kunz<br \/>\n<a href=\"&#109;a&#x69;l&#x74;o&#x3a;&#110;&#x69;&#110;&#x61;&#46;k&#x75;n&#x7a;&#64;&#x64;&#102;&#x76;&#99;&#x67;&#46;&#x64;&#101;\">&#110;&#x69;&#x6e;a&#46;&#x6b;u&#110;&#x7a;&#x40;d&#102;&#x76;c&#103;&#x2e;&#x64;e<\/a><br \/>\n+49 69 7595 3027<\/p>\n<\/div><\/section><\/p><\/div>\n<style type=\"text\/css\" data-created_by=\"avia_inline_auto\" id=\"style-css-av-3rxoo-c6462d7f3b5f74d35d95b1ec3affcfc6\">\n.flex_column.av-3rxoo-c6462d7f3b5f74d35d95b1ec3affcfc6{\nborder-radius:0px 0px 0px 0px;\npadding:0px 0px 0px 0px;\n}\n<\/style>\n<div  class='flex_column av-3rxoo-c6462d7f3b5f74d35d95b1ec3affcfc6 av_one_fourth  avia-builder-el-65  el_after_av_one_fourth  el_before_av_one_fourth  flex_column_div av-zero-column-padding  '     ><p>\n<style type=\"text\/css\" data-created_by=\"avia_inline_auto\" id=\"style-css-av-31f7k-4eb578817f9a47dc1d7c5dcfd56eccfb\">\n@keyframes av_boxShadowEffect_av-31f7k-4eb578817f9a47dc1d7c5dcfd56eccfb {\n0%   { box-shadow:  0 0 0 0 #f28100; opacity: 1; }\n100% { box-shadow:  0 0 10px 0 #f28100; opacity: 1; }\n}\n.avia-image-container.av-31f7k-4eb578817f9a47dc1d7c5dcfd56eccfb img.avia_image{\nbox-shadow: 0 0 10px 0 #f28100;\n}\n.avia-image-container.av-31f7k-4eb578817f9a47dc1d7c5dcfd56eccfb .av-image-caption-overlay-center{\ncolor:#ffffff;\n}\n<\/style>\n<div  class='avia-image-container av-31f7k-4eb578817f9a47dc1d7c5dcfd56eccfb av-styling-circle avia-align-center  avia-builder-el-66  el_before_av_textblock  avia-builder-el-first  av-img-box-shadow av-box-shadow-not-animated'   itemprop=\"image\" itemscope=\"itemscope\" itemtype=\"https:\/\/schema.org\/ImageObject\" ><div class=\"avia-image-container-inner\"><div class=\"avia-image-overlay-wrap\"><img decoding=\"async\" fetchpriority=\"high\" class='wp-image-2346 avia-img-lazy-loading-not-2346 avia_image shadow-not-animated' src=\"https:\/\/dfvcg-events.de\/private-label-day\/wp-content\/uploads\/sites\/54\/2025\/02\/MA_6TF_7564_K.jpg\" alt='' title='MA_6TF_7564_K'  height=\"300\" width=\"225\"  itemprop=\"thumbnailUrl\" srcset=\"https:\/\/dfvcg-events.de\/private-label-day\/wp-content\/uploads\/sites\/54\/2025\/02\/MA_6TF_7564_K.jpg 2903w, https:\/\/dfvcg-events.de\/private-label-day\/wp-content\/uploads\/sites\/54\/2025\/02\/MA_6TF_7564_K-529x705.jpg 529w\" sizes=\"(max-width: 225px) 100vw, 225px\" \/><\/div><\/div><\/div><br \/>\n<section  class='av_textblock_section av-2qclk-5fbebbea631bc4c1c5e3b6395593cf28 '   itemscope=\"itemscope\" itemtype=\"https:\/\/schema.org\/CreativeWork\" ><div class='avia_textblock'  itemprop=\"text\" ><p><strong>Partner &amp; Aussteller<\/strong><\/p>\n<p>Mehtap Acar<br \/>\n<a href=\"m&#97;&#105;&#x6c;&#x74;&#x6f;:M&#101;&#104;&#x74;&#x61;&#x70;&#46;&#97;&#99;&#97;&#x72;&#x40;&#x64;f&#118;&#99;&#x67;&#x2e;&#x64;e\">&#x6d;&#x65;&#x68;&#116;&#97;p&#46;&#x61;&#x63;&#x61;&#114;&#64;df&#x76;&#x63;&#x67;&#46;&#100;e<\/a><br \/>\n+49 69 7575 2883<\/p>\n<\/div><\/section><\/p><\/div>\n<style type=\"text\/css\" data-created_by=\"avia_inline_auto\" id=\"style-css-av-24sac-b899376885b4cb1195d8429e3b3dcad1\">\n.flex_column.av-24sac-b899376885b4cb1195d8429e3b3dcad1{\nborder-radius:0px 0px 0px 0px;\npadding:0px 0px 0px 0px;\n}\n<\/style>\n<div  class='flex_column av-24sac-b899376885b4cb1195d8429e3b3dcad1 av_one_fourth  avia-builder-el-68  el_after_av_one_fourth  avia-builder-el-last  flex_column_div av-zero-column-padding  '     ><p>\n<style type=\"text\/css\" data-created_by=\"avia_inline_auto\" id=\"style-css-av-1ad2k-ae0fcd384c12f6bec55d5a28fc466628\">\n@keyframes av_boxShadowEffect_av-1ad2k-ae0fcd384c12f6bec55d5a28fc466628 {\n0%   { box-shadow:  0 0 0 0 #f28100; opacity: 1; }\n100% { box-shadow:  0 0 10px 0 #f28100; opacity: 1; }\n}\n.avia-image-container.av-1ad2k-ae0fcd384c12f6bec55d5a28fc466628 img.avia_image{\nbox-shadow: 0 0 10px 0 #f28100;\n}\n.avia-image-container.av-1ad2k-ae0fcd384c12f6bec55d5a28fc466628 .av-image-caption-overlay-center{\ncolor:#ffffff;\n}\n<\/style>\n<div  class='avia-image-container av-1ad2k-ae0fcd384c12f6bec55d5a28fc466628 av-styling-circle avia-align-center  avia-builder-el-69  el_before_av_textblock  avia-builder-el-first  av-img-box-shadow av-box-shadow-not-animated'   itemprop=\"image\" itemscope=\"itemscope\" itemtype=\"https:\/\/schema.org\/ImageObject\" ><div class=\"avia-image-container-inner\"><div class=\"avia-image-overlay-wrap\"><img decoding=\"async\" fetchpriority=\"high\" class='wp-image-2553 avia-img-lazy-loading-not-2553 avia_image shadow-not-animated' src=\"https:\/\/dfvcg-events.de\/private-label-day\/wp-content\/uploads\/sites\/54\/2025\/06\/Philipp-Zymolka_web.png\" alt='' title='Philipp Zymolka_web'  height=\"300\" width=\"225\"  itemprop=\"thumbnailUrl\" srcset=\"https:\/\/dfvcg-events.de\/private-label-day\/wp-content\/uploads\/sites\/54\/2025\/06\/Philipp-Zymolka_web.png 999w, https:\/\/dfvcg-events.de\/private-label-day\/wp-content\/uploads\/sites\/54\/2025\/06\/Philipp-Zymolka_web-529x705.png 529w\" sizes=\"(max-width: 225px) 100vw, 225px\" \/><\/div><\/div><\/div><br \/>\n<section  class='av_textblock_section av-zzb0-9f45bd8102b7ef01cdc0576d7a4315f6 '   itemscope=\"itemscope\" itemtype=\"https:\/\/schema.org\/CreativeWork\" ><div class='avia_textblock'  itemprop=\"text\" ><p><strong>Marketing &amp; Social Media<\/strong><\/p>\n<p>Philipp Zymolka<br \/>\n<a href=\"&#x6d;&#x61;&#x69;&#x6c;&#x74;&#x6f;&#x3a;&#x70;&#104;&#105;&#108;&#105;&#112;&#112;&#46;zymo&#x6c;&#x6b;&#x61;&#x40;&#x64;&#x66;&#x76;&#x63;&#x67;&#46;&#100;&#101;\">&#112;&#x68;i&#108;&#x69;p&#x70;&#x2e;&#122;&#x79;m&#111;&#x6c;k&#97;&#x40;&#100;&#x66;v&#99;&#x67;&#46;&#100;&#x65;<\/a><br \/>\n+49 69 7575 3014<\/p>\n<\/div><\/section><\/p><\/div>\n\n","protected":false},"excerpt":{"rendered":"","protected":false},"author":1,"featured_media":1299,"parent":0,"menu_order":0,"comment_status":"closed","ping_status":"closed","template":"","meta":{"footnotes":""},"class_list":["post-16","page","type-page","status-publish","has-post-thumbnail","hentry"],"yoast_head":"<!-- This site is optimized with the Yoast SEO plugin v27.4 - https:\/\/yoast.com\/product\/yoast-seo-wordpress\/ -->\n<title>LZ Private Label Day | 2. M\u00e4rz 2027, Frankfurt am Main<\/title>\n<meta name=\"description\" content=\"Treffen Sie beim LZ Private Label Day F\u00fchrungskr\u00e4fte, Unternehmer und Top-Entscheider aus f\u00fchrenden Unternehmen der Branche.\" \/>\n<meta name=\"robots\" content=\"index, follow, max-snippet:-1, max-image-preview:large, max-video-preview:-1\" \/>\n<link rel=\"canonical\" href=\"https:\/\/dfvcg-events.de\/private-label-day\/\" \/>\n<meta property=\"og:locale\" content=\"de_DE\" \/>\n<meta property=\"og:type\" content=\"article\" \/>\n<meta property=\"og:title\" content=\"LZ Private Label Day | 2. M\u00e4rz 2027, Frankfurt am Main\" \/>\n<meta property=\"og:description\" content=\"Treffen Sie beim LZ Private Label Day F\u00fchrungskr\u00e4fte, Unternehmer und Top-Entscheider aus f\u00fchrenden Unternehmen der Branche.\" \/>\n<meta property=\"og:url\" content=\"https:\/\/dfvcg-events.de\/private-label-day\/\" \/>\n<meta property=\"og:site_name\" content=\"LZ Private Label Day\" \/>\n<meta property=\"article:publisher\" content=\"https:\/\/www.facebook.com\/Lebensmittel.Zeitung\" \/>\n<meta property=\"article:modified_time\" content=\"2026-04-27T09:35:36+00:00\" \/>\n<meta property=\"og:image\" content=\"https:\/\/dfvcg-events.de\/private-label-day\/wp-content\/uploads\/sites\/54\/2023\/09\/230913_dfvc_PLD_Teaser24_800x800px.jpg\" \/>\n\t<meta property=\"og:image:width\" content=\"800\" \/>\n\t<meta property=\"og:image:height\" content=\"800\" \/>\n\t<meta property=\"og:image:type\" content=\"image\/jpeg\" \/>\n<meta name=\"twitter:card\" content=\"summary_large_image\" \/>\n<meta name=\"twitter:site\" content=\"@LZNETnews\" \/>\n<meta name=\"twitter:label1\" content=\"Gesch\u00e4tzte Lesezeit\" \/>\n\t<meta name=\"twitter:data1\" content=\"6\u00a0Minuten\" \/>\n<script type=\"application\/ld+json\" class=\"yoast-schema-graph\">{\"@context\":\"https:\\\/\\\/schema.org\",\"@graph\":[{\"@type\":\"WebPage\",\"@id\":\"https:\\\/\\\/dfvcg-events.de\\\/private-label-day\\\/\",\"url\":\"https:\\\/\\\/dfvcg-events.de\\\/private-label-day\\\/\",\"name\":\"LZ Private Label Day | 2. M\u00e4rz 2027, Frankfurt am Main\",\"isPartOf\":{\"@id\":\"https:\\\/\\\/dfvcg-events.de\\\/private-label-day\\\/#website\"},\"primaryImageOfPage\":{\"@id\":\"https:\\\/\\\/dfvcg-events.de\\\/private-label-day\\\/#primaryimage\"},\"image\":{\"@id\":\"https:\\\/\\\/dfvcg-events.de\\\/private-label-day\\\/#primaryimage\"},\"thumbnailUrl\":\"https:\\\/\\\/dfvcg-events.de\\\/private-label-day\\\/wp-content\\\/uploads\\\/sites\\\/54\\\/2023\\\/09\\\/230913_dfvc_PLD_Teaser24_800x800px.jpg\",\"datePublished\":\"2020-03-18T20:01:25+00:00\",\"dateModified\":\"2026-04-27T09:35:36+00:00\",\"description\":\"Treffen Sie beim LZ Private Label Day F\u00fchrungskr\u00e4fte, Unternehmer und Top-Entscheider aus f\u00fchrenden Unternehmen der Branche.\",\"breadcrumb\":{\"@id\":\"https:\\\/\\\/dfvcg-events.de\\\/private-label-day\\\/#breadcrumb\"},\"inLanguage\":\"de\",\"potentialAction\":[{\"@type\":\"ReadAction\",\"target\":[\"https:\\\/\\\/dfvcg-events.de\\\/private-label-day\\\/\"]}]},{\"@type\":\"ImageObject\",\"inLanguage\":\"de\",\"@id\":\"https:\\\/\\\/dfvcg-events.de\\\/private-label-day\\\/#primaryimage\",\"url\":\"https:\\\/\\\/dfvcg-events.de\\\/private-label-day\\\/wp-content\\\/uploads\\\/sites\\\/54\\\/2023\\\/09\\\/230913_dfvc_PLD_Teaser24_800x800px.jpg\",\"contentUrl\":\"https:\\\/\\\/dfvcg-events.de\\\/private-label-day\\\/wp-content\\\/uploads\\\/sites\\\/54\\\/2023\\\/09\\\/230913_dfvc_PLD_Teaser24_800x800px.jpg\",\"width\":800,\"height\":800,\"caption\":\"dfvcg-private-label-day\"},{\"@type\":\"BreadcrumbList\",\"@id\":\"https:\\\/\\\/dfvcg-events.de\\\/private-label-day\\\/#breadcrumb\",\"itemListElement\":[{\"@type\":\"ListItem\",\"position\":1,\"name\":\"Startseite\",\"item\":\"https:\\\/\\\/dfvcg-events.de\\\/private-label-day\\\/\"},{\"@type\":\"ListItem\",\"position\":2,\"name\":\"Start\"}]},{\"@type\":\"WebSite\",\"@id\":\"https:\\\/\\\/dfvcg-events.de\\\/private-label-day\\\/#website\",\"url\":\"https:\\\/\\\/dfvcg-events.de\\\/private-label-day\\\/\",\"name\":\"LZ Private Label Day\",\"description\":\"Von Konzept bis Kundenbindung\",\"publisher\":{\"@id\":\"https:\\\/\\\/dfvcg-events.de\\\/private-label-day\\\/#organization\"},\"alternateName\":\"dfv Conference Group\",\"potentialAction\":[{\"@type\":\"SearchAction\",\"target\":{\"@type\":\"EntryPoint\",\"urlTemplate\":\"https:\\\/\\\/dfvcg-events.de\\\/private-label-day\\\/?s={search_term_string}\"},\"query-input\":{\"@type\":\"PropertyValueSpecification\",\"valueRequired\":true,\"valueName\":\"search_term_string\"}}],\"inLanguage\":\"de\"},{\"@type\":\"Organization\",\"@id\":\"https:\\\/\\\/dfvcg-events.de\\\/private-label-day\\\/#organization\",\"name\":\"LZ Private Label Day\",\"alternateName\":\"dfv Conference Group\",\"url\":\"https:\\\/\\\/dfvcg-events.de\\\/private-label-day\\\/\",\"logo\":{\"@type\":\"ImageObject\",\"inLanguage\":\"de\",\"@id\":\"https:\\\/\\\/dfvcg-events.de\\\/private-label-day\\\/#\\\/schema\\\/logo\\\/image\\\/\",\"url\":\"https:\\\/\\\/dfvcg-events.de\\\/private-label-day\\\/wp-content\\\/uploads\\\/sites\\\/54\\\/2023\\\/09\\\/230913_dfvc_PLD_Teaser24_800x400px.jpg\",\"contentUrl\":\"https:\\\/\\\/dfvcg-events.de\\\/private-label-day\\\/wp-content\\\/uploads\\\/sites\\\/54\\\/2023\\\/09\\\/230913_dfvc_PLD_Teaser24_800x400px.jpg\",\"width\":800,\"height\":400,\"caption\":\"LZ Private Label Day\"},\"image\":{\"@id\":\"https:\\\/\\\/dfvcg-events.de\\\/private-label-day\\\/#\\\/schema\\\/logo\\\/image\\\/\"},\"sameAs\":[\"https:\\\/\\\/www.facebook.com\\\/Lebensmittel.Zeitung\",\"https:\\\/\\\/x.com\\\/LZNETnews\"]}]}<\/script>\n<!-- \/ Yoast SEO plugin. -->","yoast_head_json":{"title":"LZ Private Label Day | 2. M\u00e4rz 2027, Frankfurt am Main","description":"Treffen Sie beim LZ Private Label Day F\u00fchrungskr\u00e4fte, Unternehmer und Top-Entscheider aus f\u00fchrenden Unternehmen der Branche.","robots":{"index":"index","follow":"follow","max-snippet":"max-snippet:-1","max-image-preview":"max-image-preview:large","max-video-preview":"max-video-preview:-1"},"canonical":"https:\/\/dfvcg-events.de\/private-label-day\/","og_locale":"de_DE","og_type":"article","og_title":"LZ Private Label Day | 2. M\u00e4rz 2027, Frankfurt am Main","og_description":"Treffen Sie beim LZ Private Label Day F\u00fchrungskr\u00e4fte, Unternehmer und Top-Entscheider aus f\u00fchrenden Unternehmen der Branche.","og_url":"https:\/\/dfvcg-events.de\/private-label-day\/","og_site_name":"LZ Private Label Day","article_publisher":"https:\/\/www.facebook.com\/Lebensmittel.Zeitung","article_modified_time":"2026-04-27T09:35:36+00:00","og_image":[{"width":800,"height":800,"url":"https:\/\/dfvcg-events.de\/private-label-day\/wp-content\/uploads\/sites\/54\/2023\/09\/230913_dfvc_PLD_Teaser24_800x800px.jpg","type":"image\/jpeg"}],"twitter_card":"summary_large_image","twitter_site":"@LZNETnews","twitter_misc":{"Gesch\u00e4tzte Lesezeit":"6\u00a0Minuten"},"schema":{"@context":"https:\/\/schema.org","@graph":[{"@type":"WebPage","@id":"https:\/\/dfvcg-events.de\/private-label-day\/","url":"https:\/\/dfvcg-events.de\/private-label-day\/","name":"LZ Private Label Day | 2. M\u00e4rz 2027, Frankfurt am Main","isPartOf":{"@id":"https:\/\/dfvcg-events.de\/private-label-day\/#website"},"primaryImageOfPage":{"@id":"https:\/\/dfvcg-events.de\/private-label-day\/#primaryimage"},"image":{"@id":"https:\/\/dfvcg-events.de\/private-label-day\/#primaryimage"},"thumbnailUrl":"https:\/\/dfvcg-events.de\/private-label-day\/wp-content\/uploads\/sites\/54\/2023\/09\/230913_dfvc_PLD_Teaser24_800x800px.jpg","datePublished":"2020-03-18T20:01:25+00:00","dateModified":"2026-04-27T09:35:36+00:00","description":"Treffen Sie beim LZ Private Label Day F\u00fchrungskr\u00e4fte, Unternehmer und Top-Entscheider aus f\u00fchrenden Unternehmen der Branche.","breadcrumb":{"@id":"https:\/\/dfvcg-events.de\/private-label-day\/#breadcrumb"},"inLanguage":"de","potentialAction":[{"@type":"ReadAction","target":["https:\/\/dfvcg-events.de\/private-label-day\/"]}]},{"@type":"ImageObject","inLanguage":"de","@id":"https:\/\/dfvcg-events.de\/private-label-day\/#primaryimage","url":"https:\/\/dfvcg-events.de\/private-label-day\/wp-content\/uploads\/sites\/54\/2023\/09\/230913_dfvc_PLD_Teaser24_800x800px.jpg","contentUrl":"https:\/\/dfvcg-events.de\/private-label-day\/wp-content\/uploads\/sites\/54\/2023\/09\/230913_dfvc_PLD_Teaser24_800x800px.jpg","width":800,"height":800,"caption":"dfvcg-private-label-day"},{"@type":"BreadcrumbList","@id":"https:\/\/dfvcg-events.de\/private-label-day\/#breadcrumb","itemListElement":[{"@type":"ListItem","position":1,"name":"Startseite","item":"https:\/\/dfvcg-events.de\/private-label-day\/"},{"@type":"ListItem","position":2,"name":"Start"}]},{"@type":"WebSite","@id":"https:\/\/dfvcg-events.de\/private-label-day\/#website","url":"https:\/\/dfvcg-events.de\/private-label-day\/","name":"LZ Private Label Day","description":"Von Konzept bis Kundenbindung","publisher":{"@id":"https:\/\/dfvcg-events.de\/private-label-day\/#organization"},"alternateName":"dfv Conference Group","potentialAction":[{"@type":"SearchAction","target":{"@type":"EntryPoint","urlTemplate":"https:\/\/dfvcg-events.de\/private-label-day\/?s={search_term_string}"},"query-input":{"@type":"PropertyValueSpecification","valueRequired":true,"valueName":"search_term_string"}}],"inLanguage":"de"},{"@type":"Organization","@id":"https:\/\/dfvcg-events.de\/private-label-day\/#organization","name":"LZ Private Label Day","alternateName":"dfv Conference Group","url":"https:\/\/dfvcg-events.de\/private-label-day\/","logo":{"@type":"ImageObject","inLanguage":"de","@id":"https:\/\/dfvcg-events.de\/private-label-day\/#\/schema\/logo\/image\/","url":"https:\/\/dfvcg-events.de\/private-label-day\/wp-content\/uploads\/sites\/54\/2023\/09\/230913_dfvc_PLD_Teaser24_800x400px.jpg","contentUrl":"https:\/\/dfvcg-events.de\/private-label-day\/wp-content\/uploads\/sites\/54\/2023\/09\/230913_dfvc_PLD_Teaser24_800x400px.jpg","width":800,"height":400,"caption":"LZ Private Label Day"},"image":{"@id":"https:\/\/dfvcg-events.de\/private-label-day\/#\/schema\/logo\/image\/"},"sameAs":["https:\/\/www.facebook.com\/Lebensmittel.Zeitung","https:\/\/x.com\/LZNETnews"]}]}},"_links":{"self":[{"href":"https:\/\/dfvcg-events.de\/private-label-day\/wp-json\/wp\/v2\/pages\/16","targetHints":{"allow":["GET"]}}],"collection":[{"href":"https:\/\/dfvcg-events.de\/private-label-day\/wp-json\/wp\/v2\/pages"}],"about":[{"href":"https:\/\/dfvcg-events.de\/private-label-day\/wp-json\/wp\/v2\/types\/page"}],"author":[{"embeddable":true,"href":"https:\/\/dfvcg-events.de\/private-label-day\/wp-json\/wp\/v2\/users\/1"}],"replies":[{"embeddable":true,"href":"https:\/\/dfvcg-events.de\/private-label-day\/wp-json\/wp\/v2\/comments?post=16"}],"version-history":[{"count":101,"href":"https:\/\/dfvcg-events.de\/private-label-day\/wp-json\/wp\/v2\/pages\/16\/revisions"}],"predecessor-version":[{"id":3195,"href":"https:\/\/dfvcg-events.de\/private-label-day\/wp-json\/wp\/v2\/pages\/16\/revisions\/3195"}],"wp:featuredmedia":[{"embeddable":true,"href":"https:\/\/dfvcg-events.de\/private-label-day\/wp-json\/wp\/v2\/media\/1299"}],"wp:attachment":[{"href":"https:\/\/dfvcg-events.de\/private-label-day\/wp-json\/wp\/v2\/media?parent=16"}],"curies":[{"name":"wp","href":"https:\/\/api.w.org\/{rel}","templated":true}]}}