{"id":2626,"date":"2022-07-03T18:16:00","date_gmt":"2022-07-03T16:16:00","guid":{"rendered":"https:\/\/dfvcg-events.de\/packaging-360\/?post_type=portfolio&#038;p=2626"},"modified":"2022-07-13T15:40:34","modified_gmt":"2022-07-13T13:40:34","slug":"lena-scholpp","status":"publish","type":"portfolio","link":"https:\/\/dfvcg-events.de\/packaging-360\/vortragend\/lena-scholpp\/","title":{"rendered":"Lena Scholpp"},"content":{"rendered":"\n<style type=\"text\/css\" data-created_by=\"avia_inline_auto\" id=\"style-css-av-1hpil-9666fe4db9abbb55e16afcaa46b74565\">\n.flex_column.av-1hpil-9666fe4db9abbb55e16afcaa46b74565{\nborder-radius:0px 0px 0px 0px;\npadding:0px 0px 0px 0px;\n}\n<\/style>\n<div  class='flex_column av-1hpil-9666fe4db9abbb55e16afcaa46b74565 av_one_third  avia-builder-el-0  el_before_av_two_third  avia-builder-el-first  first flex_column_div av-zero-column-padding  '     ><style type=\"text\/css\" data-created_by=\"avia_inline_auto\" id=\"style-css-av-k7z57foz-b5baaa844ee198dd1c2b46cd4a0b2f89\">\n.avia-image-container.av-k7z57foz-b5baaa844ee198dd1c2b46cd4a0b2f89 img.avia_image{\nbox-shadow:none;\n}\n.avia-image-container.av-k7z57foz-b5baaa844ee198dd1c2b46cd4a0b2f89 .av-image-caption-overlay-center{\ncolor:#ffffff;\n}\n<\/style>\n<div  class='avia-image-container av-k7z57foz-b5baaa844ee198dd1c2b46cd4a0b2f89 av-styling-no-styling avia-align-center  avia-builder-el-1  avia-builder-el-no-sibling '   itemprop=\"image\" itemscope=\"itemscope\" itemtype=\"https:\/\/schema.org\/ImageObject\" ><div class=\"avia-image-container-inner\"><div class=\"avia-image-overlay-wrap\"><img decoding=\"async\" fetchpriority=\"high\" class='wp-image-2622 avia-img-lazy-loading-not-2622 avia_image ' src=\"https:\/\/dfvcg-events.de\/packaging-360\/wp-content\/uploads\/sites\/16\/2022\/07\/Scholpp_Lena_Referentenfoto_P360_V2.jpg\" alt='' title='Scholpp_Lena_Referentenfoto_P360_V2'  height=\"3712\" width=\"2784\"  itemprop=\"thumbnailUrl\"  \/><\/div><\/div><\/div><\/div>\n\n<style type=\"text\/css\" data-created_by=\"avia_inline_auto\" id=\"style-css-av-q939-36bd9e2970eba44b209398e6adaba9f5\">\n.flex_column.av-q939-36bd9e2970eba44b209398e6adaba9f5{\nborder-radius:0px 0px 0px 0px;\npadding:0px 0px 0px 0px;\n}\n<\/style>\n<div  class='flex_column av-q939-36bd9e2970eba44b209398e6adaba9f5 av_two_third  avia-builder-el-2  el_after_av_one_third  avia-builder-el-last  flex_column_div av-zero-column-padding  '     ><p>\n<style type=\"text\/css\" data-created_by=\"avia_inline_auto\" id=\"style-css-av-kaux4tv8-e9d09e0daaf38c30b32a107e24ebf5d4\">\n#top .av-special-heading.av-kaux4tv8-e9d09e0daaf38c30b32a107e24ebf5d4{\npadding-bottom:10px;\n}\nbody .av-special-heading.av-kaux4tv8-e9d09e0daaf38c30b32a107e24ebf5d4 .av-special-heading-tag .heading-char{\nfont-size:25px;\n}\n.av-special-heading.av-kaux4tv8-e9d09e0daaf38c30b32a107e24ebf5d4 .av-subheading{\nfont-size:19px;\n}\n<\/style>\n<div  class='av-special-heading av-kaux4tv8-e9d09e0daaf38c30b32a107e24ebf5d4 av-special-heading-h2 blockquote modern-quote  avia-builder-el-3  el_before_av_textblock  avia-builder-el-first '><h2 class='av-special-heading-tag '  itemprop=\"headline\"  >Lena Scholpp<\/h2><div class='av-subheading av-subheading_below'><p>CEO &amp; Founder, CareTwice UG<\/p>\n<\/div><div class=\"special-heading-border\"><div class=\"special-heading-inner-border\"><\/div><\/div><\/div><br \/>\n<section  class='av_textblock_section av-k7yuci90-f8534781240039b49d63e38b610912bf '   itemscope=\"itemscope\" itemtype=\"https:\/\/schema.org\/CreativeWork\" ><div class='avia_textblock'  itemprop=\"text\" ><p><strong>Preistr\u00e4gerin Bundespreis EcoDesign 2021<\/strong><\/p>\n<p>Lena Scholpp absolvierte 2016 ein duales BWL Studium mit einem Schwerpunkt in Banking and Finance an der Dualen Hochschule Baden-W\u00fcrttemberg und vertiefte anschlie\u00dfend ihr Wissen in Nachhaltigkeit und CSR mit einem Master in Responsible Management.<\/p>\n<p>Nach ihrem Studium arbeitete sie unter anderem als Vorstandsassistentin in einer Genossenschaftsbank, schrieb ihre Masterthesis in einer Unternehmensberatung und betreute in ihrer Rolle als Projektmanagerin unter anderem die landesweiten Nachhaltigkeitstage f\u00fcr die Nachhaltigkeitsstrategie Baden-W\u00fcrttemberg.<\/p>\n<p>Gemeinsam mit ihren beiden Mitgr\u00fcnderinnen gr\u00fcndete sie 2020 das Start-Up \u201eCareTwice\u201c. Das Start-Up verkauft ein nachhaltiges Shampoopulver und verfolgt dabei ein minimalistisches und innovatives Produkt- und Verpackungskonzept.<\/p>\n<\/div><\/section><\/p><\/div>\n","protected":false},"excerpt":{"rendered":"<p>CareTwice<\/p>\n","protected":false},"author":19,"featured_media":2622,"comment_status":"closed","ping_status":"closed","template":"","meta":{"footnotes":""},"tags":[],"portfolio_entries":[47,48],"class_list":["post-2626","portfolio","type-portfolio","status-publish","has-post-thumbnail","hentry","portfolio_entries-referent-2022","portfolio_entries-referent-2022-feature"],"yoast_head":"<!-- This site is optimized with the Yoast SEO plugin v27.4 - https:\/\/yoast.com\/product\/yoast-seo-wordpress\/ -->\n<title>Lena Scholpp - PACKAGING360\u00b0<\/title>\n<meta name=\"description\" content=\"PACKAGING360\u00b0 | Begr\u00fc\u00dfen Sie auf der B\u00fchne: Lena Scholpp\" \/>\n<meta name=\"robots\" content=\"index, follow, max-snippet:-1, max-image-preview:large, max-video-preview:-1\" \/>\n<link rel=\"canonical\" href=\"https:\/\/dfvcg-events.de\/packaging-360\/vortragend\/lena-scholpp\/\" \/>\n<meta property=\"og:locale\" content=\"de_DE\" \/>\n<meta property=\"og:type\" content=\"article\" \/>\n<meta property=\"og:title\" content=\"Lena Scholpp - PACKAGING360\u00b0\" \/>\n<meta property=\"og:description\" content=\"PACKAGING360\u00b0 | Begr\u00fc\u00dfen Sie auf der B\u00fchne: Lena Scholpp\" \/>\n<meta property=\"og:url\" content=\"https:\/\/dfvcg-events.de\/packaging-360\/vortragend\/lena-scholpp\/\" \/>\n<meta property=\"og:site_name\" content=\"PACKAGING360\u00b0\" \/>\n<meta property=\"article:modified_time\" content=\"2022-07-13T13:40:34+00:00\" \/>\n<meta property=\"og:image\" content=\"https:\/\/dfvcg-events.de\/packaging-360\/wp-content\/uploads\/sites\/16\/2022\/07\/Scholpp_Lena_Referentenfoto_P360_V2.jpg\" \/>\n\t<meta property=\"og:image:width\" content=\"2784\" \/>\n\t<meta property=\"og:image:height\" content=\"3712\" \/>\n\t<meta property=\"og:image:type\" content=\"image\/jpeg\" \/>\n<meta name=\"twitter:card\" content=\"summary_large_image\" \/>\n<meta name=\"twitter:label1\" content=\"Gesch\u00e4tzte Lesezeit\" \/>\n\t<meta name=\"twitter:data1\" content=\"2\u00a0Minuten\" \/>\n<script type=\"application\/ld+json\" class=\"yoast-schema-graph\">{\"@context\":\"https:\\\/\\\/schema.org\",\"@graph\":[{\"@type\":\"WebPage\",\"@id\":\"https:\\\/\\\/dfvcg-events.de\\\/packaging-360\\\/vortragend\\\/lena-scholpp\\\/\",\"url\":\"https:\\\/\\\/dfvcg-events.de\\\/packaging-360\\\/vortragend\\\/lena-scholpp\\\/\",\"name\":\"Lena Scholpp - PACKAGING360\u00b0\",\"isPartOf\":{\"@id\":\"https:\\\/\\\/dfvcg-events.de\\\/packaging-360\\\/#website\"},\"primaryImageOfPage\":{\"@id\":\"https:\\\/\\\/dfvcg-events.de\\\/packaging-360\\\/vortragend\\\/lena-scholpp\\\/#primaryimage\"},\"image\":{\"@id\":\"https:\\\/\\\/dfvcg-events.de\\\/packaging-360\\\/vortragend\\\/lena-scholpp\\\/#primaryimage\"},\"thumbnailUrl\":\"https:\\\/\\\/dfvcg-events.de\\\/packaging-360\\\/wp-content\\\/uploads\\\/sites\\\/16\\\/2022\\\/07\\\/Scholpp_Lena_Referentenfoto_P360_V2.jpg\",\"datePublished\":\"2022-07-03T16:16:00+00:00\",\"dateModified\":\"2022-07-13T13:40:34+00:00\",\"description\":\"PACKAGING360\u00b0 | Begr\u00fc\u00dfen Sie auf der B\u00fchne: Lena Scholpp\",\"breadcrumb\":{\"@id\":\"https:\\\/\\\/dfvcg-events.de\\\/packaging-360\\\/vortragend\\\/lena-scholpp\\\/#breadcrumb\"},\"inLanguage\":\"de\",\"potentialAction\":[{\"@type\":\"ReadAction\",\"target\":[\"https:\\\/\\\/dfvcg-events.de\\\/packaging-360\\\/vortragend\\\/lena-scholpp\\\/\"]}]},{\"@type\":\"ImageObject\",\"inLanguage\":\"de\",\"@id\":\"https:\\\/\\\/dfvcg-events.de\\\/packaging-360\\\/vortragend\\\/lena-scholpp\\\/#primaryimage\",\"url\":\"https:\\\/\\\/dfvcg-events.de\\\/packaging-360\\\/wp-content\\\/uploads\\\/sites\\\/16\\\/2022\\\/07\\\/Scholpp_Lena_Referentenfoto_P360_V2.jpg\",\"contentUrl\":\"https:\\\/\\\/dfvcg-events.de\\\/packaging-360\\\/wp-content\\\/uploads\\\/sites\\\/16\\\/2022\\\/07\\\/Scholpp_Lena_Referentenfoto_P360_V2.jpg\",\"width\":2784,\"height\":3712},{\"@type\":\"BreadcrumbList\",\"@id\":\"https:\\\/\\\/dfvcg-events.de\\\/packaging-360\\\/vortragend\\\/lena-scholpp\\\/#breadcrumb\",\"itemListElement\":[{\"@type\":\"ListItem\",\"position\":1,\"name\":\"Startseite\",\"item\":\"https:\\\/\\\/dfvcg-events.de\\\/packaging-360\\\/\"},{\"@type\":\"ListItem\",\"position\":2,\"name\":\"Lena Scholpp\"}]},{\"@type\":\"WebSite\",\"@id\":\"https:\\\/\\\/dfvcg-events.de\\\/packaging-360\\\/#website\",\"url\":\"https:\\\/\\\/dfvcg-events.de\\\/packaging-360\\\/\",\"name\":\"PACKAGING360\u00b0\",\"description\":\"dfv Conference Group\",\"publisher\":{\"@id\":\"https:\\\/\\\/dfvcg-events.de\\\/packaging-360\\\/#organization\"},\"potentialAction\":[{\"@type\":\"SearchAction\",\"target\":{\"@type\":\"EntryPoint\",\"urlTemplate\":\"https:\\\/\\\/dfvcg-events.de\\\/packaging-360\\\/?s={search_term_string}\"},\"query-input\":{\"@type\":\"PropertyValueSpecification\",\"valueRequired\":true,\"valueName\":\"search_term_string\"}}],\"inLanguage\":\"de\"},{\"@type\":\"Organization\",\"@id\":\"https:\\\/\\\/dfvcg-events.de\\\/packaging-360\\\/#organization\",\"name\":\"PACKAGING360\u00b0\",\"url\":\"https:\\\/\\\/dfvcg-events.de\\\/packaging-360\\\/\",\"logo\":{\"@type\":\"ImageObject\",\"inLanguage\":\"de\",\"@id\":\"https:\\\/\\\/dfvcg-events.de\\\/packaging-360\\\/#\\\/schema\\\/logo\\\/image\\\/\",\"url\":\"https:\\\/\\\/dfvcg-events.de\\\/packaging-360\\\/wp-content\\\/uploads\\\/sites\\\/16\\\/2020\\\/06\\\/dfvcg-packaging.jpg\",\"contentUrl\":\"https:\\\/\\\/dfvcg-events.de\\\/packaging-360\\\/wp-content\\\/uploads\\\/sites\\\/16\\\/2020\\\/06\\\/dfvcg-packaging.jpg\",\"width\":800,\"height\":800,\"caption\":\"PACKAGING360\u00b0\"},\"image\":{\"@id\":\"https:\\\/\\\/dfvcg-events.de\\\/packaging-360\\\/#\\\/schema\\\/logo\\\/image\\\/\"}}]}<\/script>\n<!-- \/ Yoast SEO plugin. -->","yoast_head_json":{"title":"Lena Scholpp - PACKAGING360\u00b0","description":"PACKAGING360\u00b0 | Begr\u00fc\u00dfen Sie auf der B\u00fchne: Lena Scholpp","robots":{"index":"index","follow":"follow","max-snippet":"max-snippet:-1","max-image-preview":"max-image-preview:large","max-video-preview":"max-video-preview:-1"},"canonical":"https:\/\/dfvcg-events.de\/packaging-360\/vortragend\/lena-scholpp\/","og_locale":"de_DE","og_type":"article","og_title":"Lena Scholpp - PACKAGING360\u00b0","og_description":"PACKAGING360\u00b0 | Begr\u00fc\u00dfen Sie auf der B\u00fchne: Lena Scholpp","og_url":"https:\/\/dfvcg-events.de\/packaging-360\/vortragend\/lena-scholpp\/","og_site_name":"PACKAGING360\u00b0","article_modified_time":"2022-07-13T13:40:34+00:00","og_image":[{"width":2784,"height":3712,"url":"https:\/\/dfvcg-events.de\/packaging-360\/wp-content\/uploads\/sites\/16\/2022\/07\/Scholpp_Lena_Referentenfoto_P360_V2.jpg","type":"image\/jpeg"}],"twitter_card":"summary_large_image","twitter_misc":{"Gesch\u00e4tzte Lesezeit":"2\u00a0Minuten"},"schema":{"@context":"https:\/\/schema.org","@graph":[{"@type":"WebPage","@id":"https:\/\/dfvcg-events.de\/packaging-360\/vortragend\/lena-scholpp\/","url":"https:\/\/dfvcg-events.de\/packaging-360\/vortragend\/lena-scholpp\/","name":"Lena Scholpp - PACKAGING360\u00b0","isPartOf":{"@id":"https:\/\/dfvcg-events.de\/packaging-360\/#website"},"primaryImageOfPage":{"@id":"https:\/\/dfvcg-events.de\/packaging-360\/vortragend\/lena-scholpp\/#primaryimage"},"image":{"@id":"https:\/\/dfvcg-events.de\/packaging-360\/vortragend\/lena-scholpp\/#primaryimage"},"thumbnailUrl":"https:\/\/dfvcg-events.de\/packaging-360\/wp-content\/uploads\/sites\/16\/2022\/07\/Scholpp_Lena_Referentenfoto_P360_V2.jpg","datePublished":"2022-07-03T16:16:00+00:00","dateModified":"2022-07-13T13:40:34+00:00","description":"PACKAGING360\u00b0 | Begr\u00fc\u00dfen Sie auf der B\u00fchne: Lena Scholpp","breadcrumb":{"@id":"https:\/\/dfvcg-events.de\/packaging-360\/vortragend\/lena-scholpp\/#breadcrumb"},"inLanguage":"de","potentialAction":[{"@type":"ReadAction","target":["https:\/\/dfvcg-events.de\/packaging-360\/vortragend\/lena-scholpp\/"]}]},{"@type":"ImageObject","inLanguage":"de","@id":"https:\/\/dfvcg-events.de\/packaging-360\/vortragend\/lena-scholpp\/#primaryimage","url":"https:\/\/dfvcg-events.de\/packaging-360\/wp-content\/uploads\/sites\/16\/2022\/07\/Scholpp_Lena_Referentenfoto_P360_V2.jpg","contentUrl":"https:\/\/dfvcg-events.de\/packaging-360\/wp-content\/uploads\/sites\/16\/2022\/07\/Scholpp_Lena_Referentenfoto_P360_V2.jpg","width":2784,"height":3712},{"@type":"BreadcrumbList","@id":"https:\/\/dfvcg-events.de\/packaging-360\/vortragend\/lena-scholpp\/#breadcrumb","itemListElement":[{"@type":"ListItem","position":1,"name":"Startseite","item":"https:\/\/dfvcg-events.de\/packaging-360\/"},{"@type":"ListItem","position":2,"name":"Lena Scholpp"}]},{"@type":"WebSite","@id":"https:\/\/dfvcg-events.de\/packaging-360\/#website","url":"https:\/\/dfvcg-events.de\/packaging-360\/","name":"PACKAGING360\u00b0","description":"dfv Conference Group","publisher":{"@id":"https:\/\/dfvcg-events.de\/packaging-360\/#organization"},"potentialAction":[{"@type":"SearchAction","target":{"@type":"EntryPoint","urlTemplate":"https:\/\/dfvcg-events.de\/packaging-360\/?s={search_term_string}"},"query-input":{"@type":"PropertyValueSpecification","valueRequired":true,"valueName":"search_term_string"}}],"inLanguage":"de"},{"@type":"Organization","@id":"https:\/\/dfvcg-events.de\/packaging-360\/#organization","name":"PACKAGING360\u00b0","url":"https:\/\/dfvcg-events.de\/packaging-360\/","logo":{"@type":"ImageObject","inLanguage":"de","@id":"https:\/\/dfvcg-events.de\/packaging-360\/#\/schema\/logo\/image\/","url":"https:\/\/dfvcg-events.de\/packaging-360\/wp-content\/uploads\/sites\/16\/2020\/06\/dfvcg-packaging.jpg","contentUrl":"https:\/\/dfvcg-events.de\/packaging-360\/wp-content\/uploads\/sites\/16\/2020\/06\/dfvcg-packaging.jpg","width":800,"height":800,"caption":"PACKAGING360\u00b0"},"image":{"@id":"https:\/\/dfvcg-events.de\/packaging-360\/#\/schema\/logo\/image\/"}}]}},"_links":{"self":[{"href":"https:\/\/dfvcg-events.de\/packaging-360\/wp-json\/wp\/v2\/portfolio\/2626","targetHints":{"allow":["GET"]}}],"collection":[{"href":"https:\/\/dfvcg-events.de\/packaging-360\/wp-json\/wp\/v2\/portfolio"}],"about":[{"href":"https:\/\/dfvcg-events.de\/packaging-360\/wp-json\/wp\/v2\/types\/portfolio"}],"author":[{"embeddable":true,"href":"https:\/\/dfvcg-events.de\/packaging-360\/wp-json\/wp\/v2\/users\/19"}],"replies":[{"embeddable":true,"href":"https:\/\/dfvcg-events.de\/packaging-360\/wp-json\/wp\/v2\/comments?post=2626"}],"version-history":[{"count":0,"href":"https:\/\/dfvcg-events.de\/packaging-360\/wp-json\/wp\/v2\/portfolio\/2626\/revisions"}],"wp:featuredmedia":[{"embeddable":true,"href":"https:\/\/dfvcg-events.de\/packaging-360\/wp-json\/wp\/v2\/media\/2622"}],"wp:attachment":[{"href":"https:\/\/dfvcg-events.de\/packaging-360\/wp-json\/wp\/v2\/media?parent=2626"}],"wp:term":[{"taxonomy":"post_tag","embeddable":true,"href":"https:\/\/dfvcg-events.de\/packaging-360\/wp-json\/wp\/v2\/tags?post=2626"},{"taxonomy":"portfolio_entries","embeddable":true,"href":"https:\/\/dfvcg-events.de\/packaging-360\/wp-json\/wp\/v2\/portfolio_entries?post=2626"}],"curies":[{"name":"wp","href":"https:\/\/api.w.org\/{rel}","templated":true}]}}