{"id":2429,"date":"2022-06-19T14:55:51","date_gmt":"2022-06-19T12:55:51","guid":{"rendered":"https:\/\/dfvcg-events.de\/packaging-360\/?post_type=portfolio&#038;p=2429"},"modified":"2022-06-20T12:31:46","modified_gmt":"2022-06-20T10:31:46","slug":"dr-david-strack","status":"publish","type":"portfolio","link":"https:\/\/dfvcg-events.de\/packaging-360\/vortragend\/dr-david-strack\/","title":{"rendered":"Dr. David Strack"},"content":{"rendered":"<\/div><\/div><\/div><!-- close content main div --><\/div><\/div><div id='av_section_1'  class='avia-section av-k7yuhjt1-676f3ed4420f2c40c202d201fc1a3016 main_color avia-section-default avia-no-border-styling  header-farbe avia-bg-style-scroll container_wrap fullsize'  ><div class='container av-section-cont-open' ><div class='template-page content  av-content-full alpha units'><div class='post-entry post-entry-type-page post-entry-2429'><div class='entry-content-wrapper clearfix'>\n\n<style type=\"text\/css\" data-created_by=\"avia_inline_auto\" id=\"style-css-av-kav2vwa8-f4960109a932a27296eaa5cc6eaf4438\">\n#top .av-special-heading.av-kav2vwa8-f4960109a932a27296eaa5cc6eaf4438{\npadding-bottom:0;\ncolor:#ffffff;\n}\nbody .av-special-heading.av-kav2vwa8-f4960109a932a27296eaa5cc6eaf4438 .av-special-heading-tag .heading-char{\nfont-size:25px;\n}\n.av-special-heading.av-kav2vwa8-f4960109a932a27296eaa5cc6eaf4438 .special-heading-inner-border{\nborder-color:#ffffff;\n}\n.av-special-heading.av-kav2vwa8-f4960109a932a27296eaa5cc6eaf4438 .av-subheading{\nfont-size:19px;\n}\n<\/style>\n<div  class='av-special-heading av-kav2vwa8-f4960109a932a27296eaa5cc6eaf4438 av-special-heading-h1 custom-color-heading blockquote modern-quote'><div class='av_custom_color av-subheading av-subheading_above'><p>PACKAGING 360\u00b0<\/p>\n<\/div><h1 class='av-special-heading-tag '  itemprop=\"headline\"  >Vortragende<\/h1><div class=\"special-heading-border\"><div class=\"special-heading-inner-border\"><\/div><\/div><\/div>\n\n\n<style type=\"text\/css\" data-created_by=\"avia_inline_auto\" id=\"style-css-av-1hpil-9666fe4db9abbb55e16afcaa46b74565\">\n.flex_column.av-1hpil-9666fe4db9abbb55e16afcaa46b74565{\nborder-radius:0px 0px 0px 0px;\npadding:0px 0px 0px 0px;\n}\n<\/style>\n<div  class='flex_column av-1hpil-9666fe4db9abbb55e16afcaa46b74565 av_one_third  avia-builder-el-0  el_before_av_two_third  avia-builder-el-first  first flex_column_div av-zero-column-padding  '     ><style type=\"text\/css\" data-created_by=\"avia_inline_auto\" id=\"style-css-av-k7z57foz-1f236b0a7a3a6aea0e68681bb9dfb4ea\">\n.avia-image-container.av-k7z57foz-1f236b0a7a3a6aea0e68681bb9dfb4ea img.avia_image{\nbox-shadow:none;\n}\n.avia-image-container.av-k7z57foz-1f236b0a7a3a6aea0e68681bb9dfb4ea .av-image-caption-overlay-center{\ncolor:#ffffff;\n}\n<\/style>\n<div  class='avia-image-container av-k7z57foz-1f236b0a7a3a6aea0e68681bb9dfb4ea av-styling-no-styling avia-align-center  avia-builder-el-1  avia-builder-el-no-sibling '   itemprop=\"image\" itemscope=\"itemscope\" itemtype=\"https:\/\/schema.org\/ImageObject\" ><div class=\"avia-image-container-inner\"><div class=\"avia-image-overlay-wrap\"><img decoding=\"async\" fetchpriority=\"high\" class='wp-image-2476 avia-img-lazy-loading-not-2476 avia_image ' src=\"https:\/\/dfvcg-events.de\/packaging-360\/wp-content\/uploads\/sites\/16\/2022\/06\/Strack_David_Referentenfoto_P360_V2.jpg\" alt='' title='Strack_David_Referentenfoto_P360_V2'  height=\"2592\" width=\"2210\"  itemprop=\"thumbnailUrl\"  \/><\/div><\/div><\/div><\/div>\n\n<style type=\"text\/css\" data-created_by=\"avia_inline_auto\" id=\"style-css-av-q939-36bd9e2970eba44b209398e6adaba9f5\">\n.flex_column.av-q939-36bd9e2970eba44b209398e6adaba9f5{\nborder-radius:0px 0px 0px 0px;\npadding:0px 0px 0px 0px;\n}\n<\/style>\n<div  class='flex_column av-q939-36bd9e2970eba44b209398e6adaba9f5 av_two_third  avia-builder-el-2  el_after_av_one_third  avia-builder-el-last  flex_column_div av-zero-column-padding  '     ><p>\n<style type=\"text\/css\" data-created_by=\"avia_inline_auto\" id=\"style-css-av-kaux4tv8-4b53de3a0d2b87f07ac8f5c763a66231\">\n#top .av-special-heading.av-kaux4tv8-4b53de3a0d2b87f07ac8f5c763a66231{\npadding-bottom:10px;\n}\nbody .av-special-heading.av-kaux4tv8-4b53de3a0d2b87f07ac8f5c763a66231 .av-special-heading-tag .heading-char{\nfont-size:25px;\n}\n.av-special-heading.av-kaux4tv8-4b53de3a0d2b87f07ac8f5c763a66231 .av-subheading{\nfont-size:19px;\n}\n<\/style>\n<div  class='av-special-heading av-kaux4tv8-4b53de3a0d2b87f07ac8f5c763a66231 av-special-heading-h2 blockquote modern-quote  avia-builder-el-3  el_before_av_textblock  avia-builder-el-first '><h2 class='av-special-heading-tag '  itemprop=\"headline\"  >Dr. David Strack<\/h2><div class='av-subheading av-subheading_below'><p>Central Agency for Green Commerce<br \/>\nGesch\u00e4ftsf\u00fchrer<\/p>\n<\/div><div class=\"special-heading-border\"><div class=\"special-heading-inner-border\"><\/div><\/div><\/div><br \/>\n<section  class='av_textblock_section av-k7yuci90-f8534781240039b49d63e38b610912bf '   itemscope=\"itemscope\" itemtype=\"https:\/\/schema.org\/CreativeWork\" ><div class='avia_textblock'  itemprop=\"text\" ><p>Dr. David Strack ist Gesch\u00e4ftsf\u00fchrer der Central Agency for Green Commerce und Mitbegr\u00fcnder der Fengda Factoring Ltd. Fujian, China, einem Spezialdienstleister f\u00fcr International Supply Chain Finance. Dr. Strack begann seine berufliche Karriere 1994 bei Aldi S\u00fcd in Deutschland und den USA und leitete ab 2006 als Gesch\u00e4ftsf\u00fchrer Deutschland \/ CPO den zum Tengelmann Konzern zugeh\u00f6rigen Discounter Plus. Danach wechselte er zur Media-Saturn Holding als Vice President Corporate Development und International Sales. Von 2014 bis 2018 war Dr. Strack Gesch\u00e4ftsf\u00fchrer und Vorstand der Edeka Nord. Er studierte Betriebswirtschaftslehre mit den Studienschwerpunkten Controlling und Logistik, Beschaffungs- und Produktpolitik sowie Wirtschafts- und Sozialpsychologie an der Universit\u00e4t zu K\u00f6ln und promovierte im Bereich der Wirtschaftspsychologie an der Universit\u00e4t zu K\u00f6ln mit einem Beitrag zur Cross-Cultural-Psychology.<\/p>\n<\/div><\/section><\/p><\/div>\n","protected":false},"excerpt":{"rendered":"<p>Central Agency for Green Commerce<\/p>\n","protected":false},"author":19,"featured_media":2476,"comment_status":"closed","ping_status":"closed","template":"","meta":{"footnotes":""},"tags":[],"portfolio_entries":[47,48],"class_list":["post-2429","portfolio","type-portfolio","status-publish","has-post-thumbnail","hentry","portfolio_entries-referent-2022","portfolio_entries-referent-2022-feature"],"yoast_head":"<!-- This site is optimized with the Yoast SEO plugin v27.4 - https:\/\/yoast.com\/product\/yoast-seo-wordpress\/ -->\n<title>Dr. David Strack - PACKAGING360\u00b0<\/title>\n<meta name=\"description\" content=\"PACKAGING360\u00b0 | Begr\u00fc\u00dfen Sie auf der B\u00fchne: Dr. David Strack\" \/>\n<meta name=\"robots\" content=\"index, follow, max-snippet:-1, max-image-preview:large, max-video-preview:-1\" \/>\n<link rel=\"canonical\" href=\"https:\/\/dfvcg-events.de\/packaging-360\/referent\/dr-david-strack\/\" \/>\n<meta property=\"og:locale\" content=\"de_DE\" \/>\n<meta property=\"og:type\" content=\"article\" \/>\n<meta property=\"og:title\" content=\"Dr. David Strack - PACKAGING360\u00b0\" \/>\n<meta property=\"og:description\" content=\"PACKAGING360\u00b0 | Begr\u00fc\u00dfen Sie auf der B\u00fchne: Dr. David Strack\" \/>\n<meta property=\"og:url\" content=\"https:\/\/dfvcg-events.de\/packaging-360\/referent\/dr-david-strack\/\" \/>\n<meta property=\"og:site_name\" content=\"PACKAGING360\u00b0\" \/>\n<meta property=\"article:modified_time\" content=\"2022-06-20T10:31:46+00:00\" \/>\n<meta property=\"og:image\" content=\"https:\/\/dfvcg-events.de\/packaging-360\/wp-content\/uploads\/sites\/16\/2022\/06\/Strack_David_Referentenfoto_P360_V2.jpg\" \/>\n\t<meta property=\"og:image:width\" content=\"2210\" \/>\n\t<meta property=\"og:image:height\" content=\"2592\" \/>\n\t<meta property=\"og:image:type\" content=\"image\/jpeg\" \/>\n<meta name=\"twitter:card\" content=\"summary_large_image\" \/>\n<meta name=\"twitter:label1\" content=\"Gesch\u00e4tzte Lesezeit\" \/>\n\t<meta name=\"twitter:data1\" content=\"2\u00a0Minuten\" \/>\n<script type=\"application\/ld+json\" class=\"yoast-schema-graph\">{\"@context\":\"https:\\\/\\\/schema.org\",\"@graph\":[{\"@type\":\"WebPage\",\"@id\":\"https:\\\/\\\/dfvcg-events.de\\\/packaging-360\\\/referent\\\/dr-david-strack\\\/\",\"url\":\"https:\\\/\\\/dfvcg-events.de\\\/packaging-360\\\/referent\\\/dr-david-strack\\\/\",\"name\":\"Dr. David Strack - PACKAGING360\u00b0\",\"isPartOf\":{\"@id\":\"https:\\\/\\\/dfvcg-events.de\\\/packaging-360\\\/#website\"},\"primaryImageOfPage\":{\"@id\":\"https:\\\/\\\/dfvcg-events.de\\\/packaging-360\\\/referent\\\/dr-david-strack\\\/#primaryimage\"},\"image\":{\"@id\":\"https:\\\/\\\/dfvcg-events.de\\\/packaging-360\\\/referent\\\/dr-david-strack\\\/#primaryimage\"},\"thumbnailUrl\":\"https:\\\/\\\/dfvcg-events.de\\\/packaging-360\\\/wp-content\\\/uploads\\\/sites\\\/16\\\/2022\\\/06\\\/Strack_David_Referentenfoto_P360_V2.jpg\",\"datePublished\":\"2022-06-19T12:55:51+00:00\",\"dateModified\":\"2022-06-20T10:31:46+00:00\",\"description\":\"PACKAGING360\u00b0 | Begr\u00fc\u00dfen Sie auf der B\u00fchne: Dr. David Strack\",\"breadcrumb\":{\"@id\":\"https:\\\/\\\/dfvcg-events.de\\\/packaging-360\\\/referent\\\/dr-david-strack\\\/#breadcrumb\"},\"inLanguage\":\"de\",\"potentialAction\":[{\"@type\":\"ReadAction\",\"target\":[\"https:\\\/\\\/dfvcg-events.de\\\/packaging-360\\\/referent\\\/dr-david-strack\\\/\"]}]},{\"@type\":\"ImageObject\",\"inLanguage\":\"de\",\"@id\":\"https:\\\/\\\/dfvcg-events.de\\\/packaging-360\\\/referent\\\/dr-david-strack\\\/#primaryimage\",\"url\":\"https:\\\/\\\/dfvcg-events.de\\\/packaging-360\\\/wp-content\\\/uploads\\\/sites\\\/16\\\/2022\\\/06\\\/Strack_David_Referentenfoto_P360_V2.jpg\",\"contentUrl\":\"https:\\\/\\\/dfvcg-events.de\\\/packaging-360\\\/wp-content\\\/uploads\\\/sites\\\/16\\\/2022\\\/06\\\/Strack_David_Referentenfoto_P360_V2.jpg\",\"width\":2210,\"height\":2592},{\"@type\":\"BreadcrumbList\",\"@id\":\"https:\\\/\\\/dfvcg-events.de\\\/packaging-360\\\/referent\\\/dr-david-strack\\\/#breadcrumb\",\"itemListElement\":[{\"@type\":\"ListItem\",\"position\":1,\"name\":\"Startseite\",\"item\":\"https:\\\/\\\/dfvcg-events.de\\\/packaging-360\\\/\"},{\"@type\":\"ListItem\",\"position\":2,\"name\":\"Dr. David Strack\"}]},{\"@type\":\"WebSite\",\"@id\":\"https:\\\/\\\/dfvcg-events.de\\\/packaging-360\\\/#website\",\"url\":\"https:\\\/\\\/dfvcg-events.de\\\/packaging-360\\\/\",\"name\":\"PACKAGING360\u00b0\",\"description\":\"dfv Conference Group\",\"publisher\":{\"@id\":\"https:\\\/\\\/dfvcg-events.de\\\/packaging-360\\\/#organization\"},\"potentialAction\":[{\"@type\":\"SearchAction\",\"target\":{\"@type\":\"EntryPoint\",\"urlTemplate\":\"https:\\\/\\\/dfvcg-events.de\\\/packaging-360\\\/?s={search_term_string}\"},\"query-input\":{\"@type\":\"PropertyValueSpecification\",\"valueRequired\":true,\"valueName\":\"search_term_string\"}}],\"inLanguage\":\"de\"},{\"@type\":\"Organization\",\"@id\":\"https:\\\/\\\/dfvcg-events.de\\\/packaging-360\\\/#organization\",\"name\":\"PACKAGING360\u00b0\",\"url\":\"https:\\\/\\\/dfvcg-events.de\\\/packaging-360\\\/\",\"logo\":{\"@type\":\"ImageObject\",\"inLanguage\":\"de\",\"@id\":\"https:\\\/\\\/dfvcg-events.de\\\/packaging-360\\\/#\\\/schema\\\/logo\\\/image\\\/\",\"url\":\"https:\\\/\\\/dfvcg-events.de\\\/packaging-360\\\/wp-content\\\/uploads\\\/sites\\\/16\\\/2020\\\/06\\\/dfvcg-packaging.jpg\",\"contentUrl\":\"https:\\\/\\\/dfvcg-events.de\\\/packaging-360\\\/wp-content\\\/uploads\\\/sites\\\/16\\\/2020\\\/06\\\/dfvcg-packaging.jpg\",\"width\":800,\"height\":800,\"caption\":\"PACKAGING360\u00b0\"},\"image\":{\"@id\":\"https:\\\/\\\/dfvcg-events.de\\\/packaging-360\\\/#\\\/schema\\\/logo\\\/image\\\/\"}}]}<\/script>\n<!-- \/ Yoast SEO plugin. -->","yoast_head_json":{"title":"Dr. David Strack - PACKAGING360\u00b0","description":"PACKAGING360\u00b0 | Begr\u00fc\u00dfen Sie auf der B\u00fchne: Dr. David Strack","robots":{"index":"index","follow":"follow","max-snippet":"max-snippet:-1","max-image-preview":"max-image-preview:large","max-video-preview":"max-video-preview:-1"},"canonical":"https:\/\/dfvcg-events.de\/packaging-360\/referent\/dr-david-strack\/","og_locale":"de_DE","og_type":"article","og_title":"Dr. David Strack - PACKAGING360\u00b0","og_description":"PACKAGING360\u00b0 | Begr\u00fc\u00dfen Sie auf der B\u00fchne: Dr. David Strack","og_url":"https:\/\/dfvcg-events.de\/packaging-360\/referent\/dr-david-strack\/","og_site_name":"PACKAGING360\u00b0","article_modified_time":"2022-06-20T10:31:46+00:00","og_image":[{"width":2210,"height":2592,"url":"https:\/\/dfvcg-events.de\/packaging-360\/wp-content\/uploads\/sites\/16\/2022\/06\/Strack_David_Referentenfoto_P360_V2.jpg","type":"image\/jpeg"}],"twitter_card":"summary_large_image","twitter_misc":{"Gesch\u00e4tzte Lesezeit":"2\u00a0Minuten"},"schema":{"@context":"https:\/\/schema.org","@graph":[{"@type":"WebPage","@id":"https:\/\/dfvcg-events.de\/packaging-360\/referent\/dr-david-strack\/","url":"https:\/\/dfvcg-events.de\/packaging-360\/referent\/dr-david-strack\/","name":"Dr. David Strack - PACKAGING360\u00b0","isPartOf":{"@id":"https:\/\/dfvcg-events.de\/packaging-360\/#website"},"primaryImageOfPage":{"@id":"https:\/\/dfvcg-events.de\/packaging-360\/referent\/dr-david-strack\/#primaryimage"},"image":{"@id":"https:\/\/dfvcg-events.de\/packaging-360\/referent\/dr-david-strack\/#primaryimage"},"thumbnailUrl":"https:\/\/dfvcg-events.de\/packaging-360\/wp-content\/uploads\/sites\/16\/2022\/06\/Strack_David_Referentenfoto_P360_V2.jpg","datePublished":"2022-06-19T12:55:51+00:00","dateModified":"2022-06-20T10:31:46+00:00","description":"PACKAGING360\u00b0 | Begr\u00fc\u00dfen Sie auf der B\u00fchne: Dr. David Strack","breadcrumb":{"@id":"https:\/\/dfvcg-events.de\/packaging-360\/referent\/dr-david-strack\/#breadcrumb"},"inLanguage":"de","potentialAction":[{"@type":"ReadAction","target":["https:\/\/dfvcg-events.de\/packaging-360\/referent\/dr-david-strack\/"]}]},{"@type":"ImageObject","inLanguage":"de","@id":"https:\/\/dfvcg-events.de\/packaging-360\/referent\/dr-david-strack\/#primaryimage","url":"https:\/\/dfvcg-events.de\/packaging-360\/wp-content\/uploads\/sites\/16\/2022\/06\/Strack_David_Referentenfoto_P360_V2.jpg","contentUrl":"https:\/\/dfvcg-events.de\/packaging-360\/wp-content\/uploads\/sites\/16\/2022\/06\/Strack_David_Referentenfoto_P360_V2.jpg","width":2210,"height":2592},{"@type":"BreadcrumbList","@id":"https:\/\/dfvcg-events.de\/packaging-360\/referent\/dr-david-strack\/#breadcrumb","itemListElement":[{"@type":"ListItem","position":1,"name":"Startseite","item":"https:\/\/dfvcg-events.de\/packaging-360\/"},{"@type":"ListItem","position":2,"name":"Dr. David Strack"}]},{"@type":"WebSite","@id":"https:\/\/dfvcg-events.de\/packaging-360\/#website","url":"https:\/\/dfvcg-events.de\/packaging-360\/","name":"PACKAGING360\u00b0","description":"dfv Conference Group","publisher":{"@id":"https:\/\/dfvcg-events.de\/packaging-360\/#organization"},"potentialAction":[{"@type":"SearchAction","target":{"@type":"EntryPoint","urlTemplate":"https:\/\/dfvcg-events.de\/packaging-360\/?s={search_term_string}"},"query-input":{"@type":"PropertyValueSpecification","valueRequired":true,"valueName":"search_term_string"}}],"inLanguage":"de"},{"@type":"Organization","@id":"https:\/\/dfvcg-events.de\/packaging-360\/#organization","name":"PACKAGING360\u00b0","url":"https:\/\/dfvcg-events.de\/packaging-360\/","logo":{"@type":"ImageObject","inLanguage":"de","@id":"https:\/\/dfvcg-events.de\/packaging-360\/#\/schema\/logo\/image\/","url":"https:\/\/dfvcg-events.de\/packaging-360\/wp-content\/uploads\/sites\/16\/2020\/06\/dfvcg-packaging.jpg","contentUrl":"https:\/\/dfvcg-events.de\/packaging-360\/wp-content\/uploads\/sites\/16\/2020\/06\/dfvcg-packaging.jpg","width":800,"height":800,"caption":"PACKAGING360\u00b0"},"image":{"@id":"https:\/\/dfvcg-events.de\/packaging-360\/#\/schema\/logo\/image\/"}}]}},"_links":{"self":[{"href":"https:\/\/dfvcg-events.de\/packaging-360\/wp-json\/wp\/v2\/portfolio\/2429","targetHints":{"allow":["GET"]}}],"collection":[{"href":"https:\/\/dfvcg-events.de\/packaging-360\/wp-json\/wp\/v2\/portfolio"}],"about":[{"href":"https:\/\/dfvcg-events.de\/packaging-360\/wp-json\/wp\/v2\/types\/portfolio"}],"author":[{"embeddable":true,"href":"https:\/\/dfvcg-events.de\/packaging-360\/wp-json\/wp\/v2\/users\/19"}],"replies":[{"embeddable":true,"href":"https:\/\/dfvcg-events.de\/packaging-360\/wp-json\/wp\/v2\/comments?post=2429"}],"version-history":[{"count":0,"href":"https:\/\/dfvcg-events.de\/packaging-360\/wp-json\/wp\/v2\/portfolio\/2429\/revisions"}],"wp:featuredmedia":[{"embeddable":true,"href":"https:\/\/dfvcg-events.de\/packaging-360\/wp-json\/wp\/v2\/media\/2476"}],"wp:attachment":[{"href":"https:\/\/dfvcg-events.de\/packaging-360\/wp-json\/wp\/v2\/media?parent=2429"}],"wp:term":[{"taxonomy":"post_tag","embeddable":true,"href":"https:\/\/dfvcg-events.de\/packaging-360\/wp-json\/wp\/v2\/tags?post=2429"},{"taxonomy":"portfolio_entries","embeddable":true,"href":"https:\/\/dfvcg-events.de\/packaging-360\/wp-json\/wp\/v2\/portfolio_entries?post=2429"}],"curies":[{"name":"wp","href":"https:\/\/api.w.org\/{rel}","templated":true}]}}