{"id":2426,"date":"2022-06-19T14:52:59","date_gmt":"2022-06-19T12:52:59","guid":{"rendered":"https:\/\/dfvcg-events.de\/packaging-360\/?post_type=portfolio&#038;p=2426"},"modified":"2022-07-13T15:26:06","modified_gmt":"2022-07-13T13:26:06","slug":"matthias-hausmann","status":"publish","type":"portfolio","link":"https:\/\/dfvcg-events.de\/packaging-360\/vortragend\/matthias-hausmann\/","title":{"rendered":"Matthias Hausmann"},"content":{"rendered":"\n<style type=\"text\/css\" data-created_by=\"avia_inline_auto\" id=\"style-css-av-1hpil-9666fe4db9abbb55e16afcaa46b74565\">\n.flex_column.av-1hpil-9666fe4db9abbb55e16afcaa46b74565{\nborder-radius:0px 0px 0px 0px;\npadding:0px 0px 0px 0px;\n}\n<\/style>\n<div  class='flex_column av-1hpil-9666fe4db9abbb55e16afcaa46b74565 av_one_third  avia-builder-el-0  el_before_av_two_third  avia-builder-el-first  first flex_column_div av-zero-column-padding  '     ><style type=\"text\/css\" data-created_by=\"avia_inline_auto\" id=\"style-css-av-k7z57foz-b8d7a3176eff03329dd74d2d8a9e79ba\">\n.avia-image-container.av-k7z57foz-b8d7a3176eff03329dd74d2d8a9e79ba img.avia_image{\nbox-shadow:none;\n}\n.avia-image-container.av-k7z57foz-b8d7a3176eff03329dd74d2d8a9e79ba .av-image-caption-overlay-center{\ncolor:#ffffff;\n}\n<\/style>\n<div  class='avia-image-container av-k7z57foz-b8d7a3176eff03329dd74d2d8a9e79ba av-styling-no-styling avia-align-center  avia-builder-el-1  avia-builder-el-no-sibling '   itemprop=\"image\" itemscope=\"itemscope\" itemtype=\"https:\/\/schema.org\/ImageObject\" ><div class=\"avia-image-container-inner\"><div class=\"avia-image-overlay-wrap\"><img decoding=\"async\" fetchpriority=\"high\" class='wp-image-2673 avia-img-lazy-loading-not-2673 avia_image ' src=\"https:\/\/dfvcg-events.de\/packaging-360\/wp-content\/uploads\/sites\/16\/2022\/07\/Hausmann_Matthias_Referentenfoto_P360_V1.jpg\" alt='' title='Hausmann_Matthias_Referentenfoto_P360_V1'  height=\"791\" width=\"592\"  itemprop=\"thumbnailUrl\"  \/><\/div><\/div><\/div><\/div>\n<style type=\"text\/css\" data-created_by=\"avia_inline_auto\" id=\"style-css-av-q939-36bd9e2970eba44b209398e6adaba9f5\">\n.flex_column.av-q939-36bd9e2970eba44b209398e6adaba9f5{\nborder-radius:0px 0px 0px 0px;\npadding:0px 0px 0px 0px;\n}\n<\/style>\n<div  class='flex_column av-q939-36bd9e2970eba44b209398e6adaba9f5 av_two_third  avia-builder-el-2  el_after_av_one_third  avia-builder-el-last  flex_column_div av-zero-column-padding  '     ><p>\n<style type=\"text\/css\" data-created_by=\"avia_inline_auto\" id=\"style-css-av-kaux4tv8-6f89499b728b0a9cd8f0a3b7fe7dce3c\">\n#top .av-special-heading.av-kaux4tv8-6f89499b728b0a9cd8f0a3b7fe7dce3c{\npadding-bottom:10px;\n}\nbody .av-special-heading.av-kaux4tv8-6f89499b728b0a9cd8f0a3b7fe7dce3c .av-special-heading-tag .heading-char{\nfont-size:25px;\n}\n.av-special-heading.av-kaux4tv8-6f89499b728b0a9cd8f0a3b7fe7dce3c .av-subheading{\nfont-size:19px;\n}\n<\/style>\n<div  class='av-special-heading av-kaux4tv8-6f89499b728b0a9cd8f0a3b7fe7dce3c av-special-heading-h2 blockquote modern-quote  avia-builder-el-3  el_before_av_textblock  avia-builder-el-first '><h2 class='av-special-heading-tag '  itemprop=\"headline\"  >Matthias Hausmann<\/h2><div class='av-subheading av-subheading_below'><p>Head of Research &amp; Development<br \/>\nHead of Digitalisation<br \/>\nKiefel GmbH<\/p>\n<\/div><div class=\"special-heading-border\"><div class=\"special-heading-inner-border\"><\/div><\/div><\/div><br \/>\n<section  class='av_textblock_section av-k7yuci90-f8534781240039b49d63e38b610912bf '   itemscope=\"itemscope\" itemtype=\"https:\/\/schema.org\/CreativeWork\" ><div class='avia_textblock'  itemprop=\"text\" ><p>Matthias Hausmann startete seine berufliche Karriere in 2003 als Konstrukteur mit einem zuvor absolvierten Diplomstudium in Maschinenbau. \u00dcber sechs Jahre war er sp\u00e4ter dann bei der Firma EMECO Corporation besch\u00e4ftigt und leitete dort die Konstruktionsabteilung, bis er 2012 die Leitung der Entwicklungsabteilung bei Alzmetall \u00fcbernahm. Zu seinen Schwerpunkten geh\u00f6rten dabei die Themenbereiche Mechanik, Software, Steuerungstechnik sowie deren Dokumentation. Seit 2017 unterst\u00fctzt Matthias nun als Head of Research &amp; Development die KIEFEL GmbH in den Bereichen Forschung, Entwicklung und Digitalisierung und ist Treiber von Zukunftsthemen, die die Verpackungsindustrie nachhaltig besch\u00e4ftigen.<\/p>\n<\/div><\/section><\/p><\/div><\/p>\n","protected":false},"excerpt":{"rendered":"<p>Kiefel<\/p>\n","protected":false},"author":19,"featured_media":2673,"comment_status":"closed","ping_status":"closed","template":"","meta":{"footnotes":""},"tags":[],"portfolio_entries":[47,48],"class_list":["post-2426","portfolio","type-portfolio","status-publish","has-post-thumbnail","hentry","portfolio_entries-referent-2022","portfolio_entries-referent-2022-feature"],"yoast_head":"<!-- This site is optimized with the Yoast SEO plugin v27.4 - https:\/\/yoast.com\/product\/yoast-seo-wordpress\/ -->\n<title>Matthias Hausmann - PACKAGING360\u00b0<\/title>\n<meta name=\"description\" content=\"PACKAGING360\u00b0 | Begr\u00fc\u00dfen Sie auf der B\u00fchne: Matthias Hausmann\" \/>\n<meta name=\"robots\" content=\"index, follow, max-snippet:-1, max-image-preview:large, max-video-preview:-1\" \/>\n<link rel=\"canonical\" href=\"https:\/\/dfvcg-events.de\/packaging-360\/vortragend\/matthias-hausmann\/\" \/>\n<meta property=\"og:locale\" content=\"de_DE\" \/>\n<meta property=\"og:type\" content=\"article\" \/>\n<meta property=\"og:title\" content=\"Matthias Hausmann - PACKAGING360\u00b0\" \/>\n<meta property=\"og:description\" content=\"PACKAGING360\u00b0 | Begr\u00fc\u00dfen Sie auf der B\u00fchne: Matthias Hausmann\" \/>\n<meta property=\"og:url\" content=\"https:\/\/dfvcg-events.de\/packaging-360\/vortragend\/matthias-hausmann\/\" \/>\n<meta property=\"og:site_name\" content=\"PACKAGING360\u00b0\" \/>\n<meta property=\"article:modified_time\" content=\"2022-07-13T13:26:06+00:00\" \/>\n<meta property=\"og:image\" content=\"https:\/\/dfvcg-events.de\/packaging-360\/wp-content\/uploads\/sites\/16\/2022\/07\/Hausmann_Matthias_Referentenfoto_P360_V1.jpg\" \/>\n\t<meta property=\"og:image:width\" content=\"592\" \/>\n\t<meta property=\"og:image:height\" content=\"791\" \/>\n\t<meta property=\"og:image:type\" content=\"image\/jpeg\" \/>\n<meta name=\"twitter:card\" content=\"summary_large_image\" \/>\n<meta name=\"twitter:label1\" content=\"Gesch\u00e4tzte Lesezeit\" \/>\n\t<meta name=\"twitter:data1\" content=\"2\u00a0Minuten\" \/>\n<script type=\"application\/ld+json\" class=\"yoast-schema-graph\">{\"@context\":\"https:\\\/\\\/schema.org\",\"@graph\":[{\"@type\":\"WebPage\",\"@id\":\"https:\\\/\\\/dfvcg-events.de\\\/packaging-360\\\/vortragend\\\/matthias-hausmann\\\/\",\"url\":\"https:\\\/\\\/dfvcg-events.de\\\/packaging-360\\\/vortragend\\\/matthias-hausmann\\\/\",\"name\":\"Matthias Hausmann - PACKAGING360\u00b0\",\"isPartOf\":{\"@id\":\"https:\\\/\\\/dfvcg-events.de\\\/packaging-360\\\/#website\"},\"primaryImageOfPage\":{\"@id\":\"https:\\\/\\\/dfvcg-events.de\\\/packaging-360\\\/vortragend\\\/matthias-hausmann\\\/#primaryimage\"},\"image\":{\"@id\":\"https:\\\/\\\/dfvcg-events.de\\\/packaging-360\\\/vortragend\\\/matthias-hausmann\\\/#primaryimage\"},\"thumbnailUrl\":\"https:\\\/\\\/dfvcg-events.de\\\/packaging-360\\\/wp-content\\\/uploads\\\/sites\\\/16\\\/2022\\\/07\\\/Hausmann_Matthias_Referentenfoto_P360_V1.jpg\",\"datePublished\":\"2022-06-19T12:52:59+00:00\",\"dateModified\":\"2022-07-13T13:26:06+00:00\",\"description\":\"PACKAGING360\u00b0 | Begr\u00fc\u00dfen Sie auf der B\u00fchne: Matthias Hausmann\",\"breadcrumb\":{\"@id\":\"https:\\\/\\\/dfvcg-events.de\\\/packaging-360\\\/vortragend\\\/matthias-hausmann\\\/#breadcrumb\"},\"inLanguage\":\"de\",\"potentialAction\":[{\"@type\":\"ReadAction\",\"target\":[\"https:\\\/\\\/dfvcg-events.de\\\/packaging-360\\\/vortragend\\\/matthias-hausmann\\\/\"]}]},{\"@type\":\"ImageObject\",\"inLanguage\":\"de\",\"@id\":\"https:\\\/\\\/dfvcg-events.de\\\/packaging-360\\\/vortragend\\\/matthias-hausmann\\\/#primaryimage\",\"url\":\"https:\\\/\\\/dfvcg-events.de\\\/packaging-360\\\/wp-content\\\/uploads\\\/sites\\\/16\\\/2022\\\/07\\\/Hausmann_Matthias_Referentenfoto_P360_V1.jpg\",\"contentUrl\":\"https:\\\/\\\/dfvcg-events.de\\\/packaging-360\\\/wp-content\\\/uploads\\\/sites\\\/16\\\/2022\\\/07\\\/Hausmann_Matthias_Referentenfoto_P360_V1.jpg\",\"width\":592,\"height\":791},{\"@type\":\"BreadcrumbList\",\"@id\":\"https:\\\/\\\/dfvcg-events.de\\\/packaging-360\\\/vortragend\\\/matthias-hausmann\\\/#breadcrumb\",\"itemListElement\":[{\"@type\":\"ListItem\",\"position\":1,\"name\":\"Startseite\",\"item\":\"https:\\\/\\\/dfvcg-events.de\\\/packaging-360\\\/\"},{\"@type\":\"ListItem\",\"position\":2,\"name\":\"Matthias Hausmann\"}]},{\"@type\":\"WebSite\",\"@id\":\"https:\\\/\\\/dfvcg-events.de\\\/packaging-360\\\/#website\",\"url\":\"https:\\\/\\\/dfvcg-events.de\\\/packaging-360\\\/\",\"name\":\"PACKAGING360\u00b0\",\"description\":\"dfv Conference Group\",\"publisher\":{\"@id\":\"https:\\\/\\\/dfvcg-events.de\\\/packaging-360\\\/#organization\"},\"potentialAction\":[{\"@type\":\"SearchAction\",\"target\":{\"@type\":\"EntryPoint\",\"urlTemplate\":\"https:\\\/\\\/dfvcg-events.de\\\/packaging-360\\\/?s={search_term_string}\"},\"query-input\":{\"@type\":\"PropertyValueSpecification\",\"valueRequired\":true,\"valueName\":\"search_term_string\"}}],\"inLanguage\":\"de\"},{\"@type\":\"Organization\",\"@id\":\"https:\\\/\\\/dfvcg-events.de\\\/packaging-360\\\/#organization\",\"name\":\"PACKAGING360\u00b0\",\"url\":\"https:\\\/\\\/dfvcg-events.de\\\/packaging-360\\\/\",\"logo\":{\"@type\":\"ImageObject\",\"inLanguage\":\"de\",\"@id\":\"https:\\\/\\\/dfvcg-events.de\\\/packaging-360\\\/#\\\/schema\\\/logo\\\/image\\\/\",\"url\":\"https:\\\/\\\/dfvcg-events.de\\\/packaging-360\\\/wp-content\\\/uploads\\\/sites\\\/16\\\/2020\\\/06\\\/dfvcg-packaging.jpg\",\"contentUrl\":\"https:\\\/\\\/dfvcg-events.de\\\/packaging-360\\\/wp-content\\\/uploads\\\/sites\\\/16\\\/2020\\\/06\\\/dfvcg-packaging.jpg\",\"width\":800,\"height\":800,\"caption\":\"PACKAGING360\u00b0\"},\"image\":{\"@id\":\"https:\\\/\\\/dfvcg-events.de\\\/packaging-360\\\/#\\\/schema\\\/logo\\\/image\\\/\"}}]}<\/script>\n<!-- \/ Yoast SEO plugin. -->","yoast_head_json":{"title":"Matthias Hausmann - PACKAGING360\u00b0","description":"PACKAGING360\u00b0 | Begr\u00fc\u00dfen Sie auf der B\u00fchne: Matthias Hausmann","robots":{"index":"index","follow":"follow","max-snippet":"max-snippet:-1","max-image-preview":"max-image-preview:large","max-video-preview":"max-video-preview:-1"},"canonical":"https:\/\/dfvcg-events.de\/packaging-360\/vortragend\/matthias-hausmann\/","og_locale":"de_DE","og_type":"article","og_title":"Matthias Hausmann - PACKAGING360\u00b0","og_description":"PACKAGING360\u00b0 | Begr\u00fc\u00dfen Sie auf der B\u00fchne: Matthias Hausmann","og_url":"https:\/\/dfvcg-events.de\/packaging-360\/vortragend\/matthias-hausmann\/","og_site_name":"PACKAGING360\u00b0","article_modified_time":"2022-07-13T13:26:06+00:00","og_image":[{"width":592,"height":791,"url":"https:\/\/dfvcg-events.de\/packaging-360\/wp-content\/uploads\/sites\/16\/2022\/07\/Hausmann_Matthias_Referentenfoto_P360_V1.jpg","type":"image\/jpeg"}],"twitter_card":"summary_large_image","twitter_misc":{"Gesch\u00e4tzte Lesezeit":"2\u00a0Minuten"},"schema":{"@context":"https:\/\/schema.org","@graph":[{"@type":"WebPage","@id":"https:\/\/dfvcg-events.de\/packaging-360\/vortragend\/matthias-hausmann\/","url":"https:\/\/dfvcg-events.de\/packaging-360\/vortragend\/matthias-hausmann\/","name":"Matthias Hausmann - PACKAGING360\u00b0","isPartOf":{"@id":"https:\/\/dfvcg-events.de\/packaging-360\/#website"},"primaryImageOfPage":{"@id":"https:\/\/dfvcg-events.de\/packaging-360\/vortragend\/matthias-hausmann\/#primaryimage"},"image":{"@id":"https:\/\/dfvcg-events.de\/packaging-360\/vortragend\/matthias-hausmann\/#primaryimage"},"thumbnailUrl":"https:\/\/dfvcg-events.de\/packaging-360\/wp-content\/uploads\/sites\/16\/2022\/07\/Hausmann_Matthias_Referentenfoto_P360_V1.jpg","datePublished":"2022-06-19T12:52:59+00:00","dateModified":"2022-07-13T13:26:06+00:00","description":"PACKAGING360\u00b0 | Begr\u00fc\u00dfen Sie auf der B\u00fchne: Matthias Hausmann","breadcrumb":{"@id":"https:\/\/dfvcg-events.de\/packaging-360\/vortragend\/matthias-hausmann\/#breadcrumb"},"inLanguage":"de","potentialAction":[{"@type":"ReadAction","target":["https:\/\/dfvcg-events.de\/packaging-360\/vortragend\/matthias-hausmann\/"]}]},{"@type":"ImageObject","inLanguage":"de","@id":"https:\/\/dfvcg-events.de\/packaging-360\/vortragend\/matthias-hausmann\/#primaryimage","url":"https:\/\/dfvcg-events.de\/packaging-360\/wp-content\/uploads\/sites\/16\/2022\/07\/Hausmann_Matthias_Referentenfoto_P360_V1.jpg","contentUrl":"https:\/\/dfvcg-events.de\/packaging-360\/wp-content\/uploads\/sites\/16\/2022\/07\/Hausmann_Matthias_Referentenfoto_P360_V1.jpg","width":592,"height":791},{"@type":"BreadcrumbList","@id":"https:\/\/dfvcg-events.de\/packaging-360\/vortragend\/matthias-hausmann\/#breadcrumb","itemListElement":[{"@type":"ListItem","position":1,"name":"Startseite","item":"https:\/\/dfvcg-events.de\/packaging-360\/"},{"@type":"ListItem","position":2,"name":"Matthias Hausmann"}]},{"@type":"WebSite","@id":"https:\/\/dfvcg-events.de\/packaging-360\/#website","url":"https:\/\/dfvcg-events.de\/packaging-360\/","name":"PACKAGING360\u00b0","description":"dfv Conference Group","publisher":{"@id":"https:\/\/dfvcg-events.de\/packaging-360\/#organization"},"potentialAction":[{"@type":"SearchAction","target":{"@type":"EntryPoint","urlTemplate":"https:\/\/dfvcg-events.de\/packaging-360\/?s={search_term_string}"},"query-input":{"@type":"PropertyValueSpecification","valueRequired":true,"valueName":"search_term_string"}}],"inLanguage":"de"},{"@type":"Organization","@id":"https:\/\/dfvcg-events.de\/packaging-360\/#organization","name":"PACKAGING360\u00b0","url":"https:\/\/dfvcg-events.de\/packaging-360\/","logo":{"@type":"ImageObject","inLanguage":"de","@id":"https:\/\/dfvcg-events.de\/packaging-360\/#\/schema\/logo\/image\/","url":"https:\/\/dfvcg-events.de\/packaging-360\/wp-content\/uploads\/sites\/16\/2020\/06\/dfvcg-packaging.jpg","contentUrl":"https:\/\/dfvcg-events.de\/packaging-360\/wp-content\/uploads\/sites\/16\/2020\/06\/dfvcg-packaging.jpg","width":800,"height":800,"caption":"PACKAGING360\u00b0"},"image":{"@id":"https:\/\/dfvcg-events.de\/packaging-360\/#\/schema\/logo\/image\/"}}]}},"_links":{"self":[{"href":"https:\/\/dfvcg-events.de\/packaging-360\/wp-json\/wp\/v2\/portfolio\/2426","targetHints":{"allow":["GET"]}}],"collection":[{"href":"https:\/\/dfvcg-events.de\/packaging-360\/wp-json\/wp\/v2\/portfolio"}],"about":[{"href":"https:\/\/dfvcg-events.de\/packaging-360\/wp-json\/wp\/v2\/types\/portfolio"}],"author":[{"embeddable":true,"href":"https:\/\/dfvcg-events.de\/packaging-360\/wp-json\/wp\/v2\/users\/19"}],"replies":[{"embeddable":true,"href":"https:\/\/dfvcg-events.de\/packaging-360\/wp-json\/wp\/v2\/comments?post=2426"}],"version-history":[{"count":0,"href":"https:\/\/dfvcg-events.de\/packaging-360\/wp-json\/wp\/v2\/portfolio\/2426\/revisions"}],"wp:featuredmedia":[{"embeddable":true,"href":"https:\/\/dfvcg-events.de\/packaging-360\/wp-json\/wp\/v2\/media\/2673"}],"wp:attachment":[{"href":"https:\/\/dfvcg-events.de\/packaging-360\/wp-json\/wp\/v2\/media?parent=2426"}],"wp:term":[{"taxonomy":"post_tag","embeddable":true,"href":"https:\/\/dfvcg-events.de\/packaging-360\/wp-json\/wp\/v2\/tags?post=2426"},{"taxonomy":"portfolio_entries","embeddable":true,"href":"https:\/\/dfvcg-events.de\/packaging-360\/wp-json\/wp\/v2\/portfolio_entries?post=2426"}],"curies":[{"name":"wp","href":"https:\/\/api.w.org\/{rel}","templated":true}]}}