{"id":2420,"date":"2022-06-19T14:46:41","date_gmt":"2022-06-19T12:46:41","guid":{"rendered":"https:\/\/dfvcg-events.de\/packaging-360\/?post_type=portfolio&#038;p=2420"},"modified":"2022-08-17T17:28:18","modified_gmt":"2022-08-17T15:28:18","slug":"florian-huber","status":"publish","type":"portfolio","link":"https:\/\/dfvcg-events.de\/packaging-360\/vortragend\/florian-huber\/","title":{"rendered":"Florian Huber"},"content":{"rendered":"<\/div><\/div><\/div><!-- close content main div --><\/div><\/div><div class='clear'><\/div><div id='sub_menu1'  class='av-submenu-container av-k7xs13ge-93e46e94d788020e2d3c5b8a15e2e1da main_color av-sticky-submenu container_wrap fullsize' style='z-index:301' ><div class='container av-menu-mobile-disabled av-submenu-pos-left'><ul id=\"menu-navigation\" class=\"av-subnav-menu\" role=\"menu\"><li role=\"menuitem\" id=\"menu-item-1114\" class=\"menu-item menu-item-type-post_type menu-item-object-page av-menu-button av-menu-button-colored menu-item-top-level menu-item-top-level-1\"><a href=\"https:\/\/dfvcg-events.de\/packaging-360\/jetzt-anmelden\/\" itemprop=\"url\" tabindex=\"0\"><span class=\"avia-bullet\"><\/span><span class=\"avia-menu-text\">Jetzt anmelden<\/span><span class=\"avia-menu-fx\"><span class=\"avia-arrow-wrap\"><span class=\"avia-arrow\"><\/span><\/span><\/span><\/a><\/li>\n<li role=\"menuitem\" id=\"menu-item-2211\" class=\"menu-item menu-item-type-post_type menu-item-object-page menu-item-home menu-item-top-level menu-item-top-level-2\"><a href=\"https:\/\/dfvcg-events.de\/packaging-360\/\" itemprop=\"url\" tabindex=\"0\"><span class=\"avia-bullet\"><\/span><span class=\"avia-menu-text\">Start<\/span><span class=\"avia-menu-fx\"><span class=\"avia-arrow-wrap\"><span class=\"avia-arrow\"><\/span><\/span><\/span><\/a><\/li>\n<li role=\"menuitem\" id=\"menu-item-2208\" class=\"menu-item menu-item-type-post_type menu-item-object-page menu-item-top-level menu-item-top-level-3\"><a href=\"https:\/\/dfvcg-events.de\/packaging-360\/programm-2022\/\" itemprop=\"url\" tabindex=\"0\"><span class=\"avia-bullet\"><\/span><span class=\"avia-menu-text\">Programm<\/span><span class=\"avia-menu-fx\"><span class=\"avia-arrow-wrap\"><span class=\"avia-arrow\"><\/span><\/span><\/span><\/a><\/li>\n<li role=\"menuitem\" id=\"menu-item-2210\" class=\"menu-item menu-item-type-post_type menu-item-object-page menu-item-top-level menu-item-top-level-4\"><a href=\"https:\/\/dfvcg-events.de\/packaging-360\/vortragende-2022\/\" itemprop=\"url\" tabindex=\"0\"><span class=\"avia-bullet\"><\/span><span class=\"avia-menu-text\">Vortragende<\/span><span class=\"avia-menu-fx\"><span class=\"avia-arrow-wrap\"><span class=\"avia-arrow\"><\/span><\/span><\/span><\/a><\/li>\n<li role=\"menuitem\" id=\"menu-item-2209\" class=\"menu-item menu-item-type-post_type menu-item-object-page menu-item-top-level menu-item-top-level-5\"><a href=\"https:\/\/dfvcg-events.de\/packaging-360\/aussteller-sponsoren-2022\/\" itemprop=\"url\" tabindex=\"0\"><span class=\"avia-bullet\"><\/span><span class=\"avia-menu-text\">Partner &amp; Aussteller<\/span><span class=\"avia-menu-fx\"><span class=\"avia-arrow-wrap\"><span class=\"avia-arrow\"><\/span><\/span><\/span><\/a><\/li>\n<li role=\"menuitem\" id=\"menu-item-1465\" class=\"menu-item menu-item-type-custom menu-item-object-custom menu-item-has-children menu-item-top-level menu-item-top-level-6\"><a href=\"#\" itemprop=\"url\" tabindex=\"0\"><span class=\"avia-bullet\"><\/span><span class=\"avia-menu-text\">Service<\/span><span class=\"avia-menu-fx\"><span class=\"avia-arrow-wrap\"><span class=\"avia-arrow\"><\/span><\/span><\/span><\/a>\n\n\n<ul class=\"sub-menu\">\n\t<li role=\"menuitem\" id=\"menu-item-1425\" class=\"menu-item menu-item-type-post_type menu-item-object-page\"><a href=\"https:\/\/dfvcg-events.de\/packaging-360\/kontakt\/\" itemprop=\"url\" tabindex=\"0\"><span class=\"avia-bullet\"><\/span><span class=\"avia-menu-text\">Kontakt<\/span><\/a><\/li>\n\t<li role=\"menuitem\" id=\"menu-item-1466\" class=\"menu-item menu-item-type-post_type menu-item-object-page\"><a href=\"https:\/\/dfvcg-events.de\/packaging-360\/hotel-anreise\/\" itemprop=\"url\" tabindex=\"0\"><span class=\"avia-bullet\"><\/span><span class=\"avia-menu-text\">Hotel &amp; Anreise<\/span><\/a><\/li>\n\t<li role=\"menuitem\" id=\"menu-item-2206\" class=\"menu-item menu-item-type-post_type menu-item-object-page menu-item-has-children\"><a href=\"https:\/\/dfvcg-events.de\/packaging-360\/download-center-2022\/\" itemprop=\"url\" tabindex=\"0\"><span class=\"avia-bullet\"><\/span><span class=\"avia-menu-text\">Download-Center<\/span><\/a>\n\t<ul class=\"sub-menu\">\n\t\t<li role=\"menuitem\" id=\"menu-item-2207\" class=\"menu-item menu-item-type-post_type menu-item-object-page\"><a href=\"https:\/\/dfvcg-events.de\/packaging-360\/download-center-2022\/teilnehmerbereich-2022\/\" itemprop=\"url\" tabindex=\"0\"><span class=\"avia-bullet\"><\/span><span class=\"avia-menu-text\">Teilnehmerbereich<\/span><\/a><\/li>\n\t<\/ul>\n<\/li>\n<\/ul>\n<\/li>\n<\/ul><\/div><\/div><div class='sticky_placeholder'><\/div>\n\n<style type=\"text\/css\" data-created_by=\"avia_inline_auto\" id=\"style-css-av-1hpil-9666fe4db9abbb55e16afcaa46b74565\">\n.flex_column.av-1hpil-9666fe4db9abbb55e16afcaa46b74565{\nborder-radius:0px 0px 0px 0px;\npadding:0px 0px 0px 0px;\n}\n<\/style>\n<div  class='flex_column av-1hpil-9666fe4db9abbb55e16afcaa46b74565 av_one_third  avia-builder-el-0  el_before_av_two_third  avia-builder-el-first  first flex_column_div av-zero-column-padding  '     ><style type=\"text\/css\" data-created_by=\"avia_inline_auto\" id=\"style-css-av-k7z57foz-3c8745628c93a9f1b30fd1f8db749322\">\n.avia-image-container.av-k7z57foz-3c8745628c93a9f1b30fd1f8db749322 img.avia_image{\nbox-shadow:none;\n}\n.avia-image-container.av-k7z57foz-3c8745628c93a9f1b30fd1f8db749322 .av-image-caption-overlay-center{\ncolor:#ffffff;\n}\n<\/style>\n<div  class='avia-image-container av-k7z57foz-3c8745628c93a9f1b30fd1f8db749322 av-styling-no-styling avia-align-center  avia-builder-el-1  avia-builder-el-no-sibling '   itemprop=\"image\" itemscope=\"itemscope\" itemtype=\"https:\/\/schema.org\/ImageObject\" ><div class=\"avia-image-container-inner\"><div class=\"avia-image-overlay-wrap\"><img decoding=\"async\" fetchpriority=\"high\" class='wp-image-2475 avia-img-lazy-loading-not-2475 avia_image ' src=\"https:\/\/dfvcg-events.de\/packaging-360\/wp-content\/uploads\/sites\/16\/2022\/06\/Huber_Florian_Referentenfoto_P360_V2.jpg\" alt='' title='Huber_Florian_Referentenfoto_P360_V2'  height=\"1080\" width=\"810\"  itemprop=\"thumbnailUrl\"  \/><\/div><\/div><\/div><\/div>\n\n<style type=\"text\/css\" data-created_by=\"avia_inline_auto\" id=\"style-css-av-q939-36bd9e2970eba44b209398e6adaba9f5\">\n.flex_column.av-q939-36bd9e2970eba44b209398e6adaba9f5{\nborder-radius:0px 0px 0px 0px;\npadding:0px 0px 0px 0px;\n}\n<\/style>\n<div  class='flex_column av-q939-36bd9e2970eba44b209398e6adaba9f5 av_two_third  avia-builder-el-2  el_after_av_one_third  avia-builder-el-last  flex_column_div av-zero-column-padding  '     ><p>\n<style type=\"text\/css\" data-created_by=\"avia_inline_auto\" id=\"style-css-av-kaux4tv8-eb7c0fdca5d2fa647b4566ae380c3569\">\n#top .av-special-heading.av-kaux4tv8-eb7c0fdca5d2fa647b4566ae380c3569{\npadding-bottom:10px;\n}\nbody .av-special-heading.av-kaux4tv8-eb7c0fdca5d2fa647b4566ae380c3569 .av-special-heading-tag .heading-char{\nfont-size:25px;\n}\n.av-special-heading.av-kaux4tv8-eb7c0fdca5d2fa647b4566ae380c3569 .av-subheading{\nfont-size:19px;\n}\n<\/style>\n<div  class='av-special-heading av-kaux4tv8-eb7c0fdca5d2fa647b4566ae380c3569 av-special-heading-h2 blockquote modern-quote  avia-builder-el-3  el_before_av_textblock  avia-builder-el-first '><h2 class='av-special-heading-tag '  itemprop=\"headline\"  >Florian Huber<\/h2><div class='av-subheading av-subheading_below'><p>EY Carbon<br \/>\nLeiter<\/p>\n<\/div><div class=\"special-heading-border\"><div class=\"special-heading-inner-border\"><\/div><\/div><\/div><br \/>\n<section  class='av_textblock_section av-k7yuci90-f8534781240039b49d63e38b610912bf '   itemscope=\"itemscope\" itemtype=\"https:\/\/schema.org\/CreativeWork\" ><div class='avia_textblock'  itemprop=\"text\" ><p>Transformations-Enthusiast, der es liebt, mit anderen zusammen Neues zu erschaffen. Original M\u00fcnchner, wo er mit seiner Frau und 4 Kindern die typischen Hobbys pflegt.<\/p>\n<p>Florian Huber verantwortet als Partner den Ausbau der Nachhaltigkeitsberatung in Europa. Zudem leitet er EYCarbon, das er zusammen mit Kollegen vor 2 Jahren als Antwort auf die Herausforderungen der Dekarbonisierung mit gegr\u00fcndet hat. Sein Schwerpunkt ist das Thema Nachhaltige Transformation mit einem besonderen Fokus auf Konsumg\u00fcter und Handel.<\/p>\n<p>Florian Huber ist ein Transformationsspezialist, der Unternehmen aus dem OLD ins NEW f\u00fchrt \u2013 Aktuell und in Zukunft ist dieses NEW ganz klar klimaneutral und hier liegt auch der Fokus. Im Laufe der Jahre hat Florian Huber Unternehmen schon in verschiedenen Rollen \u2013 als Berater, Chief Restructuring Officer, Start-up-Unternehmer und Coach \u2013 unterst\u00fctzt.<\/p>\n<p>Er glaubt an ein H2H-Modell (von Mensch zu Mensch) &#8211; eines, das kundenorientiert, technologiebasiert, agil und auf einer Kultur basiert, bei der das Kundenerlebnis an erster Stelle steht. Er ist der richtige Ansprechpartner, wenn Kunden wirklich etwas \u00e4ndern wollen und unsicher sind, wie die Ver\u00e4nderung erfolgreich umgesetzt werden kann.<\/p>\n<p>&#8222;Building a better working world&#8220; und zwar nicht auf dem Papier, sondern in Wirklichkeit.<\/p>\n<\/div><\/section><\/p><\/div>\n","protected":false},"excerpt":{"rendered":"<p>EY Carbon<\/p>\n","protected":false},"author":19,"featured_media":2475,"comment_status":"closed","ping_status":"closed","template":"","meta":{"footnotes":""},"tags":[],"portfolio_entries":[],"class_list":["post-2420","portfolio","type-portfolio","status-publish","has-post-thumbnail","hentry"],"yoast_head":"<!-- This site is optimized with the Yoast SEO plugin v27.4 - https:\/\/yoast.com\/product\/yoast-seo-wordpress\/ -->\n<title>Florian Huber - PACKAGING360\u00b0<\/title>\n<meta name=\"description\" content=\"PACKAGING360\u00b0 | Begr\u00fc\u00dfen Sie auf der B\u00fchne: Florian Huber\" \/>\n<meta name=\"robots\" content=\"index, follow, max-snippet:-1, max-image-preview:large, max-video-preview:-1\" \/>\n<link rel=\"canonical\" href=\"https:\/\/dfvcg-events.de\/packaging-360\/vortragend\/florian-huber\/\" \/>\n<meta property=\"og:locale\" content=\"de_DE\" \/>\n<meta property=\"og:type\" content=\"article\" \/>\n<meta property=\"og:title\" content=\"Florian Huber - PACKAGING360\u00b0\" \/>\n<meta property=\"og:description\" content=\"PACKAGING360\u00b0 | Begr\u00fc\u00dfen Sie auf der B\u00fchne: Florian Huber\" \/>\n<meta property=\"og:url\" content=\"https:\/\/dfvcg-events.de\/packaging-360\/vortragend\/florian-huber\/\" \/>\n<meta property=\"og:site_name\" content=\"PACKAGING360\u00b0\" \/>\n<meta property=\"article:modified_time\" content=\"2022-08-17T15:28:18+00:00\" \/>\n<meta property=\"og:image\" content=\"https:\/\/dfvcg-events.de\/packaging-360\/wp-content\/uploads\/sites\/16\/2022\/06\/Huber_Florian_Referentenfoto_P360_V2.jpg\" \/>\n\t<meta property=\"og:image:width\" content=\"810\" \/>\n\t<meta property=\"og:image:height\" content=\"1080\" \/>\n\t<meta property=\"og:image:type\" content=\"image\/jpeg\" \/>\n<meta name=\"twitter:card\" content=\"summary_large_image\" \/>\n<meta name=\"twitter:label1\" content=\"Gesch\u00e4tzte Lesezeit\" \/>\n\t<meta name=\"twitter:data1\" content=\"3\u00a0Minuten\" \/>\n<script type=\"application\/ld+json\" class=\"yoast-schema-graph\">{\"@context\":\"https:\\\/\\\/schema.org\",\"@graph\":[{\"@type\":\"WebPage\",\"@id\":\"https:\\\/\\\/dfvcg-events.de\\\/packaging-360\\\/vortragend\\\/florian-huber\\\/\",\"url\":\"https:\\\/\\\/dfvcg-events.de\\\/packaging-360\\\/vortragend\\\/florian-huber\\\/\",\"name\":\"Florian Huber - PACKAGING360\u00b0\",\"isPartOf\":{\"@id\":\"https:\\\/\\\/dfvcg-events.de\\\/packaging-360\\\/#website\"},\"primaryImageOfPage\":{\"@id\":\"https:\\\/\\\/dfvcg-events.de\\\/packaging-360\\\/vortragend\\\/florian-huber\\\/#primaryimage\"},\"image\":{\"@id\":\"https:\\\/\\\/dfvcg-events.de\\\/packaging-360\\\/vortragend\\\/florian-huber\\\/#primaryimage\"},\"thumbnailUrl\":\"https:\\\/\\\/dfvcg-events.de\\\/packaging-360\\\/wp-content\\\/uploads\\\/sites\\\/16\\\/2022\\\/06\\\/Huber_Florian_Referentenfoto_P360_V2.jpg\",\"datePublished\":\"2022-06-19T12:46:41+00:00\",\"dateModified\":\"2022-08-17T15:28:18+00:00\",\"description\":\"PACKAGING360\u00b0 | Begr\u00fc\u00dfen Sie auf der B\u00fchne: Florian Huber\",\"breadcrumb\":{\"@id\":\"https:\\\/\\\/dfvcg-events.de\\\/packaging-360\\\/vortragend\\\/florian-huber\\\/#breadcrumb\"},\"inLanguage\":\"de\",\"potentialAction\":[{\"@type\":\"ReadAction\",\"target\":[\"https:\\\/\\\/dfvcg-events.de\\\/packaging-360\\\/vortragend\\\/florian-huber\\\/\"]}]},{\"@type\":\"ImageObject\",\"inLanguage\":\"de\",\"@id\":\"https:\\\/\\\/dfvcg-events.de\\\/packaging-360\\\/vortragend\\\/florian-huber\\\/#primaryimage\",\"url\":\"https:\\\/\\\/dfvcg-events.de\\\/packaging-360\\\/wp-content\\\/uploads\\\/sites\\\/16\\\/2022\\\/06\\\/Huber_Florian_Referentenfoto_P360_V2.jpg\",\"contentUrl\":\"https:\\\/\\\/dfvcg-events.de\\\/packaging-360\\\/wp-content\\\/uploads\\\/sites\\\/16\\\/2022\\\/06\\\/Huber_Florian_Referentenfoto_P360_V2.jpg\",\"width\":810,\"height\":1080},{\"@type\":\"BreadcrumbList\",\"@id\":\"https:\\\/\\\/dfvcg-events.de\\\/packaging-360\\\/vortragend\\\/florian-huber\\\/#breadcrumb\",\"itemListElement\":[{\"@type\":\"ListItem\",\"position\":1,\"name\":\"Startseite\",\"item\":\"https:\\\/\\\/dfvcg-events.de\\\/packaging-360\\\/\"},{\"@type\":\"ListItem\",\"position\":2,\"name\":\"Florian Huber\"}]},{\"@type\":\"WebSite\",\"@id\":\"https:\\\/\\\/dfvcg-events.de\\\/packaging-360\\\/#website\",\"url\":\"https:\\\/\\\/dfvcg-events.de\\\/packaging-360\\\/\",\"name\":\"PACKAGING360\u00b0\",\"description\":\"dfv Conference Group\",\"publisher\":{\"@id\":\"https:\\\/\\\/dfvcg-events.de\\\/packaging-360\\\/#organization\"},\"potentialAction\":[{\"@type\":\"SearchAction\",\"target\":{\"@type\":\"EntryPoint\",\"urlTemplate\":\"https:\\\/\\\/dfvcg-events.de\\\/packaging-360\\\/?s={search_term_string}\"},\"query-input\":{\"@type\":\"PropertyValueSpecification\",\"valueRequired\":true,\"valueName\":\"search_term_string\"}}],\"inLanguage\":\"de\"},{\"@type\":\"Organization\",\"@id\":\"https:\\\/\\\/dfvcg-events.de\\\/packaging-360\\\/#organization\",\"name\":\"PACKAGING360\u00b0\",\"url\":\"https:\\\/\\\/dfvcg-events.de\\\/packaging-360\\\/\",\"logo\":{\"@type\":\"ImageObject\",\"inLanguage\":\"de\",\"@id\":\"https:\\\/\\\/dfvcg-events.de\\\/packaging-360\\\/#\\\/schema\\\/logo\\\/image\\\/\",\"url\":\"https:\\\/\\\/dfvcg-events.de\\\/packaging-360\\\/wp-content\\\/uploads\\\/sites\\\/16\\\/2020\\\/06\\\/dfvcg-packaging.jpg\",\"contentUrl\":\"https:\\\/\\\/dfvcg-events.de\\\/packaging-360\\\/wp-content\\\/uploads\\\/sites\\\/16\\\/2020\\\/06\\\/dfvcg-packaging.jpg\",\"width\":800,\"height\":800,\"caption\":\"PACKAGING360\u00b0\"},\"image\":{\"@id\":\"https:\\\/\\\/dfvcg-events.de\\\/packaging-360\\\/#\\\/schema\\\/logo\\\/image\\\/\"}}]}<\/script>\n<!-- \/ Yoast SEO plugin. -->","yoast_head_json":{"title":"Florian Huber - PACKAGING360\u00b0","description":"PACKAGING360\u00b0 | Begr\u00fc\u00dfen Sie auf der B\u00fchne: Florian Huber","robots":{"index":"index","follow":"follow","max-snippet":"max-snippet:-1","max-image-preview":"max-image-preview:large","max-video-preview":"max-video-preview:-1"},"canonical":"https:\/\/dfvcg-events.de\/packaging-360\/vortragend\/florian-huber\/","og_locale":"de_DE","og_type":"article","og_title":"Florian Huber - PACKAGING360\u00b0","og_description":"PACKAGING360\u00b0 | Begr\u00fc\u00dfen Sie auf der B\u00fchne: Florian Huber","og_url":"https:\/\/dfvcg-events.de\/packaging-360\/vortragend\/florian-huber\/","og_site_name":"PACKAGING360\u00b0","article_modified_time":"2022-08-17T15:28:18+00:00","og_image":[{"width":810,"height":1080,"url":"https:\/\/dfvcg-events.de\/packaging-360\/wp-content\/uploads\/sites\/16\/2022\/06\/Huber_Florian_Referentenfoto_P360_V2.jpg","type":"image\/jpeg"}],"twitter_card":"summary_large_image","twitter_misc":{"Gesch\u00e4tzte Lesezeit":"3\u00a0Minuten"},"schema":{"@context":"https:\/\/schema.org","@graph":[{"@type":"WebPage","@id":"https:\/\/dfvcg-events.de\/packaging-360\/vortragend\/florian-huber\/","url":"https:\/\/dfvcg-events.de\/packaging-360\/vortragend\/florian-huber\/","name":"Florian Huber - PACKAGING360\u00b0","isPartOf":{"@id":"https:\/\/dfvcg-events.de\/packaging-360\/#website"},"primaryImageOfPage":{"@id":"https:\/\/dfvcg-events.de\/packaging-360\/vortragend\/florian-huber\/#primaryimage"},"image":{"@id":"https:\/\/dfvcg-events.de\/packaging-360\/vortragend\/florian-huber\/#primaryimage"},"thumbnailUrl":"https:\/\/dfvcg-events.de\/packaging-360\/wp-content\/uploads\/sites\/16\/2022\/06\/Huber_Florian_Referentenfoto_P360_V2.jpg","datePublished":"2022-06-19T12:46:41+00:00","dateModified":"2022-08-17T15:28:18+00:00","description":"PACKAGING360\u00b0 | Begr\u00fc\u00dfen Sie auf der B\u00fchne: Florian Huber","breadcrumb":{"@id":"https:\/\/dfvcg-events.de\/packaging-360\/vortragend\/florian-huber\/#breadcrumb"},"inLanguage":"de","potentialAction":[{"@type":"ReadAction","target":["https:\/\/dfvcg-events.de\/packaging-360\/vortragend\/florian-huber\/"]}]},{"@type":"ImageObject","inLanguage":"de","@id":"https:\/\/dfvcg-events.de\/packaging-360\/vortragend\/florian-huber\/#primaryimage","url":"https:\/\/dfvcg-events.de\/packaging-360\/wp-content\/uploads\/sites\/16\/2022\/06\/Huber_Florian_Referentenfoto_P360_V2.jpg","contentUrl":"https:\/\/dfvcg-events.de\/packaging-360\/wp-content\/uploads\/sites\/16\/2022\/06\/Huber_Florian_Referentenfoto_P360_V2.jpg","width":810,"height":1080},{"@type":"BreadcrumbList","@id":"https:\/\/dfvcg-events.de\/packaging-360\/vortragend\/florian-huber\/#breadcrumb","itemListElement":[{"@type":"ListItem","position":1,"name":"Startseite","item":"https:\/\/dfvcg-events.de\/packaging-360\/"},{"@type":"ListItem","position":2,"name":"Florian Huber"}]},{"@type":"WebSite","@id":"https:\/\/dfvcg-events.de\/packaging-360\/#website","url":"https:\/\/dfvcg-events.de\/packaging-360\/","name":"PACKAGING360\u00b0","description":"dfv Conference Group","publisher":{"@id":"https:\/\/dfvcg-events.de\/packaging-360\/#organization"},"potentialAction":[{"@type":"SearchAction","target":{"@type":"EntryPoint","urlTemplate":"https:\/\/dfvcg-events.de\/packaging-360\/?s={search_term_string}"},"query-input":{"@type":"PropertyValueSpecification","valueRequired":true,"valueName":"search_term_string"}}],"inLanguage":"de"},{"@type":"Organization","@id":"https:\/\/dfvcg-events.de\/packaging-360\/#organization","name":"PACKAGING360\u00b0","url":"https:\/\/dfvcg-events.de\/packaging-360\/","logo":{"@type":"ImageObject","inLanguage":"de","@id":"https:\/\/dfvcg-events.de\/packaging-360\/#\/schema\/logo\/image\/","url":"https:\/\/dfvcg-events.de\/packaging-360\/wp-content\/uploads\/sites\/16\/2020\/06\/dfvcg-packaging.jpg","contentUrl":"https:\/\/dfvcg-events.de\/packaging-360\/wp-content\/uploads\/sites\/16\/2020\/06\/dfvcg-packaging.jpg","width":800,"height":800,"caption":"PACKAGING360\u00b0"},"image":{"@id":"https:\/\/dfvcg-events.de\/packaging-360\/#\/schema\/logo\/image\/"}}]}},"_links":{"self":[{"href":"https:\/\/dfvcg-events.de\/packaging-360\/wp-json\/wp\/v2\/portfolio\/2420","targetHints":{"allow":["GET"]}}],"collection":[{"href":"https:\/\/dfvcg-events.de\/packaging-360\/wp-json\/wp\/v2\/portfolio"}],"about":[{"href":"https:\/\/dfvcg-events.de\/packaging-360\/wp-json\/wp\/v2\/types\/portfolio"}],"author":[{"embeddable":true,"href":"https:\/\/dfvcg-events.de\/packaging-360\/wp-json\/wp\/v2\/users\/19"}],"replies":[{"embeddable":true,"href":"https:\/\/dfvcg-events.de\/packaging-360\/wp-json\/wp\/v2\/comments?post=2420"}],"version-history":[{"count":0,"href":"https:\/\/dfvcg-events.de\/packaging-360\/wp-json\/wp\/v2\/portfolio\/2420\/revisions"}],"wp:featuredmedia":[{"embeddable":true,"href":"https:\/\/dfvcg-events.de\/packaging-360\/wp-json\/wp\/v2\/media\/2475"}],"wp:attachment":[{"href":"https:\/\/dfvcg-events.de\/packaging-360\/wp-json\/wp\/v2\/media?parent=2420"}],"wp:term":[{"taxonomy":"post_tag","embeddable":true,"href":"https:\/\/dfvcg-events.de\/packaging-360\/wp-json\/wp\/v2\/tags?post=2420"},{"taxonomy":"portfolio_entries","embeddable":true,"href":"https:\/\/dfvcg-events.de\/packaging-360\/wp-json\/wp\/v2\/portfolio_entries?post=2420"}],"curies":[{"name":"wp","href":"https:\/\/api.w.org\/{rel}","templated":true}]}}