{"id":2180,"date":"2022-03-04T16:48:20","date_gmt":"2022-03-04T15:48:20","guid":{"rendered":"https:\/\/dfvcg-events.de\/packaging-360\/?page_id=2180"},"modified":"2022-09-13T15:45:14","modified_gmt":"2022-09-13T13:45:14","slug":"start-2022","status":"publish","type":"page","link":"https:\/\/dfvcg-events.de\/packaging-360\/","title":{"rendered":"Start 2022"},"content":{"rendered":"\n<style type=\"text\/css\" data-created_by=\"avia_inline_auto\" id=\"style-css-av-l0clcj34-9555c6312e8255566cd9bed699e14ac6\">\n.avia-section.av-l0clcj34-9555c6312e8255566cd9bed699e14ac6{\nbackground-repeat:no-repeat;\nbackground-image:url(https:\/\/dfvcg-events.de\/packaging-360\/wp-content\/uploads\/sites\/16\/2022\/06\/dfvcg-packaging-hintergrund-2022.jpg);\nbackground-position:50% 50%;\nbackground-attachment:scroll;\n}\n#top .avia-section.av-l0clcj34-9555c6312e8255566cd9bed699e14ac6 .scroll-down-link{\ncolor:#00b0eb;\n}\n#top .avia-section.av-l0clcj34-9555c6312e8255566cd9bed699e14ac6 .scroll-down-link.avia-svg-icon svg:first-child{\nstroke:#00b0eb;\nfill:#00b0eb;\n}\n<\/style>\n<div id='av_section_1'  class='avia-section av-l0clcj34-9555c6312e8255566cd9bed699e14ac6 main_color avia-section-default avia-no-border-styling  avia-builder-el-0  el_before_av_heading  avia-builder-el-first  avia-full-stretch avia-bg-style-scroll av-minimum-height av-minimum-height-75 av-height-75  container_wrap fullsize'  data-section-bg-repeat='stretch' data-av_minimum_height_pc='75' data-av_min_height_opt='75'><div class=\"av-section-color-overlay-wrap\"><a href='#next-section' title='' class='scroll-down-link av-custom-scroll-down-color avia-svg-icon avia-font-svg_entypo-fontello' data-av_svg_icon='down-open-mini' data-av_iconset='svg_entypo-fontello'><svg version=\"1.1\" xmlns=\"http:\/\/www.w3.org\/2000\/svg\" width=\"15\" height=\"32\" viewBox=\"0 0 15 32\" preserveAspectRatio=\"xMidYMid meet\" aria-labelledby='av-svg-title-1' aria-describedby='av-svg-desc-1' role=\"graphics-symbol\" aria-hidden=\"true\">\n<title id='av-svg-title-1'>Scroll to next section<\/title>\n<desc id='av-svg-desc-1'>Scroll to next section<\/desc>\n<path d=\"M12.96 12.16q0.704-0.832 1.536 0 0.832 0.704 0 1.536l-6.272 6.144q-0.704 0.704-1.536 0l-6.272-6.144q-0.832-0.832 0-1.536 0.768-0.768 1.6 0l5.44 4.992z\"><\/path>\n<\/svg><\/a><div class='container av-section-cont-open' ><main  role=\"main\" itemprop=\"mainContentOfPage\"  class='template-page content  av-content-full alpha units'><div class='post-entry post-entry-type-page post-entry-2180'><div class='entry-content-wrapper clearfix'>\n<div class='flex_column_table av-k7xsgdvc-dc54fbe2bf71c49fb7c0ca321f19693a sc-av_two_fifth av-break-at-tablet-flextable av-equal-height-column-flextable'>\n<style type=\"text\/css\" data-created_by=\"avia_inline_auto\" id=\"style-css-av-k7xsgdvc-dc54fbe2bf71c49fb7c0ca321f19693a\">\n.flex_column.av-k7xsgdvc-dc54fbe2bf71c49fb7c0ca321f19693a{\nborder-radius:0px 0px 0px 0px;\npadding:0px 0px 0px 0px;\n}\n<\/style>\n<div  class='flex_column av-k7xsgdvc-dc54fbe2bf71c49fb7c0ca321f19693a av_two_fifth  avia-builder-el-1  el_before_av_three_fifth  avia-builder-el-first  first av-break-at-tablet flex_column_table_cell av-equal-height-column av-align-middle av-zero-column-padding  '     ><style type=\"text\/css\" data-created_by=\"avia_inline_auto\" id=\"style-css-av-k7xsfvvh-7355ddf959dad74618ce2bcf3c4442bf\">\n.avia-image-container.av-k7xsfvvh-7355ddf959dad74618ce2bcf3c4442bf img.avia_image{\nbox-shadow:none;\n}\n.avia-image-container.av-k7xsfvvh-7355ddf959dad74618ce2bcf3c4442bf .av-image-caption-overlay-center{\ncolor:#ffffff;\n}\n<\/style>\n<div  class='avia-image-container av-k7xsfvvh-7355ddf959dad74618ce2bcf3c4442bf av-styling-no-styling avia_animated_image av-animated-when-visible-95 pop-up avia-align-center  avia-builder-el-2  avia-builder-el-no-sibling '   itemprop=\"image\" itemscope=\"itemscope\" itemtype=\"https:\/\/schema.org\/ImageObject\" ><div class=\"avia-image-container-inner\"><div class=\"avia-image-overlay-wrap\"><img decoding=\"async\" fetchpriority=\"high\" class='wp-image-2516 avia-img-lazy-loading-not-2516 avia_image ' src=\"https:\/\/dfvcg-events.de\/packaging-360\/wp-content\/uploads\/sites\/16\/2022\/06\/dfvcg-packaging-key-visual-2022-start.png\" alt='' title='dfvcg-packaging-key-visual-2022-start'  height=\"1409\" width=\"1552\"  itemprop=\"thumbnailUrl\"  \/><\/div><\/div><\/div><\/div><div class='av-flex-placeholder'><\/div>\n<style type=\"text\/css\" data-created_by=\"avia_inline_auto\" id=\"style-css-av-13cu0-dd4d7ea449f8f02d36028f3661316b27\">\n.flex_column.av-13cu0-dd4d7ea449f8f02d36028f3661316b27{\nborder-radius:0px 0px 0px 0px;\npadding:0px 0px 0px 0px;\n}\n<\/style>\n<div  class='flex_column av-13cu0-dd4d7ea449f8f02d36028f3661316b27 av_three_fifth  avia-builder-el-3  el_after_av_two_fifth  el_before_av_hr  av-break-at-tablet flex_column_table_cell av-equal-height-column av-align-middle av-zero-column-padding  '     ><p>\n<style type=\"text\/css\" data-created_by=\"avia_inline_auto\" id=\"style-css-av-kg7xsgyd-19bc55143fe8be68b497e5b45ee69d3b\">\n#top .av-special-heading.av-kg7xsgyd-19bc55143fe8be68b497e5b45ee69d3b{\npadding-bottom:10px;\n}\nbody .av-special-heading.av-kg7xsgyd-19bc55143fe8be68b497e5b45ee69d3b .av-special-heading-tag .heading-char{\nfont-size:25px;\n}\n.av-special-heading.av-kg7xsgyd-19bc55143fe8be68b497e5b45ee69d3b .av-subheading{\nfont-size:21px;\n}\n<\/style>\n<div  class='av-special-heading av-kg7xsgyd-19bc55143fe8be68b497e5b45ee69d3b av-special-heading-h1 blockquote modern-quote  avia-builder-el-4  el_before_av_textblock  avia-builder-el-first  av-linked-heading'><h1 class='av-special-heading-tag '  itemprop=\"headline\"  >PACKAGING 360\u00b0<\/h1><div class='av-subheading av-subheading_below'><p>7.\/8. September 2022 | Steigenberger Airport Hotel | Frankfurt<\/p>\n<\/div><div class=\"special-heading-border\"><div class=\"special-heading-inner-border\"><\/div><\/div><\/div><br \/>\n\n<style type=\"text\/css\" data-created_by=\"avia_inline_auto\" id=\"style-css-av-k26gzu33-bc9a4ee7bafd0dcc81ade8bc8db43cc4\">\n#top .av_textblock_section.av-k26gzu33-bc9a4ee7bafd0dcc81ade8bc8db43cc4 .avia_textblock{\nfont-size:19px;\n}\n<\/style>\n<section  class='av_textblock_section av-k26gzu33-bc9a4ee7bafd0dcc81ade8bc8db43cc4 '   itemscope=\"itemscope\" itemtype=\"https:\/\/schema.org\/CreativeWork\" ><div class='avia_textblock'  itemprop=\"text\" ><p><strong>Der Branchentreff f\u00fcr Markenverantwortliche und Verpackungs-Entscheider aus Markenartikelindustrie und Handel.<\/strong><\/p>\n<p>Zwischen politischer Unsicherheit, Umweltschutz und Digitalisierung in der Branche den Anschluss nicht verlieren. Wie trotz anhaltender Krisen Nachhaltigkeit erschwinglich f\u00fcr Hersteller und H\u00e4ndler wird und beide Seiten von neuen Ideen profitieren k\u00f6nnen.<\/p>\n<\/div><\/section><\/p><\/div><\/div><!--close column table wrapper. Autoclose: 1 --><div  class='hr av-k7xsodl6-aa3611e9865ae4b72f75214c3e11209d hr-default  avia-builder-el-6  el_after_av_three_fifth  el_before_av_four_fifth  av-desktop-hide av-medium-hide av-small-hide av-mini-hide'><span class='hr-inner '><span class=\"hr-inner-style\"><\/span><\/span><\/div>\n<div class='flex_column_table av-60fyxw-a48922cb32d155ba3adde3f5cd5b4f9b sc-av_four_fifth av-equal-height-column-flextable'>\n<style type=\"text\/css\" data-created_by=\"avia_inline_auto\" id=\"style-css-av-60fyxw-a48922cb32d155ba3adde3f5cd5b4f9b\">\n.flex_column.av-60fyxw-a48922cb32d155ba3adde3f5cd5b4f9b{\nborder-radius:0px 0px 0px 0px;\npadding:0px 0px 0px 0px;\n}\n<\/style>\n<div  class='flex_column av-60fyxw-a48922cb32d155ba3adde3f5cd5b4f9b av_four_fifth  avia-builder-el-7  el_after_av_hr  el_before_av_one_fifth  first flex_column_table_cell av-equal-height-column av-align-middle av-zero-column-padding  '     ><style type=\"text\/css\" data-created_by=\"avia_inline_auto\" id=\"style-css-av-l6m1xyk8-f72dee90acb776649d81ce17aeea97db\">\n#top .av_textblock_section.av-l6m1xyk8-f72dee90acb776649d81ce17aeea97db .avia_textblock{\nfont-size:19px;\ncolor:#1b335c;\n}\n<\/style>\n<section  class='av_textblock_section av-l6m1xyk8-f72dee90acb776649d81ce17aeea97db '   itemscope=\"itemscope\" itemtype=\"https:\/\/schema.org\/CreativeWork\" ><div class='avia_textblock av_inherit_color'  itemprop=\"text\" ><h3>Special Guest:<\/h3>\n<p><strong>Hans-Lothar Domr\u00f6se, der ehemalige General der Bundeswehr &amp; ehemaliger NATO Commander, erteilt exklusive Einblicke zur aktuellen Sicherheitslage unserer Wirtschaft.<\/strong><\/p>\n<\/div><\/section><\/div><div class='av-flex-placeholder'><\/div>\n<style type=\"text\/css\" data-created_by=\"avia_inline_auto\" id=\"style-css-av-3jnt7o-d6b9d8a6edf7466681fba1a33f44a482\">\n.flex_column.av-3jnt7o-d6b9d8a6edf7466681fba1a33f44a482{\nborder-radius:0px 0px 0px 0px;\npadding:0px 0px 0px 0px;\n}\n<\/style>\n<div  class='flex_column av-3jnt7o-d6b9d8a6edf7466681fba1a33f44a482 av_one_fifth  avia-builder-el-9  el_after_av_four_fifth  el_before_av_buttonrow  flex_column_table_cell av-equal-height-column av-align-middle av-zero-column-padding  '     ><style type=\"text\/css\" data-created_by=\"avia_inline_auto\" id=\"style-css-av-2s8st0-80d11019be79dab6f485dfb044947fa3\">\n.avia-image-container.av-2s8st0-80d11019be79dab6f485dfb044947fa3 img.avia_image{\nbox-shadow:none;\n}\n.avia-image-container.av-2s8st0-80d11019be79dab6f485dfb044947fa3 .av-image-caption-overlay-center{\ncolor:#ffffff;\n}\n<\/style>\n<div  class='avia-image-container av-2s8st0-80d11019be79dab6f485dfb044947fa3 av-styling-circle avia_animated_image av-animated-when-visible-95 pop-up avia-align-center  avia-builder-el-10  avia-builder-el-no-sibling '   itemprop=\"image\" itemscope=\"itemscope\" itemtype=\"https:\/\/schema.org\/ImageObject\" ><div class=\"avia-image-container-inner\"><div class=\"avia-image-overlay-wrap\"><img decoding=\"async\" fetchpriority=\"high\" class='wp-image-2829 avia-img-lazy-loading-not-2829 avia_image ' src=\"https:\/\/dfvcg-events.de\/packaging-360\/wp-content\/uploads\/sites\/16\/2022\/08\/Domroese-Hans-Lothar-1-1.png\" alt='' title='Domroese-Hans-Lothar-1-1'  height=\"700\" width=\"700\"  itemprop=\"thumbnailUrl\"  \/><\/div><\/div><\/div><\/div><\/div><!--close column table wrapper. Autoclose: 1 --><div  class='avia-buttonrow-wrap av-kc2biy7m-37de6b7e44d416bac0e2d12125cf1ee6 avia-buttonrow-left  avia-builder-el-11  el_after_av_one_fifth  avia-builder-el-last '>\n\n<style type=\"text\/css\" data-created_by=\"avia_inline_auto\" id=\"style-css-av-1vtu0-0857e02f5aad812e8952122e711655e6\">\n#top #wrap_all .avia-button.av-1vtu0-0857e02f5aad812e8952122e711655e6{\nbackground-color:#cd1619;\nborder-color:#cd1619;\ncolor:#ffffff;\nborder-style:none;\ntransition:all 0.4s ease-in-out;\nmargin-bottom:5px;\nmargin-right:5px;\n}\n#top #wrap_all .avia-button.av-1vtu0-0857e02f5aad812e8952122e711655e6 .avia-svg-icon svg:first-child{\nfill:#ffffff;\nstroke:#ffffff;\n}\n<\/style>\n<a href='https:\/\/dfvcg-events.de\/packaging-360\/jetzt-anmelden\/'  class='avia-button av-1vtu0-0857e02f5aad812e8952122e711655e6 avia-icon_select-yes-left-icon avia-size-large'   aria-label=\"Jetzt anmelden\"><span class='avia_button_icon avia_button_icon_left avia-iconfont avia-font-entypo-fontello' data-av_icon='\ue8cb' data-av_iconfont='entypo-fontello' ><\/span><span class='avia_iconbox_title' >Jetzt anmelden<\/span><\/a>\n\n<style type=\"text\/css\" data-created_by=\"avia_inline_auto\" id=\"style-css-av-5l0k-955312bc34e96c840c087dce492e9194\">\n#top #wrap_all .avia-button.av-5l0k-955312bc34e96c840c087dce492e9194{\nborder-style:none;\ntransition:all 0.4s ease-in-out;\nmargin-bottom:5px;\nmargin-right:5px;\n}\n<\/style>\n<a href='https:\/\/dfvcg-events.de\/packaging-360\/wp-content\/uploads\/sites\/16\/2022\/03\/LZ-PACKAGING-360\u00b0.ics'  class='avia-button av-5l0k-955312bc34e96c840c087dce492e9194 avia-icon_select-yes-left-icon avia-size-large avia-color-theme-color-highlight'   aria-label=\"Save the Date\"><span class='avia_button_icon avia_button_icon_left avia-iconfont avia-font-entypo-fontello' data-av_icon='\ue85b' data-av_iconfont='entypo-fontello' ><\/span><span class='avia_iconbox_title' >Save the Date<\/span><\/a>\n<\/div>\n<\/div><\/div><\/main><!-- close content main element --><\/div><\/div><\/div><div id='after_section_1'  class='main_color av_default_container_wrap container_wrap fullsize'  ><div class='container av-section-cont-open' ><div class='template-page content  av-content-full alpha units'><div class='post-entry post-entry-type-page post-entry-2180'><div class='entry-content-wrapper clearfix'>\n\n<style type=\"text\/css\" data-created_by=\"avia_inline_auto\" id=\"style-css-av-kg7xtdsk-025ec64a5d33c63b72e3f80978df623b\">\n#top .av-special-heading.av-kg7xtdsk-025ec64a5d33c63b72e3f80978df623b{\npadding-bottom:10px;\n}\nbody .av-special-heading.av-kg7xtdsk-025ec64a5d33c63b72e3f80978df623b .av-special-heading-tag .heading-char{\nfont-size:25px;\n}\n.av-special-heading.av-kg7xtdsk-025ec64a5d33c63b72e3f80978df623b .av-subheading{\nfont-size:19px;\n}\n<\/style>\n<div  class='av-special-heading av-kg7xtdsk-025ec64a5d33c63b72e3f80978df623b av-special-heading-h2 blockquote modern-quote  avia-builder-el-12  el_after_av_section  el_before_av_masonry_gallery  avia-builder-el-no-sibling  av-linked-heading'><div class='av-subheading av-subheading_above'><p>PACKAGING 360\u00b0<\/p>\n<\/div><h2 class='av-special-heading-tag '  itemprop=\"headline\"  >Impressionen 2022<\/h2><div class=\"special-heading-border\"><div class=\"special-heading-inner-border\"><\/div><\/div><\/div>\n\n<style type=\"text\/css\" data-created_by=\"avia_inline_auto\" id=\"style-css-av-l808vdy3-ed2b8bf576a6b0952b757d7b348c0700\">\n#top .av-masonry.av-l808vdy3-ed2b8bf576a6b0952b757d7b348c0700{\nbackground-color:#ffffff;\n}\n<\/style>\n<div id='av-masonry-1' class='av-masonry av-l808vdy3-ed2b8bf576a6b0952b757d7b348c0700 noHover av-fixed-size av-large-gap av-hover-overlay- av-masonry-animation-active av-masonry-col-flexible av-caption-always av-caption-style- av-masonry-gallery ' data-post_id=\"2180\"><div class=\"av-masonry-container isotope av-js-disabled\"><div class='av-masonry-entry isotope-item av-masonry-item-no-image '><\/div><a href=\"https:\/\/dfvcg-events.de\/packaging-360\/wp-content\/uploads\/sites\/16\/2022\/09\/packaging-360-impressionen-2022-01.jpg\"  aria-label=\"Bild packaging-360-impressionen-2022-01\"  id='av-masonry-1-item-3046' data-av-masonry-item='3046' class='av-masonry-entry isotope-item post-3046 attachment type-attachment status-inherit hentry  av-masonry-item-with-image av-grid-img' title=\"\" alt=\"\"    itemprop=\"thumbnailUrl\" ><div class='av-inner-masonry-sizer'><\/div><figure class='av-inner-masonry main_color'><div class=\"av-masonry-outerimage-container\"><div class='av-masonry-image-container' style=\"background-image: url(https:\/\/dfvcg-events.de\/packaging-360\/wp-content\/uploads\/sites\/16\/2022\/09\/packaging-360-impressionen-2022-01.jpg);\"  title=\"packaging-360-impressionen-2022-01\" ><\/div><\/div><\/figure><\/a><!--end av-masonry entry--><a href=\"https:\/\/dfvcg-events.de\/packaging-360\/wp-content\/uploads\/sites\/16\/2022\/09\/packaging-360-impressionen-2022-02.jpg\"  aria-label=\"Bild packaging-360-impressionen-2022-02\"  id='av-masonry-1-item-3047' data-av-masonry-item='3047' class='av-masonry-entry isotope-item post-3047 attachment type-attachment status-inherit hentry  av-masonry-item-with-image av-grid-img' title=\"\" alt=\"\"    itemprop=\"thumbnailUrl\" ><div class='av-inner-masonry-sizer'><\/div><figure class='av-inner-masonry main_color'><div class=\"av-masonry-outerimage-container\"><div class='av-masonry-image-container' style=\"background-image: url(https:\/\/dfvcg-events.de\/packaging-360\/wp-content\/uploads\/sites\/16\/2022\/09\/packaging-360-impressionen-2022-02.jpg);\"  title=\"packaging-360-impressionen-2022-02\" ><\/div><\/div><\/figure><\/a><!--end av-masonry entry--><a href=\"https:\/\/dfvcg-events.de\/packaging-360\/wp-content\/uploads\/sites\/16\/2022\/09\/packaging-360-impressionen-2022-03.jpg\"  aria-label=\"Bild packaging-360-impressionen-2022-03\"  id='av-masonry-1-item-3048' data-av-masonry-item='3048' class='av-masonry-entry isotope-item post-3048 attachment type-attachment status-inherit hentry  av-masonry-item-with-image av-grid-img' title=\"\" alt=\"\"    itemprop=\"thumbnailUrl\" ><div class='av-inner-masonry-sizer'><\/div><figure class='av-inner-masonry main_color'><div class=\"av-masonry-outerimage-container\"><div class='av-masonry-image-container' style=\"background-image: url(https:\/\/dfvcg-events.de\/packaging-360\/wp-content\/uploads\/sites\/16\/2022\/09\/packaging-360-impressionen-2022-03.jpg);\"  title=\"packaging-360-impressionen-2022-03\" ><\/div><\/div><\/figure><\/a><!--end av-masonry entry--><a href=\"https:\/\/dfvcg-events.de\/packaging-360\/wp-content\/uploads\/sites\/16\/2022\/09\/packaging-360-impressionen-2022-04.jpg\"  aria-label=\"Bild packaging-360-impressionen-2022-04\"  id='av-masonry-1-item-3049' data-av-masonry-item='3049' class='av-masonry-entry isotope-item post-3049 attachment type-attachment status-inherit hentry  av-masonry-item-with-image av-grid-img' title=\"\" alt=\"\"    itemprop=\"thumbnailUrl\" ><div class='av-inner-masonry-sizer'><\/div><figure class='av-inner-masonry main_color'><div class=\"av-masonry-outerimage-container\"><div class='av-masonry-image-container' style=\"background-image: url(https:\/\/dfvcg-events.de\/packaging-360\/wp-content\/uploads\/sites\/16\/2022\/09\/packaging-360-impressionen-2022-04.jpg);\"  title=\"packaging-360-impressionen-2022-04\" ><\/div><\/div><\/figure><\/a><!--end av-masonry entry--><a href=\"https:\/\/dfvcg-events.de\/packaging-360\/wp-content\/uploads\/sites\/16\/2022\/09\/packaging-360-impressionen-2022-05.jpg\"  aria-label=\"Bild packaging-360-impressionen-2022-05\"  id='av-masonry-1-item-3050' data-av-masonry-item='3050' class='av-masonry-entry isotope-item post-3050 attachment type-attachment status-inherit hentry  av-masonry-item-with-image av-grid-img' title=\"\" alt=\"\"    itemprop=\"thumbnailUrl\" ><div class='av-inner-masonry-sizer'><\/div><figure class='av-inner-masonry main_color'><div class=\"av-masonry-outerimage-container\"><div class='av-masonry-image-container' style=\"background-image: url(https:\/\/dfvcg-events.de\/packaging-360\/wp-content\/uploads\/sites\/16\/2022\/09\/packaging-360-impressionen-2022-05.jpg);\"  title=\"packaging-360-impressionen-2022-05\" ><\/div><\/div><\/figure><\/a><!--end av-masonry entry--><a href=\"https:\/\/dfvcg-events.de\/packaging-360\/wp-content\/uploads\/sites\/16\/2022\/09\/packaging-360-impressionen-2022-06.jpg\"  aria-label=\"Bild packaging-360-impressionen-2022-06\"  id='av-masonry-1-item-3051' data-av-masonry-item='3051' class='av-masonry-entry isotope-item post-3051 attachment type-attachment status-inherit hentry  av-masonry-item-with-image av-grid-img' title=\"\" alt=\"\"    itemprop=\"thumbnailUrl\" ><div class='av-inner-masonry-sizer'><\/div><figure class='av-inner-masonry main_color'><div class=\"av-masonry-outerimage-container\"><div class='av-masonry-image-container' style=\"background-image: url(https:\/\/dfvcg-events.de\/packaging-360\/wp-content\/uploads\/sites\/16\/2022\/09\/packaging-360-impressionen-2022-06.jpg);\"  title=\"packaging-360-impressionen-2022-06\" ><\/div><\/div><\/figure><\/a><!--end av-masonry entry--><a href=\"https:\/\/dfvcg-events.de\/packaging-360\/wp-content\/uploads\/sites\/16\/2022\/09\/packaging-360-impressionen-2022-07.jpg\"  aria-label=\"Bild packaging-360-impressionen-2022-07\"  id='av-masonry-1-item-3052' data-av-masonry-item='3052' class='av-masonry-entry isotope-item post-3052 attachment type-attachment status-inherit hentry  av-masonry-item-with-image av-grid-img' title=\"\" alt=\"\"    itemprop=\"thumbnailUrl\" ><div class='av-inner-masonry-sizer'><\/div><figure class='av-inner-masonry main_color'><div class=\"av-masonry-outerimage-container\"><div class='av-masonry-image-container' style=\"background-image: url(https:\/\/dfvcg-events.de\/packaging-360\/wp-content\/uploads\/sites\/16\/2022\/09\/packaging-360-impressionen-2022-07.jpg);\"  title=\"packaging-360-impressionen-2022-07\" ><\/div><\/div><\/figure><\/a><!--end av-masonry entry--><a href=\"https:\/\/dfvcg-events.de\/packaging-360\/wp-content\/uploads\/sites\/16\/2022\/09\/packaging-360-impressionen-2022-08.jpg\"  aria-label=\"Bild packaging-360-impressionen-2022-08\"  id='av-masonry-1-item-3053' data-av-masonry-item='3053' class='av-masonry-entry isotope-item post-3053 attachment type-attachment status-inherit hentry  av-masonry-item-with-image av-grid-img' title=\"\" alt=\"\"    itemprop=\"thumbnailUrl\" ><div class='av-inner-masonry-sizer'><\/div><figure class='av-inner-masonry main_color'><div class=\"av-masonry-outerimage-container\"><div class='av-masonry-image-container' style=\"background-image: url(https:\/\/dfvcg-events.de\/packaging-360\/wp-content\/uploads\/sites\/16\/2022\/09\/packaging-360-impressionen-2022-08.jpg);\"  title=\"packaging-360-impressionen-2022-08\" ><\/div><\/div><\/figure><\/a><!--end av-masonry entry--><a href=\"https:\/\/dfvcg-events.de\/packaging-360\/wp-content\/uploads\/sites\/16\/2022\/09\/packaging-360-impressionen-2022-09.jpg\"  aria-label=\"Bild packaging-360-impressionen-2022-09\"  id='av-masonry-1-item-3054' data-av-masonry-item='3054' class='av-masonry-entry isotope-item post-3054 attachment type-attachment status-inherit hentry  av-masonry-item-with-image av-grid-img' title=\"\" alt=\"\"    itemprop=\"thumbnailUrl\" ><div class='av-inner-masonry-sizer'><\/div><figure class='av-inner-masonry main_color'><div class=\"av-masonry-outerimage-container\"><div class='av-masonry-image-container' style=\"background-image: url(https:\/\/dfvcg-events.de\/packaging-360\/wp-content\/uploads\/sites\/16\/2022\/09\/packaging-360-impressionen-2022-09.jpg);\"  title=\"packaging-360-impressionen-2022-09\" ><\/div><\/div><\/figure><\/a><!--end av-masonry entry--><a href=\"https:\/\/dfvcg-events.de\/packaging-360\/wp-content\/uploads\/sites\/16\/2022\/09\/packaging-360-impressionen-2022-10.jpg\"  aria-label=\"Bild packaging-360-impressionen-2022-10\"  id='av-masonry-1-item-3055' data-av-masonry-item='3055' class='av-masonry-entry isotope-item post-3055 attachment type-attachment status-inherit hentry  av-masonry-item-with-image av-grid-img' title=\"\" alt=\"\"    itemprop=\"thumbnailUrl\" ><div class='av-inner-masonry-sizer'><\/div><figure class='av-inner-masonry main_color'><div class=\"av-masonry-outerimage-container\"><div class='av-masonry-image-container' style=\"background-image: url(https:\/\/dfvcg-events.de\/packaging-360\/wp-content\/uploads\/sites\/16\/2022\/09\/packaging-360-impressionen-2022-10.jpg);\"  title=\"packaging-360-impressionen-2022-10\" ><\/div><\/div><\/figure><\/a><!--end av-masonry entry--><a href=\"https:\/\/dfvcg-events.de\/packaging-360\/wp-content\/uploads\/sites\/16\/2022\/09\/packaging-360-impressionen-2022-11.jpg\"  aria-label=\"Bild packaging-360-impressionen-2022-11\"  id='av-masonry-1-item-3056' data-av-masonry-item='3056' class='av-masonry-entry isotope-item post-3056 attachment type-attachment status-inherit hentry  av-masonry-item-with-image av-grid-img' title=\"\" alt=\"\"    itemprop=\"thumbnailUrl\" ><div class='av-inner-masonry-sizer'><\/div><figure class='av-inner-masonry main_color'><div class=\"av-masonry-outerimage-container\"><div class='av-masonry-image-container' style=\"background-image: url(https:\/\/dfvcg-events.de\/packaging-360\/wp-content\/uploads\/sites\/16\/2022\/09\/packaging-360-impressionen-2022-11.jpg);\"  title=\"packaging-360-impressionen-2022-11\" ><\/div><\/div><\/figure><\/a><!--end av-masonry entry--><a href=\"https:\/\/dfvcg-events.de\/packaging-360\/wp-content\/uploads\/sites\/16\/2022\/09\/packaging-360-impressionen-2022-12.jpg\"  aria-label=\"Bild packaging-360-impressionen-2022-12\"  id='av-masonry-1-item-3057' data-av-masonry-item='3057' class='av-masonry-entry isotope-item post-3057 attachment type-attachment status-inherit hentry  av-masonry-item-with-image av-grid-img' title=\"\" alt=\"\"    itemprop=\"thumbnailUrl\" ><div class='av-inner-masonry-sizer'><\/div><figure class='av-inner-masonry main_color'><div class=\"av-masonry-outerimage-container\"><div class='av-masonry-image-container' style=\"background-image: url(https:\/\/dfvcg-events.de\/packaging-360\/wp-content\/uploads\/sites\/16\/2022\/09\/packaging-360-impressionen-2022-12.jpg);\"  title=\"packaging-360-impressionen-2022-12\" ><\/div><\/div><\/figure><\/a><!--end av-masonry entry--><a href=\"https:\/\/dfvcg-events.de\/packaging-360\/wp-content\/uploads\/sites\/16\/2022\/09\/packaging-360-impressionen-2022-13.jpg\"  aria-label=\"Bild packaging-360-impressionen-2022-13\"  id='av-masonry-1-item-3058' data-av-masonry-item='3058' class='av-masonry-entry isotope-item post-3058 attachment type-attachment status-inherit hentry  av-masonry-item-with-image av-grid-img' title=\"\" alt=\"\"    itemprop=\"thumbnailUrl\" ><div class='av-inner-masonry-sizer'><\/div><figure class='av-inner-masonry main_color'><div class=\"av-masonry-outerimage-container\"><div class='av-masonry-image-container' style=\"background-image: url(https:\/\/dfvcg-events.de\/packaging-360\/wp-content\/uploads\/sites\/16\/2022\/09\/packaging-360-impressionen-2022-13.jpg);\"  title=\"packaging-360-impressionen-2022-13\" ><\/div><\/div><\/figure><\/a><!--end av-masonry entry--><a href=\"https:\/\/dfvcg-events.de\/packaging-360\/wp-content\/uploads\/sites\/16\/2022\/09\/packaging-360-impressionen-2022-14.jpg\"  aria-label=\"Bild packaging-360-impressionen-2022-14\"  id='av-masonry-1-item-3059' data-av-masonry-item='3059' class='av-masonry-entry isotope-item post-3059 attachment type-attachment status-inherit hentry  av-masonry-item-with-image av-grid-img' title=\"\" alt=\"\"    itemprop=\"thumbnailUrl\" ><div class='av-inner-masonry-sizer'><\/div><figure class='av-inner-masonry main_color'><div class=\"av-masonry-outerimage-container\"><div class='av-masonry-image-container' style=\"background-image: url(https:\/\/dfvcg-events.de\/packaging-360\/wp-content\/uploads\/sites\/16\/2022\/09\/packaging-360-impressionen-2022-14.jpg);\"  title=\"packaging-360-impressionen-2022-14\" ><\/div><\/div><\/figure><\/a><!--end av-masonry entry--><a href=\"https:\/\/dfvcg-events.de\/packaging-360\/wp-content\/uploads\/sites\/16\/2022\/09\/packaging-360-impressionen-2022-15.jpg\"  aria-label=\"Bild packaging-360-impressionen-2022-15\"  id='av-masonry-1-item-3060' data-av-masonry-item='3060' class='av-masonry-entry isotope-item post-3060 attachment type-attachment status-inherit hentry  av-masonry-item-with-image av-grid-img' title=\"\" alt=\"\"    itemprop=\"thumbnailUrl\" ><div class='av-inner-masonry-sizer'><\/div><figure class='av-inner-masonry main_color'><div class=\"av-masonry-outerimage-container\"><div class='av-masonry-image-container' style=\"background-image: url(https:\/\/dfvcg-events.de\/packaging-360\/wp-content\/uploads\/sites\/16\/2022\/09\/packaging-360-impressionen-2022-15.jpg);\"  title=\"packaging-360-impressionen-2022-15\" ><\/div><\/div><\/figure><\/a><!--end av-masonry entry--><a href=\"https:\/\/dfvcg-events.de\/packaging-360\/wp-content\/uploads\/sites\/16\/2022\/09\/packaging-360-impressionen-2022-16.jpg\"  aria-label=\"Bild packaging-360-impressionen-2022-16\"  id='av-masonry-1-item-3061' data-av-masonry-item='3061' class='av-masonry-entry isotope-item post-3061 attachment type-attachment status-inherit hentry  av-masonry-item-with-image av-grid-img' title=\"\" alt=\"\"    itemprop=\"thumbnailUrl\" ><div class='av-inner-masonry-sizer'><\/div><figure class='av-inner-masonry main_color'><div class=\"av-masonry-outerimage-container\"><div class='av-masonry-image-container' style=\"background-image: url(https:\/\/dfvcg-events.de\/packaging-360\/wp-content\/uploads\/sites\/16\/2022\/09\/packaging-360-impressionen-2022-16.jpg);\"  title=\"packaging-360-impressionen-2022-16\" ><\/div><\/div><\/figure><\/a><!--end av-masonry entry--><a href=\"https:\/\/dfvcg-events.de\/packaging-360\/wp-content\/uploads\/sites\/16\/2022\/09\/packaging-360-impressionen-2022-17.jpg\"  aria-label=\"Bild packaging-360-impressionen-2022-17\"  id='av-masonry-1-item-3062' data-av-masonry-item='3062' class='av-masonry-entry isotope-item post-3062 attachment type-attachment status-inherit hentry  av-masonry-item-with-image av-grid-img' title=\"\" alt=\"\"    itemprop=\"thumbnailUrl\" ><div class='av-inner-masonry-sizer'><\/div><figure class='av-inner-masonry main_color'><div class=\"av-masonry-outerimage-container\"><div class='av-masonry-image-container' style=\"background-image: url(https:\/\/dfvcg-events.de\/packaging-360\/wp-content\/uploads\/sites\/16\/2022\/09\/packaging-360-impressionen-2022-17.jpg);\"  title=\"packaging-360-impressionen-2022-17\" ><\/div><\/div><\/figure><\/a><!--end av-masonry entry--><a href=\"https:\/\/dfvcg-events.de\/packaging-360\/wp-content\/uploads\/sites\/16\/2022\/09\/packaging-360-impressionen-2022-18.jpg\"  aria-label=\"Bild packaging-360-impressionen-2022-18\"  id='av-masonry-1-item-3063' data-av-masonry-item='3063' class='av-masonry-entry isotope-item post-3063 attachment type-attachment status-inherit hentry  av-masonry-item-with-image av-grid-img' title=\"\" alt=\"\"    itemprop=\"thumbnailUrl\" ><div class='av-inner-masonry-sizer'><\/div><figure class='av-inner-masonry main_color'><div class=\"av-masonry-outerimage-container\"><div class='av-masonry-image-container' style=\"background-image: url(https:\/\/dfvcg-events.de\/packaging-360\/wp-content\/uploads\/sites\/16\/2022\/09\/packaging-360-impressionen-2022-18.jpg);\"  title=\"packaging-360-impressionen-2022-18\" ><\/div><\/div><\/figure><\/a><!--end av-masonry entry--><a href=\"https:\/\/dfvcg-events.de\/packaging-360\/wp-content\/uploads\/sites\/16\/2022\/09\/packaging-360-impressionen-2022-19.jpg\"  aria-label=\"Bild packaging-360-impressionen-2022-19\"  id='av-masonry-1-item-3064' data-av-masonry-item='3064' class='av-masonry-entry isotope-item post-3064 attachment type-attachment status-inherit hentry  av-masonry-item-with-image av-grid-img' title=\"\" alt=\"\"    itemprop=\"thumbnailUrl\" ><div class='av-inner-masonry-sizer'><\/div><figure class='av-inner-masonry main_color'><div class=\"av-masonry-outerimage-container\"><div class='av-masonry-image-container' style=\"background-image: url(https:\/\/dfvcg-events.de\/packaging-360\/wp-content\/uploads\/sites\/16\/2022\/09\/packaging-360-impressionen-2022-19.jpg);\"  title=\"packaging-360-impressionen-2022-19\" ><\/div><\/div><\/figure><\/a><!--end av-masonry entry--><a href=\"https:\/\/dfvcg-events.de\/packaging-360\/wp-content\/uploads\/sites\/16\/2022\/09\/packaging-360-impressionen-2022-20.jpg\"  aria-label=\"Bild packaging-360-impressionen-2022-20\"  id='av-masonry-1-item-3065' data-av-masonry-item='3065' class='av-masonry-entry isotope-item post-3065 attachment type-attachment status-inherit hentry  av-masonry-item-with-image av-grid-img' title=\"\" alt=\"\"    itemprop=\"thumbnailUrl\" ><div class='av-inner-masonry-sizer'><\/div><figure class='av-inner-masonry main_color'><div class=\"av-masonry-outerimage-container\"><div class='av-masonry-image-container' style=\"background-image: url(https:\/\/dfvcg-events.de\/packaging-360\/wp-content\/uploads\/sites\/16\/2022\/09\/packaging-360-impressionen-2022-20.jpg);\"  title=\"packaging-360-impressionen-2022-20\" ><\/div><\/div><\/figure><\/a><!--end av-masonry entry--><a href=\"https:\/\/dfvcg-events.de\/packaging-360\/wp-content\/uploads\/sites\/16\/2022\/09\/packaging-360-impressionen-2022-21.jpg\"  aria-label=\"Bild packaging-360-impressionen-2022-21\"  id='av-masonry-1-item-3066' data-av-masonry-item='3066' class='av-masonry-entry isotope-item post-3066 attachment type-attachment status-inherit hentry  av-masonry-item-with-image av-grid-img' title=\"\" alt=\"\"    itemprop=\"thumbnailUrl\" ><div class='av-inner-masonry-sizer'><\/div><figure class='av-inner-masonry main_color'><div class=\"av-masonry-outerimage-container\"><div class='av-masonry-image-container' style=\"background-image: url(https:\/\/dfvcg-events.de\/packaging-360\/wp-content\/uploads\/sites\/16\/2022\/09\/packaging-360-impressionen-2022-21.jpg);\"  title=\"packaging-360-impressionen-2022-21\" ><\/div><\/div><\/figure><\/a><!--end av-masonry entry--><a href=\"https:\/\/dfvcg-events.de\/packaging-360\/wp-content\/uploads\/sites\/16\/2022\/09\/packaging-360-impressionen-2022-22.jpg\"  aria-label=\"Bild packaging-360-impressionen-2022-22\"  id='av-masonry-1-item-3067' data-av-masonry-item='3067' class='av-masonry-entry isotope-item post-3067 attachment type-attachment status-inherit hentry  av-masonry-item-with-image av-grid-img' title=\"\" alt=\"\"    itemprop=\"thumbnailUrl\" ><div class='av-inner-masonry-sizer'><\/div><figure class='av-inner-masonry main_color'><div class=\"av-masonry-outerimage-container\"><div class='av-masonry-image-container' style=\"background-image: url(https:\/\/dfvcg-events.de\/packaging-360\/wp-content\/uploads\/sites\/16\/2022\/09\/packaging-360-impressionen-2022-22.jpg);\"  title=\"packaging-360-impressionen-2022-22\" ><\/div><\/div><\/figure><\/a><!--end av-masonry entry--><a href=\"https:\/\/dfvcg-events.de\/packaging-360\/wp-content\/uploads\/sites\/16\/2022\/09\/packaging-360-impressionen-2022-23.jpg\"  aria-label=\"Bild packaging-360-impressionen-2022-23\"  id='av-masonry-1-item-3068' data-av-masonry-item='3068' class='av-masonry-entry isotope-item post-3068 attachment type-attachment status-inherit hentry  av-masonry-item-with-image av-grid-img' title=\"\" alt=\"\"    itemprop=\"thumbnailUrl\" ><div class='av-inner-masonry-sizer'><\/div><figure class='av-inner-masonry main_color'><div class=\"av-masonry-outerimage-container\"><div class='av-masonry-image-container' style=\"background-image: url(https:\/\/dfvcg-events.de\/packaging-360\/wp-content\/uploads\/sites\/16\/2022\/09\/packaging-360-impressionen-2022-23.jpg);\"  title=\"packaging-360-impressionen-2022-23\" ><\/div><\/div><\/figure><\/a><!--end av-masonry entry--><\/div><\/div>\n<div id='av_section_2'  class='avia-section av-92bax0-3d81192f04b59b35faeb873e2fe525f8 main_color avia-section-default avia-no-shadow  avia-builder-el-14  el_after_av_masonry_gallery  el_before_av_section  avia-bg-style-scroll container_wrap fullsize'  ><div class='container av-section-cont-open' ><div class='template-page content  av-content-full alpha units'><div class='post-entry post-entry-type-page post-entry-2180'><div class='entry-content-wrapper clearfix'>\n\n<style type=\"text\/css\" data-created_by=\"avia_inline_auto\" id=\"style-css-av-7jm7kk-8a90c35e2e219f712bc5c7872df41e89\">\n#top .av-special-heading.av-7jm7kk-8a90c35e2e219f712bc5c7872df41e89{\npadding-bottom:10px;\n}\nbody .av-special-heading.av-7jm7kk-8a90c35e2e219f712bc5c7872df41e89 .av-special-heading-tag .heading-char{\nfont-size:25px;\n}\n.av-special-heading.av-7jm7kk-8a90c35e2e219f712bc5c7872df41e89 .av-subheading{\nfont-size:19px;\n}\n<\/style>\n<div  class='av-special-heading av-7jm7kk-8a90c35e2e219f712bc5c7872df41e89 av-special-heading-h2 blockquote modern-quote  avia-builder-el-15  el_before_av_textblock  avia-builder-el-first  av-linked-heading'><h2 class='av-special-heading-tag '  itemprop=\"headline\"  >PACKAGING 360\u00b0<\/h2><div class='av-subheading av-subheading_below'><p>7.\/8. September 2022 | Steigenberger Airport Hotel | Frankfurt<\/p>\n<\/div><div class=\"special-heading-border\"><div class=\"special-heading-inner-border\"><\/div><\/div><\/div>\n\n<style type=\"text\/css\" data-created_by=\"avia_inline_auto\" id=\"style-css-av-5ojik4-7606778593c48643e68535dddae13707\">\n#top .av_textblock_section.av-5ojik4-7606778593c48643e68535dddae13707 .avia_textblock{\nfont-size:19px;\ntext-align:justify;\n}\n<\/style>\n<section  class='av_textblock_section av-5ojik4-7606778593c48643e68535dddae13707 '   itemscope=\"itemscope\" itemtype=\"https:\/\/schema.org\/CreativeWork\" ><div class='avia_textblock'  itemprop=\"text\" ><p>Am 07. und 08.09.2022 wird es wieder Zeit f\u00fcr ein Wiedersehen der TOP-Level-Entscheider aus FMCG, Handel und Verpackungswirtschaft bei\u00a0<strong>PACKAGING 360\u00b0 \u2013<\/strong><strong>\u00a0<\/strong><strong>dem Verpackungs-Summit der FMCG-Branche.<\/strong> Handel, Konsumg\u00fcterindustrie und Herstellungssektor haben ein turbulentes Jahr hinter sich. Kaum sind die Folgen der Corona Pandemie bew\u00e4ltigt, fordert die Ukraine Krise erneut Flexibilit\u00e4t und Alternativen aus der Branche. Wir ziehen Res\u00fcmee, freuen uns Sie in diesem Jahr wieder pers\u00f6nlich zu treffen und geben Ihnen einen fundierten, zukunftsorientierten und neutralen \u00dcberblick \u00fcber die Trends des FMCG-Sektors.<\/p>\n<\/div><\/section>\n\n<style type=\"text\/css\" data-created_by=\"avia_inline_auto\" id=\"style-css-av-4fjcxw-d520a85d0055ca979e3ed4b834417ad8\">\n#top .av_textblock_section.av-4fjcxw-d520a85d0055ca979e3ed4b834417ad8 .avia_textblock{\nfont-size:19px;\n}\n<\/style>\n<section  class='av_textblock_section av-4fjcxw-d520a85d0055ca979e3ed4b834417ad8 '   itemscope=\"itemscope\" itemtype=\"https:\/\/schema.org\/CreativeWork\" ><div class='avia_textblock'  itemprop=\"text\" ><p>Folgende Themen erwarten Sie:<\/p>\n<ul>\n<li><strong>Akute Herausforderungen f\u00fcr die Branche<\/strong>: Die ersten Reaktionen und Strategien.<\/li>\n<li><strong>Innovation Ecodesign:<\/strong> Verpackungsdesign und -entwicklung \u00f6kologisch optimieren.<\/li>\n<li><strong> Online Shopping und Take-Away-Trends im Zentrum der Konsumgewohnheiten<\/strong> \u2013 wie wird Kreislaufwirtschaft realisierbar?<\/li>\n<li><strong> Digitalisierung &amp; Automatisierung<\/strong> zur Prozessoptimierung und Einsparung in der gesamten Wertsch\u00f6pfungskette.<\/li>\n<\/ul>\n<\/div><\/section>\n<div  class='avia-button-wrap av-2klt44-47d4796ae16ed9f1664674963a69a061-wrap avia-button-left  avia-builder-el-18  el_after_av_textblock  avia-builder-el-last '><a href='https:\/\/dfvcg-events.de\/packaging-360\/programm-2021\/'  class='avia-button av-2klt44-47d4796ae16ed9f1664674963a69a061 av-link-btn avia-icon_select-yes-left-icon avia-size-large avia-position-left av-desktop-hide av-medium-hide av-small-hide av-mini-hide avia-color-light'   aria-label=\"Programm\"><span class='avia_button_icon avia_button_icon_left avia-iconfont avia-font-entypo-fontello' data-av_icon='\ue84b' data-av_iconfont='entypo-fontello' ><\/span><span class='avia_iconbox_title' >Programm<\/span><\/a><\/div>\n\n<\/div><\/div><\/div><!-- close content main div --><\/div><\/div><div id='av_section_3'  class='avia-section av-3pazbl-e106a16458c7f6e95efe0006ce37abe9 main_color avia-section-default avia-no-shadow  avia-builder-el-19  el_after_av_section  el_before_av_section  avia-bg-style-scroll container_wrap fullsize'  ><div class='container av-section-cont-open' ><div class='template-page content  av-content-full alpha units'><div class='post-entry post-entry-type-page post-entry-2180'><div class='entry-content-wrapper clearfix'>\n\n<style type=\"text\/css\" data-created_by=\"avia_inline_auto\" id=\"style-css-av-kq94eq2v-84c09342a0755fecc2bb620627f819f7\">\n#top .av-special-heading.av-kq94eq2v-84c09342a0755fecc2bb620627f819f7{\npadding-bottom:10px;\n}\nbody .av-special-heading.av-kq94eq2v-84c09342a0755fecc2bb620627f819f7 .av-special-heading-tag .heading-char{\nfont-size:25px;\n}\n.av-special-heading.av-kq94eq2v-84c09342a0755fecc2bb620627f819f7 .av-subheading{\nfont-size:15px;\n}\n<\/style>\n<div  class='av-special-heading av-kq94eq2v-84c09342a0755fecc2bb620627f819f7 av-special-heading-h2 blockquote modern-quote  avia-builder-el-20  el_before_av_masonry_entries  avia-builder-el-no-sibling '><h2 class='av-special-heading-tag '  itemprop=\"headline\"  >Auswahl der Vortragenden 2022<\/h2><div class=\"special-heading-border\"><div class=\"special-heading-inner-border\"><\/div><\/div><\/div>\n<div id='av-masonry-2' class='av-masonry av-kq958t2p-c8a0880457f8c136f6593ccc5c63f789 noHover av-fixed-size av-large-gap av-hover-overlay- av-masonry-animation-active av-masonry-col-4 av-caption-always av-caption-style- av-masonry-entries av-orientation-portrait-large ' data-post_id=\"2180\"><div class=\"av-masonry-container isotope av-js-disabled\"><div class='av-masonry-entry isotope-item av-masonry-item-no-image '><\/div><a href=\"https:\/\/dfvcg-events.de\/packaging-360\/vortragend\/dr-matthias-hauser\/\"  id='av-masonry-2-item-2891' data-av-masonry-item='2891' class='av-masonry-entry isotope-item post-2891 portfolio type-portfolio status-publish has-post-thumbnail hentry portfolio_entries-referent-2022 portfolio_entries-referent-2022-feature  av-masonry-item-with-image' title=\"Hauser_Matthias\"   itemscope=\"itemscope\" itemtype=\"https:\/\/schema.org\/CreativeWork\" ><div class='av-inner-masonry-sizer'><\/div><figure class='av-inner-masonry main_color'><div class=\"av-masonry-outerimage-container\"><div class='av-masonry-image-container' style=\"background-image: url(https:\/\/dfvcg-events.de\/packaging-360\/wp-content\/uploads\/sites\/16\/2022\/08\/Hauser_Matthias.png);\"  title=\"Hauser_Matthias\" ><\/div><\/div><figcaption class='av-inner-masonry-content site-background'><div class='av-inner-masonry-content-pos'><div class='av-inner-masonry-content-pos-content'><div class='avia-arrow'><\/div><h3 class='av-masonry-entry-title entry-title '  itemprop=\"headline\" >Dr. Matthias Hauser<\/h3><div class='av-masonry-entry-content entry-content'  itemprop=\"text\" >fjol<\/div><\/div><\/div><\/figcaption><\/figure><\/a><!--end av-masonry entry--><a href=\"https:\/\/dfvcg-events.de\/packaging-360\/vortragend\/hans-lothar-domroese\/\"  id='av-masonry-2-item-2815' data-av-masonry-item='2815' class='av-masonry-entry isotope-item post-2815 portfolio type-portfolio status-publish has-post-thumbnail hentry portfolio_entries-referent-2022 portfolio_entries-referent-2022-feature  av-masonry-item-with-image' title=\"Domr\u00f6se_Hans_Lothar_MHK_ 2022\"   itemscope=\"itemscope\" itemtype=\"https:\/\/schema.org\/CreativeWork\" ><div class='av-inner-masonry-sizer'><\/div><figure class='av-inner-masonry main_color'><div class=\"av-masonry-outerimage-container\"><div class='av-masonry-image-container' style=\"background-image: url(https:\/\/dfvcg-events.de\/packaging-360\/wp-content\/uploads\/sites\/16\/2022\/08\/Domroese_Hans_Lothar_MHK_-2022-rotated.jpg);\"  title=\"Domr\u00f6se_Hans_Lothar_MHK_ 2022\" ><\/div><\/div><figcaption class='av-inner-masonry-content site-background'><div class='av-inner-masonry-content-pos'><div class='av-inner-masonry-content-pos-content'><div class='avia-arrow'><\/div><h3 class='av-masonry-entry-title entry-title '  itemprop=\"headline\" >Hans-Lothar Domr\u00f6se<\/h3><div class='av-masonry-entry-content entry-content'  itemprop=\"text\" >General a.D.<\/div><\/div><\/div><\/figcaption><\/figure><\/a><!--end av-masonry entry--><a href=\"https:\/\/dfvcg-events.de\/packaging-360\/vortragend\/lisa-henze\/\"  id='av-masonry-2-item-2798' data-av-masonry-item='2798' class='av-masonry-entry isotope-item post-2798 portfolio type-portfolio status-publish has-post-thumbnail hentry portfolio_entries-referent-2022 portfolio_entries-referent-2022-feature  av-masonry-item-with-image' title=\"Henze_Lisa_Referentenfoto.P360_V2\"   itemscope=\"itemscope\" itemtype=\"https:\/\/schema.org\/CreativeWork\" ><div class='av-inner-masonry-sizer'><\/div><figure class='av-inner-masonry main_color'><div class=\"av-masonry-outerimage-container\"><div class='av-masonry-image-container' style=\"background-image: url(https:\/\/dfvcg-events.de\/packaging-360\/wp-content\/uploads\/sites\/16\/2022\/07\/Henze_Lisa_Referentenfoto.P360_V2.jpeg);\"  title=\"Henze_Lisa_Referentenfoto.P360_V2\" ><\/div><\/div><figcaption class='av-inner-masonry-content site-background'><div class='av-inner-masonry-content-pos'><div class='av-inner-masonry-content-pos-content'><div class='avia-arrow'><\/div><h3 class='av-masonry-entry-title entry-title '  itemprop=\"headline\" >Lisa Henze<\/h3><div class='av-masonry-entry-content entry-content'  itemprop=\"text\" >reCup<\/div><\/div><\/div><\/figcaption><\/figure><\/a><!--end av-masonry entry--><a href=\"https:\/\/dfvcg-events.de\/packaging-360\/vortragend\/kim-cheng\/\"  id='av-masonry-2-item-2790' data-av-masonry-item='2790' class='av-masonry-entry isotope-item post-2790 portfolio type-portfolio status-publish has-post-thumbnail hentry portfolio_entries-referent-2022 portfolio_entries-referent-2022-feature  av-masonry-item-with-image' title=\"Cheng_Kim_2022_WEB\"   itemscope=\"itemscope\" itemtype=\"https:\/\/schema.org\/CreativeWork\" ><div class='av-inner-masonry-sizer'><\/div><figure class='av-inner-masonry main_color'><div class=\"av-masonry-outerimage-container\"><div class='av-masonry-image-container' style=\"background-image: url(https:\/\/dfvcg-events.de\/packaging-360\/wp-content\/uploads\/sites\/16\/2022\/07\/Cheng_Kim_2022_WEB.jpg);\"  title=\"Cheng_Kim_2022_WEB\" ><\/div><\/div><figcaption class='av-inner-masonry-content site-background'><div class='av-inner-masonry-content-pos'><div class='av-inner-masonry-content-pos-content'><div class='avia-arrow'><\/div><h3 class='av-masonry-entry-title entry-title '  itemprop=\"headline\" >Kim Cheng<\/h3><div class='av-masonry-entry-content entry-content'  itemprop=\"text\" >Deutschen Verpackungsinstituts e. V.<\/div><\/div><\/div><\/figcaption><\/figure><\/a><!--end av-masonry entry--><a href=\"https:\/\/dfvcg-events.de\/packaging-360\/vortragend\/phillipp-richter\/\"  id='av-masonry-2-item-2782' data-av-masonry-item='2782' class='av-masonry-entry isotope-item post-2782 portfolio type-portfolio status-publish has-post-thumbnail hentry portfolio_entries-referent-2022 portfolio_entries-referent-2022-feature  av-masonry-item-with-image' title=\"Richter_Phillip_2022_WEB\"   itemscope=\"itemscope\" itemtype=\"https:\/\/schema.org\/CreativeWork\" ><div class='av-inner-masonry-sizer'><\/div><figure class='av-inner-masonry main_color'><div class=\"av-masonry-outerimage-container\"><div class='av-masonry-image-container' style=\"background-image: url(https:\/\/dfvcg-events.de\/packaging-360\/wp-content\/uploads\/sites\/16\/2022\/07\/Richter_Phillip_2022_WEB.jpg);\"  title=\"Richter_Phillip_2022_WEB\" ><\/div><\/div><figcaption class='av-inner-masonry-content site-background'><div class='av-inner-masonry-content-pos'><div class='av-inner-masonry-content-pos-content'><div class='avia-arrow'><\/div><h3 class='av-masonry-entry-title entry-title '  itemprop=\"headline\" >Phillipp Richter<\/h3><div class='av-masonry-entry-content entry-content'  itemprop=\"text\" >SPIES Packaging<\/div><\/div><\/div><\/figcaption><\/figure><\/a><!--end av-masonry entry--><a href=\"https:\/\/dfvcg-events.de\/packaging-360\/vortragend\/alien-mulyk\/\"  id='av-masonry-2-item-2779' data-av-masonry-item='2779' class='av-masonry-entry isotope-item post-2779 portfolio type-portfolio status-publish has-post-thumbnail hentry portfolio_entries-referent-2022 portfolio_entries-referent-2022-feature  av-masonry-item-with-image' title=\"Mulyk_Alien_2022_WEB\"   itemscope=\"itemscope\" itemtype=\"https:\/\/schema.org\/CreativeWork\" ><div class='av-inner-masonry-sizer'><\/div><figure class='av-inner-masonry main_color'><div class=\"av-masonry-outerimage-container\"><div class='av-masonry-image-container' style=\"background-image: url(https:\/\/dfvcg-events.de\/packaging-360\/wp-content\/uploads\/sites\/16\/2022\/07\/Mulyk_Alien_2022_WEB.jpg);\"  title=\"Mulyk_Alien_2022_WEB\" ><\/div><\/div><figcaption class='av-inner-masonry-content site-background'><div class='av-inner-masonry-content-pos'><div class='av-inner-masonry-content-pos-content'><div class='avia-arrow'><\/div><h3 class='av-masonry-entry-title entry-title '  itemprop=\"headline\" >Alien Mulyk<\/h3><div class='av-masonry-entry-content entry-content'  itemprop=\"text\" >Bundesverband E-Commerce &amp; Versandhandel<\/div><\/div><\/div><\/figcaption><\/figure><\/a><!--end av-masonry entry--><a href=\"https:\/\/dfvcg-events.de\/packaging-360\/vortragend\/dagmar-glatz\/\"  id='av-masonry-2-item-2772' data-av-masonry-item='2772' class='av-masonry-entry isotope-item post-2772 portfolio type-portfolio status-publish has-post-thumbnail hentry portfolio_entries-referent-2022 portfolio_entries-referent-2022-feature  av-masonry-item-with-image' title=\"Glatz_Dagmar_dm Drogeriemarkt_2022_WEB\"   itemscope=\"itemscope\" itemtype=\"https:\/\/schema.org\/CreativeWork\" ><div class='av-inner-masonry-sizer'><\/div><figure class='av-inner-masonry main_color'><div class=\"av-masonry-outerimage-container\"><div class='av-masonry-image-container' style=\"background-image: url(https:\/\/dfvcg-events.de\/packaging-360\/wp-content\/uploads\/sites\/16\/2022\/07\/Glatz_Dagmar_dm-Drogeriemarkt_2022_WEB.jpg);\"  title=\"Glatz_Dagmar_dm Drogeriemarkt_2022_WEB\" ><\/div><\/div><figcaption class='av-inner-masonry-content site-background'><div class='av-inner-masonry-content-pos'><div class='av-inner-masonry-content-pos-content'><div class='avia-arrow'><\/div><h3 class='av-masonry-entry-title entry-title '  itemprop=\"headline\" >Dagmar Glatz<\/h3><div class='av-masonry-entry-content entry-content'  itemprop=\"text\" >dm Drogeriemarkt<\/div><\/div><\/div><\/figcaption><\/figure><\/a><!--end av-masonry entry--><a href=\"https:\/\/dfvcg-events.de\/packaging-360\/vortragend\/patrick-langendorf\/\"  id='av-masonry-2-item-2706' data-av-masonry-item='2706' class='av-masonry-entry isotope-item post-2706 portfolio type-portfolio status-publish has-post-thumbnail hentry portfolio_entries-referent-2022 portfolio_entries-referent-2022-feature  av-masonry-item-with-image' title=\"Langendorf_Patrick_Referentenfoto_P360_V2\"   itemscope=\"itemscope\" itemtype=\"https:\/\/schema.org\/CreativeWork\" ><div class='av-inner-masonry-sizer'><\/div><figure class='av-inner-masonry main_color'><div class=\"av-masonry-outerimage-container\"><div class='av-masonry-image-container' style=\"background-image: url(https:\/\/dfvcg-events.de\/packaging-360\/wp-content\/uploads\/sites\/16\/2022\/06\/Langendorf_Patrick_Referentenfoto_P360_V2.jpg);\"  title=\"Langendorf_Patrick_Referentenfoto_P360_V2\" ><\/div><\/div><figcaption class='av-inner-masonry-content site-background'><div class='av-inner-masonry-content-pos'><div class='av-inner-masonry-content-pos-content'><div class='avia-arrow'><\/div><h3 class='av-masonry-entry-title entry-title '  itemprop=\"headline\" >Patrick Langendorf<\/h3><div class='av-masonry-entry-content entry-content'  itemprop=\"text\" >Str\u00f6er Media Solutions<\/div><\/div><\/div><\/figcaption><\/figure><\/a><!--end av-masonry entry--><\/div><\/div>\n<div  class='avia-button-wrap av-kruj27e0-b84537090972546c7bc7f9580192006d-wrap avia-button-left  avia-builder-el-22  el_after_av_masonry_entries  avia-builder-el-no-sibling '>\n<style type=\"text\/css\" data-created_by=\"avia_inline_auto\" id=\"style-css-av-kruj27e0-b84537090972546c7bc7f9580192006d\">\n#top #wrap_all .avia-button.av-kruj27e0-b84537090972546c7bc7f9580192006d{\nborder-style:none;\ntransition:all 0.4s ease-in-out;\n}\n<\/style>\n<a href='https:\/\/dfvcg-events.de\/packaging-360\/vortragende-2022\/'  class='avia-button av-kruj27e0-b84537090972546c7bc7f9580192006d av-link-btn avia-icon_select-yes-left-icon avia-size-large avia-position-left avia-color-theme-color'   aria-label=\"Alle Vortragenden finden Sie hier\"><span class='avia_button_icon avia_button_icon_left avia-iconfont avia-font-entypo-fontello' data-av_icon='\ue80b' data-av_iconfont='entypo-fontello' ><\/span><span class='avia_iconbox_title' >Alle Vortragenden finden Sie hier<\/span><\/a><\/div>\n\n<\/div><\/div><\/div><!-- close content main div --><\/div><\/div><div id='av_section_4'  class='avia-section av-5sugk1-1aa69c7ab5749ceb275e47ddc6aeed4d main_color avia-section-default avia-no-shadow  avia-builder-el-23  el_after_av_section  el_before_av_section  avia-bg-style-scroll container_wrap fullsize'  ><div class='container av-section-cont-open' ><div class='template-page content  av-content-full alpha units'><div class='post-entry post-entry-type-page post-entry-2180'><div class='entry-content-wrapper clearfix'>\n\n<style type=\"text\/css\" data-created_by=\"avia_inline_auto\" id=\"style-css-av-49yakx-139fc4f89a2d60cc2f670d1a5a8c9e6c\">\n.flex_column.av-49yakx-139fc4f89a2d60cc2f670d1a5a8c9e6c{\nborder-radius:0px 0px 0px 0px;\npadding:0px 0px 0px 0px;\n}\n<\/style>\n<div  class='flex_column av-49yakx-139fc4f89a2d60cc2f670d1a5a8c9e6c av_one_fourth  avia-builder-el-24  el_before_av_three_fourth  avia-builder-el-first  first flex_column_div av-zero-column-padding  '     ><p>\n<style type=\"text\/css\" data-created_by=\"avia_inline_auto\" id=\"style-css-av-kq94pdeh-8ee53e838bddae549a5b1cb92ae76137\">\n#top .av-special-heading.av-kq94pdeh-8ee53e838bddae549a5b1cb92ae76137{\npadding-bottom:10px;\n}\nbody .av-special-heading.av-kq94pdeh-8ee53e838bddae549a5b1cb92ae76137 .av-special-heading-tag .heading-char{\nfont-size:25px;\n}\n.av-special-heading.av-kq94pdeh-8ee53e838bddae549a5b1cb92ae76137 .av-subheading{\nfont-size:15px;\n}\n<\/style>\n<div  class='av-special-heading av-kq94pdeh-8ee53e838bddae549a5b1cb92ae76137 av-special-heading-h2 blockquote modern-quote  avia-builder-el-25  el_before_av_textblock  avia-builder-el-first '><h2 class='av-special-heading-tag '  itemprop=\"headline\"  >Veranstaltungsort<\/h2><div class=\"special-heading-border\"><div class=\"special-heading-inner-border\"><\/div><\/div><\/div><br \/>\n<section  class='av_textblock_section av-kq94tky1-c845d5863877bdebc2592005b3a81fa3 '   itemscope=\"itemscope\" itemtype=\"https:\/\/schema.org\/CreativeWork\" ><div class='avia_textblock'  itemprop=\"text\" ><p><strong>Steigenberger Airport Hotel<\/strong><\/p>\n<p>Unterschweinstiege 16<br \/>\n60549 Frankfurt am Main<\/p>\n<\/div><\/section><br \/>\n<div  class='avia-button-wrap av-kq9dolcd-8c25fb894127fc0fd6df92882d464a75-wrap avia-button-left  avia-builder-el-27  el_after_av_textblock  avia-builder-el-last '><a href='https:\/\/dfvcg-events.de\/packaging-360\/hotel-anreise\/'  class='avia-button av-kq9dolcd-8c25fb894127fc0fd6df92882d464a75 av-link-btn avia-icon_select-yes-left-icon avia-size-large avia-position-left avia-color-theme-color'  target=\"_blank\"  rel=\"noopener noreferrer\"  aria-label=\"Hotel &amp; Anreise\"><span class='avia_button_icon avia_button_icon_left avia-iconfont avia-font-entypo-fontello' data-av_icon='\ue821' data-av_iconfont='entypo-fontello' ><\/span><span class='avia_iconbox_title' >Hotel &amp; Anreise<\/span><\/a><\/div><\/p><\/div>\n<style type=\"text\/css\" data-created_by=\"avia_inline_auto\" id=\"style-css-av-3603w1-5a4149bef691d7b188228e6f36b70ef0\">\n.flex_column.av-3603w1-5a4149bef691d7b188228e6f36b70ef0{\nborder-radius:0px 0px 0px 0px;\npadding:0px 0px 0px 0px;\n}\n<\/style>\n<div  class='flex_column av-3603w1-5a4149bef691d7b188228e6f36b70ef0 av_three_fourth  avia-builder-el-28  el_after_av_one_fourth  avia-builder-el-last  flex_column_div av-zero-column-padding  '     ><div  class='av_gmaps_sc_main_wrap av_gmaps_main_wrap '><div id='av_gmap_0' class='avia-google-map-container avia-google-map-sc av_gmaps_show_unconditionally av-no-fallback-img ' data-mapid='av_gmap_0'  style='height: 400px;'><a class=\"av_gmaps_browser_disabled av_text_confirm_link av_text_confirm_link_visible\" href=\"https:\/\/www.google.com\/maps\/search\/?api=1&#038;query=Unterschweinstiege%2016%2060549%20Frankfurt%20am%20Main%20Hessen%20Deutschland\" target=\"_blank\">Karten wurden vom Besucher auf dieser Webseite deaktiviert. Klicken Sie hier, um die Karte in einem neuen Fenster zu \u00f6ffnen.<\/a><\/div><\/div><\/div>\n\n<\/div><\/div><\/div><!-- close content main div --><\/div><\/div><div id='av_section_5'  class='avia-section av-k7yuhjt1-1-1fc8ce676892a78d3ccbc2c127a99563 main_color avia-section-default avia-no-shadow  avia-builder-el-30  el_after_av_section  avia-builder-el-last  avia-bg-style-scroll container_wrap fullsize'  ><div class='container av-section-cont-open' ><div class='template-page content  av-content-full alpha units'><div class='post-entry post-entry-type-page post-entry-2180'><div class='entry-content-wrapper clearfix'>\n<div class='flex_column_table av-k7z9th4t-dc1b087e4719c1f3e9ffff6839b1e0d5 sc-av_three_fourth av-break-at-tablet-flextable av-equal-height-column-flextable'>\n<style type=\"text\/css\" data-created_by=\"avia_inline_auto\" id=\"style-css-av-k7z9th4t-dc1b087e4719c1f3e9ffff6839b1e0d5\">\n.flex_column.av-k7z9th4t-dc1b087e4719c1f3e9ffff6839b1e0d5{\nborder-radius:0px 0px 0px 0px;\npadding:0px 0px 0px 0px;\n}\n<\/style>\n<div  class='flex_column av-k7z9th4t-dc1b087e4719c1f3e9ffff6839b1e0d5 av_three_fourth  avia-builder-el-31  el_before_av_one_fourth  avia-builder-el-first  first av-break-at-tablet flex_column_table_cell av-equal-height-column av-align-middle av-zero-column-padding  '     ><p>\n<style type=\"text\/css\" data-created_by=\"avia_inline_auto\" id=\"style-css-av-2sh4-7993a45c10695fab52d4cbc89ec74d66\">\n#top .av-special-heading.av-2sh4-7993a45c10695fab52d4cbc89ec74d66{\npadding-bottom:35px;\n}\nbody .av-special-heading.av-2sh4-7993a45c10695fab52d4cbc89ec74d66 .av-special-heading-tag .heading-char{\nfont-size:25px;\n}\n.av-special-heading.av-2sh4-7993a45c10695fab52d4cbc89ec74d66 .av-subheading{\nfont-size:19px;\n}\n<\/style>\n<div  class='av-special-heading av-2sh4-7993a45c10695fab52d4cbc89ec74d66 av-special-heading-h2 blockquote modern-quote  avia-builder-el-32  el_before_av_textblock  avia-builder-el-first '><h2 class='av-special-heading-tag '  itemprop=\"headline\"  >Clean <span class='special_amp'>&amp;<\/span> Safe <\/h2><div class='av-subheading av-subheading_below'><p>Hygienisch einwandfreie und sichere Veranstaltungen<\/p>\n<\/div><div class=\"special-heading-border\"><div class=\"special-heading-inner-border\"><\/div><\/div><\/div><br \/>\n<section  class='av_textblock_section av-k7z3il24-e1616f05ba37c0df16747ba5a58b87ef '   itemscope=\"itemscope\" itemtype=\"https:\/\/schema.org\/CreativeWork\" ><div class='avia_textblock'  itemprop=\"text\" ><p>Das von der dfv Conference Group und der InfraCert GmbH neu entwickelte Zertifikat\u00a0<strong>\u201eClean &amp; Safe\u201c<\/strong> erm\u00f6glicht hygienisch einwandfreie und sichere Veranstaltungen. Mit knapp 50 Ma\u00dfnahmen deckt der Zertifizierungskatalog jegliche Gefahrenpunkte vor, w\u00e4hrend und nach einer Veranstaltung ab, um die Sicherheit aller an einer Veranstaltung beteiligten Personen zu gew\u00e4hrleisten.Neben dem umfangreichen Zertifizierungskatalog ist auch die Einhaltung und Umsetzung von <strong>2G+<\/strong> f\u00fcr uns als Veranstalter unerl\u00e4sslich.<\/p>\n<\/div><\/section><br \/>\n<div  class='avia-button-wrap av-kc4mksxq-9857213e6837ac3b2c6197260ce31a87-wrap avia-button-left  avia-builder-el-34  el_after_av_textblock  avia-builder-el-last '><a href='https:\/\/dfvcg-events.de\/clean-safe\/?utm_source=dfvCG_Website&amp;utm_medium=Link_Ma%C3%9Fnahmenkatalog_Siegel&amp;utm_campaign=Kurzversion_Zertifizierungskatalog'  class='avia-button av-kc4mksxq-9857213e6837ac3b2c6197260ce31a87 av-link-btn avia-icon_select-yes-left-icon avia-size-large avia-position-left avia-color-theme-color'  target=\"_blank\"  rel=\"noopener noreferrer\"  aria-label=\"Kurzversion Zertifizierungskatalog\"><span class='avia_button_icon avia_button_icon_left avia-iconfont avia-font-entypo-fontello' data-av_icon='\ue81f' data-av_iconfont='entypo-fontello' ><\/span><span class='avia_iconbox_title' >Kurzversion Zertifizierungskatalog<\/span><\/a><\/div><\/p><\/div><div class='av-flex-placeholder'><\/div>\n<style type=\"text\/css\" data-created_by=\"avia_inline_auto\" id=\"style-css-av-d7cry-c323344934baf72fcaba78abde85504f\">\n.flex_column.av-d7cry-c323344934baf72fcaba78abde85504f{\nborder-radius:0px 0px 0px 0px;\npadding:0px 0px 0px 0px;\n}\n<\/style>\n<div  class='flex_column av-d7cry-c323344934baf72fcaba78abde85504f av_one_fourth  avia-builder-el-35  el_after_av_three_fourth  avia-builder-el-last  av-break-at-tablet flex_column_table_cell av-equal-height-column av-align-middle av-zero-column-padding  '     ><style type=\"text\/css\" data-created_by=\"avia_inline_auto\" id=\"style-css-av-kc2bkfeg-6e84455c477aff28091e0eac656e4b51\">\n.avia-image-container.av-kc2bkfeg-6e84455c477aff28091e0eac656e4b51 img.avia_image{\nbox-shadow:none;\n}\n.avia-image-container.av-kc2bkfeg-6e84455c477aff28091e0eac656e4b51 .av-image-caption-overlay-center{\ncolor:#ffffff;\n}\n<\/style>\n<div  class='avia-image-container av-kc2bkfeg-6e84455c477aff28091e0eac656e4b51 av-styling- avia-align-center  avia-builder-el-36  avia-builder-el-no-sibling '   itemprop=\"image\" itemscope=\"itemscope\" itemtype=\"https:\/\/schema.org\/ImageObject\" ><div class=\"avia-image-container-inner\"><div class=\"avia-image-overlay-wrap\"><img decoding=\"async\" fetchpriority=\"high\" class='wp-image-1107 avia-img-lazy-loading-not-1107 avia_image ' src=\"https:\/\/dfvcg-events.de\/packaging-360\/wp-content\/uploads\/sites\/16\/2020\/06\/dfvcg-Clean-Safe-siegel.jpg\" alt='' title='dfvcg-Clean-Safe-siegel'  height=\"800\" width=\"800\"  itemprop=\"thumbnailUrl\"  \/><\/div><\/div><\/div><\/div><\/div><!--close column table wrapper. Autoclose: 1 -->\n\n","protected":false},"excerpt":{"rendered":"","protected":false},"author":1,"featured_media":0,"parent":0,"menu_order":6,"comment_status":"closed","ping_status":"closed","template":"","meta":{"footnotes":""},"class_list":["post-2180","page","type-page","status-publish","hentry"],"yoast_head":"<!-- This site is optimized with the Yoast SEO plugin v27.4 - https:\/\/yoast.com\/product\/yoast-seo-wordpress\/ -->\n<title>dfv Confercence Group - PACKAGING360\u00b0<\/title>\n<meta name=\"description\" content=\"PACKAGING360\u00b0 - 7.\/8. September 2022, Steigenberger Airport Hotel, Frankfurt \/ Der Branchentreff f\u00fcr Markenverantwortliche und Verpackungs-Entscheider aus Markenartikelindustrie und Handel.\" \/>\n<meta name=\"robots\" content=\"index, follow, max-snippet:-1, max-image-preview:large, max-video-preview:-1\" \/>\n<link rel=\"canonical\" href=\"https:\/\/dfvcg-events.de\/packaging-360\/\" \/>\n<meta property=\"og:locale\" content=\"de_DE\" \/>\n<meta property=\"og:type\" content=\"article\" \/>\n<meta property=\"og:title\" content=\"dfv Confercence Group - PACKAGING360\u00b0\" \/>\n<meta property=\"og:description\" content=\"PACKAGING360\u00b0 - 7.\/8. September 2022, Steigenberger Airport Hotel, Frankfurt \/ Der Branchentreff f\u00fcr Markenverantwortliche und Verpackungs-Entscheider aus Markenartikelindustrie und Handel.\" \/>\n<meta property=\"og:url\" content=\"https:\/\/dfvcg-events.de\/packaging-360\/\" \/>\n<meta property=\"og:site_name\" content=\"PACKAGING360\u00b0\" \/>\n<meta property=\"article:modified_time\" content=\"2022-09-13T13:45:14+00:00\" \/>\n<meta name=\"twitter:card\" content=\"summary_large_image\" \/>\n<meta name=\"twitter:label1\" content=\"Gesch\u00e4tzte Lesezeit\" \/>\n\t<meta name=\"twitter:data1\" content=\"11\u00a0Minuten\" \/>\n<script type=\"application\/ld+json\" class=\"yoast-schema-graph\">{\"@context\":\"https:\\\/\\\/schema.org\",\"@graph\":[{\"@type\":\"WebPage\",\"@id\":\"https:\\\/\\\/dfvcg-events.de\\\/packaging-360\\\/\",\"url\":\"https:\\\/\\\/dfvcg-events.de\\\/packaging-360\\\/\",\"name\":\"dfv Confercence Group - PACKAGING360\u00b0\",\"isPartOf\":{\"@id\":\"https:\\\/\\\/dfvcg-events.de\\\/packaging-360\\\/#website\"},\"datePublished\":\"2022-03-04T15:48:20+00:00\",\"dateModified\":\"2022-09-13T13:45:14+00:00\",\"description\":\"PACKAGING360\u00b0 - 7.\\\/8. September 2022, Steigenberger Airport Hotel, Frankfurt \\\/ Der Branchentreff f\u00fcr Markenverantwortliche und Verpackungs-Entscheider aus Markenartikelindustrie und Handel.\",\"breadcrumb\":{\"@id\":\"https:\\\/\\\/dfvcg-events.de\\\/packaging-360\\\/#breadcrumb\"},\"inLanguage\":\"de\",\"potentialAction\":[{\"@type\":\"ReadAction\",\"target\":[\"https:\\\/\\\/dfvcg-events.de\\\/packaging-360\\\/\"]}]},{\"@type\":\"BreadcrumbList\",\"@id\":\"https:\\\/\\\/dfvcg-events.de\\\/packaging-360\\\/#breadcrumb\",\"itemListElement\":[{\"@type\":\"ListItem\",\"position\":1,\"name\":\"Startseite\",\"item\":\"https:\\\/\\\/dfvcg-events.de\\\/packaging-360\\\/\"},{\"@type\":\"ListItem\",\"position\":2,\"name\":\"Start 2022\"}]},{\"@type\":\"WebSite\",\"@id\":\"https:\\\/\\\/dfvcg-events.de\\\/packaging-360\\\/#website\",\"url\":\"https:\\\/\\\/dfvcg-events.de\\\/packaging-360\\\/\",\"name\":\"PACKAGING360\u00b0\",\"description\":\"dfv Conference Group\",\"publisher\":{\"@id\":\"https:\\\/\\\/dfvcg-events.de\\\/packaging-360\\\/#organization\"},\"potentialAction\":[{\"@type\":\"SearchAction\",\"target\":{\"@type\":\"EntryPoint\",\"urlTemplate\":\"https:\\\/\\\/dfvcg-events.de\\\/packaging-360\\\/?s={search_term_string}\"},\"query-input\":{\"@type\":\"PropertyValueSpecification\",\"valueRequired\":true,\"valueName\":\"search_term_string\"}}],\"inLanguage\":\"de\"},{\"@type\":\"Organization\",\"@id\":\"https:\\\/\\\/dfvcg-events.de\\\/packaging-360\\\/#organization\",\"name\":\"PACKAGING360\u00b0\",\"url\":\"https:\\\/\\\/dfvcg-events.de\\\/packaging-360\\\/\",\"logo\":{\"@type\":\"ImageObject\",\"inLanguage\":\"de\",\"@id\":\"https:\\\/\\\/dfvcg-events.de\\\/packaging-360\\\/#\\\/schema\\\/logo\\\/image\\\/\",\"url\":\"https:\\\/\\\/dfvcg-events.de\\\/packaging-360\\\/wp-content\\\/uploads\\\/sites\\\/16\\\/2020\\\/06\\\/dfvcg-packaging.jpg\",\"contentUrl\":\"https:\\\/\\\/dfvcg-events.de\\\/packaging-360\\\/wp-content\\\/uploads\\\/sites\\\/16\\\/2020\\\/06\\\/dfvcg-packaging.jpg\",\"width\":800,\"height\":800,\"caption\":\"PACKAGING360\u00b0\"},\"image\":{\"@id\":\"https:\\\/\\\/dfvcg-events.de\\\/packaging-360\\\/#\\\/schema\\\/logo\\\/image\\\/\"}}]}<\/script>\n<!-- \/ Yoast SEO plugin. -->","yoast_head_json":{"title":"dfv Confercence Group - PACKAGING360\u00b0","description":"PACKAGING360\u00b0 - 7.\/8. September 2022, Steigenberger Airport Hotel, Frankfurt \/ Der Branchentreff f\u00fcr Markenverantwortliche und Verpackungs-Entscheider aus Markenartikelindustrie und Handel.","robots":{"index":"index","follow":"follow","max-snippet":"max-snippet:-1","max-image-preview":"max-image-preview:large","max-video-preview":"max-video-preview:-1"},"canonical":"https:\/\/dfvcg-events.de\/packaging-360\/","og_locale":"de_DE","og_type":"article","og_title":"dfv Confercence Group - PACKAGING360\u00b0","og_description":"PACKAGING360\u00b0 - 7.\/8. September 2022, Steigenberger Airport Hotel, Frankfurt \/ Der Branchentreff f\u00fcr Markenverantwortliche und Verpackungs-Entscheider aus Markenartikelindustrie und Handel.","og_url":"https:\/\/dfvcg-events.de\/packaging-360\/","og_site_name":"PACKAGING360\u00b0","article_modified_time":"2022-09-13T13:45:14+00:00","twitter_card":"summary_large_image","twitter_misc":{"Gesch\u00e4tzte Lesezeit":"11\u00a0Minuten"},"schema":{"@context":"https:\/\/schema.org","@graph":[{"@type":"WebPage","@id":"https:\/\/dfvcg-events.de\/packaging-360\/","url":"https:\/\/dfvcg-events.de\/packaging-360\/","name":"dfv Confercence Group - PACKAGING360\u00b0","isPartOf":{"@id":"https:\/\/dfvcg-events.de\/packaging-360\/#website"},"datePublished":"2022-03-04T15:48:20+00:00","dateModified":"2022-09-13T13:45:14+00:00","description":"PACKAGING360\u00b0 - 7.\/8. September 2022, Steigenberger Airport Hotel, Frankfurt \/ Der Branchentreff f\u00fcr Markenverantwortliche und Verpackungs-Entscheider aus Markenartikelindustrie und Handel.","breadcrumb":{"@id":"https:\/\/dfvcg-events.de\/packaging-360\/#breadcrumb"},"inLanguage":"de","potentialAction":[{"@type":"ReadAction","target":["https:\/\/dfvcg-events.de\/packaging-360\/"]}]},{"@type":"BreadcrumbList","@id":"https:\/\/dfvcg-events.de\/packaging-360\/#breadcrumb","itemListElement":[{"@type":"ListItem","position":1,"name":"Startseite","item":"https:\/\/dfvcg-events.de\/packaging-360\/"},{"@type":"ListItem","position":2,"name":"Start 2022"}]},{"@type":"WebSite","@id":"https:\/\/dfvcg-events.de\/packaging-360\/#website","url":"https:\/\/dfvcg-events.de\/packaging-360\/","name":"PACKAGING360\u00b0","description":"dfv Conference Group","publisher":{"@id":"https:\/\/dfvcg-events.de\/packaging-360\/#organization"},"potentialAction":[{"@type":"SearchAction","target":{"@type":"EntryPoint","urlTemplate":"https:\/\/dfvcg-events.de\/packaging-360\/?s={search_term_string}"},"query-input":{"@type":"PropertyValueSpecification","valueRequired":true,"valueName":"search_term_string"}}],"inLanguage":"de"},{"@type":"Organization","@id":"https:\/\/dfvcg-events.de\/packaging-360\/#organization","name":"PACKAGING360\u00b0","url":"https:\/\/dfvcg-events.de\/packaging-360\/","logo":{"@type":"ImageObject","inLanguage":"de","@id":"https:\/\/dfvcg-events.de\/packaging-360\/#\/schema\/logo\/image\/","url":"https:\/\/dfvcg-events.de\/packaging-360\/wp-content\/uploads\/sites\/16\/2020\/06\/dfvcg-packaging.jpg","contentUrl":"https:\/\/dfvcg-events.de\/packaging-360\/wp-content\/uploads\/sites\/16\/2020\/06\/dfvcg-packaging.jpg","width":800,"height":800,"caption":"PACKAGING360\u00b0"},"image":{"@id":"https:\/\/dfvcg-events.de\/packaging-360\/#\/schema\/logo\/image\/"}}]}},"_links":{"self":[{"href":"https:\/\/dfvcg-events.de\/packaging-360\/wp-json\/wp\/v2\/pages\/2180","targetHints":{"allow":["GET"]}}],"collection":[{"href":"https:\/\/dfvcg-events.de\/packaging-360\/wp-json\/wp\/v2\/pages"}],"about":[{"href":"https:\/\/dfvcg-events.de\/packaging-360\/wp-json\/wp\/v2\/types\/page"}],"author":[{"embeddable":true,"href":"https:\/\/dfvcg-events.de\/packaging-360\/wp-json\/wp\/v2\/users\/1"}],"replies":[{"embeddable":true,"href":"https:\/\/dfvcg-events.de\/packaging-360\/wp-json\/wp\/v2\/comments?post=2180"}],"version-history":[{"count":0,"href":"https:\/\/dfvcg-events.de\/packaging-360\/wp-json\/wp\/v2\/pages\/2180\/revisions"}],"wp:attachment":[{"href":"https:\/\/dfvcg-events.de\/packaging-360\/wp-json\/wp\/v2\/media?parent=2180"}],"curies":[{"name":"wp","href":"https:\/\/api.w.org\/{rel}","templated":true}]}}