{"id":2177,"date":"2022-03-04T16:45:29","date_gmt":"2022-03-04T15:45:29","guid":{"rendered":"https:\/\/dfvcg-events.de\/packaging-360\/?page_id=2177"},"modified":"2022-09-01T12:10:52","modified_gmt":"2022-09-01T10:10:52","slug":"programm-2022","status":"publish","type":"page","link":"https:\/\/dfvcg-events.de\/packaging-360\/programm-2022\/","title":{"rendered":"Programm 2022"},"content":{"rendered":"<div id='av_section_1'  class='avia-section av-k7yuhjt1-676f3ed4420f2c40c202d201fc1a3016 main_color avia-section-default avia-no-border-styling  avia-builder-el-0  el_before_av_section  avia-builder-el-first  header-farbe avia-bg-style-scroll container_wrap fullsize'  ><div class='container av-section-cont-open' ><main  role=\"main\" itemprop=\"mainContentOfPage\"  class='template-page content  av-content-full alpha units'><div class='post-entry post-entry-type-page post-entry-2177'><div class='entry-content-wrapper clearfix'>\n\n<style type=\"text\/css\" data-created_by=\"avia_inline_auto\" id=\"style-css-av-kmn8q8zk-c5a8edceffc31b6074ac01a959eda98f\">\n#top .av-special-heading.av-kmn8q8zk-c5a8edceffc31b6074ac01a959eda98f{\npadding-bottom:0;\n}\nbody .av-special-heading.av-kmn8q8zk-c5a8edceffc31b6074ac01a959eda98f .av-special-heading-tag .heading-char{\nfont-size:25px;\n}\n.av-special-heading.av-kmn8q8zk-c5a8edceffc31b6074ac01a959eda98f .av-subheading{\nfont-size:15px;\n}\n<\/style>\n<div  class='av-special-heading av-kmn8q8zk-c5a8edceffc31b6074ac01a959eda98f av-special-heading-h1 blockquote modern-quote  avia-builder-el-1  avia-builder-el-no-sibling '><div class='av-subheading av-subheading_above'><p>PACKAGING 360\u00b0<\/p>\n<\/div><h1 class='av-special-heading-tag '  itemprop=\"headline\"  >Programm 2022<\/h1><div class=\"special-heading-border\"><div class=\"special-heading-inner-border\"><\/div><\/div><\/div>\n\n<\/div><\/div><\/main><!-- close content main element --><\/div><\/div><div id='av_section_2'  class='avia-section av-l0m7t856-bf4ccf4dc7438cf8b072f9889efda77a main_color avia-section-default avia-no-border-styling  avia-builder-el-2  el_after_av_section  el_before_av_section  avia-bg-style-scroll container_wrap fullsize'  ><div class='container av-section-cont-open' ><div class='template-page content  av-content-full alpha units'><div class='post-entry post-entry-type-page post-entry-2177'><div class='entry-content-wrapper clearfix'>\n\n<style type=\"text\/css\" data-created_by=\"avia_inline_auto\" id=\"style-css-av-5fk2c5-8a877a176294587af61373cd0cfb4c3a\">\n.flex_column.av-5fk2c5-8a877a176294587af61373cd0cfb4c3a{\nborder-radius:0px 0px 0px 0px;\npadding:0px 0px 0px 0px;\n}\n<\/style>\n<div  class='flex_column av-5fk2c5-8a877a176294587af61373cd0cfb4c3a av_one_third  avia-builder-el-3  el_before_av_one_third  avia-builder-el-first  first flex_column_div av-zero-column-padding  '     ><p><section  class='av_textblock_section av-kqwbis1f-1a3a40cc924f88acd02a0aa3a7a2f954 '   itemscope=\"itemscope\" itemtype=\"https:\/\/schema.org\/CreativeWork\" ><div class='avia_textblock'  itemprop=\"text\" ><p><strong>Erster Tag:<\/strong><br \/>\nMittwoch, 7. September 2022<\/p>\n<\/div><\/section><br \/>\n<div  class='avia-button-wrap av-kqwbgshd-6695b7277212a3dd2ce9055dd10c805e-wrap avia-button-left  avia-builder-el-5  el_after_av_textblock  avia-builder-el-last '><a href='#tag1'  class='avia-button av-kqwbgshd-6695b7277212a3dd2ce9055dd10c805e av-link-btn avia-icon_select-no avia-size-large avia-position-left avia-color-theme-color'   aria-label=\"Programm 7. September 2022\"><span class='avia_iconbox_title' >Programm 7. September 2022<\/span><\/a><\/div><\/p><\/div>\n<style type=\"text\/css\" data-created_by=\"avia_inline_auto\" id=\"style-css-av-4loqx1-811011574b6bca7054522a2fa21c2ec3\">\n.flex_column.av-4loqx1-811011574b6bca7054522a2fa21c2ec3{\nborder-radius:0px 0px 0px 0px;\npadding:0px 0px 0px 0px;\n}\n<\/style>\n<div  class='flex_column av-4loqx1-811011574b6bca7054522a2fa21c2ec3 av_one_third  avia-builder-el-6  el_after_av_one_third  el_before_av_one_third  flex_column_div av-zero-column-padding  '     ><p><section  class='av_textblock_section av-kqwbjbo1-7dfdd7d1ff12a5c1b21497f26099c4ff '   itemscope=\"itemscope\" itemtype=\"https:\/\/schema.org\/CreativeWork\" ><div class='avia_textblock'  itemprop=\"text\" ><p><strong>Zweiter Tag:<\/strong><br \/>\nDonnerstag, 8. September 2022<\/p>\n<\/div><\/section><br \/>\n<div  class='avia-button-wrap av-kqwbhg58-0c12054f190406c4338d7ea959f4db29-wrap avia-button-left  avia-builder-el-8  el_after_av_textblock  avia-builder-el-last '><a href='#tag2'  class='avia-button av-kqwbhg58-0c12054f190406c4338d7ea959f4db29 av-link-btn avia-icon_select-no avia-size-large avia-position-left avia-color-theme-color'   aria-label=\"Programm 8. September 2022\"><span class='avia_iconbox_title' >Programm 8. September 2022<\/span><\/a><\/div><\/p><\/div>\n<style type=\"text\/css\" data-created_by=\"avia_inline_auto\" id=\"style-css-av-bpmg5-65b2b2628d2d2e8c5c4d9157eb17cd39\">\n.flex_column.av-bpmg5-65b2b2628d2d2e8c5c4d9157eb17cd39{\nborder-radius:0px 0px 0px 0px;\npadding:0px 0px 0px 0px;\n}\n<\/style>\n<div  class='flex_column av-bpmg5-65b2b2628d2d2e8c5c4d9157eb17cd39 av_one_third  avia-builder-el-9  el_after_av_one_third  avia-builder-el-last  flex_column_div av-zero-column-padding  '     ><p><section  class='av_textblock_section av-kqwbk45g-ae60755f6cad48270573165fdda6ffb1 '   itemscope=\"itemscope\" itemtype=\"https:\/\/schema.org\/CreativeWork\" ><div class='avia_textblock'  itemprop=\"text\" ><p><strong>Das gesamte Programm<\/strong><br \/>\nals PDF<\/p>\n<\/div><\/section><br \/>\n<div  class='avia-button-wrap av-kqwbi3ss-03e6b69560ae2d3602c7ed281073828b-wrap avia-button-left  avia-builder-el-11  el_after_av_textblock  avia-builder-el-last '>\n<style type=\"text\/css\" data-created_by=\"avia_inline_auto\" id=\"style-css-av-kqwbi3ss-03e6b69560ae2d3602c7ed281073828b\">\n#top #wrap_all .avia-button.av-kqwbi3ss-03e6b69560ae2d3602c7ed281073828b{\nborder-style:none;\ntransition:all 0.4s ease-in-out;\n}\n<\/style>\n<a href='https:\/\/dfvcg-events.de\/packaging-360\/wp-content\/uploads\/sites\/16\/2022\/09\/dfvcg_Packaging360_Prog_205x290_web-1.pdf'  class='avia-button av-kqwbi3ss-03e6b69560ae2d3602c7ed281073828b av-link-btn avia-icon_select-no avia-size-large avia-position-left avia-color-theme-color'  target=\"_blank\"  rel=\"noopener noreferrer\"  aria-label=\"Programm PDF Download\"><span class='avia_iconbox_title' >Programm PDF Download<\/span><\/a><\/div><\/p><\/div><\/div><\/div><\/div><!-- close content main div --><\/div><\/div><div id='tag1'  class='avia-section av-kqwbfbmz-da7edae0c826d2dc444c21a7134a8b11 main_color avia-section-default avia-no-shadow  avia-builder-el-12  el_after_av_section  el_before_av_section  avia-bg-style-scroll container_wrap fullsize'  ><div class='container av-section-cont-open' ><div class='template-page content  av-content-full alpha units'><div class='post-entry post-entry-type-page post-entry-2177'><div class='entry-content-wrapper clearfix'>\n\n<style type=\"text\/css\" data-created_by=\"avia_inline_auto\" id=\"style-css-av-kqw7mrdu-ba5d1f9128b0fc135d44730f3d4d9d4b\">\n#top .av-special-heading.av-kqw7mrdu-ba5d1f9128b0fc135d44730f3d4d9d4b{\npadding-bottom:10px;\n}\nbody .av-special-heading.av-kqw7mrdu-ba5d1f9128b0fc135d44730f3d4d9d4b .av-special-heading-tag .heading-char{\nfont-size:25px;\n}\n.av-special-heading.av-kqw7mrdu-ba5d1f9128b0fc135d44730f3d4d9d4b .av-subheading{\nfont-size:15px;\n}\n<\/style>\n<div  class='av-special-heading av-kqw7mrdu-ba5d1f9128b0fc135d44730f3d4d9d4b av-special-heading-h3 blockquote modern-quote  avia-builder-el-13  el_before_av_table  avia-builder-el-first '><div class='av-subheading av-subheading_above'><p>Erster Tag:<\/p>\n<\/div><h3 class='av-special-heading-tag '  itemprop=\"headline\"  >Mittwoch, 7. September 2022<\/h3><div class=\"special-heading-border\"><div class=\"special-heading-inner-border\"><\/div><\/div><\/div>\n<div class='avia-data-table-wrap av-9insx4-0d32577fe2fd7b247df57f1c2715177b avia_responsive_table avia-table-1'><table  id=\"programm-tabelle\"  class='avia-table avia-data-table avia_pricing_default  avia-builder-el-14  el_after_av_heading  avia-builder-el-last  programm-tabelle'  itemscope=\"itemscope\" itemtype=\"https:\/\/schema.org\/Table\" ><tbody><tr class=''><th class='avia-desc-col'><\/th><td class=''><\/td><td class=''><\/td><\/tr><tr class=''><th class='avia-desc-col'>15:00<\/th><td class=''>Registrierung &amp; Snacktime<\/td><td class=''><\/td><\/tr><tr class=''><th class='avia-desc-col'>16:00<\/th><td class=''><strong>Er\u00f6ffnung &amp; Welcome<\/strong><\/td><td class=''><span style=\"color: #009bc2\">Christian Kuhn<\/span>, Gesch\u00e4ftsf\u00fchrer, dfv Conference Group<br \/>\n<a href=\"https:\/\/dfvcg-events.de\/packaging-360\/vortragend\/matthias-laux\/\">Matthias Laux<\/a>, Redaktion, packREPORT<\/td><\/tr><tr class=''><th class='avia-desc-col'><\/th><td class=''><strong><span style=\"color: #1b335c\">AKUTE HERAUSFORDERUNGEN F\u00dcR DIE BRANCHE: Die ersten Reaktionen und Strategien. <\/span><\/strong><\/td><td class=''><\/td><\/tr><tr class=''><th class='avia-desc-col'>16:10<\/th><td class=''><strong>KEYNOTE<\/strong><br \/>\n<strong>Entwicklungen des Verpackungsbedarfs der Endkonsument:innen:<\/strong> Vorstellung einer aktuellen Studie zum Verpackungsverbrauch und was die Branche daraus lernen muss.<\/td><td class=''><a href=\"https:\/\/dfvcg-events.de\/packaging-360\/vortragend\/kim-cheng\/\">Kim Cheng<\/a>, Syndikusrechtsanw\u00e4ltin &amp; Gesch\u00e4ftsf\u00fchrerin, Deutsches Verpackungsinstitut<\/td><\/tr><tr class=''><th class='avia-desc-col'>16:40<\/th><td class=''><strong>IMPULS<\/strong><br \/>\n<strong>Von plastikfrei bis unverpackt:<\/strong> Die Verpackungsw\u00fcnsche umweltbewusster Kunden.<\/td><td class=''><a href=\"https:\/\/dfvcg-events.de\/packaging-360\/vortragend\/evelyn-rath\/\">Evelyn Rath<\/a>, Autorin, VISION M\u00dcLLFREI<\/td><\/tr><tr class=''><th class='avia-desc-col'>17:05<\/th><td class=''><strong>PACKAGING-TALK<\/strong><br \/>\n<strong>Fokus Verpackungsstrategie:<\/strong> Umwelt, Ressourcen und Design &#8211; Wie der Einzelhandel jetzt seine Priorit\u00e4ten setzt.<\/td><td class=''><a href=\"https:\/\/dfvcg-events.de\/packaging-360\/vortragend\/florian-cebulla\/\">Florian Cebulla<\/a>, Projektverantwortlicher im Bereich Corporate Responsibility, Schwarz Gruppe<br \/>\n<a href=\"https:\/\/dfvcg-events.de\/packaging-360\/vortragend\/dagmar-glatz\/\">Dagmar Glatz<\/a>, Projektmanagerin Nachhaltigkeit &amp; Verpackung, dm-drogerie markt GmbH &amp; Co KG<br \/>\n<a href=\"https:\/\/dfvcg-events.de\/packaging-360\/vortragend\/matthias-laux\/\">Matthias Laux<\/a>, Redaktion, packREPORT<\/td><\/tr><tr class=''><th class='avia-desc-col'>17:50<\/th><td class=''><strong>KEYNOTE<\/strong><br \/>\n<strong>Security in Times of a Global Power Shift<\/strong><\/td><td class=''><a href=\"https:\/\/dfvcg-events.de\/packaging-360\/vortragend\/hans-lothar-domroese\/\">Hans-Lothar Domr\u00f6se<\/a>, ehemaliger General der Bundeswehr, ehemaliger NATO Commander of Allied Joint Force Command Brunssum<\/td><\/tr><tr class=''><th class='avia-desc-col'>18:20<\/th><td class=''><strong>Closing &amp; Sektempfang<\/strong><\/td><td class=''><\/td><\/tr><tr class=''><th class='avia-desc-col'>19:00<\/th><td class=''><strong>Get-Together mit BBQ im Restaurant Faces<\/strong><\/td><td class=''><\/td><\/tr><\/tbody><\/table><\/div><style type='text\/css'>.avia-table-1 td:nth-of-type(1):before { content: ''; } <\/style>\n<\/p>\n<\/div><\/div><\/div><!-- close content main div --><\/div><\/div><div id='tag2'  class='avia-section av-kqwbfjnw-08e81baa26726fd6453d11b2b2668c57 main_color avia-section-default avia-no-shadow  avia-builder-el-15  el_after_av_section  avia-builder-el-last  avia-bg-style-scroll container_wrap fullsize'  ><div class='container av-section-cont-open' ><div class='template-page content  av-content-full alpha units'><div class='post-entry post-entry-type-page post-entry-2177'><div class='entry-content-wrapper clearfix'>\n\n<style type=\"text\/css\" data-created_by=\"avia_inline_auto\" id=\"style-css-av-kqw7na7l-45201aa2762e2f58170cd918f247eff5\">\n#top .av-special-heading.av-kqw7na7l-45201aa2762e2f58170cd918f247eff5{\npadding-bottom:10px;\n}\nbody .av-special-heading.av-kqw7na7l-45201aa2762e2f58170cd918f247eff5 .av-special-heading-tag .heading-char{\nfont-size:25px;\n}\n.av-special-heading.av-kqw7na7l-45201aa2762e2f58170cd918f247eff5 .av-subheading{\nfont-size:15px;\n}\n<\/style>\n<div  class='av-special-heading av-kqw7na7l-45201aa2762e2f58170cd918f247eff5 av-special-heading-h3 blockquote modern-quote  avia-builder-el-16  el_before_av_table  avia-builder-el-first '><div class='av-subheading av-subheading_above'><p>Zweiter Tag:<\/p>\n<\/div><h3 class='av-special-heading-tag '  itemprop=\"headline\"  >Donnerstag, 8. September 2022<\/h3><div class=\"special-heading-border\"><div class=\"special-heading-inner-border\"><\/div><\/div><\/div>\n<div class='avia-data-table-wrap av-4h66ubp-2f2daf44119073ec737edc04ebd0872b avia_responsive_table avia-table-2'><table  id=\"programm-tabelle\"  class='avia-table avia-data-table avia_pricing_default  avia-builder-el-17  el_after_av_heading  avia-builder-el-last  programm-tabelle'  itemscope=\"itemscope\" itemtype=\"https:\/\/schema.org\/Table\" ><tbody><tr class=''><th class='avia-desc-col'><\/th><td class=''><\/td><td class=''><\/td><\/tr><tr class=''><th class='avia-desc-col'>8:15<\/th><td class=''>Registrierung &amp; Networking<\/td><td class=''><\/td><\/tr><tr class=''><th class='avia-desc-col'>9:00<\/th><td class=''><strong>Opening<\/strong><\/td><td class=''><a href=\"https:\/\/dfvcg-events.de\/packaging-360\/vortragend\/matthias-laux\/\">Matthias Laux<\/a>, Redaktion, packREPORT<\/td><\/tr><tr class=''><th class='avia-desc-col'><\/th><td class=''><strong><span style=\"color: #1b335c\">INNOVATION ECODESIGN: VERPACKUNGSDESIGN UND -ENTWICKLUNG \u00d6KOLOGISCH OPTIMIEREN<\/span><\/strong><\/td><td class=''><\/td><\/tr><tr class=''><th class='avia-desc-col'>9:10<\/p>\n<\/th><td class=''><strong>KEYNOTE<\/strong><br \/>\n<strong>EcoDesign \u2013 Produkt und Verpackung optimieren:<\/strong> Mit dem Gesamtpaket zur Klimaneutralit\u00e4t. Ideen und neue Entwicklungen.<br \/>\n<\/td><td class=''><a href=\"https:\/\/dfvcg-events.de\/packaging-360\/vortragend\/flora-fliegner\/\">Flora Fliegner<\/a>, Gesch\u00e4ftsf\u00fchrerin, Pack3 GmbH<\/td><\/tr><tr class=''><th class='avia-desc-col'>9:40<\/p>\n<\/th><td class=''><strong>IMPULS<\/strong><br \/>\n<strong>Transformation von Plastik zu Papier <\/strong> Neue Verpackungsinnovationen, die nicht nur einsparen, sondern ersetzen.<br \/>\n<\/td><td class=''><a href=\"https:\/\/dfvcg-events.de\/packaging-360\/vortragend\/christoph-wachter\/\">Christoph Wachter<\/a>, Director Flexible Packaging Division, Koehler Paper SE<\/td><\/tr><tr class=''><th class='avia-desc-col'>10.00<\/p>\n<\/th><td class=''><strong>CEO-TALK<\/strong><br \/>\n<strong>Nachhaltigkeit strategisch kommunizieren \u2013 mehr als nur Greenwashing:<\/strong> Wie Unternehmen Werte vermitteln k\u00f6nnen und Nachhaltigkeit zum \u201eTreiber\u201c f\u00fcr die Marke werden kann.<br \/>\n<\/td><td class=''><a href=\"https:\/\/dfvcg-events.de\/packaging-360\/vortragend\/bernd-eberler\/\">Bernd Eberle<\/a>, CEO, Eberle GmbH<br \/>\n<a href=\"https:\/\/dfvcg-events.de\/packaging-360\/vortragend\/matthias-laux\/\">Matthias Laux<\/a>, Redaktion, packREPORT<\/td><\/tr><tr class=''><th class='avia-desc-col'>10.35<\/p>\n<\/th><td class=''><strong>Networking Break<\/strong><\/td><td class=''><\/td><\/tr><tr class=''><th class='avia-desc-col'>11:15<\/th><td class=''><strong>START-UP INSIGHTS<\/strong><br \/>\n<strong>Pulver statt Flasche f\u00fcrs Haar:<\/strong> Wie durch Produktanpassungen die Verpackung minimiert werden kann.<br \/>\n<\/td><td class=''><a href=\"https:\/\/dfvcg-events.de\/packaging-360\/vortragend\/lena-scholpp\/\">Lena Scholpp<\/a>, CEO &amp; Founder, CareTwice UG<br \/>\n<strong>Preistr\u00e4gerin Bundespreis EcoDesign 2021<\/strong><\/td><\/tr><tr class=''><th class='avia-desc-col'><\/th><td class=''><strong><span style=\"color: #1b335c\">DIGITALISIERUNG UND AUTOMATISIERUNG ZUR PROZESSOPTIMIERUNG UND EINSPARUNG IN DER GESAMTEN WERTSCH\u00d6PFUNGSKETTE<\/span><\/strong><\/td><td class=''><\/td><\/tr><tr class=''><th class='avia-desc-col'>11.35<\/th><td class=''><strong>KEYNOTE<\/strong><br \/>\n<strong>Digitalisierung im Verpackungseinkauf:<\/strong> Smartes Einkaufstool erm\u00f6glicht Prozessoptimierung und Einsparungen entlang der gesamten Wertsch\u00f6pfungskette.<br \/>\n<\/td><td class=''><a href=\"https:\/\/dfvcg-events.de\/packaging-360\/vortragend\/jonas-boland\/\">Jonas Boland<\/a>, Gesch\u00e4ftsf\u00fchrer, Packmatic<\/td><\/tr><tr class=''><th class='avia-desc-col'>12:00<\/th><td class=''><strong>BRAINFOOD SESSION<\/strong><br \/>\n<strong>Nachhaltigkeit und Effizienz:<\/strong> High Performance Prozesse in der Herstellung von Rigid Packaging<br \/>\n<\/td><td class=''><a href=\"https:\/\/dfvcg-events.de\/packaging-360\/vortragend\/cornelia-frank\/\">Cornelia Frank<\/a>, Head of Sustainability; Head of Marketing &amp; Communication, Kiefel GmbH<br \/>\n<a href=\"https:\/\/dfvcg-events.de\/packaging-360\/vortragend\/matthias-hausmann\/\">Matthias Hausmann<\/a>, Head of Research &amp; Development; Head of Digitalization, Kiefel GmbH<\/td><\/tr><tr class=''><th class='avia-desc-col'>12:15<\/th><td class=''><strong>IMPULS<\/strong><br \/>\n<strong>Materialeinsparung vs. Produktsicherung:<\/strong> Wie weit k\u00f6nnen wir Kunststoff in der Verpackung reduzieren?<br \/>\n<\/td><td class=''><a href=\"https:\/\/dfvcg-events.de\/packaging-360\/vortragend\/philipp-richter\/\">Philipp Richter<\/a>, Head of Sales and Customer Experience, SPIES Kunststoffe GmbH<\/td><\/tr><tr class=''><th class='avia-desc-col'>12:35<\/th><td class=''><strong>Mittagspause<\/strong><\/td><td class=''><\/td><\/tr><tr class=''><th class='avia-desc-col'><\/th><td class=''><strong><span style=\"color: #1b335c\">ONLINE SHOPPING UND TAKE AWAY TRENDS IM ZENTRUM DER KONSUMGEWOHNHEITEN \u2013 WIE WIRD KREISLAUFWIRTSCHAFT REALISIERBAR?<\/span><\/strong><\/td><td class=''><\/td><\/tr><tr class=''><th class='avia-desc-col'>14:15<\/th><td class=''><strong>PREVIEW<\/strong><br \/>\n<strong>SUSY &#8211; Sustainability Packaging Score:<\/strong> Wie die Nachhaltigkeit von Verpackungen messbar wird: Einblicke in die Methodik einer Initiative von Wissenschaft und Wirtschaft.<\/td><td class=''><a href=\"https:\/\/dfvcg-events.de\/packaging-360\/vortragend\/dr-david-strack\/\">Dr. David Strack<\/a>, Gesch\u00e4ftsf\u00fchrer, Central Agency for Green Commerce GmbH<br \/>\n<a href=\"https:\/\/dfvcg-events.de\/packaging-360\/vortragend\/dr-matthias-hauser\/\">Dr. Matthias Hauser<\/a>, Senior Sustainability Consultant, fjol GmbH<\/td><\/tr><tr class=''><th class='avia-desc-col'>14:45<\/th><td class=''><strong>START UP INSIGHTS<\/strong><br \/>\n<strong>Ein reines Gewissen trotz Take-Away Delivery:<\/strong> Einblicke in das gr\u00f6\u00dfte Mehrwegsystem Deutschlands.<\/td><td class=''><a href=\"https:\/\/dfvcg-events.de\/packaging-360\/vortragend\/lisa-henze\/\">Lisa Henze<\/a>, Head of Key Account Management, reCup GmbH <\/td><\/tr><tr class=''><th class='avia-desc-col'>15:10<\/th><td class=''><strong>PREVIEW<\/strong><br \/>\n<strong>Neues Recyclingsystem in den Startl\u00f6chern:<\/strong> Eine zweite Chance f\u00fcr Kosmetikverpackungen mit Circleback.<\/td><td class=''><a href=\"https:\/\/dfvcg-events.de\/packaging-360\/vortragend\/kimani-michalke\/\">Kimani Michalke<\/a>, Co-Founder, Circleback GmbH<\/td><\/tr><tr class=''><th class='avia-desc-col'>15:30<\/th><td class=''><strong>Coffee &amp; Networking<\/strong><\/td><td class=''><\/td><\/tr><tr class=''><th class='avia-desc-col'>16:00<\/th><td class=''><strong>BRAINFOOD SESSION<\/strong><br \/>\n<strong>Nachhaltigkeit:<\/strong> Zielgruppen kommunikativ erreichen<\/td><td class=''><a href=\"https:\/\/dfvcg-events.de\/packaging-360\/vortragend\/patrick-langendorf\/\">Patrick Langendorf<\/a>, Head of Client Sales, Str\u00f6er Media Solutions<\/td><\/tr><tr class=''><th class='avia-desc-col'>16:15<\/th><td class=''><strong>KEYNOTE<\/strong><br \/>\n<strong>Online ist das neue Normal:<\/strong> Neue Konsumgewohnheiten, neues Nachhaltigkeitsbewusstsein?<\/td><td class=''><a href=\"https:\/\/dfvcg-events.de\/packaging-360\/vortragend\/alien-mulik\/\">Alien Mulyk<\/a>, Referentin Public Affairs, Bundesverband E-Commerce und Versandhandel Deutschland e.V.<\/td><\/tr><tr class=''><th class='avia-desc-col'>16:45<\/th><td class=''><strong>Closing &amp; Learnings<\/strong><\/td><td class=''><a href=\"https:\/\/dfvcg-events.de\/packaging-360\/vortragend\/matthias-laux\/\">Matthias Laux<\/a>, Redaktion, packREPORT<\/td><\/tr><tr class=''><th class='avia-desc-col'>16:50<\/th><td class=''><strong>Ende der Veranstaltung<\/strong><\/td><td class=''><\/td><\/tr><\/tbody><\/table><\/div><style type='text\/css'>.avia-table-2 td:nth-of-type(1):before { content: ''; } <\/style>\n\n","protected":false},"excerpt":{"rendered":"","protected":false},"author":1,"featured_media":0,"parent":0,"menu_order":3,"comment_status":"closed","ping_status":"closed","template":"","meta":{"footnotes":""},"class_list":["post-2177","page","type-page","status-publish","hentry"],"yoast_head":"<!-- This site is optimized with the Yoast SEO plugin v27.4 - https:\/\/yoast.com\/product\/yoast-seo-wordpress\/ -->\n<title>Programm 2022 - PACKAGING360\u00b0<\/title>\n<meta name=\"robots\" content=\"index, follow, max-snippet:-1, max-image-preview:large, max-video-preview:-1\" \/>\n<link rel=\"canonical\" href=\"https:\/\/dfvcg-events.de\/packaging-360\/programm-2022\/\" \/>\n<meta property=\"og:locale\" content=\"de_DE\" \/>\n<meta property=\"og:type\" content=\"article\" \/>\n<meta property=\"og:title\" content=\"Programm 2022 - PACKAGING360\u00b0\" \/>\n<meta property=\"og:url\" content=\"https:\/\/dfvcg-events.de\/packaging-360\/programm-2022\/\" \/>\n<meta property=\"og:site_name\" content=\"PACKAGING360\u00b0\" \/>\n<meta property=\"article:modified_time\" content=\"2022-09-01T10:10:52+00:00\" \/>\n<meta name=\"twitter:card\" content=\"summary_large_image\" \/>\n<meta name=\"twitter:label1\" content=\"Gesch\u00e4tzte Lesezeit\" \/>\n\t<meta name=\"twitter:data1\" content=\"9\u00a0Minuten\" \/>\n<script type=\"application\/ld+json\" class=\"yoast-schema-graph\">{\"@context\":\"https:\\\/\\\/schema.org\",\"@graph\":[{\"@type\":\"WebPage\",\"@id\":\"https:\\\/\\\/dfvcg-events.de\\\/packaging-360\\\/programm-2022\\\/\",\"url\":\"https:\\\/\\\/dfvcg-events.de\\\/packaging-360\\\/programm-2022\\\/\",\"name\":\"Programm 2022 - PACKAGING360\u00b0\",\"isPartOf\":{\"@id\":\"https:\\\/\\\/dfvcg-events.de\\\/packaging-360\\\/#website\"},\"datePublished\":\"2022-03-04T15:45:29+00:00\",\"dateModified\":\"2022-09-01T10:10:52+00:00\",\"breadcrumb\":{\"@id\":\"https:\\\/\\\/dfvcg-events.de\\\/packaging-360\\\/programm-2022\\\/#breadcrumb\"},\"inLanguage\":\"de\",\"potentialAction\":[{\"@type\":\"ReadAction\",\"target\":[\"https:\\\/\\\/dfvcg-events.de\\\/packaging-360\\\/programm-2022\\\/\"]}]},{\"@type\":\"BreadcrumbList\",\"@id\":\"https:\\\/\\\/dfvcg-events.de\\\/packaging-360\\\/programm-2022\\\/#breadcrumb\",\"itemListElement\":[{\"@type\":\"ListItem\",\"position\":1,\"name\":\"Startseite\",\"item\":\"https:\\\/\\\/dfvcg-events.de\\\/packaging-360\\\/\"},{\"@type\":\"ListItem\",\"position\":2,\"name\":\"Programm 2022\"}]},{\"@type\":\"WebSite\",\"@id\":\"https:\\\/\\\/dfvcg-events.de\\\/packaging-360\\\/#website\",\"url\":\"https:\\\/\\\/dfvcg-events.de\\\/packaging-360\\\/\",\"name\":\"PACKAGING360\u00b0\",\"description\":\"dfv Conference Group\",\"publisher\":{\"@id\":\"https:\\\/\\\/dfvcg-events.de\\\/packaging-360\\\/#organization\"},\"potentialAction\":[{\"@type\":\"SearchAction\",\"target\":{\"@type\":\"EntryPoint\",\"urlTemplate\":\"https:\\\/\\\/dfvcg-events.de\\\/packaging-360\\\/?s={search_term_string}\"},\"query-input\":{\"@type\":\"PropertyValueSpecification\",\"valueRequired\":true,\"valueName\":\"search_term_string\"}}],\"inLanguage\":\"de\"},{\"@type\":\"Organization\",\"@id\":\"https:\\\/\\\/dfvcg-events.de\\\/packaging-360\\\/#organization\",\"name\":\"PACKAGING360\u00b0\",\"url\":\"https:\\\/\\\/dfvcg-events.de\\\/packaging-360\\\/\",\"logo\":{\"@type\":\"ImageObject\",\"inLanguage\":\"de\",\"@id\":\"https:\\\/\\\/dfvcg-events.de\\\/packaging-360\\\/#\\\/schema\\\/logo\\\/image\\\/\",\"url\":\"https:\\\/\\\/dfvcg-events.de\\\/packaging-360\\\/wp-content\\\/uploads\\\/sites\\\/16\\\/2020\\\/06\\\/dfvcg-packaging.jpg\",\"contentUrl\":\"https:\\\/\\\/dfvcg-events.de\\\/packaging-360\\\/wp-content\\\/uploads\\\/sites\\\/16\\\/2020\\\/06\\\/dfvcg-packaging.jpg\",\"width\":800,\"height\":800,\"caption\":\"PACKAGING360\u00b0\"},\"image\":{\"@id\":\"https:\\\/\\\/dfvcg-events.de\\\/packaging-360\\\/#\\\/schema\\\/logo\\\/image\\\/\"}}]}<\/script>\n<!-- \/ Yoast SEO plugin. -->","yoast_head_json":{"title":"Programm 2022 - PACKAGING360\u00b0","robots":{"index":"index","follow":"follow","max-snippet":"max-snippet:-1","max-image-preview":"max-image-preview:large","max-video-preview":"max-video-preview:-1"},"canonical":"https:\/\/dfvcg-events.de\/packaging-360\/programm-2022\/","og_locale":"de_DE","og_type":"article","og_title":"Programm 2022 - PACKAGING360\u00b0","og_url":"https:\/\/dfvcg-events.de\/packaging-360\/programm-2022\/","og_site_name":"PACKAGING360\u00b0","article_modified_time":"2022-09-01T10:10:52+00:00","twitter_card":"summary_large_image","twitter_misc":{"Gesch\u00e4tzte Lesezeit":"9\u00a0Minuten"},"schema":{"@context":"https:\/\/schema.org","@graph":[{"@type":"WebPage","@id":"https:\/\/dfvcg-events.de\/packaging-360\/programm-2022\/","url":"https:\/\/dfvcg-events.de\/packaging-360\/programm-2022\/","name":"Programm 2022 - PACKAGING360\u00b0","isPartOf":{"@id":"https:\/\/dfvcg-events.de\/packaging-360\/#website"},"datePublished":"2022-03-04T15:45:29+00:00","dateModified":"2022-09-01T10:10:52+00:00","breadcrumb":{"@id":"https:\/\/dfvcg-events.de\/packaging-360\/programm-2022\/#breadcrumb"},"inLanguage":"de","potentialAction":[{"@type":"ReadAction","target":["https:\/\/dfvcg-events.de\/packaging-360\/programm-2022\/"]}]},{"@type":"BreadcrumbList","@id":"https:\/\/dfvcg-events.de\/packaging-360\/programm-2022\/#breadcrumb","itemListElement":[{"@type":"ListItem","position":1,"name":"Startseite","item":"https:\/\/dfvcg-events.de\/packaging-360\/"},{"@type":"ListItem","position":2,"name":"Programm 2022"}]},{"@type":"WebSite","@id":"https:\/\/dfvcg-events.de\/packaging-360\/#website","url":"https:\/\/dfvcg-events.de\/packaging-360\/","name":"PACKAGING360\u00b0","description":"dfv Conference Group","publisher":{"@id":"https:\/\/dfvcg-events.de\/packaging-360\/#organization"},"potentialAction":[{"@type":"SearchAction","target":{"@type":"EntryPoint","urlTemplate":"https:\/\/dfvcg-events.de\/packaging-360\/?s={search_term_string}"},"query-input":{"@type":"PropertyValueSpecification","valueRequired":true,"valueName":"search_term_string"}}],"inLanguage":"de"},{"@type":"Organization","@id":"https:\/\/dfvcg-events.de\/packaging-360\/#organization","name":"PACKAGING360\u00b0","url":"https:\/\/dfvcg-events.de\/packaging-360\/","logo":{"@type":"ImageObject","inLanguage":"de","@id":"https:\/\/dfvcg-events.de\/packaging-360\/#\/schema\/logo\/image\/","url":"https:\/\/dfvcg-events.de\/packaging-360\/wp-content\/uploads\/sites\/16\/2020\/06\/dfvcg-packaging.jpg","contentUrl":"https:\/\/dfvcg-events.de\/packaging-360\/wp-content\/uploads\/sites\/16\/2020\/06\/dfvcg-packaging.jpg","width":800,"height":800,"caption":"PACKAGING360\u00b0"},"image":{"@id":"https:\/\/dfvcg-events.de\/packaging-360\/#\/schema\/logo\/image\/"}}]}},"_links":{"self":[{"href":"https:\/\/dfvcg-events.de\/packaging-360\/wp-json\/wp\/v2\/pages\/2177","targetHints":{"allow":["GET"]}}],"collection":[{"href":"https:\/\/dfvcg-events.de\/packaging-360\/wp-json\/wp\/v2\/pages"}],"about":[{"href":"https:\/\/dfvcg-events.de\/packaging-360\/wp-json\/wp\/v2\/types\/page"}],"author":[{"embeddable":true,"href":"https:\/\/dfvcg-events.de\/packaging-360\/wp-json\/wp\/v2\/users\/1"}],"replies":[{"embeddable":true,"href":"https:\/\/dfvcg-events.de\/packaging-360\/wp-json\/wp\/v2\/comments?post=2177"}],"version-history":[{"count":0,"href":"https:\/\/dfvcg-events.de\/packaging-360\/wp-json\/wp\/v2\/pages\/2177\/revisions"}],"wp:attachment":[{"href":"https:\/\/dfvcg-events.de\/packaging-360\/wp-json\/wp\/v2\/media?parent=2177"}],"curies":[{"name":"wp","href":"https:\/\/api.w.org\/{rel}","templated":true}]}}