{"id":1312,"date":"2021-06-07T13:22:31","date_gmt":"2021-06-07T11:22:31","guid":{"rendered":"https:\/\/dfvcg-events.de\/packaging-360\/?page_id=1312"},"modified":"2022-08-29T16:28:24","modified_gmt":"2022-08-29T14:28:24","slug":"hotel-anreise","status":"publish","type":"page","link":"https:\/\/dfvcg-events.de\/packaging-360\/hotel-anreise\/","title":{"rendered":"Hotel &amp; Anreise"},"content":{"rendered":"<div id='av_section_1'  class='avia-section av-k7yuhjt1-04a3ceb5f8794cf501a7017af343c4fa main_color avia-section-default avia-no-border-styling  avia-builder-el-0  el_before_av_section  avia-builder-el-first  header-farbe avia-bg-style-scroll container_wrap fullsize'  ><div class='container av-section-cont-open' ><main  role=\"main\" itemprop=\"mainContentOfPage\"  class='template-page content  av-content-full alpha units'><div class='post-entry post-entry-type-page post-entry-1312'><div class='entry-content-wrapper clearfix'>\n\n<style type=\"text\/css\" data-created_by=\"avia_inline_auto\" id=\"style-css-av-7lkvy-44f3afcb2621bc89b37189979c2ddc34\">\n#top .av-special-heading.av-7lkvy-44f3afcb2621bc89b37189979c2ddc34{\npadding-bottom:0;\ncolor:#ffffff;\n}\nbody .av-special-heading.av-7lkvy-44f3afcb2621bc89b37189979c2ddc34 .av-special-heading-tag .heading-char{\nfont-size:25px;\n}\n.av-special-heading.av-7lkvy-44f3afcb2621bc89b37189979c2ddc34 .special-heading-inner-border{\nborder-color:#ffffff;\n}\n.av-special-heading.av-7lkvy-44f3afcb2621bc89b37189979c2ddc34 .av-subheading{\nfont-size:19px;\n}\n<\/style>\n<div  class='av-special-heading av-7lkvy-44f3afcb2621bc89b37189979c2ddc34 av-special-heading-h1 custom-color-heading blockquote modern-quote  avia-builder-el-1  avia-builder-el-no-sibling '><div class='av_custom_color av-subheading av-subheading_above'><p>PACKAGING360\u00b0<\/p>\n<\/div><h1 class='av-special-heading-tag '  itemprop=\"headline\"  >Hotel <span class='special_amp'>&amp;<\/span> Anreise<\/h1><div class=\"special-heading-border\"><div class=\"special-heading-inner-border\"><\/div><\/div><\/div>\n\n<\/div><\/div><\/main><!-- close content main element --><\/div><\/div><div id='av_section_2'  class='avia-section av-kasq6ann-b71b2acca9a2694681dbc0ca62142598 main_color avia-section-default avia-no-border-styling  avia-builder-el-2  el_after_av_section  el_before_av_section  avia-bg-style-scroll container_wrap fullsize'  ><div class='container av-section-cont-open' ><div class='template-page content  av-content-full alpha units'><div class='post-entry post-entry-type-page post-entry-1312'><div class='entry-content-wrapper clearfix'>\n<div class='flex_column_table av-g3kbi-5f8daf6809d7348e4b48acf57edb572c sc-av_one_fourth av-break-at-tablet-flextable av-equal-height-column-flextable'>\n<style type=\"text\/css\" data-created_by=\"avia_inline_auto\" id=\"style-css-av-g3kbi-5f8daf6809d7348e4b48acf57edb572c\">\n.flex_column.av-g3kbi-5f8daf6809d7348e4b48acf57edb572c{\nborder-radius:0px 0px 0px 0px;\npadding:0px 0px 0px 0px;\n}\n<\/style>\n<div  class='flex_column av-g3kbi-5f8daf6809d7348e4b48acf57edb572c av_one_fourth  avia-builder-el-3  el_before_av_three_fourth  avia-builder-el-first  first av-break-at-tablet flex_column_table_cell av-equal-height-column av-align-middle av-zero-column-padding  '     ><p>\n<style type=\"text\/css\" data-created_by=\"avia_inline_auto\" id=\"style-css-av-9bwpq-9cf389ad39a1241d60c77f58cc0cfe8c\">\n#top .av-special-heading.av-9bwpq-9cf389ad39a1241d60c77f58cc0cfe8c{\npadding-bottom:25px;\ncolor:#47a5d3;\n}\nbody .av-special-heading.av-9bwpq-9cf389ad39a1241d60c77f58cc0cfe8c .av-special-heading-tag .heading-char{\nfont-size:25px;\n}\n.av-special-heading.av-9bwpq-9cf389ad39a1241d60c77f58cc0cfe8c .special-heading-inner-border{\nborder-color:#47a5d3;\n}\n.av-special-heading.av-9bwpq-9cf389ad39a1241d60c77f58cc0cfe8c .av-subheading{\nfont-size:19px;\n}\n<\/style>\n<div  class='av-special-heading av-9bwpq-9cf389ad39a1241d60c77f58cc0cfe8c av-special-heading-h3 custom-color-heading blockquote modern-quote  avia-builder-el-4  el_before_av_textblock  avia-builder-el-first '><h3 class='av-special-heading-tag '  itemprop=\"headline\"  >Veranstaltungsort<\/h3><div class=\"special-heading-border\"><div class=\"special-heading-inner-border\"><\/div><\/div><\/div><br \/>\n\n<style type=\"text\/css\" data-created_by=\"avia_inline_auto\" id=\"style-css-av-k7z3il24-7ebf01c2130fc0fab073bb13311cce8c\">\n#top .av_textblock_section.av-k7z3il24-7ebf01c2130fc0fab073bb13311cce8c .avia_textblock{\ncolor:#000000;\n}\n<\/style>\n<section  class='av_textblock_section av-k7z3il24-7ebf01c2130fc0fab073bb13311cce8c '   itemscope=\"itemscope\" itemtype=\"https:\/\/schema.org\/CreativeWork\" ><div class='avia_textblock av_inherit_color'  itemprop=\"text\" ><p><strong>Steigenberger Airport Hotel<\/strong><\/p>\n<p>Unterschweinstiege 16<br \/>\n60549 Frankfurt am Main<\/p>\n<\/div><\/section><br \/>\n<div  class='avia-button-wrap av-l1mbslvf-98d7bca9c2a280dc06a3d91fdbb5e227-wrap avia-button-left  avia-builder-el-6  el_after_av_textblock  avia-builder-el-last '><a href='https:\/\/dfvcg-events.de\/packaging-360\/wp-content\/uploads\/sites\/16\/2022\/04\/Anreiseinformationen-Arrival-Information.pdf'  class='avia-button av-l1mbslvf-98d7bca9c2a280dc06a3d91fdbb5e227 av-link-btn avia-icon_select-yes-left-icon avia-size-large avia-position-left avia-color-theme-color'  target=\"_blank\"  rel=\"noopener noreferrer\"  aria-label=\"Anreise-Informationen\"><span class='avia_button_icon avia_button_icon_left avia-iconfont avia-font-entypo-fontello' data-av_icon='\ue84c' data-av_iconfont='entypo-fontello' ><\/span><span class='avia_iconbox_title' >Anreise-Informationen<\/span><\/a><\/div><\/p><\/div><div class='av-flex-placeholder'><\/div>\n<style type=\"text\/css\" data-created_by=\"avia_inline_auto\" id=\"style-css-av-g3kbi-7bf19c91c2fa31850bf7a080e8fd9c83\">\n.flex_column.av-g3kbi-7bf19c91c2fa31850bf7a080e8fd9c83{\nborder-radius:0px 0px 0px 0px;\npadding:0px 0px 0px 0px;\n}\n<\/style>\n<div  class='flex_column av-g3kbi-7bf19c91c2fa31850bf7a080e8fd9c83 av_three_fourth  avia-builder-el-7  el_after_av_one_fourth  avia-builder-el-last  av-break-at-tablet flex_column_table_cell av-equal-height-column av-align-middle av-zero-column-padding  '     ><div  class='av_gmaps_sc_main_wrap av_gmaps_main_wrap '><div id='av_gmap_0' class='avia-google-map-container avia-google-map-sc av_gmaps_show_unconditionally av-no-fallback-img ' data-mapid='av_gmap_0'  style='height: 400px;'><a class=\"av_gmaps_browser_disabled av_text_confirm_link av_text_confirm_link_visible\" href=\"https:\/\/www.google.com\/maps\/search\/?api=1&#038;query=Unterschweinstiege%2016%2060549%20%20Frankfurt%20am%20Main\" target=\"_blank\">Karten wurden vom Besucher auf dieser Webseite deaktiviert. Klicken Sie hier, um die Karte in einem neuen Fenster zu \u00f6ffnen.<\/a><\/div><\/div><\/div><\/div><!--close column table wrapper. Autoclose: 1 -->\n\n<\/div><\/div><\/div><!-- close content main div --><\/div><\/div><div id='av_section_3'  class='avia-section av-1x5ycw-cafeeb8734b270f3915f3d78b1ec25c9 main_color avia-section-default avia-no-border-styling  avia-builder-el-9  el_after_av_section  el_before_av_section  avia-bg-style-scroll container_wrap fullsize'  ><div class='container av-section-cont-open' ><div class='template-page content  av-content-full alpha units'><div class='post-entry post-entry-type-page post-entry-1312'><div class='entry-content-wrapper clearfix'>\n\n<style type=\"text\/css\" data-created_by=\"avia_inline_auto\" id=\"style-css-av-l14r6vs6-0c4563eafca27ee4f7638b5a354d581c\">\n#top .av-special-heading.av-l14r6vs6-0c4563eafca27ee4f7638b5a354d581c{\npadding-bottom:10px;\n}\nbody .av-special-heading.av-l14r6vs6-0c4563eafca27ee4f7638b5a354d581c .av-special-heading-tag .heading-char{\nfont-size:25px;\n}\n.av-special-heading.av-l14r6vs6-0c4563eafca27ee4f7638b5a354d581c .av-subheading{\nfont-size:15px;\n}\n<\/style>\n<div  class='av-special-heading av-l14r6vs6-0c4563eafca27ee4f7638b5a354d581c av-special-heading-h3 blockquote modern-quote  avia-builder-el-10  el_before_av_textblock  avia-builder-el-first '><h3 class='av-special-heading-tag '  itemprop=\"headline\"  >Parkm\u00f6glichkeiten<\/h3><div class=\"special-heading-border\"><div class=\"special-heading-inner-border\"><\/div><\/div><\/div>\n<section  class='av_textblock_section av-l14r8ap0-f8bb0021530048190139e3d574483e2a '   itemscope=\"itemscope\" itemtype=\"https:\/\/schema.org\/CreativeWork\" ><div class='avia_textblock'  itemprop=\"text\" ><p>Sollten Sie mit dem Auto anreisen, befindet sich das<strong> MAC-Parkhaus<\/strong>, eine \u00f6ffentliche Tiefgarage, direkt neben dem Hotel. Die linke Einfahrt in die unteren Ebenen steht f\u00fcr Tagesg\u00e4ste zur Verf\u00fcgung.<\/p>\n<p>Weitere Informationen zum Parkhaus Unterschweinstiege finden Sie <a href=\"https:\/\/www.parkopedia.de\/parken\/garage\/main_airport_center\/60549\/frankfurt_am_main\/?arriving=202204051830&amp;leaving=202204052030\">hier<\/a>.<\/p>\n<p>Bitte beachten Sie, dass es zu Sto\u00dfzeiten durchaus zu Engp\u00e4ssen kommen kann. Gerne m\u00f6chten wir Sie daher auf die <a href=\"https:\/\/dfvcg-events.de\/fashion-supply-chain-summit\/wp-content\/uploads\/sites\/7\/2020\/05\/Alternative_Parkm\u00f6glichkeiten_am_Flughafen_FRA.pdf\" target=\"_blank\" rel=\"noopener\">alternativen Parkm\u00f6glichkeiten<\/a> am Terminal 2 oder Terminal 1 des Frankfurter Flughafens hinweisen.<\/p>\n<p>Von den Terminals haben Sie die M\u00f6glichkeit, den <strong>kostenfreien Shuttle-Service des Steigenberger Hotels<\/strong> zu nutzen (15 Minuten-Takt).<\/p>\n<p>Haltestelle Ankunftsebene:<\/p>\n<ul>\n<li>Terminal 1, Ausgang B5<\/li>\n<li>Terminal 2, Ausgang E<\/li>\n<\/ul>\n<\/div><\/section>\n\n<\/div><\/div><\/div><!-- close content main div --><\/div><\/div><div id='av_section_4'  class='avia-section av-k7z9vjbr-f03eed16e0b5a73415541a971347cd58 main_color avia-section-default avia-no-shadow  avia-builder-el-12  el_after_av_section  el_before_av_section  avia-bg-style-scroll container_wrap fullsize'  ><div class='container av-section-cont-open' ><div class='template-page content  av-content-full alpha units'><div class='post-entry post-entry-type-page post-entry-1312'><div class='entry-content-wrapper clearfix'>\n\n<style type=\"text\/css\" data-created_by=\"avia_inline_auto\" id=\"style-css-av-6kr9q-2645e3c149d87790d9eb81373359077a\">\n#top .av-special-heading.av-6kr9q-2645e3c149d87790d9eb81373359077a{\npadding-bottom:25px;\ncolor:#47a5d3;\n}\nbody .av-special-heading.av-6kr9q-2645e3c149d87790d9eb81373359077a .av-special-heading-tag .heading-char{\nfont-size:25px;\n}\n.av-special-heading.av-6kr9q-2645e3c149d87790d9eb81373359077a .special-heading-inner-border{\nborder-color:#47a5d3;\n}\n.av-special-heading.av-6kr9q-2645e3c149d87790d9eb81373359077a .av-subheading{\nfont-size:19px;\n}\n<\/style>\n<div  class='av-special-heading av-6kr9q-2645e3c149d87790d9eb81373359077a av-special-heading-h3 custom-color-heading blockquote modern-quote  avia-builder-el-13  el_before_av_three_fourth  avia-builder-el-first '><h3 class='av-special-heading-tag '  itemprop=\"headline\"  >Zimmerreservierung<\/h3><div class=\"special-heading-border\"><div class=\"special-heading-inner-border\"><\/div><\/div><\/div>\n\n<style type=\"text\/css\" data-created_by=\"avia_inline_auto\" id=\"style-css-av-d55au-a1cbd6e600114a88f15b289a6e7e7879\">\n.flex_column.av-d55au-a1cbd6e600114a88f15b289a6e7e7879{\nborder-radius:0px 0px 0px 0px;\npadding:0px 0px 0px 0px;\n}\n<\/style>\n<div  class='flex_column av-d55au-a1cbd6e600114a88f15b289a6e7e7879 av_three_fourth  avia-builder-el-14  el_after_av_heading  avia-builder-el-last  first flex_column_div av-zero-column-padding  '     ><p><section  class='av_textblock_section av-k7z3il24-e1616f05ba37c0df16747ba5a58b87ef '   itemscope=\"itemscope\" itemtype=\"https:\/\/schema.org\/CreativeWork\" ><div class='avia_textblock'  itemprop=\"text\" ><p>Das Veranstaltungshotel h\u00e4lt ein Zimmerkontingent f\u00fcr die Kongressteilnehmer bereit, auf das Sie bei Bedarf zur\u00fcckgreifen k\u00f6nnen. Das Kontingent steht Ihnen bis zum <strong>17.08.2022<\/strong>\u00a0 zur Verf\u00fcgung.<\/p>\n<p>Stichwort: <strong>PACKAGING2022<\/strong><\/p>\n<p><strong>EZ: 159,\u2013 EUR inkl. Fr\u00fchst\u00fcck \/ Nacht<\/strong><\/p>\n<p>Nicht in Anspruch genommene oder zu einem sp\u00e4teren Zeitpunkt stornierte \u00dcbernachtungen werden vom Hotel mit 90% der gebuchten Rate in Rechnung gestellt.<\/p>\n<p>Buchung Sie Ihr Zimmer direkt \u00fcber den folgenden Reservierungslink:<\/p>\n<\/div><\/section><br \/>\n<div  class='avia-button-wrap av-l2aj6ghg-bda04924cc73de9937012843b8e5d98d-wrap avia-button-left  avia-builder-el-16  el_after_av_textblock  avia-builder-el-last '><a href='https:\/\/eur06.safelinks.protection.outlook.com\/?url=https%3A%2F%2Fwww.steigenberger.com%2Freservations%3Fd%3D10%26in%3D2022-09-07%26out%3D2022-09-08%26r%3D1%26ar%3D1%26p%3DGRG03&amp;data=04%7C01%7C%7Cc82098a5d3f64ccb264b08da1dfa2496%7Ce5bf410228a64fe9b51e3e3149f83bb3%7C0%7C0%7C637855257458484352%7CUnknown%7CTWFpbGZsb3d8eyJWIjoiMC4wLjAwMDAiLCJQIjoiV2luMzIiLCJBTiI6Ik1haWwiLCJXVCI6Mn0%3D%7C3000&amp;sdata=fGyMEq%2BMXVfe%2Fafi2n4nVHkJBTdoFbzDsj417hQiEpM%3D&amp;reserved=0'  class='avia-button av-l2aj6ghg-bda04924cc73de9937012843b8e5d98d av-link-btn avia-icon_select-no avia-size-small avia-position-left avia-color-theme-color'  target=\"_blank\"  rel=\"noopener noreferrer\"  aria-label=\"Reservierungslink\"><span class='avia_iconbox_title' >Reservierungslink<\/span><\/a><\/div><\/p><\/div>\n\n<\/div><\/div><\/div><!-- close content main div --><\/div><\/div><div id='av_section_5'  class='avia-section av-7pct68-8d5650d0e7d0733d4734c764cb3e9b74 main_color avia-section-default avia-no-border-styling  avia-builder-el-17  el_after_av_section  el_before_av_button  avia-bg-style-scroll container_wrap fullsize'  ><div class='container av-section-cont-open' ><div class='template-page content  av-content-full alpha units'><div class='post-entry post-entry-type-page post-entry-1312'><div class='entry-content-wrapper clearfix'>\n\n<style type=\"text\/css\" data-created_by=\"avia_inline_auto\" id=\"style-css-av-5lm9b4-5350684539cf928037c8e4a35b40aa3f\">\n#top .av-special-heading.av-5lm9b4-5350684539cf928037c8e4a35b40aa3f{\npadding-bottom:10px;\n}\nbody .av-special-heading.av-5lm9b4-5350684539cf928037c8e4a35b40aa3f .av-special-heading-tag .heading-char{\nfont-size:25px;\n}\n.av-special-heading.av-5lm9b4-5350684539cf928037c8e4a35b40aa3f .av-subheading{\nfont-size:15px;\n}\n<\/style>\n<div  class='av-special-heading av-5lm9b4-5350684539cf928037c8e4a35b40aa3f av-special-heading-h3 blockquote modern-quote  avia-builder-el-18  el_before_av_textblock  avia-builder-el-first '><h3 class='av-special-heading-tag '  itemprop=\"headline\"  >Anreise<\/h3><div class=\"special-heading-border\"><div class=\"special-heading-inner-border\"><\/div><\/div><\/div>\n<section  class='av_textblock_section av-3x0rcw-61107d893ab40e158d4dbb5186ce63fa '   itemscope=\"itemscope\" itemtype=\"https:\/\/schema.org\/CreativeWork\" ><div class='avia_textblock'  itemprop=\"text\" ><p><strong>Reisen Sie bequem mit der Deutschen Bahn:<\/strong><br \/>\nMit dem Kooperationsangebot zwischen der dfv Conference Group und der Deutschen Bahn reisen Sie entspannt und komfortabel zu unseren Kongressen.<\/p>\n<\/div><\/section>\n\n<\/div><\/div><\/div><!-- close content main div --><\/div><\/div><div id='after_section_5'  class='main_color av_default_container_wrap container_wrap fullsize'  ><div class='container av-section-cont-open' ><div class='template-page content  av-content-full alpha units'><div class='post-entry post-entry-type-page post-entry-1312'><div class='entry-content-wrapper clearfix'>\n<div  class='avia-button-wrap av-33h8bk-38a3a79cfe7d29abc74728931ca22223-wrap avia-button-center  avia-builder-el-21  el_after_av_section  avia-builder-el-no-sibling '><a href=''  class='avia-button av-33h8bk-38a3a79cfe7d29abc74728931ca22223 av-link-btn avia-icon_select-yes-left-icon avia-size-small avia-position-center av-desktop-hide av-medium-hide av-small-hide av-mini-hide avia-color-theme-color'   aria-label=\"Klick mich\"><span class='avia_button_icon avia_button_icon_left avia-iconfont avia-font-entypo-fontello' data-av_icon='\ue800' data-av_iconfont='entypo-fontello' ><\/span><span class='avia_iconbox_title' >Klick mich<\/span><\/a><\/div>\n","protected":false},"excerpt":{"rendered":"","protected":false},"author":1,"featured_media":0,"parent":0,"menu_order":2,"comment_status":"closed","ping_status":"closed","template":"","meta":{"footnotes":""},"class_list":["post-1312","page","type-page","status-publish","hentry"],"yoast_head":"<!-- This site is optimized with the Yoast SEO plugin v27.4 - https:\/\/yoast.com\/product\/yoast-seo-wordpress\/ -->\n<title>Hotel &amp; Anreise - PACKAGING360\u00b0<\/title>\n<meta name=\"robots\" content=\"index, follow, max-snippet:-1, max-image-preview:large, max-video-preview:-1\" \/>\n<link rel=\"canonical\" href=\"https:\/\/dfvcg-events.de\/packaging-360\/hotel-anreise\/\" \/>\n<meta property=\"og:locale\" content=\"de_DE\" \/>\n<meta property=\"og:type\" content=\"article\" \/>\n<meta property=\"og:title\" content=\"Hotel &amp; Anreise - PACKAGING360\u00b0\" \/>\n<meta property=\"og:url\" content=\"https:\/\/dfvcg-events.de\/packaging-360\/hotel-anreise\/\" \/>\n<meta property=\"og:site_name\" content=\"PACKAGING360\u00b0\" \/>\n<meta property=\"article:modified_time\" content=\"2022-08-29T14:28:24+00:00\" \/>\n<meta property=\"og:image\" content=\"https:\/\/www.veranstaltungsticket-bahn.de:443\/resources\/buttons\/design4-3.png\" \/>\n<meta name=\"twitter:card\" content=\"summary_large_image\" \/>\n<meta name=\"twitter:label1\" content=\"Gesch\u00e4tzte Lesezeit\" \/>\n\t<meta name=\"twitter:data1\" content=\"7\u00a0Minuten\" \/>\n<script type=\"application\/ld+json\" class=\"yoast-schema-graph\">{\"@context\":\"https:\\\/\\\/schema.org\",\"@graph\":[{\"@type\":\"WebPage\",\"@id\":\"https:\\\/\\\/dfvcg-events.de\\\/packaging-360\\\/hotel-anreise\\\/\",\"url\":\"https:\\\/\\\/dfvcg-events.de\\\/packaging-360\\\/hotel-anreise\\\/\",\"name\":\"Hotel &amp; Anreise - PACKAGING360\u00b0\",\"isPartOf\":{\"@id\":\"https:\\\/\\\/dfvcg-events.de\\\/packaging-360\\\/#website\"},\"primaryImageOfPage\":{\"@id\":\"https:\\\/\\\/dfvcg-events.de\\\/packaging-360\\\/hotel-anreise\\\/#primaryimage\"},\"image\":{\"@id\":\"https:\\\/\\\/dfvcg-events.de\\\/packaging-360\\\/hotel-anreise\\\/#primaryimage\"},\"thumbnailUrl\":\"https:\\\/\\\/www.veranstaltungsticket-bahn.de:443\\\/resources\\\/buttons\\\/design4-3.png\",\"datePublished\":\"2021-06-07T11:22:31+00:00\",\"dateModified\":\"2022-08-29T14:28:24+00:00\",\"breadcrumb\":{\"@id\":\"https:\\\/\\\/dfvcg-events.de\\\/packaging-360\\\/hotel-anreise\\\/#breadcrumb\"},\"inLanguage\":\"de\",\"potentialAction\":[{\"@type\":\"ReadAction\",\"target\":[\"https:\\\/\\\/dfvcg-events.de\\\/packaging-360\\\/hotel-anreise\\\/\"]}]},{\"@type\":\"ImageObject\",\"inLanguage\":\"de\",\"@id\":\"https:\\\/\\\/dfvcg-events.de\\\/packaging-360\\\/hotel-anreise\\\/#primaryimage\",\"url\":\"https:\\\/\\\/www.veranstaltungsticket-bahn.de:443\\\/resources\\\/buttons\\\/design4-3.png\",\"contentUrl\":\"https:\\\/\\\/www.veranstaltungsticket-bahn.de:443\\\/resources\\\/buttons\\\/design4-3.png\"},{\"@type\":\"BreadcrumbList\",\"@id\":\"https:\\\/\\\/dfvcg-events.de\\\/packaging-360\\\/hotel-anreise\\\/#breadcrumb\",\"itemListElement\":[{\"@type\":\"ListItem\",\"position\":1,\"name\":\"Startseite\",\"item\":\"https:\\\/\\\/dfvcg-events.de\\\/packaging-360\\\/\"},{\"@type\":\"ListItem\",\"position\":2,\"name\":\"Hotel &amp; Anreise\"}]},{\"@type\":\"WebSite\",\"@id\":\"https:\\\/\\\/dfvcg-events.de\\\/packaging-360\\\/#website\",\"url\":\"https:\\\/\\\/dfvcg-events.de\\\/packaging-360\\\/\",\"name\":\"PACKAGING360\u00b0\",\"description\":\"dfv Conference Group\",\"publisher\":{\"@id\":\"https:\\\/\\\/dfvcg-events.de\\\/packaging-360\\\/#organization\"},\"potentialAction\":[{\"@type\":\"SearchAction\",\"target\":{\"@type\":\"EntryPoint\",\"urlTemplate\":\"https:\\\/\\\/dfvcg-events.de\\\/packaging-360\\\/?s={search_term_string}\"},\"query-input\":{\"@type\":\"PropertyValueSpecification\",\"valueRequired\":true,\"valueName\":\"search_term_string\"}}],\"inLanguage\":\"de\"},{\"@type\":\"Organization\",\"@id\":\"https:\\\/\\\/dfvcg-events.de\\\/packaging-360\\\/#organization\",\"name\":\"PACKAGING360\u00b0\",\"url\":\"https:\\\/\\\/dfvcg-events.de\\\/packaging-360\\\/\",\"logo\":{\"@type\":\"ImageObject\",\"inLanguage\":\"de\",\"@id\":\"https:\\\/\\\/dfvcg-events.de\\\/packaging-360\\\/#\\\/schema\\\/logo\\\/image\\\/\",\"url\":\"https:\\\/\\\/dfvcg-events.de\\\/packaging-360\\\/wp-content\\\/uploads\\\/sites\\\/16\\\/2020\\\/06\\\/dfvcg-packaging.jpg\",\"contentUrl\":\"https:\\\/\\\/dfvcg-events.de\\\/packaging-360\\\/wp-content\\\/uploads\\\/sites\\\/16\\\/2020\\\/06\\\/dfvcg-packaging.jpg\",\"width\":800,\"height\":800,\"caption\":\"PACKAGING360\u00b0\"},\"image\":{\"@id\":\"https:\\\/\\\/dfvcg-events.de\\\/packaging-360\\\/#\\\/schema\\\/logo\\\/image\\\/\"}}]}<\/script>\n<!-- \/ Yoast SEO plugin. -->","yoast_head_json":{"title":"Hotel &amp; Anreise - PACKAGING360\u00b0","robots":{"index":"index","follow":"follow","max-snippet":"max-snippet:-1","max-image-preview":"max-image-preview:large","max-video-preview":"max-video-preview:-1"},"canonical":"https:\/\/dfvcg-events.de\/packaging-360\/hotel-anreise\/","og_locale":"de_DE","og_type":"article","og_title":"Hotel &amp; Anreise - PACKAGING360\u00b0","og_url":"https:\/\/dfvcg-events.de\/packaging-360\/hotel-anreise\/","og_site_name":"PACKAGING360\u00b0","article_modified_time":"2022-08-29T14:28:24+00:00","og_image":[{"url":"https:\/\/www.veranstaltungsticket-bahn.de:443\/resources\/buttons\/design4-3.png","type":"","width":"","height":""}],"twitter_card":"summary_large_image","twitter_misc":{"Gesch\u00e4tzte Lesezeit":"7\u00a0Minuten"},"schema":{"@context":"https:\/\/schema.org","@graph":[{"@type":"WebPage","@id":"https:\/\/dfvcg-events.de\/packaging-360\/hotel-anreise\/","url":"https:\/\/dfvcg-events.de\/packaging-360\/hotel-anreise\/","name":"Hotel &amp; Anreise - PACKAGING360\u00b0","isPartOf":{"@id":"https:\/\/dfvcg-events.de\/packaging-360\/#website"},"primaryImageOfPage":{"@id":"https:\/\/dfvcg-events.de\/packaging-360\/hotel-anreise\/#primaryimage"},"image":{"@id":"https:\/\/dfvcg-events.de\/packaging-360\/hotel-anreise\/#primaryimage"},"thumbnailUrl":"https:\/\/www.veranstaltungsticket-bahn.de:443\/resources\/buttons\/design4-3.png","datePublished":"2021-06-07T11:22:31+00:00","dateModified":"2022-08-29T14:28:24+00:00","breadcrumb":{"@id":"https:\/\/dfvcg-events.de\/packaging-360\/hotel-anreise\/#breadcrumb"},"inLanguage":"de","potentialAction":[{"@type":"ReadAction","target":["https:\/\/dfvcg-events.de\/packaging-360\/hotel-anreise\/"]}]},{"@type":"ImageObject","inLanguage":"de","@id":"https:\/\/dfvcg-events.de\/packaging-360\/hotel-anreise\/#primaryimage","url":"https:\/\/www.veranstaltungsticket-bahn.de:443\/resources\/buttons\/design4-3.png","contentUrl":"https:\/\/www.veranstaltungsticket-bahn.de:443\/resources\/buttons\/design4-3.png"},{"@type":"BreadcrumbList","@id":"https:\/\/dfvcg-events.de\/packaging-360\/hotel-anreise\/#breadcrumb","itemListElement":[{"@type":"ListItem","position":1,"name":"Startseite","item":"https:\/\/dfvcg-events.de\/packaging-360\/"},{"@type":"ListItem","position":2,"name":"Hotel &amp; Anreise"}]},{"@type":"WebSite","@id":"https:\/\/dfvcg-events.de\/packaging-360\/#website","url":"https:\/\/dfvcg-events.de\/packaging-360\/","name":"PACKAGING360\u00b0","description":"dfv Conference Group","publisher":{"@id":"https:\/\/dfvcg-events.de\/packaging-360\/#organization"},"potentialAction":[{"@type":"SearchAction","target":{"@type":"EntryPoint","urlTemplate":"https:\/\/dfvcg-events.de\/packaging-360\/?s={search_term_string}"},"query-input":{"@type":"PropertyValueSpecification","valueRequired":true,"valueName":"search_term_string"}}],"inLanguage":"de"},{"@type":"Organization","@id":"https:\/\/dfvcg-events.de\/packaging-360\/#organization","name":"PACKAGING360\u00b0","url":"https:\/\/dfvcg-events.de\/packaging-360\/","logo":{"@type":"ImageObject","inLanguage":"de","@id":"https:\/\/dfvcg-events.de\/packaging-360\/#\/schema\/logo\/image\/","url":"https:\/\/dfvcg-events.de\/packaging-360\/wp-content\/uploads\/sites\/16\/2020\/06\/dfvcg-packaging.jpg","contentUrl":"https:\/\/dfvcg-events.de\/packaging-360\/wp-content\/uploads\/sites\/16\/2020\/06\/dfvcg-packaging.jpg","width":800,"height":800,"caption":"PACKAGING360\u00b0"},"image":{"@id":"https:\/\/dfvcg-events.de\/packaging-360\/#\/schema\/logo\/image\/"}}]}},"_links":{"self":[{"href":"https:\/\/dfvcg-events.de\/packaging-360\/wp-json\/wp\/v2\/pages\/1312","targetHints":{"allow":["GET"]}}],"collection":[{"href":"https:\/\/dfvcg-events.de\/packaging-360\/wp-json\/wp\/v2\/pages"}],"about":[{"href":"https:\/\/dfvcg-events.de\/packaging-360\/wp-json\/wp\/v2\/types\/page"}],"author":[{"embeddable":true,"href":"https:\/\/dfvcg-events.de\/packaging-360\/wp-json\/wp\/v2\/users\/1"}],"replies":[{"embeddable":true,"href":"https:\/\/dfvcg-events.de\/packaging-360\/wp-json\/wp\/v2\/comments?post=1312"}],"version-history":[{"count":0,"href":"https:\/\/dfvcg-events.de\/packaging-360\/wp-json\/wp\/v2\/pages\/1312\/revisions"}],"wp:attachment":[{"href":"https:\/\/dfvcg-events.de\/packaging-360\/wp-json\/wp\/v2\/media?parent=1312"}],"curies":[{"name":"wp","href":"https:\/\/api.w.org\/{rel}","templated":true}]}}