{"id":1269,"date":"2021-06-07T13:22:19","date_gmt":"2021-06-07T11:22:19","guid":{"rendered":"https:\/\/dfvcg-events.de\/packaging-360\/?page_id=1269"},"modified":"2021-09-02T12:51:49","modified_gmt":"2021-09-02T10:51:49","slug":"programm-2021","status":"publish","type":"page","link":"https:\/\/dfvcg-events.de\/packaging-360\/programm-2021\/","title":{"rendered":"Programm 2021"},"content":{"rendered":"<div class='clear'><\/div><div id='sub_menu1'  class='av-submenu-container av-k7xs13ge-6d38b5e9e2bf18078465ddd916b0428a main_color av-switch-990  avia-builder-el-0  el_before_av_section  avia-builder-el-first  av-sticky-submenu container_wrap fullsize' style='z-index:301' ><div class='container av-menu-mobile-active av-submenu-pos-left av-submenu-hidden'><a href=\"#\" class=\"mobile_menu_toggle\"><span class='avia-svg-icon avia-font-svg_entypo-fontello' data-av_svg_icon='list' data-av_iconset='svg_entypo-fontello'><svg version=\"1.1\" xmlns=\"http:\/\/www.w3.org\/2000\/svg\" width=\"22\" height=\"32\" viewBox=\"0 0 22 32\" preserveAspectRatio=\"xMidYMid meet\" aria-labelledby='av-svg-title-1' aria-describedby='av-svg-desc-1' role=\"graphics-symbol\" aria-hidden=\"true\">\n<title id='av-svg-title-1'>List<\/title>\n<desc id='av-svg-desc-1'>List<\/desc>\n<path d=\"M3.2 20.8q0.64 0 1.12 0.48t0.48 1.12-0.48 1.12-1.12 0.48h-1.6q-0.64 0-1.12-0.48t-0.48-1.12 0.448-1.12 1.152-0.48h1.6zM3.2 14.4q0.64 0 1.12 0.48t0.48 1.12-0.48 1.12-1.12 0.48h-1.6q-0.64 0-1.12-0.48t-0.48-1.12 0.448-1.12 1.152-0.48h1.6zM3.2 8q0.64 0 1.12 0.48t0.48 1.12-0.48 1.12-1.12 0.48h-1.6q-0.64 0-1.12-0.48t-0.48-1.12 0.448-1.12 1.152-0.48h1.6zM9.6 11.2q-0.64 0-1.12-0.48t-0.48-1.12 0.48-1.12 1.12-0.48h11.2q0.704 0 1.152 0.48t0.448 1.12-0.48 1.12-1.12 0.48h-11.2zM20.8 14.4q0.704 0 1.152 0.48t0.448 1.12-0.48 1.12-1.12 0.48h-11.2q-0.64 0-1.12-0.48t-0.48-1.12 0.48-1.12 1.12-0.48h11.2zM20.8 20.8q0.704 0 1.152 0.48t0.448 1.12-0.48 1.12-1.12 0.48h-11.2q-0.64 0-1.12-0.48t-0.48-1.12 0.48-1.12 1.12-0.48h11.2z\"><\/path>\n<\/svg><\/span><span class=\"av-current-placeholder\">Men\u00fc<\/span><\/a><ul id=\"menu-navigation\" class=\"av-subnav-menu\" role=\"menu\"><li role=\"menuitem\" id=\"menu-item-1114\" class=\"menu-item menu-item-type-post_type menu-item-object-page av-menu-button av-menu-button-colored menu-item-top-level menu-item-top-level-1\"><a href=\"https:\/\/dfvcg-events.de\/packaging-360\/jetzt-anmelden\/\" itemprop=\"url\" tabindex=\"0\"><span class=\"avia-bullet\"><\/span><span class=\"avia-menu-text\">Jetzt anmelden<\/span><span class=\"avia-menu-fx\"><span class=\"avia-arrow-wrap\"><span class=\"avia-arrow\"><\/span><\/span><\/span><\/a><\/li>\n<li role=\"menuitem\" id=\"menu-item-2211\" class=\"menu-item menu-item-type-post_type menu-item-object-page menu-item-home menu-item-top-level menu-item-top-level-2\"><a href=\"https:\/\/dfvcg-events.de\/packaging-360\/\" itemprop=\"url\" tabindex=\"0\"><span class=\"avia-bullet\"><\/span><span class=\"avia-menu-text\">Start<\/span><span class=\"avia-menu-fx\"><span class=\"avia-arrow-wrap\"><span class=\"avia-arrow\"><\/span><\/span><\/span><\/a><\/li>\n<li role=\"menuitem\" id=\"menu-item-2208\" class=\"menu-item menu-item-type-post_type menu-item-object-page menu-item-top-level menu-item-top-level-3\"><a href=\"https:\/\/dfvcg-events.de\/packaging-360\/programm-2022\/\" itemprop=\"url\" tabindex=\"0\"><span class=\"avia-bullet\"><\/span><span class=\"avia-menu-text\">Programm<\/span><span class=\"avia-menu-fx\"><span class=\"avia-arrow-wrap\"><span class=\"avia-arrow\"><\/span><\/span><\/span><\/a><\/li>\n<li role=\"menuitem\" id=\"menu-item-2210\" class=\"menu-item menu-item-type-post_type menu-item-object-page menu-item-top-level menu-item-top-level-4\"><a href=\"https:\/\/dfvcg-events.de\/packaging-360\/vortragende-2022\/\" itemprop=\"url\" tabindex=\"0\"><span class=\"avia-bullet\"><\/span><span class=\"avia-menu-text\">Vortragende<\/span><span class=\"avia-menu-fx\"><span class=\"avia-arrow-wrap\"><span class=\"avia-arrow\"><\/span><\/span><\/span><\/a><\/li>\n<li role=\"menuitem\" id=\"menu-item-2209\" class=\"menu-item menu-item-type-post_type menu-item-object-page menu-item-top-level menu-item-top-level-5\"><a href=\"https:\/\/dfvcg-events.de\/packaging-360\/aussteller-sponsoren-2022\/\" itemprop=\"url\" tabindex=\"0\"><span class=\"avia-bullet\"><\/span><span class=\"avia-menu-text\">Partner &amp; Aussteller<\/span><span class=\"avia-menu-fx\"><span class=\"avia-arrow-wrap\"><span class=\"avia-arrow\"><\/span><\/span><\/span><\/a><\/li>\n<li role=\"menuitem\" id=\"menu-item-1465\" class=\"menu-item menu-item-type-custom menu-item-object-custom menu-item-has-children menu-item-top-level menu-item-top-level-6\"><a href=\"#\" itemprop=\"url\" tabindex=\"0\"><span class=\"avia-bullet\"><\/span><span class=\"avia-menu-text\">Service<\/span><span class=\"avia-menu-fx\"><span class=\"avia-arrow-wrap\"><span class=\"avia-arrow\"><\/span><\/span><\/span><\/a>\n\n\n<ul class=\"sub-menu\">\n\t<li role=\"menuitem\" id=\"menu-item-1425\" class=\"menu-item menu-item-type-post_type menu-item-object-page\"><a href=\"https:\/\/dfvcg-events.de\/packaging-360\/kontakt\/\" itemprop=\"url\" tabindex=\"0\"><span class=\"avia-bullet\"><\/span><span class=\"avia-menu-text\">Kontakt<\/span><\/a><\/li>\n\t<li role=\"menuitem\" id=\"menu-item-1466\" class=\"menu-item menu-item-type-post_type menu-item-object-page\"><a href=\"https:\/\/dfvcg-events.de\/packaging-360\/hotel-anreise\/\" itemprop=\"url\" tabindex=\"0\"><span class=\"avia-bullet\"><\/span><span class=\"avia-menu-text\">Hotel &amp; Anreise<\/span><\/a><\/li>\n\t<li role=\"menuitem\" id=\"menu-item-2206\" class=\"menu-item menu-item-type-post_type menu-item-object-page menu-item-has-children\"><a href=\"https:\/\/dfvcg-events.de\/packaging-360\/download-center-2022\/\" itemprop=\"url\" tabindex=\"0\"><span class=\"avia-bullet\"><\/span><span class=\"avia-menu-text\">Download-Center<\/span><\/a>\n\t<ul class=\"sub-menu\">\n\t\t<li role=\"menuitem\" id=\"menu-item-2207\" class=\"menu-item menu-item-type-post_type menu-item-object-page\"><a href=\"https:\/\/dfvcg-events.de\/packaging-360\/download-center-2022\/teilnehmerbereich-2022\/\" itemprop=\"url\" tabindex=\"0\"><span class=\"avia-bullet\"><\/span><span class=\"avia-menu-text\">Teilnehmerbereich<\/span><\/a><\/li>\n\t<\/ul>\n<\/li>\n<\/ul>\n<\/li>\n<\/ul><\/div><\/div><div class='sticky_placeholder'><\/div>\n<div id='av_section_1'  class='avia-section av-k7yuhjt1-676f3ed4420f2c40c202d201fc1a3016 main_color avia-section-default avia-no-border-styling  avia-builder-el-1  el_after_av_submenu  el_before_av_one_third  header-farbe avia-bg-style-scroll container_wrap fullsize'  ><div class='container av-section-cont-open' ><div class='template-page content  av-content-full alpha units'><div class='post-entry post-entry-type-page post-entry-1269'><div class='entry-content-wrapper clearfix'>\n<div class='flex_column_table av-kas60amf-cf9cba21826dfa1daefdfcd47bf67757 sc-av_three_fourth av-equal-height-column-flextable'>\n<style type=\"text\/css\" data-created_by=\"avia_inline_auto\" id=\"style-css-av-kas60amf-cf9cba21826dfa1daefdfcd47bf67757\">\n.flex_column.av-kas60amf-cf9cba21826dfa1daefdfcd47bf67757{\nborder-radius:0px 0px 0px 0px;\npadding:0px 0px 0px 0px;\n}\n<\/style>\n<div  class='flex_column av-kas60amf-cf9cba21826dfa1daefdfcd47bf67757 av_three_fourth  avia-builder-el-2  el_before_av_one_fourth  avia-builder-el-first  first flex_column_table_cell av-equal-height-column av-align-middle av-zero-column-padding  '     ><style type=\"text\/css\" data-created_by=\"avia_inline_auto\" id=\"style-css-av-kmn8q8zk-3ffe76bf25550d89bda762f7214aa20e\">\n#top .av-special-heading.av-kmn8q8zk-3ffe76bf25550d89bda762f7214aa20e{\npadding-bottom:0;\ncolor:#ffffff;\n}\nbody .av-special-heading.av-kmn8q8zk-3ffe76bf25550d89bda762f7214aa20e .av-special-heading-tag .heading-char{\nfont-size:25px;\n}\n.av-special-heading.av-kmn8q8zk-3ffe76bf25550d89bda762f7214aa20e .special-heading-inner-border{\nborder-color:#ffffff;\n}\n.av-special-heading.av-kmn8q8zk-3ffe76bf25550d89bda762f7214aa20e .av-subheading{\nfont-size:19px;\n}\n<\/style>\n<div  class='av-special-heading av-kmn8q8zk-3ffe76bf25550d89bda762f7214aa20e av-special-heading-h1 custom-color-heading blockquote modern-quote  avia-builder-el-3  avia-builder-el-no-sibling '><div class='av_custom_color av-subheading av-subheading_above'><p>PACKAGING 360\u00b0<\/p>\n<\/div><h1 class='av-special-heading-tag '  itemprop=\"headline\"  >Programm<\/h1><div class=\"special-heading-border\"><div class=\"special-heading-inner-border\"><\/div><\/div><\/div><\/div><div class='av-flex-placeholder'><\/div>\n<style type=\"text\/css\" data-created_by=\"avia_inline_auto\" id=\"style-css-av-11jrg-8084515a15e2c0b7da7ec101b4a066a1\">\n.flex_column.av-11jrg-8084515a15e2c0b7da7ec101b4a066a1{\nborder-radius:0px 0px 0px 0px;\npadding:0px 0px 0px 0px;\n}\n<\/style>\n<div  class='flex_column av-11jrg-8084515a15e2c0b7da7ec101b4a066a1 av_one_fourth  avia-builder-el-4  el_after_av_three_fourth  avia-builder-el-last  flex_column_table_cell av-equal-height-column av-align-middle av-zero-column-padding  '     ><\/div><\/div><!--close column table wrapper. Autoclose: 1 -->\n<\/div><\/div><\/div><!-- close content main div --><\/div><\/div><div id='after_section_1'  class='main_color av_default_container_wrap container_wrap fullsize'  ><div class='container av-section-cont-open' ><div class='template-page content  av-content-full alpha units'><div class='post-entry post-entry-type-page post-entry-1269'><div class='entry-content-wrapper clearfix'>\n\n<style type=\"text\/css\" data-created_by=\"avia_inline_auto\" id=\"style-css-av-5fk2c5-8a877a176294587af61373cd0cfb4c3a\">\n.flex_column.av-5fk2c5-8a877a176294587af61373cd0cfb4c3a{\nborder-radius:0px 0px 0px 0px;\npadding:0px 0px 0px 0px;\n}\n<\/style>\n<div  class='flex_column av-5fk2c5-8a877a176294587af61373cd0cfb4c3a av_one_third  avia-builder-el-6  el_after_av_section  el_before_av_one_third  avia-builder-el-first  first flex_column_div av-zero-column-padding  '     ><p><section  class='av_textblock_section av-kqwbis1f-f4fb4fcc92414389b81f36baa208b4be '   itemscope=\"itemscope\" itemtype=\"https:\/\/schema.org\/CreativeWork\" ><div class='avia_textblock'  itemprop=\"text\" ><p><strong>Erster Tag:<\/strong><br \/>\nMontag, 6. September 2021<\/p>\n<\/div><\/section><br \/>\n<div  class='avia-button-wrap av-kqwbgshd-b153c0024d5c252dcbdc82be65d781bb-wrap avia-button-left  avia-builder-el-8  el_after_av_textblock  avia-builder-el-last '><a href='#tag1'  class='avia-button av-kqwbgshd-b153c0024d5c252dcbdc82be65d781bb av-link-btn avia-icon_select-no avia-size-large avia-position-left avia-color-theme-color'   aria-label=\"Programm 6. September 2021\"><span class='avia_iconbox_title' >Programm 6. September 2021<\/span><\/a><\/div><\/p><\/div>\n\n<style type=\"text\/css\" data-created_by=\"avia_inline_auto\" id=\"style-css-av-4loqx1-811011574b6bca7054522a2fa21c2ec3\">\n.flex_column.av-4loqx1-811011574b6bca7054522a2fa21c2ec3{\nborder-radius:0px 0px 0px 0px;\npadding:0px 0px 0px 0px;\n}\n<\/style>\n<div  class='flex_column av-4loqx1-811011574b6bca7054522a2fa21c2ec3 av_one_third  avia-builder-el-9  el_after_av_one_third  el_before_av_one_third  flex_column_div av-zero-column-padding  '     ><p><section  class='av_textblock_section av-kqwbjbo1-7a396aad0d5799c7ec29fdf5109e68c7 '   itemscope=\"itemscope\" itemtype=\"https:\/\/schema.org\/CreativeWork\" ><div class='avia_textblock'  itemprop=\"text\" ><p><strong>Zweiter Tag:<\/strong><br \/>\nDienstag, 7. September 2021<\/p>\n<\/div><\/section><br \/>\n<div  class='avia-button-wrap av-kqwbhg58-806b0caded376b9affe5e14bc34556e1-wrap avia-button-left  avia-builder-el-11  el_after_av_textblock  avia-builder-el-last '><a href='#tag2'  class='avia-button av-kqwbhg58-806b0caded376b9affe5e14bc34556e1 av-link-btn avia-icon_select-no avia-size-large avia-position-left avia-color-theme-color'   aria-label=\"Programm 7. September 2021\"><span class='avia_iconbox_title' >Programm 7. September 2021<\/span><\/a><\/div><\/p><\/div>\n\n<style type=\"text\/css\" data-created_by=\"avia_inline_auto\" id=\"style-css-av-bpmg5-65b2b2628d2d2e8c5c4d9157eb17cd39\">\n.flex_column.av-bpmg5-65b2b2628d2d2e8c5c4d9157eb17cd39{\nborder-radius:0px 0px 0px 0px;\npadding:0px 0px 0px 0px;\n}\n<\/style>\n<div  class='flex_column av-bpmg5-65b2b2628d2d2e8c5c4d9157eb17cd39 av_one_third  avia-builder-el-12  el_after_av_one_third  el_before_av_section  avia-builder-el-last  flex_column_div av-zero-column-padding  '     ><p><section  class='av_textblock_section av-kqwbk45g-c3957966b6c076e936f0900aa423d079 '   itemscope=\"itemscope\" itemtype=\"https:\/\/schema.org\/CreativeWork\" ><div class='avia_textblock'  itemprop=\"text\" ><p><strong>Das gesamte Programm<\/strong><br \/>\nals PDF<\/p>\n<\/div><\/section><br \/>\n<div  class='avia-button-wrap av-kqwbi3ss-546fc7bad3628df6928738d302bb98e9-wrap avia-button-left  avia-builder-el-14  el_after_av_textblock  avia-builder-el-last '>\n<style type=\"text\/css\" data-created_by=\"avia_inline_auto\" id=\"style-css-av-kqwbi3ss-546fc7bad3628df6928738d302bb98e9\">\n#top #wrap_all .avia-button.av-kqwbi3ss-546fc7bad3628df6928738d302bb98e9{\nborder-style:none;\ntransition:all 0.4s ease-in-out;\n}\n<\/style>\n<a href='https:\/\/dfvcg-events.de\/packaging-360\/wp-content\/uploads\/sites\/16\/2021\/08\/dfcCG_PROG_Packaging_360_2021_205x290_K_WEB_020721_1908.pdf'  class='avia-button av-kqwbi3ss-546fc7bad3628df6928738d302bb98e9 av-link-btn avia-icon_select-no avia-size-large avia-position-left avia-color-theme-color'  target=\"_blank\"  rel=\"noopener noreferrer\"  aria-label=\"Programm PDF Download\"><span class='avia_iconbox_title' >Programm PDF Download<\/span><\/a><\/div><\/p><\/div>\n<\/div><\/div><\/div><!-- close content main div --><\/div><\/div><div id='av_section_2'  class='avia-section av-2gfbqt-6f6e4a945c898ac8fbe10c7e3f6cec74 main_color avia-section-default avia-no-shadow  avia-builder-el-15  el_after_av_one_third  el_before_av_section  avia-bg-style-scroll container_wrap fullsize'  ><div class='container av-section-cont-open' ><div class='template-page content  av-content-full alpha units'><div class='post-entry post-entry-type-page post-entry-1269'><div class='entry-content-wrapper clearfix'>\n\n<style type=\"text\/css\" data-created_by=\"avia_inline_auto\" id=\"style-css-av-kpqj7cs8-600f7a472cd0459151eb0b641329abcb\">\n#top .av-special-heading.av-kpqj7cs8-600f7a472cd0459151eb0b641329abcb{\npadding-bottom:10px;\n}\nbody .av-special-heading.av-kpqj7cs8-600f7a472cd0459151eb0b641329abcb .av-special-heading-tag .heading-char{\nfont-size:25px;\n}\n.av-special-heading.av-kpqj7cs8-600f7a472cd0459151eb0b641329abcb .av-subheading{\nfont-size:15px;\n}\n<\/style>\n<div  class='av-special-heading av-kpqj7cs8-600f7a472cd0459151eb0b641329abcb av-special-heading-h2 blockquote modern-quote  avia-builder-el-16  el_before_av_textblock  avia-builder-el-first '><h2 class='av-special-heading-tag '  itemprop=\"headline\"  >6.\/7. September 2021<\/h2><div class=\"special-heading-border\"><div class=\"special-heading-inner-border\"><\/div><\/div><\/div>\n<section  class='av_textblock_section av-kpqj2rnd-80fcaba83add68120ae3aebb66729d39 '   itemscope=\"itemscope\" itemtype=\"https:\/\/schema.org\/CreativeWork\" ><div class='avia_textblock'  itemprop=\"text\" ><p>Auch in diesem Jahr bieten wir Ihnen wieder einen fundierten und hochkar\u00e4tigen Mix aus Deep-Insights von Handel, Konsumg\u00fcterindustrie, Verpackungswirtschaft und Marktforschung bei <strong>PACKAGING 360\u00b0 &#8211; <\/strong>dem Verpackungssummit der FMCG-Branche.<\/p>\n<p>Nachhaltigkeit ist weiterhin eines der TOP-Themen, doch Corona hat den Blick auf die Dinge verschoben. Heute stehen Handel, Konsumg\u00fcter- und Verpackungsindustrie pandemiebedingt vor gro\u00dfen Herausforderungen in den Lieferketten. Lieferanten k\u00f6nnen Liefertermine nicht einhalten, Best\u00e4nde werden aufgebraucht, Rohstoffpreise schnellen in die H\u00f6he und auch politisch sind Novellen beschlossen worden. Wir hinterfragen kritisch und fundiert &#8211; mit starken Fachmedien an unserer Seite. Freuen Sie sich auf spannende Themen und Vortr\u00e4ge hochkar\u00e4tiger Referent:innen:<\/p>\n<\/div><\/section>\n\n<\/div><\/div><\/div><!-- close content main div --><\/div><\/div><div id='tag1'  class='avia-section av-kqwbfbmz-e76d5fa4d7edd9cee6107c372bc4db68 main_color avia-section-default avia-no-border-styling  avia-builder-el-18  el_after_av_section  el_before_av_section  avia-bg-style-scroll container_wrap fullsize'  ><div class='container av-section-cont-open' ><div class='template-page content  av-content-full alpha units'><div class='post-entry post-entry-type-page post-entry-1269'><div class='entry-content-wrapper clearfix'>\n\n<style type=\"text\/css\" data-created_by=\"avia_inline_auto\" id=\"style-css-av-kqw7mrdu-690686d54b17e5231241b3993b57375d\">\n#top .av-special-heading.av-kqw7mrdu-690686d54b17e5231241b3993b57375d{\npadding-bottom:10px;\n}\nbody .av-special-heading.av-kqw7mrdu-690686d54b17e5231241b3993b57375d .av-special-heading-tag .heading-char{\nfont-size:25px;\n}\n.av-special-heading.av-kqw7mrdu-690686d54b17e5231241b3993b57375d .av-subheading{\nfont-size:15px;\n}\n<\/style>\n<div  class='av-special-heading av-kqw7mrdu-690686d54b17e5231241b3993b57375d av-special-heading-h3 blockquote modern-quote  avia-builder-el-19  el_before_av_table  avia-builder-el-first '><div class='av-subheading av-subheading_above'><p>Erster Tag:<\/p>\n<\/div><h3 class='av-special-heading-tag '  itemprop=\"headline\"  >Montag, 6. September 2021<\/h3><div class=\"special-heading-border\"><div class=\"special-heading-inner-border\"><\/div><\/div><\/div>\n<div class='avia-data-table-wrap av-9insx4-0d32577fe2fd7b247df57f1c2715177b avia_responsive_table avia-table-1'><table  id=\"programm-tabelle\"  class='avia-table avia-data-table avia_pricing_default  avia-builder-el-20  el_after_av_heading  avia-builder-el-last  programm-tabelle'  itemscope=\"itemscope\" itemtype=\"https:\/\/schema.org\/Table\" ><tbody><tr class=''><th class='avia-desc-col'>Ab 17:30<\/th><td class=''> Registrierung und Networking<\/td><td class=''><\/td><\/tr><tr class=''><th class='avia-desc-col'>18:45<\/th><td class=''><strong> Auftakt<\/strong><br \/>\n<\/td><td class=''>Bernd Biehl, Lebensmittel Zeitung<br \/>\nMatthias Mahr, Redaktion, Lebensmittel Zeitung<br \/>\n<\/td><\/tr><tr class=''><th class='avia-desc-col'><\/th><td class=''><strong>Strategiefokus Packaging<\/strong><\/td><td class=''><\/td><\/tr><tr class=''><th class='avia-desc-col'>19:00<\/p>\n<\/th><td class=''><strong>Aldi-Verpackungsmission: Beim nachhaltigen Verpacken m\u00fcssen alle anpacken!<\/strong><\/td><td class=''>Nadja Thorman, Manager Corporate Responsibility f\u00fcr Packaging &amp; Environment, Aldi-S\u00fcd Dienstleistungs-GmbH &amp; Co. KG<\/td><\/tr><tr class=''><th class='avia-desc-col'>19:30<\/p>\n<\/th><td class=''><strong>Marketing wirkt doch!<\/strong><br \/>\n<\/td><td class=''>Henner Rinsche, CEO, Leifheit AG<\/td><\/tr><tr class=''><th class='avia-desc-col'>20:00<\/p>\n<\/th><td class=''>Get-together &amp; Networking im exklusiv reservierten Restaurantbereich<br \/>\n<\/td><td class=''><\/td><\/tr><tr class=''><th class='avia-desc-col'>ca. 22:00<\/p>\n<\/th><td class=''>Ende<br \/>\n<\/td><td class=''><\/td><\/tr><tr class=''><th class='avia-desc-col'><\/th><td class=''><\/td><td class=''><\/td><\/tr><\/tbody><\/table><\/div><style type='text\/css'>.avia-table-1 td:nth-of-type(1):before { content: 'Ab 17:30'; } <\/style>\n\n<\/div><\/div><\/div><!-- close content main div --><\/div><\/div><div id='tag2'  class='avia-section av-kqwbfjnw-b7c7ec2229ca691483fc3bd9fdd1288d main_color avia-section-default avia-no-shadow  avia-builder-el-21  el_after_av_section  avia-builder-el-last  avia-bg-style-scroll container_wrap fullsize'  ><div class='container av-section-cont-open' ><div class='template-page content  av-content-full alpha units'><div class='post-entry post-entry-type-page post-entry-1269'><div class='entry-content-wrapper clearfix'>\n\n<style type=\"text\/css\" data-created_by=\"avia_inline_auto\" id=\"style-css-av-kqw7na7l-084d0b89199cb0282b2dfd28232bd411\">\n#top .av-special-heading.av-kqw7na7l-084d0b89199cb0282b2dfd28232bd411{\npadding-bottom:10px;\n}\nbody .av-special-heading.av-kqw7na7l-084d0b89199cb0282b2dfd28232bd411 .av-special-heading-tag .heading-char{\nfont-size:25px;\n}\n.av-special-heading.av-kqw7na7l-084d0b89199cb0282b2dfd28232bd411 .av-subheading{\nfont-size:15px;\n}\n<\/style>\n<div  class='av-special-heading av-kqw7na7l-084d0b89199cb0282b2dfd28232bd411 av-special-heading-h3 blockquote modern-quote  avia-builder-el-22  el_before_av_table  avia-builder-el-first '><div class='av-subheading av-subheading_above'><p>Zweiter Tag:<\/p>\n<\/div><h3 class='av-special-heading-tag '  itemprop=\"headline\"  >Dienstag, 7. September 2021<\/h3><div class=\"special-heading-border\"><div class=\"special-heading-inner-border\"><\/div><\/div><\/div>\n<div class='avia-data-table-wrap av-4h66ubp-2f2daf44119073ec737edc04ebd0872b avia_responsive_table avia-table-2'><table  id=\"programm-tabelle\"  class='avia-table avia-data-table avia_pricing_default  avia-builder-el-23  el_after_av_heading  avia-builder-el-last  programm-tabelle'  itemscope=\"itemscope\" itemtype=\"https:\/\/schema.org\/Table\" ><tbody><tr class=''><th class='avia-desc-col'>7:30<\/th><td class=''>Registrierung &amp; Networking<\/td><td class=''><\/td><\/tr><tr class=''><th class='avia-desc-col'>9:00<\/th><td class=''>Begr\u00fc\u00dfung und Moderation PACKAGING 360\u00b0<br \/>\n<\/td><td class=''>Bernd Biehl, Chefredaktion, Lebensmittel Zeitung<br \/>\nMatthias Mahr, Redaktion, Lebensmittel Zeitung<br \/>\n<\/td><\/tr><tr class=''><th class='avia-desc-col'><\/th><td class=''><strong> Anforderungen an Handel und Marken: Konsument:innen als Treiber f\u00fcr Ver\u00e4nderungen am Markt<\/strong><\/td><td class=''><\/td><\/tr><tr class=''><th class='avia-desc-col'>9:10<\/p>\n<\/th><td class=''><strong> Hauptsache kein Plastikm\u00fcll! Nachhaltige Verpackungen aus Konsument:innen Sicht<\/strong><\/td><td class=''>Dr. Stephan Telschow, Gesch\u00e4ftsf\u00fchrer und Leiter Kompetenzzentrum POS Forschung, GIM \u2013 Gesellschaft f\u00fcr innovative Marktforschung mbH <\/td><\/tr><tr class=''><th class='avia-desc-col'>9:30<\/p>\n<\/th><td class=''><strong>Ver\u00e4nderungen im Konsumverhalten \u2013 Auf diese Kund:innen muss sich der Handel einstellen<\/strong><br \/>\n<\/td><td class=''>Ev Bangemann, Managing Partner Consumer Products &amp; Retail, Ernst &amp; Young<\/td><\/tr><tr class=''><th class='avia-desc-col'><\/th><td class=''><strong>Coronakrise und ihre Auswirkungen auf Lieferketten und Ressourcen<\/strong><br \/>\n<\/td><td class=''><\/td><\/tr><tr class=''><th class='avia-desc-col'>10.00<\/p>\n<\/th><td class=''><strong>B\u00fchnendiskussion<br \/>\nCorona und die Lieferketten \u2013 Lieferverz\u00f6gerungen und Ressourcenknappheit<\/strong><br \/>\n<\/td><td class=''>Dr. Lorena Fricke, Referat Wirtschaft, Industrievereinigung Kunststoffverpackungen e.V.<br \/>\nKonstantin Bark, Director Communications &amp; Sustainable Business, Unilever Deutschland<\/td><\/tr><tr class=''><th class='avia-desc-col'>10.30 \u2013 10.40<\/p>\n<\/th><td class=''><strong>BrainFood Session von Schur Flexibles<\/strong><br \/>\nKreislauf ist Zukunft. Jetzt. <\/td><td class=''>Michael Martin, Schur Flexibles Germany,<br \/>\nDr. Martin Berlekamp, Schur Flexibles Germany<\/td><\/tr><tr class=''><th class='avia-desc-col'>10:40<\/th><td class=''>Networking und Erfrischungspause<\/td><td class=''><\/td><\/tr><tr class=''><th class='avia-desc-col'><\/th><td class=''><strong>Nachhaltigkeit als Change Agent<\/strong><\/td><td class=''><\/td><\/tr><tr class=''><th class='avia-desc-col'>11:20<\/th><td class=''>Live-Schaltung<br \/>\n<strong>Nachhaltigkeitsskala und Kreislaufwirtschaft \u2013 wie man Ma\u00dfst\u00e4be in Sachen Nachhaltigkeit setzt<\/strong><\/td><td class=''>Hanna Krayer, Verpackungsexpertin, Migros-Gruppe<\/td><\/tr><tr class=''><th class='avia-desc-col'>11:50<\/th><td class=''><strong>Kreislaufwirtschaft leben \u2013 Nachhaltigkeit in der Schwarz Gruppe <\/strong><\/td><td class=''>Anja K\u00f6llner, Gesamtprojektleitung REset Plastic, Schwarz Gruppe <\/td><\/tr><tr class=''><th class='avia-desc-col'>12:20<br \/>\n<\/th><td class=''>Live-Schaltung<br \/>\n<strong>Die Verpackungsstrategie von Ritter Sport<\/td><td class=''>Asmus Wolff, Gesch\u00e4ftsf\u00fchrer Supply Chain, Alfred Ritter GmbH &amp; Co KG<\/td><\/tr><tr class=''><th class='avia-desc-col'>12:50 -13.00<\/th><td class=''><strong>BrainFood Session powered by HERMA<\/strong><br \/>\nHERMA InNo-Liner Tr\u00e4gerloses Etikettiersystem <\/td><td class=''>Philipp Ott, HERMA<\/td><\/tr><tr class=''><th class='avia-desc-col'>13:00<\/strong><\/p>\n<\/th><td class=''>Networking und Mittagspause in der Expo<br \/>\n<\/td><td class=''><\/td><\/tr><tr class=''><th class='avia-desc-col'>14:30<\/p>\n<\/th><td class=''>Live-Schaltung<br \/>\n<strong>Plastik ad\u00e9? \u2013 Wie OTTO seine Verpackungsstrategie neu denkt<\/strong><\/td><td class=''>Benjamin K\u00f6hler, Head of Corporate Responsibility, Otto GmbH &amp; Co KG, Live-Schaltung<\/td><\/tr><tr class=''><th class='avia-desc-col'>15:00<\/p>\n<\/th><td class=''><strong>Kreislaufwirtschaft und recyclebares Plastik \u2013Noch ein weiter Weg<\/strong><\/td><td class=''>Dannielle Borger, Head of Global Packaging Innovation Laundry &amp; Home Care, Henkel<\/td><\/tr><tr class=''><th class='avia-desc-col'>15.30<\/p>\n<\/th><td class=''><strong>Keynote<br \/>\nDie Dekade der Nachhaltigkeit \u2013 Herausforderungen f\u00fcr die 2020er Jahre<\/strong><br \/>\n<\/td><td class=''>Gabriele H\u00e4ssig, Gesch\u00e4ftsf\u00fchrerin Kommunikation &amp; Nachhaltigkeit, Procter &amp; Gamble<br \/>\n<\/td><\/tr><tr class=''><th class='avia-desc-col'>16.00<br \/>\n<\/th><td class=''>Networking und Erfrischungspause<\/td><td class=''><\/td><\/tr><tr class=''><th class='avia-desc-col'>16:40<\/p>\n<\/th><td class=''><strong>Kreislaufwirtschaft als Innovationstreiber f\u00fcr Nachhaltigkeit: PepsiCo\u2019s Ansatz und umfassende Nachhaltigkeitsstrategie<\/td><td class=''>Kai Klicker-Brunner, Head Corporate Affairs und Mitglied der Gesch\u00e4ftsf\u00fchrung, PepsiCo DACH<\/td><\/tr><tr class=''><th class='avia-desc-col'>17:05<\/th><td class=''><strong>Abschlussdiskussion<br \/>\nSo viel Nachhaltigkeit braucht der Handel<\/strong><\/td><td class=''>Robin Hertscheck, Edeka Hertscheck, Rocco Capurso,<br \/>\nSahin Karaaslan<br \/>\n<\/td><\/tr><tr class=''><th class='avia-desc-col'>17.35<\/th><td class=''>Zusammenfassung und Ende PACKAGING 360\u00b0<\/td><td class=''><\/td><\/tr><tr class=''><th class='avia-desc-col'><\/th><td class=''><\/td><td class=''><\/td><\/tr><\/tbody><\/table><\/div><style type='text\/css'>.avia-table-2 td:nth-of-type(1):before { content: '7:30'; } <\/style><\/strong><\/p>\n\n","protected":false},"excerpt":{"rendered":"","protected":false},"author":1,"featured_media":0,"parent":0,"menu_order":3,"comment_status":"closed","ping_status":"closed","template":"","meta":{"footnotes":""},"class_list":["post-1269","page","type-page","status-publish","hentry"],"yoast_head":"<!-- This site is optimized with the Yoast SEO plugin v27.4 - https:\/\/yoast.com\/product\/yoast-seo-wordpress\/ -->\n<title>Programm 2021 - PACKAGING360\u00b0<\/title>\n<meta name=\"robots\" content=\"index, follow, max-snippet:-1, max-image-preview:large, max-video-preview:-1\" \/>\n<link rel=\"canonical\" href=\"https:\/\/dfvcg-events.de\/packaging-360\/programm-2021\/\" \/>\n<meta property=\"og:locale\" content=\"de_DE\" \/>\n<meta property=\"og:type\" content=\"article\" \/>\n<meta property=\"og:title\" content=\"Programm 2021 - PACKAGING360\u00b0\" \/>\n<meta property=\"og:url\" content=\"https:\/\/dfvcg-events.de\/packaging-360\/programm-2021\/\" \/>\n<meta property=\"og:site_name\" content=\"PACKAGING360\u00b0\" \/>\n<meta property=\"article:modified_time\" content=\"2021-09-02T10:51:49+00:00\" \/>\n<meta name=\"twitter:card\" content=\"summary_large_image\" \/>\n<meta name=\"twitter:label1\" content=\"Gesch\u00e4tzte Lesezeit\" \/>\n\t<meta name=\"twitter:data1\" content=\"5\u00a0Minuten\" \/>\n<script type=\"application\/ld+json\" class=\"yoast-schema-graph\">{\"@context\":\"https:\\\/\\\/schema.org\",\"@graph\":[{\"@type\":\"WebPage\",\"@id\":\"https:\\\/\\\/dfvcg-events.de\\\/packaging-360\\\/programm-2021\\\/\",\"url\":\"https:\\\/\\\/dfvcg-events.de\\\/packaging-360\\\/programm-2021\\\/\",\"name\":\"Programm 2021 - PACKAGING360\u00b0\",\"isPartOf\":{\"@id\":\"https:\\\/\\\/dfvcg-events.de\\\/packaging-360\\\/#website\"},\"datePublished\":\"2021-06-07T11:22:19+00:00\",\"dateModified\":\"2021-09-02T10:51:49+00:00\",\"breadcrumb\":{\"@id\":\"https:\\\/\\\/dfvcg-events.de\\\/packaging-360\\\/programm-2021\\\/#breadcrumb\"},\"inLanguage\":\"de\",\"potentialAction\":[{\"@type\":\"ReadAction\",\"target\":[\"https:\\\/\\\/dfvcg-events.de\\\/packaging-360\\\/programm-2021\\\/\"]}]},{\"@type\":\"BreadcrumbList\",\"@id\":\"https:\\\/\\\/dfvcg-events.de\\\/packaging-360\\\/programm-2021\\\/#breadcrumb\",\"itemListElement\":[{\"@type\":\"ListItem\",\"position\":1,\"name\":\"Startseite\",\"item\":\"https:\\\/\\\/dfvcg-events.de\\\/packaging-360\\\/\"},{\"@type\":\"ListItem\",\"position\":2,\"name\":\"Programm 2021\"}]},{\"@type\":\"WebSite\",\"@id\":\"https:\\\/\\\/dfvcg-events.de\\\/packaging-360\\\/#website\",\"url\":\"https:\\\/\\\/dfvcg-events.de\\\/packaging-360\\\/\",\"name\":\"PACKAGING360\u00b0\",\"description\":\"dfv Conference Group\",\"publisher\":{\"@id\":\"https:\\\/\\\/dfvcg-events.de\\\/packaging-360\\\/#organization\"},\"potentialAction\":[{\"@type\":\"SearchAction\",\"target\":{\"@type\":\"EntryPoint\",\"urlTemplate\":\"https:\\\/\\\/dfvcg-events.de\\\/packaging-360\\\/?s={search_term_string}\"},\"query-input\":{\"@type\":\"PropertyValueSpecification\",\"valueRequired\":true,\"valueName\":\"search_term_string\"}}],\"inLanguage\":\"de\"},{\"@type\":\"Organization\",\"@id\":\"https:\\\/\\\/dfvcg-events.de\\\/packaging-360\\\/#organization\",\"name\":\"PACKAGING360\u00b0\",\"url\":\"https:\\\/\\\/dfvcg-events.de\\\/packaging-360\\\/\",\"logo\":{\"@type\":\"ImageObject\",\"inLanguage\":\"de\",\"@id\":\"https:\\\/\\\/dfvcg-events.de\\\/packaging-360\\\/#\\\/schema\\\/logo\\\/image\\\/\",\"url\":\"https:\\\/\\\/dfvcg-events.de\\\/packaging-360\\\/wp-content\\\/uploads\\\/sites\\\/16\\\/2020\\\/06\\\/dfvcg-packaging.jpg\",\"contentUrl\":\"https:\\\/\\\/dfvcg-events.de\\\/packaging-360\\\/wp-content\\\/uploads\\\/sites\\\/16\\\/2020\\\/06\\\/dfvcg-packaging.jpg\",\"width\":800,\"height\":800,\"caption\":\"PACKAGING360\u00b0\"},\"image\":{\"@id\":\"https:\\\/\\\/dfvcg-events.de\\\/packaging-360\\\/#\\\/schema\\\/logo\\\/image\\\/\"}}]}<\/script>\n<!-- \/ Yoast SEO plugin. -->","yoast_head_json":{"title":"Programm 2021 - PACKAGING360\u00b0","robots":{"index":"index","follow":"follow","max-snippet":"max-snippet:-1","max-image-preview":"max-image-preview:large","max-video-preview":"max-video-preview:-1"},"canonical":"https:\/\/dfvcg-events.de\/packaging-360\/programm-2021\/","og_locale":"de_DE","og_type":"article","og_title":"Programm 2021 - PACKAGING360\u00b0","og_url":"https:\/\/dfvcg-events.de\/packaging-360\/programm-2021\/","og_site_name":"PACKAGING360\u00b0","article_modified_time":"2021-09-02T10:51:49+00:00","twitter_card":"summary_large_image","twitter_misc":{"Gesch\u00e4tzte Lesezeit":"5\u00a0Minuten"},"schema":{"@context":"https:\/\/schema.org","@graph":[{"@type":"WebPage","@id":"https:\/\/dfvcg-events.de\/packaging-360\/programm-2021\/","url":"https:\/\/dfvcg-events.de\/packaging-360\/programm-2021\/","name":"Programm 2021 - PACKAGING360\u00b0","isPartOf":{"@id":"https:\/\/dfvcg-events.de\/packaging-360\/#website"},"datePublished":"2021-06-07T11:22:19+00:00","dateModified":"2021-09-02T10:51:49+00:00","breadcrumb":{"@id":"https:\/\/dfvcg-events.de\/packaging-360\/programm-2021\/#breadcrumb"},"inLanguage":"de","potentialAction":[{"@type":"ReadAction","target":["https:\/\/dfvcg-events.de\/packaging-360\/programm-2021\/"]}]},{"@type":"BreadcrumbList","@id":"https:\/\/dfvcg-events.de\/packaging-360\/programm-2021\/#breadcrumb","itemListElement":[{"@type":"ListItem","position":1,"name":"Startseite","item":"https:\/\/dfvcg-events.de\/packaging-360\/"},{"@type":"ListItem","position":2,"name":"Programm 2021"}]},{"@type":"WebSite","@id":"https:\/\/dfvcg-events.de\/packaging-360\/#website","url":"https:\/\/dfvcg-events.de\/packaging-360\/","name":"PACKAGING360\u00b0","description":"dfv Conference Group","publisher":{"@id":"https:\/\/dfvcg-events.de\/packaging-360\/#organization"},"potentialAction":[{"@type":"SearchAction","target":{"@type":"EntryPoint","urlTemplate":"https:\/\/dfvcg-events.de\/packaging-360\/?s={search_term_string}"},"query-input":{"@type":"PropertyValueSpecification","valueRequired":true,"valueName":"search_term_string"}}],"inLanguage":"de"},{"@type":"Organization","@id":"https:\/\/dfvcg-events.de\/packaging-360\/#organization","name":"PACKAGING360\u00b0","url":"https:\/\/dfvcg-events.de\/packaging-360\/","logo":{"@type":"ImageObject","inLanguage":"de","@id":"https:\/\/dfvcg-events.de\/packaging-360\/#\/schema\/logo\/image\/","url":"https:\/\/dfvcg-events.de\/packaging-360\/wp-content\/uploads\/sites\/16\/2020\/06\/dfvcg-packaging.jpg","contentUrl":"https:\/\/dfvcg-events.de\/packaging-360\/wp-content\/uploads\/sites\/16\/2020\/06\/dfvcg-packaging.jpg","width":800,"height":800,"caption":"PACKAGING360\u00b0"},"image":{"@id":"https:\/\/dfvcg-events.de\/packaging-360\/#\/schema\/logo\/image\/"}}]}},"_links":{"self":[{"href":"https:\/\/dfvcg-events.de\/packaging-360\/wp-json\/wp\/v2\/pages\/1269","targetHints":{"allow":["GET"]}}],"collection":[{"href":"https:\/\/dfvcg-events.de\/packaging-360\/wp-json\/wp\/v2\/pages"}],"about":[{"href":"https:\/\/dfvcg-events.de\/packaging-360\/wp-json\/wp\/v2\/types\/page"}],"author":[{"embeddable":true,"href":"https:\/\/dfvcg-events.de\/packaging-360\/wp-json\/wp\/v2\/users\/1"}],"replies":[{"embeddable":true,"href":"https:\/\/dfvcg-events.de\/packaging-360\/wp-json\/wp\/v2\/comments?post=1269"}],"version-history":[{"count":0,"href":"https:\/\/dfvcg-events.de\/packaging-360\/wp-json\/wp\/v2\/pages\/1269\/revisions"}],"wp:attachment":[{"href":"https:\/\/dfvcg-events.de\/packaging-360\/wp-json\/wp\/v2\/media?parent=1269"}],"curies":[{"name":"wp","href":"https:\/\/api.w.org\/{rel}","templated":true}]}}