{"id":4807,"date":"2025-03-13T11:19:10","date_gmt":"2025-03-13T10:19:10","guid":{"rendered":"https:\/\/dfvcg-events.de\/nonfood-kongress\/?post_type=portfolio&#038;p=4807"},"modified":"2025-03-20T11:31:59","modified_gmt":"2025-03-20T10:31:59","slug":"nicole-deitelhoff","status":"publish","type":"portfolio","link":"https:\/\/dfvcg-events.de\/nonfood-kongress\/referent\/nicole-deitelhoff\/","title":{"rendered":"Nicole Deitelhoff"},"content":{"rendered":"\n<style type=\"text\/css\" data-created_by=\"avia_inline_auto\" id=\"style-css-av-1hpil-9666fe4db9abbb55e16afcaa46b74565\">\n.flex_column.av-1hpil-9666fe4db9abbb55e16afcaa46b74565{\nborder-radius:0px 0px 0px 0px;\npadding:0px 0px 0px 0px;\n}\n<\/style>\n<div  class='flex_column av-1hpil-9666fe4db9abbb55e16afcaa46b74565 av_one_third  avia-builder-el-0  el_before_av_two_third  avia-builder-el-first  first flex_column_div av-zero-column-padding  '     ><style type=\"text\/css\" data-created_by=\"avia_inline_auto\" id=\"style-css-av-k7yud6gx-969a6322332ddde7863815114aece6a8\">\n.avia-image-container.av-k7yud6gx-969a6322332ddde7863815114aece6a8 img.avia_image{\nbox-shadow:none;\n}\n.avia-image-container.av-k7yud6gx-969a6322332ddde7863815114aece6a8 .av-image-caption-overlay-center{\ncolor:#ffffff;\n}\n<\/style>\n<div  class='avia-image-container av-k7yud6gx-969a6322332ddde7863815114aece6a8 av-styling-no-styling avia-align-center  avia-builder-el-1  avia-builder-el-no-sibling  av-has-copyright av-copyright-icon-reveal'   itemprop=\"image\" itemscope=\"itemscope\" itemtype=\"https:\/\/schema.org\/ImageObject\" ><div class=\"avia-image-container-inner\"><div class=\"avia-image-overlay-wrap\"><img decoding=\"async\" fetchpriority=\"high\" class='wp-image-4808 avia-img-lazy-loading-not-4808 avia_image ' src=\"https:\/\/dfvcg-events.de\/nonfood-kongress\/wp-content\/uploads\/sites\/2\/2025\/03\/Deitelhoff-Nicole-PRIF-F.A.Z.-Foto-Lucas-Baeuml_web.png\" alt='' title='Deitelhoff-Nicole-PRIF-F.A.Z.-Foto Lucas B\u00e4uml_web'  height=\"800\" width=\"600\"  itemprop=\"thumbnailUrl\" srcset=\"https:\/\/dfvcg-events.de\/nonfood-kongress\/wp-content\/uploads\/sites\/2\/2025\/03\/Deitelhoff-Nicole-PRIF-F.A.Z.-Foto-Lucas-Baeuml_web.png 600w, https:\/\/dfvcg-events.de\/nonfood-kongress\/wp-content\/uploads\/sites\/2\/2025\/03\/Deitelhoff-Nicole-PRIF-F.A.Z.-Foto-Lucas-Baeuml_web-529x705.png 529w\" sizes=\"(max-width: 600px) 100vw, 600px\" \/><\/div><small class=\"avia-copyright\">Lucas B\u00e4uml<span class='avia-svg-icon avia-font-svg_entypo-fontello' data-av_svg_icon='info' data-av_iconset='svg_entypo-fontello'><svg version=\"1.1\" xmlns=\"http:\/\/www.w3.org\/2000\/svg\" width=\"15\" height=\"32\" viewBox=\"0 0 15 32\" preserveAspectRatio=\"xMidYMid meet\" aria-labelledby='av-svg-title-1' aria-describedby='av-svg-desc-1' role=\"graphics-symbol\">\n<title id='av-svg-title-1'>Info<\/title>\n<desc id='av-svg-desc-1'>Info<\/desc>\n<path d=\"M11.264 0q1.536 0 2.368 0.864t0.832 2.208q0 1.6-1.248 2.816t-3.040 1.216q-1.536 0-2.368-0.832t-0.768-2.304q0-1.472 1.12-2.72t3.104-1.248zM4.672 32q-3.2 0-1.728-5.696l1.92-8.128q0.448-1.792 0-1.792-0.384 0-1.728 0.576t-2.304 1.216l-0.832-1.408q2.88-2.496 6.048-4.032t4.832-1.536q2.496 0 1.152 5.184l-2.24 8.512q-0.512 2.048 0.192 2.048 1.408 0 3.776-1.92l0.96 1.28q-2.688 2.752-5.6 4.224t-4.448 1.472z\"><\/path>\n<\/svg><\/span><\/small><\/div><\/div><\/div>\n\n<style type=\"text\/css\" data-created_by=\"avia_inline_auto\" id=\"style-css-av-q939-36bd9e2970eba44b209398e6adaba9f5\">\n.flex_column.av-q939-36bd9e2970eba44b209398e6adaba9f5{\nborder-radius:0px 0px 0px 0px;\npadding:0px 0px 0px 0px;\n}\n<\/style>\n<div  class='flex_column av-q939-36bd9e2970eba44b209398e6adaba9f5 av_two_third  avia-builder-el-2  el_after_av_one_third  avia-builder-el-last  flex_column_div av-zero-column-padding  '     ><style type=\"text\/css\" data-created_by=\"avia_inline_auto\" id=\"style-css-av-knhc0wxi-d7017e917a4d07d7416417fa2fc79409\">\n#top .av-special-heading.av-knhc0wxi-d7017e917a4d07d7416417fa2fc79409{\npadding-bottom:10px;\n}\nbody .av-special-heading.av-knhc0wxi-d7017e917a4d07d7416417fa2fc79409 .av-special-heading-tag .heading-char{\nfont-size:25px;\n}\n.av-special-heading.av-knhc0wxi-d7017e917a4d07d7416417fa2fc79409 .av-subheading{\nfont-size:19px;\n}\n<\/style>\n<div  class='av-special-heading av-knhc0wxi-d7017e917a4d07d7416417fa2fc79409 av-special-heading-h2 blockquote modern-quote  avia-builder-el-3  avia-builder-el-no-sibling '><h2 class='av-special-heading-tag '  itemprop=\"headline\"  >Nicole Deitelhoff<\/h2><div class='av-subheading av-subheading_below'><p>Gesch\u00e4ftsf\u00fchrendes Vorstandsmitglied, PRIF \u2013 Leibniz-Institut f\u00fcr Friedens- und Konflikt\u00adforschung<\/p>\n<\/div><div class=\"special-heading-border\"><div class=\"special-heading-inner-border\"><\/div><\/div><\/div><\/div>\n","protected":false},"excerpt":{"rendered":"<p>PRIF \u2013 Leibniz-Institut f\u00fcr Friedens- und Konflikt\u00adforschung<\/p>\n","protected":false},"author":36,"featured_media":4808,"comment_status":"open","ping_status":"closed","template":"","meta":{"footnotes":""},"tags":[],"portfolio_entries":[89,90],"class_list":["post-4807","portfolio","type-portfolio","status-publish","has-post-thumbnail","hentry","portfolio_entries-vortragende-2025","portfolio_entries-vortragende-2025-feature"],"yoast_head":"<!-- This site is optimized with the Yoast SEO plugin v27.4 - https:\/\/yoast.com\/product\/yoast-seo-wordpress\/ -->\n<title>Referent: Nicole Deitelhoff | Nonfood Kongress<\/title>\n<meta name=\"description\" content=\"Begr\u00fc\u00dfen Sie beim Nonfood Kongress als auf der B\u00fchne: Nicole Deitelhoff\" \/>\n<meta name=\"robots\" content=\"index, follow, max-snippet:-1, max-image-preview:large, max-video-preview:-1\" \/>\n<link rel=\"canonical\" href=\"https:\/\/dfvcg-events.de\/nonfood-kongress\/referent\/nicole-deitelhoff\/\" \/>\n<meta property=\"og:locale\" content=\"de_DE\" \/>\n<meta property=\"og:type\" content=\"article\" \/>\n<meta property=\"og:title\" content=\"Referent: Nicole Deitelhoff | Nonfood Kongress\" \/>\n<meta property=\"og:description\" content=\"Begr\u00fc\u00dfen Sie beim Nonfood Kongress als auf der B\u00fchne: Nicole Deitelhoff\" \/>\n<meta property=\"og:url\" content=\"https:\/\/dfvcg-events.de\/nonfood-kongress\/referent\/nicole-deitelhoff\/\" \/>\n<meta property=\"og:site_name\" content=\"Nonfood Kongress\" \/>\n<meta property=\"article:modified_time\" content=\"2025-03-20T10:31:59+00:00\" \/>\n<meta property=\"og:image\" content=\"https:\/\/dfvcg-events.de\/nonfood-kongress\/wp-content\/uploads\/sites\/2\/2025\/03\/Deitelhoff-Nicole-PRIF-F.A.Z.-Foto-Lucas-Baeuml_web.png\" \/>\n\t<meta property=\"og:image:width\" content=\"600\" \/>\n\t<meta property=\"og:image:height\" content=\"800\" \/>\n\t<meta property=\"og:image:type\" content=\"image\/png\" \/>\n<meta name=\"twitter:card\" content=\"summary_large_image\" \/>\n<meta name=\"twitter:label1\" content=\"Gesch\u00e4tzte Lesezeit\" \/>\n\t<meta name=\"twitter:data1\" content=\"1\u00a0Minute\" \/>\n<script type=\"application\/ld+json\" class=\"yoast-schema-graph\">{\"@context\":\"https:\\\/\\\/schema.org\",\"@graph\":[{\"@type\":\"WebPage\",\"@id\":\"https:\\\/\\\/dfvcg-events.de\\\/nonfood-kongress\\\/referent\\\/nicole-deitelhoff\\\/\",\"url\":\"https:\\\/\\\/dfvcg-events.de\\\/nonfood-kongress\\\/referent\\\/nicole-deitelhoff\\\/\",\"name\":\"Referent: Nicole Deitelhoff | Nonfood Kongress\",\"isPartOf\":{\"@id\":\"https:\\\/\\\/dfvcg-events.de\\\/nonfood-kongress\\\/#website\"},\"primaryImageOfPage\":{\"@id\":\"https:\\\/\\\/dfvcg-events.de\\\/nonfood-kongress\\\/referent\\\/nicole-deitelhoff\\\/#primaryimage\"},\"image\":{\"@id\":\"https:\\\/\\\/dfvcg-events.de\\\/nonfood-kongress\\\/referent\\\/nicole-deitelhoff\\\/#primaryimage\"},\"thumbnailUrl\":\"https:\\\/\\\/dfvcg-events.de\\\/nonfood-kongress\\\/wp-content\\\/uploads\\\/sites\\\/2\\\/2025\\\/03\\\/Deitelhoff-Nicole-PRIF-F.A.Z.-Foto-Lucas-Baeuml_web.png\",\"datePublished\":\"2025-03-13T10:19:10+00:00\",\"dateModified\":\"2025-03-20T10:31:59+00:00\",\"description\":\"Begr\u00fc\u00dfen Sie beim Nonfood Kongress als auf der B\u00fchne: Nicole Deitelhoff\",\"breadcrumb\":{\"@id\":\"https:\\\/\\\/dfvcg-events.de\\\/nonfood-kongress\\\/referent\\\/nicole-deitelhoff\\\/#breadcrumb\"},\"inLanguage\":\"de\",\"potentialAction\":[{\"@type\":\"ReadAction\",\"target\":[\"https:\\\/\\\/dfvcg-events.de\\\/nonfood-kongress\\\/referent\\\/nicole-deitelhoff\\\/\"]}]},{\"@type\":\"ImageObject\",\"inLanguage\":\"de\",\"@id\":\"https:\\\/\\\/dfvcg-events.de\\\/nonfood-kongress\\\/referent\\\/nicole-deitelhoff\\\/#primaryimage\",\"url\":\"https:\\\/\\\/dfvcg-events.de\\\/nonfood-kongress\\\/wp-content\\\/uploads\\\/sites\\\/2\\\/2025\\\/03\\\/Deitelhoff-Nicole-PRIF-F.A.Z.-Foto-Lucas-Baeuml_web.png\",\"contentUrl\":\"https:\\\/\\\/dfvcg-events.de\\\/nonfood-kongress\\\/wp-content\\\/uploads\\\/sites\\\/2\\\/2025\\\/03\\\/Deitelhoff-Nicole-PRIF-F.A.Z.-Foto-Lucas-Baeuml_web.png\",\"width\":600,\"height\":800},{\"@type\":\"BreadcrumbList\",\"@id\":\"https:\\\/\\\/dfvcg-events.de\\\/nonfood-kongress\\\/referent\\\/nicole-deitelhoff\\\/#breadcrumb\",\"itemListElement\":[{\"@type\":\"ListItem\",\"position\":1,\"name\":\"Startseite\",\"item\":\"https:\\\/\\\/dfvcg-events.de\\\/nonfood-kongress\\\/\"},{\"@type\":\"ListItem\",\"position\":2,\"name\":\"Nicole Deitelhoff\"}]},{\"@type\":\"WebSite\",\"@id\":\"https:\\\/\\\/dfvcg-events.de\\\/nonfood-kongress\\\/#website\",\"url\":\"https:\\\/\\\/dfvcg-events.de\\\/nonfood-kongress\\\/\",\"name\":\"Nonfood Kongress\",\"description\":\"dfv Conference Group\",\"publisher\":{\"@id\":\"https:\\\/\\\/dfvcg-events.de\\\/nonfood-kongress\\\/#organization\"},\"potentialAction\":[{\"@type\":\"SearchAction\",\"target\":{\"@type\":\"EntryPoint\",\"urlTemplate\":\"https:\\\/\\\/dfvcg-events.de\\\/nonfood-kongress\\\/?s={search_term_string}\"},\"query-input\":{\"@type\":\"PropertyValueSpecification\",\"valueRequired\":true,\"valueName\":\"search_term_string\"}}],\"inLanguage\":\"de\"},{\"@type\":\"Organization\",\"@id\":\"https:\\\/\\\/dfvcg-events.de\\\/nonfood-kongress\\\/#organization\",\"name\":\"Deutscher Nonfood Kongress\",\"url\":\"https:\\\/\\\/dfvcg-events.de\\\/nonfood-kongress\\\/\",\"logo\":{\"@type\":\"ImageObject\",\"inLanguage\":\"de\",\"@id\":\"https:\\\/\\\/dfvcg-events.de\\\/nonfood-kongress\\\/#\\\/schema\\\/logo\\\/image\\\/\",\"url\":\"https:\\\/\\\/dfvcg-events.de\\\/nonfood-kongress\\\/wp-content\\\/uploads\\\/sites\\\/2\\\/2021\\\/11\\\/Nonfood-Teaser-800x800px.jpg\",\"contentUrl\":\"https:\\\/\\\/dfvcg-events.de\\\/nonfood-kongress\\\/wp-content\\\/uploads\\\/sites\\\/2\\\/2021\\\/11\\\/Nonfood-Teaser-800x800px.jpg\",\"width\":800,\"height\":800,\"caption\":\"Deutscher Nonfood Kongress\"},\"image\":{\"@id\":\"https:\\\/\\\/dfvcg-events.de\\\/nonfood-kongress\\\/#\\\/schema\\\/logo\\\/image\\\/\"}}]}<\/script>\n<!-- \/ Yoast SEO plugin. -->","yoast_head_json":{"title":"Referent: Nicole Deitelhoff | Nonfood Kongress","description":"Begr\u00fc\u00dfen Sie beim Nonfood Kongress als auf der B\u00fchne: Nicole Deitelhoff","robots":{"index":"index","follow":"follow","max-snippet":"max-snippet:-1","max-image-preview":"max-image-preview:large","max-video-preview":"max-video-preview:-1"},"canonical":"https:\/\/dfvcg-events.de\/nonfood-kongress\/referent\/nicole-deitelhoff\/","og_locale":"de_DE","og_type":"article","og_title":"Referent: Nicole Deitelhoff | Nonfood Kongress","og_description":"Begr\u00fc\u00dfen Sie beim Nonfood Kongress als auf der B\u00fchne: Nicole Deitelhoff","og_url":"https:\/\/dfvcg-events.de\/nonfood-kongress\/referent\/nicole-deitelhoff\/","og_site_name":"Nonfood Kongress","article_modified_time":"2025-03-20T10:31:59+00:00","og_image":[{"width":600,"height":800,"url":"https:\/\/dfvcg-events.de\/nonfood-kongress\/wp-content\/uploads\/sites\/2\/2025\/03\/Deitelhoff-Nicole-PRIF-F.A.Z.-Foto-Lucas-Baeuml_web.png","type":"image\/png"}],"twitter_card":"summary_large_image","twitter_misc":{"Gesch\u00e4tzte Lesezeit":"1\u00a0Minute"},"schema":{"@context":"https:\/\/schema.org","@graph":[{"@type":"WebPage","@id":"https:\/\/dfvcg-events.de\/nonfood-kongress\/referent\/nicole-deitelhoff\/","url":"https:\/\/dfvcg-events.de\/nonfood-kongress\/referent\/nicole-deitelhoff\/","name":"Referent: Nicole Deitelhoff | Nonfood Kongress","isPartOf":{"@id":"https:\/\/dfvcg-events.de\/nonfood-kongress\/#website"},"primaryImageOfPage":{"@id":"https:\/\/dfvcg-events.de\/nonfood-kongress\/referent\/nicole-deitelhoff\/#primaryimage"},"image":{"@id":"https:\/\/dfvcg-events.de\/nonfood-kongress\/referent\/nicole-deitelhoff\/#primaryimage"},"thumbnailUrl":"https:\/\/dfvcg-events.de\/nonfood-kongress\/wp-content\/uploads\/sites\/2\/2025\/03\/Deitelhoff-Nicole-PRIF-F.A.Z.-Foto-Lucas-Baeuml_web.png","datePublished":"2025-03-13T10:19:10+00:00","dateModified":"2025-03-20T10:31:59+00:00","description":"Begr\u00fc\u00dfen Sie beim Nonfood Kongress als auf der B\u00fchne: Nicole Deitelhoff","breadcrumb":{"@id":"https:\/\/dfvcg-events.de\/nonfood-kongress\/referent\/nicole-deitelhoff\/#breadcrumb"},"inLanguage":"de","potentialAction":[{"@type":"ReadAction","target":["https:\/\/dfvcg-events.de\/nonfood-kongress\/referent\/nicole-deitelhoff\/"]}]},{"@type":"ImageObject","inLanguage":"de","@id":"https:\/\/dfvcg-events.de\/nonfood-kongress\/referent\/nicole-deitelhoff\/#primaryimage","url":"https:\/\/dfvcg-events.de\/nonfood-kongress\/wp-content\/uploads\/sites\/2\/2025\/03\/Deitelhoff-Nicole-PRIF-F.A.Z.-Foto-Lucas-Baeuml_web.png","contentUrl":"https:\/\/dfvcg-events.de\/nonfood-kongress\/wp-content\/uploads\/sites\/2\/2025\/03\/Deitelhoff-Nicole-PRIF-F.A.Z.-Foto-Lucas-Baeuml_web.png","width":600,"height":800},{"@type":"BreadcrumbList","@id":"https:\/\/dfvcg-events.de\/nonfood-kongress\/referent\/nicole-deitelhoff\/#breadcrumb","itemListElement":[{"@type":"ListItem","position":1,"name":"Startseite","item":"https:\/\/dfvcg-events.de\/nonfood-kongress\/"},{"@type":"ListItem","position":2,"name":"Nicole Deitelhoff"}]},{"@type":"WebSite","@id":"https:\/\/dfvcg-events.de\/nonfood-kongress\/#website","url":"https:\/\/dfvcg-events.de\/nonfood-kongress\/","name":"Nonfood Kongress","description":"dfv Conference Group","publisher":{"@id":"https:\/\/dfvcg-events.de\/nonfood-kongress\/#organization"},"potentialAction":[{"@type":"SearchAction","target":{"@type":"EntryPoint","urlTemplate":"https:\/\/dfvcg-events.de\/nonfood-kongress\/?s={search_term_string}"},"query-input":{"@type":"PropertyValueSpecification","valueRequired":true,"valueName":"search_term_string"}}],"inLanguage":"de"},{"@type":"Organization","@id":"https:\/\/dfvcg-events.de\/nonfood-kongress\/#organization","name":"Deutscher Nonfood Kongress","url":"https:\/\/dfvcg-events.de\/nonfood-kongress\/","logo":{"@type":"ImageObject","inLanguage":"de","@id":"https:\/\/dfvcg-events.de\/nonfood-kongress\/#\/schema\/logo\/image\/","url":"https:\/\/dfvcg-events.de\/nonfood-kongress\/wp-content\/uploads\/sites\/2\/2021\/11\/Nonfood-Teaser-800x800px.jpg","contentUrl":"https:\/\/dfvcg-events.de\/nonfood-kongress\/wp-content\/uploads\/sites\/2\/2021\/11\/Nonfood-Teaser-800x800px.jpg","width":800,"height":800,"caption":"Deutscher Nonfood Kongress"},"image":{"@id":"https:\/\/dfvcg-events.de\/nonfood-kongress\/#\/schema\/logo\/image\/"}}]}},"_links":{"self":[{"href":"https:\/\/dfvcg-events.de\/nonfood-kongress\/wp-json\/wp\/v2\/portfolio\/4807","targetHints":{"allow":["GET"]}}],"collection":[{"href":"https:\/\/dfvcg-events.de\/nonfood-kongress\/wp-json\/wp\/v2\/portfolio"}],"about":[{"href":"https:\/\/dfvcg-events.de\/nonfood-kongress\/wp-json\/wp\/v2\/types\/portfolio"}],"author":[{"embeddable":true,"href":"https:\/\/dfvcg-events.de\/nonfood-kongress\/wp-json\/wp\/v2\/users\/36"}],"replies":[{"embeddable":true,"href":"https:\/\/dfvcg-events.de\/nonfood-kongress\/wp-json\/wp\/v2\/comments?post=4807"}],"version-history":[{"count":3,"href":"https:\/\/dfvcg-events.de\/nonfood-kongress\/wp-json\/wp\/v2\/portfolio\/4807\/revisions"}],"predecessor-version":[{"id":4843,"href":"https:\/\/dfvcg-events.de\/nonfood-kongress\/wp-json\/wp\/v2\/portfolio\/4807\/revisions\/4843"}],"wp:featuredmedia":[{"embeddable":true,"href":"https:\/\/dfvcg-events.de\/nonfood-kongress\/wp-json\/wp\/v2\/media\/4808"}],"wp:attachment":[{"href":"https:\/\/dfvcg-events.de\/nonfood-kongress\/wp-json\/wp\/v2\/media?parent=4807"}],"wp:term":[{"taxonomy":"post_tag","embeddable":true,"href":"https:\/\/dfvcg-events.de\/nonfood-kongress\/wp-json\/wp\/v2\/tags?post=4807"},{"taxonomy":"portfolio_entries","embeddable":true,"href":"https:\/\/dfvcg-events.de\/nonfood-kongress\/wp-json\/wp\/v2\/portfolio_entries?post=4807"}],"curies":[{"name":"wp","href":"https:\/\/api.w.org\/{rel}","templated":true}]}}